{"id":1341,"date":"2025-10-02T08:56:35","date_gmt":"2025-10-02T11:56:35","guid":{"rendered":"https:\/\/new.icf.church\/rio\/?page_id=1341"},"modified":"2026-08-27T09:24:01","modified_gmt":"2026-08-27T12:24:01","slug":"vem-visitar","status":"publish","type":"page","link":"https:\/\/icf.church\/rio\/pt\/vem-visitar\/","title":{"rendered":"Venha nos visitar"},"content":{"rendered":"<h1 id=\"block-1\" class=\"mt-4 mb-4 h1 display-1 text-start\">\n  Vivencie Igreja<\/h1>\n\n<p id=\"block-2\" class=\"mb-4 text-start wp-block-paragraph\" style=\"margin-top:0\">\n  Toda semana, celebramos juntos na ICF Rio de Janeiro \u2014 nossas Celebra\u00e7\u00f5es, o ponto alto da nossa semana.<\/p>\n\n\n<div id=\"block-8\" class=\"wp-block-yellowtree-hero-stage\">\n    <div class=\"hero-stage has-links\">\n        \n\n<div id=\"block-4\" class=\"hero-stage-content\">\n    <div class=\"hero-stage-content__background\">\n        <div class=\"overlay-black-25 h-100\">\n                            <img fetchpriority=\"high\" decoding=\"async\" width=\"2560\" height=\"1707\" src=\"https:\/\/icf.church\/rio\/wp-content\/uploads\/sites\/120\/2026\/08\/383-img_9799-scaled.jpg\" class=\"hero-stage-media\" alt=\"\" style=\"object-position: 49% 36%;\" aria-hidden=\"true\" loading=\"eager\" srcset=\"https:\/\/icf.church\/rio\/wp-content\/uploads\/sites\/120\/2026\/08\/383-img_9799-scaled.jpg 2560w, https:\/\/icf.church\/rio\/wp-content\/uploads\/sites\/120\/2026\/08\/383-img_9799-300x200.jpg 300w, https:\/\/icf.church\/rio\/wp-content\/uploads\/sites\/120\/2026\/08\/383-img_9799-1024x683.jpg 1024w, https:\/\/icf.church\/rio\/wp-content\/uploads\/sites\/120\/2026\/08\/383-img_9799-768x512.jpg 768w, https:\/\/icf.church\/rio\/wp-content\/uploads\/sites\/120\/2026\/08\/383-img_9799-1536x1024.jpg 1536w, https:\/\/icf.church\/rio\/wp-content\/uploads\/sites\/120\/2026\/08\/383-img_9799-2048x1365.jpg 2048w\" sizes=\"(max-width: 2560px) 100vw, 2560px\" \/>                    <\/div>\n        <div class=\"hero-stage-gradient\"><\/div>\n    <\/div>\n    <div class=\"hero-stage-content__foreground is-layout-constrained\">\n        <h1 id=\"block-3\" class=\"display-1 text-center\">\n    <\/h1>    <\/div>\n<\/div>\n\n\n<div id=\"block-7\" class=\"hero-stage-links is-layout-constrained count-2\">\n    <div class=\"icon-link-cards-layout column-gap-3 row-gap-1 justify-content-center break-md\">\n        \n\n<div id=\"block-5\" data-bs-theme=\"dark\" class=\"wp-block-yellowtree-icon-link-card\">\n  <div class='card-body flex-row justify-content-center align-items-center overflow-hidden gap-2 px-5 px-md-3 py-3 py-md-6'>\n    <div class='d-flex align-items-center gap-4 me-auto me-md-0 flex-md-column text-md-center gap-md-3'>\n      <i class='icon-square fs-2 fs-md-lg-const fa-solid fa-party-horn' aria-hidden='true'><\/i>\n      <a class='stretched-link fs-base-const' href='#celebration-times' target=''>\n        Hor\u00e1rios das Celebra\u00e7\u00f5es      <\/a>\n    <\/div>\n          <i class=\"icon fs-base-const fa-chevron-right ms-auto opacity-50 d-md-none\"><\/i>\n      <\/div>\n<\/div>\n\n\n<div id=\"block-6\" data-bs-theme=\"dark\" class=\"wp-block-yellowtree-icon-link-card\">\n  <div class='card-body flex-row justify-content-center align-items-center overflow-hidden gap-2 px-5 px-md-3 py-3 py-md-6'>\n    <div class='d-flex align-items-center gap-4 me-auto me-md-0 flex-md-column text-md-center gap-md-3'>\n      <i class='icon-square fs-2 fs-md-lg-const fa-solid fa-location-dot' aria-hidden='true'><\/i>\n      <a class='stretched-link fs-base-const' href='https:\/\/maps.app.goo.gl\/n62WXEXVeD6i5QQp9' target='_blank'>\n        Como chegar      <\/a>\n    <\/div>\n          <i class=\"icon fs-base-const fa-chevron-right ms-auto opacity-50 d-md-none\"><\/i>\n      <\/div>\n<\/div>\n    <\/div>\n<\/div>\n    <\/div>\n<\/div>\n\n<div id=\"block-15\" class=\"pt-2 pb-2 alignfull is-layout-constrained\">\n  <div>\n            <div class=\"row gx-4 gy-4 \">\n          \n\n<div id=\"block-14\" class=\"col wp-block-yellowtree-column col-12 d-flex flex-column with-streched-height-children align-items-stretch align-items-md-stretch\">\n  <h3 id=\"block-9\" class=\"h3 display-3 text-start\">\n  Celebra\u00e7\u00f5es<\/h3>\n\n<div><div class=\"alert alert-warning\"><b>Block-Template Fehler f\u00fcr <\/b><code>yellowtree\/services-list<\/code>: Kein Service-Widget ausgew\u00e4hlt.<\/div><\/div>\n\n<p id=\"block-11\" class=\"text-start wp-block-paragraph\">\n  <\/p>\n\n<p id=\"celebration-times\" class=\"mb-7 text-start wp-block-paragraph\">\n  Toda semana, celebramos tr\u00eas Celebra\u00e7\u00f5es na ICF Rio de Janeiro, cada uma com seu pr\u00f3prio hor\u00e1rio.<\/p>\n\n<p id=\"block-12\" class=\"text-start wp-block-paragraph\">\n  10:30, 17:30 &amp; 19:30<\/p>\n\n<p id=\"block-13\" class=\"text-start wp-block-paragraph\">\n  Nosso endere\u00e7o: <a href=\"https:\/\/maps.app.goo.gl\/n62WXEXVeD6i5QQp9\" target=\"_blank\" rel=\"noopener\">Rua Lopes Trov\u00e3o 233, Icara\u00ed &#8211; Niter\u00f3i &#8211; Rio de Janeiro<\/a><\/p><\/div>\n        <\/div>\n          <\/div>\n<\/div>\n\n\n\n<h3 id=\"block-17\" class=\"mt-6 h3 display-3 text-start\">\n  O que voc\u00ea pode esperar<\/h3>\n\n<p id=\"block-18\" class=\"text-start wp-block-paragraph\">\n  Somos uma igreja crist\u00e3 que est\u00e1 sintonizada com os tempos, criativa, inovadora e \u00e0s vezes um pouco maluca! Com um firme sim \u00e0 vida e todas as possibilidades que temos \u00e0 nossa disposi\u00e7\u00e3o nos dias de hoje, vivemos esse sonho todos os dias. Nosso objetivo \u00e9 inspirar as pessoas a viverem com Jesus Cristo.<\/p>\n\n<p id=\"block-19\" class=\"text-start wp-block-paragraph\">\n  O que come\u00e7ou com um sonho em 2011 ainda nos emociona tanto quanto naquela \u00e9poca. Nesta igreja, podemos encontrar e conhecer Deus pessoalmente, cultivar relacionamentos com as pessoas e usar e desenvolver nossos talentos e dons. Com m\u00fasica que inspira, mensagens relevantes para o dia a dia e tecnologia multim\u00eddia de ponta &#8211; juntamente com todos os envolvidos, o sonho se torna realidade.<\/p>\n\n<div id=\"block-22\" class=\"pt-2 pb-2 alignfull is-layout-constrained\">\n  <div>\n            <div class=\"row gx-4 gy-4 \">\n          \n\n<div id=\"block-21\" class=\"col wp-block-yellowtree-column col-12 d-flex flex-column with-streched-height-children align-items-center align-items-md-center\">\n  <div>\n    <a id=\"block-20\" href=\"https:\/\/chat.whatsapp.com\/CH6ePqG9flQ5vA02oHvzLG\" rel=\"\" target=\"_blank\" class=\"wp-block-yellowtree-button-link btn btn-action-1\">\n      <span>Se inscreva no WhatsApp<\/span>\n              <i class=\"icon fs-base-const fa-solid fa-arrow-right\" aria-hidden=\"true\"><\/i>\n          <\/a>\n  <\/div><\/div>\n        <\/div>\n          <\/div>\n<\/div>\n\n<h3 id=\"block-23\" class=\"mt-10 h3 display-3 text-start\">\n  FAQ &#8211; Perguntas frequentes<\/h3>\n\n<p id=\"block-24\" class=\"mb-6 text-start wp-block-paragraph\">\n  Tem alguma d\u00favida? Aqui voc\u00ea encontra as respostas.<\/p>\n\n\n<div id=\"block-29\" class=\"accordion\">\n  <body>\n\n<div id=\"block-26\" data-bs-theme=\"dark\" class=\"overflow-hidden wp-block-yellowtree-accordion-item\">\n  <div class=\"accordion-header\">\n    <button class=\"accordion-button rounded-0 collapsed focus-ring-inset\" type=\"button\" data-bs-toggle=\"collapse\" data-bs-target=\"#block-26-collapse\" aria-expanded=\"false\" aria-controls=\"block-26-collapse\">\n      <div>\n        <h3 class=\"mb-0\">\n          Quais s\u00e3o os hor\u00e1rios das Celebra\u00e7\u00f5es?        <\/h3>\n              <\/div>\n      <div class=\"ms-auto accordion-icons icon-container-base\">\n        <i class=\"icon fa-arrow-right accordion-icon-default\"><\/i>\n        <i class=\"icon fa-close accordion-icon-alt\"><\/i>\n      <\/div>\n    <\/button>\n  <\/div>\n  <div id=\"block-26-collapse\" class=\"accordion-collapse collapse \">\n    <div class=\"accordion-body pt-0\">\n      <p id=\"block-25\" class=\"text-start wp-block-paragraph\">\n  Celebramos toda semana aos domingos, \u00e0s 10:30, 17:30 e 19:30.<\/p>    <\/div>\n  <\/div>\n<\/div>\n\n\n<div id=\"block-28\" data-bs-theme=\"dark\" class=\"overflow-hidden wp-block-yellowtree-accordion-item\">\n  <div class=\"accordion-header\">\n    <button class=\"accordion-button rounded-0 collapsed focus-ring-inset\" type=\"button\" data-bs-toggle=\"collapse\" data-bs-target=\"#block-28-collapse\" aria-expanded=\"false\" aria-controls=\"block-28-collapse\">\n      <div>\n        <h3 class=\"mb-0\">\n          Onde fica a ICF Rio de Janeiro?        <\/h3>\n              <\/div>\n      <div class=\"ms-auto accordion-icons icon-container-base\">\n        <i class=\"icon fa-arrow-right accordion-icon-default\"><\/i>\n        <i class=\"icon fa-close accordion-icon-alt\"><\/i>\n      <\/div>\n    <\/button>\n  <\/div>\n  <div id=\"block-28-collapse\" class=\"accordion-collapse collapse \">\n    <div class=\"accordion-body pt-0\">\n      <p id=\"block-27\" class=\"text-start wp-block-paragraph\">\n  Estamos na <a href=\"https:\/\/maps.app.goo.gl\/n62WXEXVeD6i5QQp9\">Rua Lopes Trov\u00e3o 233, Icara\u00ed &#8211; Niter\u00f3i &#8211; Rio de Janeiro<\/a>.<\/p>    <\/div>\n  <\/div>\n<\/div>\n<\/body><\/div>\n\n\n<div>\n  <div id=\"block-36\" class=\"wp-block-yellowtree-connect-social connect-social\">\n      \n\n<h2 id=\"block-30\" class=\"text-center display-2 mb-5\">\n    <br>Conecte-se com a gente<\/h2>\n\n\n<p id=\"block-31\" class=\"text-center mb-6\">\n    Inscreva-se na comunidade da ICF Rio de Janeiro no WhatsApp e nas redes sociais e n\u00e3o perca mais nada. Aqui voc\u00ea receber\u00e1 regularmente not\u00edcias curtas e atualiza\u00e7\u00f5es sobre programa\u00e7\u00f5es e eventos diretamente no seu smartphone.<\/p>\n\n\n<div id=\"block-35\" class=\"wp-block-yellowtree-connect-social-links d-flex gap-1 gap-md-5 justify-content-center\">\n  <html><body>\n\n\n\n\n<a id=\"block-33\" href=\"https:\/\/instagram.com\/icfrio\/\" target=\"_blank\" data-variation=\"instagram\" class=\"wp-block-yellowtree-connect-social-link btn\" aria-label=\"Instagram Link\">\n  <i class=\"icon connect-social-icon fs-md-lg-const fs-h3-const fa-brands fa-instagram\" aria-hidden=\"true\"><\/i>\n<\/a>\n\n\n<a id=\"block-34\" href=\"https:\/\/youtube.com\/@icfrio\" target=\"_blank\" data-variation=\"youtube\" class=\"wp-block-yellowtree-connect-social-link btn\" aria-label=\"Youtube Link\">\n  <i class=\"icon connect-social-icon fs-md-lg-const fs-h3-const fa-brands fa-youtube\" aria-hidden=\"true\"><\/i>\n<\/a>\n<\/body><\/html><\/div>\n  <\/div>\n<\/div>\n","protected":false},"excerpt":{"rendered":"<p>Vivencie Igreja Toda semana, celebramos juntos na ICF Rio de Janeiro \u2014 nossas Celebra\u00e7\u00f5es, o ponto alto da nossa semana. O que voc\u00ea pode esperar Somos uma igreja crist\u00e3 que est\u00e1 sintonizada com os tempos, criativa, inovadora e \u00e0s vezes um pouco maluca! Com um firme sim \u00e0 vida e todas as possibilidades que temos [&hellip;]<\/p>\n","protected":false},"author":186,"featured_media":1966,"parent":0,"menu_order":4,"comment_status":"closed","ping_status":"closed","template":"","meta":{"_acf_changed":false,"_seopress_titles_title":"","_seopress_titles_desc":"","_seopress_robots_index":"","_seopress_robots_follow":"","_seopress_robots_imageindex":"","_seopress_robots_snippet":"","_seopress_robots_primary_cat":"","_seopress_robots_breadcrumbs":"","_seopress_robots_freeze_modified_date":"","_seopress_robots_custom_modified_date":"","_seopress_robots_canonical":"","_seopress_social_fb_title":"","_seopress_social_fb_desc":"","_seopress_social_fb_img":"","_seopress_social_fb_img_attachment_id":0,"_seopress_social_fb_img_width":0,"_seopress_social_fb_img_height":0,"_seopress_social_twitter_title":"","_seopress_social_twitter_desc":"","_seopress_social_twitter_img":"","_seopress_social_twitter_img_attachment_id":0,"_seopress_social_twitter_img_width":0,"_seopress_social_twitter_img_height":0,"_seopress_redirections_value":"","_seopress_redirections_enabled":"","_seopress_redirections_enabled_regex":"","_seopress_redirections_logged_status":"","_seopress_redirections_param":"","_seopress_redirections_type":0,"_seopress_analysis_target_kw":"","_seopress_news_disabled":"","_seopress_video_disabled":"","_seopress_video":[],"_seopress_pro_schemas_manual":[],"_seopress_pro_rich_snippets_disable_all":"","_seopress_pro_rich_snippets_disable":[],"_seopress_pro_schemas":[],"yt_custom_styles_scss":"","yt_custom_styles_rounded_corners":false,"yt_custom_styles_color_scheme":"","footnotes":""},"class_list":["post-1341","page","type-page","status-publish","has-post-thumbnail","hentry"],"acf":[],"_links":{"self":[{"href":"https:\/\/icf.church\/rio\/pt\/wp-json\/wp\/v2\/pages\/1341","targetHints":{"allow":["GET"]}}],"collection":[{"href":"https:\/\/icf.church\/rio\/pt\/wp-json\/wp\/v2\/pages"}],"about":[{"href":"https:\/\/icf.church\/rio\/pt\/wp-json\/wp\/v2\/types\/page"}],"author":[{"embeddable":true,"href":"https:\/\/icf.church\/rio\/pt\/wp-json\/wp\/v2\/users\/186"}],"replies":[{"embeddable":true,"href":"https:\/\/icf.church\/rio\/pt\/wp-json\/wp\/v2\/comments?post=1341"}],"version-history":[{"count":13,"href":"https:\/\/icf.church\/rio\/pt\/wp-json\/wp\/v2\/pages\/1341\/revisions"}],"predecessor-version":[{"id":2145,"href":"https:\/\/icf.church\/rio\/pt\/wp-json\/wp\/v2\/pages\/1341\/revisions\/2145"}],"wp:featuredmedia":[{"embeddable":true,"href":"https:\/\/icf.church\/rio\/pt\/wp-json\/wp\/v2\/media\/1966"}],"wp:attachment":[{"href":"https:\/\/icf.church\/rio\/pt\/wp-json\/wp\/v2\/media?parent=1341"}],"curies":[{"name":"wp","href":"https:\/\/api.w.org\/{rel}","templated":true}]}}