{"id":1347,"date":"2025-10-02T09:07:59","date_gmt":"2025-10-02T12:07:59","guid":{"rendered":"https:\/\/new.icf.church\/rio\/?page_id=1347"},"modified":"2026-08-27T09:22:39","modified_gmt":"2026-08-27T12:22:39","slug":"generosidade","status":"publish","type":"page","link":"https:\/\/icf.church\/rio\/pt\/generosidade\/","title":{"rendered":"Contribuir com suas finan\u00e7as"},"content":{"rendered":"<div id=\"block-4\" class=\"pt-2 pb-2 alignfull is-layout-constrained\">\n  <div>\n            <div class=\"row gx-4 gy-4 \">\n          \n\n<div id=\"block-3\" class=\"col wp-block-yellowtree-column col-12 d-flex flex-column with-streched-height-children align-items-stretch align-items-md-stretch\">\n  <h1 id=\"block-1\" class=\"mt-4 mb-4 h1 display-1 text-start\">\n  Generosidade<\/h1>\n\n<h2 id=\"block-2\" class=\"h2 text-start\">\n  Sua generosidade faz a diferen\u00e7a!<\/h2><\/div>\n        <\/div>\n          <\/div>\n<\/div>\n\n\n<div id=\"block-10\" class=\"wp-block-yellowtree-hero-stage\">\n    <div class=\"hero-stage has-links\">\n        \n\n<div id=\"block-6\" class=\"hero-stage-content\">\n    <div class=\"hero-stage-content__background\">\n        <div class=\"overlay-black-25 h-100\">\n                            <img decoding=\"async\" aria-hidden=\"true\" loading=\"eager\" src=\"\/rio\/wp-content\/uploads\/sites\/120\/2026\/08\/imagem1-scaled-1.jpg\" alt=\"\" class=\"hero-stage-media\" style=\"object-position:50% 50%\" \/>                    <\/div>\n        <div class=\"hero-stage-gradient\"><\/div>\n    <\/div>\n    <div class=\"hero-stage-content__foreground is-layout-constrained\">\n        <h1 id=\"block-5\" class=\"display-1 text-center\">\n    <\/h1>    <\/div>\n<\/div>\n\n\n<div id=\"block-9\" class=\"hero-stage-links is-layout-constrained count-2\">\n    <div class=\"icon-link-cards-layout column-gap-3 row-gap-1 justify-content-center break-md\">\n        \n\n<div id=\"block-7\" data-bs-theme=\"dark\" class=\"wp-block-yellowtree-icon-link-card\">\n  <div class='card-body flex-row justify-content-center align-items-center overflow-hidden gap-2 px-5 px-md-3 py-3 py-md-6'>\n    <div class='d-flex align-items-center gap-4 me-auto me-md-0 flex-md-column text-md-center gap-md-3'>\n      <i class='icon-square fs-2 fs-md-lg-const fa-solid fa-heart' aria-hidden='true'><\/i>\n      <a class='stretched-link fs-base-const' href='#give' target=''>\n        Doe agora      <\/a>\n    <\/div>\n          <i class=\"icon fs-base-const fa-chevron-right ms-auto opacity-50 d-md-none\"><\/i>\n      <\/div>\n<\/div>\n\n\n<div id=\"block-8\" data-bs-theme=\"dark\" class=\"wp-block-yellowtree-icon-link-card\">\n  <div class='card-body flex-row justify-content-center align-items-center overflow-hidden gap-2 px-5 px-md-3 py-3 py-md-6'>\n    <div class='d-flex align-items-center gap-4 me-auto me-md-0 flex-md-column text-md-center gap-md-3'>\n      <i class='icon-square fs-2 fs-md-lg-const fa-solid fa-handshake' aria-hidden='true'><\/i>\n      <a class='stretched-link fs-base-const' href='#give' target=''>\n        Formas de doa\u00e7\u00e3o      <\/a>\n    <\/div>\n          <i class=\"icon fs-base-const fa-chevron-right ms-auto opacity-50 d-md-none\"><\/i>\n      <\/div>\n<\/div>\n    <\/div>\n<\/div>\n    <\/div>\n<\/div>\n\n<div id=\"give-2\" class=\"pb-4 alignfull is-layout-constrained\">\n  <div>\n            <div class=\"row gx-4 gy-4 \">\n          \n\n<div id=\"give-2\" class=\"gap-2 col wp-block-yellowtree-column col-12 d-flex flex-column with-streched-height-children align-items-stretch align-items-md-stretch\">\n  <h3 id=\"give\" class=\"mt-7 h3 display-3 text-start\" style=\"margin-bottom:0\">\n  Formas de contribuir<\/h3>\n\n<p id=\"block-11\" class=\"fs-base text-start wp-block-paragraph\" style=\"margin-top:0\">\n  Como igreja, \u00e9 nossa paix\u00e3o que as pessoas se tornem mais parecidas com Jesus Cristo, vivam destemidamente e mudem seu meio positivamente. Voc\u00ea pode apoiar ativamente nossa vis\u00e3o de v\u00e1rias formas \u2014 com seus dons e talentos, com ora\u00e7\u00e3o e com suas finan\u00e7as. Conhe\u00e7a as possibilidades abaixo e fa\u00e7a parte dessa vis\u00e3o.<\/p><\/div>\n        <\/div>\n          <\/div>\n<\/div>\n\n<div id=\"block-30\" class=\"mb-6 alignfull is-layout-constrained\" style=\"margin-top:0\">\n  <swiper-container init=\"false\" data-yt-template=\"3-col\" data-yt-pagination=\"true\" data-yt-navigation=\"true\" class=\"has-full-height-slides \" >\n          <swiper-slide><article id=\"block-14\" data-bs-theme=\"dark\" class=\"wp-block-yellowtree-card card has-context-height\" style=\"--card-img-position:50% 50%\">\n        <img decoding=\"async\" draggable=\"false\" loading=\"lazy\" src=\"\/rio\/wp-content\/uploads\/sites\/120\/2025\/10\/uberweisung-scaled.jpg\" alt=\"\u00cdcone de transfer\u00eancia banc\u00e1ria\" class=\"card-img-top\">    <div class=\"card-body\">\n    <h3 class=\"card-title\">Transfer\u00eancia Banc\u00e1ria<\/h3>\n    <p class=\"card-text\">Contribua por dep\u00f3sito ou transfer\u00eancia banc\u00e1ria. Confira os dados abaixo.<br><br>Chave PIX: ofertas@icf-rio.com<br><br>Banco Bradesco<br>Ag\u00eancia: 2809<br>Conta Corrente: 34209-2<br>CNPJ: 32.418.141\/0001-15<\/p>\n      <\/div>\n<\/article><\/swiper-slide>\n          <swiper-slide><article id=\"block-17\" data-bs-theme=\"dark\" class=\"wp-block-yellowtree-card card has-context-height\" style=\"--card-img-position:50% 50%\">\n        <img decoding=\"async\" draggable=\"false\" loading=\"lazy\" src=\"\/rio\/wp-content\/uploads\/sites\/120\/2025\/10\/creditcard-scaled.jpg\" alt=\"\u00cdcone de cart\u00e3o de cr\u00e9dito\" class=\"card-img-top\">    <div class=\"card-body\">\n    <h3 class=\"card-title\">Cart\u00e3o de Cr\u00e9dito<\/h3>\n    <p class=\"card-text\">Fa\u00e7a sua doa\u00e7\u00e3o com cart\u00e3o de cr\u00e9dito de forma simples e segura, atrav\u00e9s da p\u00e1gina protegida do nosso parceiro de pagamentos.<\/p>\n    <div id=\"block-16\" class=\"wp-block-yellowtree-card-buttons card-buttons\">\n  \n\n  <div>\n    <a id=\"block-15\" href=\"https:\/\/gestaoweb.eklesiaonline.com.br\/contribuicaoOnline\/contribuir\/gwvbu1\" class=\"wp-block-yellowtree-card-button btn btn-sm btn-secondary\">\n      <span>Clique aqui<\/span>\n          <\/a>\n  <\/div>\n\n<\/div>  <\/div>\n<\/article><\/swiper-slide>\n          <swiper-slide><article id=\"block-20\" data-bs-theme=\"dark\" class=\"wp-block-yellowtree-card card has-context-height\" style=\"--card-img-position:50% 50%\">\n        <img decoding=\"async\" draggable=\"false\" loading=\"lazy\" src=\"\/rio\/wp-content\/uploads\/sites\/120\/2026\/08\/2022-05_capturar-1.png\" alt=\"\u00cdcone de oferta recorrente\" class=\"card-img-top\">    <div class=\"card-body\">\n    <h3 class=\"card-title\">Ofertas Recorrentes<\/h3>\n    <p class=\"card-text\">Com o nosso portal de pagamentos recorrentes voc\u00ea pode contribuir mensalmente por cart\u00e3o de cr\u00e9dito. Clique abaixo para configurar.<\/p>\n    <div id=\"block-19\" class=\"wp-block-yellowtree-card-buttons card-buttons\">\n  \n\n  <div>\n    <a id=\"block-18\" href=\"https:\/\/gestaoweb.eklesiaonline.com.br\/divulgacao\/campanha\/gwvbu1\" class=\"wp-block-yellowtree-card-button btn btn-sm btn-secondary\">\n      <span>Clique aqui<\/span>\n          <\/a>\n  <\/div>\n\n<\/div>  <\/div>\n<\/article><\/swiper-slide>\n          <swiper-slide><article id=\"block-23\" data-bs-theme=\"dark\" class=\"wp-block-yellowtree-card card has-context-height\" style=\"--card-img-position:50% 50%\">\n        <img decoding=\"async\" draggable=\"false\" loading=\"lazy\" src=\"\/rio\/wp-content\/uploads\/sites\/120\/2026\/08\/imagem6.jpg\" alt=\"\u00cdcone de conta digital PicPay\" class=\"card-img-top\">    <div class=\"card-body\">\n    <h3 class=\"card-title\">Conta Digital (PicPay)<\/h3>\n    <p class=\"card-text\">Temos uma conta digital na plataforma PicPay onde voc\u00ea tamb\u00e9m pode fazer sua contribui\u00e7\u00e3o.<\/p>\n    <div id=\"block-22\" class=\"wp-block-yellowtree-card-buttons card-buttons\">\n  \n\n  <div>\n    <a id=\"block-21\" href=\"https:\/\/app.picpay.com\/payment?type=store&amp;hash=JYR4I6YhFq3zyTj6\" class=\"wp-block-yellowtree-card-button btn btn-sm btn-secondary\">\n      <span>Doar via PicPay<\/span>\n          <\/a>\n  <\/div>\n\n<\/div>  <\/div>\n<\/article><\/swiper-slide>\n          <swiper-slide><article id=\"block-26\" data-bs-theme=\"dark\" class=\"wp-block-yellowtree-card card has-context-height\" style=\"--card-img-position:50% 50%\">\n        <img decoding=\"async\" draggable=\"false\" loading=\"lazy\" src=\"\/rio\/wp-content\/uploads\/sites\/120\/2025\/10\/paypal-scaled.jpg\" alt=\"\u00cdcone do PayPal\" class=\"card-img-top\">    <div class=\"card-body\">\n    <h3 class=\"card-title\">PayPal<\/h3>\n    <p class=\"card-text\">Voc\u00ea tamb\u00e9m pode doar atrav\u00e9s do PayPal.<\/p>\n    <div id=\"block-25\" class=\"wp-block-yellowtree-card-buttons card-buttons\">\n  \n\n  <div>\n    <a id=\"block-24\" href=\"https:\/\/www.paypal.com\/donate?hosted_button_id=MADLSTGEGV5JU\" class=\"wp-block-yellowtree-card-button btn btn-sm btn-secondary\">\n      <span>Doar via PayPal<\/span>\n          <\/a>\n  <\/div>\n\n<\/div>  <\/div>\n<\/article><\/swiper-slide>\n          <swiper-slide><article id=\"block-29\" data-bs-theme=\"dark\" class=\"wp-block-yellowtree-card card has-context-height\" style=\"--card-img-position:50% 50%\">\n        <img decoding=\"async\" draggable=\"false\" loading=\"lazy\" src=\"\/rio\/wp-content\/uploads\/sites\/120\/2026\/08\/2022-02_unnamed.png\" alt=\"\u00cdcone da Binance\" class=\"card-img-top\">    <div class=\"card-body\">\n    <h3 class=\"card-title\">Binance<\/h3>\n    <p class=\"card-text\">Voc\u00ea tamb\u00e9m pode doar com criptomoedas pela carteira Binance.<br><br>ID de Pagamento: 407974243<\/p>\n    <div id=\"block-28\" class=\"wp-block-yellowtree-card-buttons card-buttons\">\n  \n\n<\/div>  <\/div>\n<\/article><\/swiper-slide>\n      <\/swiper-container>\n<\/div>\n\n<p id=\"block-31\" class=\"text-start wp-block-paragraph\">\n  Obrigado pela sua generosidade!<\/p>\n\n<div id=\"block-34\" class=\"pt-2 pb-2 alignfull is-layout-constrained\">\n  <div>\n            <div class=\"row gx-4 gy-4 \">\n          \n\n<div id=\"block-33\" class=\"col wp-block-yellowtree-column col-12 d-flex flex-column with-streched-height-children align-items-center align-items-md-center\">\n  <div>\n    <a id=\"block-32\" href=\"https:\/\/gestaoweb.eklesiaonline.com.br\/contribuicaoOnline\/contribuir\/gwvbu1\" rel=\"\" class=\"wp-block-yellowtree-button-link btn btn-action-2\">\n      <span>Doe agora<\/span>\n          <\/a>\n  <\/div><\/div>\n        <\/div>\n          <\/div>\n<\/div>\n\n<div id=\"block-42\" class=\"pt-8 pb-8 alignfull is-layout-constrained\">\n  <div>\n            <div class=\"row gx-4 gy-4 \">\n          \n\n<div id=\"block-41\" class=\"col wp-block-yellowtree-column col-12 d-flex flex-column with-streched-height-children align-items-stretch align-items-md-stretch\">\n  <div id=\"block-40\" class=\"is-style-4-3 wp-block-yellowtree-text-image d-flex flex-column flex-lg-row gap-3\">\n    \n\n<div id=\"block-35\" class=\"wp-block-yellowtree-locked-image\">\n    <img decoding=\"async\" loading=\"lazy\" sizes=\"(max-width: 992px) 100vw, 1600px\" src=\"\/rio\/wp-content\/uploads\/sites\/120\/2025\/10\/reachbeyond-1-scaled.jpg\" alt=\"Diversidade de pessoas em uma refei\u00e7\u00e3o comunit\u00e1ria em um ambiente moderno e acolhedor.\" class=\"w-100 h-100 object-fit-cover\" style=\"object-position:50% 50%\"><\/div>\n\n\n\n<div id=\"block-39\" data-bs-theme=\"dark\" class=\"card wp-block-yellowtree-text-card has-context-height\">\n  <div class=\"card-body px-4 py-6 p-sm-6 p-lg-8\">\n    \n\n<h2 id=\"block-36\">\n    REACH Beyond<\/h2>\n\n\n<p id=\"block-37\">\n    REACH Beyond \u00e9 a nossa campanha anual de generosidade. Juntos, alcan\u00e7amos mais pessoas para Jesus, suprimos necessidades, fortalecemos a igreja no Rio e ajudamos a plantar novas igrejas ao redor do mundo.<\/p>\n\n\n  <div>\n    <a id=\"block-38\" href=\"https:\/\/icf.church\/rio\/pt\/generosidade\/#:~:text=Saiba%20mais-,Projetos%20REACH,-ICF%20Bistr%C3%B4\" rel=\"\" class=\"wp-block-yellowtree-button-link btn btn-default\">\n      <span>Saiba mais<\/span>\n              <i class=\"icon fs-base-const fa-solid fa-arrow-right\" aria-hidden=\"true\"><\/i>\n          <\/a>\n  <\/div>\n\n  <\/div>\n<\/div>\n<\/div><\/div>\n        <\/div>\n          <\/div>\n<\/div>\n\n<h3 id=\"projects\" class=\"h3 display-3 text-start\">\n  Projetos REACH<\/h3>\n\n<div id=\"block-57\" class=\"pt-2 pb-2 alignfull is-layout-constrained\">\n  <div>\n            <div class=\"row gx-4 gy-4 \">\n          \n\n<div id=\"block-49\" class=\"col wp-block-yellowtree-column col-12 col-md-6 d-flex flex-column with-streched-height-children align-items-stretch align-items-md-stretch\">\n  <h3 id=\"block-43\" class=\"h3 text-start\">\n  ICF Bistr\u00f4<\/h3>\n\n<p id=\"block-44\" class=\"text-start wp-block-paragraph\">\n  &#8220;Eles se dedicavam ao ensino dos ap\u00f3stolos, \u00e0 comunh\u00e3o, a <strong>comer juntos<\/strong> e \u00e0s ora\u00e7\u00f5es.&#8221;<\/p>\n\n<p id=\"block-45\" class=\"text-start wp-block-paragraph\">\n  <em>Atos 2:42 | A B\u00edblia &#8211; NVI<\/em><\/p>\n\n<div class=\"mw-100\">\n      <figure id=\"block-46\">\n      <div class=\"img-wrap\" style=\"max-width:100%\">\n        <img decoding=\"async\" src=\"\/rio\/wp-content\/uploads\/sites\/120\/2026\/08\/2022-07_capturar-2.jpg\" alt=\"\" loading=\"lazy\" title=\"\" class=\"img-fluid w-100 h-100 rounded object-fit-cover\" style=\"object-position: center center\">\n      <\/div>\n          <\/figure>\n    <\/div>\n\n<p id=\"block-47\" class=\"text-start wp-block-paragraph\">\n  Atrav\u00e9s de uma campanha REACH anterior, conseguimos construir o espa\u00e7o kids da nossa igreja \u2014 um ambiente onde as crian\u00e7as vivem uma experi\u00eancia \u00fanica com Jesus. Agora, com o mesmo esp\u00edrito, sonhamos com o nosso <strong>bistr\u00f4<\/strong>: um espa\u00e7o acolhedor para momentos de comunh\u00e3o, refei\u00e7\u00f5es compartilhadas e um ambiente flex\u00edvel que tamb\u00e9m atenda nossa comunidade durante a semana.<\/p>\n\n<p id=\"block-48\" class=\"text-start wp-block-paragraph\">\n  Com a sua contribui\u00e7\u00e3o na <strong>campanha REACH<\/strong>, poderemos construir o bistr\u00f4 na entrada da nossa igreja. <strong>Fa\u00e7a parte desse projeto \u2014 ser\u00e1 muito mais que um espa\u00e7o: ser\u00e1 um lugar de encontro, comunh\u00e3o e alegria para todos.<\/strong><\/p><\/div>\n\n\n<div id=\"block-56\" class=\"col wp-block-yellowtree-column col-12 col-md-6 d-flex flex-column with-streched-height-children align-items-stretch align-items-md-stretch\">\n  <h3 id=\"block-50\" class=\"h3 text-start\">\n  ICF Lisboa<\/h3>\n\n<p id=\"block-51\" class=\"text-start wp-block-paragraph\">\n  &#8220;Portanto, v\u00e3o e fa\u00e7am disc\u00edpulos de todas as na\u00e7\u00f5es, batizando-os em nome do Pai e do Filho e do Esp\u00edrito Santo,&#8221;<\/p>\n\n<p id=\"block-52\" class=\"text-start wp-block-paragraph\">\n  <em>Mateus 28:19 | A B\u00edblia &#8211; NVI<\/em><\/p>\n\n<div class=\"mw-100\">\n      <figure id=\"block-53\">\n      <div class=\"img-wrap\" style=\"max-width:100%\">\n        <img decoding=\"async\" src=\"\/rio\/wp-content\/uploads\/sites\/120\/2026\/08\/ony7462.jpg\" alt=\"\" loading=\"lazy\" title=\"\" class=\"img-fluid w-100 h-100 rounded object-fit-cover\" style=\"object-position: center center\">\n      <\/div>\n          <\/figure>\n    <\/div>\n\n<p id=\"block-54\" class=\"text-start wp-block-paragraph\">\n  Desde os prim\u00f3rdios da ICF Rio de Janeiro, cultivamos a vis\u00e3o de estabelecer igrejas em todos os pa\u00edses de l\u00edngua portuguesa e espanhola. Atrav\u00e9s da campanha REACH, reservamos parte dos recursos para investir na planta\u00e7\u00e3o de novas igrejas em Portugal \u2014 um passo modesto, mas com a vis\u00e3o expansiva de alcan\u00e7ar novos horizontes.<\/p>\n\n<p id=\"block-55\" class=\"text-start wp-block-paragraph\">\n  Esse movimento se concretiza com o envio do casal Paulo Andr\u00e9 &amp; Lisa Cordeiro, que assumem o papel de plantadores da nova igreja em Portugal. Acreditamos que, como corpo de Cristo, podemos ser catalisadores de transforma\u00e7\u00e3o em Portugal e al\u00e9m.<\/p><\/div>\n        <\/div>\n          <\/div>\n<\/div>\n\n<div id=\"block-60\" class=\"pt-10 pb-10 alignfull is-layout-constrained\">\n  <div>\n            <div class=\"row gx-4 gy-4 \">\n          \n\n<div id=\"block-59\" class=\"col wp-block-yellowtree-column col-12 d-flex flex-column with-streched-height-children align-items-center align-items-md-center\">\n  <div>\n    <a id=\"block-58\" href=\"https:\/\/gestaoweb.eklesiaonline.com.br\/contribuicaoOnline\/contribuir\/gwvbu1\" rel=\"\" class=\"wp-block-yellowtree-button-link btn btn-action-2\">\n      <span>Doe agora<\/span>\n          <\/a>\n  <\/div><\/div>\n        <\/div>\n          <\/div>\n<\/div>\n\n<div id=\"block-68\" class=\"pt-4 pb-6 alignfull is-layout-constrained\">\n  <div>\n            <div class=\"row gx-4 gy-4 \">\n          \n\n<div id=\"block-67\" class=\"col wp-block-yellowtree-column col-12 d-flex flex-column with-streched-height-children align-items-stretch align-items-md-stretch\">\n  <div id=\"block-66\" class=\"is-style-4-3 wp-block-yellowtree-text-image d-flex flex-column flex-lg-row gap-3\">\n    \n\n<div id=\"block-61\" class=\"wp-block-yellowtree-locked-image\">\n    <img decoding=\"async\" loading=\"lazy\" sizes=\"(max-width: 992px) 100vw, 1600px\" src=\"\/rio\/wp-content\/uploads\/sites\/120\/2026\/08\/r21-header.jpg\" alt=\"\" class=\"w-100 h-100 object-fit-cover\" style=\"object-position:50% 50%\"><\/div>\n\n\n\n<div id=\"block-65\" class=\"card wp-block-yellowtree-text-card has-context-height\" style=\"--bs-card-bg:transparent;--bs-card-color:inherit\">\n  <div class=\"card-body px-4 py-6 p-sm-6 p-lg-8\">\n    \n\n<h2 id=\"block-62\">\n    Relat\u00f3rio Anual 2025 \u2014 ICF Rio de Janeiro<\/h2>\n\n\n<p id=\"block-63\">\n    O ano passado foi incr\u00edvel e preparamos um relat\u00f3rio que conta v\u00e1rias hist\u00f3rias e testemunhos de pessoas da nossa igreja.<br><br>Voc\u00ea n\u00e3o pode perder a chance de se inspirar com um ano que foi a base para uma nova experi\u00eancia de igreja.<\/p>\n\n\n  <div>\n    <a id=\"block-64\" href=\"https:\/\/drive.google.com\/file\/d\/1jBYwwAxr0qhv6Z6W9I3mmW76aEUe9P91\/view?usp=sharing\" rel=\"\" class=\"wp-block-yellowtree-button-link btn btn-default\">\n      <span>Baixar relat\u00f3rio<\/span>\n              <i class=\"icon fs-base-const fa-solid fa-book\" aria-hidden=\"true\"><\/i>\n          <\/a>\n  <\/div>\n\n  <\/div>\n<\/div>\n<\/div><\/div>\n        <\/div>\n          <\/div>\n<\/div>\n\n<h3 id=\"block-69\" class=\"mt-10 mb-4 h3 display-3 text-start\">\n  Perguntas Frequentes<\/h3>\n\n<div id=\"block-88\" class=\"pt-2 pb-6 alignfull is-layout-constrained\">\n  <div>\n            <div class=\"row gx-4 gy-4 \">\n          \n\n<div id=\"block-87\" class=\"col wp-block-yellowtree-column col-12 d-flex flex-column with-streched-height-children align-items-stretch align-items-md-stretch\">\n  <div id=\"block-86\" class=\"accordion\">\n  <body>\n\n<div id=\"block-71\" data-bs-theme=\"dark\" class=\"overflow-hidden wp-block-yellowtree-accordion-item\">\n  <div class=\"accordion-header\">\n    <button class=\"accordion-button rounded-0 collapsed focus-ring-inset\" type=\"button\" data-bs-toggle=\"collapse\" data-bs-target=\"#block-71-collapse\" aria-expanded=\"false\" aria-controls=\"block-71-collapse\">\n      <div>\n        <h3 class=\"mb-0\">\n          Como a ICF \u00e9 financiada?        <\/h3>\n              <\/div>\n      <div class=\"ms-auto accordion-icons icon-container-base\">\n        <i class=\"icon fa-arrow-right accordion-icon-default\"><\/i>\n        <i class=\"icon fa-close accordion-icon-alt\"><\/i>\n      <\/div>\n    <\/button>\n  <\/div>\n  <div id=\"block-71-collapse\" class=\"accordion-collapse collapse \" data-bs-parent=\"#block-86\">\n    <div class=\"accordion-body pt-0\">\n      <p id=\"block-70\" class=\"text-start wp-block-paragraph\">\n  A ICF \u00e9 financiada de acordo com princ\u00edpios b\u00edblicos que se provaram ao longo da hist\u00f3ria, desde o Antigo Testamento. Deus estabeleceu o d\u00edzimo como base para sustentar o templo \u2014 hoje, isso \u00e9 a igreja, onde as pessoas encontram a Deus, crescem espiritualmente e fazem a diferen\u00e7a juntas.<\/p>    <\/div>\n  <\/div>\n<\/div>\n\n\n<div id=\"block-73\" data-bs-theme=\"dark\" class=\"overflow-hidden wp-block-yellowtree-accordion-item\">\n  <div class=\"accordion-header\">\n    <button class=\"accordion-button rounded-0 collapsed focus-ring-inset\" type=\"button\" data-bs-toggle=\"collapse\" data-bs-target=\"#block-73-collapse\" aria-expanded=\"false\" aria-controls=\"block-73-collapse\">\n      <div>\n        <h3 class=\"mb-0\">\n          O que significa dizimar?        <\/h3>\n              <\/div>\n      <div class=\"ms-auto accordion-icons icon-container-base\">\n        <i class=\"icon fa-arrow-right accordion-icon-default\"><\/i>\n        <i class=\"icon fa-close accordion-icon-alt\"><\/i>\n      <\/div>\n    <\/button>\n  <\/div>\n  <div id=\"block-73-collapse\" class=\"accordion-collapse collapse \" data-bs-parent=\"#block-86\">\n    <div class=\"accordion-body pt-0\">\n      <p id=\"block-72\" class=\"text-start wp-block-paragraph\">\n  O d\u00edzimo n\u00e3o \u00e9 uma lei, mas um princ\u00edpio b\u00edblico: damos 10% da nossa renda \u00e0 casa de Deus para honrar Sua provis\u00e3o. Hoje, isso financia os sal\u00e1rios de pastores e da equipe, os custos do espa\u00e7o f\u00edsico e as diversas \u00e1reas da igreja.<\/p>    <\/div>\n  <\/div>\n<\/div>\n\n\n<div id=\"block-75\" data-bs-theme=\"dark\" class=\"overflow-hidden wp-block-yellowtree-accordion-item\">\n  <div class=\"accordion-header\">\n    <button class=\"accordion-button rounded-0 collapsed focus-ring-inset\" type=\"button\" data-bs-toggle=\"collapse\" data-bs-target=\"#block-75-collapse\" aria-expanded=\"false\" aria-controls=\"block-75-collapse\">\n      <div>\n        <h3 class=\"mb-0\">\n          A pr\u00f3pria ICF tamb\u00e9m dizima?        <\/h3>\n              <\/div>\n      <div class=\"ms-auto accordion-icons icon-container-base\">\n        <i class=\"icon fa-arrow-right accordion-icon-default\"><\/i>\n        <i class=\"icon fa-close accordion-icon-alt\"><\/i>\n      <\/div>\n    <\/button>\n  <\/div>\n  <div id=\"block-75-collapse\" class=\"accordion-collapse collapse \" data-bs-parent=\"#block-86\">\n    <div class=\"accordion-body pt-0\">\n      <p id=\"block-74\" class=\"text-start wp-block-paragraph\">\n  Sim! Na ICF, tamb\u00e9m damos 10% da nossa renda para projetos sociais, organiza\u00e7\u00f5es parceiras e o ICF Movement. Acreditamos que aquilo que semeamos trar\u00e1 frutos!<\/p>    <\/div>\n  <\/div>\n<\/div>\n\n\n<div id=\"block-77\" data-bs-theme=\"dark\" class=\"overflow-hidden wp-block-yellowtree-accordion-item\">\n  <div class=\"accordion-header\">\n    <button class=\"accordion-button rounded-0 collapsed focus-ring-inset\" type=\"button\" data-bs-toggle=\"collapse\" data-bs-target=\"#block-77-collapse\" aria-expanded=\"false\" aria-controls=\"block-77-collapse\">\n      <div>\n        <h3 class=\"mb-0\">\n          O que s\u00e3o as prim\u00edcias?        <\/h3>\n              <\/div>\n      <div class=\"ms-auto accordion-icons icon-container-base\">\n        <i class=\"icon fa-arrow-right accordion-icon-default\"><\/i>\n        <i class=\"icon fa-close accordion-icon-alt\"><\/i>\n      <\/div>\n    <\/button>\n  <\/div>\n  <div id=\"block-77-collapse\" class=\"accordion-collapse collapse \" data-bs-parent=\"#block-86\">\n    <div class=\"accordion-body pt-0\">\n      <p id=\"block-76\" class=\"text-start wp-block-paragraph\">\n  As prim\u00edcias s\u00e3o um poderoso princ\u00edpio b\u00edblico de confian\u00e7a e devo\u00e7\u00e3o. Trazemos o primeiro e o melhor \u2014 n\u00e3o o que sobra \u2014 como express\u00e3o da nossa f\u00e9 de que Deus aben\u00e7oar\u00e1 e multiplicar\u00e1 o restante.<\/p>    <\/div>\n  <\/div>\n<\/div>\n\n\n<div id=\"block-79\" data-bs-theme=\"dark\" class=\"overflow-hidden wp-block-yellowtree-accordion-item\">\n  <div class=\"accordion-header\">\n    <button class=\"accordion-button rounded-0 collapsed focus-ring-inset\" type=\"button\" data-bs-toggle=\"collapse\" data-bs-target=\"#block-79-collapse\" aria-expanded=\"false\" aria-controls=\"block-79-collapse\">\n      <div>\n        <h3 class=\"mb-0\">\n          O que s\u00e3o as ofertas volunt\u00e1rias?        <\/h3>\n              <\/div>\n      <div class=\"ms-auto accordion-icons icon-container-base\">\n        <i class=\"icon fa-arrow-right accordion-icon-default\"><\/i>\n        <i class=\"icon fa-close accordion-icon-alt\"><\/i>\n      <\/div>\n    <\/button>\n  <\/div>\n  <div id=\"block-79-collapse\" class=\"accordion-collapse collapse \" data-bs-parent=\"#block-86\">\n    <div class=\"accordion-body pt-0\">\n      <p id=\"block-78\" class=\"text-start wp-block-paragraph\">\n  No Antigo e no Novo Testamento, o povo de Deus fez repetidas vezes ofertas volunt\u00e1rias para construir igrejas e avan\u00e7ar o Reino de Deus. Atrav\u00e9s da nossa campanha anual &#8220;REACH Beyond&#8221;, tamb\u00e9m fazemos investimentos estrat\u00e9gicos em igrejas, projetos sociais e parceiros que v\u00e3o al\u00e9m do nosso or\u00e7amento regular.<\/p>    <\/div>\n  <\/div>\n<\/div>\n\n\n<div id=\"block-81\" data-bs-theme=\"dark\" class=\"overflow-hidden wp-block-yellowtree-accordion-item\">\n  <div class=\"accordion-header\">\n    <button class=\"accordion-button rounded-0 collapsed focus-ring-inset\" type=\"button\" data-bs-toggle=\"collapse\" data-bs-target=\"#block-81-collapse\" aria-expanded=\"false\" aria-controls=\"block-81-collapse\">\n      <div>\n        <h3 class=\"mb-0\">\n          Existem obriga\u00e7\u00f5es financeiras ou taxas de associa\u00e7\u00e3o na ICF?        <\/h3>\n              <\/div>\n      <div class=\"ms-auto accordion-icons icon-container-base\">\n        <i class=\"icon fa-arrow-right accordion-icon-default\"><\/i>\n        <i class=\"icon fa-close accordion-icon-alt\"><\/i>\n      <\/div>\n    <\/button>\n  <\/div>\n  <div id=\"block-81-collapse\" class=\"accordion-collapse collapse \" data-bs-parent=\"#block-86\">\n    <div class=\"accordion-body pt-0\">\n      <p id=\"block-80\" class=\"text-start wp-block-paragraph\">\n  N\u00e3o. A ICF n\u00e3o possui associa\u00e7\u00e3o formal com obriga\u00e7\u00f5es financeiras. Todos s\u00e3o bem-vindos, independentemente da sua situa\u00e7\u00e3o financeira.<\/p>    <\/div>\n  <\/div>\n<\/div>\n\n\n<div id=\"block-83\" data-bs-theme=\"dark\" class=\"overflow-hidden wp-block-yellowtree-accordion-item\">\n  <div class=\"accordion-header\">\n    <button class=\"accordion-button rounded-0 collapsed focus-ring-inset\" type=\"button\" data-bs-toggle=\"collapse\" data-bs-target=\"#block-83-collapse\" aria-expanded=\"false\" aria-controls=\"block-83-collapse\">\n      <div>\n        <h3 class=\"mb-0\">\n          Como a ICF administra as doa\u00e7\u00f5es?        <\/h3>\n              <\/div>\n      <div class=\"ms-auto accordion-icons icon-container-base\">\n        <i class=\"icon fa-arrow-right accordion-icon-default\"><\/i>\n        <i class=\"icon fa-close accordion-icon-alt\"><\/i>\n      <\/div>\n    <\/button>\n  <\/div>\n  <div id=\"block-83-collapse\" class=\"accordion-collapse collapse \" data-bs-parent=\"#block-86\">\n    <div class=\"accordion-body pt-0\">\n      <p id=\"block-82\" class=\"text-start wp-block-paragraph\">\n  A ICF est\u00e1 comprometida com uma gest\u00e3o financeira respons\u00e1vel e empreendedora. Cada doa\u00e7\u00e3o \u00e9 utilizada de forma direcionada e espec\u00edfica para sustentar a miss\u00e3o da igreja a longo prazo. Agimos com vis\u00e3o de futuro, investimos com sabedoria e garantimos que os recursos sejam usados com efici\u00eancia.<\/p>    <\/div>\n  <\/div>\n<\/div>\n\n\n<div id=\"block-85\" data-bs-theme=\"dark\" class=\"overflow-hidden wp-block-yellowtree-accordion-item\">\n  <div class=\"accordion-header\">\n    <button class=\"accordion-button rounded-0 collapsed focus-ring-inset\" type=\"button\" data-bs-toggle=\"collapse\" data-bs-target=\"#block-85-collapse\" aria-expanded=\"false\" aria-controls=\"block-85-collapse\">\n      <div>\n        <h3 class=\"mb-0\">\n          \u00c9 poss\u00edvel consultar as finan\u00e7as?        <\/h3>\n              <\/div>\n      <div class=\"ms-auto accordion-icons icon-container-base\">\n        <i class=\"icon fa-arrow-right accordion-icon-default\"><\/i>\n        <i class=\"icon fa-close accordion-icon-alt\"><\/i>\n      <\/div>\n    <\/button>\n  <\/div>\n  <div id=\"block-85-collapse\" class=\"accordion-collapse collapse \" data-bs-parent=\"#block-86\">\n    <div class=\"accordion-body pt-0\">\n      <p id=\"block-84\" class=\"text-start wp-block-paragraph\">\n  Sim. A transpar\u00eancia \u00e9 importante para n\u00f3s \u2014 nossas finan\u00e7as podem ser consultadas mediante solicita\u00e7\u00e3o, porque a confian\u00e7a se constr\u00f3i com abertura e integridade.<\/p>    <\/div>\n  <\/div>\n<\/div>\n<\/body><\/div><\/div>\n        <\/div>\n          <\/div>\n<\/div>","protected":false},"excerpt":{"rendered":"<p>Obrigado pela sua generosidade! Projetos REACH Perguntas Frequentes<\/p>\n","protected":false},"author":186,"featured_media":1874,"parent":0,"menu_order":9,"comment_status":"closed","ping_status":"closed","template":"","meta":{"_acf_changed":false,"_seopress_titles_title":"","_seopress_titles_desc":"","_seopress_robots_index":"","_seopress_robots_follow":"","_seopress_robots_imageindex":"","_seopress_robots_snippet":"","_seopress_robots_primary_cat":"","_seopress_robots_breadcrumbs":"","_seopress_robots_freeze_modified_date":"","_seopress_robots_custom_modified_date":"","_seopress_robots_canonical":"","_seopress_social_fb_title":"","_seopress_social_fb_desc":"","_seopress_social_fb_img":"","_seopress_social_fb_img_attachment_id":0,"_seopress_social_fb_img_width":0,"_seopress_social_fb_img_height":0,"_seopress_social_twitter_title":"","_seopress_social_twitter_desc":"","_seopress_social_twitter_img":"","_seopress_social_twitter_img_attachment_id":0,"_seopress_social_twitter_img_width":0,"_seopress_social_twitter_img_height":0,"_seopress_redirections_value":"","_seopress_redirections_enabled":"","_seopress_redirections_enabled_regex":"","_seopress_redirections_logged_status":"","_seopress_redirections_param":"","_seopress_redirections_type":0,"_seopress_analysis_target_kw":"","_seopress_news_disabled":"","_seopress_video_disabled":"","_seopress_video":[],"_seopress_pro_schemas_manual":[],"_seopress_pro_rich_snippets_disable_all":"","_seopress_pro_rich_snippets_disable":[],"_seopress_pro_schemas":[],"yt_custom_styles_scss":"","yt_custom_styles_rounded_corners":false,"yt_custom_styles_color_scheme":"","footnotes":""},"class_list":["post-1347","page","type-page","status-publish","has-post-thumbnail","hentry"],"acf":[],"_links":{"self":[{"href":"https:\/\/icf.church\/rio\/pt\/wp-json\/wp\/v2\/pages\/1347","targetHints":{"allow":["GET"]}}],"collection":[{"href":"https:\/\/icf.church\/rio\/pt\/wp-json\/wp\/v2\/pages"}],"about":[{"href":"https:\/\/icf.church\/rio\/pt\/wp-json\/wp\/v2\/types\/page"}],"author":[{"embeddable":true,"href":"https:\/\/icf.church\/rio\/pt\/wp-json\/wp\/v2\/users\/186"}],"replies":[{"embeddable":true,"href":"https:\/\/icf.church\/rio\/pt\/wp-json\/wp\/v2\/comments?post=1347"}],"version-history":[{"count":8,"href":"https:\/\/icf.church\/rio\/pt\/wp-json\/wp\/v2\/pages\/1347\/revisions"}],"predecessor-version":[{"id":2144,"href":"https:\/\/icf.church\/rio\/pt\/wp-json\/wp\/v2\/pages\/1347\/revisions\/2144"}],"wp:featuredmedia":[{"embeddable":true,"href":"https:\/\/icf.church\/rio\/pt\/wp-json\/wp\/v2\/media\/1874"}],"wp:attachment":[{"href":"https:\/\/icf.church\/rio\/pt\/wp-json\/wp\/v2\/media?parent=1347"}],"curies":[{"name":"wp","href":"https:\/\/api.w.org\/{rel}","templated":true}]}}