{"id":1369,"date":"2025-10-02T09:02:41","date_gmt":"2025-10-02T12:02:41","guid":{"rendered":"https:\/\/new.icf.church\/rio\/?page_id=1369"},"modified":"2026-08-26T11:13:02","modified_gmt":"2026-08-26T14:13:02","slug":"sobre","status":"publish","type":"page","link":"https:\/\/icf.church\/rio\/pt\/sobre\/","title":{"rendered":"Sobre ICF Rio de Janeiro"},"content":{"rendered":"<h1 id=\"block-1\" class=\"mt-4 mb-4 h1 display-1 text-start\">\n  Vivencie Igreja<\/h1>\n\n<div class=\"alignwide mw-100\">\n      <figure id=\"block-2\" class=\"is-style-rounded\">\n      <div class=\"img-wrap\" style=\"max-width:100%\">\n        <img decoding=\"async\" src=\"\/rio\/wp-content\/uploads\/sites\/120\/2026\/08\/mg_0652-scaled-1.jpg\" alt=\"\" loading=\"lazy\" title=\"\" class=\"img-fluid w-100 h-100 rounded object-fit-cover\" style=\"object-position: center center\" \/>\n      <\/div>\n          <\/figure>\n    <\/div>\n\n<div id=\"block-6\" class=\"pt-2 pb-2 alignfull is-layout-constrained\">\n  <div>\n          <div class=\"row\">\n        <div class=\"col-12 col-md-10 mx-auto\">\n                <div class=\"row gx-4 gy-4 \">\n          \n\n<div id=\"block-5\" class=\"col wp-block-yellowtree-column col-12 d-flex flex-column with-streched-height-children align-items-stretch align-items-md-stretch\">\n  <h3 id=\"block-3\" class=\"mt-4 h3 display-3 text-start\">\n  O PORQU\u00ca N\u00d3S EXISTIMOS<\/h3>\n\n<h3 id=\"block-4\" class=\"mt-4 h3 text-start\">\n  Como igreja, \u00e9 a nossa paix\u00e3o que pessoas se tornem mais parecidas com Jesus Cristo, vivam destemidamente e influenciem o seu meio positivamente.<\/h3><\/div>\n        <\/div>\n                <\/div>\n      <\/div>\n      <\/div>\n<\/div>\n\n<div id=\"block-13\" class=\"pt-2 pb-2 alignfull is-layout-constrained\">\n  <div>\n            <div class=\"row gx-4 gy-4 \">\n          \n\n<div id=\"block-12\" class=\"col wp-block-yellowtree-column col-12 d-flex flex-column with-streched-height-children align-items-stretch align-items-md-stretch\">\n  <div id=\"block-11\" class=\"wp-block-yellowtree-text-image d-flex flex-column flex-lg-row gap-3\">\n    \n\n<div id=\"block-7\" class=\"wp-block-yellowtree-locked-image\">\n    <img decoding=\"async\" loading=\"lazy\" sizes=\"(max-width: 992px) 100vw, 1600px\" src=\"\/rio\/wp-content\/uploads\/sites\/120\/2026\/08\/2023-06_capturar.jpg\" alt=\"Bruno e Nat\u00e1lia Cordeiro\" class=\"w-100 h-100 object-fit-cover\" style=\"object-position:50% 12%\"><\/div>\n\n\n\n<div id=\"block-10\" data-bs-theme=\"dark\" class=\"card wp-block-yellowtree-text-card has-context-height\">\n  <div class=\"card-body px-4 py-6 p-sm-6 p-lg-8\">\n    \n\n<h2 id=\"block-8\">\n    Bruno &amp; Nat\u00e1lia Cordeiro<\/h2>\n\n\n<p id=\"block-9\">\n    Lead pastors da ICF Rio de Janeiro<br><br>Recebemos voc\u00ea calorosamente em uma Celebra\u00e7\u00e3o ou pessoalmente na nossa fam\u00edlia ICF. Se voc\u00ea tiver perguntas, ficaremos felizes em ajudar. Entre no canal de contato da ICF Rio de Janeiro ou venha na igreja e ap\u00f3s a Celebra\u00e7\u00e3o estaremos l\u00e1 para te conhecer.<br><br>O que \u00e9 especialmente importante para n\u00f3s: as pessoas n\u00e3o existem para a igreja, mas a igreja, ou seja, a ICF, existe para as pessoas.<br><br>Seja muito bem-vindo, \u00e9 \u00f3timo t\u00ea-lo conosco!<\/p>\n  <\/div>\n<\/div>\n<\/div><\/div>\n        <\/div>\n          <\/div>\n<\/div>\n\n<div id=\"block-17\" class=\"pt-2 pb-2 alignfull is-layout-constrained\">\n  <div>\n            <div class=\"row gx-4 gy-4 \">\n          \n\n<div id=\"block-16\" class=\"col wp-block-yellowtree-column col-12 d-flex flex-column with-streched-height-children align-items-stretch align-items-md-stretch\">\n  <h3 id=\"block-14\" class=\"mt-4 mb-4 h3 display-3 text-start\">\n  Nosso sonho<\/h3>\n\n\n<figure class=\"wp-embed-aspect-16-9 wp-has-aspect-ratio wp-block-embed has-context-height is-provider-youtube is-type-video\">\n  <div class=\"ratio\" style=\"--bs-aspect-ratio:56.25%\">\n          <div class=\"media-defer rounded overflow-hidden bg-black\" data-defer-target=\"iframe\" data-defer-url=\"https:\/\/www.youtube.com\/embed\/WJB9-AEhzhI?feature=oembed&amp;autoplay=1&amp;iv_load_policy=3&amp;rel=0&amp;dnt=0\" data-consent-required=\"marketing\">\n\n        <div class=\"media-defer__content h-100\" style=\"display: none;\">\n          <iframe width=\"500\" height=\"281\" frameborder=\"0\" allow=\"accelerometer; autoplay; clipboard-write; encrypted-media; gyroscope; picture-in-picture; web-share\" referrerpolicy=\"strict-origin-when-cross-origin\" allowfullscreen title=\"ICF Rio - Nosso Sonho\"><\/iframe>        <\/div>\n\n        <div class=\"media-defer__placeholder h-100 position-relative\">\n          <img decoding=\"async\" class=\"video-thumbnail w-100 h-100 object-fit-cover\" src=\"https:\/\/icf.church\/rio\/wp-content\/uploads\/sites\/120\/youtube-thumbs\/WJB9-AEhzhI-hqdefault.jpg\" srcset=\"https:\/\/icf.church\/rio\/wp-content\/uploads\/sites\/120\/youtube-thumbs\/WJB9-AEhzhI-maxresdefault.jpg 1280w, https:\/\/icf.church\/rio\/wp-content\/uploads\/sites\/120\/youtube-thumbs\/WJB9-AEhzhI-hqdefault.jpg 480w, https:\/\/icf.church\/rio\/wp-content\/uploads\/sites\/120\/youtube-thumbs\/WJB9-AEhzhI-sddefault.jpg 640w\" sizes=\"(max-width: 2560px) 100vw, 2560px\" alt=\"ICF Rio - Nosso Sonho\" draggable=\"false\" loading=\"lazy\">\n\n          <button class=\"video-toggle show\" type=\"button\" aria-label=\"play content\">\n          <\/button>\n\n                      <img decoding=\"async\" class=\"position-absolute end-0 bottom-0 video-provider-image\" src=\"https:\/\/icf.church\/rio\/wp-content\/themes\/icf\/assets\/youtube-type-logo.svg\" alt=\"YouTube\" loading=\"lazy\">\n          \n          <div data-consent=\"marketing\" data-inverse class=\"position-absolute bottom-0 start-0 end-0 p-3 text-white bg-black bg-opacity-50 text-center\">\n            <p class=\"mb-0 small\">\n              \ud83c\udfa5 By clicking, content from Youtube loads. You allow cookies for marketing. Learn more in our <a href=\"\/rio\/pt\/privacidade\/\" class=\"text-white\">Privacy Policy<\/a>.            <\/p>\n          <\/div>\n        <\/div>\n      <\/div>\n      <\/div>\n\n  <\/figure><\/div>\n        <\/div>\n          <\/div>\n<\/div>\n\n<div id=\"fe-2\" class=\"pt-2 pb-2 alignfull is-layout-constrained\">\n  <div>\n            <div class=\"row gx-4 gy-4 \">\n          \n\n<div id=\"fe-2\" class=\"col wp-block-yellowtree-column col-12 d-flex flex-column with-streched-height-children align-items-stretch align-items-md-stretch\">\n  <h3 id=\"fe\" class=\"mt-4 mb-4 h3 display-3 text-start\">\n  Nossa Profiss\u00e3o de F\u00e9<\/h3>\n\n<p id=\"block-18\" class=\"mb-4 text-start wp-block-paragraph\">\n  Como ICF, fazemos parte da Igreja Crist\u00e3 mundial e compartilhamos com ela o Credo Apost\u00f3lico. Al\u00e9m disso, nos orientamos pela Declara\u00e7\u00e3o de Lausanne. Aqui, explicamos um pouco mais o que acreditamos:<\/p>\n\n\n<div id=\"block-31\" class=\"accordion\">\n  <body>\n\n<div id=\"block-20\" data-bs-theme=\"dark\" class=\"overflow-hidden wp-block-yellowtree-accordion-item\">\n  <div class=\"accordion-header\">\n    <button class=\"accordion-button rounded-0 collapsed focus-ring-inset\" type=\"button\" data-bs-toggle=\"collapse\" data-bs-target=\"#block-20-collapse\" aria-expanded=\"false\" aria-controls=\"block-20-collapse\">\n      <div>\n        <h3 class=\"mb-0\">\n          Quem \u00e9 Deus?        <\/h3>\n              <\/div>\n      <div class=\"ms-auto accordion-icons icon-container-base\">\n        <i class=\"icon fa-arrow-right accordion-icon-default\"><\/i>\n        <i class=\"icon fa-close accordion-icon-alt\"><\/i>\n      <\/div>\n    <\/button>\n  <\/div>\n  <div id=\"block-20-collapse\" class=\"accordion-collapse collapse \" data-bs-parent=\"#block-31\">\n    <div class=\"accordion-body pt-0\">\n      <p id=\"block-19\" class=\"text-start wp-block-paragraph\">\n  Deus \u00e9 eterno e todo-poderoso. Ele n\u00e3o foi criado, mas \u00e9 a fonte do espa\u00e7o, do tempo e de toda a vida. E, embora seja apenas um Deus, Ele existe em tr\u00eas pessoas. O Pai \u00e9 o criador do universo. Jesus Cristo tornou-se homem como o Filho de Deus para salvar o mundo. O Esp\u00edrito Santo opera no mundo e deseja viver em n\u00f3s, nos acompanhar e nos ensinar.<\/p>    <\/div>\n  <\/div>\n<\/div>\n\n\n<div id=\"block-22\" data-bs-theme=\"dark\" class=\"overflow-hidden wp-block-yellowtree-accordion-item\">\n  <div class=\"accordion-header\">\n    <button class=\"accordion-button rounded-0 collapsed focus-ring-inset\" type=\"button\" data-bs-toggle=\"collapse\" data-bs-target=\"#block-22-collapse\" aria-expanded=\"false\" aria-controls=\"block-22-collapse\">\n      <div>\n        <h3 class=\"mb-0\">\n          Qual \u00e9 o sonho de Deus?        <\/h3>\n              <\/div>\n      <div class=\"ms-auto accordion-icons icon-container-base\">\n        <i class=\"icon fa-arrow-right accordion-icon-default\"><\/i>\n        <i class=\"icon fa-close accordion-icon-alt\"><\/i>\n      <\/div>\n    <\/button>\n  <\/div>\n  <div id=\"block-22-collapse\" class=\"accordion-collapse collapse \" data-bs-parent=\"#block-31\">\n    <div class=\"accordion-body pt-0\">\n      <p id=\"block-21\" class=\"text-start wp-block-paragraph\">\n  Porque Deus \u00e9 amor, Ele nos convida a nos voltarmos para Ele e a ter um relacionamento vivo com Ele. Quando aceitamos o Seu convite e estabelecemos esse relacionamento com Deus, nos tornamos cada vez mais semelhantes a Ele atrav\u00e9s da Sua obra e experimentamos verdadeira liberdade &#8211; agora e para a eternidade.<\/p>    <\/div>\n  <\/div>\n<\/div>\n\n\n<div id=\"block-24\" data-bs-theme=\"dark\" class=\"overflow-hidden wp-block-yellowtree-accordion-item\">\n  <div class=\"accordion-header\">\n    <button class=\"accordion-button rounded-0 collapsed focus-ring-inset\" type=\"button\" data-bs-toggle=\"collapse\" data-bs-target=\"#block-24-collapse\" aria-expanded=\"false\" aria-controls=\"block-24-collapse\">\n      <div>\n        <h3 class=\"mb-0\">\n          Qual \u00e9 o problema?        <\/h3>\n              <\/div>\n      <div class=\"ms-auto accordion-icons icon-container-base\">\n        <i class=\"icon fa-arrow-right accordion-icon-default\"><\/i>\n        <i class=\"icon fa-close accordion-icon-alt\"><\/i>\n      <\/div>\n    <\/button>\n  <\/div>\n  <div id=\"block-24-collapse\" class=\"accordion-collapse collapse \" data-bs-parent=\"#block-31\">\n    <div class=\"accordion-body pt-0\">\n      <p id=\"block-23\" class=\"text-start wp-block-paragraph\">\n  O ser humano se afastou de Deus e o substituiu por si mesmo. Em vez de buscar o que Deus deseja, ele coloca seus pr\u00f3prios interesses em primeiro lugar. Isso quebrou a rela\u00e7\u00e3o de confian\u00e7a entre Deus e toda a Sua cria\u00e7\u00e3o. Estamos presos a essa ruptura &#8211; desconfian\u00e7a, ego\u00edsmo, hostilidade e pensamentos destrutivos. N\u00e3o podemos escapar dessa pris\u00e3o por nossos pr\u00f3prios meios.<\/p>    <\/div>\n  <\/div>\n<\/div>\n\n\n<div id=\"block-26\" data-bs-theme=\"dark\" class=\"overflow-hidden wp-block-yellowtree-accordion-item\">\n  <div class=\"accordion-header\">\n    <button class=\"accordion-button rounded-0 collapsed focus-ring-inset\" type=\"button\" data-bs-toggle=\"collapse\" data-bs-target=\"#block-26-collapse\" aria-expanded=\"false\" aria-controls=\"block-26-collapse\">\n      <div>\n        <h3 class=\"mb-0\">\n          Qual \u00e9 a solu\u00e7\u00e3o de Deus?        <\/h3>\n              <\/div>\n      <div class=\"ms-auto accordion-icons icon-container-base\">\n        <i class=\"icon fa-arrow-right accordion-icon-default\"><\/i>\n        <i class=\"icon fa-close accordion-icon-alt\"><\/i>\n      <\/div>\n    <\/button>\n  <\/div>\n  <div id=\"block-26-collapse\" class=\"accordion-collapse collapse \" data-bs-parent=\"#block-31\">\n    <div class=\"accordion-body pt-0\">\n      <p id=\"block-25\" class=\"text-start wp-block-paragraph\">\n  Deus resolveu essa situa\u00e7\u00e3o sem sa\u00edda: Jesus Cristo veio a este mundo ao nascer como um ser humano. Ele amou de forma radical, deu dignidade \u00e0s pessoas e ensinou e viveu os princ\u00edpios de Deus. Jesus renunciou a todos os Seus privil\u00e9gios e se tornou nosso servo. Ele morreu na cruz para levar sobre Si tudo o que nos separa de Deus e nos sobrecarrega, como nossos pecados, vergonha, feridas e solid\u00e3o. A morte foi vencida pela ressurrei\u00e7\u00e3o de Jesus. Assim, somos declarados justos e podemos viver em nome de Deus.<\/p>    <\/div>\n  <\/div>\n<\/div>\n\n\n<div id=\"block-28\" data-bs-theme=\"dark\" class=\"overflow-hidden wp-block-yellowtree-accordion-item\">\n  <div class=\"accordion-header\">\n    <button class=\"accordion-button rounded-0 collapsed focus-ring-inset\" type=\"button\" data-bs-toggle=\"collapse\" data-bs-target=\"#block-28-collapse\" aria-expanded=\"false\" aria-controls=\"block-28-collapse\">\n      <div>\n        <h3 class=\"mb-0\">\n          Como nos tornamos parte dessa hist\u00f3ria?        <\/h3>\n              <\/div>\n      <div class=\"ms-auto accordion-icons icon-container-base\">\n        <i class=\"icon fa-arrow-right accordion-icon-default\"><\/i>\n        <i class=\"icon fa-close accordion-icon-alt\"><\/i>\n      <\/div>\n    <\/button>\n  <\/div>\n  <div id=\"block-28-collapse\" class=\"accordion-collapse collapse \" data-bs-parent=\"#block-31\">\n    <div class=\"accordion-body pt-0\">\n      <p id=\"block-27\" class=\"text-start wp-block-paragraph\">\n  Jesus Cristo nos chama para viver completamente para Ele e com Ele. Quando aceitamos o Seu perd\u00e3o e confiamos nossa vida a Ele, nos tornamos novas pessoas pela Sua gra\u00e7a. O dom dessa salva\u00e7\u00e3o \u00e9 confessado atrav\u00e9s do batismo e celebrado na Santa Ceia. A miss\u00e3o de Deus \u00e9 que amemos a Ele e ao nosso pr\u00f3ximo, impactando positivamente o nosso ambiente. Como igreja, nos reunimos em celebra\u00e7\u00f5es e grupos pequenos para adorar a Deus, experiment\u00e1-Lo e crescer na f\u00e9. Convidamos todos a fazerem parte da Sua hist\u00f3ria.<\/p>    <\/div>\n  <\/div>\n<\/div>\n\n\n<div id=\"block-30\" data-bs-theme=\"dark\" class=\"overflow-hidden wp-block-yellowtree-accordion-item\">\n  <div class=\"accordion-header\">\n    <button class=\"accordion-button rounded-0 collapsed focus-ring-inset\" type=\"button\" data-bs-toggle=\"collapse\" data-bs-target=\"#block-30-collapse\" aria-expanded=\"false\" aria-controls=\"block-30-collapse\">\n      <div>\n        <h3 class=\"mb-0\">\n          Qual \u00e9 o objetivo da hist\u00f3ria?        <\/h3>\n              <\/div>\n      <div class=\"ms-auto accordion-icons icon-container-base\">\n        <i class=\"icon fa-arrow-right accordion-icon-default\"><\/i>\n        <i class=\"icon fa-close accordion-icon-alt\"><\/i>\n      <\/div>\n    <\/button>\n  <\/div>\n  <div id=\"block-30-collapse\" class=\"accordion-collapse collapse \" data-bs-parent=\"#block-31\">\n    <div class=\"accordion-body pt-0\">\n      <p id=\"block-29\" class=\"text-start wp-block-paragraph\">\n  A hist\u00f3ria de Deus ainda n\u00e3o acabou: ap\u00f3s a Sua ressurrei\u00e7\u00e3o, Jesus Cristo voltou ao Seu Pai nos c\u00e9us. De l\u00e1, Ele retornar\u00e1 e estabelecer\u00e1 o Seu reino de paz eterna. Ent\u00e3o, Deus ressuscitar\u00e1 os mortos, e cada pessoa prestar\u00e1 contas a Ele. Todos que creem em Jesus estar\u00e3o com Deus eternamente. Deus enxugar\u00e1 todas as l\u00e1grimas, e n\u00e3o haver\u00e1 mais dor, sofrimento ou morte.<\/p>    <\/div>\n  <\/div>\n<\/div>\n<\/body><\/div><\/div>\n        <\/div>\n          <\/div>\n<\/div>\n\n<div id=\"block-35\" class=\"pt-2 pb-2 alignfull is-layout-constrained\">\n  <div>\n            <div class=\"row gx-4 gy-4 \">\n          \n\n<div id=\"block-34\" class=\"col wp-block-yellowtree-column col-12 d-flex flex-column with-streched-height-children align-items-stretch align-items-md-stretch\">\n  <h3 id=\"block-32\" class=\"mt-4 mb-4 h3 display-3 text-start\">\n  Nossa hist\u00f3ria<\/h3>\n\n<p id=\"block-33\" class=\"text-start wp-block-paragraph\">\n  O que come\u00e7ou com um sonho em 2011 ainda nos emociona tanto quanto naquela \u00e9poca. Nesta igreja, podemos encontrar e conhecer Deus pessoalmente, cultivar relacionamentos com as pessoas e usar e desenvolver nossos talentos e dons.<\/p><\/div>\n        <\/div>\n          <\/div>\n<\/div>\n\n<div id=\"block-38\" class=\"pt-2 pb-2 alignfull is-layout-constrained\">\n  <div>\n            <div class=\"row gx-4 gy-4 \">\n          \n\n<div id=\"block-37\" class=\"col wp-block-yellowtree-column col-12 d-flex flex-column with-streched-height-children align-items-center align-items-md-center\">\n  <div>\n    <a id=\"block-36\" href=\"https:\/\/icf.church\/rio\/pt\/vem-visitar\/\" rel=\"\" class=\"wp-block-yellowtree-button-link btn btn-action-1\">\n      <span>Visite a ICF Rio de Janeiro<\/span>\n              <i class=\"icon fs-base-const fa-solid fa-arrow-right\" aria-hidden=\"true\"><\/i>\n          <\/a>\n  <\/div><\/div>\n        <\/div>\n          <\/div>\n<\/div>","protected":false},"excerpt":{"rendered":"<p>Vivencie Igreja<\/p>\n","protected":false},"author":186,"featured_media":1936,"parent":0,"menu_order":6,"comment_status":"closed","ping_status":"closed","template":"","meta":{"_acf_changed":false,"_seopress_titles_title":"","_seopress_titles_desc":"","_seopress_robots_index":"","_seopress_robots_follow":"","_seopress_robots_imageindex":"","_seopress_robots_snippet":"","_seopress_robots_primary_cat":"","_seopress_robots_breadcrumbs":"","_seopress_robots_freeze_modified_date":"","_seopress_robots_custom_modified_date":"","_seopress_robots_canonical":"","_seopress_social_fb_title":"","_seopress_social_fb_desc":"","_seopress_social_fb_img":"","_seopress_social_fb_img_attachment_id":0,"_seopress_social_fb_img_width":0,"_seopress_social_fb_img_height":0,"_seopress_social_twitter_title":"","_seopress_social_twitter_desc":"","_seopress_social_twitter_img":"","_seopress_social_twitter_img_attachment_id":0,"_seopress_social_twitter_img_width":0,"_seopress_social_twitter_img_height":0,"_seopress_redirections_value":"","_seopress_redirections_enabled":"","_seopress_redirections_enabled_regex":"","_seopress_redirections_logged_status":"","_seopress_redirections_param":"","_seopress_redirections_type":0,"_seopress_analysis_target_kw":"","_seopress_news_disabled":"","_seopress_video_disabled":"","_seopress_video":[],"_seopress_pro_schemas_manual":[],"_seopress_pro_rich_snippets_disable_all":"","_seopress_pro_rich_snippets_disable":[],"_seopress_pro_schemas":[],"yt_custom_styles_scss":"","yt_custom_styles_rounded_corners":false,"yt_custom_styles_color_scheme":"","footnotes":""},"class_list":["post-1369","page","type-page","status-publish","has-post-thumbnail","hentry"],"acf":[],"_links":{"self":[{"href":"https:\/\/icf.church\/rio\/pt\/wp-json\/wp\/v2\/pages\/1369","targetHints":{"allow":["GET"]}}],"collection":[{"href":"https:\/\/icf.church\/rio\/pt\/wp-json\/wp\/v2\/pages"}],"about":[{"href":"https:\/\/icf.church\/rio\/pt\/wp-json\/wp\/v2\/types\/page"}],"author":[{"embeddable":true,"href":"https:\/\/icf.church\/rio\/pt\/wp-json\/wp\/v2\/users\/186"}],"replies":[{"embeddable":true,"href":"https:\/\/icf.church\/rio\/pt\/wp-json\/wp\/v2\/comments?post=1369"}],"version-history":[{"count":11,"href":"https:\/\/icf.church\/rio\/pt\/wp-json\/wp\/v2\/pages\/1369\/revisions"}],"predecessor-version":[{"id":2133,"href":"https:\/\/icf.church\/rio\/pt\/wp-json\/wp\/v2\/pages\/1369\/revisions\/2133"}],"wp:featuredmedia":[{"embeddable":true,"href":"https:\/\/icf.church\/rio\/pt\/wp-json\/wp\/v2\/media\/1936"}],"wp:attachment":[{"href":"https:\/\/icf.church\/rio\/pt\/wp-json\/wp\/v2\/media?parent=1369"}],"curies":[{"name":"wp","href":"https:\/\/api.w.org\/{rel}","templated":true}]}}