{"id":1371,"date":"2026-07-09T15:08:52","date_gmt":"2026-07-09T18:08:52","guid":{"rendered":"https:\/\/new.icf.church\/rio\/?page_id=1371"},"modified":"2026-08-20T11:20:18","modified_gmt":"2026-08-20T14:20:18","slug":"batismo","status":"publish","type":"page","link":"https:\/\/icf.church\/rio\/pt\/batismo\/","title":{"rendered":"Batismo"},"content":{"rendered":"\n<div id=\"block-3\" class=\"wp-block-yellowtree-hero-stage\">\n    <div class=\"hero-stage \">\n        \n\n<div id=\"block-2\" class=\"hero-stage-content\">\n    <div class=\"hero-stage-content__background\">\n        <div class=\"overlay-black-25 h-100\">\n                            <img decoding=\"async\" aria-hidden=\"true\" loading=\"eager\" src=\"\/rio\/wp-content\/uploads\/sites\/120\/2026\/08\/brv07100-scaled-1.jpg\" alt=\"\" class=\"hero-stage-media\" style=\"object-position:50% 50%\" \/>                    <\/div>\n        <div class=\"hero-stage-gradient\"><\/div>\n    <\/div>\n    <div class=\"hero-stage-content__foreground is-layout-constrained\">\n        <h1 id=\"block-1\" class=\"display-1 text-center\">\n    BATISMO<\/h1>    <\/div>\n<\/div>\n    <\/div>\n<\/div>\n\n<div id=\"block-13\" class=\"pt-7 pb-2 alignfull is-layout-constrained\">\n  <div>\n            <div class=\"row gx-4 gy-4 \">\n          \n\n<div id=\"block-12\" class=\"col wp-block-yellowtree-column col-12 d-flex flex-column with-streched-height-children align-items-stretch align-items-md-stretch\">\n  <h1 id=\"block-4\" class=\"mt-7 h1 display-1 text-center\">\n  O QUE VOC\u00ca PRECISA SABER!<\/h1>\n\n<p id=\"block-5\" class=\"text-start wp-block-paragraph\">\n  Voc\u00ea est\u00e1 considerando o batismo como seu pr\u00f3ximo passo? Aqui est\u00e3o algumas reflex\u00f5es sobre o que o batismo significa para n\u00f3s aqui na ICF:<\/p>\n\n<p id=\"block-6\" class=\"text-start wp-block-paragraph\">\n  Acreditamos em um Deus que o ama incondicionalmente e deseja que voc\u00ea cres\u00e7a. Ele deseja um relacionamento pr\u00f3ximo com voc\u00ea. Portanto, \u00e9 importante conhecer Jesus como o Filho de Deus e tomar a decis\u00e3o consciente de viver com ele.<\/p>\n\n<p id=\"block-7\" class=\"text-start wp-block-paragraph\">\n  Essa decis\u00e3o por Jesus pode ter resultados diferentes, dependendo de quantas \u00e1reas da sua vida voc\u00ea entrega a Jesus. Em outras palavras, o quanto voc\u00ea permite que Jesus seja centro da sua vida e at\u00e9 que ponto voc\u00ea implementa as ideias de Deus em sua vida.<\/p>\n\n<p id=\"block-8\" class=\"text-start wp-block-paragraph\">\n  O batismo \u00e9 o sinal vis\u00edvel de sua decis\u00e3o de entregar todas as \u00e1reas a Jesus. \u00c9 a sua declara\u00e7\u00e3o de que deseja caminhar com Jesus com tudo o que voc\u00ea \u00e9 e deixar sua antiga vida para tr\u00e1s para come\u00e7ar uma nova vida.<\/p>\n\n<p id=\"block-9\" class=\"text-start wp-block-paragraph\">\n  A B\u00edblia diz: &#8220;No batismo, voc\u00eas foram sepultados com Cristo e, com ele, foram ressuscitados para a nova vida por meio da f\u00e9 no grande poder de Deus, que ressuscitou Cristo dos mortos.&#8221; Colossenses 2:12<\/p>\n\n<p id=\"block-10\" class=\"text-start wp-block-paragraph\">\n  Se voc\u00ea alinhar totalmente sua vida com os pensamentos de Deus, isso afetar\u00e1 o seu ambiente. Voc\u00ea descobrir\u00e1 cada vez mais o que Ele tem reservado para voc\u00ea nas v\u00e1rias \u00e1reas de sua vida, como ele o conduz ou desafia a confiar nele e a dar um passo de f\u00e9. Com sua decis\u00e3o de ser batizado, voc\u00ea est\u00e1 pronto para aprofundar a aventura com Deus.<\/p>\n\n<p id=\"block-11\" class=\"text-start wp-block-paragraph\">\n  \u00c9 importante para Deus que voc\u00ea d\u00ea este passo. Tamb\u00e9m \u00e9 vital para voc\u00ea e para cada pessoa, por isso a B\u00edblia diz: &#8220;Pedro respondeu: \u201cVoc\u00eas devem se arrepender, para o perd\u00e3o de seus pecados, e cada um deve ser batizado em nome de Jesus Cristo. Ent\u00e3o receber\u00e3o a d\u00e1diva do Esp\u00edrito Santo.&#8221; Atos 2:38<\/p><\/div>\n        <\/div>\n          <\/div>\n<\/div>\n\n<div class=\"alignfull mw-100\">\n      <figure id=\"block-14\">\n      <div class=\"img-wrap\" style=\"max-width:100%\">\n        <img decoding=\"async\" src=\"\/rio\/wp-content\/uploads\/sites\/120\/2026\/08\/canon-eos-rebel-t5i193-scaled-1.jpg\" alt=\"\" loading=\"lazy\" title=\"\" class=\"img-fluid w-100 h-100 rounded object-fit-cover\" style=\"object-position: center center\" \/>\n      <\/div>\n          <\/figure>\n    <\/div>\n\n<div id=\"block-20\" class=\"pt-7 pb-2 alignfull is-layout-constrained\">\n  <div>\n            <div class=\"row gx-4 gy-4 \">\n          \n\n<div id=\"block-19\" class=\"col wp-block-yellowtree-column col-12 d-flex flex-column with-streched-height-children align-items-stretch align-items-md-stretch\">\n  <h1 id=\"block-15\" class=\"h1 display-1 text-center\">\n  PREPARA\u00c7\u00c3O<\/h1>\n\n<p id=\"block-16\" class=\"text-start wp-block-paragraph\">\n  Basicamente, nenhum pr\u00e9-requisito especial ou muito tempo de prepara\u00e7\u00e3o \u00e9 necess\u00e1rio para o seu batismo &#8211; nos tempos b\u00edblicos, era frequentemente o primeiro passo de f\u00e9 para as pessoas depois de convidarem Jesus para suas vidas. No entanto, recomendamos que voc\u00ea se prepare bem para o seu batismo.<\/p>\n\n<p id=\"block-17\" class=\"text-start wp-block-paragraph\">\n  Como base ideal para a prepara\u00e7\u00e3o, recomendamos que voc\u00ea participe do bem-vindo \u00e0 casa e tamb\u00e9md e um pequeno grupo. Ele se concentra em voc\u00ea e em seu relacionamento com Jesus e como voc\u00ea pode conhecer o poder de Deus em todas as \u00e1reas da vida. Seu l\u00edder de pequeno grupo pode tamb\u00e9m pode ser seu parceiro de batismo. Outros candidatos poss\u00edveis s\u00e3o o seu l\u00edder de grupo ou time, ou voc\u00ea pode considerar com ele quem mais poderia ser um bom parceiro para voc\u00ea.<\/p>\n\n<p id=\"block-18\" class=\"text-start wp-block-paragraph\">\n  Se voc\u00ea ainda n\u00e3o faz parte de um grupo, recomendamos que se registre no nosso canal do WhatsApp ICF &#8211; Fique por Dentro.<\/p><\/div>\n        <\/div>\n          <\/div>\n<\/div>\n\n<div class=\"alignfull mw-100\">\n      <figure id=\"block-21\">\n      <div class=\"img-wrap\" style=\"max-width:100%\">\n        <img decoding=\"async\" src=\"\/rio\/wp-content\/uploads\/sites\/120\/2026\/08\/batismo.png\" alt=\"\" loading=\"lazy\" title=\"\" class=\"img-fluid w-100 h-100 rounded object-fit-cover\" style=\"object-position: center center\" \/>\n      <\/div>\n          <\/figure>\n    <\/div>\n\n<div id=\"block-27\" class=\"pt-7 pb-2 alignfull is-layout-constrained\">\n  <div>\n            <div class=\"row gx-4 gy-4 \">\n          \n\n<div id=\"block-26\" class=\"col wp-block-yellowtree-column col-12 d-flex flex-column with-streched-height-children align-items-stretch align-items-md-stretch\">\n  <h1 id=\"block-22\" class=\"h1 display-1 text-center\">\n  DIA DO BATISMO<\/h1>\n\n<p id=\"block-23\" class=\"text-start wp-block-paragraph\">\n  Estamos definindo os dias de batismo e pensando na melhor forma de fazer um dia super especial. Neste dia voc\u00ea poder\u00e1 celebrar seu batismo na presen\u00e7a de seus amigos, fam\u00edlia, pequeno grupo ou equipe.<\/p>\n\n<h3 id=\"block-24\" class=\"h3 text-start\">\n  INSCRI\u00c7\u00c3O BATISMO<\/h3>\n\n<p id=\"block-25\" class=\"text-start wp-block-paragraph\">\n  Essa inscri\u00e7\u00e3o \u00e9 para voc\u00ea que quer se batizar. A gente faz essa lista para poder organizar um grande dia em um lugar lindo. Se inscreva abaixo deixando os seus dados. Fique atento aos domingos e ao WhatsApp da ICF para mais informa\u00e7\u00e3o de datas.<\/p><\/div>\n        <\/div>\n          <\/div>\n<\/div>\n\n<div id=\"block-31\" class=\"pt-6 pb-6 alignfull is-layout-constrained\">\n  <div>\n            <div class=\"row gx-4 gy-4 \">\n          \n\n<div id=\"block-30\" class=\"col wp-block-yellowtree-column col-12 d-flex flex-column with-streched-height-children align-items-stretch align-items-md-stretch\">\n  <div class=\"has-context-height\">\n  <article id=\"block-29\" data-bs-theme=\"dark\" class=\"card wp-block-yellowtree-big-teaser-card text-center\">\n    <div class=\"card-body px-4 py-6 p-sm-6 p-md-8 p-xl-10\">\n            <div class=\"d-flex flex-column align-items-center\">\n        <div class=\"flex-1\">\n          <h3 class=\"h1 display-3\">\n            INSCRI\u00c7\u00c3O BATISMO          <\/h3>\n        <\/div>\n        <div class=\"flex-1\">\n                    <div>\n            \n<article><hgroup><\/hgroup>\n  <div>\n    <a id=\"block-28\" href=\"https:\/\/chat.whatsapp.com\/E937vQo1w44C5Zl5WWDPiK?s=sh&amp;p=i&amp;ilr=4&amp;amv=1\" rel=\"\" class=\"wp-block-yellowtree-button-link btn btn-default\">\n      <span>Clique aqui<\/span>\n          <\/a>\n  <\/div>\n<\/article>\n          <\/div>\n        <\/div>\n      <\/div>\n    <\/div>\n  <\/article>\n<\/div><\/div>\n        <\/div>\n          <\/div>\n<\/div>\n\n<p id=\"block-32\" class=\"text-start wp-block-paragraph\">\n  <\/p>","protected":false},"excerpt":{"rendered":"","protected":false},"author":186,"featured_media":0,"parent":0,"menu_order":0,"comment_status":"closed","ping_status":"closed","template":"","meta":{"_acf_changed":false,"_seopress_titles_title":"","_seopress_titles_desc":"","_seopress_robots_index":"","_seopress_robots_follow":"","_seopress_robots_imageindex":"","_seopress_robots_snippet":"","_seopress_robots_primary_cat":"","_seopress_robots_breadcrumbs":"","_seopress_robots_freeze_modified_date":"","_seopress_robots_custom_modified_date":"","_seopress_robots_canonical":"","_seopress_social_fb_title":"","_seopress_social_fb_desc":"","_seopress_social_fb_img":"","_seopress_social_fb_img_attachment_id":0,"_seopress_social_fb_img_width":0,"_seopress_social_fb_img_height":0,"_seopress_social_twitter_title":"","_seopress_social_twitter_desc":"","_seopress_social_twitter_img":"","_seopress_social_twitter_img_attachment_id":0,"_seopress_social_twitter_img_width":0,"_seopress_social_twitter_img_height":0,"_seopress_redirections_value":"","_seopress_redirections_enabled":"","_seopress_redirections_enabled_regex":"","_seopress_redirections_logged_status":"","_seopress_redirections_param":"","_seopress_redirections_type":0,"_seopress_analysis_target_kw":"","_seopress_news_disabled":"","_seopress_video_disabled":"","_seopress_video":[],"_seopress_pro_schemas_manual":[],"_seopress_pro_rich_snippets_disable_all":"","_seopress_pro_rich_snippets_disable":[],"_seopress_pro_schemas":[],"yt_custom_styles_scss":"","yt_custom_styles_rounded_corners":false,"yt_custom_styles_color_scheme":"","footnotes":""},"class_list":["post-1371","page","type-page","status-publish","hentry"],"acf":[],"_links":{"self":[{"href":"https:\/\/icf.church\/rio\/pt\/wp-json\/wp\/v2\/pages\/1371","targetHints":{"allow":["GET"]}}],"collection":[{"href":"https:\/\/icf.church\/rio\/pt\/wp-json\/wp\/v2\/pages"}],"about":[{"href":"https:\/\/icf.church\/rio\/pt\/wp-json\/wp\/v2\/types\/page"}],"author":[{"embeddable":true,"href":"https:\/\/icf.church\/rio\/pt\/wp-json\/wp\/v2\/users\/186"}],"replies":[{"embeddable":true,"href":"https:\/\/icf.church\/rio\/pt\/wp-json\/wp\/v2\/comments?post=1371"}],"version-history":[{"count":5,"href":"https:\/\/icf.church\/rio\/pt\/wp-json\/wp\/v2\/pages\/1371\/revisions"}],"predecessor-version":[{"id":2078,"href":"https:\/\/icf.church\/rio\/pt\/wp-json\/wp\/v2\/pages\/1371\/revisions\/2078"}],"wp:attachment":[{"href":"https:\/\/icf.church\/rio\/pt\/wp-json\/wp\/v2\/media?parent=1371"}],"curies":[{"name":"wp","href":"https:\/\/api.w.org\/{rel}","templated":true}]}}