{"id":1961,"date":"2026-08-10T21:28:20","date_gmt":"2026-08-11T00:28:20","guid":{"rendered":"https:\/\/new.icf.church\/rio\/?page_id=1961"},"modified":"2026-08-27T09:08:28","modified_gmt":"2026-08-27T12:08:28","slug":"privacidade","status":"publish","type":"page","link":"https:\/\/icf.church\/rio\/pt\/privacidade\/","title":{"rendered":"Politica de privacidade"},"content":{"rendered":"<div id=\"block-3\" class=\"pt-6 pb-4 alignfull is-layout-constrained\">\n  <div>\n            <div class=\"row gx-4 gy-4 \">\n          \n\n<div id=\"block-2\" class=\"col wp-block-yellowtree-column col-12 d-flex flex-column with-streched-height-children align-items-stretch align-items-md-stretch\">\n  <h1 id=\"block-1\" class=\"h1 display-1 text-start\">\n  Pol\u00edtica de Privacidade<\/h1><\/div>\n        <\/div>\n          <\/div>\n<\/div>\n\n<div id=\"block-19\" class=\"pt-4 pb-4 alignfull is-layout-constrained\">\n  <div>\n            <div class=\"row gx-4 gy-4 \">\n          \n\n<div id=\"block-18\" class=\"col wp-block-yellowtree-column col-12 d-flex flex-column with-streched-height-children align-items-stretch align-items-md-stretch\">\n  <h2 id=\"block-4\" class=\"h2 display-2 text-start\">\n  \u00cdndice<\/h2>\n\n<p id=\"block-5\" class=\"fs-base text-start wp-block-paragraph\">\n  1. <strong><a href=\"#introducao\">Introdu\u00e7\u00e3o &amp; Entidade Respons\u00e1vel<\/a><\/strong><\/p>\n\n\n<ul class=\"wp-block-list\">\n<li>Operador do site<\/li>\n\n\n\n<li>Respons\u00e1vel pelo conte\u00fado &amp; tratamento de dados<\/li>\n\n\n\n<li>Encarregado de Dados (DPO)<\/li>\n\n\n\n<li>O que \u00e9 o ICF Movement?<\/li>\n\n\n\n<li>Base legal<\/li>\n<\/ul>\n\n\n<p id=\"block-6\" class=\"text-start wp-block-paragraph\">\n  <strong>2. <a href=\"#principios\">Princ\u00edpios do Tratamento de Dados<\/a><\/strong><\/p>\n\n\n<ul class=\"wp-block-list\">\n<li>\u2705 Transpar\u00eancia<\/li>\n\n\n\n<li>\ud83c\udfaf Finalidade<\/li>\n\n\n\n<li>\u2796 Necessidade e Minimiza\u00e7\u00e3o<\/li>\n\n\n\n<li>\ud83d\udd10 Seguran\u00e7a<\/li>\n\n\n\n<li>\ud83d\udd50 Limita\u00e7\u00e3o de Armazenamento<\/li>\n\n\n\n<li>\ud83c\udf0d Licitude<\/li>\n<\/ul>\n\n\n<p id=\"block-7\" class=\"text-start wp-block-paragraph\">\n  3. <a href=\"#coleta\"><strong>Coleta &amp; Uso de Dados Pessoais<\/strong><\/a><\/p>\n\n\n<ul class=\"wp-block-list\">\n<li>\ud83d\udcec Contato &amp; formul\u00e1rios<\/li>\n\n\n\n<li>\ud83d\udc8c Newsletter &amp; comunica\u00e7\u00e3o<\/li>\n\n\n\n<li>\ud83d\udcb3 Doa\u00e7\u00f5es<\/li>\n\n\n\n<li>\ud83d\udcc8 Uso do site &amp; rastreamento<\/li>\n\n\n\n<li>\ud83d\udcbb Logs de servidor &amp; seguran\u00e7a de TI<\/li>\n<\/ul>\n\n\n<p id=\"block-8\" class=\"text-start wp-block-paragraph\">\n  <strong>4. <a href=\"#cookies\">Uso de Cookies &amp; Tecnologias de Rastreamento<\/a><\/strong><\/p>\n\n\n<ul class=\"wp-block-list\">\n<li>\ud83c\udf6a O que s\u00e3o cookies?<\/li>\n\n\n\n<li>\ud83c\udf6a Gest\u00e3o de consentimento (CookieHub)<\/li>\n\n\n\n<li>\u2699\ufe0f Cookies baseados em consentimento<\/li>\n\n\n\n<li>\ud83d\udee0 Gest\u00e3o via Google Tag Manager<\/li>\n<\/ul>\n\n\n<p id=\"block-9\" class=\"text-start wp-block-paragraph\">\n  <strong>5. <a href=\"#ferramentas\">Ferramentas &amp; Terceiros Utilizados<\/a><\/strong><\/p>\n\n\n<ul class=\"wp-block-list\">\n<li>\ud83d\udcc8 Ferramentas de an\u00e1lise e performance<\/li>\n\n\n\n<li>\ud83d\udccb Formul\u00e1rios, newsletter &amp; comunica\u00e7\u00e3o<\/li>\n\n\n\n<li>\ud83c\udfa5 Integra\u00e7\u00f5es de m\u00eddia<\/li>\n\n\n\n<li>\u2699\ufe0f Outras ferramentas<\/li>\n<\/ul>\n\n\n<p id=\"block-10\" class=\"text-start wp-block-paragraph\">\n  <strong>6. <a href=\"#seus-direitos\">Seus Direitos<\/a><\/strong><\/p>\n\n\n<ul class=\"wp-block-list\">\n<li>\ud83d\udccb Direito de confirma\u00e7\u00e3o e acesso<\/li>\n\n\n\n<li>\u270f\ufe0f Direito de corre\u00e7\u00e3o<\/li>\n\n\n\n<li>\u274c Direito de elimina\u00e7\u00e3o<\/li>\n\n\n\n<li>\ud83e\uddef Direito de anonimiza\u00e7\u00e3o, bloqueio ou elimina\u00e7\u00e3o<\/li>\n\n\n\n<li>\ud83d\udeab Direito de oposi\u00e7\u00e3o<\/li>\n\n\n\n<li>\ud83d\udce4 Direito \u00e0 portabilidade<\/li>\n\n\n\n<li>\ud83d\uded1 Direito de revogar o consentimento<\/li>\n\n\n\n<li>\ud83e\uddd1\u200d\u2696\ufe0f Direito de reclama\u00e7\u00e3o junto \u00e0 autoridade de controle<\/li>\n<\/ul>\n\n\n<p id=\"block-11\" class=\"text-start wp-block-paragraph\">\n  <strong>7. <a href=\"#compartilhamento\">Compartilhamento de Dados &amp; Tratamento por Terceiros<\/a><\/strong><\/p>\n\n\n<ul class=\"wp-block-list\">\n<li>\ud83e\udd1d Colabora\u00e7\u00e3o com prestadores de servi\u00e7o (operadores)<\/li>\n\n\n\n<li>\ud83c\udf0d Transfer\u00eancia para outros pa\u00edses<\/li>\n<\/ul>\n\n\n<p id=\"block-12\" class=\"text-start wp-block-paragraph\">\n  <strong>8. <a href=\"#retencao\">Prazo de Reten\u00e7\u00e3o<\/a><\/strong><\/p>\n\n\n<ul class=\"wp-block-list\">\n<li>\ud83d\udd04 Princ\u00edpios gerais<\/li>\n\n\n\n<li>\ud83d\udccc O que isso significa para voc\u00ea?<\/li>\n<\/ul>\n\n\n<p id=\"block-13\" class=\"text-start wp-block-paragraph\">\n  <strong>9. <a href=\"#transferencia-internacional\">Transfer\u00eancia Internacional de Dados<\/a><\/strong><\/p>\n\n\n<ul class=\"wp-block-list\">\n<li>\ud83c\udf0d O que isso significa na pr\u00e1tica?<\/li>\n\n\n\n<li>\ud83c\uddfa\ud83c\uddf8 Exemplo: EUA<\/li>\n<\/ul>\n\n\n<p id=\"block-14\" class=\"text-start wp-block-paragraph\">\n  <strong>10. <a href=\"#seguranca\">Seguran\u00e7a<\/a><\/strong><\/p>\n\n\n<ul class=\"wp-block-list\">\n<li>\ud83d\udd10 Medidas t\u00e9cnicas &amp; organizacionais<\/li>\n\n\n\n<li>\ud83d\udee1\ufe0f O que voc\u00ea deveria saber<\/li>\n<\/ul>\n\n\n<p id=\"block-15\" class=\"text-start wp-block-paragraph\">\n  <strong>11. <a href=\"#base-legal\">Base Legal do Tratamento &amp; \u00c2mbito de Aplica\u00e7\u00e3o<\/a><\/strong><\/p>\n\n\n<ul class=\"wp-block-list\">\n<li>Brasil (LGPD)<\/li>\n\n\n\n<li>Outras jurisdi\u00e7\u00f5es<\/li>\n<\/ul>\n\n\n<p id=\"block-16\" class=\"text-start wp-block-paragraph\">\n  <strong>12. <a href=\"#contato-dados\">Contato para Assuntos de Prote\u00e7\u00e3o de Dados<\/a><\/strong><\/p>\n\n<p id=\"block-17\" class=\"text-start wp-block-paragraph\">\n  <strong>13. <a href=\"#alteracoes\">Altera\u00e7\u00f5es<\/a><\/strong><\/p><\/div>\n        <\/div>\n          <\/div>\n<\/div>\n\n<div id=\"introducao-2\" class=\"pt-4 pb-4 alignfull is-layout-constrained\">\n  <div>\n            <div class=\"row gx-4 gy-4 \">\n          \n\n<div id=\"introducao-2\" class=\"col wp-block-yellowtree-column col-12 d-flex flex-column with-streched-height-children align-items-stretch align-items-md-stretch\">\n  <h2 id=\"introducao\" class=\"mb-4 h2 display-2 text-start\">\n  Introdu\u00e7\u00e3o &amp; Entidade Respons\u00e1vel<\/h2>\n\n<p id=\"block-20\" class=\"text-start wp-block-paragraph\">\n  Prote\u00e7\u00e3o de dados n\u00e3o \u00e9, para n\u00f3s, uma obriga\u00e7\u00e3o jur\u00eddica burocr\u00e1tica, mas uma express\u00e3o de responsabilidade. Como ICF Rio de Janeiro, nos comprometemos a tratar seus dados com cuidado e respeito.<\/p>\n\n<p id=\"block-21\" class=\"text-start wp-block-paragraph\">\n  Esta Pol\u00edtica de Privacidade informa quais dados pessoais tratamos em nosso site, para qual finalidade e quais direitos voc\u00ea tem em rela\u00e7\u00e3o a eles.<\/p>\n\n<p id=\"block-22\" class=\"text-start wp-block-paragraph\">\n  Ela se aplica ao subdom\u00ednio <a href=\"https:\/\/icf.church\/rio\">https:\/\/icf.church\/rio<\/a> em todos os seus idiomas, bem como \u00e0s seguintes pessoas jur\u00eddicas que atuam sob a marca ICF (International Christian Fellowship):<\/p>\n\n\n<ul class=\"wp-block-list\">\n<li>ICF Movement (associa\u00e7\u00e3o, Su\u00ed\u00e7a) \u2014 organiza\u00e7\u00e3o internacional da qual a ICF Rio de Janeiro \u00e9 uma igreja fundada<\/li>\n\n\n\n<li>ICF RIO &#8211; INTERNATIONAL CHRISTIAN FELLOWSHIP<br>CNPJ 32.418.141\/0001-15 (ICF Rio de Janeiro)<\/li>\n<\/ul>\n\n\n<p id=\"block-23\" class=\"text-start wp-block-paragraph\">\n  Sempre que nesta Pol\u00edtica de Privacidade for mencionado \u00abICF\u00bb ou \u00abN\u00f3s\u00bb, entende-se \u2013 conforme o contexto \u2013 uma ou mais dessas organiza\u00e7\u00f5es.<\/p>\n\n<div id=\"block-28\" class=\"pt-2 pb-2 alignfull is-layout-constrained\">\n  <div>\n            <div class=\"row gx-4 gy-4 \">\n          \n\n<div id=\"block-27\" class=\"col wp-block-yellowtree-column col-12 d-flex flex-column with-streched-height-children align-items-stretch align-items-md-stretch\">\n  <h2 id=\"block-24\" class=\"h2 text-start\">\n  Operador do Site<\/h2>\n\n<p id=\"block-25\" class=\"text-start wp-block-paragraph\">\n  <strong>ICF Rio de Janeiro<br>Rua Lopes Trov\u00e3o, 233<br>Icara\u00ed \u2013 Niter\u00f3i &#8211; RJ<br>CEP 24.220-070, Brasil<br><strong>paulo.cordeiro@icf-rio.com<\/strong><\/strong><\/p>\n\n<p id=\"block-26\" class=\"text-start wp-block-paragraph\">\n  Para os dados completos de identifica\u00e7\u00e3o da entidade (raz\u00e3o social, CNPJ, representante legal), consulte o nosso <a href=\"\/rio\/pt\/aviso-legal\/\">Aviso Legal<\/a>.<\/p><\/div>\n        <\/div>\n          <\/div>\n<\/div>\n\n<div id=\"block-32\" class=\"pt-2 pb-2 alignfull is-layout-constrained\">\n  <div>\n            <div class=\"row gx-4 gy-4 \">\n          \n\n<div id=\"block-31\" class=\"col wp-block-yellowtree-column col-12 d-flex flex-column with-streched-height-children align-items-stretch align-items-md-stretch\">\n  <h2 id=\"block-29\" class=\"h2 text-start\">\n  Respons\u00e1vel pelo Conte\u00fado &amp; Tratamento de Dados<\/h2>\n\n<p id=\"block-30\" class=\"text-start wp-block-paragraph\">\n  <strong>ICF Rio de Janeiro<br>Rua Lopes Trov\u00e3o, 233<br>Icara\u00ed \u2013 Niter\u00f3i &#8211; RJ<br>CEP 24.220-070, Brasil<br>paulo.cordeiro@icf-rio.com<\/strong><\/p><\/div>\n        <\/div>\n          <\/div>\n<\/div>\n\n<div id=\"block-37\" class=\"pt-2 pb-2 alignfull is-layout-constrained\">\n  <div>\n            <div class=\"row gx-4 gy-4 \">\n          \n\n<div id=\"block-36\" class=\"col wp-block-yellowtree-column col-12 d-flex flex-column with-streched-height-children align-items-stretch align-items-md-stretch\">\n  <h2 id=\"block-33\" class=\"h2 text-start\">\n  Encarregado de Dados (DPO)<\/h2>\n\n<p id=\"block-34\" class=\"text-start wp-block-paragraph\">\n  Paulo Cordeiro, ICF Rio de Janeiro, <strong>paulo.cordeiro@icf-rio.com<\/strong><\/p>\n\n<p id=\"block-35\" class=\"text-start wp-block-paragraph\">\n  A indica\u00e7\u00e3o de um Encarregado de Dados (Data Protection Officer) com contato p\u00fablico \u00e9 uma exig\u00eancia do art. 41 da LGPD (Lei n\u00ba 13.709\/2018).<\/p><\/div>\n        <\/div>\n          <\/div>\n<\/div>\n\n<div id=\"block-47\" class=\"pt-2 pb-2 alignfull is-layout-constrained\">\n  <div>\n            <div class=\"row gx-4 gy-4 \">\n          \n\n<div id=\"block-46\" class=\"col wp-block-yellowtree-column col-12 d-flex flex-column with-streched-height-children align-items-stretch align-items-md-stretch\">\n  <h2 id=\"block-38\" class=\"h2 text-start\">\n  O que \u00e9 o ICF Movement?<\/h2>\n\n<p id=\"block-39\" class=\"fs-base text-start wp-block-paragraph\">\n  <em>ICF \u00e9 uma igreja crist\u00e3 de base b\u00edblica. Nascemos do sonho de construir uma igreja din\u00e2mica, pr\u00f3xima da vida real das pessoas e conectada com o seu tempo.<\/em><\/p>\n\n<div id=\"block-45\" class=\"pt-2 pb-2 alignfull is-layout-constrained\">\n  <div>\n            <div class=\"row gx-4 gy-4 \">\n          \n\n<div id=\"block-44\" class=\"col wp-block-yellowtree-column col-12 d-flex flex-column with-streched-height-children align-items-stretch align-items-md-stretch\">\n  <p id=\"block-40\" class=\"text-start wp-block-paragraph\">\n  O <a href=\"https:\/\/icf.church\/movement\" target=\"_blank\" rel=\"noopener\">ICF Movement<\/a> \u00e9 uma organiza\u00e7\u00e3o que apoia a funda\u00e7\u00e3o de igrejas, sobretudo na Europa e pontualmente no restante do mundo, com o objetivo de que as pessoas se tornem mais parecidas com Jesus Cristo, vivam destemidamente e transformem positivamente o seu entorno. A ICF Rio de Janeiro \u00e9 uma dessas igrejas.<\/p>\n\n<p id=\"block-41\" class=\"text-start wp-block-paragraph\">\n  Al\u00e9m da funda\u00e7\u00e3o de novas igrejas ICF, o ICF Movement trabalha para renovar e fortalecer o cen\u00e1rio eclesi\u00e1stico existente, oferecendo recursos, confer\u00eancias, cursos (ICF College), lideran\u00e7a e coaching.<\/p>\n\n<p id=\"block-42\" class=\"text-start wp-block-paragraph\">\n  Acreditamos que igrejas locais saud\u00e1veis e relevantes para a sociedade podem despertar transforma\u00e7\u00e3o ao redor do mundo. \u00c9 nossa convic\u00e7\u00e3o mais profunda que a igreja local \u00e9 a esperan\u00e7a do mundo!<\/p>\n\n<p id=\"block-43\" class=\"text-start wp-block-paragraph\">\n  Saiba mais em <a href=\"https:\/\/icf.church\/movement\" target=\"_blank\" rel=\"noopener\">https:\/\/icf.church\/movement<\/a><\/p><\/div>\n        <\/div>\n          <\/div>\n<\/div><\/div>\n        <\/div>\n          <\/div>\n<\/div>\n\n<div id=\"block-51\" class=\"pt-2 pb-2 alignfull is-layout-constrained\">\n  <div>\n            <div class=\"row gx-4 gy-4 \">\n          \n\n<div id=\"block-50\" class=\"col wp-block-yellowtree-column col-12 d-flex flex-column with-streched-height-children align-items-stretch align-items-md-stretch\">\n  <h2 id=\"block-48\" class=\"h2 text-start\">\n  Base Legal<\/h2>\n\n<p id=\"block-49\" class=\"text-start wp-block-paragraph\">\n  As informa\u00e7\u00f5es sobre cada ferramenta utilizada nesta Pol\u00edtica de Privacidade s\u00e3o tratadas exclusivamente para responder \u00e0 sua respectiva solicita\u00e7\u00e3o. Mais informa\u00e7\u00f5es no cap\u00edtulo <strong>\u00ab<a href=\"#base-legal\">Base Legal do Tratamento de Dados<\/a>\u00bb<\/strong>.<\/p><\/div>\n        <\/div>\n          <\/div>\n<\/div><\/div>\n        <\/div>\n          <\/div>\n<\/div>\n\n<div id=\"principios-2\" class=\"pt-4 pb-4 alignfull is-layout-constrained\">\n  <div>\n            <div class=\"row gx-4 gy-4 \">\n          \n\n<div id=\"principios-2\" class=\"col wp-block-yellowtree-column col-12 d-flex flex-column with-streched-height-children align-items-stretch align-items-md-stretch\">\n  <h2 id=\"principios\" class=\"mb-4 h2 display-2 text-start\">\n  Princ\u00edpios do Tratamento de Dados<\/h2>\n\n<p id=\"block-52\" class=\"text-start wp-block-paragraph\">\n  Tratamos dados pessoais com uma finalidade clara e apenas na medida necess\u00e1ria para isso. Seguimos os princ\u00edpios do art. 6\u00ba da LGPD:<\/p>\n\n<div id=\"block-56\" class=\"pt-2 pb-2 alignfull is-layout-constrained\">\n  <div>\n            <div class=\"row gx-4 gy-4 \">\n          \n\n<div id=\"block-55\" class=\"col wp-block-yellowtree-column col-12 d-flex flex-column with-streched-height-children align-items-stretch align-items-md-stretch\">\n  <h2 id=\"block-53\" class=\"h2 text-start\">\n  \u2705 Transpar\u00eancia<\/h2>\n\n<p id=\"block-54\" class=\"text-start wp-block-paragraph\">\n  Queremos que voc\u00ea possa acompanhar a qualquer momento o que acontece com os seus dados. Por isso, descrevemos abertamente nesta pol\u00edtica quais ferramentas usamos e por qu\u00ea (art. 6\u00ba, VI, LGPD).<\/p><\/div>\n        <\/div>\n          <\/div>\n<\/div>\n\n<div id=\"block-60\" class=\"pt-2 pb-2 alignfull is-layout-constrained\">\n  <div>\n            <div class=\"row gx-4 gy-4 \">\n          \n\n<div id=\"block-59\" class=\"col wp-block-yellowtree-column col-12 d-flex flex-column with-streched-height-children align-items-stretch align-items-md-stretch\">\n  <h2 id=\"block-57\" class=\"h2 text-start\">\n  \ud83c\udfaf Finalidade<\/h2>\n\n<p id=\"block-58\" class=\"text-start wp-block-paragraph\">\n  Coletamos e usamos dados pessoais apenas para a finalidade prevista \u2013 por exemplo, para contato, inscri\u00e7\u00e3o na newsletter, an\u00e1lise do uso do site ou processamento de doa\u00e7\u00f5es (art. 6\u00ba, I, LGPD).<\/p><\/div>\n        <\/div>\n          <\/div>\n<\/div>\n\n<div id=\"block-64\" class=\"pt-2 pb-2 alignfull is-layout-constrained\">\n  <div>\n            <div class=\"row gx-4 gy-4 \">\n          \n\n<div id=\"block-63\" class=\"col wp-block-yellowtree-column col-12 d-flex flex-column with-streched-height-children align-items-stretch align-items-md-stretch\">\n  <h2 id=\"block-61\" class=\"h2 text-start\">\n  \u2796 Necessidade e Minimiza\u00e7\u00e3o<\/h2>\n\n<p id=\"block-62\" class=\"text-start wp-block-paragraph\">\n  Coletamos e tratamos apenas a quantidade de dados necess\u00e1ria. Quando o uso an\u00f4nimo ou pseudonimizado \u00e9 poss\u00edvel, n\u00f3s o utilizamos (art. 6\u00ba, III, LGPD).<\/p><\/div>\n        <\/div>\n          <\/div>\n<\/div>\n\n<div id=\"block-68\" class=\"pt-2 pb-2 alignfull is-layout-constrained\">\n  <div>\n            <div class=\"row gx-4 gy-4 \">\n          \n\n<div id=\"block-67\" class=\"col wp-block-yellowtree-column col-12 d-flex flex-column with-streched-height-children align-items-stretch align-items-md-stretch\">\n  <h2 id=\"block-65\" class=\"h2 text-start\">\n  \ud83d\udd10 Seguran\u00e7a<\/h2>\n\n<p id=\"block-66\" class=\"text-start wp-block-paragraph\">\n  Seus dados est\u00e3o protegidos conosco. Adotamos medidas t\u00e9cnicas e organizacionais para proteg\u00ea-los contra perda, uso indevido ou acesso n\u00e3o autorizado (art. 6\u00ba, VII, e art. 46, LGPD).<\/p><\/div>\n        <\/div>\n          <\/div>\n<\/div>\n\n<div id=\"block-72\" class=\"pt-2 pb-2 alignfull is-layout-constrained\">\n  <div>\n            <div class=\"row gx-4 gy-4 \">\n          \n\n<div id=\"block-71\" class=\"col wp-block-yellowtree-column col-12 d-flex flex-column with-streched-height-children align-items-stretch align-items-md-stretch\">\n  <h2 id=\"block-69\" class=\"h2 text-start\">\n  \ud83d\udd50 Limita\u00e7\u00e3o de Armazenamento<\/h2>\n\n<p id=\"block-70\" class=\"text-start wp-block-paragraph\">\n  Armazenamos dados pessoais apenas pelo tempo necess\u00e1rio para a respectiva finalidade, ou enquanto existirem obriga\u00e7\u00f5es legais de reten\u00e7\u00e3o (art. 15 e 16, LGPD).<\/p><\/div>\n        <\/div>\n          <\/div>\n<\/div>\n\n<div id=\"block-76\" class=\"pt-2 pb-2 alignfull is-layout-constrained\">\n  <div>\n            <div class=\"row gx-4 gy-4 \">\n          \n\n<div id=\"block-75\" class=\"col wp-block-yellowtree-column col-12 d-flex flex-column with-streched-height-children align-items-stretch align-items-md-stretch\">\n  <h2 id=\"block-73\" class=\"h2 text-start\">\n  \ud83c\udf0d Licitude<\/h2>\n\n<p id=\"block-74\" class=\"text-start wp-block-paragraph\">\n  Nosso tratamento de dados se baseia sempre em uma das hip\u00f3teses legais previstas no art. 7\u00ba da LGPD: seja o seu consentimento, o cumprimento de obriga\u00e7\u00e3o legal ou o leg\u00edtimo interesse. N\u00e3o tomamos decis\u00f5es unicamente automatizadas que produzam efeitos jur\u00eddicos relevantes sem possibilidade de revis\u00e3o (art. 20, LGPD).<\/p><\/div>\n        <\/div>\n          <\/div>\n<\/div>\n\n<div id=\"block-79\" class=\"pt-2 pb-2 alignfull is-layout-constrained\">\n  <div>\n            <div class=\"row gx-4 gy-4 \">\n          \n\n<div id=\"block-78\" class=\"col wp-block-yellowtree-column col-12 d-flex flex-column with-streched-height-children align-items-stretch align-items-md-stretch\">\n  <p id=\"block-77\" class=\"text-start wp-block-paragraph\">\n  <em><strong>Observa\u00e7\u00e3o:<\/strong> para determinados tratamentos de dados com risco elevado (por exemplo, tratamento de dados sens\u00edveis), elaboramos, quando necess\u00e1rio, um Relat\u00f3rio de Impacto \u00e0 Prote\u00e7\u00e3o de Dados Pessoais (RIPD), conforme art. 5\u00ba, XVII, e art. 38 da LGPD.<\/em><\/p><\/div>\n        <\/div>\n          <\/div>\n<\/div><\/div>\n        <\/div>\n          <\/div>\n<\/div>\n\n<div id=\"coleta-2\" class=\"pt-4 pb-4 alignfull is-layout-constrained\">\n  <div>\n            <div class=\"row gx-4 gy-4 \">\n          \n\n<div id=\"coleta-2\" class=\"col wp-block-yellowtree-column col-12 d-flex flex-column with-streched-height-children align-items-stretch align-items-md-stretch\">\n  <h2 id=\"coleta\" class=\"mb-4 h2 display-2 text-start\">\n  Coleta &amp; Uso de Dados Pessoais<\/h2>\n\n<p id=\"block-80\" class=\"text-start wp-block-paragraph\">\n  Coletamos dados pessoais quando voc\u00ea nos transmite ativamente (por exemplo, atrav\u00e9s de um formul\u00e1rio) ou quando s\u00e3o tecnicamente necess\u00e1rios \u2013 por exemplo, atrav\u00e9s de um formul\u00e1rio, do seu endere\u00e7o IP ao acessar uma p\u00e1gina, ao doar ou ao usar nosso site.<\/p>\n\n<p id=\"block-81\" class=\"text-start wp-block-paragraph\">\n  Veja abaixo em quais situa\u00e7\u00f5es isso acontece e como usamos esses dados:<\/p>\n\n<div id=\"block-85\" class=\"pt-2 pb-2 alignfull is-layout-constrained\">\n  <div>\n            <div class=\"row gx-4 gy-4 \">\n          \n\n<div id=\"block-84\" class=\"col wp-block-yellowtree-column col-12 d-flex flex-column with-streched-height-children align-items-stretch align-items-md-stretch\">\n  <h2 id=\"block-82\" class=\"h2 text-start\">\n  \ud83d\udcec Contato &amp; Formul\u00e1rios<\/h2>\n\n<p id=\"block-83\" class=\"text-start wp-block-paragraph\">\n  Quando voc\u00ea entra em contato conosco por um formul\u00e1rio ou se inscreve em um evento, tratamos os dados que voc\u00ea informou (por exemplo, nome, e-mail, assunto etc.) para responder \u00e0 sua solicita\u00e7\u00e3o ou prestar o servi\u00e7o desejado.<\/p><\/div>\n        <\/div>\n          <\/div>\n<\/div>\n\n<div id=\"block-90\" class=\"pt-2 pb-2 alignfull is-layout-constrained\">\n  <div>\n            <div class=\"row gx-4 gy-4 \">\n          \n\n<div id=\"block-89\" class=\"col wp-block-yellowtree-column col-12 d-flex flex-column with-streched-height-children align-items-stretch align-items-md-stretch\">\n  <h2 id=\"block-86\" class=\"h2 text-start\">\n  \ud83d\udc8c Newsletter &amp; Comunica\u00e7\u00e3o<\/h2>\n\n<p id=\"block-87\" class=\"text-start wp-block-paragraph\">\n  Se voc\u00ea se inscrever em nossa newsletter ou mantiver contato conosco (por exemplo, por interesse em recursos ou eventos), armazenamos e usamos seus dados de contato para enviar e-mails regulares, inspira\u00e7\u00f5es e atualiza\u00e7\u00f5es.<\/p>\n\n<p id=\"block-88\" class=\"text-start wp-block-paragraph\">\n  Voc\u00ea pode cancelar a inscri\u00e7\u00e3o na newsletter a qualquer momento atrav\u00e9s do link de descadastro presente em cada e-mail.<\/p><\/div>\n        <\/div>\n          <\/div>\n<\/div>\n\n<div id=\"block-96\" class=\"pt-2 pb-2 alignfull is-layout-constrained\">\n  <div>\n            <div class=\"row gx-4 gy-4 \">\n          \n\n<div id=\"block-95\" class=\"col wp-block-yellowtree-column col-12 d-flex flex-column with-streched-height-children align-items-stretch align-items-md-stretch\">\n  <h2 id=\"block-91\" class=\"h2 text-start\">\n  \ud83d\udcb3 Doa\u00e7\u00f5es<\/h2>\n\n<p id=\"block-92\" class=\"text-start wp-block-paragraph\">\n  Doa\u00e7\u00f5es \u00e0 ICF Rio de Janeiro podem ser feitas por transfer\u00eancia\/dep\u00f3sito banc\u00e1rio, PIX, cart\u00e3o de cr\u00e9dito ou plataformas de contribui\u00e7\u00e3o recorrente (ver <a href=\"\/rio\/pt\/generosidade\/\">Generosidade<\/a>).<\/p>\n\n<p id=\"block-93\" class=\"text-start wp-block-paragraph\">\n  O processamento de pagamentos pode ser feito por provedores externos (por exemplo, PicPay, PayPal ou plataformas de gest\u00e3o de contribui\u00e7\u00f5es como a Eklesia Online). Ao optar por um desses servi\u00e7os de pagamento, voc\u00ea ser\u00e1 redirecionado para a respectiva plataforma. Para o tratamento adicional dos seus dados, aplicam-se tamb\u00e9m as pol\u00edticas de privacidade desses provedores.<\/p>\n\n<p id=\"block-94\" class=\"text-start wp-block-paragraph\">\n  Os dados que voc\u00ea informa (por exemplo, nome, e-mail, valor, forma de pagamento) s\u00e3o tratados para processar sua doa\u00e7\u00e3o e para fins de documenta\u00e7\u00e3o (por exemplo, emiss\u00e3o de recibos). Doa\u00e7\u00f5es a organiza\u00e7\u00f5es religiosas podem, em certos casos, permitir infer\u00eancias sobre a sua convic\u00e7\u00e3o religiosa (dado pessoal sens\u00edvel nos termos do art. 5\u00ba, II, e art. 11 da LGPD). Esse tratamento s\u00f3 ocorre mediante consentimento espec\u00edfico e destacado ou quando previsto em lei (art. 11, I e II, LGPD).<\/p><\/div>\n        <\/div>\n          <\/div>\n<\/div>\n\n<div id=\"block-101\" class=\"pt-2 pb-2 alignfull is-layout-constrained\">\n  <div>\n            <div class=\"row gx-4 gy-4 \">\n          \n\n<div id=\"block-100\" class=\"col wp-block-yellowtree-column col-12 d-flex flex-column with-streched-height-children align-items-stretch align-items-md-stretch\">\n  <h2 id=\"block-97\" class=\"h2 text-start\">\n  \ud83d\udcc8 Uso do Site &amp; Rastreamento<\/h2>\n\n<p id=\"block-98\" class=\"text-start wp-block-paragraph\">\n  Ao visitar nosso site, determinadas informa\u00e7\u00f5es t\u00e9cnicas s\u00e3o tratadas automaticamente, tais como:<\/p>\n\n\n<ul class=\"wp-block-list\">\n<li>Endere\u00e7o IP (reduzido\/pseudonimizado)<\/li>\n\n\n\n<li>Tipo e vers\u00e3o do navegador<\/li>\n\n\n\n<li>Sistema operacional<\/li>\n\n\n\n<li>Data e hora do acesso<\/li>\n\n\n\n<li>p\u00e1ginas visitadas \/ tempo de perman\u00eancia<\/li>\n<\/ul>\n\n\n<p id=\"block-99\" class=\"text-start wp-block-paragraph\">\n  Esses dados nos ajudam a manter o site tecnicamente est\u00e1vel e a melhor\u00e1-lo continuamente (veja o cap\u00edtulo <a href=\"#cookies\">\u00abCookies &amp; Rastreamento\u00bb<\/a>).<\/p><\/div>\n        <\/div>\n          <\/div>\n<\/div>\n\n<div id=\"block-105\" class=\"pt-2 pb-2 alignfull is-layout-constrained\">\n  <div>\n            <div class=\"row gx-4 gy-4 \">\n          \n\n<div id=\"block-104\" class=\"col wp-block-yellowtree-column col-12 d-flex flex-column with-streched-height-children align-items-stretch align-items-md-stretch\">\n  <h2 id=\"block-102\" class=\"h2 text-start\">\n  \ud83d\udcbb Logs de Servidor &amp; Seguran\u00e7a de TI<\/h2>\n\n<p id=\"block-103\" class=\"text-start wp-block-paragraph\">\n  Ao acessar nossas p\u00e1ginas, nossa hospedagem trata automaticamente logs de servidor (por exemplo, endere\u00e7o IP, data\/hora, URL solicitada, referenciador, user-agent). Isso serve \u00e0 disponibiliza\u00e7\u00e3o t\u00e9cnica do site e \u00e0 seguran\u00e7a de TI.<\/p><\/div>\n        <\/div>\n          <\/div>\n<\/div><\/div>\n        <\/div>\n          <\/div>\n<\/div>\n\n<div id=\"cookies-2\" class=\"pt-4 pb-4 alignfull is-layout-constrained\">\n  <div>\n            <div class=\"row gx-4 gy-4 \">\n          \n\n<div id=\"cookies-2\" class=\"col wp-block-yellowtree-column col-12 d-flex flex-column with-streched-height-children align-items-stretch align-items-md-stretch\">\n  <h2 id=\"cookies\" class=\"mb-4 h2 display-2 text-start\">\n  Uso de Cookies &amp; Tecnologias de Rastreamento<\/h2>\n\n<p id=\"block-106\" class=\"text-start wp-block-paragraph\">\n  Nosso site usa cookies e tecnologias semelhantes para \u2013 com o seu consentimento \u2013 oferecer conte\u00fado de forma amig\u00e1vel, analisar a performance e disponibilizar determinadas funcionalidades (por exemplo, formul\u00e1rios ou v\u00eddeos).<\/p>\n\n<div id=\"block-110\" class=\"pt-2 pb-2 alignfull is-layout-constrained\">\n  <div>\n            <div class=\"row gx-4 gy-4 \">\n          \n\n<div id=\"block-109\" class=\"col wp-block-yellowtree-column col-12 d-flex flex-column with-streched-height-children align-items-stretch align-items-md-stretch\">\n  <h2 id=\"block-107\" class=\"h2 text-start\">\n  \ud83c\udf6a O que s\u00e3o Cookies?<\/h2>\n\n<p id=\"block-108\" class=\"text-start wp-block-paragraph\">\n  Cookies s\u00e3o pequenos arquivos de texto que o seu navegador cria automaticamente e armazena no seu dispositivo. Eles n\u00e3o cont\u00eam c\u00f3digo malicioso, mas nos ajudam, por exemplo, a:<\/p>\n\n\n<ul class=\"wp-block-list\">\n<li>operar o site tecnicamente (cookies essenciais)<\/li>\n\n\n\n<li>gerar estat\u00edsticas de visitantes<\/li>\n\n\n\n<li>avaliar campanhas de marketing<\/li>\n<\/ul><\/div>\n        <\/div>\n          <\/div>\n<\/div>\n\n<div id=\"block-114\" class=\"pt-2 pb-2 alignfull is-layout-constrained\">\n  <div>\n            <div class=\"row gx-4 gy-4 \">\n          \n\n<div id=\"block-113\" class=\"col wp-block-yellowtree-column col-12 d-flex flex-column with-streched-height-children align-items-stretch align-items-md-stretch\">\n  <h2 id=\"block-111\" class=\"h2 text-start\">\n  \ud83c\udf6a Gest\u00e3o de Consentimento (<a href=\"https:\/\/www.cookiehub.com\/\">CookieHub<\/a>)<\/h2>\n\n<p id=\"block-112\" class=\"text-start wp-block-paragraph\">\n  Nosso site usa o CookieHub para gerenciar consentimentos de cookies e servi\u00e7os de terceiros. A ferramenta exibe, na visita, um banner de consentimento e registra a aceita\u00e7\u00e3o ou recusa por meio de um cookie tecnicamente necess\u00e1rio.<\/p><\/div>\n        <\/div>\n          <\/div>\n<\/div>\n\n<div id=\"block-120\" class=\"pt-2 pb-2 alignfull is-layout-constrained\">\n  <div>\n            <div class=\"row gx-4 gy-4 \">\n          \n\n<div id=\"block-119\" class=\"col wp-block-yellowtree-column col-12 d-flex flex-column with-streched-height-children align-items-stretch align-items-md-stretch\">\n  <h2 id=\"block-115\" class=\"h2 text-start\">\n  \u2699\ufe0f Cookies Baseados em Consentimento<\/h2>\n\n<p id=\"block-116\" class=\"text-start wp-block-paragraph\">\n  Nem todos os cookies s\u00e3o necess\u00e1rios. Aqueles usados, por exemplo, para fins estat\u00edsticos ou de marketing, s\u00f3 s\u00e3o utilizados com o seu consentimento livre, informado e inequ\u00edvoco (art. 7\u00ba, I, e art. 8\u00ba, LGPD).<\/p>\n\n<p id=\"block-117\" class=\"text-start wp-block-paragraph\">\n  Na primeira visita ao nosso site, exibimos um banner de cookies onde voc\u00ea pode decidir individualmente quais cookies permitir. Voc\u00ea pode alterar sua escolha a qualquer momento atrav\u00e9s do banner de cookies.<\/p>\n\n<p id=\"block-118\" class=\"text-start wp-block-paragraph\">\n  <strong>Usamos as seguintes categorias de cookies:<\/strong><\/p>\n\n\n<ul class=\"wp-block-list\">\n<li>Cookies essenciais: necess\u00e1rios para o funcionamento t\u00e9cnico.<\/li>\n\n\n\n<li>Cookies funcionais: aumentam a usabilidade.<\/li>\n\n\n\n<li>Cookies de an\u00e1lise: nos ajudam a melhorar o site.<\/li>\n\n\n\n<li>Cookies de marketing: apoiam publicidade direcionada.<\/li>\n<\/ul><\/div>\n        <\/div>\n          <\/div>\n<\/div>\n\n<div id=\"block-124\" class=\"pt-2 pb-2 alignfull is-layout-constrained\">\n  <div>\n            <div class=\"row gx-4 gy-4 \">\n          \n\n<div id=\"block-123\" class=\"col wp-block-yellowtree-column col-12 d-flex flex-column with-streched-height-children align-items-stretch align-items-md-stretch\">\n  <h2 id=\"block-121\" class=\"h2 text-start\">\n  \ud83d\udee0 Gest\u00e3o via Google Tag Manager<\/h2>\n\n<p id=\"block-122\" class=\"text-start wp-block-paragraph\">\n  Usamos o <a href=\"https:\/\/tagmanager.google.com\/\">Google Tag Manager<\/a> para gerenciar determinados servi\u00e7os de forma eficiente e em conformidade com a LGPD \u2013 por exemplo, Google Analytics, Meta Pixel ou outras ferramentas de an\u00e1lise. O pr\u00f3prio Tag Manager n\u00e3o armazena dados pessoais, apenas carrega scripts configur\u00e1veis.<\/p><\/div>\n        <\/div>\n          <\/div>\n<\/div><\/div>\n        <\/div>\n          <\/div>\n<\/div>\n\n<div id=\"ferramentas-2\" class=\"pt-4 pb-4 alignfull is-layout-constrained\">\n  <div>\n            <div class=\"row gx-4 gy-4 \">\n          \n\n<div id=\"ferramentas-2\" class=\"col wp-block-yellowtree-column col-12 d-flex flex-column with-streched-height-children align-items-stretch align-items-md-stretch\">\n  <h2 id=\"ferramentas\" class=\"mb-4 h2 display-2 text-start\">\n  Ferramentas &amp; Terceiros Utilizados<\/h2>\n\n<p id=\"block-125\" class=\"text-start wp-block-paragraph\">\n  Utilizamos determinados prestadores de servi\u00e7o terceiros para tornar nosso site amig\u00e1vel, seguro e moderno. A seguir, explicamos quais ferramentas usamos, quais dados s\u00e3o tratados e por qu\u00ea.<\/p>\n\n<p id=\"block-126\" class=\"text-start wp-block-paragraph\">\n  <em>[TODO: esta lista reflete o conjunto de ferramentas da plataforma global ICF (new.icf.church). Confirmar antes da publica\u00e7\u00e3o quais delas est\u00e3o de fato ativas no subsite \/rio.]<\/em><\/p>\n\n<div id=\"block-129\" class=\"pt-2 pb-2 alignfull is-layout-constrained\">\n  <div>\n            <div class=\"row gx-4 gy-4 \">\n          \n\n<div id=\"block-128\" class=\"col wp-block-yellowtree-column col-12 d-flex flex-column with-streched-height-children align-items-stretch align-items-md-stretch\">\n  <h2 id=\"block-127\" class=\"h2 text-start\">\n  \ud83d\udcc8 Ferramentas de An\u00e1lise e Performance<\/h2><\/div>\n        <\/div>\n          <\/div>\n<\/div>\n\n<div id=\"block-133\" class=\"pt-2 pb-2 alignfull is-layout-constrained\">\n  <div>\n            <div class=\"row gx-4 gy-4 \">\n          \n\n<div id=\"block-132\" class=\"col wp-block-yellowtree-column col-12 d-flex flex-column with-streched-height-children align-items-stretch align-items-md-stretch\">\n  <h3 id=\"block-130\" class=\"h3 text-start\">\n  <a href=\"https:\/\/analytics.google.com\/\">Google Analytics<\/a><\/h3>\n\n<p id=\"block-131\" class=\"text-start wp-block-paragraph\">\n  Usamos para entender como os visitantes usam nosso site. Os dados coletados (por exemplo, visualiza\u00e7\u00f5es de p\u00e1gina, tempo de perman\u00eancia, dispositivo utilizado) s\u00e3o analisados de forma anonimizada.<\/p><\/div>\n        <\/div>\n          <\/div>\n<\/div>\n\n<div id=\"block-137\" class=\"pt-2 pb-2 alignfull is-layout-constrained\">\n  <div>\n            <div class=\"row gx-4 gy-4 \">\n          \n\n<div id=\"block-136\" class=\"col wp-block-yellowtree-column col-12 d-flex flex-column with-streched-height-children align-items-stretch align-items-md-stretch\">\n  <h3 id=\"block-134\" class=\"h3 text-start\">\n  <a href=\"https:\/\/tagmanager.google.com\/\">Google Tag Manager<\/a><\/h3>\n\n<p id=\"block-135\" class=\"text-start wp-block-paragraph\">\n  Serve para gerenciar tags de rastreamento e cookies. O Tag Manager em si n\u00e3o armazena dados pessoais.<\/p><\/div>\n        <\/div>\n          <\/div>\n<\/div>\n\n<div id=\"block-141\" class=\"pt-2 pb-2 alignfull is-layout-constrained\">\n  <div>\n            <div class=\"row gx-4 gy-4 \">\n          \n\n<div id=\"block-140\" class=\"col wp-block-yellowtree-column col-12 d-flex flex-column with-streched-height-children align-items-stretch align-items-md-stretch\">\n  <h3 id=\"block-138\" class=\"h3 text-start\">\n  <a href=\"https:\/\/de-de.facebook.com\/business\/tools\/meta-pixel\">Meta Pixel<\/a><\/h3>\n\n<p id=\"block-139\" class=\"text-start wp-block-paragraph\">\n  Usamos para medir campanhas de marketing e exibir conte\u00fados relevantes.<\/p><\/div>\n        <\/div>\n          <\/div>\n<\/div>\n\n<div id=\"block-145\" class=\"pt-2 pb-2 alignfull is-layout-constrained\">\n  <div>\n            <div class=\"row gx-4 gy-4 \">\n          \n\n<div id=\"block-144\" class=\"col wp-block-yellowtree-column col-12 d-flex flex-column with-streched-height-children align-items-stretch align-items-md-stretch\">\n  <h3 id=\"block-142\" class=\"h3 text-start\">\n  <a href=\"https:\/\/business.google.com\/de\/google-ads\/\">Google Ads<\/a><\/h3>\n\n<p id=\"block-143\" class=\"text-start wp-block-paragraph\">\n  Usado para rastreamento de campanhas e medi\u00e7\u00e3o de convers\u00e3o, a fim de avaliar a efic\u00e1cia de nossa publicidade.<\/p><\/div>\n        <\/div>\n          <\/div>\n<\/div>\n\n<div id=\"block-149\" class=\"pt-2 pb-2 alignfull is-layout-constrained\">\n  <div>\n            <div class=\"row gx-4 gy-4 \">\n          \n\n<div id=\"block-148\" class=\"col wp-block-yellowtree-column col-12 d-flex flex-column with-streched-height-children align-items-stretch align-items-md-stretch\">\n  <h3 id=\"block-146\" class=\"h3 text-start\">\n  <a href=\"https:\/\/clarity.microsoft.com\/\">Microsoft Clarity<\/a><\/h3>\n\n<p id=\"block-147\" class=\"text-start wp-block-paragraph\">\n  Serve para analisar o comportamento do usu\u00e1rio (por exemplo, trajetos de clique, mapas de calor). Os dados s\u00e3o analisados de forma anonimizada.<\/p><\/div>\n        <\/div>\n          <\/div>\n<\/div>\n\n<div id=\"block-153\" class=\"pt-2 pb-2 alignfull is-layout-constrained\">\n  <div>\n            <div class=\"row gx-4 gy-4 \">\n          \n\n<div id=\"block-152\" class=\"col wp-block-yellowtree-column col-12 d-flex flex-column with-streched-height-children align-items-stretch align-items-md-stretch\">\n  <h3 id=\"block-150\" class=\"h3 text-start\">\n  <a href=\"https:\/\/www.gleap.io\/\">Gleap<\/a><\/h3>\n\n<p id=\"block-151\" class=\"text-start wp-block-paragraph\">\n  Usamos o Gleap como plataforma de suporte e comunica\u00e7\u00e3o. Ele trata solicita\u00e7\u00f5es de suporte, exibe artigos de ajuda, avalia feedback dos usu\u00e1rios e exibe mensagens de chat, notifica\u00e7\u00f5es ou banners direcionados.<\/p><\/div>\n        <\/div>\n          <\/div>\n<\/div>\n\n<div id=\"block-157\" class=\"pt-2 pb-2 alignfull is-layout-constrained\">\n  <div>\n            <div class=\"row gx-4 gy-4 \">\n          \n\n<div id=\"block-156\" class=\"col wp-block-yellowtree-column col-12 d-flex flex-column with-streched-height-children align-items-stretch align-items-md-stretch\">\n  <h3 id=\"block-154\" class=\"h3 text-start\">\n  <a href=\"https:\/\/pulsetic.com\/\">Pulsetic<\/a><\/h3>\n\n<p id=\"block-155\" class=\"text-start wp-block-paragraph\">\n  Monitora a disponibilidade e a performance do site. Nenhum dado pessoal \u00e9 armazenado.<\/p><\/div>\n        <\/div>\n          <\/div>\n<\/div>\n\n<div id=\"block-161\" class=\"pt-2 pb-2 alignfull is-layout-constrained\">\n  <div>\n            <div class=\"row gx-4 gy-4 \">\n          \n\n<div id=\"block-160\" class=\"col wp-block-yellowtree-column col-12 d-flex flex-column with-streched-height-children align-items-stretch align-items-md-stretch\">\n  <h3 id=\"block-158\" class=\"h3 text-start\">\n  <a href=\"https:\/\/sentry.io\">Sentry<\/a><\/h3>\n\n<p id=\"block-159\" class=\"text-start wp-block-paragraph\">\n  Registra erros t\u00e9cnicos (bugs) e dados t\u00e9cnicos para melhorar a estabilidade do site.<\/p><\/div>\n        <\/div>\n          <\/div>\n<\/div>\n\n<div id=\"block-164\" class=\"pt-2 pb-2 alignfull is-layout-constrained\">\n  <div>\n            <div class=\"row gx-4 gy-4 \">\n          \n\n<div id=\"block-163\" class=\"col wp-block-yellowtree-column col-12 d-flex flex-column with-streched-height-children align-items-stretch align-items-md-stretch\">\n  <h2 id=\"block-162\" class=\"h2 text-start\">\n  \ud83d\udccb Formul\u00e1rios, Newsletter &amp; Comunica\u00e7\u00e3o<\/h2><\/div>\n        <\/div>\n          <\/div>\n<\/div>\n\n<div id=\"block-168\" class=\"pt-2 pb-2 alignfull is-layout-constrained\">\n  <div>\n            <div class=\"row gx-4 gy-4 \">\n          \n\n<div id=\"block-167\" class=\"col wp-block-yellowtree-column col-12 d-flex flex-column with-streched-height-children align-items-stretch align-items-md-stretch\">\n  <h3 id=\"block-165\" class=\"h3 text-start\">\n  <a href=\"https:\/\/www.mailgun.com\/\">MailGun<\/a><\/h3>\n\n<p id=\"block-166\" class=\"text-start wp-block-paragraph\">\n  Usamos o MailGun como servi\u00e7o SMTP para entregar e-mails de forma t\u00e9cnica e confi\u00e1vel (por exemplo, confirma\u00e7\u00f5es, newsletter).<\/p><\/div>\n        <\/div>\n          <\/div>\n<\/div>\n\n<div id=\"block-172\" class=\"pt-2 pb-2 alignfull is-layout-constrained\">\n  <div>\n            <div class=\"row gx-4 gy-4 \">\n          \n\n<div id=\"block-171\" class=\"col wp-block-yellowtree-column col-12 d-flex flex-column with-streched-height-children align-items-stretch align-items-md-stretch\">\n  <h3 id=\"block-169\" class=\"h3 text-start\">\n  <a href=\"https:\/\/cloud.google.com\/security\/products\/recaptcha\">Google reCAPTCHA<\/a><\/h3>\n\n<p id=\"block-170\" class=\"text-start wp-block-paragraph\">\n  Para proteger nossos formul\u00e1rios contra abuso e spam, usamos o Google reCAPTCHA (vers\u00f5es 2 e 3). Esse servi\u00e7o verifica se os dados foram inseridos por uma pessoa ou por um rob\u00f4. Para isso, s\u00e3o analisados e transmitidos ao Google, entre outros, o endere\u00e7o IP, o tempo de perman\u00eancia na p\u00e1gina e movimentos do mouse.<\/p><\/div>\n        <\/div>\n          <\/div>\n<\/div>\n\n<div id=\"block-176\" class=\"pt-2 pb-2 alignfull is-layout-constrained\">\n  <div>\n            <div class=\"row gx-4 gy-4 \">\n          \n\n<div id=\"block-175\" class=\"col wp-block-yellowtree-column col-12 d-flex flex-column with-streched-height-children align-items-stretch align-items-md-stretch\">\n  <h3 id=\"block-173\" class=\"h3 text-start\">\n  <a href=\"https:\/\/www.salesforce.com\/eu\/form\/sem\/account-engagement\/\">Salesforce Account Engagement (Pardot)<\/a><\/h3>\n\n<p id=\"block-174\" class=\"text-start wp-block-paragraph\">\n  Nossa plataforma de automa\u00e7\u00e3o de marketing, atrav\u00e9s da qual gerenciamos newsletters e campanhas. O Pardot identifica quais conte\u00fados s\u00e3o relevantes para voc\u00ea, a fim de enviar informa\u00e7\u00f5es adequadas.<\/p><\/div>\n        <\/div>\n          <\/div>\n<\/div>\n\n<div id=\"block-179\" class=\"pt-2 pb-2 alignfull is-layout-constrained\">\n  <div>\n            <div class=\"row gx-4 gy-4 \">\n          \n\n<div id=\"block-178\" class=\"col wp-block-yellowtree-column col-12 d-flex flex-column with-streched-height-children align-items-stretch align-items-md-stretch\">\n  <h2 id=\"block-177\" class=\"h2 text-start\">\n  \ud83c\udfa5 Integra\u00e7\u00f5es de M\u00eddia<\/h2><\/div>\n        <\/div>\n          <\/div>\n<\/div>\n\n<div id=\"block-183\" class=\"pt-2 pb-2 alignfull is-layout-constrained\">\n  <div>\n            <div class=\"row gx-4 gy-4 \">\n          \n\n<div id=\"block-182\" class=\"col wp-block-yellowtree-column col-12 d-flex flex-column with-streched-height-children align-items-stretch align-items-md-stretch\">\n  <h3 id=\"block-180\" class=\"h3 text-start\">\n  <a href=\"https:\/\/www.youtube.com\/\">YouTube<\/a> &amp; <a href=\"https:\/\/vimeo.com\/de\/\">Vimeo<\/a><\/h3>\n\n<p id=\"block-181\" class=\"text-start wp-block-paragraph\">\n  V\u00eddeos do YouTube e do Vimeo est\u00e3o incorporados em nosso site (por exemplo, os cultos transmitidos em <a href=\"https:\/\/www.youtube.com\/c\/ICFRIO\">youtube.com\/c\/ICFRIO<\/a>). Esses provedores podem definir cookies e coletar dados de uso (por exemplo, quais v\u00eddeos s\u00e3o assistidos).<\/p><\/div>\n        <\/div>\n          <\/div>\n<\/div>\n\n<div id=\"block-187\" class=\"pt-2 pb-2 alignfull is-layout-constrained\">\n  <div>\n            <div class=\"row gx-4 gy-4 \">\n          \n\n<div id=\"block-186\" class=\"col wp-block-yellowtree-column col-12 d-flex flex-column with-streched-height-children align-items-stretch align-items-md-stretch\">\n  <h3 id=\"block-184\" class=\"h3 text-start\">\n  <a href=\"http:\/\/spotify.com\">Spotify<\/a><\/h3>\n\n<p id=\"block-185\" class=\"text-start wp-block-paragraph\">\n  Arquivos de \u00e1udio e v\u00eddeos do Spotify est\u00e3o incorporados em nosso site. O Spotify pode definir cookies e coletar dados de uso (por exemplo, quais podcasts s\u00e3o ouvidos).<\/p><\/div>\n        <\/div>\n          <\/div>\n<\/div>\n\n<div id=\"block-191\" class=\"pt-2 pb-2 alignfull is-layout-constrained\">\n  <div>\n            <div class=\"row gx-4 gy-4 \">\n          \n\n<div id=\"block-190\" class=\"col wp-block-yellowtree-column col-12 d-flex flex-column with-streched-height-children align-items-stretch align-items-md-stretch\">\n  <h3 id=\"block-188\" class=\"h3 text-start\">\n  <a href=\"https:\/\/hub.icf.church\">ICF Hub<\/a><\/h3>\n\n<p id=\"block-189\" class=\"text-start wp-block-paragraph\">\n  Prega\u00e7\u00f5es, ofertas, cultos e determinados dados organizacionais, como links de redes sociais, endere\u00e7o ou dados de contato, s\u00e3o transmitidos ao site pela nossa pr\u00f3pria plataforma interna ICF via API, sendo tecnicamente necess\u00e1rio para o funcionamento das funcionalidades principais.<\/p><\/div>\n        <\/div>\n          <\/div>\n<\/div>\n\n<div id=\"block-194\" class=\"pt-2 pb-2 alignfull is-layout-constrained\">\n  <div>\n            <div class=\"row gx-4 gy-4 \">\n          \n\n<div id=\"block-193\" class=\"col wp-block-yellowtree-column col-12 d-flex flex-column with-streched-height-children align-items-stretch align-items-md-stretch\">\n  <h2 id=\"block-192\" class=\"h2 text-start\">\n  \u2699\ufe0f Outras Ferramentas<\/h2>\n\n\n<ul class=\"wp-block-list\">\n<li>Google Maps: para mapas interativos no site (por exemplo, localiza\u00e7\u00e3o da igreja em Icara\u00ed, Niter\u00f3i)<\/li>\n\n\n\n<li>Algolia: para a fun\u00e7\u00e3o de busca interna de eventos, prega\u00e7\u00f5es &amp; localiza\u00e7\u00f5es<\/li>\n\n\n\n<li>Shortpixel: otimiza\u00e7\u00e3o de imagens<\/li>\n\n\n\n<li>Zapier: automa\u00e7\u00e3o (por exemplo, transfer\u00eancia de dados entre ferramentas)<\/li>\n\n\n\n<li>WPML (tradu\u00e7\u00e3o): gerencia a exibi\u00e7\u00e3o multil\u00edngue dos conte\u00fados<\/li>\n<\/ul><\/div>\n        <\/div>\n          <\/div>\n<\/div><\/div>\n        <\/div>\n          <\/div>\n<\/div>\n\n<div id=\"seus-direitos-2\" class=\"pt-4 pb-4 alignfull is-layout-constrained\">\n  <div>\n            <div class=\"row gx-4 gy-4 \">\n          \n\n<div id=\"seus-direitos-2\" class=\"col wp-block-yellowtree-column col-12 d-flex flex-column with-streched-height-children align-items-stretch align-items-md-stretch\">\n  <h2 id=\"seus-direitos\" class=\"mb-4 h2 display-2 text-start\">\n  Seus Direitos<\/h2>\n\n<p id=\"block-195\" class=\"text-start wp-block-paragraph\">\n  A prote\u00e7\u00e3o dos seus dados pessoais \u00e9 importante para n\u00f3s. Voc\u00ea tem o direito de saber o que acontece com seus dados, e mostramos de forma transparente quais op\u00e7\u00f5es est\u00e3o \u00e0 sua disposi\u00e7\u00e3o. Estes s\u00e3o os seus direitos, conforme o art. 18 da LGPD:<\/p>\n\n<div id=\"block-199\" class=\"pt-2 pb-2 alignfull is-layout-constrained\">\n  <div>\n            <div class=\"row gx-4 gy-4 \">\n          \n\n<div id=\"block-198\" class=\"col wp-block-yellowtree-column col-12 d-flex flex-column with-streched-height-children align-items-stretch align-items-md-stretch\">\n  <h2 id=\"block-196\" class=\"h2 text-start\">\n  \ud83d\udccb Direito de Confirma\u00e7\u00e3o e Acesso<\/h2>\n\n<p id=\"block-197\" class=\"text-start wp-block-paragraph\">\n  Voc\u00ea pode perguntar a qualquer momento se e quais dados pessoais armazenamos sobre voc\u00ea (art. 18, I e II, LGPD).<\/p><\/div>\n        <\/div>\n          <\/div>\n<\/div>\n\n<div id=\"block-203\" class=\"pt-2 pb-2 alignfull is-layout-constrained\">\n  <div>\n            <div class=\"row gx-4 gy-4 \">\n          \n\n<div id=\"block-202\" class=\"col wp-block-yellowtree-column col-12 d-flex flex-column with-streched-height-children align-items-stretch align-items-md-stretch\">\n  <h2 id=\"block-200\" class=\"h2 text-start\">\n  \u270f\ufe0f Direito de Corre\u00e7\u00e3o<\/h2>\n\n<p id=\"block-201\" class=\"text-start wp-block-paragraph\">\n  Se algo n\u00e3o estiver (mais) correto, voc\u00ea pode solicitar a corre\u00e7\u00e3o dos seus dados (art. 18, III, LGPD).<\/p><\/div>\n        <\/div>\n          <\/div>\n<\/div>\n\n<div id=\"block-207\" class=\"pt-2 pb-2 alignfull is-layout-constrained\">\n  <div>\n            <div class=\"row gx-4 gy-4 \">\n          \n\n<div id=\"block-206\" class=\"col wp-block-yellowtree-column col-12 d-flex flex-column with-streched-height-children align-items-stretch align-items-md-stretch\">\n  <h2 id=\"block-204\" class=\"h2 text-start\">\n  \u274c Direito de Elimina\u00e7\u00e3o<\/h2>\n\n<p id=\"block-205\" class=\"text-start wp-block-paragraph\">\n  Voc\u00ea tem o direito de solicitar a elimina\u00e7\u00e3o dos seus dados \u2013 por exemplo, quando n\u00e3o forem mais necess\u00e1rios para a finalidade original ou quando voc\u00ea tiver revogado seu consentimento (art. 18, VI, LGPD).<\/p><\/div>\n        <\/div>\n          <\/div>\n<\/div>\n\n<div id=\"block-211\" class=\"pt-2 pb-2 alignfull is-layout-constrained\">\n  <div>\n            <div class=\"row gx-4 gy-4 \">\n          \n\n<div id=\"block-210\" class=\"col wp-block-yellowtree-column col-12 d-flex flex-column with-streched-height-children align-items-stretch align-items-md-stretch\">\n  <h2 id=\"block-208\" class=\"h2 text-start\">\n  \ud83e\uddef Direito de Anonimiza\u00e7\u00e3o, Bloqueio ou Elimina\u00e7\u00e3o<\/h2>\n\n<p id=\"block-209\" class=\"text-start wp-block-paragraph\">\n  Voc\u00ea pode solicitar a anonimiza\u00e7\u00e3o, o bloqueio ou a elimina\u00e7\u00e3o de dados desnecess\u00e1rios, excessivos ou tratados em desconformidade com a LGPD (art. 18, IV, LGPD).<\/p><\/div>\n        <\/div>\n          <\/div>\n<\/div>\n\n<div id=\"block-215\" class=\"pt-2 pb-2 alignfull is-layout-constrained\">\n  <div>\n            <div class=\"row gx-4 gy-4 \">\n          \n\n<div id=\"block-214\" class=\"col wp-block-yellowtree-column col-12 d-flex flex-column with-streched-height-children align-items-stretch align-items-md-stretch\">\n  <h2 id=\"block-212\" class=\"h2 text-start\">\n  \ud83d\udeab Direito de Oposi\u00e7\u00e3o<\/h2>\n\n<p id=\"block-213\" class=\"text-start wp-block-paragraph\">\n  Voc\u00ea pode se opor ao tratamento de dados realizado com base em hip\u00f3tese legal que dispense o seu consentimento, sempre que verificado descumprimento \u00e0 LGPD (art. 18, \u00a7 2\u00ba, LGPD).<\/p><\/div>\n        <\/div>\n          <\/div>\n<\/div>\n\n<div id=\"block-219\" class=\"pt-2 pb-2 alignfull is-layout-constrained\">\n  <div>\n            <div class=\"row gx-4 gy-4 \">\n          \n\n<div id=\"block-218\" class=\"col wp-block-yellowtree-column col-12 d-flex flex-column with-streched-height-children align-items-stretch align-items-md-stretch\">\n  <h2 id=\"block-216\" class=\"h2 text-start\">\n  \ud83d\udce4 Direito \u00e0 Portabilidade<\/h2>\n\n<p id=\"block-217\" class=\"text-start wp-block-paragraph\">\n  Voc\u00ea pode solicitar a portabilidade dos seus dados a outro fornecedor de servi\u00e7o ou produto, mediante requisi\u00e7\u00e3o expressa (art. 18, V, LGPD).<\/p><\/div>\n        <\/div>\n          <\/div>\n<\/div>\n\n<div id=\"block-223\" class=\"pt-2 pb-2 alignfull is-layout-constrained\">\n  <div>\n            <div class=\"row gx-4 gy-4 \">\n          \n\n<div id=\"block-222\" class=\"col wp-block-yellowtree-column col-12 d-flex flex-column with-streched-height-children align-items-stretch align-items-md-stretch\">\n  <h2 id=\"block-220\" class=\"h2 text-start\">\n  \ud83d\uded1 Direito de Revogar o Consentimento<\/h2>\n\n<p id=\"block-221\" class=\"text-start wp-block-paragraph\">\n  Voc\u00ea pode revogar seu consentimento a qualquer momento, de forma gratuita e facilitada (art. 8\u00ba, \u00a7 5\u00ba, e art. 18, IX, LGPD).<\/p><\/div>\n        <\/div>\n          <\/div>\n<\/div>\n\n<div id=\"block-228\" class=\"pt-2 pb-2 alignfull is-layout-constrained\">\n  <div>\n            <div class=\"row gx-4 gy-4 \">\n          \n\n<div id=\"block-227\" class=\"col wp-block-yellowtree-column col-12 d-flex flex-column with-streched-height-children align-items-stretch align-items-md-stretch\">\n  <h2 id=\"block-224\" class=\"h2 text-start\">\n  \ud83e\uddd1\u200d\u2696\ufe0f Direito de Reclama\u00e7\u00e3o junto \u00e0 Autoridade de Controle<\/h2>\n\n<p id=\"block-225\" class=\"text-start wp-block-paragraph\">\n  Se voc\u00ea acredita que suas preocupa\u00e7\u00f5es sobre prote\u00e7\u00e3o de dados n\u00e3o foram devidamente esclarecidas, voc\u00ea tem o direito de peticionar \u00e0 autoridade competente (art. 18, VII, LGPD).<\/p>\n\n<p id=\"block-226\" class=\"text-start wp-block-paragraph\">\n  <strong>No Brasil, a autoridade competente \u00e9:<\/strong><\/p>\n\n\n<ul class=\"wp-block-list\">\n<li>ANPD \u2013 Autoridade Nacional de Prote\u00e7\u00e3o de Dados (gov.br\/anpd)<\/li>\n<\/ul><\/div>\n        <\/div>\n          <\/div>\n<\/div><\/div>\n        <\/div>\n          <\/div>\n<\/div>\n\n<div id=\"compartilhamento-2\" class=\"pt-4 pb-4 alignfull is-layout-constrained\">\n  <div>\n            <div class=\"row gx-4 gy-4 \">\n          \n\n<div id=\"compartilhamento-2\" class=\"col wp-block-yellowtree-column col-12 d-flex flex-column with-streched-height-children align-items-stretch align-items-md-stretch\">\n  <h2 id=\"compartilhamento\" class=\"mb-4 h2 display-2 text-start\">\n  Compartilhamento de Dados &amp; Tratamento por Terceiros<\/h2>\n\n<p id=\"block-229\" class=\"text-start wp-block-paragraph\">\n  Em regra, n\u00e3o compartilhamos seus dados pessoais com terceiros, a menos que isso seja:<\/p>\n\n\n<ul class=\"wp-block-list\">\n<li>necess\u00e1rio para cumprir uma finalidade que voc\u00ea conhece e deseja (por exemplo, processamento de doa\u00e7\u00e3o),<\/li>\n\n\n\n<li>exigido por lei,<\/li>\n\n\n\n<li>coberto por um consentimento v\u00e1lido,<\/li>\n\n\n\n<li>ou realizado no \u00e2mbito de um contrato de opera\u00e7\u00e3o de dados.<\/li>\n<\/ul>\n\n\n<div id=\"block-234\" class=\"pt-2 pb-2 alignfull is-layout-constrained\">\n  <div>\n            <div class=\"row gx-4 gy-4 \">\n          \n\n<div id=\"block-233\" class=\"col wp-block-yellowtree-column col-12 d-flex flex-column with-streched-height-children align-items-stretch align-items-md-stretch\">\n  <h2 id=\"block-230\" class=\"h2 text-start\">\n  \ud83e\udd1d Colabora\u00e7\u00e3o com Prestadores de Servi\u00e7o (Operadores)<\/h2>\n\n<p id=\"block-231\" class=\"text-start wp-block-paragraph\">\n  Para determinados processos t\u00e9cnicos, administrativos e de comunica\u00e7\u00e3o, trabalhamos com prestadores de servi\u00e7o selecionados. Esses \u00aboperadores\u00bb, nos termos do art. 5\u00ba, VII, da LGPD, atuam em nosso nome e conforme nossas instru\u00e7\u00f5es \u2013 por exemplo, para:<\/p>\n\n\n<ul class=\"wp-block-list\">\n<li>Hospedagem e opera\u00e7\u00e3o do site (por exemplo, DigitalOcean, Xano, Imgix)<\/li>\n\n\n\n<li>Envio de e-mails (por exemplo, MailGun, Salesforce Account Engagement)<\/li>\n\n\n\n<li>Ferramentas de an\u00e1lise e rastreamento (por exemplo, Google Analytics, Clarity, Sentry)<\/li>\n\n\n\n<li>Formul\u00e1rios (por exemplo, Gravity Forms)<\/li>\n<\/ul>\n\n\n<p id=\"block-232\" class=\"text-start wp-block-paragraph\">\n  Firmamos com todos os operadores contratos em conformidade com a LGPD, para garantir que seus dados sejam protegidos e n\u00e3o usados para finalidades pr\u00f3prias do operador.<\/p><\/div>\n        <\/div>\n          <\/div>\n<\/div>\n\n<div id=\"block-239\" class=\"pt-2 pb-2 alignfull is-layout-constrained\">\n  <div>\n            <div class=\"row gx-4 gy-4 \">\n          \n\n<div id=\"block-238\" class=\"col wp-block-yellowtree-column col-12 d-flex flex-column with-streched-height-children align-items-stretch align-items-md-stretch\">\n  <h2 id=\"block-235\" class=\"h2 text-start\">\n  \ud83c\udf0d Transfer\u00eancia para Outros Pa\u00edses<\/h2>\n\n<p id=\"block-236\" class=\"text-start wp-block-paragraph\">\n  Alguns dos nossos prestadores de servi\u00e7o t\u00eam sede fora do Brasil (por exemplo, nos EUA). Nesses casos, cuidamos para que exista um n\u00edvel adequado de prote\u00e7\u00e3o de dados, nos termos do art. 33 da LGPD, por exemplo por meio de:<\/p>\n\n\n<ul class=\"wp-block-list\">\n<li>decis\u00e3o de adequa\u00e7\u00e3o da ANPD (art. 33, I, LGPD),<\/li>\n\n\n\n<li>cl\u00e1usulas contratuais padr\u00e3o ou normas corporativas globais aprovadas pela ANPD (art. 33, II, LGPD),<\/li>\n\n\n\n<li>ou consentimento espec\u00edfico e destacado do titular para a transfer\u00eancia internacional (art. 33, VIII, LGPD).<\/li>\n<\/ul>\n\n\n<p id=\"block-237\" class=\"text-start wp-block-paragraph\">\n  <em>[TODO: a ANPD ainda est\u00e1 regulamentando os mecanismos de transfer\u00eancia internacional da LGPD (cl\u00e1usulas-modelo, lista de pa\u00edses adequados). Este trecho precisa de valida\u00e7\u00e3o jur\u00eddica antes da publica\u00e7\u00e3o.]<\/em><\/p><\/div>\n        <\/div>\n          <\/div>\n<\/div><\/div>\n        <\/div>\n          <\/div>\n<\/div>\n\n<div id=\"retencao-2\" class=\"pt-4 pb-4 alignfull is-layout-constrained\">\n  <div>\n            <div class=\"row gx-4 gy-4 \">\n          \n\n<div id=\"retencao-2\" class=\"col wp-block-yellowtree-column col-12 d-flex flex-column with-streched-height-children align-items-stretch align-items-md-stretch\">\n  <h2 id=\"retencao\" class=\"mb-4 h2 display-2 text-start\">\n  Prazo de Reten\u00e7\u00e3o<\/h2>\n\n<p id=\"block-240\" class=\"text-start wp-block-paragraph\">\n  Guardamos dados pessoais apenas pelo tempo necess\u00e1rio para a respectiva finalidade \u2013 ou pelo tempo exigido por lei.<\/p>\n\n<div id=\"block-243\" class=\"pt-2 pb-2 alignfull is-layout-constrained\">\n  <div>\n            <div class=\"row gx-4 gy-4 \">\n          \n\n<div id=\"block-242\" class=\"col wp-block-yellowtree-column col-12 d-flex flex-column with-streched-height-children align-items-stretch align-items-md-stretch\">\n  <h2 id=\"block-241\" class=\"h2 text-start\">\n  \ud83d\udd04 Princ\u00edpios Gerais<\/h2>\n\n\n<ul class=\"wp-block-list\">\n<li class=\"has-medium-font-size\">Solicita\u00e7\u00f5es de contato s\u00e3o armazenadas por, no m\u00e1ximo, 2 anos (para fins de acompanhamento e an\u00e1lise interna), salvo se houver pedido de exclus\u00e3o, leg\u00edtimo interesse na reten\u00e7\u00e3o ou obriga\u00e7\u00e3o legal de guarda.<\/li>\n\n\n\n<li>Dados de newsletter s\u00e3o armazenados at\u00e9 que voc\u00ea se descadastre ou revogue seu consentimento.<\/li>\n\n\n\n<li>Dados de doadores est\u00e3o sujeitos a obriga\u00e7\u00f5es fiscais de guarda de documentos previstas na legisla\u00e7\u00e3o brasileira (geralmente entre 5 e 10 anos, a depender do tipo de registro cont\u00e1bil\/fiscal \u2013 <em>[TODO: confirmar prazo exato com contador\/advogado]<\/em>).<\/li>\n\n\n\n<li>Dados de rastreamento (por exemplo, via Google Analytics) s\u00e3o armazenados de forma anonimizada, para acompanhar tend\u00eancias de longo prazo e melhorar o site da ICF.<\/li>\n<\/ul><\/div>\n        <\/div>\n          <\/div>\n<\/div>\n\n<div id=\"block-247\" class=\"pt-2 pb-2 alignfull is-layout-constrained\">\n  <div>\n            <div class=\"row gx-4 gy-4 \">\n          \n\n<div id=\"block-246\" class=\"col wp-block-yellowtree-column col-12 d-flex flex-column with-streched-height-children align-items-stretch align-items-md-stretch\">\n  <h2 id=\"block-244\" class=\"h2 text-start\">\n  \ud83d\udccc O que Isso Significa para Voc\u00ea?<\/h2>\n\n<p id=\"block-245\" class=\"text-start wp-block-paragraph\">\n  Cumprimos os prazos legais e verificamos regularmente quais dados podem ser eliminados ou anonimizados.<\/p><\/div>\n        <\/div>\n          <\/div>\n<\/div><\/div>\n        <\/div>\n          <\/div>\n<\/div>\n\n<div id=\"transferencia-internacional-2\" class=\"pt-4 pb-4 alignfull is-layout-constrained\">\n  <div>\n            <div class=\"row gx-4 gy-4 \">\n          \n\n<div id=\"transferencia-internacional-2\" class=\"col wp-block-yellowtree-column col-12 d-flex flex-column with-streched-height-children align-items-stretch align-items-md-stretch\">\n  <h2 id=\"transferencia-internacional\" class=\"mb-4 h2 display-2 text-start\">\n  Transfer\u00eancia Internacional de Dados<\/h2>\n\n<p id=\"block-248\" class=\"text-start wp-block-paragraph\">\n  Alguns dos servi\u00e7os que utilizamos (por exemplo, hospedagem, newsletter, analytics) t\u00eam sede ou tratam dados em pa\u00edses fora do Brasil \u2013 em especial, nos Estados Unidos.<\/p>\n\n<div id=\"block-254\" class=\"pt-2 pb-2 alignfull is-layout-constrained\">\n  <div>\n            <div class=\"row gx-4 gy-4 \">\n          \n\n<div id=\"block-253\" class=\"col wp-block-yellowtree-column col-12 d-flex flex-column with-streched-height-children align-items-stretch align-items-md-stretch\">\n  <h2 id=\"block-249\" class=\"h2 text-start\">\n  \ud83c\udf0d O que Isso Significa na Pr\u00e1tica?<\/h2>\n\n<p id=\"block-250\" class=\"fs-base text-start wp-block-paragraph\">\n  Quando dados pessoais s\u00e3o transferidos para pa\u00edses que n\u00e3o possuem um n\u00edvel de prote\u00e7\u00e3o de dados equivalente ao exigido pela LGPD, garantimos que seus dados continuem devidamente protegidos (art. 33, LGPD).<\/p>\n\n<p id=\"block-251\" class=\"fs-base text-start wp-block-paragraph\">\n  <strong>Isso \u00e9 assegurado, por exemplo, por meio de:<\/strong><\/p>\n\n\n<ul class=\"wp-block-list\">\n<li>cl\u00e1usulas contratuais padr\u00e3o aprovadas pela ANPD<\/li>\n\n\n\n<li>decis\u00f5es de adequa\u00e7\u00e3o da ANPD, quando existentes<\/li>\n<\/ul>\n\n\n<p id=\"block-252\" class=\"fs-base text-start wp-block-paragraph\">\n  <strong>Medidas t\u00e9cnicas\/organizacionais adicionais<\/strong>, como criptografia ou restri\u00e7\u00f5es r\u00edgidas de acesso.<\/p><\/div>\n        <\/div>\n          <\/div>\n<\/div>\n\n<div id=\"block-259\" class=\"pt-2 pb-2 alignfull is-layout-constrained\">\n  <div>\n            <div class=\"row gx-4 gy-4 \">\n          \n\n<div id=\"block-258\" class=\"col wp-block-yellowtree-column col-12 d-flex flex-column with-streched-height-children align-items-stretch align-items-md-stretch\">\n  <h2 id=\"block-255\" class=\"h2 text-start\">\n  \ud83c\uddfa\ud83c\uddf8 Exemplo: EUA<\/h2>\n\n<p id=\"block-256\" class=\"text-start wp-block-paragraph\">\n  Alguns dos nossos prestadores de servi\u00e7o (por exemplo, Google, Meta, MailGun, Vimeo) t\u00eam sede nos Estados Unidos. A LGPD ainda est\u00e1 em processo de regulamenta\u00e7\u00e3o quanto aos mecanismos de transfer\u00eancia internacional equivalentes ao Data Privacy Framework da UE\/EUA.<\/p>\n\n<p id=\"block-257\" class=\"text-start wp-block-paragraph\">\n  Enquanto isso, buscamos assegurar contratualmente, sempre que poss\u00edvel, um n\u00edvel de prote\u00e7\u00e3o equivalente ao exigido pela LGPD junto a esses prestadores.<\/p><\/div>\n        <\/div>\n          <\/div>\n<\/div><\/div>\n        <\/div>\n          <\/div>\n<\/div>\n\n<div id=\"seguranca-2\" class=\"pt-4 pb-4 alignfull is-layout-constrained\">\n  <div>\n            <div class=\"row gx-4 gy-4 \">\n          \n\n<div id=\"seguranca-2\" class=\"col wp-block-yellowtree-column col-12 d-flex flex-column with-streched-height-children align-items-stretch align-items-md-stretch\">\n  <h2 id=\"seguranca\" class=\"mb-4 h2 display-2 text-start\">\n  Seguran\u00e7a<\/h2>\n\n<p id=\"block-260\" class=\"text-start wp-block-paragraph\">\n  A prote\u00e7\u00e3o dos seus dados \u00e9 importante para n\u00f3s. Por isso, adotamos medidas de seguran\u00e7a abrangentes para proteg\u00ea-los de forma confi\u00e1vel contra perda, uso indevido ou acesso n\u00e3o autorizado.<\/p>\n\n<div id=\"block-264\" class=\"pt-2 pb-2 alignfull is-layout-constrained\">\n  <div>\n            <div class=\"row gx-4 gy-4 \">\n          \n\n<div id=\"block-263\" class=\"col wp-block-yellowtree-column col-12 d-flex flex-column with-streched-height-children align-items-stretch align-items-md-stretch\">\n  <h2 id=\"block-261\" class=\"h2 text-start\">\n  \ud83d\udd10 Medidas T\u00e9cnicas &amp; Organizacionais<\/h2>\n\n<p id=\"block-262\" class=\"fs-base text-start wp-block-paragraph\">\n  Adotamos medidas t\u00e9cnicas e organizacionais de seguran\u00e7a (art. 46, LGPD) para proteger seus dados contra perda, uso indevido, acesso n\u00e3o autorizado ou divulga\u00e7\u00e3o. Isso inclui, entre outras:<\/p>\n\n\n<ul class=\"wp-block-list\">\n<li>sele\u00e7\u00e3o e controle cuidadosos de prestadores de servi\u00e7o<\/li>\n\n\n\n<li>criptografia de conex\u00f5es (SSL\/TLS), identific\u00e1vel pelo \u201chttps:\/\/\u201d na barra de endere\u00e7o do navegador<\/li>\n\n\n\n<li>restri\u00e7\u00f5es de acesso aos nossos sistemas<\/li>\n\n\n\n<li>atualiza\u00e7\u00f5es regulares de seguran\u00e7a e software<\/li>\n\n\n\n<li>pol\u00edticas de senha seguras &amp; autentica\u00e7\u00e3o de dois fatores (uso interno)<\/li>\n<\/ul><\/div>\n        <\/div>\n          <\/div>\n<\/div>\n\n<div id=\"block-268\" class=\"pt-2 pb-2 alignfull is-layout-constrained\">\n  <div>\n            <div class=\"row gx-4 gy-4 \">\n          \n\n<div id=\"block-267\" class=\"col wp-block-yellowtree-column col-12 d-flex flex-column with-streched-height-children align-items-stretch align-items-md-stretch\">\n  <h2 id=\"block-265\" class=\"h2 text-start\">\n  \ud83d\udee1\ufe0f O que Voc\u00ea Deveria Saber<\/h2>\n\n<p id=\"block-266\" class=\"text-start wp-block-paragraph\">\n  Nenhum sistema digital \u00e9 100% seguro. Mas fazemos o poss\u00edvel para garantir um alto n\u00edvel de prote\u00e7\u00e3o \u2013 e reagimos imediatamente sempre que houver motivo de preocupa\u00e7\u00e3o. Se voc\u00ea perceber algo, entre em contato conosco. Levamos seus avisos a s\u00e9rio. Apesar de medidas t\u00e9cnicas e organizacionais cuidadosas, um risco residual na transmiss\u00e3o de dados pela internet (por exemplo, no uso de servi\u00e7os de terceiros) nunca pode ser totalmente exclu\u00eddo. Em caso de incidente de seguran\u00e7a relevante, comunicaremos a ANPD e os titulares afetados, conforme art. 48 da LGPD.<\/p><\/div>\n        <\/div>\n          <\/div>\n<\/div><\/div>\n        <\/div>\n          <\/div>\n<\/div>\n\n<div id=\"base-legal-2\" class=\"pt-4 pb-4 alignfull is-layout-constrained\">\n  <div>\n            <div class=\"row gx-4 gy-4 \">\n          \n\n<div id=\"base-legal-2\" class=\"col wp-block-yellowtree-column col-12 d-flex flex-column with-streched-height-children align-items-stretch align-items-md-stretch\">\n  <h2 id=\"base-legal\" class=\"mb-4 h2 display-2 text-start\">\n  Base Legal do Tratamento &amp; \u00c2mbito de Aplica\u00e7\u00e3o<\/h2>\n\n<p id=\"block-269\" class=\"text-start wp-block-paragraph\">\n  Esta Pol\u00edtica de Privacidade se orienta pelas disposi\u00e7\u00f5es da Lei Geral de Prote\u00e7\u00e3o de Dados (LGPD, Lei n\u00ba 13.709\/2018).<\/p>\n\n<p id=\"block-270\" class=\"text-start wp-block-paragraph\">\n  Nosso tratamento de dados se apoia nas bases legais previstas no art. 7\u00ba da LGPD, conforme o contexto e a finalidade espec\u00edfica de cada tratamento.<\/p>\n\n<div id=\"block-275\" class=\"pt-2 pb-2 alignfull is-layout-constrained\">\n  <div>\n            <div class=\"row gx-4 gy-4 \">\n          \n\n<div id=\"block-274\" class=\"col wp-block-yellowtree-column col-12 d-flex flex-column with-streched-height-children align-items-stretch align-items-md-stretch\">\n  <h2 id=\"block-271\" class=\"h2 text-start\">\n  \ud83c\udde7\ud83c\uddf7 Brasil<\/h2>\n\n<p id=\"block-272\" class=\"text-start wp-block-paragraph\">\n  O tratamento de dados na ICF Rio de Janeiro se baseia nas hip\u00f3teses legais previstas na LGPD, em especial:<\/p>\n\n\n<ul class=\"wp-block-list\">\n<li>Art. 7\u00ba, I, LGPD \u2013 consentimento do titular<\/li>\n\n\n\n<li>Art. 7\u00ba, II, LGPD \u2013 cumprimento de obriga\u00e7\u00e3o legal ou regulat\u00f3ria<\/li>\n\n\n\n<li>Art. 7\u00ba, V, LGPD \u2013 execu\u00e7\u00e3o de contrato ou de procedimentos preliminares<\/li>\n\n\n\n<li>Art. 7\u00ba, IX, LGPD \u2013 leg\u00edtimo interesse (por exemplo, nosso interesse em analisar o comportamento de uso para melhorar o site ou garantir a seguran\u00e7a de TI)<\/li>\n\n\n\n<li>Art. 11, LGPD \u2013 tratamento de dados pessoais sens\u00edveis (por exemplo, no contexto de doa\u00e7\u00f5es, que podem revelar convic\u00e7\u00e3o religiosa), somente mediante consentimento espec\u00edfico e destacado ou outra hip\u00f3tese legal aplic\u00e1vel<\/li>\n<\/ul>\n\n\n<p id=\"block-273\" class=\"text-start wp-block-paragraph\">\n  A base legal aplic\u00e1vel \u00e9 indicada, quando necess\u00e1rio, na respectiva se\u00e7\u00e3o desta pol\u00edtica, de acordo com a finalidade concreta do tratamento.<\/p><\/div>\n        <\/div>\n          <\/div>\n<\/div>\n\n<div id=\"block-279\" class=\"pt-2 pb-2 alignfull is-layout-constrained\">\n  <div>\n            <div class=\"row gx-4 gy-4 \">\n          \n\n<div id=\"block-278\" class=\"col wp-block-yellowtree-column col-12 d-flex flex-column with-streched-height-children align-items-stretch align-items-md-stretch\">\n  <h2 id=\"block-276\" class=\"h2 text-start\">\n  Outras Jurisdi\u00e7\u00f5es<\/h2>\n\n<p id=\"block-277\" class=\"text-start wp-block-paragraph\">\n  Para usu\u00e1rios que acessam nossos servi\u00e7os a partir de outros pa\u00edses \u2013 por exemplo, Uni\u00e3o Europeia (RGPD), Su\u00ed\u00e7a (LPD) ou Estados Unidos (CCPA) \u2013 podem se aplicar direitos adicionais previstos nessas legisla\u00e7\u00f5es. Se voc\u00ea acessa nossos servi\u00e7os a partir de outro pa\u00eds, recomendamos que tamb\u00e9m se familiarize com as normas locais de prote\u00e7\u00e3o de dados aplic\u00e1veis.<\/p><\/div>\n        <\/div>\n          <\/div>\n<\/div><\/div>\n        <\/div>\n          <\/div>\n<\/div>\n\n<div id=\"contato-dados-2\" class=\"pt-4 pb-4 alignfull is-layout-constrained\">\n  <div>\n            <div class=\"row gx-4 gy-4 \">\n          \n\n<div id=\"contato-dados-2\" class=\"col wp-block-yellowtree-column col-12 d-flex flex-column with-streched-height-children align-items-stretch align-items-md-stretch\">\n  <h2 id=\"contato-dados\" class=\"mb-4 h2 display-2 text-start\">\n  Contato para Assuntos de Prote\u00e7\u00e3o de Dados<\/h2>\n\n<p id=\"block-280\" class=\"text-start wp-block-paragraph\">\n  Se voc\u00ea tiver d\u00favidas sobre prote\u00e7\u00e3o de dados ou quiser exercer seus direitos (por exemplo, acesso, elimina\u00e7\u00e3o, revoga\u00e7\u00e3o), entre em contato conosco.<\/p>\n\n<div id=\"block-285\" class=\"pt-2 pb-2 alignfull is-layout-constrained\">\n  <div>\n            <div class=\"row gx-4 gy-4 \">\n          \n\n<div id=\"block-284\" class=\"col wp-block-yellowtree-column col-12 d-flex flex-column with-streched-height-children align-items-stretch align-items-md-stretch\">\n  <h2 id=\"block-281\" class=\"h2 text-start\">\n  Contato<\/h2>\n\n<p id=\"block-282\" class=\"fs-base text-start wp-block-paragraph\">\n  <strong>ICF Rio de Janeiro<br>Rua Lopes Trov\u00e3o, 233<br>Icara\u00ed \u2013 Niter\u00f3i &#8211; RJ<br>CEP 24.220-070, Brasil<br><strong>paulo.cordeiro@icf-rio.com<\/strong><\/strong><\/p>\n\n<p id=\"block-283\" class=\"text-start wp-block-paragraph\">\n  Responderemos \u00e0 sua solicita\u00e7\u00e3o o mais r\u00e1pido poss\u00edvel \u2013 e, em qualquer caso, dentro do prazo legal previsto (art. 19, \u00a7 1\u00ba, LGPD).<\/p><\/div>\n        <\/div>\n          <\/div>\n<\/div><\/div>\n        <\/div>\n          <\/div>\n<\/div>\n\n<div id=\"alteracoes-2\" class=\"pt-4 pb-4 alignfull is-layout-constrained\">\n  <div>\n            <div class=\"row gx-4 gy-4 \">\n          \n\n<div id=\"alteracoes-2\" class=\"col wp-block-yellowtree-column col-12 d-flex flex-column with-streched-height-children align-items-stretch align-items-md-stretch\">\n  <h2 id=\"alteracoes\" class=\"mb-4 h2 display-2 text-start\">\n  Altera\u00e7\u00f5es<\/h2>\n\n<p id=\"block-286\" class=\"text-start wp-block-paragraph\">\n  Revisamos regularmente nossa Pol\u00edtica de Privacidade e a adaptamos, quando necess\u00e1rio, a novas exig\u00eancias legais (por exemplo, regulamenta\u00e7\u00f5es da ANPD ou altera\u00e7\u00f5es na LGPD) ou a mudan\u00e7as t\u00e9cnicas. A vers\u00e3o mais atual est\u00e1 sempre dispon\u00edvel em nosso site.<\/p>\n\n<p id=\"block-287\" class=\"text-start wp-block-paragraph\">\n  <strong>\u00daltima atualiza\u00e7\u00e3o: Vers\u00e3o 1.0 \u2013 julho de 2026<\/strong><\/p>\n\n<div id=\"block-289\" class=\"pt-2 pb-2 alignfull is-layout-constrained\">\n  <div>\n            <div class=\"row gx-4 gy-4 \">\n          \n\n<div id=\"block-288\" class=\"col wp-block-yellowtree-column col-12 d-flex flex-column with-streched-height-children align-items-stretch align-items-md-stretch\">\n  <\/div>\n        <\/div>\n          <\/div>\n<\/div><\/div>\n        <\/div>\n          <\/div>\n<\/div>","protected":false},"excerpt":{"rendered":"","protected":false},"author":186,"featured_media":0,"parent":0,"menu_order":0,"comment_status":"closed","ping_status":"closed","template":"","meta":{"_acf_changed":false,"_seopress_titles_title":"","_seopress_titles_desc":"","_seopress_robots_index":"","_seopress_robots_follow":"","_seopress_robots_imageindex":"","_seopress_robots_snippet":"","_seopress_robots_primary_cat":"","_seopress_robots_breadcrumbs":"","_seopress_robots_freeze_modified_date":"","_seopress_robots_custom_modified_date":"","_seopress_robots_canonical":"","_seopress_social_fb_title":"","_seopress_social_fb_desc":"","_seopress_social_fb_img":"","_seopress_social_fb_img_attachment_id":0,"_seopress_social_fb_img_width":0,"_seopress_social_fb_img_height":0,"_seopress_social_twitter_title":"","_seopress_social_twitter_desc":"","_seopress_social_twitter_img":"","_seopress_social_twitter_img_attachment_id":0,"_seopress_social_twitter_img_width":0,"_seopress_social_twitter_img_height":0,"_seopress_redirections_value":"","_seopress_redirections_enabled":"","_seopress_redirections_enabled_regex":"","_seopress_redirections_logged_status":"","_seopress_redirections_param":"","_seopress_redirections_type":0,"_seopress_analysis_target_kw":"","_seopress_news_disabled":"","_seopress_video_disabled":"","_seopress_video":[],"_seopress_pro_schemas_manual":[],"_seopress_pro_rich_snippets_disable_all":"","_seopress_pro_rich_snippets_disable":[],"_seopress_pro_schemas":[],"yt_custom_styles_scss":"","yt_custom_styles_rounded_corners":false,"yt_custom_styles_color_scheme":"","footnotes":""},"class_list":["post-1961","page","type-page","status-publish","hentry"],"acf":[],"_links":{"self":[{"href":"https:\/\/icf.church\/rio\/pt\/wp-json\/wp\/v2\/pages\/1961","targetHints":{"allow":["GET"]}}],"collection":[{"href":"https:\/\/icf.church\/rio\/pt\/wp-json\/wp\/v2\/pages"}],"about":[{"href":"https:\/\/icf.church\/rio\/pt\/wp-json\/wp\/v2\/types\/page"}],"author":[{"embeddable":true,"href":"https:\/\/icf.church\/rio\/pt\/wp-json\/wp\/v2\/users\/186"}],"replies":[{"embeddable":true,"href":"https:\/\/icf.church\/rio\/pt\/wp-json\/wp\/v2\/comments?post=1961"}],"version-history":[{"count":4,"href":"https:\/\/icf.church\/rio\/pt\/wp-json\/wp\/v2\/pages\/1961\/revisions"}],"predecessor-version":[{"id":2142,"href":"https:\/\/icf.church\/rio\/pt\/wp-json\/wp\/v2\/pages\/1961\/revisions\/2142"}],"wp:attachment":[{"href":"https:\/\/icf.church\/rio\/pt\/wp-json\/wp\/v2\/media?parent=1961"}],"curies":[{"name":"wp","href":"https:\/\/api.w.org\/{rel}","templated":true}]}}