{"id":516,"date":"2026-05-27T09:02:20","date_gmt":"2026-05-27T07:02:20","guid":{"rendered":"https:\/\/new.icf.church\/singen\/?page_id=516"},"modified":"2026-08-11T12:33:15","modified_gmt":"2026-08-11T10:33:15","slug":"besuchen","status":"publish","type":"page","link":"https:\/\/icf.church\/singen\/de\/besuchen\/","title":{"rendered":"Besuchen"},"content":{"rendered":"\n<div id=\"block-6\" class=\"mb-4 wp-block-yellowtree-hero-stage\">\n    <div class=\"hero-stage has-links\">\n        \n\n<div id=\"block-2\" class=\"hero-stage-content\">\n    <div class=\"hero-stage-content__background\">\n        <div class=\"overlay-black-25 h-100\">\n                            <img fetchpriority=\"high\" decoding=\"async\" width=\"1707\" height=\"2560\" src=\"https:\/\/icf.church\/singen\/wp-content\/uploads\/sites\/52\/2026\/08\/dsc02154-scaled.jpg\" class=\"hero-stage-media\" alt=\"\" style=\"object-position: 48% 55%;\" aria-hidden=\"true\" loading=\"eager\" srcset=\"https:\/\/icf.church\/singen\/wp-content\/uploads\/sites\/52\/2026\/08\/dsc02154-scaled.jpg 1707w, https:\/\/icf.church\/singen\/wp-content\/uploads\/sites\/52\/2026\/08\/dsc02154-200x300.jpg 200w, https:\/\/icf.church\/singen\/wp-content\/uploads\/sites\/52\/2026\/08\/dsc02154-683x1024.jpg 683w, https:\/\/icf.church\/singen\/wp-content\/uploads\/sites\/52\/2026\/08\/dsc02154-768x1152.jpg 768w, https:\/\/icf.church\/singen\/wp-content\/uploads\/sites\/52\/2026\/08\/dsc02154-1024x1536.jpg 1024w, https:\/\/icf.church\/singen\/wp-content\/uploads\/sites\/52\/2026\/08\/dsc02154-1365x2048.jpg 1365w\" sizes=\"(max-width: 1707px) 100vw, 1707px\" \/>                    <\/div>\n        <div class=\"hero-stage-gradient\"><\/div>\n    <\/div>\n    <div class=\"hero-stage-content__foreground is-layout-constrained\">\n        <h1 id=\"block-1\" class=\"display-1 text-center\">\n    Singen<\/h1>    <\/div>\n<\/div>\n\n\n<div id=\"block-5\" class=\"hero-stage-links is-layout-constrained count-2\">\n    <div class=\"icon-link-cards-layout column-gap-3 row-gap-1 justify-content-center break-md\">\n        \n\n<div id=\"block-3\" data-bs-theme=\"dark\" class=\"wp-block-yellowtree-icon-link-card\">\n  <div class='card-body flex-row justify-content-center align-items-center overflow-hidden gap-2 px-5 px-md-3 py-3 py-md-6'>\n    <div class='d-flex align-items-center gap-4 me-auto me-md-0 flex-md-column text-md-center gap-md-3'>\n      <i class='icon-square fs-2 fs-md-lg-const fa-solid fa-party-horn' aria-hidden='true'><\/i>\n      <a class='stretched-link fs-base-const' href='#celebrationzeiten' target=''>\n        Celebration Zeiten      <\/a>\n    <\/div>\n          <i class=\"icon fs-base-const fa-chevron-right ms-auto opacity-50 d-md-none\"><\/i>\n      <\/div>\n<\/div>\n\n\n<div id=\"block-4\" data-bs-theme=\"dark\" class=\"wp-block-yellowtree-icon-link-card\">\n  <div class='card-body flex-row justify-content-center align-items-center overflow-hidden gap-2 px-5 px-md-3 py-3 py-md-6'>\n    <div class='d-flex align-items-center gap-4 me-auto me-md-0 flex-md-column text-md-center gap-md-3'>\n      <i class='icon-square fs-2 fs-md-lg-const fa-solid fa-magnifying-glass' aria-hidden='true'><\/i>\n      <a class='stretched-link fs-base-const' href='#FAQ' target=''>\n        Good to know      <\/a>\n    <\/div>\n          <i class=\"icon fs-base-const fa-chevron-right ms-auto opacity-50 d-md-none\"><\/i>\n      <\/div>\n<\/div>\n    <\/div>\n<\/div>\n    <\/div>\n<\/div>\n\n<h2 id=\"celebrationzeiten\" class=\"mt-6 h2 display-2 text-start\">\n  Sch\u00f6n, dass du da bist<\/h2>\n\n<p id=\"block-7\" class=\"mb-4 text-start wp-block-paragraph\">\n  Jeden Sonntag feiern wir unsere Celebrations \u2013 unser lauter, fr\u00f6hlicher und leidenschaftlicher Gottesdienst und w\u00f6chentliches Highlight!<\/p>\n\n<div id=\"block-10\" class=\"pt-2 pb-2 alignfull is-layout-constrained\">\n  <div>\n            <div class=\"row gx-4 gy-4 \">\n          \n\n<div id=\"block-9\" class=\"col wp-block-yellowtree-column col-12 d-flex flex-column with-streched-height-children align-items-stretch align-items-md-stretch\">\n  <h3 id=\"block-8\" class=\"h3 display-3 text-start\">\n  Celebration<\/h3>\n\n<p id=\"celebrationzeiten-2\" class=\"mb-4 text-start wp-block-paragraph\">\n  Jeden Sonntag feiern wir im ICF Singen an unseren Standorten Gottesdienst &#8211; unsere Celeberations sind gerne laut, fr\u00f6hlich und leidenschaftlich in besonderer Atmosph\u00e4re.<\/p><\/div>\n        <\/div>\n          <\/div>\n<\/div>\n\n<div id=\"block-18\" class=\"pt-2 pb-2 alignfull is-layout-constrained\">\n  <div>\n            <div class=\"row gx-4 gy-4 \">\n          \n\n<div id=\"block-17\" class=\"col wp-block-yellowtree-column col-12 d-flex flex-column with-streched-height-children align-items-stretch align-items-md-stretch\">\n  <div id=\"block-16\" class=\"wp-block-yellowtree-text-image d-flex flex-column flex-lg-row gap-3\">\n    \n\n<div id=\"block-11\" class=\"wp-block-yellowtree-locked-image\">\n    <img decoding=\"async\" width=\"683\" height=\"1024\" src=\"https:\/\/icf.church\/singen\/wp-content\/uploads\/sites\/52\/2026\/05\/celebration-si-683x1024.jpg\" class=\"w-100 h-100 object-fit-cover\" alt=\"\" style=\"object-position: 46% 40%;\" loading=\"lazy\" sizes=\"(max-width: 992px) 100vw, 1600px\" srcset=\"https:\/\/icf.church\/singen\/wp-content\/uploads\/sites\/52\/2026\/05\/celebration-si-683x1024.jpg 683w, https:\/\/icf.church\/singen\/wp-content\/uploads\/sites\/52\/2026\/05\/celebration-si-200x300.jpg 200w, https:\/\/icf.church\/singen\/wp-content\/uploads\/sites\/52\/2026\/05\/celebration-si-768x1152.jpg 768w, https:\/\/icf.church\/singen\/wp-content\/uploads\/sites\/52\/2026\/05\/celebration-si-1024x1536.jpg 1024w, https:\/\/icf.church\/singen\/wp-content\/uploads\/sites\/52\/2026\/05\/celebration-si-1365x2048.jpg 1365w, https:\/\/icf.church\/singen\/wp-content\/uploads\/sites\/52\/2026\/05\/celebration-si-scaled.jpg 1707w\"><\/div>\n\n\n\n<div id=\"block-15\" data-bs-theme=\"dark\" class=\"card wp-block-yellowtree-text-card has-context-height\">\n  <div class=\"card-body px-4 py-6 p-sm-6 p-lg-8\">\n    \n\n<h2 id=\"block-12\">\n    Celebration in Singen<\/h2>\n\n\n<p id=\"block-13\">\n    Jeden Sonntag<br>10:30 Uhr<br>mit ICF Kids von 3-12 Jahre<br><br>Adresse:<br>Forststra\u00dfe 5<br>78224 Singen<br><br>Kostenfreies Parken auf dem Rewe Parkplatz m\u00f6glich<\/p>\n\n\n  <div>\n    <a id=\"block-14\" href=\"https:\/\/maps.app.goo.gl\/cc9LbGG4kXmYQNS27\" rel=\"\" target=\"_blank\" class=\"wp-block-yellowtree-button-link btn btn-default\">\n      <span>Anfahrt planen<\/span>\n              <i class=\"icon fs-base-const fa-solid fa-location-dot\" aria-hidden=\"true\"><\/i>\n          <\/a>\n  <\/div>\n\n  <\/div>\n<\/div>\n<\/div><\/div>\n        <\/div>\n          <\/div>\n<\/div>\n\n\n<div id=\"block-24\" class=\"wp-block-yellowtree-text-image d-flex flex-column flex-lg-row gap-3\">\n    \n\n<div id=\"block-19\" class=\"wp-block-yellowtree-locked-image\">\n    <img decoding=\"async\" width=\"1024\" height=\"683\" src=\"https:\/\/icf.church\/singen\/wp-content\/uploads\/sites\/52\/2026\/05\/stdort-passarella-1024x683.jpg\" class=\"w-100 h-100 object-fit-cover\" alt=\"\" style=\"object-position: 50% 50%;\" loading=\"lazy\" sizes=\"(max-width: 992px) 100vw, 1600px\" srcset=\"https:\/\/icf.church\/singen\/wp-content\/uploads\/sites\/52\/2026\/05\/stdort-passarella-1024x683.jpg 1024w, https:\/\/icf.church\/singen\/wp-content\/uploads\/sites\/52\/2026\/05\/stdort-passarella-300x200.jpg 300w, https:\/\/icf.church\/singen\/wp-content\/uploads\/sites\/52\/2026\/05\/stdort-passarella-768x512.jpg 768w, https:\/\/icf.church\/singen\/wp-content\/uploads\/sites\/52\/2026\/05\/stdort-passarella-1536x1024.jpg 1536w, https:\/\/icf.church\/singen\/wp-content\/uploads\/sites\/52\/2026\/05\/stdort-passarella-2048x1366.jpg 2048w\" \/><\/div>\n\n\n\n<div id=\"block-23\" data-bs-theme=\"dark\" class=\"card wp-block-yellowtree-text-card has-context-height\">\n  <div class=\"card-body px-4 py-6 p-sm-6 p-lg-8\">\n    \n\n<h2 id=\"block-20\">\n    Location Pastoren<\/h2>\n\n\n<p id=\"block-21\">\n    Annike &amp; Alessio Passarella<br><br><br>Verpasse nichts was im ICF Singen l\u00e4uft<\/p>\n\n\n  <div>\n    <a id=\"block-22\" href=\"https:\/\/t.me\/icfsingen\" rel=\"\" target=\"_blank\" class=\"wp-block-yellowtree-button-link btn btn-default\">\n      <span>Telegram Kanal beitreten<\/span>\n              <i class='icon fs-base-const fa-brands fa-telegram' aria-hidden=\"true\"><\/i>\n          <\/a>\n  <\/div>\n\n  <\/div>\n<\/div>\n<\/div>\n\n\n<div id=\"block-26\" class=\"pt-2 pb-2 alignfull is-layout-constrained\">\n  <div>\n            <div class=\"row gx-4 gy-4 \">\n          \n\n<div id=\"block-25\" class=\"col wp-block-yellowtree-column col-12 d-flex flex-column with-streched-height-children align-items-stretch align-items-md-stretch\">\n  <\/div>\n        <\/div>\n          <\/div>\n<\/div>\n\n<h3 id=\"block-27\" class=\"mt-8 mb-2 h3 display-3 text-start\">\n  F\u00fcr jedes Alter<\/h3>\n\n<p id=\"block-28\" class=\"mt-4 mb-4 text-start wp-block-paragraph\">\n  Damit du dich im ICF Singen schnell zu Hause f\u00fchlst, haben wir eigene Angebote f\u00fcr Kinder, Jugendliche und junge Erwachsene. Hier findest du schnell Freunde in deinem Alter.<\/p>\n\n\n<div id=\"block-33\">\n    <div class=\"image-link-cards-layout gap-3\">\n        \n\n<article id=\"block-29\" data-bs-theme=\"dark\" class=\"card wp-block-yellowtree-image-link-card min-h-0 text-decoration-none\" style=\"--card-aspect-ratio:1;--card-img-position:50% 50%\">\n      <img decoding=\"async\" width=\"1024\" height=\"683\" src=\"https:\/\/icf.church\/singen\/wp-content\/uploads\/sites\/52\/2026\/08\/icfkids-1024x683.jpg\" class=\"card-bg-img opacity-75\" alt=\"\" aria-hidden=\"true\" loading=\"lazy\" sizes=\"(min-width: 992px) 25vw, 50vw\" srcset=\"https:\/\/icf.church\/singen\/wp-content\/uploads\/sites\/52\/2026\/08\/icfkids-1024x683.jpg 1024w, https:\/\/icf.church\/singen\/wp-content\/uploads\/sites\/52\/2026\/08\/icfkids-300x200.jpg 300w, https:\/\/icf.church\/singen\/wp-content\/uploads\/sites\/52\/2026\/08\/icfkids-768x512.jpg 768w, https:\/\/icf.church\/singen\/wp-content\/uploads\/sites\/52\/2026\/08\/icfkids-1536x1025.jpg 1536w, https:\/\/icf.church\/singen\/wp-content\/uploads\/sites\/52\/2026\/08\/icfkids-2048x1366.jpg 2048w\" \/>    <div class=\"card-body p-4 justify-content-center\">\n    <div class=\"mh-100 overflow-y-hidden\">\n              <p id=\"block-29-heading\" class=\"h2 fs-md-h2 fs-lg-h3-const fs-xxl-h2 text-center mb-0\">ICF Kids<\/p>\n          <\/div>\n  <\/div>\n<\/article>\n\n\n<article id=\"block-30\" data-bs-theme=\"dark\" class=\"card wp-block-yellowtree-image-link-card min-h-0 text-decoration-none\" style=\"--card-aspect-ratio:1;--card-img-position:50% 50%\">\n      <img decoding=\"async\" width=\"1024\" height=\"683\" src=\"https:\/\/icf.church\/singen\/wp-content\/uploads\/sites\/52\/2026\/08\/icfteens-1024x683.jpg\" class=\"card-bg-img opacity-75\" alt=\"\" aria-hidden=\"true\" loading=\"lazy\" sizes=\"(min-width: 992px) 25vw, 50vw\" srcset=\"https:\/\/icf.church\/singen\/wp-content\/uploads\/sites\/52\/2026\/08\/icfteens-1024x683.jpg 1024w, https:\/\/icf.church\/singen\/wp-content\/uploads\/sites\/52\/2026\/08\/icfteens-300x200.jpg 300w, https:\/\/icf.church\/singen\/wp-content\/uploads\/sites\/52\/2026\/08\/icfteens-768x512.jpg 768w, https:\/\/icf.church\/singen\/wp-content\/uploads\/sites\/52\/2026\/08\/icfteens-1536x1025.jpg 1536w, https:\/\/icf.church\/singen\/wp-content\/uploads\/sites\/52\/2026\/08\/icfteens-2048x1367.jpg 2048w\" \/>    <div class=\"card-body p-4 justify-content-center\">\n    <div class=\"mh-100 overflow-y-hidden\">\n              <p id=\"block-30-heading\" class=\"h2 fs-md-h2 fs-lg-h3-const fs-xxl-h2 text-center mb-0\">ICF Teens<\/p>\n          <\/div>\n  <\/div>\n<\/article>\n\n\n<article id=\"block-31\" data-bs-theme=\"dark\" class=\"card wp-block-yellowtree-image-link-card min-h-0 text-decoration-none\" style=\"--card-aspect-ratio:1;--card-img-position:50% 50%\">\n      <img decoding=\"async\" width=\"683\" height=\"1024\" src=\"https:\/\/icf.church\/singen\/wp-content\/uploads\/sites\/52\/2026\/08\/dsc08113-683x1024.jpg\" class=\"card-bg-img opacity-75\" alt=\"\" aria-hidden=\"true\" loading=\"lazy\" sizes=\"(min-width: 992px) 25vw, 50vw\" srcset=\"https:\/\/icf.church\/singen\/wp-content\/uploads\/sites\/52\/2026\/08\/dsc08113-683x1024.jpg 683w, https:\/\/icf.church\/singen\/wp-content\/uploads\/sites\/52\/2026\/08\/dsc08113-200x300.jpg 200w, https:\/\/icf.church\/singen\/wp-content\/uploads\/sites\/52\/2026\/08\/dsc08113-768x1152.jpg 768w, https:\/\/icf.church\/singen\/wp-content\/uploads\/sites\/52\/2026\/08\/dsc08113-1024x1536.jpg 1024w, https:\/\/icf.church\/singen\/wp-content\/uploads\/sites\/52\/2026\/08\/dsc08113-1365x2048.jpg 1365w, https:\/\/icf.church\/singen\/wp-content\/uploads\/sites\/52\/2026\/08\/dsc08113-scaled.jpg 1707w\" \/>    <div class=\"card-body p-4 justify-content-center\">\n    <div class=\"mh-100 overflow-y-hidden\">\n              <p id=\"block-31-heading\" class=\"h2 fs-md-h2 fs-lg-h3-const fs-xxl-h2 text-center mb-0\">ICF Youth<\/p>\n          <\/div>\n  <\/div>\n<\/article>\n\n\n<a id=\"block-32\" data-bs-theme=\"dark\" href=\"https:\/\/icf.church\/singen\/de\/smallgroups\/\" class=\"card wp-block-yellowtree-image-link-card min-h-0 text-decoration-none\" style=\"--card-aspect-ratio:1;--card-img-position:50% 50%\">\n      <img decoding=\"async\" width=\"683\" height=\"1024\" src=\"https:\/\/icf.church\/singen\/wp-content\/uploads\/sites\/52\/2025\/10\/sundaynight-683x1024.jpg\" class=\"card-bg-img opacity-75\" alt=\"\" aria-hidden=\"true\" loading=\"lazy\" sizes=\"(min-width: 992px) 25vw, 50vw\" srcset=\"https:\/\/icf.church\/singen\/wp-content\/uploads\/sites\/52\/2025\/10\/sundaynight-683x1024.jpg 683w, https:\/\/icf.church\/singen\/wp-content\/uploads\/sites\/52\/2025\/10\/sundaynight-200x300.jpg 200w, https:\/\/icf.church\/singen\/wp-content\/uploads\/sites\/52\/2025\/10\/sundaynight-768x1152.jpg 768w, https:\/\/icf.church\/singen\/wp-content\/uploads\/sites\/52\/2025\/10\/sundaynight-1024x1536.jpg 1024w, https:\/\/icf.church\/singen\/wp-content\/uploads\/sites\/52\/2025\/10\/sundaynight.jpg 1280w\" \/>    <div class=\"card-body p-4 justify-content-center\">\n    <div class=\"mh-100 overflow-y-hidden\">\n              <p id=\"block-32-heading\" class=\"h2 fs-md-h2 fs-lg-h3-const fs-xxl-h2 text-center mb-0\">Smallgroup<\/p>\n          <\/div>\n  <\/div>\n<\/a>\n    <\/div>\n<\/div>\n\n<h3 id=\"FAQ\" class=\"mt-7 h3 display-3 text-start\">\n  FAQ &#8211; Good to know<\/h3>\n\n<p id=\"block-34\" class=\"mb-4 text-start wp-block-paragraph\">\n  Du hast noch Fragen? Hier findest du Antworten<\/p>\n\n\n<div id=\"block-49\" class=\"accordion\">\n  <body>\n\n<div id=\"block-38\" data-bs-theme=\"dark\" class=\"overflow-hidden wp-block-yellowtree-accordion-item\">\n  <div class=\"accordion-header\">\n    <button class=\"accordion-button rounded-0 collapsed focus-ring-inset\" type=\"button\" data-bs-toggle=\"collapse\" data-bs-target=\"#block-38-collapse\" aria-expanded=\"false\" aria-controls=\"block-38-collapse\">\n      <div>\n        <h3 class=\"mb-0\">\n          Was ist eine Celebration und wie lange geht das?        <\/h3>\n              <\/div>\n      <div class=\"ms-auto accordion-icons icon-container-base\">\n        <i class=\"icon fa-arrow-right accordion-icon-default\"><\/i>\n        <i class=\"icon fa-close accordion-icon-alt\"><\/i>\n      <\/div>\n    <\/button>\n  <\/div>\n  <div id=\"block-38-collapse\" class=\"accordion-collapse collapse \">\n    <div class=\"accordion-body pt-0\">\n      <p id=\"block-35\" class=\"text-start wp-block-paragraph\">\n  Celebration, so nennen wir unseren w\u00f6chentlichen Gottesdienst. Celebration, weil wir hier gemeinsam unseren Gott feiern m\u00f6chten.<\/p>\n\n<p id=\"block-36\" class=\"text-start wp-block-paragraph\">\n  Darum darf es auch etwas laut, fr\u00f6hlich und leidenschaftlich sein. Etwas anders, als du es dir vielleicht von der traditionellen Kirche her gewohnt bist.<\/p>\n\n<p id=\"block-37\" class=\"text-start wp-block-paragraph\">\n  Eine Celebration dauert knapp 90 Minuten und besteht haupts\u00e4chlich aus Worship, wo wir gemeinsam singen, und einer Predigt, welche dich f\u00fcr deinen Alltag ermutigen soll.<\/p>    <\/div>\n  <\/div>\n<\/div>\n\n\n<div id=\"block-40\" data-bs-theme=\"dark\" class=\"overflow-hidden wp-block-yellowtree-accordion-item\">\n  <div class=\"accordion-header\">\n    <button class=\"accordion-button rounded-0 collapsed focus-ring-inset\" type=\"button\" data-bs-toggle=\"collapse\" data-bs-target=\"#block-40-collapse\" aria-expanded=\"false\" aria-controls=\"block-40-collapse\">\n      <div>\n        <h3 class=\"mb-0\">\n          Was soll ich anziehen? Gibt es einen Dresscode?        <\/h3>\n              <\/div>\n      <div class=\"ms-auto accordion-icons icon-container-base\">\n        <i class=\"icon fa-arrow-right accordion-icon-default\"><\/i>\n        <i class=\"icon fa-close accordion-icon-alt\"><\/i>\n      <\/div>\n    <\/button>\n  <\/div>\n  <div id=\"block-40-collapse\" class=\"accordion-collapse collapse \">\n    <div class=\"accordion-body pt-0\">\n      <p id=\"block-39\" class=\"text-start wp-block-paragraph\">\n  Es gibt keinen Dresscode \u2013 du kannst einfach so kommen, wie du dich in deiner Freizeit kleidest und dich wohl f\u00fchlst.<\/p>    <\/div>\n  <\/div>\n<\/div>\n\n\n<div id=\"block-42\" data-bs-theme=\"dark\" class=\"overflow-hidden wp-block-yellowtree-accordion-item\">\n  <div class=\"accordion-header\">\n    <button class=\"accordion-button rounded-0 collapsed focus-ring-inset\" type=\"button\" data-bs-toggle=\"collapse\" data-bs-target=\"#block-42-collapse\" aria-expanded=\"false\" aria-controls=\"block-42-collapse\">\n      <div>\n        <h3 class=\"mb-0\">\n          Wieviel vor Beginn soll ich da sein?        <\/h3>\n              <\/div>\n      <div class=\"ms-auto accordion-icons icon-container-base\">\n        <i class=\"icon fa-arrow-right accordion-icon-default\"><\/i>\n        <i class=\"icon fa-close accordion-icon-alt\"><\/i>\n      <\/div>\n    <\/button>\n  <\/div>\n  <div id=\"block-42-collapse\" class=\"accordion-collapse collapse \">\n    <div class=\"accordion-body pt-0\">\n      <p id=\"block-41\" class=\"text-start wp-block-paragraph\">\n  Es lohnt sich immer, fr\u00fcher da zu sein! Egal ob du noch einen Kaffee trinken m\u00f6chtest, deine Kinder bei ICF Kids abgeben willst oder einfach, um selbst richtig anzukommen. Komm gerne 10 \u2013 30 Minuten vor dem Start der Celebration.<\/p>    <\/div>\n  <\/div>\n<\/div>\n\n\n<div id=\"block-44\" data-bs-theme=\"dark\" class=\"overflow-hidden wp-block-yellowtree-accordion-item\">\n  <div class=\"accordion-header\">\n    <button class=\"accordion-button rounded-0 collapsed focus-ring-inset\" type=\"button\" data-bs-toggle=\"collapse\" data-bs-target=\"#block-44-collapse\" aria-expanded=\"false\" aria-controls=\"block-44-collapse\">\n      <div>\n        <h3 class=\"mb-0\">\n          Kann ich meine Kinder mitbringen?        <\/h3>\n              <\/div>\n      <div class=\"ms-auto accordion-icons icon-container-base\">\n        <i class=\"icon fa-arrow-right accordion-icon-default\"><\/i>\n        <i class=\"icon fa-close accordion-icon-alt\"><\/i>\n      <\/div>\n    <\/button>\n  <\/div>\n  <div id=\"block-44-collapse\" class=\"accordion-collapse collapse \">\n    <div class=\"accordion-body pt-0\">\n      <p id=\"block-43\" class=\"text-start wp-block-paragraph\">\n  Super gerne! F\u00fcr Kinder von 3-12 Jahren gibt es einen eigenen Kindergottesdienst in verschiedenen Altersgruppen. Hier wird gespielt, gesungen und kreativ gearbeitet. Sprich einfach jemanden mit &#8222;Welcome Home&#8220; T-Shirt an, dann wird dir gezeigt wo der Kids CheckIn ist. F\u00fcr Kinder unter 3 Jahren gibt es einen Raum zum Spielen (mit einem Elternteil dabei) und mit Live\u00fcbertragung der Celebration.<\/p>    <\/div>\n  <\/div>\n<\/div>\n\n\n<div id=\"block-46\" data-bs-theme=\"dark\" class=\"overflow-hidden wp-block-yellowtree-accordion-item\">\n  <div class=\"accordion-header\">\n    <button class=\"accordion-button rounded-0 collapsed focus-ring-inset\" type=\"button\" data-bs-toggle=\"collapse\" data-bs-target=\"#block-46-collapse\" aria-expanded=\"false\" aria-controls=\"block-46-collapse\">\n      <div>\n        <h3 class=\"mb-0\">\n          Wo kann ich parken?        <\/h3>\n              <\/div>\n      <div class=\"ms-auto accordion-icons icon-container-base\">\n        <i class=\"icon fa-arrow-right accordion-icon-default\"><\/i>\n        <i class=\"icon fa-close accordion-icon-alt\"><\/i>\n      <\/div>\n    <\/button>\n  <\/div>\n  <div id=\"block-46-collapse\" class=\"accordion-collapse collapse \">\n    <div class=\"accordion-body pt-0\">\n      <p id=\"block-45\" class=\"text-start wp-block-paragraph\">\n  Auf dem REWE Parkplatz kann sonntags kostenfrei geparkt werden.<\/p>    <\/div>\n  <\/div>\n<\/div>\n\n\n<div id=\"block-48\" data-bs-theme=\"dark\" class=\"overflow-hidden wp-block-yellowtree-accordion-item\">\n  <div class=\"accordion-header\">\n    <button class=\"accordion-button rounded-0 collapsed focus-ring-inset\" type=\"button\" data-bs-toggle=\"collapse\" data-bs-target=\"#block-48-collapse\" aria-expanded=\"false\" aria-controls=\"block-48-collapse\">\n      <div>\n        <h3 class=\"mb-0\">\n          Du hast weitere Fragen?        <\/h3>\n              <\/div>\n      <div class=\"ms-auto accordion-icons icon-container-base\">\n        <i class=\"icon fa-arrow-right accordion-icon-default\"><\/i>\n        <i class=\"icon fa-close accordion-icon-alt\"><\/i>\n      <\/div>\n    <\/button>\n  <\/div>\n  <div id=\"block-48-collapse\" class=\"accordion-collapse collapse \">\n    <div class=\"accordion-body pt-0\">\n      <p id=\"block-47\" class=\"text-start wp-block-paragraph\">\n  Wenn du weitere Fragen hast nutze gerne unser <a href=\"https:\/\/icf.church\/swb\/de\/kontakt\/\">Kontaktformular!<\/a><\/p>    <\/div>\n  <\/div>\n<\/div>\n<\/body><\/div>\n\n\n<div>\n  <div id=\"block-57\" class=\"mt-8 mb-8 wp-block-yellowtree-connect-social connect-social\">\n      \n\n<h2 id=\"block-50\" class=\"text-center display-2 mb-5\">\n    Stay Updated<\/h2>\n\n\n<p id=\"block-51\" class=\"text-center mb-6\">\n    Abonniere ICF Singen auf Telegram und Social Media und verpass nichts mehr.<br>Hier erh\u00e4ltst du regelm\u00e4ssig kurze News &amp; Updates \u00fcber Angebote und Events.<\/p>\n\n\n<div id=\"block-56\" class=\"wp-block-yellowtree-connect-social-links d-flex gap-1 gap-md-5 justify-content-center\">\n  <html><body>\n\n<a id=\"block-52\" href=\"https:\/\/t.me\/icfsingen\" target=\"_blank\" data-variation=\"telegram\" class=\"wp-block-yellowtree-connect-social-link btn\" aria-label=\"Telegram Link\">\n  <i class=\"icon connect-social-icon fs-md-lg-const fs-h3-const fa-brands fa-telegram\" aria-hidden=\"true\"><\/i>\n<\/a>\n\n\n<a id=\"block-53\" href=\"https:\/\/instagram.com\/icfsingen\/\" target=\"_blank\" data-variation=\"instagram\" class=\"wp-block-yellowtree-connect-social-link btn\" aria-label=\"Instagram Link\">\n  <i class=\"icon connect-social-icon fs-md-lg-const fs-h3-const fa-brands fa-instagram\" aria-hidden=\"true\"><\/i>\n<\/a>\n\n\n\n\n\n<a id=\"block-55\" href=\"https:\/\/youtube.com\/@ICFswb\" target=\"_blank\" data-variation=\"youtube\" class=\"wp-block-yellowtree-connect-social-link btn\" aria-label=\"Youtube Link\">\n  <i class=\"icon connect-social-icon fs-md-lg-const fs-h3-const fa-brands fa-youtube\" aria-hidden=\"true\"><\/i>\n<\/a>\n<\/body><\/html><\/div>\n  <\/div>\n<\/div>\n\n\n\n<div id=\"block-60\" data-bs-theme=\"dark\" class=\"wp-block-yellowtree-divider-card card d-flex flex-column flex-lg-row py-6 py-lg-0\">\n  \n\n<div id=\"block-58\" class=\"wp-block-yellowtree-divider-card-item flex-1 d-flex flex-column position-relative text-center py-6 py-lg-10\">\n  <div class='mb-2'>\n    <div class='d-flex flex-column align-items-center gap-2'>\n      <i class='icon fs-lg-const fa-solid fa-users' aria-hidden='true'><\/i>\n      <h3 class='mb-0'>\n        <span class=\"text-container\">\n          Anschluss finden        <\/span>\n      <\/h3>\n    <\/div>\n  <\/div>\n  <div class='mt-auto'>\n    <a class='text-arrow-link fs-sm text-light-3' href=\"https:\/\/icf.church\/singen\/de\/findeanschluss\/\">\n      Los geht&#039;s    <\/a>\n  <\/div>\n<\/div>\n\n\n<div id=\"block-59\" class=\"wp-block-yellowtree-divider-card-item flex-1 d-flex flex-column position-relative text-center py-6 py-lg-10\">\n  <div class='mb-2'>\n    <div class='d-flex flex-column align-items-center gap-2'>\n      <i class='icon fs-lg-const fa-video' aria-hidden='true'><\/i>\n      <h3 class='mb-0'>\n        <span class=\"text-container\">\n          Online reinschauen        <\/span>\n      <\/h3>\n    <\/div>\n  <\/div>\n  <div class='mt-auto'>\n    <a class='text-arrow-link fs-sm text-light-3' href=\"https:\/\/icf.church\/swb\/de\/online\/\" target=\"_blank\">\n      Los geht&#039;s    <\/a>\n  <\/div>\n<\/div>\n<\/div>","protected":false},"excerpt":{"rendered":"<p>Unser Highlight an jedem Sonntag \u2013 die Celebrations \u2013 unser w\u00f6chentlicher Gottesdienst. Und der darf gern etwas anders sein: laut, fr\u00f6hlich und leidenschaftlich.<\/p>\n","protected":false},"author":203,"featured_media":665,"parent":0,"menu_order":0,"comment_status":"closed","ping_status":"closed","template":"","meta":{"_acf_changed":false,"_seopress_titles_title":"","_seopress_titles_desc":"","_seopress_robots_index":"","_seopress_robots_follow":"","_seopress_robots_imageindex":"","_seopress_robots_snippet":"","_seopress_robots_primary_cat":"","_seopress_robots_breadcrumbs":"","_seopress_robots_freeze_modified_date":"","_seopress_robots_custom_modified_date":"","_seopress_robots_canonical":"","_seopress_social_fb_title":"","_seopress_social_fb_desc":"","_seopress_social_fb_img":"","_seopress_social_fb_img_attachment_id":0,"_seopress_social_fb_img_width":0,"_seopress_social_fb_img_height":0,"_seopress_social_twitter_title":"","_seopress_social_twitter_desc":"","_seopress_social_twitter_img":"","_seopress_social_twitter_img_attachment_id":0,"_seopress_social_twitter_img_width":0,"_seopress_social_twitter_img_height":0,"_seopress_redirections_value":"","_seopress_redirections_enabled":"","_seopress_redirections_enabled_regex":"","_seopress_redirections_logged_status":"","_seopress_redirections_param":"","_seopress_redirections_type":0,"_seopress_analysis_target_kw":"","_seopress_news_disabled":"","_seopress_video_disabled":"","_seopress_video":[],"_seopress_pro_schemas_manual":[],"_seopress_pro_rich_snippets_disable_all":"","_seopress_pro_rich_snippets_disable":[],"_seopress_pro_schemas":[],"yt_custom_styles_scss":"","yt_custom_styles_rounded_corners":false,"yt_custom_styles_color_scheme":"","footnotes":""},"class_list":["post-516","page","type-page","status-publish","has-post-thumbnail","hentry"],"acf":[],"_links":{"self":[{"href":"https:\/\/icf.church\/singen\/de\/wp-json\/wp\/v2\/pages\/516","targetHints":{"allow":["GET"]}}],"collection":[{"href":"https:\/\/icf.church\/singen\/de\/wp-json\/wp\/v2\/pages"}],"about":[{"href":"https:\/\/icf.church\/singen\/de\/wp-json\/wp\/v2\/types\/page"}],"author":[{"embeddable":true,"href":"https:\/\/icf.church\/singen\/de\/wp-json\/wp\/v2\/users\/203"}],"replies":[{"embeddable":true,"href":"https:\/\/icf.church\/singen\/de\/wp-json\/wp\/v2\/comments?post=516"}],"version-history":[{"count":20,"href":"https:\/\/icf.church\/singen\/de\/wp-json\/wp\/v2\/pages\/516\/revisions"}],"predecessor-version":[{"id":677,"href":"https:\/\/icf.church\/singen\/de\/wp-json\/wp\/v2\/pages\/516\/revisions\/677"}],"wp:featuredmedia":[{"embeddable":true,"href":"https:\/\/icf.church\/singen\/de\/wp-json\/wp\/v2\/media\/665"}],"wp:attachment":[{"href":"https:\/\/icf.church\/singen\/de\/wp-json\/wp\/v2\/media?parent=516"}],"curies":[{"name":"wp","href":"https:\/\/api.w.org\/{rel}","templated":true}]}}