{"id":111,"date":"2025-10-02T08:55:48","date_gmt":"2025-10-02T06:55:17","guid":{"rendered":"https:\/\/new.new.icf.church\/stgallen\/?page_id=111"},"modified":"2026-08-27T08:55:38","modified_gmt":"2026-08-27T06:55:38","slug":"home","status":"publish","type":"page","link":"https:\/\/icf.church\/stgallen\/de\/","title":{"rendered":"Welcome Home"},"content":{"rendered":"\n<div id=\"block-7\" class=\"is-style-startpage wp-block-yellowtree-hero-stage alignfull\">\n    <div class=\"hero-stage has-links\">\n        \n\n<div id=\"block-2\" class=\"hero-stage-content\">\n    <div class=\"hero-stage-content__background\">\n        <div class=\"overlay-black-25 h-100\">\n                            <video src=\"https:\/\/icf.church\/stgallen\/wp-content\/uploads\/sites\/69\/2026\/08\/icf-sg-web-header_comp.mp4\" autoplay=\"\" playsinline=\"\" loop=\"\" muted=\"\" aria-hidden=\"true\" loading=\"eager\" class=\"hero-stage-media\" style=\"object-position:51% 49%\"><\/video>                    <\/div>\n        <div class=\"hero-stage-gradient\"><\/div>\n    <\/div>\n    <div class=\"hero-stage-content__foreground is-layout-constrained\">\n        <h1 id=\"block-1\" class=\"display-1 text-center\">\n    Kirche erleben<\/h1>    <\/div>\n<\/div>\n\n\n<div id=\"block-6\" class=\"hero-stage-links is-layout-constrained count-3\">\n    <div class=\"icon-link-cards-layout column-gap-3 row-gap-1 justify-content-center break-md\">\n        \n\n<div id=\"block-3\" data-bs-theme=\"dark\" class=\"wp-block-yellowtree-icon-link-card\">\n  <div class='card-body flex-row justify-content-center align-items-center overflow-hidden gap-2 px-5 px-md-3 py-3 py-md-6'>\n    <div class='d-flex align-items-center gap-4 me-auto me-md-0 flex-md-column text-md-center gap-md-3'>\n      <i class='icon-square fs-2 fs-md-lg-const fa-solid fa-handshake' aria-hidden='true'><\/i>\n      <a class='stretched-link fs-base-const' href='https:\/\/icf.church\/stgallen\/de\/about\/' target=''>\n        Ich bin neu hier      <\/a>\n    <\/div>\n          <i class=\"icon fs-base-const fa-chevron-right ms-auto opacity-50 d-md-none\"><\/i>\n      <\/div>\n<\/div>\n\n\n<div id=\"block-4\" data-bs-theme=\"dark\" class=\"wp-block-yellowtree-icon-link-card\">\n  <div class='card-body flex-row justify-content-center align-items-center overflow-hidden gap-2 px-5 px-md-3 py-3 py-md-6'>\n    <div class='d-flex align-items-center gap-4 me-auto me-md-0 flex-md-column text-md-center gap-md-3'>\n      <i class='icon-square fs-2 fs-md-lg-const fa-solid fa-location-dot' aria-hidden='true'><\/i>\n      <a class='stretched-link fs-base-const' href='https:\/\/icf.church\/stgallen\/de\/besuchen\/' target=''>\n        Besuch uns      <\/a>\n    <\/div>\n          <i class=\"icon fs-base-const fa-chevron-right ms-auto opacity-50 d-md-none\"><\/i>\n      <\/div>\n<\/div>\n\n\n<div id=\"block-5\" data-bs-theme=\"dark\" class=\"wp-block-yellowtree-icon-link-card\">\n  <div class='card-body flex-row justify-content-center align-items-center overflow-hidden gap-2 px-5 px-md-3 py-3 py-md-6'>\n    <div class='d-flex align-items-center gap-4 me-auto me-md-0 flex-md-column text-md-center gap-md-3'>\n      <i class='icon-square fs-2 fs-md-lg-const fa-signal-stream' aria-hidden='true'><\/i>\n      <a class='stretched-link fs-base-const' href='https:\/\/www.youtube.com\/@icfst.gallen' target='_blank'>\n        Online Stream      <\/a>\n    <\/div>\n          <i class=\"icon fs-base-const fa-chevron-right ms-auto opacity-50 d-md-none\"><\/i>\n      <\/div>\n<\/div>\n    <\/div>\n<\/div>\n    <\/div>\n<\/div>\n\n<h3 id=\"block-8\" class=\"mt-2 mb-2 h3 display-3 text-start\">\n  Willkommen im ICF St.Gallen<\/h3>\n\n<h2 id=\"block-9\" class=\"h2 text-start\">\n  Wir sind eine christliche Kirche auf biblischer Grundlage: authentisch, relevant und begeistert vom Leben mit Jesus.<\/h2>\n\n<div id=\"block-14\" class=\"pt-9 pb-2 alignfull is-layout-constrained\">\n  <div>\n            <div class=\"row gx-4 gy-4 \">\n          \n\n<div id=\"block-13\" class=\"col wp-block-yellowtree-column col-12 d-flex flex-column with-streched-height-children align-items-stretch align-items-md-stretch\">\n  <h3 id=\"block-10\" class=\"h3 display-3 text-start\">\n  Unser Auftrag<\/h3>\n\n<p id=\"block-11\" class=\"mb-6 fs-lg text-start wp-block-paragraph\">\n  Als Kirche ist es unsere Leidenschaft, dass Menschen Jesus Christus \u00e4hnlicher werden, furchtlos leben und ihr Umfeld positiv ver\u00e4ndern.<br><br>ICF ist eine christliche Kirche auf biblischer Grundlage. Wir sind aus dem Traum entstanden, Kirche f\u00fcr die Menschen dynamisch, lebensnah und zeitgem\u00e4ss zu gestalten.<\/p>\n\n<p id=\"block-12\" class=\"text-start wp-block-paragraph\">\n  <a href=\"https:\/\/icf.church\/vision\" target=\"_blank\" rel=\"noopener\" class=\"wp-block-yellowtree-button-link btn btn-default\">Unsere Vision<\/a><\/p><\/div>\n        <\/div>\n          <\/div>\n<\/div>\n\n<div id=\"block-31\" class=\"pt-6 pb-2 alignfull is-layout-constrained\">\n  <div>\n            <div class=\"row gx-4 gy-4 \">\n          \n\n<div id=\"block-30\" class=\"col wp-block-yellowtree-column col-12 d-flex flex-column with-streched-height-children align-items-stretch align-items-md-stretch\">\n  <h3 id=\"block-15\" class=\"h3 display-3 text-start\">\n  Aktuelle Angebote &amp; Events<\/h3>\n\n<h3 id=\"block-16\" class=\"mb-4 h3 text-start\">\n  Entdecke unsere Angebote und wie du im Glauben wachsen kannst<\/h3>\n\n<div id=\"block-19\" class=\"pt-2 pb-2 alignfull is-layout-constrained\">\n  <div>\n            <div class=\"row gx-4 gy-4 \">\n          \n\n<div id=\"block-18\" class=\"col wp-block-yellowtree-column col-12 d-flex flex-column justify-content-center align-items-center align-items-md-end\">\n  <div>\n    <a id=\"block-17\" href=\"https:\/\/icf.church\/stgallen\/de\/angebote\/\" rel=\"\" class=\"wp-block-yellowtree-button-link btn btn-outline-default btn-sm\">\n      <span>Alle Angebote &amp; Events<\/span>\n              <i class=\"icon fs-base-const fa-solid fa-arrow-right\" aria-hidden=\"true\"><\/i>\n          <\/a>\n  <\/div><\/div>\n        <\/div>\n          <\/div>\n<\/div>\n\n<div id=\"block-29\" class=\"mb-10 alignfull is-layout-constrained\">\n  <swiper-container init=\"false\" data-yt-template=\"3-col\" data-yt-pagination=\"true\" data-yt-navigation=\"false\" class=\"has-full-height-slides \">\n          <swiper-slide><article id=\"block-22\" data-bs-theme=\"dark\" class=\"wp-block-yellowtree-card card has-context-height\" style=\"--card-img-position:50% 50%\">\n        <img decoding=\"async\" width=\"1024\" height=\"576\" src=\"https:\/\/icf.church\/stgallen\/wp-content\/uploads\/sites\/69\/2026\/06\/gebetsabend_keyvisual-1024x576.jpg\" class=\"card-img-top\" alt=\"\" draggable=\"false\" loading=\"lazy\" srcset=\"https:\/\/icf.church\/stgallen\/wp-content\/uploads\/sites\/69\/2026\/06\/gebetsabend_keyvisual-1024x576.jpg 1024w, https:\/\/icf.church\/stgallen\/wp-content\/uploads\/sites\/69\/2026\/06\/gebetsabend_keyvisual-300x169.jpg 300w, https:\/\/icf.church\/stgallen\/wp-content\/uploads\/sites\/69\/2026\/06\/gebetsabend_keyvisual-768x432.jpg 768w, https:\/\/icf.church\/stgallen\/wp-content\/uploads\/sites\/69\/2026\/06\/gebetsabend_keyvisual-1536x864.jpg 1536w, https:\/\/icf.church\/stgallen\/wp-content\/uploads\/sites\/69\/2026\/06\/gebetsabend_keyvisual-2048x1152.jpg 2048w\" sizes=\"(max-width: 1024px) 100vw, 1024px\">    <div class=\"card-body\">\n    <h3 class=\"card-title\">Gebets Abend<\/h3>\n    <p class=\"card-text\">Unser Gebets Team trifft sich jeden 2. Dienstag um 19.00 Uhr im ICF zum Gebet. Du bist herzlich eingeladen, dabei zu sein.<\/p>\n    <div id=\"block-21\" class=\"wp-block-yellowtree-card-buttons card-buttons\">\n  \n\n  <div>\n    <a id=\"block-20\" href=\"mailto:wagner.giulia.c@gmail.com\" class=\"wp-block-yellowtree-card-button btn btn-sm btn-secondary\">\n      <span>KONTAKT<\/span>\n              <i class=\"icon fs-base-const fa-arrow-right\" aria-hidden=\"true\"><\/i>\n          <\/a>\n  <\/div>\n\n<\/div>  <\/div>\n<\/article><\/swiper-slide>\n          <swiper-slide><article id=\"block-25\" data-bs-theme=\"dark\" class=\"wp-block-yellowtree-card card has-context-height\" style=\"--card-img-position:50% 50%\">\n      <div class=\"card-tags card-tags--float\">\n                <div class=\"badge text-bg-white\" style=\"\">\n            NEU          <\/div>\n          <\/div>\n        <img decoding=\"async\" width=\"1024\" height=\"576\" src=\"https:\/\/icf.church\/stgallen\/wp-content\/uploads\/sites\/69\/2026\/05\/open-small-group_keydesign-1024x576.jpg\" class=\"card-img-top\" alt=\"\" draggable=\"false\" loading=\"lazy\" srcset=\"https:\/\/icf.church\/stgallen\/wp-content\/uploads\/sites\/69\/2026\/05\/open-small-group_keydesign-1024x576.jpg 1024w, https:\/\/icf.church\/stgallen\/wp-content\/uploads\/sites\/69\/2026\/05\/open-small-group_keydesign-300x169.jpg 300w, https:\/\/icf.church\/stgallen\/wp-content\/uploads\/sites\/69\/2026\/05\/open-small-group_keydesign-768x432.jpg 768w, https:\/\/icf.church\/stgallen\/wp-content\/uploads\/sites\/69\/2026\/05\/open-small-group_keydesign-1536x864.jpg 1536w, https:\/\/icf.church\/stgallen\/wp-content\/uploads\/sites\/69\/2026\/05\/open-small-group_keydesign-2048x1152.jpg 2048w\" sizes=\"(max-width: 1024px) 100vw, 1024px\">    <div class=\"card-body\">\n    <h3 class=\"card-title\">Open Small Group<\/h3>\n    <p class=\"card-text\">Die Open Small Group ist f\u00fcr Jeden gedacht der neu im ICF ist oder eine zeitlich begrenzte Small Group sucht. Sie dient zum connecten und integrieren. Wir treffen uns alle 2 Wochen am Mittwoch Abend um 19:15 im ICF St.Gallen.<\/p>\n    <div id=\"block-24\" class=\"wp-block-yellowtree-card-buttons card-buttons\">\n  \n\n  <div>\n    <a id=\"block-23\" href=\"https:\/\/connect.donkeymobile.com\/share\/app.donkeymobile.sanktgallenicf?groupId=68f792a44128a46a7911fee5\" target=\"_blank\" class=\"wp-block-yellowtree-card-button btn btn-sm btn-secondary\">\n      <span>ZUR APP-GRUPPE<\/span>\n              <i class=\"icon fs-base-const fa-arrow-right\" aria-hidden=\"true\"><\/i>\n          <\/a>\n  <\/div>\n\n<\/div>  <\/div>\n<\/article><\/swiper-slide>\n          <swiper-slide><article id=\"block-28\" data-bs-theme=\"dark\" class=\"wp-block-yellowtree-card card has-context-height\" style=\"--card-img-position:50% 50%\">\n      <div class=\"card-tags card-tags--float\">\n                <div class=\"badge text-bg-primary\" style=\"\">\n            MOVEMENT          <\/div>\n          <\/div>\n        <img decoding=\"async\" width=\"1024\" height=\"576\" src=\"https:\/\/icf.church\/stgallen\/wp-content\/uploads\/sites\/69\/2026\/07\/conf27_keyvisual_3840x2160px-1024x576.jpg\" class=\"card-img-top\" alt=\"\" draggable=\"false\" loading=\"lazy\" srcset=\"https:\/\/icf.church\/stgallen\/wp-content\/uploads\/sites\/69\/2026\/07\/conf27_keyvisual_3840x2160px-1024x576.jpg 1024w, https:\/\/icf.church\/stgallen\/wp-content\/uploads\/sites\/69\/2026\/07\/conf27_keyvisual_3840x2160px-300x169.jpg 300w, https:\/\/icf.church\/stgallen\/wp-content\/uploads\/sites\/69\/2026\/07\/conf27_keyvisual_3840x2160px-768x432.jpg 768w, https:\/\/icf.church\/stgallen\/wp-content\/uploads\/sites\/69\/2026\/07\/conf27_keyvisual_3840x2160px-1536x864.jpg 1536w, https:\/\/icf.church\/stgallen\/wp-content\/uploads\/sites\/69\/2026\/07\/conf27_keyvisual_3840x2160px-2048x1152.jpg 2048w\" sizes=\"(max-width: 1024px) 100vw, 1024px\">    <div class=\"card-body\">\n    <h3 class=\"card-title\">ICF Conference 2027<\/h3>\n    <p class=\"card-text\">Was klein beginnt, wird kraftvoll wachsen \u2014 und dieses Wachstum bringt Einfluss in dein Umfeld, in unsere Gesellschaft, in Kirchen und zu anderen Christen. Bereit, ein Segen zu sein und dein Umfeld nachhaltig zu pr\u00e4gen? Lass uns gemeinsam neue H\u00f6hen erreichen!<\/p>\n    <div id=\"block-27\" class=\"wp-block-yellowtree-card-buttons card-buttons\">\n  \n\n  <div>\n    <a id=\"block-26\" href=\"https:\/\/icf.church\/conference\/de\" target=\"_blank\" class=\"wp-block-yellowtree-card-button btn btn-sm btn-secondary\">\n      <span>MEHR INFOS<\/span>\n              <i class=\"icon fs-base-const fa-arrow-right\" aria-hidden=\"true\"><\/i>\n          <\/a>\n  <\/div>\n\n<\/div>  <\/div>\n<\/article><\/swiper-slide>\n      <\/swiper-container>\n<\/div><\/div>\n        <\/div>\n          <\/div>\n<\/div>\n\n\n<div id=\"block-37\" class=\"wp-block-yellowtree-fluid-gallery alignfull position-relative is-layout-constrained overflow-hidden\">\n        <div class=\"position-absolute top-2 start-0 end-0 d-none d-md-flex my-0\">\n        <div class=\"ms-auto\">\n            <a href=\"https:\/\/icf.church\/stgallen\/de\/findeanschluss\/\" data-exclude=\"\" class=\"btn btn-outline-default\" style=\"z-index:100\">\n                <i class=\"icon fa-plus\" aria-hidden=\"true\"><\/i>\n                Anschluss finden            <\/a>\n        <\/div>\n    <\/div>\n        <div class=\"position-relative is-layout-constrained alignfull fluid-gallery-height\">\n        <div class=\"position-absolute start-0 end-0 top-0 bottom-0 d-flex justify-content-center align-items-center is-layout-constrained\">\n            <div class=\"fluid-gallery-gradient\"><\/div>\n        <\/div>\n        <div class=\"fluid-gallery-scroll-container d-flex h-100 alignfull position-relative subtle-scrollbar focus-ring\">\n            <div class=\"h-100 fluid-gallery-layout\">\n                <div id=\"block-32\" class=\"wp-block-yellowtree-fluid-gallery-image\">\n    <img decoding=\"async\" width=\"1024\" height=\"683\" src=\"https:\/\/icf.church\/stgallen\/wp-content\/uploads\/sites\/69\/2026\/05\/f2e247ac-c567-4fa0-a2c9-0b794c681bb8-1024x683.jpg\" class=\"w-100 h-100 object-fit-cover rounded\" alt=\"Zwei junge M\u00e4nner stehen nebeneinander, einer l\u00e4chelt, der andere schaut ernst.\" draggable=\"false\" loading=\"lazy\" sizes=\"768px\" srcset=\"https:\/\/icf.church\/stgallen\/wp-content\/uploads\/sites\/69\/2026\/05\/f2e247ac-c567-4fa0-a2c9-0b794c681bb8-1024x683.jpg 1024w, https:\/\/icf.church\/stgallen\/wp-content\/uploads\/sites\/69\/2026\/05\/f2e247ac-c567-4fa0-a2c9-0b794c681bb8-300x200.jpg 300w, https:\/\/icf.church\/stgallen\/wp-content\/uploads\/sites\/69\/2026\/05\/f2e247ac-c567-4fa0-a2c9-0b794c681bb8-768x512.jpg 768w, https:\/\/icf.church\/stgallen\/wp-content\/uploads\/sites\/69\/2026\/05\/f2e247ac-c567-4fa0-a2c9-0b794c681bb8-1536x1024.jpg 1536w, https:\/\/icf.church\/stgallen\/wp-content\/uploads\/sites\/69\/2026\/05\/f2e247ac-c567-4fa0-a2c9-0b794c681bb8.jpg 1600w\"><\/div>\n\n\n<div id=\"block-33\" class=\"wp-block-yellowtree-fluid-gallery-image\">\n    <img decoding=\"async\" width=\"683\" height=\"1024\" src=\"https:\/\/icf.church\/stgallen\/wp-content\/uploads\/sites\/69\/2026\/05\/dsc03769-683x1024.jpg\" class=\"w-100 h-100 object-fit-cover rounded\" alt=\"Zwei Frauen zeigen Peace-Zeichen und l\u00e4cheln in einem Restaurant.\" draggable=\"false\" loading=\"lazy\" sizes=\"768px\" srcset=\"https:\/\/icf.church\/stgallen\/wp-content\/uploads\/sites\/69\/2026\/05\/dsc03769-683x1024.jpg 683w, https:\/\/icf.church\/stgallen\/wp-content\/uploads\/sites\/69\/2026\/05\/dsc03769-200x300.jpg 200w, https:\/\/icf.church\/stgallen\/wp-content\/uploads\/sites\/69\/2026\/05\/dsc03769-768x1152.jpg 768w, https:\/\/icf.church\/stgallen\/wp-content\/uploads\/sites\/69\/2026\/05\/dsc03769-1024x1536.jpg 1024w, https:\/\/icf.church\/stgallen\/wp-content\/uploads\/sites\/69\/2026\/05\/dsc03769-1366x2048.jpg 1366w, https:\/\/icf.church\/stgallen\/wp-content\/uploads\/sites\/69\/2026\/05\/dsc03769-scaled.jpg 1707w\"><\/div>\n\n\n<div id=\"block-34\" class=\"wp-block-yellowtree-fluid-gallery-image\">\n    <img decoding=\"async\" width=\"1024\" height=\"684\" src=\"https:\/\/icf.church\/stgallen\/wp-content\/uploads\/sites\/69\/2026\/08\/dsc00627-1024x684.jpg\" class=\"w-100 h-100 object-fit-cover rounded\" alt=\"\" draggable=\"false\" loading=\"lazy\" sizes=\"768px\" srcset=\"https:\/\/icf.church\/stgallen\/wp-content\/uploads\/sites\/69\/2026\/08\/dsc00627-1024x684.jpg 1024w, https:\/\/icf.church\/stgallen\/wp-content\/uploads\/sites\/69\/2026\/08\/dsc00627-300x200.jpg 300w, https:\/\/icf.church\/stgallen\/wp-content\/uploads\/sites\/69\/2026\/08\/dsc00627-768x513.jpg 768w, https:\/\/icf.church\/stgallen\/wp-content\/uploads\/sites\/69\/2026\/08\/dsc00627-1536x1026.jpg 1536w, https:\/\/icf.church\/stgallen\/wp-content\/uploads\/sites\/69\/2026\/08\/dsc00627-2048x1368.jpg 2048w\"><\/div>\n\n\n<div id=\"block-35\" class=\"wp-block-yellowtree-fluid-gallery-image\">\n    <img decoding=\"async\" width=\"1024\" height=\"1024\" src=\"https:\/\/icf.church\/stgallen\/wp-content\/uploads\/sites\/69\/2026\/05\/emf05017-1024x1024.jpg\" class=\"w-100 h-100 object-fit-cover rounded\" alt=\"Zwei M\u00e4nner umarmen sich im Wasser, l\u00e4chelnd.\" draggable=\"false\" loading=\"lazy\" sizes=\"768px\" srcset=\"https:\/\/icf.church\/stgallen\/wp-content\/uploads\/sites\/69\/2026\/05\/emf05017-1024x1024.jpg 1024w, https:\/\/icf.church\/stgallen\/wp-content\/uploads\/sites\/69\/2026\/05\/emf05017-300x300.jpg 300w, https:\/\/icf.church\/stgallen\/wp-content\/uploads\/sites\/69\/2026\/05\/emf05017-150x150.jpg 150w, https:\/\/icf.church\/stgallen\/wp-content\/uploads\/sites\/69\/2026\/05\/emf05017-768x768.jpg 768w, https:\/\/icf.church\/stgallen\/wp-content\/uploads\/sites\/69\/2026\/05\/emf05017-1536x1536.jpg 1536w, https:\/\/icf.church\/stgallen\/wp-content\/uploads\/sites\/69\/2026\/05\/emf05017-2048x2048.jpg 2048w\"><\/div>\n\n\n<div id=\"block-36\" class=\"wp-block-yellowtree-fluid-gallery-image\">\n    <img decoding=\"async\" width=\"683\" height=\"1024\" src=\"https:\/\/icf.church\/stgallen\/wp-content\/uploads\/sites\/69\/2026\/05\/0q2a8546-verbessert-rr-683x1024.jpg\" class=\"w-100 h-100 object-fit-cover rounded\" alt=\"Personen sitzen an Tischen mit Monitoren, einige tragen Kopfh\u00f6rer.\" draggable=\"false\" loading=\"lazy\" sizes=\"768px\" srcset=\"https:\/\/icf.church\/stgallen\/wp-content\/uploads\/sites\/69\/2026\/05\/0q2a8546-verbessert-rr-683x1024.jpg 683w, https:\/\/icf.church\/stgallen\/wp-content\/uploads\/sites\/69\/2026\/05\/0q2a8546-verbessert-rr-200x300.jpg 200w, https:\/\/icf.church\/stgallen\/wp-content\/uploads\/sites\/69\/2026\/05\/0q2a8546-verbessert-rr-768x1152.jpg 768w, https:\/\/icf.church\/stgallen\/wp-content\/uploads\/sites\/69\/2026\/05\/0q2a8546-verbessert-rr-1024x1536.jpg 1024w, https:\/\/icf.church\/stgallen\/wp-content\/uploads\/sites\/69\/2026\/05\/0q2a8546-verbessert-rr-1365x2048.jpg 1365w, https:\/\/icf.church\/stgallen\/wp-content\/uploads\/sites\/69\/2026\/05\/0q2a8546-verbessert-rr-scaled.jpg 1707w\"><\/div>            <\/div>\n        <\/div>\n    <\/div>\n            <div class=\"d-md-none d-flex justify-content-center mt-2\">\n            <a href=\"https:\/\/icf.church\/stgallen\/de\/findeanschluss\/\" data-exclude=\"\" class=\"btn btn-outline-default\" style=\"z-index:100\">\n                <i class=\"icon fa-plus\" aria-hidden=\"true\"><\/i>\n                Anschluss finden            <\/a>\n        <\/div>\n    <\/div>\n\n\n<div class=\"has-context-height\">\n  <article id=\"block-47\" data-bs-theme=\"dark\" class=\"wp-block-yellowtree-container-card card has-context-height\">\n    <div class=\"card-body\">\n      <p id=\"block-38\" class=\"mt-2 mb-2 fs-lg text-start wp-block-paragraph\">\n  <strong class=\"myprefix-text-bold\">Lade dir unsere ICF SG APP herunter<\/strong><\/p>\n\n<p id=\"block-39\" class=\"text-start wp-block-paragraph\">\n  Unsere ICF App gibt dir einen \u00dcberblick \u00fcber unsere Kirche. In der App findest du s\u00e4mtliche Teams, kannst neue Kontakte kn\u00fcpfen und vieles mehr.<br><\/p>\n\n<div id=\"block-46\" class=\"pt-2 pb-2 alignfull is-layout-constrained\">\n  <div>\n            <div class=\"row gx-4 gy-4 \">\n          \n\n<div id=\"block-41\" class=\"col wp-block-yellowtree-column col-12 col-lg-4 d-flex flex-column with-streched-height-children align-items-center align-items-lg-center\">\n  <div>\n    <a id=\"block-40\" href=\"https:\/\/apps.apple.com\/ch\/app\/icf-st-gallen\/id6746747334\" rel=\"\" target=\"_blank\" class=\"wp-block-yellowtree-button-link btn btn-outline-default\">\n      <span>App im App Store herunterladen<\/span>\n          <\/a>\n  <\/div><\/div>\n\n\n<div id=\"block-43\" class=\"col wp-block-yellowtree-column col-12 col-lg-4 d-flex flex-column with-streched-height-children align-items-center align-items-lg-center\">\n  <div>\n    <a id=\"block-42\" href=\"https:\/\/play.google.com\/store\/apps\/details?id=app.donkeymobile.sanktgallenicf&amp;pcampaignid=web_share\" rel=\"\" target=\"_blank\" class=\"wp-block-yellowtree-button-link btn btn-outline-default\">\n      <span>App im Google Play Store herunterladen<\/span>\n          <\/a>\n  <\/div><\/div>\n\n\n<div id=\"block-45\" class=\"col wp-block-yellowtree-column col-12 col-lg-4 d-flex flex-column with-streched-height-children align-items-center align-items-lg-center\">\n  <div>\n    <a id=\"block-44\" href=\"https:\/\/web.donkeymobile.com\/sign-in?applicationId=app.donkeymobile.sanktgallenicf\" rel=\"\" target=\"_blank\" class=\"wp-block-yellowtree-button-link btn btn-outline-default\">\n      <span>App im Web \u00f6ffnen<\/span>\n          <\/a>\n  <\/div><\/div>\n        <\/div>\n          <\/div>\n<\/div>    <\/div>\n  <\/article>\n<\/div>\n\n\n<div>\n  <div id=\"block-53\" class=\"mt-6 mb-10 wp-block-yellowtree-connect-social connect-social\">\n      \n\n<h2 id=\"block-48\" class=\"text-center display-2 mb-5\">\n    Stay Updated<\/h2>\n\n\n<p id=\"block-49\" class=\"text-center mb-6\">\n    Abonniere ICF St.Gallen auf Social Media und verpass nichts mehr. <br>Lade unsere ICF SG App herunter, dort erh\u00e4ltst du regelm\u00e4ssig News &amp; Updates \u00fcber unsere Angebote und Events. Wir freuen uns auf dich<\/p>\n\n\n<div id=\"block-52\" class=\"wp-block-yellowtree-connect-social-links d-flex gap-1 gap-md-5 justify-content-center\">\n  <html><body>\n\n<a id=\"block-50\" href=\"https:\/\/www.instagram.com\/icfst.gallen\/\" target=\"_blank\" data-variation=\"instagram\" class=\"wp-block-yellowtree-connect-social-link btn\" aria-label=\"Instagram Link\">\n  <i class=\"icon connect-social-icon fs-md-lg-const fs-h3-const fa-brands fa-instagram\" aria-hidden=\"true\"><\/i>\n<\/a>\n\n\n<a id=\"block-51\" href=\"https:\/\/www.youtube.com\/@icfst.gallen\" target=\"_blank\" data-variation=\"youtube\" class=\"wp-block-yellowtree-connect-social-link btn\" aria-label=\"Youtube Link\">\n  <i class=\"icon connect-social-icon fs-md-lg-const fs-h3-const fa-brands fa-youtube\" aria-hidden=\"true\"><\/i>\n<\/a>\n<\/body><\/html><\/div>\n  <\/div>\n<\/div>\n\n\n\n<div id=\"block-57\" data-bs-theme=\"dark\" class=\"wp-block-yellowtree-divider-card card d-flex flex-column flex-lg-row py-6 py-lg-0\">\n  \n\n<div id=\"block-54\" class=\"wp-block-yellowtree-divider-card-item flex-1 d-flex flex-column position-relative text-center py-6 py-lg-10\">\n  <div class='mb-2'>\n    <div class='d-flex flex-column align-items-center gap-2'>\n      <i class='icon fs-lg-const fa-people' aria-hidden='true'><\/i>\n      <h3 class='mb-0'>\n        <span class=\"text-container\">\n          Anschluss finden        <\/span>\n      <\/h3>\n    <\/div>\n  <\/div>\n  <div class='mt-auto'>\n    <a class='text-arrow-link fs-sm text-light-3' href=\"https:\/\/icf.church\/stgallen\/de\/findeanschluss\/\">\n      Los geht&#039;s    <\/a>\n  <\/div>\n<\/div>\n\n\n<div id=\"block-55\" class=\"wp-block-yellowtree-divider-card-item flex-1 d-flex flex-column position-relative text-center py-6 py-lg-10\">\n  <div class='mb-2'>\n    <div class='d-flex flex-column align-items-center gap-2'>\n      <i class='icon fs-lg-const fa-location-smile' aria-hidden='true'><\/i>\n      <h3 class='mb-0'>\n        <span class=\"text-container\">\n          Deinen Besuch planen        <\/span>\n      <\/h3>\n    <\/div>\n  <\/div>\n  <div class='mt-auto'>\n    <a class='text-arrow-link fs-sm text-light-3' href=\"https:\/\/icf.church\/stgallen\/de\/besuchen\/\">\n      Los geht&#039;s    <\/a>\n  <\/div>\n<\/div>\n\n\n<div id=\"block-56\" class=\"wp-block-yellowtree-divider-card-item flex-1 d-flex flex-column position-relative text-center py-6 py-lg-10\">\n  <div class='mb-2'>\n    <div class='d-flex flex-column align-items-center gap-2'>\n      <i class='icon fs-lg-const fa-video' aria-hidden='true'><\/i>\n      <h3 class='mb-0'>\n        <span class=\"text-container\">\n          Online reinschauen        <\/span>\n      <\/h3>\n    <\/div>\n  <\/div>\n  <div class='mt-auto'>\n    <a class='text-arrow-link fs-sm text-light-3' href=\"https:\/\/www.youtube.com\/@icfst.gallen\" target=\"_blank\">\n      Los geht&#039;s    <\/a>\n  <\/div>\n<\/div>\n<\/div>","protected":false},"excerpt":{"rendered":"<p>Als ICF St.Gallen ist es unsere Leidenschaft, dass Menschen Jesus Christus \u00e4hnlicher werden, furchtlos leben und ihr Umfeld positiv ver\u00e4ndern.<\/p>\n","protected":false},"author":3,"featured_media":2373,"parent":0,"menu_order":0,"comment_status":"closed","ping_status":"closed","template":"","meta":{"_acf_changed":false,"_seopress_titles_title":"","_seopress_titles_desc":"","_seopress_robots_index":"","_seopress_robots_follow":"","_seopress_robots_imageindex":"","_seopress_robots_snippet":"","_seopress_robots_primary_cat":"","_seopress_robots_breadcrumbs":"","_seopress_robots_freeze_modified_date":"","_seopress_robots_custom_modified_date":"","_seopress_robots_canonical":"","_seopress_social_fb_title":"","_seopress_social_fb_desc":"","_seopress_social_fb_img":"","_seopress_social_fb_img_attachment_id":0,"_seopress_social_fb_img_width":0,"_seopress_social_fb_img_height":0,"_seopress_social_twitter_title":"","_seopress_social_twitter_desc":"","_seopress_social_twitter_img":"","_seopress_social_twitter_img_attachment_id":0,"_seopress_social_twitter_img_width":0,"_seopress_social_twitter_img_height":0,"_seopress_redirections_value":"","_seopress_redirections_enabled":"","_seopress_redirections_enabled_regex":"","_seopress_redirections_logged_status":"both","_seopress_redirections_param":"","_seopress_redirections_type":301,"_seopress_analysis_target_kw":"","_seopress_news_disabled":"","_seopress_video_disabled":"","_seopress_video":[{"url":"","title":"","desc":"","thumbnail":"","duration":"","rating":"","view_count":"","tag":""}],"_seopress_pro_schemas_manual":[],"_seopress_pro_rich_snippets_disable_all":"","_seopress_pro_rich_snippets_disable":[],"_seopress_pro_schemas":[],"yt_custom_styles_scss":"","yt_custom_styles_rounded_corners":false,"yt_custom_styles_color_scheme":"","footnotes":""},"class_list":["post-111","page","type-page","status-publish","has-post-thumbnail","hentry"],"acf":[],"_links":{"self":[{"href":"https:\/\/icf.church\/stgallen\/de\/wp-json\/wp\/v2\/pages\/111","targetHints":{"allow":["GET"]}}],"collection":[{"href":"https:\/\/icf.church\/stgallen\/de\/wp-json\/wp\/v2\/pages"}],"about":[{"href":"https:\/\/icf.church\/stgallen\/de\/wp-json\/wp\/v2\/types\/page"}],"author":[{"embeddable":true,"href":"https:\/\/icf.church\/stgallen\/de\/wp-json\/wp\/v2\/users\/3"}],"replies":[{"embeddable":true,"href":"https:\/\/icf.church\/stgallen\/de\/wp-json\/wp\/v2\/comments?post=111"}],"version-history":[{"count":73,"href":"https:\/\/icf.church\/stgallen\/de\/wp-json\/wp\/v2\/pages\/111\/revisions"}],"predecessor-version":[{"id":2685,"href":"https:\/\/icf.church\/stgallen\/de\/wp-json\/wp\/v2\/pages\/111\/revisions\/2685"}],"wp:featuredmedia":[{"embeddable":true,"href":"https:\/\/icf.church\/stgallen\/de\/wp-json\/wp\/v2\/media\/2373"}],"wp:attachment":[{"href":"https:\/\/icf.church\/stgallen\/de\/wp-json\/wp\/v2\/media?parent=111"}],"curies":[{"name":"wp","href":"https:\/\/api.w.org\/{rel}","templated":true}]}}