{"id":115,"date":"2025-10-02T08:56:48","date_gmt":"2025-10-02T06:56:35","guid":{"rendered":"https:\/\/new.new.icf.church\/stgallen\/?page_id=115"},"modified":"2026-08-18T14:28:06","modified_gmt":"2026-08-18T12:28:06","slug":"besuchen","status":"publish","type":"page","link":"https:\/\/icf.church\/stgallen\/de\/besuchen\/","title":{"rendered":"Besuchen"},"content":{"rendered":"<h2 id=\"block-1\" class=\"mt-4 mb-4 h2 display-2 text-center\">\n  Sch\u00f6n, dass du da bist.<\/h2>\n\n<p id=\"block-2\" class=\"mb-4 text-center wp-block-paragraph\">\n  Unser Highlight an jedem Sonntag \u2013 die Celebration \u2013 unser w\u00f6chentlicher Gottesdienst. Und der darf gern etwas anders sein: laut, fr\u00f6hlich und leidenschaftlich.<\/p>\n\n\n<div id=\"block-8\" class=\"mb-4 wp-block-yellowtree-hero-stage\">\n    <div class=\"hero-stage has-links\">\n        \n\n<div id=\"block-4\" class=\"hero-stage-content\">\n    <div class=\"hero-stage-content__background\">\n        <div class=\"overlay-black-25 h-100\">\n                            <img fetchpriority=\"high\" decoding=\"async\" width=\"2560\" height=\"1707\" src=\"https:\/\/icf.church\/stgallen\/wp-content\/uploads\/sites\/69\/2026\/06\/celebration1-scaled.jpg\" class=\"hero-stage-media\" alt=\"\" style=\"object-position: 52% 41%;\" aria-hidden=\"true\" loading=\"eager\" srcset=\"https:\/\/icf.church\/stgallen\/wp-content\/uploads\/sites\/69\/2026\/06\/celebration1-scaled.jpg 2560w, https:\/\/icf.church\/stgallen\/wp-content\/uploads\/sites\/69\/2026\/06\/celebration1-300x200.jpg 300w, https:\/\/icf.church\/stgallen\/wp-content\/uploads\/sites\/69\/2026\/06\/celebration1-1024x683.jpg 1024w, https:\/\/icf.church\/stgallen\/wp-content\/uploads\/sites\/69\/2026\/06\/celebration1-768x512.jpg 768w, https:\/\/icf.church\/stgallen\/wp-content\/uploads\/sites\/69\/2026\/06\/celebration1-1536x1024.jpg 1536w, https:\/\/icf.church\/stgallen\/wp-content\/uploads\/sites\/69\/2026\/06\/celebration1-2048x1365.jpg 2048w\" sizes=\"(max-width: 2560px) 100vw, 2560px\" \/>                    <\/div>\n        <div class=\"hero-stage-gradient\"><\/div>\n    <\/div>\n    <div class=\"hero-stage-content__foreground is-layout-constrained\">\n        <h1 id=\"block-3\" class=\"display-1 text-center\">\n    Besuchen<\/h1>    <\/div>\n<\/div>\n\n\n<div id=\"block-7\" class=\"hero-stage-links is-layout-constrained count-2\">\n    <div class=\"icon-link-cards-layout column-gap-3 row-gap-1 justify-content-center break-md\">\n        \n\n<div id=\"block-5\" data-bs-theme=\"dark\" class=\"wp-block-yellowtree-icon-link-card\">\n  <div class='card-body flex-row justify-content-center align-items-center overflow-hidden gap-2 px-5 px-md-3 py-3 py-md-6'>\n    <div class='d-flex align-items-center gap-4 me-auto me-md-0 flex-md-column text-md-center gap-md-3'>\n      <i class='icon-square fs-2 fs-md-lg-const fa-solid fa-party-horn' aria-hidden='true'><\/i>\n      <a class='stretched-link fs-base-const' href='#celebrationzeiten' target=''>\n        Celebration Zeiten      <\/a>\n    <\/div>\n          <i class=\"icon fs-base-const fa-chevron-right ms-auto opacity-50 d-md-none\"><\/i>\n      <\/div>\n<\/div>\n\n\n<div id=\"block-6\" data-bs-theme=\"dark\" class=\"wp-block-yellowtree-icon-link-card\">\n  <div class='card-body flex-row justify-content-center align-items-center overflow-hidden gap-2 px-5 px-md-3 py-3 py-md-6'>\n    <div class='d-flex align-items-center gap-4 me-auto me-md-0 flex-md-column text-md-center gap-md-3'>\n      <i class='icon-square fs-2 fs-md-lg-const fa-solid fa-location-dot' aria-hidden='true'><\/i>\n      <a class='stretched-link fs-base-const' href='https:\/\/maps.app.goo.gl\/RUqd9g9hq3yJdzqR8' target='_blank'>\n        Besuch planen      <\/a>\n    <\/div>\n          <i class=\"icon fs-base-const fa-chevron-right ms-auto opacity-50 d-md-none\"><\/i>\n      <\/div>\n<\/div>\n    <\/div>\n<\/div>\n    <\/div>\n<\/div>\n\n<div id=\"block-11\" class=\"pt-2 pb-2 alignfull is-layout-constrained\">\n  <div>\n            <div class=\"row gx-4 gy-4 \">\n          \n\n<div id=\"block-10\" class=\"col wp-block-yellowtree-column col-12 d-flex flex-column justify-content-center align-items-center align-items-md-center\">\n  <h2 id=\"block-9\" class=\"h2 display-2 text-center\">\n  Kommende Celebrations<\/h2>\n\n<p id=\"celebrationzeiten\" class=\"mb-7 text-center wp-block-paragraph\">\n  Jeden Sonntag feiern wir im ICF St.Gallen Celebration &#8211; kreativ, inspirierend und kraftvoll.<\/p><\/div>\n        <\/div>\n          <\/div>\n<\/div>\n\n<div class=\"services-block\" data-services-list-config=\"{&quot;appId&quot;:&quot;ILU203NJSX&quot;,&quot;apiKey&quot;:&quot;ZjAzMGRhZWE4MzYxNWVhZTEyZGQ0MTAxMGJiZjg5ZTY2MGQ5NTYxYjFkZGI3YWJkOGIxOGQ1MzU0YmIwZjg0OWZpbHRlcnM9b3JnYW5pemF0aW9uX2lkJTNBMjc3K0FORCtzdGF0dXMlM0FwdWJsaXNoZWQmcmVzdHJpY3RJbmRpY2VzPXNlcnZpY2Vz&quot;,&quot;baseUrl&quot;:&quot;https:\\\/\\\/icf.church\\\/stgallen\\\/de\\\/celebrations\\\/&quot;,&quot;postsPerPage&quot;:10,&quot;indexName&quot;:&quot;services&quot;,&quot;locationsPageUrl&quot;:&quot;https:\\\/\\\/icf.church\\\/locations\\\/&quot;,&quot;imgixSrcUrl&quot;:&quot;https:\\\/\\\/website-prod-space-01.fra1.digitaloceanspaces.com&quot;,&quot;imgixTargetUrl&quot;:&quot;https:\\\/\\\/icf-hub-new.imgix.net&quot;,&quot;placeholderImageUrl&quot;:&quot;https:\\\/\\\/icf.church\\\/stgallen\\\/wp-content\\\/themes\\\/icf\\\/assets\\\/images\\\/celebrations.jpg&quot;,&quot;siteUrl&quot;:&quot;https:\\\/\\\/icf.church\\\/stgallen&quot;}\">\n<\/div>\n\n\n<p id=\"block-13\" class=\"mt-7 mb-7 text-start wp-block-paragraph\">\n  <\/p>\n\n\n<div class=\"has-context-height\">\n  <article id=\"block-27\" data-bs-theme=\"dark\" class=\"wp-block-yellowtree-container-card card has-context-height\">\n    <div class=\"card-body\">\n      <div id=\"block-26\" class=\"pt-4 pb-4 alignfull is-layout-constrained\">\n  <div>\n            <div class=\"row gx-4 gy-4 \">\n          \n\n<div id=\"block-23\" class=\"col wp-block-yellowtree-column col-12 col-lg-7 d-flex flex-column with-streched-height-children align-items-stretch align-items-lg-stretch\">\n  <h2 id=\"block-14\" class=\"h2 text-start\">\n  ICF St.Gallen<\/h2>\n\n<p id=\"block-15\" class=\"mb-4 text-start wp-block-paragraph\">\n  L\u00e4mmlisbrunnenstrasse 22<br>9000 St.Gallen <br>Schweiz<\/p>\n\n<p id=\"block-16\" class=\"text-start wp-block-paragraph\">\n  <a href=\"https:\/\/www.google.com\/maps\/place\/ICF+St.+Gallen\/@47.4246906,9.3787739,668m\/data=!3m2!1e3!4b1!4m6!3m5!1s0x479b1e51e30051ff:0xaabe25c2ec06d8ba!8m2!3d47.4246906!4d9.3813488!16s%2Fg%2F11bz0m4slq?entry=ttu&amp;g_ep=EgoyMDI2MDYwMy4xIKXMDSoASAFQAw%3D%3D\" data-type=\"link\" data-id=\"https:\/\/www.google.com\/maps\/place\/ICF+St.+Gallen\/@47.4246906,9.3787739,668m\/data=!3m2!1e3!4b1!4m6!3m5!1s0x479b1e51e30051ff:0xaabe25c2ec06d8ba!8m2!3d47.4246906!4d9.3813488!16s%2Fg%2F11bz0m4slq?entry=ttu&amp;g_ep=EgoyMDI2MDYwMy4xIKXMDSoASAFQAw%3D%3D\" target=\"_blank\" rel=\"noopener\" class=\"btn btn-sm btn-dark-1\">Route planen<i class=\"icon fa-map\" aria-hidden=\"true\"><\/i><\/a><\/p>\n\n<h6 id=\"block-17\" class=\"mt-4 h6 text-start\" style=\"margin-bottom:0\">\n  <br>Zu Fuss<\/h6>\n\n<p id=\"block-18\" class=\"mb-4 fs-sm text-start wp-block-paragraph\">\n  ICF St.Gallen ist an bester Lage und zu Fuss in knapp 15 Minuten vom Hauptbahnhof erreichbar. Einfach durch die Altstadt, den Marktplatz \u00fcberqueren und durch die Spisergasse bis zum Kreisel gehen. Dann findest du uns vis-\u00e0-vis der Kantonsschule.<\/p>\n\n<h6 id=\"block-19\" class=\"mt-4 h6 text-start\" style=\"margin-bottom:0\">\n  Anfahrt mit dem Auto<\/h6>\n\n<p id=\"block-20\" class=\"fs-sm text-start wp-block-paragraph\">\n  Alle Parkpl\u00e4tze an der L\u00e4mmlisbrunnenstrasse sind 7 Tage die Woche durchgehend geb\u00fchrenpflichtig (Sonntagstarif CHF 1.50 pro Stunde). In der N\u00e4he befinden sich die Parkh\u00e4user Burggraben, Br\u00fchltor und Spisertor. Wir empfehlen das Parkhaus Burggraben mit folgendem Tarif: 1. Stunde CHF 2.00, ab zweiter Stunde pro 30 Minuten CHF 1.00.<\/p>\n\n<h6 id=\"block-21\" class=\"mt-4 h6 text-start\" style=\"margin-bottom:0\">\n  Bequem mit \u00d6V<\/h6>\n\n<p id=\"block-22\" class=\"fs-sm text-start wp-block-paragraph\">\n  ICF St.Gallen ist mit diesen Bussen zu erreichen (ab Hauptbahnhof): Linien 1, 4, 7 und 11 Haltestelle \u201eTheater\u201c \/ Linie 11 Haltestelle \u201eKantonsschule\u201c \/ Trogenerbahn bis Haltestelle \u201eSpisertor\u201c<\/p><\/div>\n\n\n<div id=\"block-25\" class=\"col wp-block-yellowtree-column col-12 col-lg-5 d-flex flex-column with-streched-height-children align-items-stretch align-items-lg-stretch\">\n  <div class=\"mw-100\">\n      <figure id=\"block-24\">\n      <div class=\"img-wrap\" style=\"max-width:100%\">\n        <img decoding=\"async\" src=\"https:\/\/icf.church\/stgallen\/wp-content\/uploads\/sites\/69\/2026\/06\/lounge_unten-1024x683.jpg\" alt=\"\" loading=\"lazy\" title=\"\" class=\"img-fluid w-100 h-100 rounded object-fit-cover\" style=\"object-position: center center\">\n      <\/div>\n          <\/figure>\n    <\/div><\/div>\n        <\/div>\n          <\/div>\n<\/div>    <\/div>\n  <\/article>\n<\/div>\n\n<h2 id=\"block-28\" class=\"mt-10 mb-2 h2 display-2 text-center\">\n  F\u00fcr jedes Alter<\/h2>\n\n<p id=\"block-29\" class=\"mt-4 mb-7 text-center wp-block-paragraph\">\n  Im ICF St.Gallen gestalten wir Kirche so, dass sie f\u00fcr Kinder, Teens und junge Erwachsene relevant ist. Mit unseren Celebrations erreichen wir ihre Welt und erm\u00f6glichen echte Begegnungen mit Jesus.<\/p>\n\n<div id=\"block-33\" class=\"alignfull is-layout-constrained\">\n  <swiper-container init=\"false\" data-yt-template=\"3-col\" data-yt-pagination=\"true\" data-yt-navigation=\"false\" class=\"\" >\n          <swiper-slide><article id=\"block-30\" data-bs-theme=\"dark\" data-bs-toggle=\"collapse\" data-bs-target=\"#block-30-collapse\" data-toggle-on-hover=\"true\" data-target-link=\"block-30-link\" aria-expanded=\"false\" aria-controls=\"block-30-collapse\" class=\"card wp-block-yellowtree-image-card has-context-height cursor-pointer\" style=\"--card-aspect-ratio:0.8;max-width:100%;--card-img-position:50% 50%\">\n      <a id=\"block-30-link\" href=\"https:\/\/icf.church\/stgallen\/de\/kids-teens\/\" aria-labelledby=\"block-30-heading\" class=\"stretched-link text-decoration-none\"><\/a>\n        <img decoding=\"async\" width=\"768\" height=\"1024\" src=\"https:\/\/icf.church\/stgallen\/wp-content\/uploads\/sites\/69\/2026\/05\/img_2631-768x1024.jpg\" class=\"card-bg-img opacity-75\" alt=\"\" aria-hidden=\"true\" loading=\"lazy\" srcset=\"https:\/\/icf.church\/stgallen\/wp-content\/uploads\/sites\/69\/2026\/05\/img_2631-768x1024.jpg 768w, https:\/\/icf.church\/stgallen\/wp-content\/uploads\/sites\/69\/2026\/05\/img_2631-225x300.jpg 225w, https:\/\/icf.church\/stgallen\/wp-content\/uploads\/sites\/69\/2026\/05\/img_2631-1152x1536.jpg 1152w, https:\/\/icf.church\/stgallen\/wp-content\/uploads\/sites\/69\/2026\/05\/img_2631-1536x2048.jpg 1536w, https:\/\/icf.church\/stgallen\/wp-content\/uploads\/sites\/69\/2026\/05\/img_2631.jpg 1920w\" sizes=\"(max-width: 768px) 100vw, 768px\">    <div class=\"d-flex flex-column h-100 overflow-y-auto z-1\">\n        <div class=\"card-body overflow-visible py-0 px-4 flex-grow-1\">\n      <h2 id=\"block-30-heading\" class=\"mb-0 mt-auto fs-h2-const\">Kids<\/h2>\n      <div id=\"block-30-collapse\" class=\"collapse\">\n        <p class=\"mt-2\"><\/p>\n      <\/div>\n    <\/div>\n  <\/div>\n<\/article><\/swiper-slide>\n          <swiper-slide><article id=\"block-31\" data-bs-theme=\"dark\" data-bs-toggle=\"collapse\" data-bs-target=\"#block-31-collapse\" data-toggle-on-hover=\"true\" data-target-link=\"block-31-link\" aria-expanded=\"false\" aria-controls=\"block-31-collapse\" class=\"card wp-block-yellowtree-image-card has-context-height cursor-pointer\" style=\"--card-aspect-ratio:0.8;max-width:100%;--card-img-position:53% 29%\">\n      <a id=\"block-31-link\" href=\"https:\/\/icf.church\/stgallen\/de\/juniorleaders\/\" aria-labelledby=\"block-31-heading\" class=\"stretched-link text-decoration-none\"><\/a>\n        <img decoding=\"async\" width=\"1024\" height=\"576\" src=\"https:\/\/icf.church\/stgallen\/wp-content\/uploads\/sites\/69\/2026\/05\/dsc07706-1024x576.jpg\" class=\"card-bg-img opacity-75\" alt=\"\" aria-hidden=\"true\" loading=\"lazy\" srcset=\"https:\/\/icf.church\/stgallen\/wp-content\/uploads\/sites\/69\/2026\/05\/dsc07706-1024x576.jpg 1024w, https:\/\/icf.church\/stgallen\/wp-content\/uploads\/sites\/69\/2026\/05\/dsc07706-300x169.jpg 300w, https:\/\/icf.church\/stgallen\/wp-content\/uploads\/sites\/69\/2026\/05\/dsc07706-768x432.jpg 768w, https:\/\/icf.church\/stgallen\/wp-content\/uploads\/sites\/69\/2026\/05\/dsc07706-1536x864.jpg 1536w, https:\/\/icf.church\/stgallen\/wp-content\/uploads\/sites\/69\/2026\/05\/dsc07706-2048x1152.jpg 2048w\" sizes=\"(max-width: 1024px) 100vw, 1024px\">    <div class=\"d-flex flex-column h-100 overflow-y-auto z-1\">\n        <div class=\"card-body overflow-visible py-0 px-4 flex-grow-1\">\n      <h2 id=\"block-31-heading\" class=\"mb-0 mt-auto fs-h2-const\">Junior Leaders<\/h2>\n      <div id=\"block-31-collapse\" class=\"collapse\">\n        <p class=\"mt-2\"><\/p>\n      <\/div>\n    <\/div>\n  <\/div>\n<\/article><\/swiper-slide>\n          <swiper-slide><article id=\"block-32\" data-bs-theme=\"dark\" data-bs-toggle=\"collapse\" data-bs-target=\"#block-32-collapse\" data-toggle-on-hover=\"true\" data-target-link=\"block-32-link\" aria-expanded=\"false\" aria-controls=\"block-32-collapse\" class=\"card wp-block-yellowtree-image-card has-context-height cursor-pointer\" style=\"--card-aspect-ratio:0.8;max-width:100%;--card-img-position:48% 54%\">\n      <a id=\"block-32-link\" href=\"https:\/\/icf.church\/stgallen\/de\/youth\/\" aria-labelledby=\"block-32-heading\" class=\"stretched-link text-decoration-none\"><\/a>\n        <img decoding=\"async\" width=\"1024\" height=\"683\" src=\"https:\/\/icf.church\/stgallen\/wp-content\/uploads\/sites\/69\/2026\/05\/img_7057-1024x683.jpg\" class=\"card-bg-img opacity-75\" alt=\"\" aria-hidden=\"true\" loading=\"lazy\" srcset=\"https:\/\/icf.church\/stgallen\/wp-content\/uploads\/sites\/69\/2026\/05\/img_7057-1024x683.jpg 1024w, https:\/\/icf.church\/stgallen\/wp-content\/uploads\/sites\/69\/2026\/05\/img_7057-300x200.jpg 300w, https:\/\/icf.church\/stgallen\/wp-content\/uploads\/sites\/69\/2026\/05\/img_7057-768x512.jpg 768w, https:\/\/icf.church\/stgallen\/wp-content\/uploads\/sites\/69\/2026\/05\/img_7057-1536x1024.jpg 1536w, https:\/\/icf.church\/stgallen\/wp-content\/uploads\/sites\/69\/2026\/05\/img_7057-2048x1365.jpg 2048w\" sizes=\"(max-width: 1024px) 100vw, 1024px\">    <div class=\"d-flex flex-column h-100 overflow-y-auto z-1\">\n        <div class=\"card-body overflow-visible py-0 px-4 flex-grow-1\">\n      <h2 id=\"block-32-heading\" class=\"mb-0 mt-auto fs-h2-const\">Youth<\/h2>\n      <div id=\"block-32-collapse\" class=\"collapse\">\n        <p class=\"mt-2\"><\/p>\n      <\/div>\n    <\/div>\n  <\/div>\n<\/article><\/swiper-slide>\n      <\/swiper-container>\n<\/div>\n\n<h3 id=\"block-34\" class=\"mt-10 h3 display-3 text-center\">\n  FAQ &#8211; Good to know<\/h3>\n\n<p id=\"block-35\" class=\"mb-6 text-center wp-block-paragraph\">\n  Du hast noch Fragen? Hier findest du Antworten<\/p>\n\n\n<div id=\"block-47\" class=\"accordion\">\n  <body>\n\n<div id=\"block-37\" data-bs-theme=\"dark\" class=\"overflow-hidden wp-block-yellowtree-accordion-item\">\n  <div class=\"accordion-header\">\n    <button class=\"accordion-button rounded-0 collapsed focus-ring-inset\" type=\"button\" data-bs-toggle=\"collapse\" data-bs-target=\"#block-37-collapse\" aria-expanded=\"false\" aria-controls=\"block-37-collapse\">\n      <div>\n        <h3 class=\"mb-0\">\n          Was ist eine Celebration und wie lange dauert diese?        <\/h3>\n              <\/div>\n      <div class=\"ms-auto accordion-icons icon-container-base\">\n        <i class=\"icon fa-arrow-right accordion-icon-default\"><\/i>\n        <i class=\"icon fa-close accordion-icon-alt\"><\/i>\n      <\/div>\n    <\/button>\n  <\/div>\n  <div id=\"block-37-collapse\" class=\"accordion-collapse collapse \">\n    <div class=\"accordion-body pt-0\">\n      <p id=\"block-36\" class=\"text-start wp-block-paragraph\">\n  Celebration, so nennen wir unseren w\u00f6chentlichen Gottesdienst. Celebration, weil wir hier gemeinsam unseren Gott feiern m\u00f6chten. Darum darf es auch etwas laut, fr\u00f6hlich und leidenschaftlich sein. Etwas anders, als du es vielleicht von der traditionellen Kirche her gewohnt bist.<br>Eine Celebration dauert ca. 1:15h und besteht haupts\u00e4chlich aus Worship, wo wir gemeinsam singen, und einer Predigt, welche dich f\u00fcr deinen Alltag ermutigen soll.<br>Es gibt keinen Dressscode. Komm so wie du bist!<\/p>    <\/div>\n  <\/div>\n<\/div>\n\n\n<div id=\"block-41\" data-bs-theme=\"dark\" class=\"overflow-hidden wp-block-yellowtree-accordion-item\">\n  <div class=\"accordion-header\">\n    <button class=\"accordion-button rounded-0 collapsed focus-ring-inset\" type=\"button\" data-bs-toggle=\"collapse\" data-bs-target=\"#block-41-collapse\" aria-expanded=\"false\" aria-controls=\"block-41-collapse\">\n      <div>\n        <h3 class=\"mb-0\">\n          Was f\u00fcr Musik erwartet mich? Muss ich mitsingen?        <\/h3>\n              <\/div>\n      <div class=\"ms-auto accordion-icons icon-container-base\">\n        <i class=\"icon fa-arrow-right accordion-icon-default\"><\/i>\n        <i class=\"icon fa-close accordion-icon-alt\"><\/i>\n      <\/div>\n    <\/button>\n  <\/div>\n  <div id=\"block-41-collapse\" class=\"accordion-collapse collapse \">\n    <div class=\"accordion-body pt-0\">\n      <p id=\"block-38\" class=\"text-start wp-block-paragraph\">\n  Dich erwartet Musik gespielt und gesungen von unserem Worship Team, ein Mix aus selbst geschrieben Songs oder Liedern von anderen bekannten christlichen Musikgruppen. Die Songs sind eine Art gesungenes Gebete. Auf dem&nbsp;<a href=\"https:\/\/www.youtube.com\/@icfworshipofficial\">ICF Worship YouTube Kanal<\/a>&nbsp;kannst du dir ansehen, wie das klingt und aussehen kann. Jeder darf mitsingen; der zugeh\u00f6rige Text wird auf grossen Bildschirmen eingeblendet. Nat\u00fcrlich darfst du auch einfach zuh\u00f6ren und geniessen.<\/p>\n\n<p id=\"block-39\" class=\"text-start wp-block-paragraph\">\n  Auf Spotify findest du eine&nbsp;<a href=\"https:\/\/open.spotify.com\/playlist\/0sLusSePja5CwQx9hYvqUQ?si=5ed5667a18b64738\" target=\"_blank\" rel=\"noopener nofollow\">Playlist<\/a>&nbsp;mit den Songs, die wir in den Celebrations singen.<\/p>\n\n<p id=\"block-40\" class=\"text-start wp-block-paragraph\">\n  Es kann etwas lauter werden. Wenn du sensibel mit Lautst\u00e4rke bist, kannst du dir entweder Geh\u00f6rschutz mitbringen oder Ohrst\u00f6psel am Eingang der Hall bekommen.<\/p>    <\/div>\n  <\/div>\n<\/div>\n\n\n<div id=\"block-43\" data-bs-theme=\"dark\" class=\"overflow-hidden wp-block-yellowtree-accordion-item\">\n  <div class=\"accordion-header\">\n    <button class=\"accordion-button rounded-0 collapsed focus-ring-inset\" type=\"button\" data-bs-toggle=\"collapse\" data-bs-target=\"#block-43-collapse\" aria-expanded=\"false\" aria-controls=\"block-43-collapse\">\n      <div>\n        <h3 class=\"mb-0\">\n          Muss ich an Gott glauben, um eine Celebration zu besuchen?        <\/h3>\n              <\/div>\n      <div class=\"ms-auto accordion-icons icon-container-base\">\n        <i class=\"icon fa-arrow-right accordion-icon-default\"><\/i>\n        <i class=\"icon fa-close accordion-icon-alt\"><\/i>\n      <\/div>\n    <\/button>\n  <\/div>\n  <div id=\"block-43-collapse\" class=\"accordion-collapse collapse \">\n    <div class=\"accordion-body pt-0\">\n      <p id=\"block-42\" class=\"text-start wp-block-paragraph\">\n  Nein. Jede Person ist willkommen. Egal, welcher Background, egal, ob oder woran du glaubst. Komm vorbei!<\/p>    <\/div>\n  <\/div>\n<\/div>\n\n\n<div id=\"block-46\" data-bs-theme=\"dark\" class=\"overflow-hidden wp-block-yellowtree-accordion-item\">\n  <div class=\"accordion-header\">\n    <button class=\"accordion-button rounded-0 collapsed focus-ring-inset\" type=\"button\" data-bs-toggle=\"collapse\" data-bs-target=\"#block-46-collapse\" aria-expanded=\"false\" aria-controls=\"block-46-collapse\">\n      <div>\n        <h3 class=\"mb-0\">\n          Kann ich meine Kinder mitbringen?        <\/h3>\n              <\/div>\n      <div class=\"ms-auto accordion-icons icon-container-base\">\n        <i class=\"icon fa-arrow-right accordion-icon-default\"><\/i>\n        <i class=\"icon fa-close accordion-icon-alt\"><\/i>\n      <\/div>\n    <\/button>\n  <\/div>\n  <div id=\"block-46-collapse\" class=\"accordion-collapse collapse \">\n    <div class=\"accordion-body pt-0\">\n      <p id=\"block-44\" class=\"text-start wp-block-paragraph\">\n  <\/p>\n\n<p id=\"block-45\" class=\"text-start wp-block-paragraph\">\n  Ja, bring deine Kinder gerne mit. F\u00fcr deine Kinder haben wir das <a href=\"https:\/\/icf.church\/stgallen\/de\/kids-teens\/\" data-type=\"page\" data-id=\"755\">ICF Kids <\/a>wo sie ein altersgerechtes Programm erwartet.<\/p>    <\/div>\n  <\/div>\n<\/div>\n<\/body><\/div>\n\n\n<div>\n  <div id=\"block-54\" class=\"mt-10 mb-10 wp-block-yellowtree-connect-social connect-social\">\n      \n\n<h2 id=\"block-48\" class=\"text-center display-2 mb-5\">\n    Stay Updated<\/h2>\n\n\n<p id=\"block-49\" class=\"text-center mb-6\">\n    Abonniere ICF St.Gallen auf Social Media und verpass nichts mehr.<br>Hier erh\u00e4ltst du regelm\u00e4ssig kurze News &amp; Updates \u00fcber Angebote und Events.<\/p>\n\n\n<div id=\"block-53\" class=\"wp-block-yellowtree-connect-social-links d-flex gap-1 gap-md-5 justify-content-center\">\n  <html><body>\n\n<a id=\"block-50\" href=\"instagram.com\/icfst.gallen\/\" target=\"_blank\" data-variation=\"instagram\" class=\"wp-block-yellowtree-connect-social-link btn\" aria-label=\"Instagram Link\">\n  <i class=\"icon connect-social-icon fs-md-lg-const fs-h3-const fa-brands fa-instagram\" aria-hidden=\"true\"><\/i>\n<\/a>\n\n\n<a id=\"block-51\" href=\"youtube.com\/@icfst.gallen\" target=\"_blank\" data-variation=\"youtube\" class=\"wp-block-yellowtree-connect-social-link btn\" aria-label=\"Youtube Link\">\n  <i class=\"icon connect-social-icon fs-md-lg-const fs-h3-const fa-brands fa-youtube\" aria-hidden=\"true\"><\/i>\n<\/a>\n\n\n\n<\/body><\/html><\/div>\n  <\/div>\n<\/div>\n\n\n\n<div id=\"block-58\" data-bs-theme=\"dark\" class=\"wp-block-yellowtree-divider-card card d-flex flex-column flex-lg-row py-6 py-lg-0\">\n  \n\n<div id=\"block-55\" class=\"wp-block-yellowtree-divider-card-item flex-1 d-flex flex-column position-relative text-center py-6 py-lg-10\">\n  <div class='mb-2'>\n    <div class='d-flex flex-column align-items-center gap-2'>\n      <i class='icon fs-lg-const fa-people' aria-hidden='true'><\/i>\n      <h3 class='mb-0'>\n        <span class=\"text-container\">\n          Anschluss finden        <\/span>\n      <\/h3>\n    <\/div>\n  <\/div>\n  <div class='mt-auto'>\n    <a class='text-arrow-link fs-sm text-light-3' href=\"https:\/\/icf.church\/stgallen\/de\/findeanschluss\/\">\n      Los geht&#039;s    <\/a>\n  <\/div>\n<\/div>\n\n\n<div id=\"block-56\" class=\"wp-block-yellowtree-divider-card-item flex-1 d-flex flex-column position-relative text-center py-6 py-lg-10\">\n  <div class='mb-2'>\n    <div class='d-flex flex-column align-items-center gap-2'>\n      <i class='icon fs-lg-const fa-solid fa-location-dot' aria-hidden='true'><\/i>\n      <h3 class='mb-0'>\n        <span class=\"text-container\">\n          Deinen Besuch planen        <\/span>\n      <\/h3>\n    <\/div>\n  <\/div>\n  <div class='mt-auto'>\n    <a class='text-arrow-link fs-sm text-light-3' href=\"https:\/\/icf.church\/test\">\n      Los geht&#039;s    <\/a>\n  <\/div>\n<\/div>\n\n\n<div id=\"block-57\" class=\"wp-block-yellowtree-divider-card-item flex-1 d-flex flex-column position-relative text-center py-6 py-lg-10\">\n  <div class='mb-2'>\n    <div class='d-flex flex-column align-items-center gap-2'>\n      <i class='icon fs-lg-const fa-video' aria-hidden='true'><\/i>\n      <h3 class='mb-0'>\n        <span class=\"text-container\">\n          Online reinschauen        <\/span>\n      <\/h3>\n    <\/div>\n  <\/div>\n  <div class='mt-auto'>\n    <a class='text-arrow-link fs-sm text-light-3' href=\"https:\/\/youtube.com\">\n      Los geht&#039;s    <\/a>\n  <\/div>\n<\/div>\n<\/div>","protected":false},"excerpt":{"rendered":"<p>Unser Highlight an jedem Sonntag \u2013 die Celebrations \u2013 unser w\u00f6chentlicher Gottesdienst. Und der darf gern etwas anders sein: laut, fr\u00f6hlich und leidenschaftlich.<\/p>\n","protected":false},"author":3,"featured_media":1363,"parent":0,"menu_order":1,"comment_status":"closed","ping_status":"closed","template":"","meta":{"_acf_changed":false,"_seopress_titles_title":"","_seopress_titles_desc":"","_seopress_robots_index":"","_seopress_robots_follow":"","_seopress_robots_imageindex":"","_seopress_robots_snippet":"","_seopress_robots_primary_cat":"","_seopress_robots_breadcrumbs":"","_seopress_robots_freeze_modified_date":"","_seopress_robots_custom_modified_date":"","_seopress_robots_canonical":"","_seopress_social_fb_title":"","_seopress_social_fb_desc":"","_seopress_social_fb_img":"","_seopress_social_fb_img_attachment_id":0,"_seopress_social_fb_img_width":0,"_seopress_social_fb_img_height":0,"_seopress_social_twitter_title":"","_seopress_social_twitter_desc":"","_seopress_social_twitter_img":"","_seopress_social_twitter_img_attachment_id":0,"_seopress_social_twitter_img_width":0,"_seopress_social_twitter_img_height":0,"_seopress_redirections_value":"","_seopress_redirections_enabled":"","_seopress_redirections_enabled_regex":"","_seopress_redirections_logged_status":"both","_seopress_redirections_param":"","_seopress_redirections_type":301,"_seopress_analysis_target_kw":"","_seopress_news_disabled":"","_seopress_video_disabled":"","_seopress_video":[{"url":"","title":"","desc":"","thumbnail":"","duration":"","rating":"","view_count":"","tag":""}],"_seopress_pro_schemas_manual":[],"_seopress_pro_rich_snippets_disable_all":"","_seopress_pro_rich_snippets_disable":[],"_seopress_pro_schemas":[],"yt_custom_styles_scss":"","yt_custom_styles_rounded_corners":false,"yt_custom_styles_color_scheme":"","footnotes":""},"class_list":["post-115","page","type-page","status-publish","has-post-thumbnail","hentry"],"acf":[],"_links":{"self":[{"href":"https:\/\/icf.church\/stgallen\/de\/wp-json\/wp\/v2\/pages\/115","targetHints":{"allow":["GET"]}}],"collection":[{"href":"https:\/\/icf.church\/stgallen\/de\/wp-json\/wp\/v2\/pages"}],"about":[{"href":"https:\/\/icf.church\/stgallen\/de\/wp-json\/wp\/v2\/types\/page"}],"author":[{"embeddable":true,"href":"https:\/\/icf.church\/stgallen\/de\/wp-json\/wp\/v2\/users\/3"}],"replies":[{"embeddable":true,"href":"https:\/\/icf.church\/stgallen\/de\/wp-json\/wp\/v2\/comments?post=115"}],"version-history":[{"count":58,"href":"https:\/\/icf.church\/stgallen\/de\/wp-json\/wp\/v2\/pages\/115\/revisions"}],"predecessor-version":[{"id":2249,"href":"https:\/\/icf.church\/stgallen\/de\/wp-json\/wp\/v2\/pages\/115\/revisions\/2249"}],"wp:featuredmedia":[{"embeddable":true,"href":"https:\/\/icf.church\/stgallen\/de\/wp-json\/wp\/v2\/media\/1363"}],"wp:attachment":[{"href":"https:\/\/icf.church\/stgallen\/de\/wp-json\/wp\/v2\/media?parent=115"}],"curies":[{"name":"wp","href":"https:\/\/api.w.org\/{rel}","templated":true}]}}