{"id":1258,"date":"2026-05-19T16:04:48","date_gmt":"2026-05-19T14:04:18","guid":{"rendered":"https:\/\/new.icf.church\/stgallen\/kids-teens-2\/"},"modified":"2026-08-28T14:34:56","modified_gmt":"2026-08-28T12:34:56","slug":"juniorleaders","status":"publish","type":"page","link":"https:\/\/icf.church\/stgallen\/de\/juniorleaders\/","title":{"rendered":"Junior Leaders"},"content":{"rendered":"<h1 id=\"block-1\" class=\"mt-2 mb-6 h1 text-start\">\n  Junior Leaders<\/h1>\n\n\n<div id=\"block-7\" class=\"wp-block-yellowtree-hero-stage\">\n    <div class=\"hero-stage has-links\">\n        \n\n<div id=\"block-3\" class=\"hero-stage-content\">\n    <div class=\"hero-stage-content__background\">\n        <div class=\"overlay-black-25 h-100\">\n                            <img fetchpriority=\"high\" decoding=\"async\" width=\"2560\" height=\"1440\" src=\"https:\/\/icf.church\/stgallen\/wp-content\/uploads\/sites\/69\/2026\/05\/dsc07706-scaled.jpg\" class=\"hero-stage-media\" alt=\"Mehrere Frauen, die in einem Raum zusammenstehen, lachen und Posen machen.\" style=\"object-position: 51% 25%;\" aria-hidden=\"true\" loading=\"eager\" srcset=\"https:\/\/icf.church\/stgallen\/wp-content\/uploads\/sites\/69\/2026\/05\/dsc07706-scaled.jpg 2560w, https:\/\/icf.church\/stgallen\/wp-content\/uploads\/sites\/69\/2026\/05\/dsc07706-300x169.jpg 300w, https:\/\/icf.church\/stgallen\/wp-content\/uploads\/sites\/69\/2026\/05\/dsc07706-1024x576.jpg 1024w, https:\/\/icf.church\/stgallen\/wp-content\/uploads\/sites\/69\/2026\/05\/dsc07706-768x432.jpg 768w, https:\/\/icf.church\/stgallen\/wp-content\/uploads\/sites\/69\/2026\/05\/dsc07706-1536x864.jpg 1536w, https:\/\/icf.church\/stgallen\/wp-content\/uploads\/sites\/69\/2026\/05\/dsc07706-2048x1152.jpg 2048w\" sizes=\"(max-width: 2560px) 100vw, 2560px\" \/>                    <\/div>\n        <div class=\"hero-stage-gradient\"><\/div>\n    <\/div>\n    <div class=\"hero-stage-content__foreground is-layout-constrained\">\n        <h1 id=\"block-2\" class=\"display-1 text-center\">\n    <\/h1>    <\/div>\n<\/div>\n\n\n<div id=\"block-6\" class=\"hero-stage-links is-layout-constrained count-2\">\n    <div class=\"icon-link-cards-layout column-gap-3 row-gap-1 justify-content-center break-md\">\n        \n\n<div id=\"block-4\" data-bs-theme=\"dark\" class=\"wp-block-yellowtree-icon-link-card\">\n  <div class='card-body flex-row justify-content-center align-items-center overflow-hidden gap-2 px-5 px-md-3 py-3 py-md-6'>\n    <div class='d-flex align-items-center gap-4 me-auto me-md-0 flex-md-column text-md-center gap-md-3'>\n      <i class='icon-square fs-2 fs-md-lg-const fa-brands fa-whatsapp' aria-hidden='true'><\/i>\n      <a class='stretched-link fs-base-const' href='https:\/\/chat.whatsapp.com\/IIbWt4T5BGmGoUlB9c4vbP' target='_blank'>\n        Whatsapp Gruppe f\u00fcr Teens      <\/a>\n    <\/div>\n          <i class=\"icon fs-base-const fa-chevron-right ms-auto opacity-50 d-md-none\"><\/i>\n      <\/div>\n<\/div>\n\n\n<div id=\"block-5\" data-bs-theme=\"dark\" class=\"wp-block-yellowtree-icon-link-card\">\n  <div class='card-body flex-row justify-content-center align-items-center overflow-hidden gap-2 px-5 px-md-3 py-3 py-md-6'>\n    <div class='d-flex align-items-center gap-4 me-auto me-md-0 flex-md-column text-md-center gap-md-3'>\n      <i class='icon-square fs-2 fs-md-lg-const fa-brands fa-whatsapp' aria-hidden='true'><\/i>\n      <a class='stretched-link fs-base-const' href='https:\/\/chat.whatsapp.com\/KN7fQUXk3GKEBrQCNUbUkT' target='_blank'>\n        Whatsapp Gruppe f\u00fcr Eltern      <\/a>\n    <\/div>\n          <i class=\"icon fs-base-const fa-chevron-right ms-auto opacity-50 d-md-none\"><\/i>\n      <\/div>\n<\/div>\n    <\/div>\n<\/div>\n    <\/div>\n<\/div>\n\n<h2 id=\"block-8\" class=\"mt-4 mb-4 h2 text-start\">\n  The place to be on sunday<\/h2>\n\n<p id=\"block-9\" class=\"mt-4 mb-4 text-start wp-block-paragraph\">\n  Juniorleaders ist die Jugendarbeit vom&nbsp;<a href=\"https:\/\/www.icf-sg.ch\/\">ICF St. Gallen<\/a>&nbsp;f\u00fcr 11-15 j\u00e4hrige Teenager. Wir w\u00fcnschen uns eine energiegeladene, relevante und zeitgem\u00e4sse Kirche, die gemeinsam die Stadt St. Gallen mit der Liebe Gottes auf den Kopf stellt. Bist du dabei?!<\/p>\n\n<p id=\"block-10\" class=\"mt-4 mb-4 text-start wp-block-paragraph\">\n  Tritt unserer WhatsApp Gruppe bei, um immer auf dem Laufenden zu bleiben.<\/p>\n\n<p id=\"block-11\" class=\"mt-4 mb-4 text-start wp-block-paragraph\">\n  F\u00fcr die Eltern gibt es eine separate WhatsApp Gruppe, um \u00fcber unsere Programme informiert zu sein.<\/p>\n\n<p id=\"block-12\" class=\"mt-8 mb-4 fs-lg text-start wp-block-paragraph\">\n  <strong class=\"myprefix-text-bold\">Unsere Angebote f\u00fcr Junior Leaders<\/strong><\/p>\n\n<div id=\"block-19\" class=\"pt-2 pb-2 alignfull is-layout-constrained\">\n  <div>\n            <div class=\"row gx-4 gy-4 \">\n          \n\n<div id=\"block-14\" class=\"col wp-block-yellowtree-column col-12 col-md-6 col-lg-4 d-flex flex-column with-streched-height-children align-items-stretch align-items-lg-stretch\">\n  <article id=\"block-13\" data-bs-theme=\"dark\" class=\"wp-block-yellowtree-card card has-context-height\" style=\"--card-img-position:50% 50%\">\n      <div class=\"card-body\">\n    <h3 class=\"card-title\">Meeting on Sunday<\/h3>\n    <p class=\"card-text\">Zusammen tauchen wir in spannende Geschichten aus der Bibel ein. Ebenfalls tauschen wir uns aus, sind kreativ und lernen uns in unterhaltsamen Spielen besser kennen. <br><br>Jeweils 10.30 Uhr Treffpunkt im ICF St.Gallen<\/p>\n      <\/div>\n<\/article><\/div>\n\n\n<div id=\"block-16\" class=\"col wp-block-yellowtree-column col-12 col-md-6 col-lg-4 d-flex flex-column with-streched-height-children align-items-stretch align-items-lg-stretch\">\n  <article id=\"block-15\" data-bs-theme=\"dark\" class=\"wp-block-yellowtree-card card has-context-height\" style=\"--card-img-position:50% 50%\">\n      <div class=\"card-body\">\n    <h3 class=\"card-title\">Hangouts<\/h3>\n    <p class=\"card-text\">In unseren Hangouts haben wir abwechslungsreiches Programm, aber eines ist immer klar: Wir haben Spass und geniessen die Gemeinschaft zusammen.<br><br>Die Angebote finden entweder am Freitagabend oder Samstags statt, Details folgen jeweils im Chats. <br><br><\/p>\n      <\/div>\n<\/article><\/div>\n\n\n<div id=\"block-18\" class=\"col wp-block-yellowtree-column col-12 col-md-6 col-lg-4 d-flex flex-column with-streched-height-children align-items-stretch align-items-lg-stretch\">\n  <article id=\"block-17\" data-bs-theme=\"dark\" class=\"wp-block-yellowtree-card card has-context-height\" style=\"--card-img-position:50% 50%\">\n      <div class=\"card-body\">\n    <h3 class=\"card-title\">Ministry<\/h3>\n    <p class=\"card-text\">Wenn du ein Juniorleader wirst hast du die M\u00f6glichkeit in einem unserer verschiedenen Bereiche mitzuarbeiten und aktiv unsere Kirche mitgestalten. Ob bei der Bar, im Kids-Bereich oder in der Technik \u2013&nbsp; es gibt etwas passendes f\u00fcr dich. Begleitet wirst du von einem Mentor der dich in deinem Ministry einarbeitet, unterst\u00fctzt und f\u00fcr Fragen zur Verf\u00fcgung steht.<\/p>\n      <\/div>\n<\/article><\/div>\n        <\/div>\n          <\/div>\n<\/div>\n\n<div id=\"block-26\" class=\"pt-2 pb-2 alignfull is-layout-constrained\">\n  <div>\n            <div class=\"row gx-4 gy-4 \">\n          \n\n<div id=\"block-20\" class=\"col wp-block-yellowtree-column col-12 col-md-6 col-lg-4 d-flex flex-column with-streched-height-children align-items-stretch align-items-md-stretch\">\n  <\/div>\n\n\n<div id=\"block-25\" class=\"col wp-block-yellowtree-column col-12 col-md-6 col-lg-4 d-flex flex-column with-streched-height-children align-items-stretch align-items-md-stretch\">\n  <article id=\"block-24\" type=\"button\" data-bs-theme=\"dark\" class=\"wp-block-yellowtree-profile-card card p-0 has-context-height\" style=\"--card-img-position:50% 50%\">\n      <img decoding=\"async\" width=\"1024\" height=\"576\" src=\"https:\/\/icf.church\/stgallen\/wp-content\/uploads\/sites\/69\/2026\/05\/familyteam_n_s_kuhn-1024x576.jpg\" class=\"card-img-top\" alt=\"Ein lachendes Paar mit Brille und Hut, Nahaufnahme.\" draggable=\"false\" loading=\"lazy\" srcset=\"https:\/\/icf.church\/stgallen\/wp-content\/uploads\/sites\/69\/2026\/05\/familyteam_n_s_kuhn-1024x576.jpg 1024w, https:\/\/icf.church\/stgallen\/wp-content\/uploads\/sites\/69\/2026\/05\/familyteam_n_s_kuhn-300x169.jpg 300w, https:\/\/icf.church\/stgallen\/wp-content\/uploads\/sites\/69\/2026\/05\/familyteam_n_s_kuhn-768x432.jpg 768w, https:\/\/icf.church\/stgallen\/wp-content\/uploads\/sites\/69\/2026\/05\/familyteam_n_s_kuhn-1536x864.jpg 1536w, https:\/\/icf.church\/stgallen\/wp-content\/uploads\/sites\/69\/2026\/05\/familyteam_n_s_kuhn-2048x1152.jpg 2048w\" sizes=\"(max-width: 1024px) 100vw, 1024px\">    <div class=\"card-body\">\n    <p class=\"card-meta-tag\">\n          <\/p>\n    <h3 class=\"card-title mt-1\">Simon &amp; Nadja Kuhn<\/h3>\n    <p class=\"card-text mt-1\">Leiter Junior Leaders<\/p>\n    <div class=\"card-buttons mt-1\">\n      <button type=\"button\" class=\"stretched-link btn btn-dark-1 btn-sm position-static\" aria-label=\"\u00d6ffne Popover \u00fcber Simon &amp; Nadja Kuhn\" aria-controls=\"profile-card-modal-block-24\" data-bs-toggle=\"modal\" data-bs-target=\"#profile-card-modal-block-24\">\n        <span>Mehr erfahren<\/span>\n        <i class=\"icon fs-base-const fa-arrow-right\"><\/i>\n      <\/button>\n    <\/div>\n  <\/div>\n<\/article>\n\n<div id=\"profile-card-modal-block-24\" tabindex=\"-1\" class=\"modal fade profile-card-modal\">\n  <div class=\"modal-dialog modal-dialog-centered\">\n    <div class=\"modal-content\" data-bs-theme=\"dark\">\n      <button type=\"button\" class=\"modal-close modal-close-end\" data-bs-dismiss=\"modal\" aria-label=\"Close\"><\/button>\n      <div class=\"modal-header\"><\/div>\n      <div class=\"modal-body overflow-y-auto text-body\">\n        <div class=\"row g-4\">\n          <div class=\"col-12 col-sm-5\">\n            <img decoding=\"async\" draggable=\"false\" loading=\"lazy\" src=\"https:\/\/icf.church\/stgallen\/wp-content\/uploads\/sites\/69\/2026\/05\/familyteam_n_s_kuhn-scaled.jpg\" alt=\"Ein lachendes Paar mit Brille und Hut, Nahaufnahme.\" class=\"img-fluid rounded object-fit-cover\">            <div class=\"d-sm-block d-none\">\n              <ul id=\"block-22\" class=\"profile-card-links-list list-unstyled mt-2 mt-sm-4\">\n  <li id=\"block-21\" class=\"profile-card-link\">\n  <i class=\"icon icon--fixed-width fa-solid fa-envelope\" aria-hidden=\"true\"><\/i>\n  <a href=\"mailto:juniorleaders@icf-sg.ch\" target=\"_blank\">Mail kontaktieren<\/a>\n<\/li><\/ul>            <\/div>\n          <\/div>\n          <div class=\"col-12 col-sm-7\">\n            <h3 class=\"fs-h3-const mb-0 mt-3 mt-sm-0 title\">Simon &amp; Nadja Kuhn<\/h3>\n            <p class=\"fs-sm mt-1 responsibility\">Leiter Junior Leaders<\/p>\n            <p class=\"fs-sm mt-4 biography\">Fragen, Ideen oder sonstige Anliegen? Melde dich bei unseren Leitern Simon &amp; Nadja Kuhn per&nbsp;E-Mail<\/p>\n          <\/div>\n          <div class=\"col-12 d-sm-none\">\n            <ul id=\"block-22\" class=\"profile-card-links-list list-unstyled mt-2 mt-sm-4\">\n  <li id=\"block-21\" class=\"profile-card-link\">\n  <i class=\"icon icon--fixed-width fa-solid fa-envelope\" aria-hidden=\"true\"><\/i>\n  <a href=\"mailto:juniorleaders@icf-sg.ch\" target=\"_blank\">Mail kontaktieren<\/a>\n<\/li><\/ul>          <\/div>\n        <\/div>\n      <\/div>\n      <div class=\"modal-footer\"><\/div>\n    <\/div>\n  <\/div>\n<\/div><\/div>\n        <\/div>\n          <\/div>\n<\/div>\n\n<div id=\"block-29\" class=\"pt-2 pb-2 alignfull is-layout-constrained\">\n  <div>\n            <div class=\"row gx-4 gy-4 \">\n          \n\n<div id=\"block-28\" class=\"col wp-block-yellowtree-column col-12 d-flex flex-column with-streched-height-children align-items-stretch align-items-md-stretch\">\n  <div class=\"events-list\" data-events-list-config=\"{&quot;appId&quot;:&quot;ILU203NJSX&quot;,&quot;apiKey&quot;:&quot;MGY3NThiMDczN2Q5MzJiOTAzNWMxZTM4ZmQ4NzQxYTA5NjgzMWU4OWFhMDE4ZjM5ZTE0ODgyNzliYmIyYjM3YmZpbHRlcnM9JTI4dmlzaWJsZUZvck9yZ2FuaXphdGlvbiUzQTI3NytPUit2aXNpYmxlRm9yUmVnaW9uJTNBMCtPUit2aXNpYmxlRm9yRGVub21pbmF0aW9uJTNBMSUyOStBTkQrc3RhdHVzJTNBcHVibGlzaGVkK0FORCslMjhncm91cF9pZCUzQTEzNDUlMjkmcmVzdHJpY3RJbmRpY2VzPWV2ZW50cw==&quot;,&quot;baseUrl&quot;:&quot;https:\\\/\\\/icf.church\\\/stgallen\\\/de\\\/angebote\\\/&quot;,&quot;baseUrls&quot;:{&quot;de&quot;:&quot;https:\\\/\\\/icf.church\\\/stgallen\\\/de\\\/angebote\\\/&quot;,&quot;en&quot;:&quot;https:\\\/\\\/icf.church\\\/stgallen\\\/en\\\/events\\\/&quot;},&quot;postsPerPage&quot;:10,&quot;indexName&quot;:&quot;events&quot;,&quot;contactUrl&quot;:&quot;https:\\\/\\\/icf.church\\\/stgallen\\\/de\\\/kontakt\\\/&quot;,&quot;icons&quot;:{&quot;Junior Leaders&quot;:&quot;fa-handshake-simple&quot;,&quot;Amore&quot;:&quot;fa-users&quot;,&quot;Teens&quot;:&quot;fa-gamepad-modern&quot;,&quot;Youth&quot;:&quot;fa-hand-peace&quot;,&quot;Sunday Night&quot;:&quot;fa-hand-peace&quot;,&quot;Kids&quot;:&quot;fa-children&quot;,&quot;Ladies&quot;:&quot;fa-person-dress&quot;,&quot;Men&quot;:&quot;fa-person&quot;,&quot;Evergreen&quot;:&quot;fa-tree-deciduous&quot;,&quot;ICF Movement&quot;:&quot;fa-hand-peace&quot;,&quot;Conferences&quot;:&quot;fa-party-horn&quot;},&quot;imgixSrcUrl&quot;:&quot;https:\\\/\\\/website-prod-space-01.fra1.digitaloceanspaces.com&quot;,&quot;imgixTargetUrl&quot;:&quot;https:\\\/\\\/icf-hub-new.imgix.net&quot;,&quot;siteUrl&quot;:&quot;https:\\\/\\\/icf.church\\\/stgallen&quot;,&quot;organisationId&quot;:&quot;stgallen&quot;}\">\n<\/div><\/div>\n        <\/div>\n          <\/div>\n<\/div>","protected":false},"excerpt":{"rendered":"<p>Junior Leaders The place to be on sunday Juniorleaders ist die Jugendarbeit vom&nbsp;ICF St. Gallen&nbsp;f\u00fcr 11-15 j\u00e4hrige Teenager. Wir w\u00fcnschen uns eine energiegeladene, relevante und zeitgem\u00e4sse Kirche, die gemeinsam die Stadt St. Gallen mit der Liebe Gottes auf den Kopf stellt. Bist du dabei?! Tritt unserer WhatsApp Gruppe bei, um immer auf dem Laufenden zu [&hellip;]<\/p>\n","protected":false},"author":59,"featured_media":0,"parent":0,"menu_order":2,"comment_status":"closed","ping_status":"closed","template":"","meta":{"_acf_changed":false,"_seopress_titles_title":"Junior Leaders - Teens - ICF St.Gallen","_seopress_titles_desc":"Juniorleaders ist die Jugendarbeit vom\u00a0ICF St. Gallen\u00a0f\u00fcr 11-15 j\u00e4hrige Teenager. Wir w\u00fcnschen uns eine relevante und zeitgem\u00e4sse Kirche f\u00fcr Stadt St. Gallen.","_seopress_robots_index":"","_seopress_robots_follow":"","_seopress_robots_imageindex":"","_seopress_robots_snippet":"","_seopress_robots_primary_cat":"","_seopress_robots_breadcrumbs":"","_seopress_robots_freeze_modified_date":"","_seopress_robots_custom_modified_date":"","_seopress_robots_canonical":"","_seopress_social_fb_title":"","_seopress_social_fb_desc":"","_seopress_social_fb_img":"","_seopress_social_fb_img_attachment_id":0,"_seopress_social_fb_img_width":0,"_seopress_social_fb_img_height":0,"_seopress_social_twitter_title":"","_seopress_social_twitter_desc":"","_seopress_social_twitter_img":"","_seopress_social_twitter_img_attachment_id":0,"_seopress_social_twitter_img_width":0,"_seopress_social_twitter_img_height":0,"_seopress_redirections_value":"","_seopress_redirections_enabled":"","_seopress_redirections_enabled_regex":"","_seopress_redirections_logged_status":"","_seopress_redirections_param":"","_seopress_redirections_type":0,"_seopress_analysis_target_kw":"","_seopress_news_disabled":"","_seopress_video_disabled":"","_seopress_video":[],"_seopress_pro_schemas_manual":[],"_seopress_pro_rich_snippets_disable_all":"","_seopress_pro_rich_snippets_disable":[],"_seopress_pro_schemas":[],"yt_custom_styles_scss":"","yt_custom_styles_rounded_corners":false,"yt_custom_styles_color_scheme":"","footnotes":""},"class_list":["post-1258","page","type-page","status-publish","hentry"],"acf":[],"_links":{"self":[{"href":"https:\/\/icf.church\/stgallen\/de\/wp-json\/wp\/v2\/pages\/1258","targetHints":{"allow":["GET"]}}],"collection":[{"href":"https:\/\/icf.church\/stgallen\/de\/wp-json\/wp\/v2\/pages"}],"about":[{"href":"https:\/\/icf.church\/stgallen\/de\/wp-json\/wp\/v2\/types\/page"}],"author":[{"embeddable":true,"href":"https:\/\/icf.church\/stgallen\/de\/wp-json\/wp\/v2\/users\/59"}],"replies":[{"embeddable":true,"href":"https:\/\/icf.church\/stgallen\/de\/wp-json\/wp\/v2\/comments?post=1258"}],"version-history":[{"count":52,"href":"https:\/\/icf.church\/stgallen\/de\/wp-json\/wp\/v2\/pages\/1258\/revisions"}],"predecessor-version":[{"id":2932,"href":"https:\/\/icf.church\/stgallen\/de\/wp-json\/wp\/v2\/pages\/1258\/revisions\/2932"}],"wp:attachment":[{"href":"https:\/\/icf.church\/stgallen\/de\/wp-json\/wp\/v2\/media?parent=1258"}],"curies":[{"name":"wp","href":"https:\/\/api.w.org\/{rel}","templated":true}]}}