{"id":139,"date":"2025-10-02T09:02:48","date_gmt":"2025-10-02T07:02:41","guid":{"rendered":"https:\/\/new.new.icf.church\/stgallen\/?page_id=139"},"modified":"2026-08-28T11:46:50","modified_gmt":"2026-08-28T09:46:50","slug":"about","status":"publish","type":"page","link":"https:\/\/icf.church\/stgallen\/de\/about\/","title":{"rendered":"Willkommen"},"content":{"rendered":"<h1 id=\"block-1\" class=\"mt-4 mb-4 h1 display-1 text-start\">\n  Welcome Home im ICF St.Gallen<\/h1>\n\n<div class=\"aligncenter mw-100\">\n      <figure id=\"block-2\">\n      <div class=\"img-wrap\" style=\"max-width:100%\">\n        <img decoding=\"async\" src=\"https:\/\/icf.church\/stgallen\/wp-content\/uploads\/sites\/69\/2026\/08\/dsc00660-1024x684.jpg\" alt=\"\" loading=\"lazy\" title=\"\" class=\"img-fluid w-100 h-100 rounded object-fit-cover\" style=\"object-position: center center\" \/>\n      <\/div>\n          <\/figure>\n    <\/div>\n\n<div id=\"block-5\" class=\"pt-2 pb-2 alignfull is-layout-constrained\">\n  <div>\n          <div class=\"row\">\n        <div class=\"col-12 col-md-10 mx-auto\">\n                <div class=\"row gx-4 gy-4 \">\n          \n\n<div id=\"block-4\" class=\"col wp-block-yellowtree-column col-12 d-flex flex-column with-streched-height-children align-items-stretch align-items-md-stretch\">\n  <h3 id=\"block-3\" class=\"mt-4 h3 display-3 text-start\">\n  ICF St.Gallen ist eine christliche Kirche auf biblischer Grundlage: authentisch, relevant und begeistert vom Leben mit Jesus.<\/h3><\/div>\n        <\/div>\n                <\/div>\n      <\/div>\n      <\/div>\n<\/div>\n\n<div id=\"block-13\" class=\"pt-6 pb-2 alignfull is-layout-constrained\">\n  <div>\n            <div class=\"row gx-4 gy-4 \">\n          \n\n<div id=\"block-12\" class=\"col wp-block-yellowtree-column col-12 d-flex flex-column with-streched-height-children align-items-stretch align-items-md-stretch\">\n  <div id=\"block-11\" class=\"wp-block-yellowtree-text-image d-flex flex-column flex-lg-row gap-3\">\n    \n\n<div id=\"block-6\" class=\"wp-block-yellowtree-locked-image\">\n    <img decoding=\"async\" width=\"1024\" height=\"684\" src=\"https:\/\/icf.church\/stgallen\/wp-content\/uploads\/sites\/69\/2026\/05\/dsc00238-1024x684.jpg\" class=\"w-100 h-100 object-fit-cover\" alt=\"Zwei Menschen, ein Mann und eine Frau, stehen nebeneinander und l\u00e4cheln.\" style=\"object-position: 51% 34%;\" loading=\"lazy\" sizes=\"(max-width: 992px) 100vw, 1600px\" srcset=\"https:\/\/icf.church\/stgallen\/wp-content\/uploads\/sites\/69\/2026\/05\/dsc00238-1024x684.jpg 1024w, https:\/\/icf.church\/stgallen\/wp-content\/uploads\/sites\/69\/2026\/05\/dsc00238-300x200.jpg 300w, https:\/\/icf.church\/stgallen\/wp-content\/uploads\/sites\/69\/2026\/05\/dsc00238-768x513.jpg 768w, https:\/\/icf.church\/stgallen\/wp-content\/uploads\/sites\/69\/2026\/05\/dsc00238-1536x1026.jpg 1536w, https:\/\/icf.church\/stgallen\/wp-content\/uploads\/sites\/69\/2026\/05\/dsc00238-2048x1368.jpg 2048w\"><\/div>\n\n\n\n<div id=\"block-10\" data-bs-theme=\"dark\" class=\"card wp-block-yellowtree-text-card has-context-height\">\n  <div class=\"card-body px-4 py-6 p-sm-6 p-lg-8\">\n    \n\n<h2 id=\"block-7\">\n    Kirche erleben!<\/h2>\n\n\n<p id=\"block-8\">\n    Wir begr\u00fcssen dich ganz herzlich in einer&nbsp;Celebration von ICF St.Gallen oder einem der verschiedenen Standorte&nbsp;in unserer ICF Familie. Wir freuen uns, dich pers\u00f6nlich vor oder nach der Celebration am Sonntag kennenzulernen. <br><br>Was uns ganz besonders wichtig ist: Menschen sind nicht f\u00fcr die Kirche da, sondern die Kirche, auch das ICF, ist f\u00fcr die Menschen&nbsp;da.<br><br>Herzlich willkommen, sch\u00f6n, dass du da bist!<br><br>Bilou &amp; Jemina B\u00e4chtold<br><em>Pastoren ICF St.Gallen<\/em><\/p>\n\n\n  <div>\n    <a id=\"block-9\" href=\"mailto:info@icf-sg.ch\" rel=\"\" target=\"_blank\" class=\"wp-block-yellowtree-button-link btn btn-default\">\n      <span>Kontakt<\/span>\n          <\/a>\n  <\/div>\n\n  <\/div>\n<\/div>\n<\/div><\/div>\n        <\/div>\n          <\/div>\n<\/div>\n\n<div id=\"block-17\" class=\"pt-9 pb-2 alignfull is-layout-constrained\">\n  <div>\n            <div class=\"row gx-4 gy-4 \">\n          \n\n<div id=\"block-16\" class=\"col wp-block-yellowtree-column col-12 d-flex flex-column with-streched-height-children align-items-stretch align-items-md-stretch\">\n  <h3 id=\"block-14\" class=\"h3 display-3 text-start\">\n  Unser Auftrag<\/h3>\n\n<p id=\"block-15\" class=\"mb-6 fs-lg text-start wp-block-paragraph\">\n  Als Kirche ist es unsere Leidenschaft, dass Menschen Jesus Christus \u00e4hnlicher werden, furchtlos leben und ihr Umfeld positiv ver\u00e4ndern.<\/p><\/div>\n        <\/div>\n          <\/div>\n<\/div>\n\n<div id=\"block-24\" class=\"pt-2 pb-2 alignfull is-layout-constrained\">\n  <div>\n            <div class=\"row gx-4 gy-4 \">\n          \n\n<div id=\"block-19\" class=\"col wp-block-yellowtree-column col-12 col-lg-4 d-flex flex-column justify-content-center align-items-stretch align-items-lg-center\">\n  <div>\n    <a id=\"block-18\" href=\"https:\/\/icf.church\/de\/waswirglauben\/\" rel=\"\" target=\"_blank\" class=\"wp-block-yellowtree-button-link btn btn-outline-default\">\n      <span>Was wir glauben<\/span>\n          <\/a>\n  <\/div><\/div>\n\n\n<div id=\"block-21\" class=\"col wp-block-yellowtree-column col-12 col-lg-4 d-flex flex-column justify-content-center align-items-center align-items-lg-center\">\n  <div>\n    <a id=\"block-20\" href=\"https:\/\/icf.church\/de\/vision\/\" rel=\"\" target=\"_blank\" class=\"wp-block-yellowtree-button-link btn btn-outline-default\">\n      <span>Unsere Vision<\/span>\n          <\/a>\n  <\/div><\/div>\n\n\n<div id=\"block-23\" class=\"col wp-block-yellowtree-column col-12 col-lg-4 d-flex flex-column justify-content-center align-items-center align-items-lg-center\">\n  <div>\n    <a id=\"block-22\" href=\"https:\/\/icf.church\/de\/standorte\/\" rel=\"\" target=\"_blank\" class=\"wp-block-yellowtree-button-link btn btn-default\">\n      <span>Location map<\/span>\n          <\/a>\n  <\/div><\/div>\n        <\/div>\n          <\/div>\n<\/div>\n\n\n<div id=\"block-31\" class=\"wp-block-yellowtree-vision alignfull\">\n    <div class=\"vision-wrapper position-relative z-0\">\n        <div class=\"is-layout-constrained\">\n            <div class=\"position-relative\">\n                <div class=\"d-flex justify-content-center align-items-center\">\n                    <div class=\"vision-gradient w-100\"><\/div>\n                <\/div>\n                                    <div class=\"position-absolute start-50 top-50 translate-middle mw-100\" style=\"width: 40rem;\">\n                        <h3 class=\"display-3 text-center px-2 text-black mb-0\">Unsere Werte<\/h3>\n                    <\/div>\n                                <ul class=\"list-unstyled position-absolute start-50 top-50 w-50 h-50\">\n                    <li id=\"block-25\" class=\"wp-block-yellowtree-vision-item vision-item text-black\">\n    <button class=\"btn vision-button text-black has-pulse\" type=\"button\" aria-label=\"Mehr erfahren\" data-bs-toggle=\"modal\" data-bs-target=\"#block-25-card\">\n        <i class=\"icon vision-icon fa-solid fa-party-horn\" aria-hidden=\"true\"><\/i>\n    <\/button>\n    <div id=\"block-25-card\" tabindex=\"-1\" class=\"modal fade vision-modal position-absolute start-0 top-0\" style=\"display: none;\" data-bs-backdrop=\"false\">\n        <div class=\"modal-dialog\">\n            <article class=\"card vision-card\" data-bs-theme=\"dark\">\n                <button class=\"vision-card-close btn-close-fa position-absolute end-0 top-0 mt-1 me-1\" type=\"button\" data-bs-dismiss=\"modal\" aria-label=\"Visionskarte schlie\u00dfen\"><\/button>\n                <div class=\"card-body p-3\">\n                    <div class=\"mt-7 mb-4 text-center\">\n                        <i class=\"icon vision-card-icon fa-solid fa-party-horn\" aria-hidden=\"true\"><\/i>\n                    <\/div>\n                    <p class=\"fs-sm-const mt-auto\">\n                        BEGEISTERT | Wir wissen: Die Freude an Gott ist unsere St\u00e4rke                    <\/p>\n                <\/div>\n            <\/article>\n        <\/div>\n    <\/div>\n<\/li>\n\n\n<li id=\"block-26\" class=\"wp-block-yellowtree-vision-item vision-item text-black\">\n    <button class=\"btn vision-button text-black has-pulse\" type=\"button\" aria-label=\"Mehr erfahren\" data-bs-toggle=\"modal\" data-bs-target=\"#block-26-card\">\n        <i class=\"icon vision-icon fa-solid fa-house\" aria-hidden=\"true\"><\/i>\n    <\/button>\n    <div id=\"block-26-card\" tabindex=\"-1\" class=\"modal fade vision-modal position-absolute start-0 top-0\" style=\"display: none;\" data-bs-backdrop=\"false\">\n        <div class=\"modal-dialog\">\n            <article class=\"card vision-card\" data-bs-theme=\"dark\">\n                <button class=\"vision-card-close btn-close-fa position-absolute end-0 top-0 mt-1 me-1\" type=\"button\" data-bs-dismiss=\"modal\" aria-label=\"Visionskarte schlie\u00dfen\"><\/button>\n                <div class=\"card-body p-3\">\n                    <div class=\"mt-7 mb-4 text-center\">\n                        <i class=\"icon vision-card-icon fa-solid fa-house\" aria-hidden=\"true\"><\/i>\n                    <\/div>\n                    <p class=\"fs-sm-const mt-auto\">\n                        GASTFREUNDLICH | Wir schaffen eine liebevolle \u201eWelcome Home\u201c Atmosph\u00e4re                    <\/p>\n                <\/div>\n            <\/article>\n        <\/div>\n    <\/div>\n<\/li>\n\n\n<li id=\"block-27\" class=\"wp-block-yellowtree-vision-item vision-item text-black\">\n    <button class=\"btn vision-button text-black has-pulse\" type=\"button\" aria-label=\"Mehr erfahren\" data-bs-toggle=\"modal\" data-bs-target=\"#block-27-card\">\n        <i class=\"icon vision-icon fa-solid fa-face-smile-hearts\" aria-hidden=\"true\"><\/i>\n    <\/button>\n    <div id=\"block-27-card\" tabindex=\"-1\" class=\"modal fade vision-modal position-absolute start-0 top-0\" style=\"display: none;\" data-bs-backdrop=\"false\">\n        <div class=\"modal-dialog\">\n            <article class=\"card vision-card\" data-bs-theme=\"dark\">\n                <button class=\"vision-card-close btn-close-fa position-absolute end-0 top-0 mt-1 me-1\" type=\"button\" data-bs-dismiss=\"modal\" aria-label=\"Visionskarte schlie\u00dfen\"><\/button>\n                <div class=\"card-body p-3\">\n                    <div class=\"mt-7 mb-4 text-center\">\n                        <i class=\"icon vision-card-icon fa-solid fa-face-smile-hearts\" aria-hidden=\"true\"><\/i>\n                    <\/div>\n                    <p class=\"fs-sm-const mt-auto\">\n                        AUTHENTISCH &amp; RELEVANT | Wir leben, was wir sagen                    <\/p>\n                <\/div>\n            <\/article>\n        <\/div>\n    <\/div>\n<\/li>\n\n\n<li id=\"block-28\" class=\"wp-block-yellowtree-vision-item vision-item text-black\">\n    <button class=\"btn vision-button text-black has-pulse\" type=\"button\" aria-label=\"Mehr erfahren\" data-bs-toggle=\"modal\" data-bs-target=\"#block-28-card\">\n        <i class=\"icon vision-icon fa-fire\" aria-hidden=\"true\"><\/i>\n    <\/button>\n    <div id=\"block-28-card\" tabindex=\"-1\" class=\"modal fade vision-modal position-absolute start-0 top-0\" style=\"display: none;\" data-bs-backdrop=\"false\">\n        <div class=\"modal-dialog\">\n            <article class=\"card vision-card\" data-bs-theme=\"dark\">\n                <button class=\"vision-card-close btn-close-fa position-absolute end-0 top-0 mt-1 me-1\" type=\"button\" data-bs-dismiss=\"modal\" aria-label=\"Visionskarte schlie\u00dfen\"><\/button>\n                <div class=\"card-body p-3\">\n                    <div class=\"mt-7 mb-4 text-center\">\n                        <i class=\"icon vision-card-icon fa-fire\" aria-hidden=\"true\"><\/i>\n                    <\/div>\n                    <p class=\"fs-sm-const mt-auto\">\n                        RELEVANT | Wir sind am Puls der Zeit                    <\/p>\n                <\/div>\n            <\/article>\n        <\/div>\n    <\/div>\n<\/li>\n\n\n<li id=\"block-29\" class=\"wp-block-yellowtree-vision-item vision-item text-black\">\n    <button class=\"btn vision-button text-black has-pulse\" type=\"button\" aria-label=\"Mehr erfahren\" data-bs-toggle=\"modal\" data-bs-target=\"#block-29-card\">\n        <i class=\"icon vision-icon fa-solid fa-hand-heart\" aria-hidden=\"true\"><\/i>\n    <\/button>\n    <div id=\"block-29-card\" tabindex=\"-1\" class=\"modal fade vision-modal position-absolute start-0 top-0\" style=\"display: none;\" data-bs-backdrop=\"false\">\n        <div class=\"modal-dialog\">\n            <article class=\"card vision-card\" data-bs-theme=\"dark\">\n                <button class=\"vision-card-close btn-close-fa position-absolute end-0 top-0 mt-1 me-1\" type=\"button\" data-bs-dismiss=\"modal\" aria-label=\"Visionskarte schlie\u00dfen\"><\/button>\n                <div class=\"card-body p-3\">\n                    <div class=\"mt-7 mb-4 text-center\">\n                        <i class=\"icon vision-card-icon fa-solid fa-hand-heart\" aria-hidden=\"true\"><\/i>\n                    <\/div>\n                    <p class=\"fs-sm-const mt-auto\">\n                        GROSSZ\u00dcGIG\nWir sind gesegnet, um ein Segen zu sein                    <\/p>\n                <\/div>\n            <\/article>\n        <\/div>\n    <\/div>\n<\/li>\n\n\n<li id=\"block-30\" class=\"wp-block-yellowtree-vision-item vision-item text-black\">\n    <button class=\"btn vision-button text-black has-pulse\" type=\"button\" aria-label=\"Mehr erfahren\" data-bs-toggle=\"modal\" data-bs-target=\"#block-30-card\">\n        <i class=\"icon vision-icon fa-solid fa-rocket-launch\" aria-hidden=\"true\"><\/i>\n    <\/button>\n    <div id=\"block-30-card\" tabindex=\"-1\" class=\"modal fade vision-modal position-absolute start-0 top-0\" style=\"display: none;\" data-bs-backdrop=\"false\">\n        <div class=\"modal-dialog\">\n            <article class=\"card vision-card\" data-bs-theme=\"dark\">\n                <button class=\"vision-card-close btn-close-fa position-absolute end-0 top-0 mt-1 me-1\" type=\"button\" data-bs-dismiss=\"modal\" aria-label=\"Visionskarte schlie\u00dfen\"><\/button>\n                <div class=\"card-body p-3\">\n                    <div class=\"mt-7 mb-4 text-center\">\n                        <i class=\"icon vision-card-icon fa-solid fa-rocket-launch\" aria-hidden=\"true\"><\/i>\n                    <\/div>\n                    <p class=\"fs-sm-const mt-auto\">\n                        EXZELLENT | Wir geben f\u00fcr Gott unser Bestes                    <\/p>\n                <\/div>\n            <\/article>\n        <\/div>\n    <\/div>\n<\/li>                <\/ul>\n            <\/div>\n        <\/div>\n        <div class=\"vision-backdrop\" style=\"display: none;\"><\/div>\n    <\/div>\n<\/div>\n\n<div id=\"block-40\" class=\"pt-2 pb-2 alignfull is-layout-constrained\">\n  <div>\n            <div class=\"row gx-4 gy-4 \">\n          \n\n<div id=\"block-39\" class=\"col wp-block-yellowtree-column col-12 d-flex flex-column with-streched-height-children align-items-stretch align-items-md-stretch\">\n  <div id=\"block-38\" class=\"pt-2 pb-2 alignfull is-layout-constrained\">\n  <div>\n            <div class=\"row gx-4 gy-4 \">\n          \n\n<div id=\"block-33\" class=\"col wp-block-yellowtree-column col-12 col-md-6 d-flex flex-column with-streched-height-children align-items-stretch align-items-md-stretch\">\n  <article id=\"block-32\" data-bs-theme=\"dark\" class=\"wp-block-yellowtree-card card has-context-height\" style=\"--card-img-position:50% 50%\">\n        <img decoding=\"async\" width=\"1024\" height=\"684\" src=\"https:\/\/icf.church\/stgallen\/wp-content\/uploads\/sites\/69\/2026\/08\/dsc00613-1024x684.jpg\" class=\"card-img-top\" alt=\"\" draggable=\"false\" loading=\"lazy\" srcset=\"https:\/\/icf.church\/stgallen\/wp-content\/uploads\/sites\/69\/2026\/08\/dsc00613-1024x684.jpg 1024w, https:\/\/icf.church\/stgallen\/wp-content\/uploads\/sites\/69\/2026\/08\/dsc00613-300x200.jpg 300w, https:\/\/icf.church\/stgallen\/wp-content\/uploads\/sites\/69\/2026\/08\/dsc00613-768x513.jpg 768w, https:\/\/icf.church\/stgallen\/wp-content\/uploads\/sites\/69\/2026\/08\/dsc00613-1536x1026.jpg 1536w, https:\/\/icf.church\/stgallen\/wp-content\/uploads\/sites\/69\/2026\/08\/dsc00613-2048x1368.jpg 2048w\" sizes=\"(max-width: 1024px) 100vw, 1024px\">    <div class=\"card-body\">\n    <h3 class=\"card-title\">Mitgliedschaft<\/h3>\n    <p class=\"card-text\">Im ICF gibt es keine formelle Mitgliedschaft. Generell gilt: Wenn du dich dem ICF zugeh\u00f6rig f\u00fchlst, dann ist das ICF deine Kirche. Hier kannst du gemeinsam mit anderen deinen Glauben leben, das Leben mit all den Facetten teilen, deine Talente und Begabungen einbringen und eine Kirche f\u00fcr dich und deine Freunde bauen.<br>Eines ist uns ganz wichtig: In unserer Kirche ist jeder einzelne herzlich willkommen \u2013 unabh\u00e4ngig vom pers\u00f6nlichen Hintergrund, den pers\u00f6nlichen \u00dcberzeugungen und unabh\u00e4ngig davon, ob er sich in die Kirche investiert oder nicht.<\/p>\n      <\/div>\n<\/article><\/div>\n\n\n<div id=\"block-37\" class=\"col wp-block-yellowtree-column col-12 col-md-6 d-flex flex-column with-streched-height-children align-items-stretch align-items-md-stretch\">\n  <article id=\"block-36\" data-bs-theme=\"dark\" class=\"wp-block-yellowtree-card card has-context-height\" style=\"--card-img-position:51% 44%\">\n        <img decoding=\"async\" width=\"514\" height=\"597\" src=\"https:\/\/icf.church\/stgallen\/wp-content\/uploads\/sites\/69\/2026\/06\/twint-spende.jpeg\" class=\"card-img-top\" alt=\"\" draggable=\"false\" loading=\"lazy\" srcset=\"https:\/\/icf.church\/stgallen\/wp-content\/uploads\/sites\/69\/2026\/06\/twint-spende.jpeg 514w, https:\/\/icf.church\/stgallen\/wp-content\/uploads\/sites\/69\/2026\/06\/twint-spende-258x300.jpeg 258w\" sizes=\"(max-width: 514px) 100vw, 514px\">    <div class=\"card-body\">\n    <h3 class=\"card-title\">Finanzierung<\/h3>\n    <p class=\"card-text\">Unsere Kirche ist uns wichtig und zwar so wichtig, dass wir sie selber finanzieren. Sie ist Familie. Und in jeder Familie tr\u00e4gt jeder ein St\u00fcck Verantwortung. Jeder nach seinem K\u00f6nnen und M\u00f6glichkeiten. Wir bekommen keine staatliche Kirchensteuern oder Mitgliedsbeitr\u00e4ge, sondern tragen uns ausschliesslich aus Spenden.\u00a0Obwohl wir ein gemeinn\u00fctziger Verein sind, k\u00f6nnen Spenden steuerlich nicht in Abzug gebracht werden k\u00f6nnen.<\/p>\n    <div id=\"block-35\" class=\"wp-block-yellowtree-card-buttons card-buttons\">\n  \n\n  <div>\n    <a id=\"block-34\" href=\"https:\/\/icf.church\/stgallen\/de\/spenden\/\" class=\"wp-block-yellowtree-card-button btn btn-sm btn-secondary\">\n      <span>Spenden<\/span>\n              <i class=\"icon fs-base-const fa-arrow-right\" aria-hidden=\"true\"><\/i>\n          <\/a>\n  <\/div>\n\n<\/div>  <\/div>\n<\/article><\/div>\n        <\/div>\n          <\/div>\n<\/div><\/div>\n        <\/div>\n          <\/div>\n<\/div>\n\n<div id=\"block-53\" class=\"pt-9 pb-2 alignfull is-layout-constrained\">\n  <div>\n            <div class=\"row gx-4 gy-4 \">\n          \n\n<div id=\"block-52\" class=\"col wp-block-yellowtree-column col-12 d-flex flex-column with-streched-height-children align-items-stretch align-items-md-stretch\">\n  <h3 id=\"block-41\" class=\"h3 display-3 text-start\">\n  Unsere Geschichte<\/h3>\n\n<p id=\"block-42\" class=\"text-start wp-block-paragraph\">\n  ICF bedeutet&nbsp;<em><strong class=\"myprefix-text-bold\">International Christian Fellowship<\/strong><\/em><strong class=\"myprefix-text-bold\">&nbsp;<\/strong>und konkret auch Folgendes: Wir sind eine christliche Kirche, die am Puls der Zeit, kreativ, innovativ und manchmal auch ein bisschen verr\u00fcckt ist! Mit einem klaren Ja zum Leben und mit allen M\u00f6glichkeiten, die uns in der&nbsp;heutigen Zeit zur Verf\u00fcgung stehen, leben wir diesen&nbsp;Traum jeden Tag. Unser Ziel ist, Menschen f\u00fcr ein Leben mit Jesus Christus zu begeistern.<\/p>\n\n<p id=\"block-43\" class=\"text-start wp-block-paragraph\">\n  Was uns ganz besonders wichtig ist: Menschen sind nicht f\u00fcr die Kirche da, sondern Kirche, das heisst auch das ICF, ist da f\u00fcr die Menschen.<\/p>\n\n<div id=\"block-50\" class=\"mt-6 mb-6 alignfull is-layout-constrained\" style=\"margin-left:0;margin-right:0\">\n  <swiper-container init=\"false\" data-yt-template=\"3-col\" data-yt-pagination=\"true\" data-yt-navigation=\"true\" class=\"has-full-height-slides \">\n          <swiper-slide><article id=\"block-44\" data-bs-theme=\"dark\" tabindex=\"0\" data-bs-toggle=\"collapse\" data-bs-target=\"#block-44-collapse\" data-toggle-on-hover=\"true\" aria-expanded=\"false\" aria-controls=\"block-44-collapse\" class=\"card wp-block-yellowtree-history-card overflow-auto py-4 has-context-height\" style=\"--card-img-position:54% 41%;--card-aspect-ratio:1\">\n      <img decoding=\"async\" width=\"1024\" height=\"683\" src=\"https:\/\/icf.church\/stgallen\/wp-content\/uploads\/sites\/69\/2026\/05\/icfsg_2012-1024x683.jpg\" class=\"card-bg-img opacity-75\" alt=\"\" aria-hidden=\"true\" loading=\"lazy\" srcset=\"https:\/\/icf.church\/stgallen\/wp-content\/uploads\/sites\/69\/2026\/05\/icfsg_2012-1024x683.jpg 1024w, https:\/\/icf.church\/stgallen\/wp-content\/uploads\/sites\/69\/2026\/05\/icfsg_2012-300x200.jpg 300w, https:\/\/icf.church\/stgallen\/wp-content\/uploads\/sites\/69\/2026\/05\/icfsg_2012-768x512.jpg 768w, https:\/\/icf.church\/stgallen\/wp-content\/uploads\/sites\/69\/2026\/05\/icfsg_2012-1536x1024.jpg 1536w, https:\/\/icf.church\/stgallen\/wp-content\/uploads\/sites\/69\/2026\/05\/icfsg_2012-2048x1365.jpg 2048w\" sizes=\"(max-width: 1024px) 100vw, 1024px\">    <div class=\"h-100 overflow-y-auto z-1\">\n    <div class=\"card-body overflow-visible py-0 px-4 min-h-100\">\n      <h3 class=\"display-3 tracking-wide mb-0 mt-auto fs-display-3-const\">2002<\/h3>\n      <div id=\"block-44-collapse\" class=\"collapse\">\n        <p class=\"mt-1\">Reto und Corinne Kaltbrunner gr\u00fcnden im Jahre 2002 das erste ICF in der Ostschweiz. Damals trafen sie sich noch auf dem Messeareal der OLMA.<\/p>\n      <\/div>\n    <\/div>\n  <\/div>\n<\/article><\/swiper-slide>\n          <swiper-slide><article id=\"block-45\" data-bs-theme=\"dark\" tabindex=\"0\" data-bs-toggle=\"collapse\" data-bs-target=\"#block-45-collapse\" data-toggle-on-hover=\"true\" aria-expanded=\"false\" aria-controls=\"block-45-collapse\" class=\"card wp-block-yellowtree-history-card overflow-auto py-4 has-context-height\" style=\"--card-img-position:50% 50%;--card-aspect-ratio:1\">\n      <img decoding=\"async\" width=\"1024\" height=\"683\" src=\"https:\/\/icf.church\/stgallen\/wp-content\/uploads\/sites\/69\/2026\/05\/icfsg_2009_02-1024x683.jpg\" class=\"card-bg-img opacity-75\" alt=\"\" aria-hidden=\"true\" loading=\"lazy\" srcset=\"https:\/\/icf.church\/stgallen\/wp-content\/uploads\/sites\/69\/2026\/05\/icfsg_2009_02-1024x683.jpg 1024w, https:\/\/icf.church\/stgallen\/wp-content\/uploads\/sites\/69\/2026\/05\/icfsg_2009_02-300x200.jpg 300w, https:\/\/icf.church\/stgallen\/wp-content\/uploads\/sites\/69\/2026\/05\/icfsg_2009_02-768x512.jpg 768w, https:\/\/icf.church\/stgallen\/wp-content\/uploads\/sites\/69\/2026\/05\/icfsg_2009_02-1536x1024.jpg 1536w, https:\/\/icf.church\/stgallen\/wp-content\/uploads\/sites\/69\/2026\/05\/icfsg_2009_02.jpg 1920w\" sizes=\"(max-width: 1024px) 100vw, 1024px\">    <div class=\"h-100 overflow-y-auto z-1\">\n    <div class=\"card-body overflow-visible py-0 px-4 min-h-100\">\n      <h3 class=\"display-3 tracking-wide mb-0 mt-auto fs-display-3-const\">2009<\/h3>\n      <div id=\"block-45-collapse\" class=\"collapse\">\n        <p class=\"mt-1\">Das ehemalige Kino Tiffany wird das neue Zuhause des ICF St.Gallen<\/p>\n      <\/div>\n    <\/div>\n  <\/div>\n<\/article><\/swiper-slide>\n          <swiper-slide><article id=\"block-46\" data-bs-theme=\"dark\" tabindex=\"0\" data-bs-toggle=\"collapse\" data-bs-target=\"#block-46-collapse\" data-toggle-on-hover=\"true\" aria-expanded=\"false\" aria-controls=\"block-46-collapse\" class=\"card wp-block-yellowtree-history-card overflow-auto py-4 has-context-height\" style=\"--card-img-position:49% 35%;--card-aspect-ratio:1\">\n      <img decoding=\"async\" width=\"1024\" height=\"683\" src=\"https:\/\/icf.church\/stgallen\/wp-content\/uploads\/sites\/69\/2026\/05\/icfsg_2009_03-1024x683.jpg\" class=\"card-bg-img opacity-75\" alt=\"\" aria-hidden=\"true\" loading=\"lazy\" srcset=\"https:\/\/icf.church\/stgallen\/wp-content\/uploads\/sites\/69\/2026\/05\/icfsg_2009_03-1024x683.jpg 1024w, https:\/\/icf.church\/stgallen\/wp-content\/uploads\/sites\/69\/2026\/05\/icfsg_2009_03-300x200.jpg 300w, https:\/\/icf.church\/stgallen\/wp-content\/uploads\/sites\/69\/2026\/05\/icfsg_2009_03-768x512.jpg 768w, https:\/\/icf.church\/stgallen\/wp-content\/uploads\/sites\/69\/2026\/05\/icfsg_2009_03-1536x1024.jpg 1536w, https:\/\/icf.church\/stgallen\/wp-content\/uploads\/sites\/69\/2026\/05\/icfsg_2009_03-2048x1365.jpg 2048w\" sizes=\"(max-width: 1024px) 100vw, 1024px\">    <div class=\"h-100 overflow-y-auto z-1\">\n    <div class=\"card-body overflow-visible py-0 px-4 min-h-100\">\n      <h3 class=\"display-3 tracking-wide mb-0 mt-auto fs-display-3-const\">2010<\/h3>\n      <div id=\"block-46-collapse\" class=\"collapse\">\n        <p class=\"mt-1\">Das ICF St. Gallen half bei der Gr\u00fcndung des ICF Voralberg<\/p>\n      <\/div>\n    <\/div>\n  <\/div>\n<\/article><\/swiper-slide>\n          <swiper-slide><article id=\"block-47\" data-bs-theme=\"dark\" tabindex=\"0\" data-bs-toggle=\"collapse\" data-bs-target=\"#block-47-collapse\" data-toggle-on-hover=\"true\" aria-expanded=\"false\" aria-controls=\"block-47-collapse\" class=\"card wp-block-yellowtree-history-card overflow-auto py-4 has-context-height\" style=\"--card-img-position:40% 56%;--card-aspect-ratio:1\">\n      <img decoding=\"async\" width=\"1024\" height=\"683\" src=\"https:\/\/icf.church\/stgallen\/wp-content\/uploads\/sites\/69\/2026\/05\/dsc01929-1024x683.jpg\" class=\"card-bg-img opacity-75\" alt=\"\" aria-hidden=\"true\" loading=\"lazy\" srcset=\"https:\/\/icf.church\/stgallen\/wp-content\/uploads\/sites\/69\/2026\/05\/dsc01929-1024x683.jpg 1024w, https:\/\/icf.church\/stgallen\/wp-content\/uploads\/sites\/69\/2026\/05\/dsc01929-300x200.jpg 300w, https:\/\/icf.church\/stgallen\/wp-content\/uploads\/sites\/69\/2026\/05\/dsc01929-768x512.jpg 768w, https:\/\/icf.church\/stgallen\/wp-content\/uploads\/sites\/69\/2026\/05\/dsc01929-1536x1024.jpg 1536w, https:\/\/icf.church\/stgallen\/wp-content\/uploads\/sites\/69\/2026\/05\/dsc01929-2048x1365.jpg 2048w\" sizes=\"(max-width: 1024px) 100vw, 1024px\">    <div class=\"h-100 overflow-y-auto z-1\">\n    <div class=\"card-body overflow-visible py-0 px-4 min-h-100\">\n      <h3 class=\"display-3 tracking-wide mb-0 mt-auto fs-display-3-const\">2011<\/h3>\n      <div id=\"block-47-collapse\" class=\"collapse\">\n        <p class=\"mt-1\">Das ICF Tirana ist das erste ICF im Balkan und wurde durch die Hilfe vom ICF St.Gallen gegr\u00fcndet.<\/p>\n      <\/div>\n    <\/div>\n  <\/div>\n<\/article><\/swiper-slide>\n          <swiper-slide><article id=\"block-48\" data-bs-theme=\"dark\" tabindex=\"0\" data-bs-toggle=\"collapse\" data-bs-target=\"#block-48-collapse\" data-toggle-on-hover=\"true\" aria-expanded=\"false\" aria-controls=\"block-48-collapse\" class=\"card wp-block-yellowtree-history-card overflow-auto py-4 has-context-height\" style=\"--card-img-position:50% 50%;--card-aspect-ratio:1\">\n      <img decoding=\"async\" width=\"1024\" height=\"683\" src=\"https:\/\/icf.church\/stgallen\/wp-content\/uploads\/sites\/69\/2026\/05\/jemina_bilou-1024x683.jpeg\" class=\"card-bg-img opacity-75\" alt=\"\" aria-hidden=\"true\" loading=\"lazy\" srcset=\"https:\/\/icf.church\/stgallen\/wp-content\/uploads\/sites\/69\/2026\/05\/jemina_bilou-1024x683.jpeg 1024w, https:\/\/icf.church\/stgallen\/wp-content\/uploads\/sites\/69\/2026\/05\/jemina_bilou-300x200.jpeg 300w, https:\/\/icf.church\/stgallen\/wp-content\/uploads\/sites\/69\/2026\/05\/jemina_bilou-768x512.jpeg 768w, https:\/\/icf.church\/stgallen\/wp-content\/uploads\/sites\/69\/2026\/05\/jemina_bilou-1536x1024.jpeg 1536w, https:\/\/icf.church\/stgallen\/wp-content\/uploads\/sites\/69\/2026\/05\/jemina_bilou-2048x1365.jpeg 2048w\" sizes=\"(max-width: 1024px) 100vw, 1024px\">    <div class=\"h-100 overflow-y-auto z-1\">\n    <div class=\"card-body overflow-visible py-0 px-4 min-h-100\">\n      <h3 class=\"display-3 tracking-wide mb-0 mt-auto fs-display-3-const\">2024<\/h3>\n      <div id=\"block-48-collapse\" class=\"collapse\">\n        <p class=\"mt-1\">Das Ehepaar Christian und Jemina B\u00e4chtold werden die neuen Pastoren des ICF St.Gallen.<\/p>\n      <\/div>\n    <\/div>\n  <\/div>\n<\/article><\/swiper-slide>\n          <swiper-slide><article id=\"block-49\" data-bs-theme=\"dark\" tabindex=\"0\" data-bs-toggle=\"collapse\" data-bs-target=\"#block-49-collapse\" data-toggle-on-hover=\"true\" aria-expanded=\"false\" aria-controls=\"block-49-collapse\" class=\"card wp-block-yellowtree-history-card overflow-auto py-4 has-context-height\" style=\"--card-img-position:51% 39%;--card-aspect-ratio:1\">\n      <img decoding=\"async\" width=\"1024\" height=\"576\" src=\"https:\/\/icf.church\/stgallen\/wp-content\/uploads\/sites\/69\/2026\/05\/25jahre-icfsg-1024x576.jpg\" class=\"card-bg-img opacity-75\" alt=\"\" aria-hidden=\"true\" loading=\"lazy\" srcset=\"https:\/\/icf.church\/stgallen\/wp-content\/uploads\/sites\/69\/2026\/05\/25jahre-icfsg-1024x576.jpg 1024w, https:\/\/icf.church\/stgallen\/wp-content\/uploads\/sites\/69\/2026\/05\/25jahre-icfsg-300x169.jpg 300w, https:\/\/icf.church\/stgallen\/wp-content\/uploads\/sites\/69\/2026\/05\/25jahre-icfsg-768x432.jpg 768w, https:\/\/icf.church\/stgallen\/wp-content\/uploads\/sites\/69\/2026\/05\/25jahre-icfsg-1536x864.jpg 1536w, https:\/\/icf.church\/stgallen\/wp-content\/uploads\/sites\/69\/2026\/05\/25jahre-icfsg-2048x1152.jpg 2048w\" sizes=\"(max-width: 1024px) 100vw, 1024px\">    <div class=\"h-100 overflow-y-auto z-1\">\n    <div class=\"card-body overflow-visible py-0 px-4 min-h-100\">\n      <h3 class=\"display-3 tracking-wide mb-0 mt-auto fs-display-3-const\">2027<\/h3>\n      <div id=\"block-49-collapse\" class=\"collapse\">\n        <p class=\"mt-1\">Wir feiern 25 Jahre ICF in St.Gallen!<\/p>\n      <\/div>\n    <\/div>\n  <\/div>\n<\/article><\/swiper-slide>\n      <\/swiper-container>\n<\/div>\n\n<p id=\"block-51\" class=\"text-start wp-block-paragraph\">\n  Diese Vision brachte eine neue Art von Kirche nach St.Gallen, eine Kirche am Puls der Zeit, die vor allem die junge Generation anspricht und sie begeistert. Inzwischen sind wir als <strong class=\"myprefix-text-bold\">ICF St.Gallen<\/strong> ein geistliches Zuhause f\u00fcr Menschen aller Generationen. W\u00f6chentlich besuchen \u2300140 Personen unsere Celebration (inkl. Kids).<\/p><\/div>\n        <\/div>\n          <\/div>\n<\/div>\n\n<div id=\"block-56\" class=\"pt-4 pb-4 alignfull is-layout-constrained\">\n  <div>\n            <div class=\"row gx-4 gy-4 \">\n          \n\n<div id=\"block-55\" class=\"col wp-block-yellowtree-column col-12 d-flex flex-column with-streched-height-children align-items-center align-items-md-center\">\n  <div>\n    <a id=\"block-54\" href=\"https:\/\/icf.church\/stgallen\/de\/besuchen\/\" rel=\"\" class=\"wp-block-yellowtree-button-link btn btn-action-1\">\n      <span>ICF St.Gallen besuchen<\/span>\n              <i class=\"icon fs-base-const fa-solid fa-arrow-right\" aria-hidden=\"true\"><\/i>\n          <\/a>\n  <\/div><\/div>\n        <\/div>\n          <\/div>\n<\/div>\n\n<p id=\"block-57\" class=\"mt-2 mb-2 text-start wp-block-paragraph\">\n  <\/p>\n\n<div id=\"block-65\" class=\"pt-4 pb-4 alignfull is-layout-constrained\">\n  <div>\n            <div class=\"row gx-4 gy-4 \">\n          \n\n<div id=\"block-64\" class=\"col wp-block-yellowtree-column col-12 d-flex flex-column with-streched-height-children align-items-stretch align-items-md-stretch\">\n  <div id=\"block-63\" class=\"wp-block-yellowtree-text-image d-flex flex-column flex-lg-row gap-3 flex-lg-row-reverse\">\n    \n\n<div id=\"block-58\" class=\"wp-block-yellowtree-locked-image\">\n    <img decoding=\"async\" width=\"1024\" height=\"652\" src=\"https:\/\/icf.church\/stgallen\/wp-content\/uploads\/sites\/69\/2026\/05\/easg-1024x652.png\" class=\"w-100 h-100 object-fit-cover\" alt=\"\" style=\"object-position: 19% 36%;\" loading=\"lazy\" sizes=\"(max-width: 992px) 100vw, 1600px\" srcset=\"https:\/\/icf.church\/stgallen\/wp-content\/uploads\/sites\/69\/2026\/05\/easg-1024x652.png 1024w, https:\/\/icf.church\/stgallen\/wp-content\/uploads\/sites\/69\/2026\/05\/easg-300x191.png 300w, https:\/\/icf.church\/stgallen\/wp-content\/uploads\/sites\/69\/2026\/05\/easg-768x489.png 768w, https:\/\/icf.church\/stgallen\/wp-content\/uploads\/sites\/69\/2026\/05\/easg-1536x978.png 1536w, https:\/\/icf.church\/stgallen\/wp-content\/uploads\/sites\/69\/2026\/05\/easg-2048x1304.png 2048w\"><\/div>\n\n\n\n<div id=\"block-62\" class=\"card wp-block-yellowtree-text-card has-context-height\" style=\"--bs-card-bg:transparent;--bs-card-color:inherit\">\n  <div class=\"card-body px-4 py-6 p-sm-6 p-lg-8\">\n    \n\n<h2 id=\"block-59\">\n    Evangelische Allianz St. Gallen<br><br><\/h2>\n\n\n<p id=\"block-60\">\n    Wir als ICF St.Gallen sind Teil der Evangelischen Allianz St.Gallen, welche aus mehreren evangelischen Kirchen der Stadt St.Gallen und Umgebung besteht.&nbsp;<br>Die Pastoren der verschiedenen Gemeinden treffen sich regelm\u00e4ssig zum Austausch und Gebet. Gemeinsam wollen wir als Christen in der Ostschweiz die Menschen f\u00fcr Jesus gewinnen und ihnen helfen, in der Beziehung zu Gott zu wachsen.<\/p>\n\n\n  <div>\n    <a id=\"block-61\" href=\"https:\/\/allianz-sg.ch\/\" rel=\"\" target=\"_blank\" class=\"wp-block-yellowtree-button-link btn btn-default\">\n      <span>Alle akutellen Infos zur Allianz findest du hier<\/span>\n          <\/a>\n  <\/div>\n\n  <\/div>\n<\/div>\n<\/div><\/div>\n        <\/div>\n          <\/div>\n<\/div>\n\n\n<div id=\"block-71\" class=\"wp-block-yellowtree-text-image d-flex flex-column flex-lg-row gap-3\">\n    \n\n<div id=\"block-66\" class=\"wp-block-yellowtree-locked-image\">\n    <img decoding=\"async\" width=\"683\" height=\"1024\" src=\"https:\/\/icf.church\/stgallen\/wp-content\/uploads\/sites\/69\/2025\/10\/180747_241230_jfc_hannes-n_112-683x1024.jpg\" class=\"w-100 h-100 object-fit-cover\" alt=\"\" style=\"object-position: 50% 50%;\" loading=\"lazy\" sizes=\"(max-width: 992px) 100vw, 1600px\" srcset=\"https:\/\/icf.church\/stgallen\/wp-content\/uploads\/sites\/69\/2025\/10\/180747_241230_jfc_hannes-n_112-683x1024.jpg 683w, https:\/\/icf.church\/stgallen\/wp-content\/uploads\/sites\/69\/2025\/10\/180747_241230_jfc_hannes-n_112-200x300.jpg 200w, https:\/\/icf.church\/stgallen\/wp-content\/uploads\/sites\/69\/2025\/10\/180747_241230_jfc_hannes-n_112-768x1152.jpg 768w, https:\/\/icf.church\/stgallen\/wp-content\/uploads\/sites\/69\/2025\/10\/180747_241230_jfc_hannes-n_112-1024x1536.jpg 1024w, https:\/\/icf.church\/stgallen\/wp-content\/uploads\/sites\/69\/2025\/10\/180747_241230_jfc_hannes-n_112-1365x2048.jpg 1365w, https:\/\/icf.church\/stgallen\/wp-content\/uploads\/sites\/69\/2025\/10\/180747_241230_jfc_hannes-n_112-scaled.jpg 1707w\" \/><\/div>\n\n\n\n<div id=\"block-70\" class=\"card wp-block-yellowtree-text-card has-context-height\" style=\"--bs-card-bg:transparent;--bs-card-color:inherit\">\n  <div class=\"card-body px-4 py-6 p-sm-6 p-lg-8\">\n    \n\n<h2 id=\"block-67\">\n    ICF Movement<\/h2>\n\n\n<p id=\"block-68\">\n    Als Teil des weltweiten ICF Movements sind wir mit \u00fcber 70 anderen ICF Kirchen vernetzt. Erfahre mehr \u00fcber das ICF Z\u00fcrich und Movement.<\/p>\n\n\n  <div>\n    <a id=\"block-69\" href=\"https:\/\/icf.church\/movement\" rel=\"\" target=\"_blank\" class=\"wp-block-yellowtree-button-link btn btn-default\">\n      <span>ICF Movement<\/span>\n          <\/a>\n  <\/div>\n\n  <\/div>\n<\/div>\n<\/div>\n","protected":false},"excerpt":{"rendered":"<p>ICF St.Gallen ist eine christliche Kirche auf biblischer Grundlage: authentisch, relevant und begeistert vom Leben mit Jesus.<\/p>\n","protected":false},"author":3,"featured_media":1108,"parent":0,"menu_order":6,"comment_status":"closed","ping_status":"closed","template":"","meta":{"_acf_changed":false,"_seopress_titles_title":"","_seopress_titles_desc":"","_seopress_robots_index":"","_seopress_robots_follow":"","_seopress_robots_imageindex":"","_seopress_robots_snippet":"","_seopress_robots_primary_cat":"","_seopress_robots_breadcrumbs":"","_seopress_robots_freeze_modified_date":"","_seopress_robots_custom_modified_date":"","_seopress_robots_canonical":"","_seopress_social_fb_title":"","_seopress_social_fb_desc":"","_seopress_social_fb_img":"","_seopress_social_fb_img_attachment_id":0,"_seopress_social_fb_img_width":0,"_seopress_social_fb_img_height":0,"_seopress_social_twitter_title":"","_seopress_social_twitter_desc":"","_seopress_social_twitter_img":"","_seopress_social_twitter_img_attachment_id":0,"_seopress_social_twitter_img_width":0,"_seopress_social_twitter_img_height":0,"_seopress_redirections_value":"","_seopress_redirections_enabled":"","_seopress_redirections_enabled_regex":"","_seopress_redirections_logged_status":"both","_seopress_redirections_param":"","_seopress_redirections_type":301,"_seopress_analysis_target_kw":"","_seopress_news_disabled":"","_seopress_video_disabled":"","_seopress_video":[{"url":"","title":"","desc":"","thumbnail":"","duration":"","rating":"","view_count":"","tag":""}],"_seopress_pro_schemas_manual":[],"_seopress_pro_rich_snippets_disable_all":"","_seopress_pro_rich_snippets_disable":[],"_seopress_pro_schemas":[],"yt_custom_styles_scss":"","yt_custom_styles_rounded_corners":false,"yt_custom_styles_color_scheme":"","footnotes":""},"class_list":["post-139","page","type-page","status-publish","has-post-thumbnail","hentry"],"acf":[],"_links":{"self":[{"href":"https:\/\/icf.church\/stgallen\/de\/wp-json\/wp\/v2\/pages\/139","targetHints":{"allow":["GET"]}}],"collection":[{"href":"https:\/\/icf.church\/stgallen\/de\/wp-json\/wp\/v2\/pages"}],"about":[{"href":"https:\/\/icf.church\/stgallen\/de\/wp-json\/wp\/v2\/types\/page"}],"author":[{"embeddable":true,"href":"https:\/\/icf.church\/stgallen\/de\/wp-json\/wp\/v2\/users\/3"}],"replies":[{"embeddable":true,"href":"https:\/\/icf.church\/stgallen\/de\/wp-json\/wp\/v2\/comments?post=139"}],"version-history":[{"count":85,"href":"https:\/\/icf.church\/stgallen\/de\/wp-json\/wp\/v2\/pages\/139\/revisions"}],"predecessor-version":[{"id":2924,"href":"https:\/\/icf.church\/stgallen\/de\/wp-json\/wp\/v2\/pages\/139\/revisions\/2924"}],"wp:featuredmedia":[{"embeddable":true,"href":"https:\/\/icf.church\/stgallen\/de\/wp-json\/wp\/v2\/media\/1108"}],"wp:attachment":[{"href":"https:\/\/icf.church\/stgallen\/de\/wp-json\/wp\/v2\/media?parent=139"}],"curies":[{"name":"wp","href":"https:\/\/api.w.org\/{rel}","templated":true}]}}