{"id":1753,"date":"2026-07-14T14:26:48","date_gmt":"2026-07-14T12:26:19","guid":{"rendered":"https:\/\/new.icf.church\/stgallen\/mitarbeiten-2\/"},"modified":"2026-08-28T10:54:42","modified_gmt":"2026-08-28T08:54:42","slug":"kennenlernen","status":"publish","type":"page","link":"https:\/\/icf.church\/stgallen\/de\/kennenlernen\/","title":{"rendered":"ICF St.Gallen kennenlernen"},"content":{"rendered":"\n<div id=\"block-3\" class=\"mb-4 wp-block-yellowtree-hero-stage\">\n    <div class=\"hero-stage \">\n        \n\n<div id=\"block-2\" class=\"hero-stage-content\">\n    <div class=\"hero-stage-content__background\">\n        <div class=\"overlay-black-25 h-100\">\n                            <img fetchpriority=\"high\" decoding=\"async\" width=\"2560\" height=\"1710\" src=\"https:\/\/icf.church\/stgallen\/wp-content\/uploads\/sites\/69\/2026\/08\/dsc00731-scaled.jpg\" class=\"hero-stage-media\" alt=\"\" style=\"object-position: 36% 70%;\" aria-hidden=\"true\" loading=\"eager\" srcset=\"https:\/\/icf.church\/stgallen\/wp-content\/uploads\/sites\/69\/2026\/08\/dsc00731-scaled.jpg 2560w, https:\/\/icf.church\/stgallen\/wp-content\/uploads\/sites\/69\/2026\/08\/dsc00731-300x200.jpg 300w, https:\/\/icf.church\/stgallen\/wp-content\/uploads\/sites\/69\/2026\/08\/dsc00731-1024x684.jpg 1024w, https:\/\/icf.church\/stgallen\/wp-content\/uploads\/sites\/69\/2026\/08\/dsc00731-768x513.jpg 768w, https:\/\/icf.church\/stgallen\/wp-content\/uploads\/sites\/69\/2026\/08\/dsc00731-1536x1026.jpg 1536w, https:\/\/icf.church\/stgallen\/wp-content\/uploads\/sites\/69\/2026\/08\/dsc00731-2048x1368.jpg 2048w\" sizes=\"(max-width: 2560px) 100vw, 2560px\" \/>                    <\/div>\n        <div class=\"hero-stage-gradient\"><\/div>\n    <\/div>\n    <div class=\"hero-stage-content__foreground is-layout-constrained\">\n        <h1 id=\"block-1\" class=\"display-1 text-center\">\n    New at Church<\/h1>    <\/div>\n<\/div>\n    <\/div>\n<\/div>\n\n<div id=\"block-7\" class=\"pt-2 pb-2 alignfull is-layout-constrained\">\n  <div>\n            <div class=\"row gx-4 gy-4 \">\n          \n\n<div id=\"block-6\" class=\"col wp-block-yellowtree-column col-12 d-flex flex-column with-streched-height-children align-items-stretch align-items-md-stretch\">\n  <h2 id=\"block-4\" class=\"h2 text-start\">\n  Willkommen in unserer Church<\/h2>\n\n<p id=\"block-5\" class=\"text-start wp-block-paragraph\">\n  Bist du neu im ICF St.Gallen? Wir m\u00f6chten dich dabei unterst\u00fctzen, dass du einfach und schnell einen Teil der Church werden kannst, Freundschaften findest und deine Beziehung zu Jesus wachsen darf.<\/p><\/div>\n        <\/div>\n          <\/div>\n<\/div>\n\n\n<div class=\"mt-5\">\n  <div id=\"block-29\" class=\"alignfull is-layout-constrained\">\n  <swiper-container init=\"false\" data-yt-template=\"default\" data-yt-pagination=\"true\" data-yt-navigation=\"true\" class=\"has-full-height-slides \" data-yt-hide-overflow>\n          <swiper-slide><a id=\"block-9\" data-bs-theme=\"dark\" href=\"https:\/\/icf.church\/stgallen\/de\/angebote\/youth-bible-study-september\" class=\"wp-block-yellowtree-teaser-card card teaser-card focus-ring-inset text-decoration-none\" style=\"--card-img-position:50% 50%\">\n        <img decoding=\"async\" draggable=\"false\" aria-hidden=\"true\" loading=\"lazy\" src=\"https:\/\/icf-hub-new.imgix.net\/Hub\/1\/stgallen\/2026_05_08_12_22_19_000_file-fcb287.jpeg?ar=2&amp;fit=crop&amp;crop=faces%2Cedges&amp;auto=compress&amp;w=1920&amp;fm=webp\" alt=\"\" class=\"card-bg-img h-100 opacity-75 user-select-none\">    <div class=\"flex-grow-1 d-flex flex-column p-4 p-lg-6\">\n    <div class=\"mt-auto\">\n      <h3 class=\"h2 teaser-card-text mb-2 mb-lg-4\">Youth Bible Study<\/h3>\n      <div class=\"card-meta flex-wrap\">\n                        <span class=\"card-meta-tag\">\n          <i class=\"icon fa-calendar-days\"><\/i>\n          <span>05. Sep. 2026<\/span>\n        <\/span>\n                        <span class=\"card-meta-tag\">\n          <i class=\"icon fa-location-dot\"><\/i>\n          <span>ICF St. Gallen<\/span>\n        <\/span>\n              <\/div>\n    <\/div>\n  <\/div>\n<\/a><\/swiper-slide>\n          <swiper-slide><a id=\"block-10\" data-bs-theme=\"dark\" href=\"https:\/\/icf.church\/stgallen\/de\/angebote\/junior-leaders-september\" class=\"wp-block-yellowtree-teaser-card card teaser-card focus-ring-inset text-decoration-none\" style=\"--card-img-position:50% 50%\">\n        <img decoding=\"async\" draggable=\"false\" aria-hidden=\"true\" loading=\"lazy\" src=\"https:\/\/icf-hub-new.imgix.net\/Hub\/1\/stgallen\/2026_08_28_7_00_07_000_file-f7fa44.jpeg?ar=2&amp;fit=crop&amp;crop=faces%2Cedges&amp;auto=compress&amp;w=1920&amp;fm=webp\" alt=\"\" class=\"card-bg-img h-100 opacity-75 user-select-none\">    <div class=\"flex-grow-1 d-flex flex-column p-4 p-lg-6\">\n    <div class=\"mt-auto\">\n      <h3 class=\"h2 teaser-card-text mb-2 mb-lg-4\">Junior Leaders<\/h3>\n      <div class=\"card-meta flex-wrap\">\n                        <span class=\"card-meta-tag\">\n          <i class=\"icon fa-calendar-days\"><\/i>\n          <span>06. Sep. 2026<\/span>\n        <\/span>\n                        <span class=\"card-meta-tag\">\n          <i class=\"icon fa-location-dot\"><\/i>\n          <span>ICF St. Gallen<\/span>\n        <\/span>\n              <\/div>\n    <\/div>\n  <\/div>\n<\/a><\/swiper-slide>\n          <swiper-slide><a id=\"block-11\" data-bs-theme=\"dark\" href=\"https:\/\/icf.church\/stgallen\/de\/angebote\/youth-celebration-september\" class=\"wp-block-yellowtree-teaser-card card teaser-card focus-ring-inset text-decoration-none\" style=\"--card-img-position:50% 50%\">\n        <img decoding=\"async\" draggable=\"false\" aria-hidden=\"true\" loading=\"lazy\" src=\"https:\/\/icf-hub-new.imgix.net\/Hub\/1\/stgallen\/2026_05_08_11_22_15_000_file-259526.jpeg?ar=2&amp;fit=crop&amp;crop=faces%2Cedges&amp;auto=compress&amp;w=1920&amp;fm=webp\" alt=\"\" class=\"card-bg-img h-100 opacity-75 user-select-none\">    <div class=\"flex-grow-1 d-flex flex-column p-4 p-lg-6\">\n    <div class=\"mt-auto\">\n      <h3 class=\"h2 teaser-card-text mb-2 mb-lg-4\">Youth Celebration<\/h3>\n      <div class=\"card-meta flex-wrap\">\n                        <span class=\"card-meta-tag\">\n          <i class=\"icon fa-calendar-days\"><\/i>\n          <span>19. Sep. 2026<\/span>\n        <\/span>\n                        <span class=\"card-meta-tag\">\n          <i class=\"icon fa-location-dot\"><\/i>\n          <span>ICF St. Gallen<\/span>\n        <\/span>\n              <\/div>\n    <\/div>\n  <\/div>\n<\/a><\/swiper-slide>\n          <swiper-slide><a id=\"block-12\" data-bs-theme=\"dark\" href=\"https:\/\/icf.church\/stgallen\/de\/angebote\/junior-leaders-september-2\" class=\"wp-block-yellowtree-teaser-card card teaser-card focus-ring-inset text-decoration-none\" style=\"--card-img-position:50% 50%\">\n        <img decoding=\"async\" draggable=\"false\" aria-hidden=\"true\" loading=\"lazy\" src=\"https:\/\/icf-hub-new.imgix.net\/Hub\/1\/stgallen\/2026_08_28_7_00_07_000_file-f7fa44.jpeg?ar=2&amp;fit=crop&amp;crop=faces%2Cedges&amp;auto=compress&amp;w=1920&amp;fm=webp\" alt=\"\" class=\"card-bg-img h-100 opacity-75 user-select-none\">    <div class=\"flex-grow-1 d-flex flex-column p-4 p-lg-6\">\n    <div class=\"mt-auto\">\n      <h3 class=\"h2 teaser-card-text mb-2 mb-lg-4\">Junior Leaders<\/h3>\n      <div class=\"card-meta flex-wrap\">\n                        <span class=\"card-meta-tag\">\n          <i class=\"icon fa-calendar-days\"><\/i>\n          <span>20. Sep. 2026<\/span>\n        <\/span>\n                        <span class=\"card-meta-tag\">\n          <i class=\"icon fa-location-dot\"><\/i>\n          <span>ICF St. Gallen<\/span>\n        <\/span>\n              <\/div>\n    <\/div>\n  <\/div>\n<\/a><\/swiper-slide>\n          <swiper-slide><a id=\"block-13\" data-bs-theme=\"dark\" href=\"https:\/\/icf.church\/stgallen\/de\/angebote\/pot-luck-september\" class=\"wp-block-yellowtree-teaser-card card teaser-card focus-ring-inset text-decoration-none\" style=\"--card-img-position:50% 50%\">\n        <img decoding=\"async\" draggable=\"false\" aria-hidden=\"true\" loading=\"lazy\" src=\"https:\/\/icf-hub-new.imgix.net\/Hub\/1\/stgallen\/2026_08_25_6_54_21_000_file-8dc866.jpeg?ar=2&amp;fit=crop&amp;crop=faces%2Cedges&amp;auto=compress&amp;w=1920&amp;fm=webp\" alt=\"\" class=\"card-bg-img h-100 opacity-75 user-select-none\">    <div class=\"flex-grow-1 d-flex flex-column p-4 p-lg-6\">\n    <div class=\"mt-auto\">\n      <h3 class=\"h2 teaser-card-text mb-2 mb-lg-4\">Pot Luck September<\/h3>\n      <div class=\"card-meta flex-wrap\">\n                        <span class=\"card-meta-tag\">\n          <i class=\"icon fa-calendar-days\"><\/i>\n          <span>27. Sep. 2026<\/span>\n        <\/span>\n                        <span class=\"card-meta-tag\">\n          <i class=\"icon fa-location-dot\"><\/i>\n          <span>ICF St. Gallen<\/span>\n        <\/span>\n              <\/div>\n    <\/div>\n  <\/div>\n<\/a><\/swiper-slide>\n          <swiper-slide><a id=\"block-14\" data-bs-theme=\"dark\" href=\"https:\/\/icf.church\/stgallen\/de\/angebote\/youth-wohnwoche\" class=\"wp-block-yellowtree-teaser-card card teaser-card focus-ring-inset text-decoration-none\" style=\"--card-img-position:50% 50%\">\n        <img decoding=\"async\" draggable=\"false\" aria-hidden=\"true\" loading=\"lazy\" src=\"https:\/\/icf-hub-new.imgix.net\/Hub\/1\/stgallen\/2026_06_09_13_40_35_000_file-b11a50.jpeg?ar=2&amp;fit=crop&amp;crop=faces%2Cedges&amp;auto=compress&amp;w=1920&amp;fm=webp\" alt=\"\" class=\"card-bg-img h-100 opacity-75 user-select-none\">    <div class=\"flex-grow-1 d-flex flex-column p-4 p-lg-6\">\n    <div class=\"mt-auto\">\n      <h3 class=\"h2 teaser-card-text mb-2 mb-lg-4\">Youth Wohnwoche<\/h3>\n      <div class=\"card-meta flex-wrap\">\n                        <span class=\"card-meta-tag\">\n          <i class=\"icon fa-calendar-days\"><\/i>\n          <span>18. Okt. &#8211; 24. Okt. 2026<\/span>\n        <\/span>\n                        <span class=\"card-meta-tag\">\n          <i class=\"icon fa-location-dot\"><\/i>\n          <span>ICF St. Gallen<\/span>\n        <\/span>\n              <\/div>\n    <\/div>\n  <\/div>\n<\/a><\/swiper-slide>\n          <swiper-slide><a id=\"block-15\" data-bs-theme=\"dark\" href=\"https:\/\/icf.church\/stgallen\/de\/angebote\/youth-bible-study-oktober\" class=\"wp-block-yellowtree-teaser-card card teaser-card focus-ring-inset text-decoration-none\" style=\"--card-img-position:50% 50%\">\n        <img decoding=\"async\" draggable=\"false\" aria-hidden=\"true\" loading=\"lazy\" src=\"https:\/\/icf-hub-new.imgix.net\/Hub\/1\/stgallen\/2026_05_08_12_22_19_000_file-fcb287.jpeg?ar=2&amp;fit=crop&amp;crop=faces%2Cedges&amp;auto=compress&amp;w=1920&amp;fm=webp\" alt=\"\" class=\"card-bg-img h-100 opacity-75 user-select-none\">    <div class=\"flex-grow-1 d-flex flex-column p-4 p-lg-6\">\n    <div class=\"mt-auto\">\n      <h3 class=\"h2 teaser-card-text mb-2 mb-lg-4\">Youth Bible Study<\/h3>\n      <div class=\"card-meta flex-wrap\">\n                        <span class=\"card-meta-tag\">\n          <i class=\"icon fa-calendar-days\"><\/i>\n          <span>19. Okt. &#8211; 22. Okt. 2026<\/span>\n        <\/span>\n                        <span class=\"card-meta-tag\">\n          <i class=\"icon fa-location-dot\"><\/i>\n          <span>ICF St. Gallen<\/span>\n        <\/span>\n              <\/div>\n    <\/div>\n  <\/div>\n<\/a><\/swiper-slide>\n          <swiper-slide><a id=\"block-16\" data-bs-theme=\"dark\" href=\"https:\/\/icf.church\/stgallen\/de\/angebote\/youth-celebration-oktober\" class=\"wp-block-yellowtree-teaser-card card teaser-card focus-ring-inset text-decoration-none\" style=\"--card-img-position:50% 50%\">\n        <img decoding=\"async\" draggable=\"false\" aria-hidden=\"true\" loading=\"lazy\" src=\"https:\/\/icf-hub-new.imgix.net\/Hub\/1\/stgallen\/2026_05_08_11_22_15_000_file-259526.jpeg?ar=2&amp;fit=crop&amp;crop=faces%2Cedges&amp;auto=compress&amp;w=1920&amp;fm=webp\" alt=\"\" class=\"card-bg-img h-100 opacity-75 user-select-none\">    <div class=\"flex-grow-1 d-flex flex-column p-4 p-lg-6\">\n    <div class=\"mt-auto\">\n      <h3 class=\"h2 teaser-card-text mb-2 mb-lg-4\">Youth Celebration<\/h3>\n      <div class=\"card-meta flex-wrap\">\n                        <span class=\"card-meta-tag\">\n          <i class=\"icon fa-calendar-days\"><\/i>\n          <span>23. Okt. 2026<\/span>\n        <\/span>\n                        <span class=\"card-meta-tag\">\n          <i class=\"icon fa-location-dot\"><\/i>\n          <span>ICF St. Gallen<\/span>\n        <\/span>\n              <\/div>\n    <\/div>\n  <\/div>\n<\/a><\/swiper-slide>\n          <swiper-slide><a id=\"block-17\" data-bs-theme=\"dark\" href=\"https:\/\/icf.church\/stgallen\/de\/angebote\/junior-leaders-oktober-2\" class=\"wp-block-yellowtree-teaser-card card teaser-card focus-ring-inset text-decoration-none\" style=\"--card-img-position:50% 50%\">\n        <img decoding=\"async\" draggable=\"false\" aria-hidden=\"true\" loading=\"lazy\" src=\"https:\/\/icf-hub-new.imgix.net\/Hub\/1\/stgallen\/2026_08_28_7_00_07_000_file-f7fa44.jpeg?ar=2&amp;fit=crop&amp;crop=faces%2Cedges&amp;auto=compress&amp;w=1920&amp;fm=webp\" alt=\"\" class=\"card-bg-img h-100 opacity-75 user-select-none\">    <div class=\"flex-grow-1 d-flex flex-column p-4 p-lg-6\">\n    <div class=\"mt-auto\">\n      <h3 class=\"h2 teaser-card-text mb-2 mb-lg-4\">Junior Leaders<\/h3>\n      <div class=\"card-meta flex-wrap\">\n                        <span class=\"card-meta-tag\">\n          <i class=\"icon fa-calendar-days\"><\/i>\n          <span>25. Okt. 2026<\/span>\n        <\/span>\n                        <span class=\"card-meta-tag\">\n          <i class=\"icon fa-location-dot\"><\/i>\n          <span>ICF St. Gallen<\/span>\n        <\/span>\n              <\/div>\n    <\/div>\n  <\/div>\n<\/a><\/swiper-slide>\n          <swiper-slide><a id=\"block-18\" data-bs-theme=\"dark\" href=\"https:\/\/icf.church\/stgallen\/de\/angebote\/junior-leaders-november\" class=\"wp-block-yellowtree-teaser-card card teaser-card focus-ring-inset text-decoration-none\" style=\"--card-img-position:50% 50%\">\n        <img decoding=\"async\" draggable=\"false\" aria-hidden=\"true\" loading=\"lazy\" src=\"https:\/\/icf-hub-new.imgix.net\/Hub\/1\/stgallen\/2026_08_28_7_00_07_000_file-f7fa44.jpeg?ar=2&amp;fit=crop&amp;crop=faces%2Cedges&amp;auto=compress&amp;w=1920&amp;fm=webp\" alt=\"\" class=\"card-bg-img h-100 opacity-75 user-select-none\">    <div class=\"flex-grow-1 d-flex flex-column p-4 p-lg-6\">\n    <div class=\"mt-auto\">\n      <h3 class=\"h2 teaser-card-text mb-2 mb-lg-4\">Junior Leaders<\/h3>\n      <div class=\"card-meta flex-wrap\">\n                        <span class=\"card-meta-tag\">\n          <i class=\"icon fa-calendar-days\"><\/i>\n          <span>01. Nov. 2026<\/span>\n        <\/span>\n                        <span class=\"card-meta-tag\">\n          <i class=\"icon fa-location-dot\"><\/i>\n          <span>ICF St. Gallen<\/span>\n        <\/span>\n              <\/div>\n    <\/div>\n  <\/div>\n<\/a><\/swiper-slide>\n          <swiper-slide><a id=\"block-19\" data-bs-theme=\"dark\" href=\"https:\/\/icf.church\/stgallen\/de\/angebote\/youth-celebration-november\" class=\"wp-block-yellowtree-teaser-card card teaser-card focus-ring-inset text-decoration-none\" style=\"--card-img-position:50% 50%\">\n        <img decoding=\"async\" draggable=\"false\" aria-hidden=\"true\" loading=\"lazy\" src=\"https:\/\/icf-hub-new.imgix.net\/Hub\/1\/stgallen\/2026_05_08_11_22_15_000_file-259526.jpeg?ar=2&amp;fit=crop&amp;crop=faces%2Cedges&amp;auto=compress&amp;w=1920&amp;fm=webp\" alt=\"\" class=\"card-bg-img h-100 opacity-75 user-select-none\">    <div class=\"flex-grow-1 d-flex flex-column p-4 p-lg-6\">\n    <div class=\"mt-auto\">\n      <h3 class=\"h2 teaser-card-text mb-2 mb-lg-4\">Youth Celebration<\/h3>\n      <div class=\"card-meta flex-wrap\">\n                        <span class=\"card-meta-tag\">\n          <i class=\"icon fa-calendar-days\"><\/i>\n          <span>07. Nov. 2026<\/span>\n        <\/span>\n                        <span class=\"card-meta-tag\">\n          <i class=\"icon fa-location-dot\"><\/i>\n          <span>ICF St. Gallen<\/span>\n        <\/span>\n              <\/div>\n    <\/div>\n  <\/div>\n<\/a><\/swiper-slide>\n          <swiper-slide><a id=\"block-20\" data-bs-theme=\"dark\" href=\"https:\/\/icf.church\/stgallen\/de\/thankyouparty\/\" class=\"wp-block-yellowtree-teaser-card card teaser-card focus-ring-inset text-decoration-none\" style=\"--card-img-position:50% 50%\">\n        <img decoding=\"async\" draggable=\"false\" aria-hidden=\"true\" loading=\"lazy\" src=\"https:\/\/icf-hub-new.imgix.net\/Hub\/1\/stgallen\/2026_08_28_8_31_19_000_file-375dfe.jpeg?ar=2&amp;fit=crop&amp;crop=faces%2Cedges&amp;auto=compress&amp;w=1920&amp;fm=webp\" alt=\"\" class=\"card-bg-img h-100 opacity-75 user-select-none\">    <div class=\"flex-grow-1 d-flex flex-column p-4 p-lg-6\">\n    <div class=\"mt-auto\">\n      <h3 class=\"h2 teaser-card-text mb-2 mb-lg-4\">Thank You Party<\/h3>\n      <div class=\"card-meta flex-wrap\">\n                        <span class=\"card-meta-tag\">\n          <i class=\"icon fa-calendar-days\"><\/i>\n          <span>13. Nov. 2026<\/span>\n        <\/span>\n                        <span class=\"card-meta-tag\">\n          <i class=\"icon fa-location-dot\"><\/i>\n          <span>ICF St. Gallen<\/span>\n        <\/span>\n              <\/div>\n    <\/div>\n  <\/div>\n<\/a><\/swiper-slide>\n          <swiper-slide><a id=\"block-21\" data-bs-theme=\"dark\" href=\"https:\/\/icf.church\/stgallen\/de\/angebote\/junior-leaders-november-2\" class=\"wp-block-yellowtree-teaser-card card teaser-card focus-ring-inset text-decoration-none\" style=\"--card-img-position:50% 50%\">\n        <img decoding=\"async\" draggable=\"false\" aria-hidden=\"true\" loading=\"lazy\" src=\"https:\/\/icf-hub-new.imgix.net\/Hub\/1\/stgallen\/2026_08_28_7_00_07_000_file-f7fa44.jpeg?ar=2&amp;fit=crop&amp;crop=faces%2Cedges&amp;auto=compress&amp;w=1920&amp;fm=webp\" alt=\"\" class=\"card-bg-img h-100 opacity-75 user-select-none\">    <div class=\"flex-grow-1 d-flex flex-column p-4 p-lg-6\">\n    <div class=\"mt-auto\">\n      <h3 class=\"h2 teaser-card-text mb-2 mb-lg-4\">Junior Leaders<\/h3>\n      <div class=\"card-meta flex-wrap\">\n                        <span class=\"card-meta-tag\">\n          <i class=\"icon fa-calendar-days\"><\/i>\n          <span>15. Nov. 2026<\/span>\n        <\/span>\n                        <span class=\"card-meta-tag\">\n          <i class=\"icon fa-location-dot\"><\/i>\n          <span>ICF St. Gallen<\/span>\n        <\/span>\n              <\/div>\n    <\/div>\n  <\/div>\n<\/a><\/swiper-slide>\n          <swiper-slide><a id=\"block-22\" data-bs-theme=\"dark\" href=\"https:\/\/icf.church\/stgallen\/de\/angebote\/youth-bible-study-november\" class=\"wp-block-yellowtree-teaser-card card teaser-card focus-ring-inset text-decoration-none\" style=\"--card-img-position:50% 50%\">\n        <img decoding=\"async\" draggable=\"false\" aria-hidden=\"true\" loading=\"lazy\" src=\"https:\/\/icf-hub-new.imgix.net\/Hub\/1\/stgallen\/2026_05_08_12_22_19_000_file-fcb287.jpeg?ar=2&amp;fit=crop&amp;crop=faces%2Cedges&amp;auto=compress&amp;w=1920&amp;fm=webp\" alt=\"\" class=\"card-bg-img h-100 opacity-75 user-select-none\">    <div class=\"flex-grow-1 d-flex flex-column p-4 p-lg-6\">\n    <div class=\"mt-auto\">\n      <h3 class=\"h2 teaser-card-text mb-2 mb-lg-4\">Youth Bible Study<\/h3>\n      <div class=\"card-meta flex-wrap\">\n                        <span class=\"card-meta-tag\">\n          <i class=\"icon fa-calendar-days\"><\/i>\n          <span>21. Nov. 2026<\/span>\n        <\/span>\n                        <span class=\"card-meta-tag\">\n          <i class=\"icon fa-location-dot\"><\/i>\n          <span>ICF St. Gallen<\/span>\n        <\/span>\n              <\/div>\n    <\/div>\n  <\/div>\n<\/a><\/swiper-slide>\n          <swiper-slide><a id=\"block-23\" data-bs-theme=\"dark\" href=\"https:\/\/icf.church\/stgallen\/de\/amorezmorge\/\" class=\"wp-block-yellowtree-teaser-card card teaser-card focus-ring-inset text-decoration-none\" style=\"--card-img-position:50% 50%\">\n        <img decoding=\"async\" draggable=\"false\" aria-hidden=\"true\" loading=\"lazy\" src=\"https:\/\/icf-hub-new.imgix.net\/Hub\/1\/stgallen\/2026_08_28_8_41_06_000_file-781993.jpeg?ar=2&amp;fit=crop&amp;crop=faces%2Cedges&amp;auto=compress&amp;w=1920&amp;fm=webp\" alt=\"\" class=\"card-bg-img h-100 opacity-75 user-select-none\">    <div class=\"flex-grow-1 d-flex flex-column p-4 p-lg-6\">\n    <div class=\"mt-auto\">\n      <h3 class=\"h2 teaser-card-text mb-2 mb-lg-4\">Amore Zmorge<\/h3>\n      <div class=\"card-meta flex-wrap\">\n                        <span class=\"card-meta-tag\">\n          <i class=\"icon fa-calendar-days\"><\/i>\n          <span>28. Nov. 2026<\/span>\n        <\/span>\n                        <span class=\"card-meta-tag\">\n          <i class=\"icon fa-location-dot\"><\/i>\n          <span>ICF St. Gallen<\/span>\n        <\/span>\n              <\/div>\n    <\/div>\n  <\/div>\n<\/a><\/swiper-slide>\n          <swiper-slide><a id=\"block-24\" data-bs-theme=\"dark\" href=\"https:\/\/icf.church\/stgallen\/de\/angebote\/junior-leaders-youth-sunday\" class=\"wp-block-yellowtree-teaser-card card teaser-card focus-ring-inset text-decoration-none\" style=\"--card-img-position:50% 50%\">\n        <img decoding=\"async\" draggable=\"false\" aria-hidden=\"true\" loading=\"lazy\" src=\"https:\/\/icf-hub-new.imgix.net\/Hub\/1\/stgallen\/2026_08_28_7_00_07_000_file-f7fa44.jpeg?ar=2&amp;fit=crop&amp;crop=faces%2Cedges&amp;auto=compress&amp;w=1920&amp;fm=webp\" alt=\"\" class=\"card-bg-img h-100 opacity-75 user-select-none\">    <div class=\"flex-grow-1 d-flex flex-column p-4 p-lg-6\">\n    <div class=\"mt-auto\">\n      <h3 class=\"h2 teaser-card-text mb-2 mb-lg-4\">YOUTH SUNDAY w\/ Junior Leaders<\/h3>\n      <div class=\"card-meta flex-wrap\">\n                        <span class=\"card-meta-tag\">\n          <i class=\"icon fa-calendar-days\"><\/i>\n          <span>29. Nov. 2026<\/span>\n        <\/span>\n                        <span class=\"card-meta-tag\">\n          <i class=\"icon fa-location-dot\"><\/i>\n          <span>ICF St. Gallen<\/span>\n        <\/span>\n              <\/div>\n    <\/div>\n  <\/div>\n<\/a><\/swiper-slide>\n          <swiper-slide><a id=\"block-25\" data-bs-theme=\"dark\" href=\"https:\/\/icf.church\/stgallen\/de\/angebote\/pot-luck-november\" class=\"wp-block-yellowtree-teaser-card card teaser-card focus-ring-inset text-decoration-none\" style=\"--card-img-position:50% 50%\">\n        <img decoding=\"async\" draggable=\"false\" aria-hidden=\"true\" loading=\"lazy\" src=\"https:\/\/icf-hub-new.imgix.net\/Hub\/1\/stgallen\/2026_08_25_6_54_21_000_file-8dc866.jpeg?ar=2&amp;fit=crop&amp;crop=faces%2Cedges&amp;auto=compress&amp;w=1920&amp;fm=webp\" alt=\"\" class=\"card-bg-img h-100 opacity-75 user-select-none\">    <div class=\"flex-grow-1 d-flex flex-column p-4 p-lg-6\">\n    <div class=\"mt-auto\">\n      <h3 class=\"h2 teaser-card-text mb-2 mb-lg-4\">Pot Luck November<\/h3>\n      <div class=\"card-meta flex-wrap\">\n                        <span class=\"card-meta-tag\">\n          <i class=\"icon fa-calendar-days\"><\/i>\n          <span>29. Nov. 2026<\/span>\n        <\/span>\n                        <span class=\"card-meta-tag\">\n          <i class=\"icon fa-location-dot\"><\/i>\n          <span>ICF St. Gallen<\/span>\n        <\/span>\n              <\/div>\n    <\/div>\n  <\/div>\n<\/a><\/swiper-slide>\n          <swiper-slide><a id=\"block-26\" data-bs-theme=\"dark\" href=\"https:\/\/icf.church\/stgallen\/de\/angebote\/youth-bible-study-december\" class=\"wp-block-yellowtree-teaser-card card teaser-card focus-ring-inset text-decoration-none\" style=\"--card-img-position:50% 50%\">\n        <img decoding=\"async\" draggable=\"false\" aria-hidden=\"true\" loading=\"lazy\" src=\"https:\/\/icf-hub-new.imgix.net\/Hub\/1\/stgallen\/2026_05_08_12_22_19_000_file-fcb287.jpeg?ar=2&amp;fit=crop&amp;crop=faces%2Cedges&amp;auto=compress&amp;w=1920&amp;fm=webp\" alt=\"\" class=\"card-bg-img h-100 opacity-75 user-select-none\">    <div class=\"flex-grow-1 d-flex flex-column p-4 p-lg-6\">\n    <div class=\"mt-auto\">\n      <h3 class=\"h2 teaser-card-text mb-2 mb-lg-4\">Youth Bible Study<\/h3>\n      <div class=\"card-meta flex-wrap\">\n                        <span class=\"card-meta-tag\">\n          <i class=\"icon fa-calendar-days\"><\/i>\n          <span>05. Dez. 2026<\/span>\n        <\/span>\n                        <span class=\"card-meta-tag\">\n          <i class=\"icon fa-location-dot\"><\/i>\n          <span>ICF St. Gallen<\/span>\n        <\/span>\n              <\/div>\n    <\/div>\n  <\/div>\n<\/a><\/swiper-slide>\n          <swiper-slide><a id=\"block-27\" data-bs-theme=\"dark\" href=\"https:\/\/icf.church\/stgallen\/de\/angebote\/junior-leaders-december\" class=\"wp-block-yellowtree-teaser-card card teaser-card focus-ring-inset text-decoration-none\" style=\"--card-img-position:50% 50%\">\n        <img decoding=\"async\" draggable=\"false\" aria-hidden=\"true\" loading=\"lazy\" src=\"https:\/\/icf-hub-new.imgix.net\/Hub\/1\/stgallen\/2026_08_28_7_00_07_000_file-f7fa44.jpeg?ar=2&amp;fit=crop&amp;crop=faces%2Cedges&amp;auto=compress&amp;w=1920&amp;fm=webp\" alt=\"\" class=\"card-bg-img h-100 opacity-75 user-select-none\">    <div class=\"flex-grow-1 d-flex flex-column p-4 p-lg-6\">\n    <div class=\"mt-auto\">\n      <h3 class=\"h2 teaser-card-text mb-2 mb-lg-4\">Junior Leaders<\/h3>\n      <div class=\"card-meta flex-wrap\">\n                        <span class=\"card-meta-tag\">\n          <i class=\"icon fa-calendar-days\"><\/i>\n          <span>13. Dez. 2026<\/span>\n        <\/span>\n                        <span class=\"card-meta-tag\">\n          <i class=\"icon fa-location-dot\"><\/i>\n          <span>ICF St. Gallen<\/span>\n        <\/span>\n              <\/div>\n    <\/div>\n  <\/div>\n<\/a><\/swiper-slide>\n          <swiper-slide><a id=\"block-28\" data-bs-theme=\"dark\" href=\"https:\/\/icf.church\/stgallen\/de\/angebote\/youth-celebration-december\" class=\"wp-block-yellowtree-teaser-card card teaser-card focus-ring-inset text-decoration-none\" style=\"--card-img-position:50% 50%\">\n        <img decoding=\"async\" draggable=\"false\" aria-hidden=\"true\" loading=\"lazy\" src=\"https:\/\/icf-hub-new.imgix.net\/Hub\/1\/stgallen\/2026_05_08_11_22_15_000_file-259526.jpeg?ar=2&amp;fit=crop&amp;crop=faces%2Cedges&amp;auto=compress&amp;w=1920&amp;fm=webp\" alt=\"\" class=\"card-bg-img h-100 opacity-75 user-select-none\">    <div class=\"flex-grow-1 d-flex flex-column p-4 p-lg-6\">\n    <div class=\"mt-auto\">\n      <h3 class=\"h2 teaser-card-text mb-2 mb-lg-4\">Youth Celebration<\/h3>\n      <div class=\"card-meta flex-wrap\">\n                        <span class=\"card-meta-tag\">\n          <i class=\"icon fa-calendar-days\"><\/i>\n          <span>19. Dez. 2026<\/span>\n        <\/span>\n                        <span class=\"card-meta-tag\">\n          <i class=\"icon fa-location-dot\"><\/i>\n          <span>ICF St. Gallen<\/span>\n        <\/span>\n              <\/div>\n    <\/div>\n  <\/div>\n<\/a><\/swiper-slide>\n      <\/swiper-container>\n<\/div>\n<\/div>\n\n<div id=\"block-32\" class=\"pt-2 pb-2 alignfull is-layout-constrained\">\n  <div>\n            <div class=\"row gx-4 gy-4 \">\n          \n\n<div id=\"block-31\" class=\"col wp-block-yellowtree-column col-12 d-flex flex-column justify-content-center align-items-center align-items-md-center\">\n  <div class=\"mw-100\">\n      <figure id=\"block-30\">\n      <div class=\"img-wrap\" style=\"max-width:100%\">\n        <img decoding=\"async\" src=\"https:\/\/icf.church\/stgallen\/wp-content\/uploads\/sites\/69\/2026\/07\/net-at-church-1024x576.jpg\" alt=\"\" loading=\"lazy\" title=\"\" class=\"img-fluid w-100 h-100 rounded object-fit-cover\" style=\"object-position: center center\">\n      <\/div>\n          <\/figure>\n    <\/div><\/div>\n        <\/div>\n          <\/div>\n<\/div>\n\n<div id=\"block-36\" class=\"pt-2 pb-2 alignfull is-layout-constrained\">\n  <div>\n            <div class=\"row gx-4 gy-4 \">\n          \n\n<div id=\"block-33\" class=\"col wp-block-yellowtree-column col-12 col-lg-4 d-flex flex-column with-streched-height-children align-items-stretch align-items-lg-stretch\">\n  <\/div>\n\n\n<div id=\"block-34\" class=\"col wp-block-yellowtree-column col-12 col-lg-4 d-flex flex-column with-streched-height-children align-items-stretch align-items-lg-stretch\">\n  <\/div>\n\n\n<div id=\"block-35\" class=\"col wp-block-yellowtree-column col-12 col-lg-4 d-flex flex-column with-streched-height-children align-items-stretch align-items-lg-stretch\">\n  <\/div>\n        <\/div>\n          <\/div>\n<\/div>\n\n<div id=\"block-51\" class=\"pt-2 pb-2 alignfull is-layout-constrained\">\n  <div>\n            <div class=\"row gx-4 gy-4 \">\n          \n\n<div id=\"block-50\" class=\"col wp-block-yellowtree-column col-12 d-flex flex-column with-streched-height-children align-items-stretch align-items-md-stretch\">\n  <div id=\"block-49\" class=\"pt-2 pb-2 alignfull is-layout-constrained\">\n  <div>\n            <div class=\"row gx-4 gy-4 \">\n          \n\n<div id=\"block-40\" class=\"col wp-block-yellowtree-column col-12 col-lg-4 d-flex flex-column with-streched-height-children align-items-stretch align-items-lg-stretch\">\n  <article id=\"block-39\" data-bs-theme=\"dark\" class=\"wp-block-yellowtree-card card has-context-height\" style=\"--card-img-position:30% 43%\">\n        <img decoding=\"async\" width=\"1024\" height=\"684\" src=\"https:\/\/icf.church\/stgallen\/wp-content\/uploads\/sites\/69\/2026\/08\/dsc00728-1024x684.jpg\" class=\"card-img-top\" alt=\"\" draggable=\"false\" loading=\"lazy\" srcset=\"https:\/\/icf.church\/stgallen\/wp-content\/uploads\/sites\/69\/2026\/08\/dsc00728-1024x684.jpg 1024w, https:\/\/icf.church\/stgallen\/wp-content\/uploads\/sites\/69\/2026\/08\/dsc00728-300x200.jpg 300w, https:\/\/icf.church\/stgallen\/wp-content\/uploads\/sites\/69\/2026\/08\/dsc00728-768x513.jpg 768w, https:\/\/icf.church\/stgallen\/wp-content\/uploads\/sites\/69\/2026\/08\/dsc00728-1536x1026.jpg 1536w, https:\/\/icf.church\/stgallen\/wp-content\/uploads\/sites\/69\/2026\/08\/dsc00728-2048x1368.jpg 2048w\" sizes=\"(max-width: 1024px) 100vw, 1024px\">    <div class=\"card-body\">\n    <h3 class=\"card-title\">Connect<\/h3>\n    <p class=\"card-text\">Bist du neu in unserer Church? Wir m\u00f6chten dich gerne kennenlernen und freuen uns, dich vor Ort vor oder nach unseren Celebrations dich am Connect-Point zu begr\u00fcssen, oder nimm gerne auch online mit uns Kontakt auf.<\/p>\n    <div id=\"block-38\" class=\"wp-block-yellowtree-card-buttons card-buttons\">\n  \n\n  <div>\n    <a id=\"block-37\" href=\"https:\/\/icf.church\/stgallen\/de\/kontakt\/\" target=\"_blank\" class=\"wp-block-yellowtree-card-button btn btn-sm btn-secondary\">\n      <span>Kontakt<\/span>\n              <i class=\"icon fs-base-const fa-arrow-right\" aria-hidden=\"true\"><\/i>\n          <\/a>\n  <\/div>\n\n<\/div>  <\/div>\n<\/article><\/div>\n\n\n<div id=\"block-44\" class=\"col wp-block-yellowtree-column col-12 col-lg-4 d-flex flex-column with-streched-height-children align-items-stretch align-items-lg-stretch\">\n  <article id=\"block-43\" data-bs-theme=\"dark\" class=\"wp-block-yellowtree-card card has-context-height\" style=\"--card-img-position:19% 20%\">\n        <img decoding=\"async\" width=\"1024\" height=\"684\" src=\"https:\/\/icf.church\/stgallen\/wp-content\/uploads\/sites\/69\/2026\/08\/dsc00618-1024x684.jpg\" class=\"card-img-top\" alt=\"\" draggable=\"false\" loading=\"lazy\" srcset=\"https:\/\/icf.church\/stgallen\/wp-content\/uploads\/sites\/69\/2026\/08\/dsc00618-1024x684.jpg 1024w, https:\/\/icf.church\/stgallen\/wp-content\/uploads\/sites\/69\/2026\/08\/dsc00618-300x200.jpg 300w, https:\/\/icf.church\/stgallen\/wp-content\/uploads\/sites\/69\/2026\/08\/dsc00618-768x513.jpg 768w, https:\/\/icf.church\/stgallen\/wp-content\/uploads\/sites\/69\/2026\/08\/dsc00618-1536x1026.jpg 1536w, https:\/\/icf.church\/stgallen\/wp-content\/uploads\/sites\/69\/2026\/08\/dsc00618-2048x1368.jpg 2048w\" sizes=\"(max-width: 1024px) 100vw, 1024px\">    <div class=\"card-body\">\n    <h3 class=\"card-title\">Welcome Lunch<\/h3>\n    <p class=\"card-text\">Bist du neu im ICF St.Gallen? Hast du Fragen zu unserer Kirche oder an das Leitungsteam? M\u00f6chtest du mehr dar\u00fcber erfahren, wie du Teil davon werden kannst?<br>Dann melde dich zum n\u00e4chsten Welcome Lunch an!<br><br>Wir freuen uns dich, am Welcome Lunch kennenzulernen und dir deine Fragen zu beantworten.&nbsp;<\/p>\n    <div id=\"block-42\" class=\"wp-block-yellowtree-card-buttons card-buttons\">\n  \n\n  <div>\n    <a id=\"block-41\" href=\"https:\/\/icfsg.churchcenter.com\/people\/forms\/898682\" target=\"_blank\" class=\"wp-block-yellowtree-card-button btn btn-sm btn-secondary\">\n      <span>Anmeldung<\/span>\n              <i class=\"icon fs-base-const fa-arrow-right\" aria-hidden=\"true\"><\/i>\n          <\/a>\n  <\/div>\n\n<\/div>  <\/div>\n<\/article><\/div>\n\n\n<div id=\"block-48\" class=\"col wp-block-yellowtree-column col-12 col-lg-4 d-flex flex-column with-streched-height-children align-items-stretch align-items-lg-stretch\">\n  <article id=\"block-47\" data-bs-theme=\"dark\" class=\"wp-block-yellowtree-card card has-context-height\" style=\"--card-img-position:25% 11%\">\n        <img decoding=\"async\" width=\"1024\" height=\"684\" src=\"https:\/\/icf.church\/stgallen\/wp-content\/uploads\/sites\/69\/2026\/08\/dsc00731-1024x684.jpg\" class=\"card-img-top\" alt=\"\" draggable=\"false\" loading=\"lazy\" srcset=\"https:\/\/icf.church\/stgallen\/wp-content\/uploads\/sites\/69\/2026\/08\/dsc00731-1024x684.jpg 1024w, https:\/\/icf.church\/stgallen\/wp-content\/uploads\/sites\/69\/2026\/08\/dsc00731-300x200.jpg 300w, https:\/\/icf.church\/stgallen\/wp-content\/uploads\/sites\/69\/2026\/08\/dsc00731-768x513.jpg 768w, https:\/\/icf.church\/stgallen\/wp-content\/uploads\/sites\/69\/2026\/08\/dsc00731-1536x1026.jpg 1536w, https:\/\/icf.church\/stgallen\/wp-content\/uploads\/sites\/69\/2026\/08\/dsc00731-2048x1368.jpg 2048w\" sizes=\"(max-width: 1024px) 100vw, 1024px\">    <div class=\"card-body\">\n    <h3 class=\"card-title\">Open Small Group<\/h3>\n    <p class=\"card-text\">In der Open Small Group kannst du pers\u00f6nliche Gemeinschaft erleben, deinen Glauben vertiefen, Freundschaften kn\u00fcpfen und deine Berufung in der Kirche entdecken. Interessiert? Dann trete der Gruppe in unserer App bei.<\/p>\n    <div id=\"block-46\" class=\"wp-block-yellowtree-card-buttons card-buttons\">\n  \n\n  <div>\n    <a id=\"block-45\" href=\"https:\/\/connect.donkeymobile.com\/share\/app.donkeymobile.sanktgallenicf?groupId=68f792a44128a46a7911fee5\" target=\"_blank\" class=\"wp-block-yellowtree-card-button btn btn-sm btn-secondary\">\n      <span>Zur Gruppe<\/span>\n              <i class=\"icon fs-base-const fa-arrow-right\" aria-hidden=\"true\"><\/i>\n          <\/a>\n  <\/div>\n\n<\/div>  <\/div>\n<\/article><\/div>\n        <\/div>\n          <\/div>\n<\/div><\/div>\n        <\/div>\n          <\/div>\n<\/div>","protected":false},"excerpt":{"rendered":"<p>Unser Highlight an jedem Sonntag \u2013 die Celebrations \u2013 unser w\u00f6chentlicher Gottesdienst. Und der darf gern etwas anders sein: laut, fr\u00f6hlich und leidenschaftlich.<\/p>\n","protected":false},"author":59,"featured_media":230,"parent":0,"menu_order":10,"comment_status":"closed","ping_status":"closed","template":"","meta":{"_acf_changed":false,"_seopress_titles_title":"","_seopress_titles_desc":"","_seopress_robots_index":"","_seopress_robots_follow":"","_seopress_robots_imageindex":"","_seopress_robots_snippet":"","_seopress_robots_primary_cat":"","_seopress_robots_breadcrumbs":"","_seopress_robots_freeze_modified_date":"","_seopress_robots_custom_modified_date":"","_seopress_robots_canonical":"","_seopress_social_fb_title":"","_seopress_social_fb_desc":"","_seopress_social_fb_img":"","_seopress_social_fb_img_attachment_id":0,"_seopress_social_fb_img_width":0,"_seopress_social_fb_img_height":0,"_seopress_social_twitter_title":"","_seopress_social_twitter_desc":"","_seopress_social_twitter_img":"","_seopress_social_twitter_img_attachment_id":0,"_seopress_social_twitter_img_width":0,"_seopress_social_twitter_img_height":0,"_seopress_redirections_value":"","_seopress_redirections_enabled":"","_seopress_redirections_enabled_regex":"","_seopress_redirections_logged_status":"both","_seopress_redirections_param":"","_seopress_redirections_type":301,"_seopress_analysis_target_kw":"","_seopress_news_disabled":"","_seopress_video_disabled":"","_seopress_video":[{"url":"","title":"","desc":"","thumbnail":"","duration":"","rating":"","view_count":"","tag":""}],"_seopress_pro_schemas_manual":[],"_seopress_pro_rich_snippets_disable_all":"","_seopress_pro_rich_snippets_disable":[],"_seopress_pro_schemas":[],"yt_custom_styles_scss":"","yt_custom_styles_rounded_corners":false,"yt_custom_styles_color_scheme":"","footnotes":""},"class_list":["post-1753","page","type-page","status-publish","has-post-thumbnail","hentry"],"acf":[],"_links":{"self":[{"href":"https:\/\/icf.church\/stgallen\/de\/wp-json\/wp\/v2\/pages\/1753","targetHints":{"allow":["GET"]}}],"collection":[{"href":"https:\/\/icf.church\/stgallen\/de\/wp-json\/wp\/v2\/pages"}],"about":[{"href":"https:\/\/icf.church\/stgallen\/de\/wp-json\/wp\/v2\/types\/page"}],"author":[{"embeddable":true,"href":"https:\/\/icf.church\/stgallen\/de\/wp-json\/wp\/v2\/users\/59"}],"replies":[{"embeddable":true,"href":"https:\/\/icf.church\/stgallen\/de\/wp-json\/wp\/v2\/comments?post=1753"}],"version-history":[{"count":21,"href":"https:\/\/icf.church\/stgallen\/de\/wp-json\/wp\/v2\/pages\/1753\/revisions"}],"predecessor-version":[{"id":2887,"href":"https:\/\/icf.church\/stgallen\/de\/wp-json\/wp\/v2\/pages\/1753\/revisions\/2887"}],"wp:featuredmedia":[{"embeddable":true,"href":"https:\/\/icf.church\/stgallen\/de\/wp-json\/wp\/v2\/media\/230"}],"wp:attachment":[{"href":"https:\/\/icf.church\/stgallen\/de\/wp-json\/wp\/v2\/media?parent=1753"}],"curies":[{"name":"wp","href":"https:\/\/api.w.org\/{rel}","templated":true}]}}