{"id":755,"date":"2026-04-10T10:22:48","date_gmt":"2026-04-10T08:22:35","guid":{"rendered":"https:\/\/new.icf.church\/stgallen\/?page_id=755"},"modified":"2026-08-28T14:23:21","modified_gmt":"2026-08-28T12:23:21","slug":"kids-teens","status":"publish","type":"page","link":"https:\/\/icf.church\/stgallen\/de\/kids-teens\/","title":{"rendered":"Kids &amp; Teens"},"content":{"rendered":"<p id=\"block-1\" class=\"text-start wp-block-paragraph\">\n  <\/p>\n\n<h1 id=\"block-2\" class=\"h1 text-start\">\n  Prepare the next Generation<\/h1>\n\n<div id=\"block-7\" class=\"pt-2 pb-2 alignfull is-layout-constrained\">\n  <div>\n            <div class=\"row gx-4 gy-4 \">\n          \n\n<div id=\"block-6\" class=\"col wp-block-yellowtree-column col-12 d-flex flex-column with-streched-height-children align-items-stretch align-items-md-stretch\">\n  <div id=\"block-5\" class=\"wp-block-yellowtree-hero-stage\">\n    <div class=\"hero-stage \">\n        \n\n<div id=\"block-4\" class=\"hero-stage-content\">\n    <div class=\"hero-stage-content__background\">\n        <div class=\"overlay-black-25 h-100\">\n                            <img fetchpriority=\"high\" decoding=\"async\" width=\"2560\" height=\"1710\" src=\"https:\/\/icf.church\/stgallen\/wp-content\/uploads\/sites\/69\/2026\/08\/dsc00625-scaled.jpg\" class=\"hero-stage-media\" alt=\"\" style=\"object-position: 46% 37%;\" aria-hidden=\"true\" loading=\"eager\" srcset=\"https:\/\/icf.church\/stgallen\/wp-content\/uploads\/sites\/69\/2026\/08\/dsc00625-scaled.jpg 2560w, https:\/\/icf.church\/stgallen\/wp-content\/uploads\/sites\/69\/2026\/08\/dsc00625-300x200.jpg 300w, https:\/\/icf.church\/stgallen\/wp-content\/uploads\/sites\/69\/2026\/08\/dsc00625-1024x684.jpg 1024w, https:\/\/icf.church\/stgallen\/wp-content\/uploads\/sites\/69\/2026\/08\/dsc00625-768x513.jpg 768w, https:\/\/icf.church\/stgallen\/wp-content\/uploads\/sites\/69\/2026\/08\/dsc00625-1536x1026.jpg 1536w, https:\/\/icf.church\/stgallen\/wp-content\/uploads\/sites\/69\/2026\/08\/dsc00625-2048x1368.jpg 2048w\" sizes=\"(max-width: 2560px) 100vw, 2560px\">                    <\/div>\n        <div class=\"hero-stage-gradient\"><\/div>\n    <\/div>\n    <div class=\"hero-stage-content__foreground is-layout-constrained\">\n        <h1 id=\"block-3\" class=\"display-1 text-center\">\n    <\/h1>    <\/div>\n<\/div>\n    <\/div>\n<\/div><\/div>\n        <\/div>\n          <\/div>\n<\/div>\n\n<div id=\"block-16\" class=\"pt-2 pb-2 alignfull is-layout-constrained\">\n  <div>\n            <div class=\"row gx-4 gy-4 \">\n          \n\n<div id=\"block-15\" class=\"col wp-block-yellowtree-column col-12 d-flex flex-column with-streched-height-children align-items-stretch align-items-md-stretch\">\n  <div id=\"block-14\" class=\"pt-2 pb-2 alignfull is-layout-constrained\">\n  <div>\n            <div class=\"row gx-4 gy-4 \">\n          \n\n<div id=\"block-11\" class=\"col wp-block-yellowtree-column col-12 col-md-6 d-flex flex-column with-streched-height-children align-items-stretch align-items-md-stretch\">\n  <article id=\"block-10\" data-bs-theme=\"dark\" class=\"wp-block-yellowtree-card card has-context-height\" style=\"--card-img-position:50% 50%\">\n      <div class=\"card-body\">\n    <h3 class=\"card-title\">ICF Families<\/h3>\n    <p class=\"card-text\">ICF Kids Church ist offen f\u00fcr alle Kids von 1 \u2013 16 Jahren.<br>Gemeinsam wollen wir die Kraft und Liebe von Jesus kennen lernen, selbst erleben und praktisch weitergeben.<br>Unser Motto: Kids Church von Kindern f\u00fcr Kinder!<br><br>Hast du Fragen zum ICF Kids oder m\u00f6chtest du gerne ein Teil unseres genialen Teams werden?<br><br><br><br><br><\/p>\n    <div id=\"block-9\" class=\"wp-block-yellowtree-card-buttons card-buttons\">\n  \n\n  <div>\n    <a id=\"block-8\" href=\"mailto:salome.stutz@icf-sg.ch\" class=\"wp-block-yellowtree-card-button btn btn-sm btn-secondary\">\n      <span>Kontakt<\/span>\n              <i class=\"icon fs-base-const fa-arrow-right\" aria-hidden=\"true\"><\/i>\n          <\/a>\n  <\/div>\n\n<\/div>  <\/div>\n<\/article><\/div>\n\n\n<div id=\"block-13\" class=\"col wp-block-yellowtree-column col-12 col-md-6 d-flex flex-column with-streched-height-children align-items-stretch align-items-md-stretch\">\n  <article id=\"block-12\" data-bs-theme=\"dark\" class=\"wp-block-yellowtree-card card has-context-height\" style=\"--card-img-position:50% 50%\">\n      <div class=\"card-body\">\n    <h3 class=\"card-title\">Zeitlicher Ablauf<\/h3>\n    <p class=\"card-text\">Ab 9.45 Uhr:<br>Check-In beim Welcomedesk beim Haupteingang<br><br>Ab 10.00 Uhr:<br>Die Kinder sind herzlich willkommen in den Kidsr\u00e4umen<br><br>Um 10.30 Uhr:<br>Beginn des Programms in allen Altersstufen<br><br>Um ca. 11.45 Uhr:<br>Ende der Celebration f\u00fcr die Erwachsenen<br><br>Bis 12.00 Uhr:<br>Die Kinder werden in den Kidsr\u00e4umen von einem Elternteil oder der&nbsp; Begleitperson abgeholt.<\/p>\n      <\/div>\n<\/article><\/div>\n        <\/div>\n          <\/div>\n<\/div><\/div>\n        <\/div>\n          <\/div>\n<\/div>\n\n<p id=\"block-17\" class=\"mt-4 mb-4 text-start wp-block-paragraph\">\n  Regelm\u00e4ssige Updates, Infos und Tipps gibt es in unserer&nbsp;<a href=\"https:\/\/connect.donkeymobile.com\/share\/app.donkeymobile.sanktgallenicf?groupId=682c750d462324c0776e8935\" target=\"_blank\" rel=\"noopener\">ICF SG APP<\/a>.&nbsp;&nbsp;<\/p>\n\n<div id=\"block-26\" class=\"pt-2 pb-2 alignfull is-layout-constrained\">\n  <div>\n            <div class=\"row gx-4 gy-4 \">\n          \n\n<div id=\"block-21\" class=\"col wp-block-yellowtree-column col-12 col-md-6 d-flex flex-column with-streched-height-children align-items-stretch align-items-md-stretch\">\n  <article id=\"block-20\" data-bs-theme=\"dark\" class=\"wp-block-yellowtree-card card has-context-height\" style=\"--card-img-position:50% 50%\">\n        <img decoding=\"async\" width=\"1024\" height=\"576\" src=\"https:\/\/icf.church\/stgallen\/wp-content\/uploads\/sites\/69\/2026\/05\/familyteam_salome_stutz-1024x576.jpg\" class=\"card-img-top\" alt=\"\" draggable=\"false\" loading=\"lazy\" srcset=\"https:\/\/icf.church\/stgallen\/wp-content\/uploads\/sites\/69\/2026\/05\/familyteam_salome_stutz-1024x576.jpg 1024w, https:\/\/icf.church\/stgallen\/wp-content\/uploads\/sites\/69\/2026\/05\/familyteam_salome_stutz-300x169.jpg 300w, https:\/\/icf.church\/stgallen\/wp-content\/uploads\/sites\/69\/2026\/05\/familyteam_salome_stutz-768x432.jpg 768w, https:\/\/icf.church\/stgallen\/wp-content\/uploads\/sites\/69\/2026\/05\/familyteam_salome_stutz-1536x864.jpg 1536w, https:\/\/icf.church\/stgallen\/wp-content\/uploads\/sites\/69\/2026\/05\/familyteam_salome_stutz-2048x1152.jpg 2048w\" sizes=\"(max-width: 1024px) 100vw, 1024px\">    <div class=\"card-body\">\n    <h3 class=\"card-title\">Milky Way<\/h3>\n    <p class=\"card-text\">Im Kidsprogramm f\u00fcr unsere Kleinen von 1 &#8211; 6 Jahren lernen wir mit den Kids begeistert Bibelgeschichten kennen, machen gemeinsam Musik f\u00fcr Gott und toben uns in der Turnhalle aus. Wir lieben es, den Kindern auf kreative und spannende Weise den Glauben an Jesus n\u00e4her zu bringen. Bei Spiel und Spass und feinem&nbsp;&nbsp;Zn\u00fcni entstehen schon in jungen Jahren Freundschaften f\u00fcrs Leben. Auch zum Ausruhen und Anschauen von B\u00fcchern gibt es Platz bei uns im Raum.<br>Hast du Fragen zum ICF Kids oder m\u00f6chtest du gerne ein Teil unseres Teams werden?<br><br>Dann melde dich bei uns.<\/p>\n    <div id=\"block-19\" class=\"wp-block-yellowtree-card-buttons card-buttons\">\n  \n\n  <div>\n    <a id=\"block-18\" href=\"mailto:salome.stutz@icf-sg.ch\" target=\"_blank\" class=\"wp-block-yellowtree-card-button btn btn-sm btn-secondary\">\n      <span>Kontakt<\/span>\n              <i class=\"icon fs-base-const fa-arrow-right\" aria-hidden=\"true\"><\/i>\n          <\/a>\n  <\/div>\n\n<\/div>  <\/div>\n<\/article><\/div>\n\n\n<div id=\"block-25\" class=\"col wp-block-yellowtree-column col-12 col-md-6 d-flex flex-column with-streched-height-children align-items-stretch align-items-md-stretch\">\n  <article id=\"block-24\" data-bs-theme=\"dark\" class=\"wp-block-yellowtree-card card has-context-height\" style=\"--card-img-position:50% 50%\">\n        <img decoding=\"async\" width=\"1024\" height=\"576\" src=\"https:\/\/icf.church\/stgallen\/wp-content\/uploads\/sites\/69\/2026\/05\/familyteam_jane_dominik_gion-1024x576.jpg\" class=\"card-img-top\" alt=\"\" draggable=\"false\" loading=\"lazy\" srcset=\"https:\/\/icf.church\/stgallen\/wp-content\/uploads\/sites\/69\/2026\/05\/familyteam_jane_dominik_gion-1024x576.jpg 1024w, https:\/\/icf.church\/stgallen\/wp-content\/uploads\/sites\/69\/2026\/05\/familyteam_jane_dominik_gion-300x169.jpg 300w, https:\/\/icf.church\/stgallen\/wp-content\/uploads\/sites\/69\/2026\/05\/familyteam_jane_dominik_gion-768x432.jpg 768w, https:\/\/icf.church\/stgallen\/wp-content\/uploads\/sites\/69\/2026\/05\/familyteam_jane_dominik_gion-1536x864.jpg 1536w, https:\/\/icf.church\/stgallen\/wp-content\/uploads\/sites\/69\/2026\/05\/familyteam_jane_dominik_gion-2048x1152.jpg 2048w\" sizes=\"(max-width: 1024px) 100vw, 1024px\">    <div class=\"card-body\">\n    <h3 class=\"card-title\">Kids Planet<\/h3>\n    <p class=\"card-text\">Bei den Kids von der 2. bis zur 6. Klasse ist eine kunterbunte Mischung aus Action, Spass und Tiefgang angesagt. Wir zeigen beim Worship unsere Begeisterung f\u00fcr Gott, tauchen in spannende Inputs des jeweiligen Tagesleiters ein und freuen uns an den tiefen Freundschaften unter den Kindern. Die Kids sind bei uns nicht nur Zuschauer, sondern haben die M\u00f6glichkeit, aktive Mitmacher zu sein. Zum Beispiel beim Worship oder an der Technik.<br>Hast du Fragen zum ICF Kids oder m\u00f6chtest du gerne ein Teil unseres Teams werden?<br><br>Dann melde dich bei uns.<\/p>\n    <div id=\"block-23\" class=\"wp-block-yellowtree-card-buttons card-buttons\">\n  \n\n  <div>\n    <a id=\"block-22\" href=\"mailto:salome.stutz@icf-sg.ch\" target=\"_blank\" class=\"wp-block-yellowtree-card-button btn btn-sm btn-secondary\">\n      <span>Kontakt<\/span>\n              <i class=\"icon fs-base-const fa-arrow-right\" aria-hidden=\"true\"><\/i>\n          <\/a>\n  <\/div>\n\n<\/div>  <\/div>\n<\/article><\/div>\n        <\/div>\n          <\/div>\n<\/div>\n\n<div id=\"block-35\" class=\"pt-2 pb-2 alignfull is-layout-constrained\">\n  <div>\n            <div class=\"row gx-4 gy-4 \">\n          \n\n<div id=\"block-30\" class=\"col wp-block-yellowtree-column col-12 col-md-6 d-flex flex-column with-streched-height-children align-items-stretch align-items-md-stretch\">\n  <article id=\"block-29\" data-bs-theme=\"dark\" class=\"wp-block-yellowtree-card card has-context-height\" style=\"--card-img-position:50% 50%\">\n        <img decoding=\"async\" width=\"1024\" height=\"576\" src=\"https:\/\/icf.church\/stgallen\/wp-content\/uploads\/sites\/69\/2026\/05\/familyteam_n_s_kuhn-1024x576.jpg\" class=\"card-img-top\" alt=\"Ein lachendes Paar mit Brille und Hut, Nahaufnahme.\" draggable=\"false\" loading=\"lazy\" srcset=\"https:\/\/icf.church\/stgallen\/wp-content\/uploads\/sites\/69\/2026\/05\/familyteam_n_s_kuhn-1024x576.jpg 1024w, https:\/\/icf.church\/stgallen\/wp-content\/uploads\/sites\/69\/2026\/05\/familyteam_n_s_kuhn-300x169.jpg 300w, https:\/\/icf.church\/stgallen\/wp-content\/uploads\/sites\/69\/2026\/05\/familyteam_n_s_kuhn-768x432.jpg 768w, https:\/\/icf.church\/stgallen\/wp-content\/uploads\/sites\/69\/2026\/05\/familyteam_n_s_kuhn-1536x864.jpg 1536w, https:\/\/icf.church\/stgallen\/wp-content\/uploads\/sites\/69\/2026\/05\/familyteam_n_s_kuhn-2048x1152.jpg 2048w\" sizes=\"(max-width: 1024px) 100vw, 1024px\">    <div class=\"card-body\">\n    <h3 class=\"card-title\">Junior Leaders<\/h3>\n    <p class=\"card-text\">Die Teens von der 7. bis zur 9. Klasse erwartet regelm\u00e4ssig ein verr\u00fccktes und energiegeladenes, aber auch tiefgehendes Programm. Mit lebendigen Inputs und praktischen Next Steps f\u00f6rdern wir sie dabei, ihren Glauben selbstst\u00e4ndig zu leben. In unseren abwechslungsreichen Programmen werden wir pers\u00f6nlich und unterst\u00fctzen die Teens darin, Freundschaften untereinander zu kn\u00fcpfen und zu vertiefen. Wir freuen uns, wenn du kommst, wie du bist, und dich bei uns zu Hause f\u00fchlst!<\/p>\n    <div id=\"block-28\" class=\"wp-block-yellowtree-card-buttons card-buttons\">\n  \n\n  <div>\n    <a id=\"block-27\" href=\"https:\/\/icf.church\/stgallen\/de\/juniorleaders\/\" class=\"wp-block-yellowtree-card-button btn btn-sm btn-secondary\">\n      <span>Mehr Infos<\/span>\n              <i class=\"icon fs-base-const fa-arrow-right\" aria-hidden=\"true\"><\/i>\n          <\/a>\n  <\/div>\n\n<\/div>  <\/div>\n<\/article><\/div>\n\n\n<div id=\"block-34\" class=\"col wp-block-yellowtree-column col-12 col-md-6 d-flex flex-column with-streched-height-children align-items-stretch align-items-md-stretch\">\n  <article id=\"block-33\" data-bs-theme=\"dark\" class=\"wp-block-yellowtree-card card has-context-height\" style=\"--card-img-position:50% 50%\">\n        <img decoding=\"async\" width=\"1024\" height=\"576\" src=\"https:\/\/icf.church\/stgallen\/wp-content\/uploads\/sites\/69\/2026\/05\/familyteam_timon-1024x576.jpg\" class=\"card-img-top\" alt=\"\" draggable=\"false\" loading=\"lazy\" srcset=\"https:\/\/icf.church\/stgallen\/wp-content\/uploads\/sites\/69\/2026\/05\/familyteam_timon-1024x576.jpg 1024w, https:\/\/icf.church\/stgallen\/wp-content\/uploads\/sites\/69\/2026\/05\/familyteam_timon-300x169.jpg 300w, https:\/\/icf.church\/stgallen\/wp-content\/uploads\/sites\/69\/2026\/05\/familyteam_timon-768x432.jpg 768w, https:\/\/icf.church\/stgallen\/wp-content\/uploads\/sites\/69\/2026\/05\/familyteam_timon-1536x864.jpg 1536w, https:\/\/icf.church\/stgallen\/wp-content\/uploads\/sites\/69\/2026\/05\/familyteam_timon-2048x1152.jpg 2048w\" sizes=\"(max-width: 1024px) 100vw, 1024px\">    <div class=\"card-body\">\n    <h3 class=\"card-title\">Youth<\/h3>\n    <p class=\"card-text\">ICF Youth ist die Jugendkirche des ICF St. Gallen. Wir w\u00fcnschen uns eine energiegeladene, relevante und zeitgem\u00e4sse Kirche, die gemeinsam die Stadt St. Gallen und dar\u00fcber hinaus mit der Liebe Gottes auf den Kopf stellt.<br><br>Schau rein, wir freuen uns auf dich!<br><\/p>\n    <div id=\"block-32\" class=\"wp-block-yellowtree-card-buttons card-buttons\">\n  \n\n  <div>\n    <a id=\"block-31\" href=\"https:\/\/icf.church\/stgallen\/de\/youth\/\" class=\"wp-block-yellowtree-card-button btn btn-sm btn-secondary\">\n      <span>Mehr Infos<\/span>\n              <i class=\"icon fs-base-const fa-arrow-right\" aria-hidden=\"true\"><\/i>\n          <\/a>\n  <\/div>\n\n<\/div>  <\/div>\n<\/article><\/div>\n        <\/div>\n          <\/div>\n<\/div>\n\n<h2 id=\"block-36\" class=\"mt-7 h2 text-start\">\n  Sicherheit im ICF Kids<\/h2>\n\n<h3 id=\"block-37\" class=\"mt-2 mb-2 h3 text-start\">\n  Sicherheit hat bei uns oberste Priorit\u00e4t!<\/h3>\n\n<p id=\"block-38\" class=\"text-start wp-block-paragraph\">\n  Damit die Eltern in aller Ruhe die Celebration geniessen k\u00f6nnen, hat die Sicherheit bei uns&nbsp;oberste Priorit\u00e4t.<br>Durch unseren elektronischen Check-In werden alle Kinder registriert; die Kinder m\u00fcssen von ihren Eltern, nach der Celebration pers\u00f6nlich abgeholt werden. Ausserdem werden die Eltern \u00fcber eine anonyme Nummer, die jedem Kind beim Check-In zugewiesen wird,\u00fcber&nbsp;die Leinwand in der Celebration informiert, falls ihr Kind sie braucht.<\/p>\n\n<p id=\"block-39\" class=\"text-start wp-block-paragraph\">\n  <\/p>","protected":false},"excerpt":{"rendered":"<p>Prepare the next Generation Regelm\u00e4ssige Updates, Infos und Tipps gibt es in unserer&nbsp;ICF SG APP.&nbsp;&nbsp; Sicherheit im ICF Kids Sicherheit hat bei uns oberste Priorit\u00e4t! Damit die Eltern in aller Ruhe die Celebration geniessen k\u00f6nnen, hat die Sicherheit bei uns&nbsp;oberste Priorit\u00e4t.Durch unseren elektronischen Check-In werden alle Kinder registriert; die Kinder m\u00fcssen von ihren Eltern, nach [&hellip;]<\/p>\n","protected":false},"author":59,"featured_media":0,"parent":0,"menu_order":3,"comment_status":"closed","ping_status":"closed","template":"","meta":{"_acf_changed":false,"_seopress_titles_title":"","_seopress_titles_desc":"","_seopress_robots_index":"","_seopress_robots_follow":"","_seopress_robots_imageindex":"","_seopress_robots_snippet":"","_seopress_robots_primary_cat":"","_seopress_robots_breadcrumbs":"","_seopress_robots_freeze_modified_date":"","_seopress_robots_custom_modified_date":"","_seopress_robots_canonical":"","_seopress_social_fb_title":"","_seopress_social_fb_desc":"","_seopress_social_fb_img":"","_seopress_social_fb_img_attachment_id":0,"_seopress_social_fb_img_width":0,"_seopress_social_fb_img_height":0,"_seopress_social_twitter_title":"","_seopress_social_twitter_desc":"","_seopress_social_twitter_img":"","_seopress_social_twitter_img_attachment_id":0,"_seopress_social_twitter_img_width":0,"_seopress_social_twitter_img_height":0,"_seopress_redirections_value":"","_seopress_redirections_enabled":"","_seopress_redirections_enabled_regex":"","_seopress_redirections_logged_status":"","_seopress_redirections_param":"","_seopress_redirections_type":0,"_seopress_analysis_target_kw":"","_seopress_news_disabled":"","_seopress_video_disabled":"","_seopress_video":[],"_seopress_pro_schemas_manual":[],"_seopress_pro_rich_snippets_disable_all":"","_seopress_pro_rich_snippets_disable":[],"_seopress_pro_schemas":[],"yt_custom_styles_scss":"","yt_custom_styles_rounded_corners":false,"yt_custom_styles_color_scheme":"","footnotes":""},"class_list":["post-755","page","type-page","status-publish","hentry"],"acf":[],"_links":{"self":[{"href":"https:\/\/icf.church\/stgallen\/de\/wp-json\/wp\/v2\/pages\/755","targetHints":{"allow":["GET"]}}],"collection":[{"href":"https:\/\/icf.church\/stgallen\/de\/wp-json\/wp\/v2\/pages"}],"about":[{"href":"https:\/\/icf.church\/stgallen\/de\/wp-json\/wp\/v2\/types\/page"}],"author":[{"embeddable":true,"href":"https:\/\/icf.church\/stgallen\/de\/wp-json\/wp\/v2\/users\/59"}],"replies":[{"embeddable":true,"href":"https:\/\/icf.church\/stgallen\/de\/wp-json\/wp\/v2\/comments?post=755"}],"version-history":[{"count":57,"href":"https:\/\/icf.church\/stgallen\/de\/wp-json\/wp\/v2\/pages\/755\/revisions"}],"predecessor-version":[{"id":2928,"href":"https:\/\/icf.church\/stgallen\/de\/wp-json\/wp\/v2\/pages\/755\/revisions\/2928"}],"wp:attachment":[{"href":"https:\/\/icf.church\/stgallen\/de\/wp-json\/wp\/v2\/media?parent=755"}],"curies":[{"name":"wp","href":"https:\/\/api.w.org\/{rel}","templated":true}]}}