{"id":773,"date":"2026-04-10T10:29:48","date_gmt":"2026-04-10T08:29:33","guid":{"rendered":"https:\/\/new.icf.church\/stgallen\/besuchen-2\/"},"modified":"2026-08-23T16:57:11","modified_gmt":"2026-08-23T14:57:11","slug":"groups","status":"publish","type":"page","link":"https:\/\/icf.church\/stgallen\/de\/groups\/","title":{"rendered":"Groups"},"content":{"rendered":"\n<div id=\"block-3\" class=\"mb-4 wp-block-yellowtree-hero-stage\">\n    <div class=\"hero-stage \">\n        \n\n<div id=\"block-2\" class=\"hero-stage-content\">\n    <div class=\"hero-stage-content__background\">\n        <div class=\"overlay-black-25 h-100\">\n                            <img fetchpriority=\"high\" decoding=\"async\" width=\"1706\" height=\"2560\" src=\"https:\/\/icf.church\/stgallen\/wp-content\/uploads\/sites\/69\/2026\/08\/dsc00708-scaled.jpg\" class=\"hero-stage-media\" alt=\"\" style=\"object-position: 50% 28%;\" aria-hidden=\"true\" loading=\"eager\" srcset=\"https:\/\/icf.church\/stgallen\/wp-content\/uploads\/sites\/69\/2026\/08\/dsc00708-scaled.jpg 1706w, https:\/\/icf.church\/stgallen\/wp-content\/uploads\/sites\/69\/2026\/08\/dsc00708-200x300.jpg 200w, https:\/\/icf.church\/stgallen\/wp-content\/uploads\/sites\/69\/2026\/08\/dsc00708-683x1024.jpg 683w, https:\/\/icf.church\/stgallen\/wp-content\/uploads\/sites\/69\/2026\/08\/dsc00708-768x1152.jpg 768w, https:\/\/icf.church\/stgallen\/wp-content\/uploads\/sites\/69\/2026\/08\/dsc00708-1024x1536.jpg 1024w, https:\/\/icf.church\/stgallen\/wp-content\/uploads\/sites\/69\/2026\/08\/dsc00708-1365x2048.jpg 1365w\" sizes=\"(max-width: 1706px) 100vw, 1706px\" \/>                    <\/div>\n        <div class=\"hero-stage-gradient\"><\/div>\n    <\/div>\n    <div class=\"hero-stage-content__foreground is-layout-constrained\">\n        <h1 id=\"block-1\" class=\"display-1 text-center\">\n    Groups<\/h1>    <\/div>\n<\/div>\n    <\/div>\n<\/div>\n\n<h2 id=\"block-4\" class=\"mt-4 mb-4 h2 text-center\">\n  Im Glauben wachsen.<\/h2>\n\n<p id=\"block-5\" class=\"mb-4 text-center wp-block-paragraph\">\n  W\u00fcnschst du dir, auch unter der Woche deinen Glauben mit anderen Menschen teilen zu k\u00f6nnen und dich in der Beziehung zu Jesus ermutigen und herausfordern zu lassen? Dann melde dich f\u00fcr eine Group an! Wir helfen dir gerne, die passende Gruppe f\u00fcr dich zu finden!<\/p>\n\n<div id=\"block-18\" class=\"pt-2 pb-2 alignfull is-layout-constrained\">\n  <div>\n            <div class=\"row gx-4 gy-4 \">\n          \n\n<div id=\"block-9\" class=\"col wp-block-yellowtree-column col-12 col-lg-4 d-flex flex-column with-streched-height-children align-items-stretch align-items-lg-stretch\">\n  <article id=\"block-8\" data-bs-theme=\"dark\" class=\"wp-block-yellowtree-card card has-context-height\" style=\"--card-img-position:50% 50%\">\n        <img decoding=\"async\" width=\"1024\" height=\"576\" src=\"https:\/\/icf.church\/stgallen\/wp-content\/uploads\/sites\/69\/2026\/05\/whatsapp-image-2026-05-04-at-19.45.19-1024x576.jpeg\" class=\"card-img-top\" alt=\"Eine Bergsilhouette bei Sonnenuntergang mit Himmel im Hintergrund.\" draggable=\"false\" loading=\"lazy\" srcset=\"https:\/\/icf.church\/stgallen\/wp-content\/uploads\/sites\/69\/2026\/05\/whatsapp-image-2026-05-04-at-19.45.19-1024x576.jpeg 1024w, https:\/\/icf.church\/stgallen\/wp-content\/uploads\/sites\/69\/2026\/05\/whatsapp-image-2026-05-04-at-19.45.19-300x169.jpeg 300w, https:\/\/icf.church\/stgallen\/wp-content\/uploads\/sites\/69\/2026\/05\/whatsapp-image-2026-05-04-at-19.45.19-768x432.jpeg 768w, https:\/\/icf.church\/stgallen\/wp-content\/uploads\/sites\/69\/2026\/05\/whatsapp-image-2026-05-04-at-19.45.19-1536x864.jpeg 1536w, https:\/\/icf.church\/stgallen\/wp-content\/uploads\/sites\/69\/2026\/05\/whatsapp-image-2026-05-04-at-19.45.19-2048x1152.jpeg 2048w\" sizes=\"(max-width: 1024px) 100vw, 1024px\">    <div class=\"card-body\">\n    <h3 class=\"card-title\">Faith Group<\/h3>\n    <p class=\"card-text\">Mit&nbsp;der&nbsp;Folge Gott Serie&nbsp;machen wir uns auf den Weg, um gemeinsam Gott zu entdecken, Freiheit zu erleben, kraftvoll zu glauben und entschlossen zu leben.<\/p>\n    <div id=\"block-7\" class=\"wp-block-yellowtree-card-buttons card-buttons\">\n  \n\n  <div>\n    <a id=\"block-6\" href=\"https:\/\/icf.church\/stgallen\/de\/glaubenvertiefen\/\" target=\"_blank\" class=\"wp-block-yellowtree-card-button btn btn-sm btn-secondary\">\n      <span>Mehr erfahren<\/span>\n              <i class=\"icon fs-base-const fa-arrow-right\" aria-hidden=\"true\"><\/i>\n          <\/a>\n  <\/div>\n\n<\/div>  <\/div>\n<\/article><\/div>\n\n\n<div id=\"block-13\" class=\"col wp-block-yellowtree-column col-12 col-lg-4 d-flex flex-column with-streched-height-children align-items-stretch align-items-lg-stretch\">\n  <article id=\"block-12\" data-bs-theme=\"dark\" class=\"wp-block-yellowtree-card card has-context-height\" style=\"--card-img-position:50% 50%\">\n        <img decoding=\"async\" width=\"1024\" height=\"1024\" src=\"https:\/\/icf.church\/stgallen\/wp-content\/uploads\/sites\/69\/2026\/07\/thumbnail_app_business_group_02-1024x1024.jpg\" class=\"card-img-top\" alt=\"\" draggable=\"false\" loading=\"lazy\" srcset=\"https:\/\/icf.church\/stgallen\/wp-content\/uploads\/sites\/69\/2026\/07\/thumbnail_app_business_group_02-1024x1024.jpg 1024w, https:\/\/icf.church\/stgallen\/wp-content\/uploads\/sites\/69\/2026\/07\/thumbnail_app_business_group_02-300x300.jpg 300w, https:\/\/icf.church\/stgallen\/wp-content\/uploads\/sites\/69\/2026\/07\/thumbnail_app_business_group_02-150x150.jpg 150w, https:\/\/icf.church\/stgallen\/wp-content\/uploads\/sites\/69\/2026\/07\/thumbnail_app_business_group_02-768x768.jpg 768w, https:\/\/icf.church\/stgallen\/wp-content\/uploads\/sites\/69\/2026\/07\/thumbnail_app_business_group_02-1536x1536.jpg 1536w, https:\/\/icf.church\/stgallen\/wp-content\/uploads\/sites\/69\/2026\/07\/thumbnail_app_business_group_02-2048x2048.jpg 2048w\" sizes=\"(max-width: 1024px) 100vw, 1024px\">    <div class=\"card-body\">\n    <h3 class=\"card-title\">Business Group<\/h3>\n    <p class=\"card-text\">Input, Austausch und Networking im ICF SG f\u00fcr Unternehmer\/innen und F\u00fchrungspersonen. Wann: 1 x monatlich montags von 19:30 \u2013 21:30 Uhr im ICF St.Gallen.<\/p>\n    <div id=\"block-11\" class=\"wp-block-yellowtree-card-buttons card-buttons\">\n  \n\n  <div>\n    <a id=\"block-10\" href=\"https:\/\/connect.donkeymobile.com\/share\/app.donkeymobile.sanktgallenicf?groupId=699c8f32b42d40973b87a454\" target=\"_blank\" class=\"wp-block-yellowtree-card-button btn btn-sm btn-secondary\">\n      <span>Zur Gruppe<\/span>\n              <i class=\"icon fs-base-const fa-arrow-right\" aria-hidden=\"true\"><\/i>\n          <\/a>\n  <\/div>\n\n<\/div>  <\/div>\n<\/article><\/div>\n\n\n<div id=\"block-17\" class=\"col wp-block-yellowtree-column col-12 col-lg-4 d-flex flex-column with-streched-height-children align-items-stretch align-items-lg-stretch\">\n  <article id=\"block-16\" data-bs-theme=\"dark\" class=\"wp-block-yellowtree-card card has-context-height\" style=\"--card-img-position:50% 50%\">\n        <img decoding=\"async\" width=\"1024\" height=\"1024\" src=\"https:\/\/icf.church\/stgallen\/wp-content\/uploads\/sites\/69\/2026\/07\/english-com_web-1024x1024.jpg\" class=\"card-img-top\" alt=\"\" draggable=\"false\" loading=\"lazy\" srcset=\"https:\/\/icf.church\/stgallen\/wp-content\/uploads\/sites\/69\/2026\/07\/english-com_web-1024x1024.jpg 1024w, https:\/\/icf.church\/stgallen\/wp-content\/uploads\/sites\/69\/2026\/07\/english-com_web-300x300.jpg 300w, https:\/\/icf.church\/stgallen\/wp-content\/uploads\/sites\/69\/2026\/07\/english-com_web-150x150.jpg 150w, https:\/\/icf.church\/stgallen\/wp-content\/uploads\/sites\/69\/2026\/07\/english-com_web-768x768.jpg 768w, https:\/\/icf.church\/stgallen\/wp-content\/uploads\/sites\/69\/2026\/07\/english-com_web-1536x1536.jpg 1536w, https:\/\/icf.church\/stgallen\/wp-content\/uploads\/sites\/69\/2026\/07\/english-com_web-2048x2048.jpg 2048w\" sizes=\"(max-width: 1024px) 100vw, 1024px\">    <div class=\"card-body\">\n    <h3 class=\"card-title\">English Community<\/h3>\n    <p class=\"card-text\">Join this group if you are interested in connecting and gathering with English-speaking people from ICF St. Gallen.<\/p>\n    <div id=\"block-15\" class=\"wp-block-yellowtree-card-buttons card-buttons\">\n  \n\n  <div>\n    <a id=\"block-14\" href=\"https:\/\/connect.donkeymobile.com\/share\/app.donkeymobile.sanktgallenicf?groupId=69b92df86be6a642cfccfd2e\" target=\"_blank\" class=\"wp-block-yellowtree-card-button btn btn-sm btn-secondary\">\n      <span>Join the Group<\/span>\n              <i class=\"icon fs-base-const fa-arrow-right\" aria-hidden=\"true\"><\/i>\n          <\/a>\n  <\/div>\n\n<\/div>  <\/div>\n<\/article><\/div>\n        <\/div>\n          <\/div>\n<\/div>\n\n\n<div class=\"mt-5\">\n  <div id=\"block-40\" class=\"alignfull is-layout-constrained\">\n  <swiper-container init=\"false\" data-yt-template=\"default\" data-yt-pagination=\"true\" data-yt-navigation=\"true\" class=\"has-full-height-slides \" data-yt-hide-overflow>\n          <swiper-slide><a id=\"block-20\" data-bs-theme=\"dark\" href=\"https:\/\/icf.church\/stgallen\/de\/angebote\/youth-bible-study-september\" class=\"wp-block-yellowtree-teaser-card card teaser-card focus-ring-inset text-decoration-none\" style=\"--card-img-position:50% 50%\">\n        <img decoding=\"async\" draggable=\"false\" aria-hidden=\"true\" loading=\"lazy\" src=\"https:\/\/icf-hub-new.imgix.net\/Hub\/1\/stgallen\/2026_05_08_12_22_19_000_file-fcb287.jpeg?ar=2&amp;fit=crop&amp;crop=faces%2Cedges&amp;auto=compress&amp;w=1920&amp;fm=webp\" alt=\"\" class=\"card-bg-img h-100 opacity-75 user-select-none\">    <div class=\"flex-grow-1 d-flex flex-column p-4 p-lg-6\">\n    <div class=\"mt-auto\">\n      <h3 class=\"h2 teaser-card-text mb-2 mb-lg-4\">Youth Bible Study<\/h3>\n      <div class=\"card-meta flex-wrap\">\n                        <span class=\"card-meta-tag\">\n          <i class=\"icon fa-calendar-days\"><\/i>\n          <span>05. Sep. 2026<\/span>\n        <\/span>\n                        <span class=\"card-meta-tag\">\n          <i class=\"icon fa-location-dot\"><\/i>\n          <span>ICF St. Gallen<\/span>\n        <\/span>\n              <\/div>\n    <\/div>\n  <\/div>\n<\/a><\/swiper-slide>\n          <swiper-slide><a id=\"block-21\" data-bs-theme=\"dark\" href=\"https:\/\/icf.church\/stgallen\/de\/angebote\/junior-leaders-september\" class=\"wp-block-yellowtree-teaser-card card teaser-card focus-ring-inset text-decoration-none\" style=\"--card-img-position:50% 50%\">\n        <img decoding=\"async\" draggable=\"false\" aria-hidden=\"true\" loading=\"lazy\" src=\"https:\/\/icf-hub-new.imgix.net\/Hub\/1\/stgallen\/2026_08_28_7_00_07_000_file-f7fa44.jpeg?ar=2&amp;fit=crop&amp;crop=faces%2Cedges&amp;auto=compress&amp;w=1920&amp;fm=webp\" alt=\"\" class=\"card-bg-img h-100 opacity-75 user-select-none\">    <div class=\"flex-grow-1 d-flex flex-column p-4 p-lg-6\">\n    <div class=\"mt-auto\">\n      <h3 class=\"h2 teaser-card-text mb-2 mb-lg-4\">Junior Leaders<\/h3>\n      <div class=\"card-meta flex-wrap\">\n                        <span class=\"card-meta-tag\">\n          <i class=\"icon fa-calendar-days\"><\/i>\n          <span>06. Sep. 2026<\/span>\n        <\/span>\n                        <span class=\"card-meta-tag\">\n          <i class=\"icon fa-location-dot\"><\/i>\n          <span>ICF St. Gallen<\/span>\n        <\/span>\n              <\/div>\n    <\/div>\n  <\/div>\n<\/a><\/swiper-slide>\n          <swiper-slide><a id=\"block-22\" data-bs-theme=\"dark\" href=\"https:\/\/icf.church\/stgallen\/de\/angebote\/youth-celebration-september\" class=\"wp-block-yellowtree-teaser-card card teaser-card focus-ring-inset text-decoration-none\" style=\"--card-img-position:50% 50%\">\n        <img decoding=\"async\" draggable=\"false\" aria-hidden=\"true\" loading=\"lazy\" src=\"https:\/\/icf-hub-new.imgix.net\/Hub\/1\/stgallen\/2026_05_08_11_22_15_000_file-259526.jpeg?ar=2&amp;fit=crop&amp;crop=faces%2Cedges&amp;auto=compress&amp;w=1920&amp;fm=webp\" alt=\"\" class=\"card-bg-img h-100 opacity-75 user-select-none\">    <div class=\"flex-grow-1 d-flex flex-column p-4 p-lg-6\">\n    <div class=\"mt-auto\">\n      <h3 class=\"h2 teaser-card-text mb-2 mb-lg-4\">Youth Celebration<\/h3>\n      <div class=\"card-meta flex-wrap\">\n                        <span class=\"card-meta-tag\">\n          <i class=\"icon fa-calendar-days\"><\/i>\n          <span>19. Sep. 2026<\/span>\n        <\/span>\n                        <span class=\"card-meta-tag\">\n          <i class=\"icon fa-location-dot\"><\/i>\n          <span>ICF St. Gallen<\/span>\n        <\/span>\n              <\/div>\n    <\/div>\n  <\/div>\n<\/a><\/swiper-slide>\n          <swiper-slide><a id=\"block-23\" data-bs-theme=\"dark\" href=\"https:\/\/icf.church\/stgallen\/de\/angebote\/junior-leaders-september-2\" class=\"wp-block-yellowtree-teaser-card card teaser-card focus-ring-inset text-decoration-none\" style=\"--card-img-position:50% 50%\">\n        <img decoding=\"async\" draggable=\"false\" aria-hidden=\"true\" loading=\"lazy\" src=\"https:\/\/icf-hub-new.imgix.net\/Hub\/1\/stgallen\/2026_08_28_7_00_07_000_file-f7fa44.jpeg?ar=2&amp;fit=crop&amp;crop=faces%2Cedges&amp;auto=compress&amp;w=1920&amp;fm=webp\" alt=\"\" class=\"card-bg-img h-100 opacity-75 user-select-none\">    <div class=\"flex-grow-1 d-flex flex-column p-4 p-lg-6\">\n    <div class=\"mt-auto\">\n      <h3 class=\"h2 teaser-card-text mb-2 mb-lg-4\">Junior Leaders<\/h3>\n      <div class=\"card-meta flex-wrap\">\n                        <span class=\"card-meta-tag\">\n          <i class=\"icon fa-calendar-days\"><\/i>\n          <span>20. Sep. 2026<\/span>\n        <\/span>\n                        <span class=\"card-meta-tag\">\n          <i class=\"icon fa-location-dot\"><\/i>\n          <span>ICF St. Gallen<\/span>\n        <\/span>\n              <\/div>\n    <\/div>\n  <\/div>\n<\/a><\/swiper-slide>\n          <swiper-slide><a id=\"block-24\" data-bs-theme=\"dark\" href=\"https:\/\/icf.church\/stgallen\/de\/angebote\/pot-luck-september\" class=\"wp-block-yellowtree-teaser-card card teaser-card focus-ring-inset text-decoration-none\" style=\"--card-img-position:50% 50%\">\n        <img decoding=\"async\" draggable=\"false\" aria-hidden=\"true\" loading=\"lazy\" src=\"https:\/\/icf-hub-new.imgix.net\/Hub\/1\/stgallen\/2026_08_25_6_54_21_000_file-8dc866.jpeg?ar=2&amp;fit=crop&amp;crop=faces%2Cedges&amp;auto=compress&amp;w=1920&amp;fm=webp\" alt=\"\" class=\"card-bg-img h-100 opacity-75 user-select-none\">    <div class=\"flex-grow-1 d-flex flex-column p-4 p-lg-6\">\n    <div class=\"mt-auto\">\n      <h3 class=\"h2 teaser-card-text mb-2 mb-lg-4\">Pot Luck September<\/h3>\n      <div class=\"card-meta flex-wrap\">\n                        <span class=\"card-meta-tag\">\n          <i class=\"icon fa-calendar-days\"><\/i>\n          <span>27. Sep. 2026<\/span>\n        <\/span>\n                        <span class=\"card-meta-tag\">\n          <i class=\"icon fa-location-dot\"><\/i>\n          <span>ICF St. Gallen<\/span>\n        <\/span>\n              <\/div>\n    <\/div>\n  <\/div>\n<\/a><\/swiper-slide>\n          <swiper-slide><a id=\"block-25\" data-bs-theme=\"dark\" href=\"https:\/\/icf.church\/stgallen\/de\/angebote\/youth-wohnwoche\" class=\"wp-block-yellowtree-teaser-card card teaser-card focus-ring-inset text-decoration-none\" style=\"--card-img-position:50% 50%\">\n        <img decoding=\"async\" draggable=\"false\" aria-hidden=\"true\" loading=\"lazy\" src=\"https:\/\/icf-hub-new.imgix.net\/Hub\/1\/stgallen\/2026_06_09_13_40_35_000_file-b11a50.jpeg?ar=2&amp;fit=crop&amp;crop=faces%2Cedges&amp;auto=compress&amp;w=1920&amp;fm=webp\" alt=\"\" class=\"card-bg-img h-100 opacity-75 user-select-none\">    <div class=\"flex-grow-1 d-flex flex-column p-4 p-lg-6\">\n    <div class=\"mt-auto\">\n      <h3 class=\"h2 teaser-card-text mb-2 mb-lg-4\">Youth Wohnwoche<\/h3>\n      <div class=\"card-meta flex-wrap\">\n                        <span class=\"card-meta-tag\">\n          <i class=\"icon fa-calendar-days\"><\/i>\n          <span>18. Okt. &#8211; 24. Okt. 2026<\/span>\n        <\/span>\n                        <span class=\"card-meta-tag\">\n          <i class=\"icon fa-location-dot\"><\/i>\n          <span>ICF St. Gallen<\/span>\n        <\/span>\n              <\/div>\n    <\/div>\n  <\/div>\n<\/a><\/swiper-slide>\n          <swiper-slide><a id=\"block-26\" data-bs-theme=\"dark\" href=\"https:\/\/icf.church\/stgallen\/de\/angebote\/youth-bible-study-oktober\" class=\"wp-block-yellowtree-teaser-card card teaser-card focus-ring-inset text-decoration-none\" style=\"--card-img-position:50% 50%\">\n        <img decoding=\"async\" draggable=\"false\" aria-hidden=\"true\" loading=\"lazy\" src=\"https:\/\/icf-hub-new.imgix.net\/Hub\/1\/stgallen\/2026_05_08_12_22_19_000_file-fcb287.jpeg?ar=2&amp;fit=crop&amp;crop=faces%2Cedges&amp;auto=compress&amp;w=1920&amp;fm=webp\" alt=\"\" class=\"card-bg-img h-100 opacity-75 user-select-none\">    <div class=\"flex-grow-1 d-flex flex-column p-4 p-lg-6\">\n    <div class=\"mt-auto\">\n      <h3 class=\"h2 teaser-card-text mb-2 mb-lg-4\">Youth Bible Study<\/h3>\n      <div class=\"card-meta flex-wrap\">\n                        <span class=\"card-meta-tag\">\n          <i class=\"icon fa-calendar-days\"><\/i>\n          <span>19. Okt. &#8211; 22. Okt. 2026<\/span>\n        <\/span>\n                        <span class=\"card-meta-tag\">\n          <i class=\"icon fa-location-dot\"><\/i>\n          <span>ICF St. Gallen<\/span>\n        <\/span>\n              <\/div>\n    <\/div>\n  <\/div>\n<\/a><\/swiper-slide>\n          <swiper-slide><a id=\"block-27\" data-bs-theme=\"dark\" href=\"https:\/\/icf.church\/stgallen\/de\/angebote\/youth-celebration-oktober\" class=\"wp-block-yellowtree-teaser-card card teaser-card focus-ring-inset text-decoration-none\" style=\"--card-img-position:50% 50%\">\n        <img decoding=\"async\" draggable=\"false\" aria-hidden=\"true\" loading=\"lazy\" src=\"https:\/\/icf-hub-new.imgix.net\/Hub\/1\/stgallen\/2026_05_08_11_22_15_000_file-259526.jpeg?ar=2&amp;fit=crop&amp;crop=faces%2Cedges&amp;auto=compress&amp;w=1920&amp;fm=webp\" alt=\"\" class=\"card-bg-img h-100 opacity-75 user-select-none\">    <div class=\"flex-grow-1 d-flex flex-column p-4 p-lg-6\">\n    <div class=\"mt-auto\">\n      <h3 class=\"h2 teaser-card-text mb-2 mb-lg-4\">Youth Celebration<\/h3>\n      <div class=\"card-meta flex-wrap\">\n                        <span class=\"card-meta-tag\">\n          <i class=\"icon fa-calendar-days\"><\/i>\n          <span>23. Okt. 2026<\/span>\n        <\/span>\n                        <span class=\"card-meta-tag\">\n          <i class=\"icon fa-location-dot\"><\/i>\n          <span>ICF St. Gallen<\/span>\n        <\/span>\n              <\/div>\n    <\/div>\n  <\/div>\n<\/a><\/swiper-slide>\n          <swiper-slide><a id=\"block-28\" data-bs-theme=\"dark\" href=\"https:\/\/icf.church\/stgallen\/de\/angebote\/junior-leaders-oktober-2\" class=\"wp-block-yellowtree-teaser-card card teaser-card focus-ring-inset text-decoration-none\" style=\"--card-img-position:50% 50%\">\n        <img decoding=\"async\" draggable=\"false\" aria-hidden=\"true\" loading=\"lazy\" src=\"https:\/\/icf-hub-new.imgix.net\/Hub\/1\/stgallen\/2026_08_28_7_00_07_000_file-f7fa44.jpeg?ar=2&amp;fit=crop&amp;crop=faces%2Cedges&amp;auto=compress&amp;w=1920&amp;fm=webp\" alt=\"\" class=\"card-bg-img h-100 opacity-75 user-select-none\">    <div class=\"flex-grow-1 d-flex flex-column p-4 p-lg-6\">\n    <div class=\"mt-auto\">\n      <h3 class=\"h2 teaser-card-text mb-2 mb-lg-4\">Junior Leaders<\/h3>\n      <div class=\"card-meta flex-wrap\">\n                        <span class=\"card-meta-tag\">\n          <i class=\"icon fa-calendar-days\"><\/i>\n          <span>25. Okt. 2026<\/span>\n        <\/span>\n                        <span class=\"card-meta-tag\">\n          <i class=\"icon fa-location-dot\"><\/i>\n          <span>ICF St. Gallen<\/span>\n        <\/span>\n              <\/div>\n    <\/div>\n  <\/div>\n<\/a><\/swiper-slide>\n          <swiper-slide><a id=\"block-29\" data-bs-theme=\"dark\" href=\"https:\/\/icf.church\/stgallen\/de\/angebote\/junior-leaders-november\" class=\"wp-block-yellowtree-teaser-card card teaser-card focus-ring-inset text-decoration-none\" style=\"--card-img-position:50% 50%\">\n        <img decoding=\"async\" draggable=\"false\" aria-hidden=\"true\" loading=\"lazy\" src=\"https:\/\/icf-hub-new.imgix.net\/Hub\/1\/stgallen\/2026_08_28_7_00_07_000_file-f7fa44.jpeg?ar=2&amp;fit=crop&amp;crop=faces%2Cedges&amp;auto=compress&amp;w=1920&amp;fm=webp\" alt=\"\" class=\"card-bg-img h-100 opacity-75 user-select-none\">    <div class=\"flex-grow-1 d-flex flex-column p-4 p-lg-6\">\n    <div class=\"mt-auto\">\n      <h3 class=\"h2 teaser-card-text mb-2 mb-lg-4\">Junior Leaders<\/h3>\n      <div class=\"card-meta flex-wrap\">\n                        <span class=\"card-meta-tag\">\n          <i class=\"icon fa-calendar-days\"><\/i>\n          <span>01. Nov. 2026<\/span>\n        <\/span>\n                        <span class=\"card-meta-tag\">\n          <i class=\"icon fa-location-dot\"><\/i>\n          <span>ICF St. Gallen<\/span>\n        <\/span>\n              <\/div>\n    <\/div>\n  <\/div>\n<\/a><\/swiper-slide>\n          <swiper-slide><a id=\"block-30\" data-bs-theme=\"dark\" href=\"https:\/\/icf.church\/stgallen\/de\/angebote\/youth-celebration-november\" class=\"wp-block-yellowtree-teaser-card card teaser-card focus-ring-inset text-decoration-none\" style=\"--card-img-position:50% 50%\">\n        <img decoding=\"async\" draggable=\"false\" aria-hidden=\"true\" loading=\"lazy\" src=\"https:\/\/icf-hub-new.imgix.net\/Hub\/1\/stgallen\/2026_05_08_11_22_15_000_file-259526.jpeg?ar=2&amp;fit=crop&amp;crop=faces%2Cedges&amp;auto=compress&amp;w=1920&amp;fm=webp\" alt=\"\" class=\"card-bg-img h-100 opacity-75 user-select-none\">    <div class=\"flex-grow-1 d-flex flex-column p-4 p-lg-6\">\n    <div class=\"mt-auto\">\n      <h3 class=\"h2 teaser-card-text mb-2 mb-lg-4\">Youth Celebration<\/h3>\n      <div class=\"card-meta flex-wrap\">\n                        <span class=\"card-meta-tag\">\n          <i class=\"icon fa-calendar-days\"><\/i>\n          <span>07. Nov. 2026<\/span>\n        <\/span>\n                        <span class=\"card-meta-tag\">\n          <i class=\"icon fa-location-dot\"><\/i>\n          <span>ICF St. Gallen<\/span>\n        <\/span>\n              <\/div>\n    <\/div>\n  <\/div>\n<\/a><\/swiper-slide>\n          <swiper-slide><a id=\"block-31\" data-bs-theme=\"dark\" href=\"https:\/\/icf.church\/stgallen\/de\/thankyouparty\/\" class=\"wp-block-yellowtree-teaser-card card teaser-card focus-ring-inset text-decoration-none\" style=\"--card-img-position:50% 50%\">\n        <img decoding=\"async\" draggable=\"false\" aria-hidden=\"true\" loading=\"lazy\" src=\"https:\/\/icf-hub-new.imgix.net\/Hub\/1\/stgallen\/2026_08_28_8_31_19_000_file-375dfe.jpeg?ar=2&amp;fit=crop&amp;crop=faces%2Cedges&amp;auto=compress&amp;w=1920&amp;fm=webp\" alt=\"\" class=\"card-bg-img h-100 opacity-75 user-select-none\">    <div class=\"flex-grow-1 d-flex flex-column p-4 p-lg-6\">\n    <div class=\"mt-auto\">\n      <h3 class=\"h2 teaser-card-text mb-2 mb-lg-4\">Thank You Party<\/h3>\n      <div class=\"card-meta flex-wrap\">\n                        <span class=\"card-meta-tag\">\n          <i class=\"icon fa-calendar-days\"><\/i>\n          <span>13. Nov. 2026<\/span>\n        <\/span>\n                        <span class=\"card-meta-tag\">\n          <i class=\"icon fa-location-dot\"><\/i>\n          <span>ICF St. Gallen<\/span>\n        <\/span>\n              <\/div>\n    <\/div>\n  <\/div>\n<\/a><\/swiper-slide>\n          <swiper-slide><a id=\"block-32\" data-bs-theme=\"dark\" href=\"https:\/\/icf.church\/stgallen\/de\/angebote\/junior-leaders-november-2\" class=\"wp-block-yellowtree-teaser-card card teaser-card focus-ring-inset text-decoration-none\" style=\"--card-img-position:50% 50%\">\n        <img decoding=\"async\" draggable=\"false\" aria-hidden=\"true\" loading=\"lazy\" src=\"https:\/\/icf-hub-new.imgix.net\/Hub\/1\/stgallen\/2026_08_28_7_00_07_000_file-f7fa44.jpeg?ar=2&amp;fit=crop&amp;crop=faces%2Cedges&amp;auto=compress&amp;w=1920&amp;fm=webp\" alt=\"\" class=\"card-bg-img h-100 opacity-75 user-select-none\">    <div class=\"flex-grow-1 d-flex flex-column p-4 p-lg-6\">\n    <div class=\"mt-auto\">\n      <h3 class=\"h2 teaser-card-text mb-2 mb-lg-4\">Junior Leaders<\/h3>\n      <div class=\"card-meta flex-wrap\">\n                        <span class=\"card-meta-tag\">\n          <i class=\"icon fa-calendar-days\"><\/i>\n          <span>15. Nov. 2026<\/span>\n        <\/span>\n                        <span class=\"card-meta-tag\">\n          <i class=\"icon fa-location-dot\"><\/i>\n          <span>ICF St. Gallen<\/span>\n        <\/span>\n              <\/div>\n    <\/div>\n  <\/div>\n<\/a><\/swiper-slide>\n          <swiper-slide><a id=\"block-33\" data-bs-theme=\"dark\" href=\"https:\/\/icf.church\/stgallen\/de\/angebote\/youth-bible-study-november\" class=\"wp-block-yellowtree-teaser-card card teaser-card focus-ring-inset text-decoration-none\" style=\"--card-img-position:50% 50%\">\n        <img decoding=\"async\" draggable=\"false\" aria-hidden=\"true\" loading=\"lazy\" src=\"https:\/\/icf-hub-new.imgix.net\/Hub\/1\/stgallen\/2026_05_08_12_22_19_000_file-fcb287.jpeg?ar=2&amp;fit=crop&amp;crop=faces%2Cedges&amp;auto=compress&amp;w=1920&amp;fm=webp\" alt=\"\" class=\"card-bg-img h-100 opacity-75 user-select-none\">    <div class=\"flex-grow-1 d-flex flex-column p-4 p-lg-6\">\n    <div class=\"mt-auto\">\n      <h3 class=\"h2 teaser-card-text mb-2 mb-lg-4\">Youth Bible Study<\/h3>\n      <div class=\"card-meta flex-wrap\">\n                        <span class=\"card-meta-tag\">\n          <i class=\"icon fa-calendar-days\"><\/i>\n          <span>21. Nov. 2026<\/span>\n        <\/span>\n                        <span class=\"card-meta-tag\">\n          <i class=\"icon fa-location-dot\"><\/i>\n          <span>ICF St. Gallen<\/span>\n        <\/span>\n              <\/div>\n    <\/div>\n  <\/div>\n<\/a><\/swiper-slide>\n          <swiper-slide><a id=\"block-34\" data-bs-theme=\"dark\" href=\"https:\/\/icf.church\/stgallen\/de\/amorezmorge\/\" class=\"wp-block-yellowtree-teaser-card card teaser-card focus-ring-inset text-decoration-none\" style=\"--card-img-position:50% 50%\">\n        <img decoding=\"async\" draggable=\"false\" aria-hidden=\"true\" loading=\"lazy\" src=\"https:\/\/icf-hub-new.imgix.net\/Hub\/1\/stgallen\/2026_08_28_8_41_06_000_file-781993.jpeg?ar=2&amp;fit=crop&amp;crop=faces%2Cedges&amp;auto=compress&amp;w=1920&amp;fm=webp\" alt=\"\" class=\"card-bg-img h-100 opacity-75 user-select-none\">    <div class=\"flex-grow-1 d-flex flex-column p-4 p-lg-6\">\n    <div class=\"mt-auto\">\n      <h3 class=\"h2 teaser-card-text mb-2 mb-lg-4\">Amore Zmorge<\/h3>\n      <div class=\"card-meta flex-wrap\">\n                        <span class=\"card-meta-tag\">\n          <i class=\"icon fa-calendar-days\"><\/i>\n          <span>28. Nov. 2026<\/span>\n        <\/span>\n                        <span class=\"card-meta-tag\">\n          <i class=\"icon fa-location-dot\"><\/i>\n          <span>ICF St. Gallen<\/span>\n        <\/span>\n              <\/div>\n    <\/div>\n  <\/div>\n<\/a><\/swiper-slide>\n          <swiper-slide><a id=\"block-35\" data-bs-theme=\"dark\" href=\"https:\/\/icf.church\/stgallen\/de\/angebote\/junior-leaders-youth-sunday\" class=\"wp-block-yellowtree-teaser-card card teaser-card focus-ring-inset text-decoration-none\" style=\"--card-img-position:50% 50%\">\n        <img decoding=\"async\" draggable=\"false\" aria-hidden=\"true\" loading=\"lazy\" src=\"https:\/\/icf-hub-new.imgix.net\/Hub\/1\/stgallen\/2026_08_28_7_00_07_000_file-f7fa44.jpeg?ar=2&amp;fit=crop&amp;crop=faces%2Cedges&amp;auto=compress&amp;w=1920&amp;fm=webp\" alt=\"\" class=\"card-bg-img h-100 opacity-75 user-select-none\">    <div class=\"flex-grow-1 d-flex flex-column p-4 p-lg-6\">\n    <div class=\"mt-auto\">\n      <h3 class=\"h2 teaser-card-text mb-2 mb-lg-4\">YOUTH SUNDAY w\/ Junior Leaders<\/h3>\n      <div class=\"card-meta flex-wrap\">\n                        <span class=\"card-meta-tag\">\n          <i class=\"icon fa-calendar-days\"><\/i>\n          <span>29. Nov. 2026<\/span>\n        <\/span>\n                        <span class=\"card-meta-tag\">\n          <i class=\"icon fa-location-dot\"><\/i>\n          <span>ICF St. Gallen<\/span>\n        <\/span>\n              <\/div>\n    <\/div>\n  <\/div>\n<\/a><\/swiper-slide>\n          <swiper-slide><a id=\"block-36\" data-bs-theme=\"dark\" href=\"https:\/\/icf.church\/stgallen\/de\/angebote\/pot-luck-november\" class=\"wp-block-yellowtree-teaser-card card teaser-card focus-ring-inset text-decoration-none\" style=\"--card-img-position:50% 50%\">\n        <img decoding=\"async\" draggable=\"false\" aria-hidden=\"true\" loading=\"lazy\" src=\"https:\/\/icf-hub-new.imgix.net\/Hub\/1\/stgallen\/2026_08_25_6_54_21_000_file-8dc866.jpeg?ar=2&amp;fit=crop&amp;crop=faces%2Cedges&amp;auto=compress&amp;w=1920&amp;fm=webp\" alt=\"\" class=\"card-bg-img h-100 opacity-75 user-select-none\">    <div class=\"flex-grow-1 d-flex flex-column p-4 p-lg-6\">\n    <div class=\"mt-auto\">\n      <h3 class=\"h2 teaser-card-text mb-2 mb-lg-4\">Pot Luck November<\/h3>\n      <div class=\"card-meta flex-wrap\">\n                        <span class=\"card-meta-tag\">\n          <i class=\"icon fa-calendar-days\"><\/i>\n          <span>29. Nov. 2026<\/span>\n        <\/span>\n                        <span class=\"card-meta-tag\">\n          <i class=\"icon fa-location-dot\"><\/i>\n          <span>ICF St. Gallen<\/span>\n        <\/span>\n              <\/div>\n    <\/div>\n  <\/div>\n<\/a><\/swiper-slide>\n          <swiper-slide><a id=\"block-37\" data-bs-theme=\"dark\" href=\"https:\/\/icf.church\/stgallen\/de\/angebote\/youth-bible-study-december\" class=\"wp-block-yellowtree-teaser-card card teaser-card focus-ring-inset text-decoration-none\" style=\"--card-img-position:50% 50%\">\n        <img decoding=\"async\" draggable=\"false\" aria-hidden=\"true\" loading=\"lazy\" src=\"https:\/\/icf-hub-new.imgix.net\/Hub\/1\/stgallen\/2026_05_08_12_22_19_000_file-fcb287.jpeg?ar=2&amp;fit=crop&amp;crop=faces%2Cedges&amp;auto=compress&amp;w=1920&amp;fm=webp\" alt=\"\" class=\"card-bg-img h-100 opacity-75 user-select-none\">    <div class=\"flex-grow-1 d-flex flex-column p-4 p-lg-6\">\n    <div class=\"mt-auto\">\n      <h3 class=\"h2 teaser-card-text mb-2 mb-lg-4\">Youth Bible Study<\/h3>\n      <div class=\"card-meta flex-wrap\">\n                        <span class=\"card-meta-tag\">\n          <i class=\"icon fa-calendar-days\"><\/i>\n          <span>05. Dez. 2026<\/span>\n        <\/span>\n                        <span class=\"card-meta-tag\">\n          <i class=\"icon fa-location-dot\"><\/i>\n          <span>ICF St. Gallen<\/span>\n        <\/span>\n              <\/div>\n    <\/div>\n  <\/div>\n<\/a><\/swiper-slide>\n          <swiper-slide><a id=\"block-38\" data-bs-theme=\"dark\" href=\"https:\/\/icf.church\/stgallen\/de\/angebote\/junior-leaders-december\" class=\"wp-block-yellowtree-teaser-card card teaser-card focus-ring-inset text-decoration-none\" style=\"--card-img-position:50% 50%\">\n        <img decoding=\"async\" draggable=\"false\" aria-hidden=\"true\" loading=\"lazy\" src=\"https:\/\/icf-hub-new.imgix.net\/Hub\/1\/stgallen\/2026_08_28_7_00_07_000_file-f7fa44.jpeg?ar=2&amp;fit=crop&amp;crop=faces%2Cedges&amp;auto=compress&amp;w=1920&amp;fm=webp\" alt=\"\" class=\"card-bg-img h-100 opacity-75 user-select-none\">    <div class=\"flex-grow-1 d-flex flex-column p-4 p-lg-6\">\n    <div class=\"mt-auto\">\n      <h3 class=\"h2 teaser-card-text mb-2 mb-lg-4\">Junior Leaders<\/h3>\n      <div class=\"card-meta flex-wrap\">\n                        <span class=\"card-meta-tag\">\n          <i class=\"icon fa-calendar-days\"><\/i>\n          <span>13. Dez. 2026<\/span>\n        <\/span>\n                        <span class=\"card-meta-tag\">\n          <i class=\"icon fa-location-dot\"><\/i>\n          <span>ICF St. Gallen<\/span>\n        <\/span>\n              <\/div>\n    <\/div>\n  <\/div>\n<\/a><\/swiper-slide>\n          <swiper-slide><a id=\"block-39\" data-bs-theme=\"dark\" href=\"https:\/\/icf.church\/stgallen\/de\/angebote\/youth-celebration-december\" class=\"wp-block-yellowtree-teaser-card card teaser-card focus-ring-inset text-decoration-none\" style=\"--card-img-position:50% 50%\">\n        <img decoding=\"async\" draggable=\"false\" aria-hidden=\"true\" loading=\"lazy\" src=\"https:\/\/icf-hub-new.imgix.net\/Hub\/1\/stgallen\/2026_05_08_11_22_15_000_file-259526.jpeg?ar=2&amp;fit=crop&amp;crop=faces%2Cedges&amp;auto=compress&amp;w=1920&amp;fm=webp\" alt=\"\" class=\"card-bg-img h-100 opacity-75 user-select-none\">    <div class=\"flex-grow-1 d-flex flex-column p-4 p-lg-6\">\n    <div class=\"mt-auto\">\n      <h3 class=\"h2 teaser-card-text mb-2 mb-lg-4\">Youth Celebration<\/h3>\n      <div class=\"card-meta flex-wrap\">\n                        <span class=\"card-meta-tag\">\n          <i class=\"icon fa-calendar-days\"><\/i>\n          <span>19. Dez. 2026<\/span>\n        <\/span>\n                        <span class=\"card-meta-tag\">\n          <i class=\"icon fa-location-dot\"><\/i>\n          <span>ICF St. Gallen<\/span>\n        <\/span>\n              <\/div>\n    <\/div>\n  <\/div>\n<\/a><\/swiper-slide>\n      <\/swiper-container>\n<\/div>\n<\/div>\n\n<h2 id=\"block-41\" class=\"mt-4 mb-4 h2 text-center\">\n  Small Groups<\/h2>\n\n<p id=\"block-42\" class=\"mb-4 text-center wp-block-paragraph\">\n  Unsere Small Groups sind in der ganzen Ostschweiz verteilt und finden zu unterschiedlichen Wochentagen statt. Wir helfen dir gerne, einen Platz in einer Small Group zu finden. Hier findest du eine \u00dcbersicht. Melde dich direkt bei uns, wenn wir dich bei der Suche unterst\u00fctzen k\u00f6nnen.<\/p>\n\n<div id=\"block-45\" class=\"pt-2 pb-2 alignfull is-layout-constrained\">\n  <div>\n            <div class=\"row gx-4 gy-4 \">\n          \n\n<div id=\"block-44\" class=\"col wp-block-yellowtree-column col-12 d-flex flex-column justify-content-center align-items-center align-items-md-center\">\n  <div>\n    <a id=\"block-43\" href=\"https:\/\/icfsg.churchcenter.com\/people\/forms\/908885\" rel=\"\" target=\"_blank\" class=\"wp-block-yellowtree-button-link btn btn-default\">\n      <span>Small Group finden<\/span>\n          <\/a>\n  <\/div><\/div>\n        <\/div>\n          <\/div>\n<\/div>\n\n<div id=\"block-53\" class=\"pt-2 pb-2 alignfull is-layout-constrained\">\n  <div>\n            <div class=\"row gx-4 gy-4 \">\n          \n\n<div id=\"block-52\" class=\"col wp-block-yellowtree-column col-12 d-flex flex-column with-streched-height-children align-items-stretch align-items-md-stretch\">\n  <div id=\"block-51\" class=\"wp-block-yellowtree-text-image d-flex flex-column flex-lg-row gap-3\">\n    \n\n<div id=\"block-46\" class=\"wp-block-yellowtree-locked-image\">\n    <img decoding=\"async\" width=\"1024\" height=\"684\" src=\"https:\/\/icf.church\/stgallen\/wp-content\/uploads\/sites\/69\/2025\/10\/dsc00717-1-1024x684.jpg\" class=\"w-100 h-100 object-fit-cover\" alt=\"\" style=\"object-position: 50% 50%;\" loading=\"lazy\" sizes=\"(max-width: 992px) 100vw, 1600px\" srcset=\"https:\/\/icf.church\/stgallen\/wp-content\/uploads\/sites\/69\/2025\/10\/dsc00717-1-1024x684.jpg 1024w, https:\/\/icf.church\/stgallen\/wp-content\/uploads\/sites\/69\/2025\/10\/dsc00717-1-300x200.jpg 300w, https:\/\/icf.church\/stgallen\/wp-content\/uploads\/sites\/69\/2025\/10\/dsc00717-1-768x513.jpg 768w, https:\/\/icf.church\/stgallen\/wp-content\/uploads\/sites\/69\/2025\/10\/dsc00717-1-1536x1026.jpg 1536w, https:\/\/icf.church\/stgallen\/wp-content\/uploads\/sites\/69\/2025\/10\/dsc00717-1-2048x1368.jpg 2048w\"><\/div>\n\n\n\n<div id=\"block-50\" class=\"card wp-block-yellowtree-text-card has-context-height\" style=\"--bs-card-bg:transparent;--bs-card-color:inherit\">\n  <div class=\"card-body px-4 py-6 p-sm-6 p-lg-8\">\n    \n\n<h2 id=\"block-47\">\n    Warum eine Small Group?<\/h2>\n\n\n<p id=\"block-48\">\n    In einer Small Group:<br>\u2013 lernst du neue Leute kennen<br>\u2013 w\u00e4chst du in deiner Beziehung zu Gott<br>\u2013 findest du Unterst\u00fctzung und Ermutigung im Alltag<br><br>\u201eWir erleben, dass Gott ganz konkret erfahrbar ist und Gebete beantwortet.\u201c<\/p>\n\n\n  <div>\n    <a id=\"block-49\" href=\"https:\/\/icfsg.churchcenter.com\/people\/forms\/908885\" rel=\"\" target=\"_blank\" class=\"wp-block-yellowtree-button-link btn btn-default\">\n      <span>Jetzt Gruppe finden<\/span>\n          <\/a>\n  <\/div>\n\n  <\/div>\n<\/div>\n<\/div><\/div>\n        <\/div>\n          <\/div>\n<\/div>\n\n<p id=\"block-54\" class=\"mt-4 mb-4 text-start wp-block-paragraph\">\n  <\/p>\n\n<div id=\"block-67\" class=\"pt-2 pb-2 alignfull is-layout-constrained\">\n  <div>\n            <div class=\"row gx-4 gy-4 \">\n          \n\n<div id=\"block-66\" class=\"col wp-block-yellowtree-column col-12 d-flex flex-column with-streched-height-children align-items-stretch align-items-md-stretch\">\n  <div id=\"block-65\" class=\"accordion\">\n  <body>\n\n<div id=\"block-56\" data-bs-theme=\"dark\" class=\"overflow-hidden wp-block-yellowtree-accordion-item\">\n  <div class=\"accordion-header\">\n    <button class=\"accordion-button rounded-0 collapsed focus-ring-inset\" type=\"button\" data-bs-toggle=\"collapse\" data-bs-target=\"#block-56-collapse\" aria-expanded=\"false\" aria-controls=\"block-56-collapse\">\n      <div>\n        <h3 class=\"mb-0\">\n          Was ist eine Small Group?        <\/h3>\n              <\/div>\n      <div class=\"ms-auto accordion-icons icon-container-base\">\n        <i class=\"icon fa-arrow-right accordion-icon-default\"><\/i>\n        <i class=\"icon fa-close accordion-icon-alt\"><\/i>\n      <\/div>\n    <\/button>\n  <\/div>\n  <div id=\"block-56-collapse\" class=\"accordion-collapse collapse \">\n    <div class=\"accordion-body pt-0\">\n      <p id=\"block-55\" class=\"text-start wp-block-paragraph\">\n  Eine Gruppe von Menschen (M\u00e4nner, Frauen oder gemischt), meistens zwischen 3 und 8 Personen, die sich zus\u00e4tzlich zu unseren Celebrations treffen, einander besser kennenlernen und \u00fcber ihr Alltags- und Glaubensleben austauschen. Sie ermutigen und st\u00e4rken sich gegenseitig, in ihrer Beziehung zu Gott, zu anderen Menschen und zu sich selber, zu wachsen.<\/p>    <\/div>\n  <\/div>\n<\/div>\n\n\n<div id=\"block-58\" data-bs-theme=\"dark\" class=\"overflow-hidden wp-block-yellowtree-accordion-item\">\n  <div class=\"accordion-header\">\n    <button class=\"accordion-button rounded-0 collapsed focus-ring-inset\" type=\"button\" data-bs-toggle=\"collapse\" data-bs-target=\"#block-58-collapse\" aria-expanded=\"false\" aria-controls=\"block-58-collapse\">\n      <div>\n        <h3 class=\"mb-0\">\n          Wie sieht ein Small Group Treffen aus? Was erwartet mich?        <\/h3>\n              <\/div>\n      <div class=\"ms-auto accordion-icons icon-container-base\">\n        <i class=\"icon fa-arrow-right accordion-icon-default\"><\/i>\n        <i class=\"icon fa-close accordion-icon-alt\"><\/i>\n      <\/div>\n    <\/button>\n  <\/div>\n  <div id=\"block-58-collapse\" class=\"accordion-collapse collapse \">\n    <div class=\"accordion-body pt-0\">\n      <p id=\"block-57\" class=\"text-start wp-block-paragraph\">\n  Jede Group hat einen anderen Stil, Schwerpunkt oder auch Herzschlag. Du kommst in Beziehung mit Menschen, es gibt pers\u00f6nlichen Austausch, ein Thema zur Vertiefung der Predigt vom Sonntag, der Bibel oder zu einem Buch und Gebet. Gemeinschaft, Gott erleben und Wachstum sind unseren gemeinsamen Werte.<\/p>    <\/div>\n  <\/div>\n<\/div>\n\n\n<div id=\"block-60\" data-bs-theme=\"dark\" class=\"overflow-hidden wp-block-yellowtree-accordion-item\">\n  <div class=\"accordion-header\">\n    <button class=\"accordion-button rounded-0 collapsed focus-ring-inset\" type=\"button\" data-bs-toggle=\"collapse\" data-bs-target=\"#block-60-collapse\" aria-expanded=\"false\" aria-controls=\"block-60-collapse\">\n      <div>\n        <h3 class=\"mb-0\">\n          Wie finde ich eine passende Small Group?        <\/h3>\n              <\/div>\n      <div class=\"ms-auto accordion-icons icon-container-base\">\n        <i class=\"icon fa-arrow-right accordion-icon-default\"><\/i>\n        <i class=\"icon fa-close accordion-icon-alt\"><\/i>\n      <\/div>\n    <\/button>\n  <\/div>\n  <div id=\"block-60-collapse\" class=\"accordion-collapse collapse \">\n    <div class=\"accordion-body pt-0\">\n      <p id=\"block-59\" class=\"text-start wp-block-paragraph\">\n  Melde dich \u00fcber <a href=\"https:\/\/icfsg.churchcenter.com\/people\/forms\/908885\" data-type=\"link\" data-id=\"https:\/\/icfsg.churchcenter.com\/people\/forms\/908885\" target=\"_blank\" rel=\"noopener\">DIESES <\/a>Formular und wir helfen dir bei der Suche nach einer passenden Small Group f\u00fcr dich. Beim Connect Desk nach den Celebrations vor Ort, helfen wir dir gerne im pers\u00f6nlichen Gespr\u00e4ch, eine passende Group zu finden.<\/p>    <\/div>\n  <\/div>\n<\/div>\n\n\n<div id=\"block-62\" data-bs-theme=\"dark\" class=\"overflow-hidden wp-block-yellowtree-accordion-item\">\n  <div class=\"accordion-header\">\n    <button class=\"accordion-button rounded-0 collapsed focus-ring-inset\" type=\"button\" data-bs-toggle=\"collapse\" data-bs-target=\"#block-62-collapse\" aria-expanded=\"false\" aria-controls=\"block-62-collapse\">\n      <div>\n        <h3 class=\"mb-0\">\n          Wo trifft sich eine Small Group?        <\/h3>\n              <\/div>\n      <div class=\"ms-auto accordion-icons icon-container-base\">\n        <i class=\"icon fa-arrow-right accordion-icon-default\"><\/i>\n        <i class=\"icon fa-close accordion-icon-alt\"><\/i>\n      <\/div>\n    <\/button>\n  <\/div>\n  <div id=\"block-62-collapse\" class=\"accordion-collapse collapse \">\n    <div class=\"accordion-body pt-0\">\n      <p id=\"block-61\" class=\"text-start wp-block-paragraph\">\n  Oft ist der Treffpunkt abwechslungsweise bei Teilnehmenden zu Hause, draussen oder in den R\u00e4umen des ICFs.<\/p>    <\/div>\n  <\/div>\n<\/div>\n\n\n<div id=\"block-64\" data-bs-theme=\"dark\" class=\"overflow-hidden wp-block-yellowtree-accordion-item\">\n  <div class=\"accordion-header\">\n    <button class=\"accordion-button rounded-0 collapsed focus-ring-inset\" type=\"button\" data-bs-toggle=\"collapse\" data-bs-target=\"#block-64-collapse\" aria-expanded=\"false\" aria-controls=\"block-64-collapse\">\n      <div>\n        <h3 class=\"mb-0\">\n          Wie oft trifft sich eine Small Group?        <\/h3>\n              <\/div>\n      <div class=\"ms-auto accordion-icons icon-container-base\">\n        <i class=\"icon fa-arrow-right accordion-icon-default\"><\/i>\n        <i class=\"icon fa-close accordion-icon-alt\"><\/i>\n      <\/div>\n    <\/button>\n  <\/div>\n  <div id=\"block-64-collapse\" class=\"accordion-collapse collapse \">\n    <div class=\"accordion-body pt-0\">\n      <p id=\"block-63\" class=\"text-start wp-block-paragraph\">\n  &nbsp;Das ist unterschiedlich aber die meisten Gruppen treffen sich alle zwei Wochen unter der Woche.<\/p>    <\/div>\n  <\/div>\n<\/div>\n<\/body><\/div><\/div>\n        <\/div>\n          <\/div>\n<\/div>\n\n<p id=\"block-68\" class=\"text-start wp-block-paragraph\">\n  <\/p>","protected":false},"excerpt":{"rendered":"<p>Unser Highlight an jedem Sonntag \u2013 die Celebrations \u2013 unser w\u00f6chentlicher Gottesdienst. Und der darf gern etwas anders sein: laut, fr\u00f6hlich und leidenschaftlich.<\/p>\n","protected":false},"author":59,"featured_media":230,"parent":0,"menu_order":11,"comment_status":"closed","ping_status":"closed","template":"","meta":{"_acf_changed":false,"_seopress_titles_title":"","_seopress_titles_desc":"","_seopress_robots_index":"","_seopress_robots_follow":"","_seopress_robots_imageindex":"","_seopress_robots_snippet":"","_seopress_robots_primary_cat":"","_seopress_robots_breadcrumbs":"","_seopress_robots_freeze_modified_date":"","_seopress_robots_custom_modified_date":"","_seopress_robots_canonical":"","_seopress_social_fb_title":"","_seopress_social_fb_desc":"","_seopress_social_fb_img":"","_seopress_social_fb_img_attachment_id":0,"_seopress_social_fb_img_width":0,"_seopress_social_fb_img_height":0,"_seopress_social_twitter_title":"","_seopress_social_twitter_desc":"","_seopress_social_twitter_img":"","_seopress_social_twitter_img_attachment_id":0,"_seopress_social_twitter_img_width":0,"_seopress_social_twitter_img_height":0,"_seopress_redirections_value":"","_seopress_redirections_enabled":"","_seopress_redirections_enabled_regex":"","_seopress_redirections_logged_status":"both","_seopress_redirections_param":"","_seopress_redirections_type":301,"_seopress_analysis_target_kw":"","_seopress_news_disabled":"","_seopress_video_disabled":"","_seopress_video":[{"url":"","title":"","desc":"","thumbnail":"","duration":"","rating":"","view_count":"","tag":""}],"_seopress_pro_schemas_manual":[],"_seopress_pro_rich_snippets_disable_all":"","_seopress_pro_rich_snippets_disable":[],"_seopress_pro_schemas":[],"yt_custom_styles_scss":"","yt_custom_styles_rounded_corners":false,"yt_custom_styles_color_scheme":"","footnotes":""},"class_list":["post-773","page","type-page","status-publish","has-post-thumbnail","hentry"],"acf":[],"_links":{"self":[{"href":"https:\/\/icf.church\/stgallen\/de\/wp-json\/wp\/v2\/pages\/773","targetHints":{"allow":["GET"]}}],"collection":[{"href":"https:\/\/icf.church\/stgallen\/de\/wp-json\/wp\/v2\/pages"}],"about":[{"href":"https:\/\/icf.church\/stgallen\/de\/wp-json\/wp\/v2\/types\/page"}],"author":[{"embeddable":true,"href":"https:\/\/icf.church\/stgallen\/de\/wp-json\/wp\/v2\/users\/59"}],"replies":[{"embeddable":true,"href":"https:\/\/icf.church\/stgallen\/de\/wp-json\/wp\/v2\/comments?post=773"}],"version-history":[{"count":48,"href":"https:\/\/icf.church\/stgallen\/de\/wp-json\/wp\/v2\/pages\/773\/revisions"}],"predecessor-version":[{"id":2392,"href":"https:\/\/icf.church\/stgallen\/de\/wp-json\/wp\/v2\/pages\/773\/revisions\/2392"}],"wp:featuredmedia":[{"embeddable":true,"href":"https:\/\/icf.church\/stgallen\/de\/wp-json\/wp\/v2\/media\/230"}],"wp:attachment":[{"href":"https:\/\/icf.church\/stgallen\/de\/wp-json\/wp\/v2\/media?parent=773"}],"curies":[{"name":"wp","href":"https:\/\/api.w.org\/{rel}","templated":true}]}}