{"id":804,"date":"2026-04-10T10:56:48","date_gmt":"2026-04-10T08:56:58","guid":{"rendered":"https:\/\/new.icf.church\/stgallen\/besuchen-2-2\/"},"modified":"2026-08-18T14:46:31","modified_gmt":"2026-08-18T12:46:31","slug":"leitung","status":"publish","type":"page","link":"https:\/\/icf.church\/stgallen\/de\/leitung\/","title":{"rendered":"Leitung"},"content":{"rendered":"\n<div id=\"block-3\" class=\"mb-4 wp-block-yellowtree-hero-stage\">\n    <div class=\"hero-stage \">\n        \n\n<div id=\"block-2\" class=\"hero-stage-content\">\n    <div class=\"hero-stage-content__background\">\n        <div class=\"overlay-black-25 h-100\">\n                            <img fetchpriority=\"high\" decoding=\"async\" width=\"2560\" height=\"1707\" src=\"https:\/\/icf.church\/stgallen\/wp-content\/uploads\/sites\/69\/2026\/06\/worship1-scaled.jpg\" class=\"hero-stage-media\" alt=\"\" style=\"object-position: 55% 76%;\" aria-hidden=\"true\" loading=\"eager\" srcset=\"https:\/\/icf.church\/stgallen\/wp-content\/uploads\/sites\/69\/2026\/06\/worship1-scaled.jpg 2560w, https:\/\/icf.church\/stgallen\/wp-content\/uploads\/sites\/69\/2026\/06\/worship1-300x200.jpg 300w, https:\/\/icf.church\/stgallen\/wp-content\/uploads\/sites\/69\/2026\/06\/worship1-1024x683.jpg 1024w, https:\/\/icf.church\/stgallen\/wp-content\/uploads\/sites\/69\/2026\/06\/worship1-768x512.jpg 768w, https:\/\/icf.church\/stgallen\/wp-content\/uploads\/sites\/69\/2026\/06\/worship1-1536x1024.jpg 1536w, https:\/\/icf.church\/stgallen\/wp-content\/uploads\/sites\/69\/2026\/06\/worship1-2048x1365.jpg 2048w\" sizes=\"(max-width: 2560px) 100vw, 2560px\" \/>                    <\/div>\n        <div class=\"hero-stage-gradient\"><\/div>\n    <\/div>\n    <div class=\"hero-stage-content__foreground is-layout-constrained\">\n        <h1 id=\"block-1\" class=\"display-1 text-center\">\n    Unsere Leitung<\/h1>    <\/div>\n<\/div>\n    <\/div>\n<\/div>\n\n<h2 id=\"block-4\" class=\"mt-7 h2 text-center\" style=\"margin-bottom:0\">\n  Leitungsteam<\/h2>\n\n<p id=\"block-5\" class=\"mt-4 mb-6 text-center wp-block-paragraph\">\n  Als Leitungsteam strecken wir uns immer wieder nach Gottes Ideen und Pl\u00e4nen aus und setzen IHN in allem ins Zentrum dieser Kirche. Gemeinsam ringen und k\u00e4mpfen wir um g\u00f6ttliche Wegweisungen, weise Strategien und gute Entscheidungen, die die Vision, den Kurs und die Gesundheit der Kirche im Blick haben. Gemeinsam machen uns bereit f\u00fcr die Abenteuer, die in Zukunft auf uns warten!<\/p>\n\n<div id=\"block-12\" class=\"mt-8 pt-2 pb-2 alignfull is-layout-constrained\">\n  <div>\n            <div class=\"row gx-4 gy-4 \">\n          \n\n<div id=\"block-7\" class=\"col wp-block-yellowtree-column col-12 col-md-6 col-lg-4 d-flex flex-column justify-content-center align-items-center align-items-lg-center\">\n  <article id=\"block-6\" data-bs-theme=\"dark\" class=\"card wp-block-yellowtree-testimonial-card overflow-hidden has-context-height\">\n  <div class=\"card-body p-5 text-bg-primary\">\n    <i class=\"align-self-end testimonial-card-icon mb-3\"><\/i>\n          <img decoding=\"async\" width=\"300\" height=\"200\" src=\"https:\/\/icf.church\/stgallen\/wp-content\/uploads\/sites\/69\/2026\/05\/dsc00238-300x200.jpg\" class=\"testimonial-card-img align-self-center mb-3\" alt=\"Zwei Menschen, ein Mann und eine Frau, stehen nebeneinander und l\u00e4cheln.\" draggable=\"false\" loading=\"lazy\" srcset=\"https:\/\/icf.church\/stgallen\/wp-content\/uploads\/sites\/69\/2026\/05\/dsc00238-300x200.jpg 300w, https:\/\/icf.church\/stgallen\/wp-content\/uploads\/sites\/69\/2026\/05\/dsc00238-1024x684.jpg 1024w, https:\/\/icf.church\/stgallen\/wp-content\/uploads\/sites\/69\/2026\/05\/dsc00238-768x513.jpg 768w, https:\/\/icf.church\/stgallen\/wp-content\/uploads\/sites\/69\/2026\/05\/dsc00238-1536x1026.jpg 1536w, https:\/\/icf.church\/stgallen\/wp-content\/uploads\/sites\/69\/2026\/05\/dsc00238-2048x1368.jpg 2048w\" sizes=\"(max-width: 300px) 100vw, 300px\">        <blockquote class=\"flex-1 mb-4\">\n      Unser Herz schl\u00e4gt daf\u00fcr, dass Menschen Jesus Christus pers\u00f6nlich kennenlernen und ihr Leben nachhaltig ver\u00e4ndert wird. Mit Freude und Leidenschaft bauen wir gemeinsam Kirche f\u00fcr Jesus in der Ostschweiz.    <\/blockquote>\n    <p class=\"fs-caption fw-bold mb-0\">\n      <span>Jemina und Christian &quot;Bilou&quot; B\u00e4chtold<\/span>\n              <span class=\"testimonial-card-source-divider\">&#124;<\/span>\n            <span>Lead Pastoren ICF St.Gallen<\/span>\n    <\/p>\n  <\/div>\n<\/article><\/div>\n\n\n<div id=\"block-9\" class=\"col wp-block-yellowtree-column col-12 col-md-6 col-lg-4 d-flex flex-column with-streched-height-children align-items-stretch align-items-lg-stretch\">\n  <article id=\"block-8\" data-bs-theme=\"dark\" class=\"card wp-block-yellowtree-testimonial-card overflow-hidden has-context-height\">\n  <div class=\"card-body p-5 text-bg-primary2\">\n    <i class=\"align-self-end testimonial-card-icon mb-3\"><\/i>\n          <img decoding=\"async\" width=\"300\" height=\"200\" src=\"https:\/\/icf.church\/stgallen\/wp-content\/uploads\/sites\/69\/2026\/06\/christoph-2-scaled-1-300x200.jpg\" class=\"testimonial-card-img align-self-center mb-3\" alt=\"\" draggable=\"false\" loading=\"lazy\" srcset=\"https:\/\/icf.church\/stgallen\/wp-content\/uploads\/sites\/69\/2026\/06\/christoph-2-scaled-1-300x200.jpg 300w, https:\/\/icf.church\/stgallen\/wp-content\/uploads\/sites\/69\/2026\/06\/christoph-2-scaled-1-1024x683.jpg 1024w, https:\/\/icf.church\/stgallen\/wp-content\/uploads\/sites\/69\/2026\/06\/christoph-2-scaled-1-768x512.jpg 768w, https:\/\/icf.church\/stgallen\/wp-content\/uploads\/sites\/69\/2026\/06\/christoph-2-scaled-1-1536x1024.jpg 1536w, https:\/\/icf.church\/stgallen\/wp-content\/uploads\/sites\/69\/2026\/06\/christoph-2-scaled-1-2048x1366.jpg 2048w\" sizes=\"(max-width: 300px) 100vw, 300px\">        <blockquote class=\"flex-1 mb-4\">\n      Unsere Kirche ist f\u00fcr mich ein Ort, an dem ich Gott begegnen, neue Perspektiven gewinnen und echte Beziehungen leben kann. Dass das nicht nur mir so geht, sondern vielen anderen Menschen genauso, begeistert mich immer wieder neu.    <\/blockquote>\n    <p class=\"fs-caption fw-bold mb-0\">\n      <span>Christoph B\u00e4hler<\/span>\n              <span class=\"testimonial-card-source-divider\">&#124;<\/span>\n            <span>Management<\/span>\n    <\/p>\n  <\/div>\n<\/article><\/div>\n\n\n<div id=\"block-11\" class=\"col wp-block-yellowtree-column col-12 col-lg-4 d-flex flex-column with-streched-height-children align-items-stretch align-items-lg-stretch\">\n  <article id=\"block-10\" data-bs-theme=\"dark\" class=\"card wp-block-yellowtree-testimonial-card overflow-hidden has-context-height\">\n  <div class=\"card-body p-5 text-bg-primary\">\n    <i class=\"align-self-end testimonial-card-icon mb-3\"><\/i>\n          <img decoding=\"async\" width=\"300\" height=\"200\" src=\"https:\/\/icf.church\/stgallen\/wp-content\/uploads\/sites\/69\/2026\/06\/giulia_02-300x200.jpg\" class=\"testimonial-card-img align-self-center mb-3\" alt=\"\" draggable=\"false\" loading=\"lazy\" srcset=\"https:\/\/icf.church\/stgallen\/wp-content\/uploads\/sites\/69\/2026\/06\/giulia_02-300x200.jpg 300w, https:\/\/icf.church\/stgallen\/wp-content\/uploads\/sites\/69\/2026\/06\/giulia_02-1024x683.jpg 1024w, https:\/\/icf.church\/stgallen\/wp-content\/uploads\/sites\/69\/2026\/06\/giulia_02-768x512.jpg 768w, https:\/\/icf.church\/stgallen\/wp-content\/uploads\/sites\/69\/2026\/06\/giulia_02-1536x1024.jpg 1536w, https:\/\/icf.church\/stgallen\/wp-content\/uploads\/sites\/69\/2026\/06\/giulia_02-2048x1365.jpg 2048w\" sizes=\"(max-width: 300px) 100vw, 300px\">        <blockquote class=\"flex-1 mb-4\">\n      Ich liebe es Gottes Stimme zu h\u00f6ren, nahe an seinem Herzen zu verweilen, zu beten und Gemeinschaft zu leben. Meine Vision von Kirche ist ein Ort, wo Menschen beten, den Vater verherrlichen, die Liebe von Jesus regiert und der Heilige Geist wirkt.    <\/blockquote>\n    <p class=\"fs-caption fw-bold mb-0\">\n      <span>Giulia Wagner<\/span>\n              <span class=\"testimonial-card-source-divider\">&#124;<\/span>\n            <span>Gebet &amp; Prophetie<\/span>\n    <\/p>\n  <\/div>\n<\/article><\/div>\n        <\/div>\n          <\/div>\n<\/div>\n\n<div id=\"block-18\" class=\"pt-2 pb-2 alignfull is-layout-constrained\">\n  <div>\n            <div class=\"row gx-4 gy-4 \">\n          \n\n<div id=\"block-14\" class=\"col wp-block-yellowtree-column col-12 col-lg-4 d-flex flex-column with-streched-height-children align-items-stretch align-items-lg-stretch\">\n  <article id=\"block-13\" data-bs-theme=\"dark\" class=\"card wp-block-yellowtree-testimonial-card overflow-hidden has-context-height\">\n  <div class=\"card-body p-5 text-bg-primary2\">\n    <i class=\"align-self-end testimonial-card-icon mb-3\"><\/i>\n          <img decoding=\"async\" width=\"300\" height=\"200\" src=\"https:\/\/icf.church\/stgallen\/wp-content\/uploads\/sites\/69\/2026\/06\/sarah-300x200.jpg\" class=\"testimonial-card-img align-self-center mb-3\" alt=\"\" draggable=\"false\" loading=\"lazy\" srcset=\"https:\/\/icf.church\/stgallen\/wp-content\/uploads\/sites\/69\/2026\/06\/sarah-300x200.jpg 300w, https:\/\/icf.church\/stgallen\/wp-content\/uploads\/sites\/69\/2026\/06\/sarah-1024x683.jpg 1024w, https:\/\/icf.church\/stgallen\/wp-content\/uploads\/sites\/69\/2026\/06\/sarah-768x512.jpg 768w, https:\/\/icf.church\/stgallen\/wp-content\/uploads\/sites\/69\/2026\/06\/sarah-1536x1024.jpg 1536w, https:\/\/icf.church\/stgallen\/wp-content\/uploads\/sites\/69\/2026\/06\/sarah-2048x1365.jpg 2048w\" sizes=\"(max-width: 300px) 100vw, 300px\">        <blockquote class=\"flex-1 mb-4\">\n      Ich sch\u00e4tze es sehr mit den unterschiedlichsten Menschen, mit Gott und der Church im Leben unterwegs zu sein. Die Freude an Jesus Christus zieht mich voran und es ist mein Wunsch, Menschen zu ermutigen, zu bef\u00e4higen und somit miteinander in Einheit und Liebe durch die Kraft des Heiligen Geistes, geistlichen Wachstum und Gemeinschaft zu erleben.    <\/blockquote>\n    <p class=\"fs-caption fw-bold mb-0\">\n      <span>Sarah Wyss<\/span>\n              <span class=\"testimonial-card-source-divider\">&#124;<\/span>\n            <span>Young Adult<\/span>\n    <\/p>\n  <\/div>\n<\/article><\/div>\n\n\n<div id=\"block-16\" class=\"col wp-block-yellowtree-column col-12 col-lg-4 d-flex flex-column with-streched-height-children align-items-stretch align-items-lg-stretch\">\n  <article id=\"block-15\" data-bs-theme=\"dark\" class=\"card wp-block-yellowtree-testimonial-card overflow-hidden has-context-height\">\n  <div class=\"card-body p-5 text-bg-primary\">\n    <i class=\"align-self-end testimonial-card-icon mb-3\"><\/i>\n          <img decoding=\"async\" width=\"300\" height=\"200\" src=\"https:\/\/icf.church\/stgallen\/wp-content\/uploads\/sites\/69\/2026\/06\/emanuel-300x200.jpg\" class=\"testimonial-card-img align-self-center mb-3\" alt=\"\" draggable=\"false\" loading=\"lazy\" srcset=\"https:\/\/icf.church\/stgallen\/wp-content\/uploads\/sites\/69\/2026\/06\/emanuel-300x200.jpg 300w, https:\/\/icf.church\/stgallen\/wp-content\/uploads\/sites\/69\/2026\/06\/emanuel-1024x683.jpg 1024w, https:\/\/icf.church\/stgallen\/wp-content\/uploads\/sites\/69\/2026\/06\/emanuel-768x512.jpg 768w, https:\/\/icf.church\/stgallen\/wp-content\/uploads\/sites\/69\/2026\/06\/emanuel-1536x1024.jpg 1536w, https:\/\/icf.church\/stgallen\/wp-content\/uploads\/sites\/69\/2026\/06\/emanuel-2048x1366.jpg 2048w\" sizes=\"(max-width: 300px) 100vw, 300px\">        <blockquote class=\"flex-1 mb-4\">\n      Kreativit\u00e4t und Kunst begeistert mich, da sie oftmals auszudr\u00fccken vermag, was Worte nicht k\u00f6nnen. Ich liebe es, mit Menschen, Gott auf kreative Weise anzubeten und ihm zu begegnen. Sei dies in Form von Musik im Worship oder auch auf vielf\u00e4ltige andere Art und Weise. Die Sch\u00f6nheit unseres Sch\u00f6pfers in Menschen und Talenten zu sehen ber\u00fchrt mein Herz.    <\/blockquote>\n    <p class=\"fs-caption fw-bold mb-0\">\n      <span>Emanuel Engin<\/span>\n              <span class=\"testimonial-card-source-divider\">&#124;<\/span>\n            <span>Celebrations &amp; Events \/ Communication<\/span>\n    <\/p>\n  <\/div>\n<\/article><\/div>\n\n\n<div id=\"block-17\" class=\"col wp-block-yellowtree-column col-12 col-lg-4 d-flex flex-column with-streched-height-children align-items-stretch align-items-lg-stretch\">\n  <\/div>\n        <\/div>\n          <\/div>\n<\/div>\n\n<div id=\"block-22\" class=\"pt-2 pb-2 alignfull is-layout-constrained\">\n  <div>\n            <div class=\"row gx-4 gy-4 \">\n          \n\n<div id=\"block-21\" class=\"col wp-block-yellowtree-column col-12 d-flex flex-column with-streched-height-children align-items-stretch align-items-md-stretch\">\n  <h2 id=\"block-19\" class=\"mt-6 h2 text-center\">\n  Ehrenkodex<\/h2>\n\n<p id=\"celebrationzeiten-2\" class=\"text-center wp-block-paragraph\">\n  <em>Deshalb wollen auch wir \u2013 wie L\u00e4ufer bei einem Wettkampf \u2013 mit aller Ausdauer dem Ziel entgegenlaufen. Wir wollen alles ablegen, was uns beim Laufen hindert, uns von der S\u00fcnde trennen, die uns so leicht gefangen nimmt, und unseren Blick auf Jesus richten, den Wegbereiter des Glaubens, der uns ans Ziel vorausgegangen ist.\u201c<\/em><a href=\"https:\/\/www.icf-berlin.de\/organigramm\/?lightbox\"><\/a><\/p>\n\n<p id=\"block-20\" class=\"text-center wp-block-paragraph\">\n  <em>Die Bibel \u2013 Hebr\u00e4er 12,1-2 (NG\u00dc)<\/em><\/p>\n\n<p id=\"celebrationzeiten-3\" class=\"mb-4 text-center wp-block-paragraph\">\n  Als Angestellte und zentrale Leiter im ICF St.Gallen ist es unser tiefer Wunsch, den Lauf des Glaubens \u201csiegreich\u201d zu vollenden (vgl. 1.Korinther 9, 24ff). Wir sind entschlossen, nach biblisch-moralischen Standards zu leben. Nach zahlreichen Gespr\u00e4chen \u00fcber den Lebensstil als Leitende in der Kirche und inspiriert durch das \u201cModesto Manifesto\u201d von Billy Graham und seinen Freunden einigen wir uns auf eine Reihe von freiwilligen Grunds\u00e4tzen: Den \u201cEhrenkodex f\u00fcr ICF St.Gallen Staff\u201d.<br><a href=\"https:\/\/www.icf-berlin.de\/organigramm\/?lightbox\"><\/a><\/p><\/div>\n        <\/div>\n          <\/div>\n<\/div>\n\n<div id=\"block-27\" class=\"pt-2 pb-2 alignfull is-layout-constrained\">\n  <div>\n            <div class=\"row gx-4 gy-4 \">\n          \n\n<div id=\"block-24\" class=\"col wp-block-yellowtree-column col-12 col-md-6 d-flex flex-column with-streched-height-children align-items-stretch align-items-md-stretch\">\n  <article id=\"block-23\" data-bs-theme=\"dark\" class=\"wp-block-yellowtree-card card has-context-height\" style=\"--card-img-position:50% 50%\">\n      <div class=\"card-body\">\n    <h3 class=\"card-title\">L\u00f6hne und Finanzen<\/h3>\n    <p class=\"card-text\">Die Kirche ICF St.Gallen ist ein eingetragener gemeinn\u00fctziger Verein. Dieser wird durch freiwillige Spenden finanziert.<br>F\u00fcr alle Mitarbeitenden gilt ein von Provisionen unabh\u00e4ngiges Lohnmodell. Es orientiert sich an vergleichbaren Organisationen und Branchen und spiegelt die Werte des ICFs wider. Die Ertr\u00e4ge aus Verk\u00e4ufen aller ICF Medien Produkte wie zum Beispiel B\u00fccher, Musik und Apps fliessen vollumf\u00e4nglich in die Organisation.&nbsp;<br>Auf Anfrage gew\u00e4hren wir Einblick in unsere Finanzen. Mit \u00dcberzeugung erf\u00fcllen wir die gesetzlichen Bestimmungen und ergreifen freiwillig vertrauensbildende Massnahmen, wie zum Beispiel die Pr\u00fcfung der Buchhaltung unserer Organisation(en) und Herausgabe eines Jahresberichts. Finanzielle Verpflichtungen, die \u00fcber den Alltag hinaus gehen und eine gewisse H\u00f6he haben, unterliegen grunds\u00e4tzlich einem 4-Augen-Prinzip.<\/p>\n      <\/div>\n<\/article><\/div>\n\n\n<div id=\"block-26\" class=\"col wp-block-yellowtree-column col-12 col-md-6 d-flex flex-column with-streched-height-children align-items-stretch align-items-md-stretch\">\n  <article id=\"block-25\" data-bs-theme=\"dark\" class=\"wp-block-yellowtree-card card has-context-height\" style=\"--card-img-position:50% 50%\">\n      <div class=\"card-body\">\n    <h3 class=\"card-title\">Gesundheit und Sexualit\u00e4t<\/h3>\n    <p class=\"card-text\">Wir pflegen einen gesunden und suchtfreien Lebensstil. Sexueller S\u00fcnde wirken wir aktiv und in Selbstverantwortung entgegen.<br>Gegen sexuellen Missbrauch und sexuelle Grenzverletzungen treffen wir als Organisation pr\u00e4ventive Massnahmen. Besondere Aufmerksamkeit bekommt der Schutz von Minderj\u00e4hrigen. Wichtige Elemente unseres Schutzkonzeptes sind ein sensibilisiertes Bewerbungsverfahren, Personalschulungen und Verhaltenskodex f\u00fcr Mitarbeitende. <br>Wir achten auf die k\u00f6rperliche, seelische und geistliche Gesundheit unserer angestellten und ehrenamtlichen Mitarbeiter. Wir leben das Prinzip des Sabbats und f\u00f6rdern ein Leben aus der Ruhe. Wir bieten individuelle Mitarbeitsmodelle, die sich an den unterschiedlichen Lebensphasen orientieren.<\/p>\n      <\/div>\n<\/article><\/div>\n        <\/div>\n          <\/div>\n<\/div>\n\n<div id=\"block-32\" class=\"pt-2 pb-2 alignfull is-layout-constrained\">\n  <div>\n            <div class=\"row gx-4 gy-4 \">\n          \n\n<div id=\"block-29\" class=\"col wp-block-yellowtree-column col-12 col-md-6 d-flex flex-column with-streched-height-children align-items-stretch align-items-md-stretch\">\n  <article id=\"block-28\" data-bs-theme=\"dark\" class=\"wp-block-yellowtree-card card has-context-height\" style=\"--card-img-position:50% 50%\">\n      <div class=\"card-body\">\n    <h3 class=\"card-title\">Macht und Kompetenzen<\/h3>\n    <p class=\"card-text\">Wir unterstellen und verpflichten uns dem Leitbild von ICF St.Gallen.<br>Anvertraute Macht und Kompetenzen setzen wir verantwortungsbewusst ein und wirken Machtmissbrauch aktiv entgegen.<br>Christian und Jemina B\u00e4chtold leiten als Lead Pastoren die Organisation und somit auch das Core Team als deren Leitungsteam. Im Core Team z\u00e4hlt jede Meinung und in unseren Teams wird das Prinzip der Erg\u00e4nzung (M\u00e4nner, Frauen, Pers\u00f6nlichkeiten, Begabungen) gelebt. Wir ringen um Entscheidungen, bis alle sie mittragen k\u00f6nnen und niemand mehr schwerwiegende Vorbehalte hat.<br>Als ICF St.Gallen sind wir der Leiterschaft des ICF Movement Core Teams unterstellt. Gemeinsam reflektieren wir regelm\u00e4ssig die Gesundheit der Bereiche, Kirche und des Movements.<br>Wir bilden Leiter sorgf\u00e4ltig aus, sensibilisieren f\u00fcr einen gesunden Lebenswandel und f\u00f6rdern eine aktive Konflikt- und Feedbackkultur.<br>Die strategische und operative Verantwortung ist den jeweiligen Bereichen, Nebenbetrieb(en) und Locations im Sinne von selbst organisierten und eigenverantwortlichen Teams zugeteilt.<\/p>\n      <\/div>\n<\/article><\/div>\n\n\n<div id=\"block-31\" class=\"col wp-block-yellowtree-column col-12 col-md-6 d-flex flex-column with-streched-height-children align-items-stretch align-items-md-stretch\">\n  <article id=\"block-30\" data-bs-theme=\"dark\" class=\"wp-block-yellowtree-card card has-context-height\" style=\"--card-img-position:50% 50%\">\n      <div class=\"card-body\">\n    <h3 class=\"card-title\">Glaubw\u00fcrdigkeit und Integrit\u00e4t<\/h3>\n    <p class=\"card-text\">Wir verpflichten uns, den Glauben an Jesus Christus und sein Wort als Priorit\u00e4t und Grundlage f\u00fcr unser Reden und Handeln zu setzen.<br>Unsere ver\u00f6ffentlichten Zahlen und Statistiken sind wahrheitsgetreu. Wir haben eine unabh\u00e4ngige, externe und weisungsfreie Clearing-Stelle (Ombudsstelle) beauftragt und eingesetzt. Jede Person aus der Kirche und ihrem Umfeld hat die M\u00f6glichkeit, sich bei Konflikten mit Leiterschaft, Verdacht auf Machtmissbrauch oder Beobachtung ungesunder Verhaltensweisen dort zu melden. Informationen und Links:&nbsp;www.icf.church\/clearing-stelle.<\/p>\n      <\/div>\n<\/article><\/div>\n        <\/div>\n          <\/div>\n<\/div>\n\n<div id=\"block-35\" class=\"pt-2 pb-2 alignfull is-layout-constrained\">\n  <div>\n            <div class=\"row gx-4 gy-4 \">\n          \n\n<div id=\"block-34\" class=\"col wp-block-yellowtree-column col-12 d-flex flex-column with-streched-height-children align-items-stretch align-items-md-stretch\">\n  <p id=\"block-33\" class=\"text-start wp-block-paragraph\">\n  <\/p><\/div>\n        <\/div>\n          <\/div>\n<\/div>\n\n<p id=\"block-36\" class=\"fs-lg text-center wp-block-paragraph\">\n  M\u00f6ge Gott uns helfen, treu, leidenschaftlich und<br>vorbildlich zu leben.<\/p>\n\n<p id=\"block-37\" class=\"text-start wp-block-paragraph\">\n  <\/p>","protected":false},"excerpt":{"rendered":"<p>Unser Highlight an jedem Sonntag \u2013 die Celebrations \u2013 unser w\u00f6chentlicher Gottesdienst. Und der darf gern etwas anders sein: laut, fr\u00f6hlich und leidenschaftlich.<\/p>\n","protected":false},"author":59,"featured_media":1366,"parent":0,"menu_order":7,"comment_status":"closed","ping_status":"closed","template":"","meta":{"_acf_changed":false,"_seopress_titles_title":"","_seopress_titles_desc":"","_seopress_robots_index":"","_seopress_robots_follow":"","_seopress_robots_imageindex":"","_seopress_robots_snippet":"","_seopress_robots_primary_cat":"","_seopress_robots_breadcrumbs":"","_seopress_robots_freeze_modified_date":"","_seopress_robots_custom_modified_date":"","_seopress_robots_canonical":"","_seopress_social_fb_title":"","_seopress_social_fb_desc":"","_seopress_social_fb_img":"","_seopress_social_fb_img_attachment_id":0,"_seopress_social_fb_img_width":0,"_seopress_social_fb_img_height":0,"_seopress_social_twitter_title":"","_seopress_social_twitter_desc":"","_seopress_social_twitter_img":"","_seopress_social_twitter_img_attachment_id":0,"_seopress_social_twitter_img_width":0,"_seopress_social_twitter_img_height":0,"_seopress_redirections_value":"","_seopress_redirections_enabled":"","_seopress_redirections_enabled_regex":"","_seopress_redirections_logged_status":"both","_seopress_redirections_param":"","_seopress_redirections_type":301,"_seopress_analysis_target_kw":"","_seopress_news_disabled":"","_seopress_video_disabled":"","_seopress_video":[{"url":"","title":"","desc":"","thumbnail":"","duration":"","rating":"","view_count":"","tag":""}],"_seopress_pro_schemas_manual":[],"_seopress_pro_rich_snippets_disable_all":"","_seopress_pro_rich_snippets_disable":[],"_seopress_pro_schemas":[],"yt_custom_styles_scss":"","yt_custom_styles_rounded_corners":false,"yt_custom_styles_color_scheme":"","footnotes":""},"class_list":["post-804","page","type-page","status-publish","has-post-thumbnail","hentry"],"acf":[],"_links":{"self":[{"href":"https:\/\/icf.church\/stgallen\/de\/wp-json\/wp\/v2\/pages\/804","targetHints":{"allow":["GET"]}}],"collection":[{"href":"https:\/\/icf.church\/stgallen\/de\/wp-json\/wp\/v2\/pages"}],"about":[{"href":"https:\/\/icf.church\/stgallen\/de\/wp-json\/wp\/v2\/types\/page"}],"author":[{"embeddable":true,"href":"https:\/\/icf.church\/stgallen\/de\/wp-json\/wp\/v2\/users\/59"}],"replies":[{"embeddable":true,"href":"https:\/\/icf.church\/stgallen\/de\/wp-json\/wp\/v2\/comments?post=804"}],"version-history":[{"count":25,"href":"https:\/\/icf.church\/stgallen\/de\/wp-json\/wp\/v2\/pages\/804\/revisions"}],"predecessor-version":[{"id":2265,"href":"https:\/\/icf.church\/stgallen\/de\/wp-json\/wp\/v2\/pages\/804\/revisions\/2265"}],"wp:featuredmedia":[{"embeddable":true,"href":"https:\/\/icf.church\/stgallen\/de\/wp-json\/wp\/v2\/media\/1366"}],"wp:attachment":[{"href":"https:\/\/icf.church\/stgallen\/de\/wp-json\/wp\/v2\/media?parent=804"}],"curies":[{"name":"wp","href":"https:\/\/api.w.org\/{rel}","templated":true}]}}