{"id":860,"date":"2026-04-10T15:45:48","date_gmt":"2026-04-10T13:45:11","guid":{"rendered":"https:\/\/new.icf.church\/stgallen\/besuchen-2-3\/"},"modified":"2026-08-27T13:38:57","modified_gmt":"2026-08-27T11:38:57","slug":"youth","status":"publish","type":"page","link":"https:\/\/icf.church\/stgallen\/de\/youth\/","title":{"rendered":"Youth"},"content":{"rendered":"<h1 id=\"block-1\" class=\"mt-2 mb-6 h1 text-start\">\n  ICF YOUTH SG &#8211; JUGENDKIRCHE<\/h1>\n\n\n<div id=\"block-8\" class=\"mb-4 wp-block-yellowtree-hero-stage\">\n    <div class=\"hero-stage has-links\">\n        \n\n<div id=\"block-3\" class=\"hero-stage-content\">\n    <div class=\"hero-stage-content__background\">\n        <div class=\"overlay-black-25 h-100\">\n                            <img fetchpriority=\"high\" decoding=\"async\" width=\"2560\" height=\"1707\" src=\"https:\/\/icf.church\/stgallen\/wp-content\/uploads\/sites\/69\/2026\/06\/icf-youth-2103-60-scaled.jpg\" class=\"hero-stage-media\" alt=\"\" style=\"object-position: 50% 50%;\" aria-hidden=\"true\" loading=\"eager\" srcset=\"https:\/\/icf.church\/stgallen\/wp-content\/uploads\/sites\/69\/2026\/06\/icf-youth-2103-60-scaled.jpg 2560w, https:\/\/icf.church\/stgallen\/wp-content\/uploads\/sites\/69\/2026\/06\/icf-youth-2103-60-300x200.jpg 300w, https:\/\/icf.church\/stgallen\/wp-content\/uploads\/sites\/69\/2026\/06\/icf-youth-2103-60-1024x683.jpg 1024w, https:\/\/icf.church\/stgallen\/wp-content\/uploads\/sites\/69\/2026\/06\/icf-youth-2103-60-768x512.jpg 768w, https:\/\/icf.church\/stgallen\/wp-content\/uploads\/sites\/69\/2026\/06\/icf-youth-2103-60-1536x1024.jpg 1536w, https:\/\/icf.church\/stgallen\/wp-content\/uploads\/sites\/69\/2026\/06\/icf-youth-2103-60-2048x1365.jpg 2048w\" sizes=\"(max-width: 2560px) 100vw, 2560px\" \/>                    <\/div>\n        <div class=\"hero-stage-gradient\"><\/div>\n    <\/div>\n    <div class=\"hero-stage-content__foreground is-layout-constrained\">\n        <h1 id=\"block-2\" class=\"display-1 text-center\">\n    YOUTH<\/h1>    <\/div>\n<\/div>\n\n\n<div id=\"block-7\" class=\"hero-stage-links is-layout-constrained count-3\">\n    <div class=\"icon-link-cards-layout column-gap-3 row-gap-1 justify-content-center break-md\">\n        \n\n<div id=\"block-4\" data-bs-theme=\"dark\" class=\"wp-block-yellowtree-icon-link-card\">\n  <div class='card-body flex-row justify-content-center align-items-center overflow-hidden gap-2 px-5 px-md-3 py-3 py-md-6'>\n    <div class='d-flex align-items-center gap-4 me-auto me-md-0 flex-md-column text-md-center gap-md-3'>\n      <i class='icon-square fs-2 fs-md-lg-const fa-brands fa-instagram' aria-hidden='true'><\/i>\n      <a class='stretched-link fs-base-const' href='https:\/\/www.instagram.com\/icfyouthsg\/' target='_blank'>\n        Instagram      <\/a>\n    <\/div>\n          <i class=\"icon fs-base-const fa-chevron-right ms-auto opacity-50 d-md-none\"><\/i>\n      <\/div>\n<\/div>\n\n\n<div id=\"block-5\" data-bs-theme=\"dark\" class=\"wp-block-yellowtree-icon-link-card\">\n  <div class='card-body flex-row justify-content-center align-items-center overflow-hidden gap-2 px-5 px-md-3 py-3 py-md-6'>\n    <div class='d-flex align-items-center gap-4 me-auto me-md-0 flex-md-column text-md-center gap-md-3'>\n      <i class='icon-square fs-2 fs-md-lg-const fa-brands fa-whatsapp' aria-hidden='true'><\/i>\n      <a class='stretched-link fs-base-const' href='https:\/\/www.whatsapp.com\/channel\/0029Vaaursb1NCrdcnAv100u' target='_blank'>\n        Whatsapp      <\/a>\n    <\/div>\n          <i class=\"icon fs-base-const fa-chevron-right ms-auto opacity-50 d-md-none\"><\/i>\n      <\/div>\n<\/div>\n\n\n<div id=\"block-6\" data-bs-theme=\"dark\" class=\"wp-block-yellowtree-icon-link-card\">\n  <div class='card-body flex-row justify-content-center align-items-center overflow-hidden gap-2 px-5 px-md-3 py-3 py-md-6'>\n    <div class='d-flex align-items-center gap-4 me-auto me-md-0 flex-md-column text-md-center gap-md-3'>\n      <i class='icon-square fs-2 fs-md-lg-const fa-solid fa-hand-peace' aria-hidden='true'><\/i>\n      <a class='stretched-link fs-base-const' href='https:\/\/connect.donkeymobile.com\/share\/app.donkeymobile.sanktgallenicf?groupId=682c7a1b554d540aa13b6dec' target='_blank'>\n        ICF App      <\/a>\n    <\/div>\n          <i class=\"icon fs-base-const fa-chevron-right ms-auto opacity-50 d-md-none\"><\/i>\n      <\/div>\n<\/div>\n    <\/div>\n<\/div>\n    <\/div>\n<\/div>\n\n<div id=\"block-13\" class=\"pt-2 pb-2 alignfull is-layout-constrained\">\n  <div>\n            <div class=\"row gx-4 gy-4 \">\n          \n\n<div id=\"block-10\" class=\"col wp-block-yellowtree-column col-12 col-md-6 d-flex flex-column justify-content-center align-items-center align-items-md-center\">\n  <div class=\"mw-100\">\n      <figure id=\"block-9\" class=\"is-style-rounded\">\n      <div class=\"img-wrap\" style=\"aspect-ratio:1;width:632px;max-width:100%\">\n        <img decoding=\"async\" src=\"https:\/\/icf.church\/stgallen\/wp-content\/uploads\/sites\/69\/2026\/08\/dsc00748-1024x684.jpg\" alt=\"\" loading=\"lazy\" title=\"\" class=\"img-fluid w-100 h-100 rounded object-fit-cover\" style=\"object-position: center center\">\n      <\/div>\n          <\/figure>\n    <\/div><\/div>\n\n\n<div id=\"block-12\" class=\"col wp-block-yellowtree-column col-12 col-md-6 d-flex flex-column with-streched-height-children align-items-stretch align-items-md-stretch\">\n  <article id=\"block-11\" data-bs-theme=\"dark\" class=\"wp-block-yellowtree-card card has-context-height\" style=\"--card-img-position:50% 50%\">\n      <div class=\"card-body\">\n    <h3 class=\"card-title\">ICF Youth<\/h3>\n    <p class=\"card-text\">ICF Youth ist die Jugendkirche des ICF St. Gallen. Wir w\u00fcnschen uns eine energiegeladene, relevante und zeitgem\u00e4sse Kirche, die gemeinsam die Stadt St. Gallen und dar\u00fcber hinaus mit der Liebe Gottes auf den Kopf stellt.<br><br>Saturday Night (and more)<br><br>ICF YOUTH hat dir einiges zu bieten. Ob die Celebration on Saturday Night, Bible Study, die Camps oder das Mitarbeiten in der Church am Sonntag. <br>Du w\u00e4hlst ganz nach deinem Geschmack, wann und wo du dabei sein m\u00f6chtest. Du kannst den YOUTH aktiv mit deiner Mitarbeit mitgestalten! Melde dich bei unserem Team und setze dein Talent ein.<br><br>Small-, Men- &amp; Ladiesgroups<br><br>Um unsere Gemeinschaft zu vertiefen haben wir als YOUTH verschiedene Groups in den du deinen Glauben pers\u00f6nlich noch vertiefen und entdecken kannst. Sei es in einer Smallgroup oder speziell f\u00fcr die Frauen an der &#8222;Ladies Night&#8220;. Hier findest du schnell Anschluss. <a href=\"https:\/\/icf.church\/stgallen\/de\/groups\/\">Melde dich direkt hier wenn du Teil einer Smallgroup werden willst. <\/a><br><br>Alter<br><br>Der ICF YOUTH SG ist f\u00fcr Jugendliche und junge Erwachsene im Alter von 16-20 jahren konzipiert. Falls du j\u00fcnger oder \u00e4lter bist, aber trotzdem bei uns reinschauen willst dann nimm doch bitte mit unseren Leitern Kontakt auf.<\/p>\n      <\/div>\n<\/article><\/div>\n        <\/div>\n          <\/div>\n<\/div>\n\n<div id=\"block-25\" class=\"pt-2 pb-2 alignfull is-layout-constrained\">\n  <div>\n            <div class=\"row gx-4 gy-4 \">\n          \n\n<div id=\"block-17\" class=\"col wp-block-yellowtree-column col-12 col-md-6 d-flex flex-column with-streched-height-children align-items-stretch align-items-md-stretch\">\n  <article id=\"block-16\" data-bs-theme=\"dark\" class=\"wp-block-yellowtree-card card has-context-height\" style=\"--card-img-position:50% 50%\">\n      <div class=\"card-body\">\n    <h3 class=\"card-title\">Location &amp; Zeit<\/h3>\n    <p class=\"card-text\">Samstagabendprogramme <br>Celebration &amp; Bible Study<br><br>19:00 Uhr \u2013 T\u00fcr\u00f6ffnung<br>19:30 Uhr \u2013 Start Celebration\/Bible Study<br>21:00 Uhr \u2013 Ende Celebration\/Bible Study, Start Hangout<br><br>Ort: ICF St.Gallen<br>L\u00e4mmlisbrunnenstrasse 22<br>9000 St.Gallen<br><br>N\u00e4chste \u00d6V-Haltestellen: Spisertor (Linie 151 und Trogenerbahn), Kantonsschule (Linie 11)<\/p>\n    <div id=\"block-15\" class=\"wp-block-yellowtree-card-buttons card-buttons\">\n  \n\n  <div>\n    <a id=\"block-14\" href=\"https:\/\/maps.app.goo.gl\/1ZwbFZiRoLNZEbpm6\" target=\"_blank\" class=\"wp-block-yellowtree-card-button btn btn-sm btn-secondary\">\n      <span>Google Maps<\/span>\n              <i class=\"icon fs-base-const fa-arrow-right\" aria-hidden=\"true\"><\/i>\n          <\/a>\n  <\/div>\n\n<\/div>  <\/div>\n<\/article><\/div>\n\n\n<div id=\"block-24\" class=\"col wp-block-yellowtree-column col-12 col-md-6 d-flex flex-column with-streched-height-children align-items-stretch align-items-md-stretch\">\n  <article id=\"block-23\" type=\"button\" data-bs-theme=\"dark\" class=\"wp-block-yellowtree-profile-card card p-0 has-context-height\" style=\"--card-img-position:50% 50%\">\n      <img decoding=\"async\" width=\"1024\" height=\"576\" src=\"https:\/\/icf.church\/stgallen\/wp-content\/uploads\/sites\/69\/2026\/05\/familyteam_timon-1024x576.jpg\" class=\"card-img-top\" alt=\"L\u00e4chelnder Mann mit Brille und grauem T-Shirt, umgeben von anderen Personen.\" draggable=\"false\" loading=\"lazy\" srcset=\"https:\/\/icf.church\/stgallen\/wp-content\/uploads\/sites\/69\/2026\/05\/familyteam_timon-1024x576.jpg 1024w, https:\/\/icf.church\/stgallen\/wp-content\/uploads\/sites\/69\/2026\/05\/familyteam_timon-300x169.jpg 300w, https:\/\/icf.church\/stgallen\/wp-content\/uploads\/sites\/69\/2026\/05\/familyteam_timon-768x432.jpg 768w, https:\/\/icf.church\/stgallen\/wp-content\/uploads\/sites\/69\/2026\/05\/familyteam_timon-1536x864.jpg 1536w, https:\/\/icf.church\/stgallen\/wp-content\/uploads\/sites\/69\/2026\/05\/familyteam_timon-2048x1152.jpg 2048w\" sizes=\"(max-width: 1024px) 100vw, 1024px\">    <div class=\"card-body\">\n    <p class=\"card-meta-tag\">\n      ICF Youth SG    <\/p>\n    <h3 class=\"card-title mt-1\">Timon Huber<\/h3>\n    <p class=\"card-text mt-1\">Leiter ICF Youth St.Gallen<\/p>\n    <div class=\"card-buttons mt-1\">\n      <button type=\"button\" class=\"stretched-link btn btn-dark-1 btn-sm position-static\" aria-label=\"\u00d6ffne Popover \u00fcber Timon Huber\" aria-controls=\"profile-card-modal-block-23\" data-bs-toggle=\"modal\" data-bs-target=\"#profile-card-modal-block-23\">\n        <span>Mehr erfahren<\/span>\n        <i class=\"icon fs-base-const fa-arrow-right\"><\/i>\n      <\/button>\n    <\/div>\n  <\/div>\n<\/article>\n\n<div id=\"profile-card-modal-block-23\" tabindex=\"-1\" class=\"modal fade profile-card-modal\">\n  <div class=\"modal-dialog modal-dialog-centered\">\n    <div class=\"modal-content\" data-bs-theme=\"dark\">\n      <button type=\"button\" class=\"modal-close modal-close-end\" data-bs-dismiss=\"modal\" aria-label=\"Close\"><\/button>\n      <div class=\"modal-header\"><\/div>\n      <div class=\"modal-body overflow-y-auto text-body\">\n        <div class=\"row g-4\">\n          <div class=\"col-12 col-sm-5\">\n            <img decoding=\"async\" draggable=\"false\" loading=\"lazy\" src=\"https:\/\/icf.church\/stgallen\/wp-content\/uploads\/sites\/69\/2026\/05\/familyteam_timon-scaled.jpg\" alt=\"L\u00e4chelnder Mann mit Brille und grauem T-Shirt, umgeben von anderen Personen.\" class=\"img-fluid rounded object-fit-cover\">            <div class=\"d-sm-block d-none\">\n              <ul id=\"block-21\" class=\"profile-card-links-list list-unstyled mt-2 mt-sm-4\">\n  <li id=\"block-18\" class=\"profile-card-link\">\n  <i class=\"icon icon--fixed-width fa-solid fa-envelope\" aria-hidden=\"true\"><\/i>\n  <a href=\"mailto:timon.huber@icf-sg.ch\" target=\"_blank\">E-Mail an Timon senden<\/a>\n<\/li>\n\n\n\n\n\n<li id=\"block-19\" class=\"profile-card-link\">\n  <i class=\"icon icon--fixed-width fa-brands fa-instagram\" aria-hidden=\"true\"><\/i>\n  <a href=\"https:\/\/www.instagram.com\/timon_huber\" target=\"_blank\">Instagram<\/a>\n<\/li><\/ul>            <\/div>\n          <\/div>\n          <div class=\"col-12 col-sm-7\">\n            <h3 class=\"fs-h3-const mb-0 mt-3 mt-sm-0 title\">Timon Huber<\/h3>\n            <p class=\"fs-sm mt-1 responsibility\">Leiter ICF Youth St.Gallen<\/p>\n            <p class=\"fs-sm mt-4 biography\">Bei Fragen zu unseren Programmen kannst du mich gerne kontaktieren.<\/p>\n          <\/div>\n          <div class=\"col-12 d-sm-none\">\n            <ul id=\"block-21\" class=\"profile-card-links-list list-unstyled mt-2 mt-sm-4\">\n  <li id=\"block-18\" class=\"profile-card-link\">\n  <i class=\"icon icon--fixed-width fa-solid fa-envelope\" aria-hidden=\"true\"><\/i>\n  <a href=\"mailto:timon.huber@icf-sg.ch\" target=\"_blank\">E-Mail an Timon senden<\/a>\n<\/li>\n\n\n\n\n\n<li id=\"block-19\" class=\"profile-card-link\">\n  <i class=\"icon icon--fixed-width fa-brands fa-instagram\" aria-hidden=\"true\"><\/i>\n  <a href=\"https:\/\/www.instagram.com\/timon_huber\" target=\"_blank\">Instagram<\/a>\n<\/li><\/ul>          <\/div>\n        <\/div>\n      <\/div>\n      <div class=\"modal-footer\"><\/div>\n    <\/div>\n  <\/div>\n<\/div><\/div>\n        <\/div>\n          <\/div>\n<\/div>\n\n<div id=\"block-32\" class=\"pt-2 pb-2 alignfull is-layout-constrained\">\n  <div>\n            <div class=\"row gx-4 gy-4 \">\n          \n\n<div id=\"block-31\" class=\"col wp-block-yellowtree-column col-12 d-flex flex-column with-streched-height-children align-items-stretch align-items-md-stretch\">\n  <div>\n  <div id=\"block-30\" data-bs-theme=\"dark\" class=\"wp-block-yellowtree-podcast-card card\">\n    <h3 class=\"title display-3 text-center\">Unsere Inhalte\/Werte<\/h3>\n    <p class=\"text text-center\">Wir glauben das Jesus die Hoffnung f\u00fcr diese Welt ist. Dies soll sich durch unsere Messages und die Art wie wir unsere Celebrations gestalten immer widerspiegeln. Du kannst ein Teil unserer Messages hier nachh\u00f6ren. Nat\u00fcrlich freuen wir uns dich auch vor Ort in unseren Angeboten begr\u00fcssen zu d\u00fcrfen. Weitere Details zu was wir als Teil des ICF Movements glauben findest du&nbsp;hier.&nbsp;<\/p>\n    <div class=\"mt-4\">\n      <div id=\"block-29\" class=\"wp-block-yellowtree-podcast-links d-flex gap-2 gap-sm-3 gap-lg-5 flex-column flex-lg-row justify-content-center\">\n  \n\n<a id=\"block-26\" href=\"https:\/\/open.spotify.com\/show\/5CIH6Ze0Xx532icltnE4Qh?si=2f48a9ec349b46b6\" target=\"_blank\" class=\"wp-block-yellowtree-podcast-link btn is-spotify\" aria-label=\"Link zu Spotify\"><img decoding=\"async\" aria-hidden=\"true\" width=\"100%\" height=\"60\" loading=\"lazy\" src=\"https:\/\/icf.church\/stgallen\/wp-content\/themes\/icf\/assets\/images\/spotify-logo.svg\" alt=\"Spotify\"><\/a>\n\n\n<a id=\"block-27\" href=\"https:\/\/www.youtube.com\/@icfyouthsg\" target=\"_blank\" class=\"wp-block-yellowtree-podcast-link btn is-youtube\" aria-label=\"Link zu YouTube\"><img decoding=\"async\" aria-hidden=\"true\" width=\"100%\" height=\"60\" loading=\"lazy\" src=\"https:\/\/icf.church\/stgallen\/wp-content\/themes\/icf\/assets\/images\/youtube-logo.svg\" alt=\"YouTube\"><\/a>\n\n\n<a id=\"block-28\" href=\"https:\/\/podcasts.apple.com\/ch\/podcast\/icf-youth-st-gallen-messages\/id1851955177\" target=\"_blank\" class=\"wp-block-yellowtree-podcast-link btn is-applePodcasts\" aria-label=\"Link zu Apple Podcasts\"><img decoding=\"async\" aria-hidden=\"true\" width=\"100%\" height=\"60\" loading=\"lazy\" src=\"https:\/\/icf.church\/stgallen\/wp-content\/themes\/icf\/assets\/images\/apple-podcasts-logo.svg\" alt=\"Apple Podcasts\"><\/a>\n<\/div>    <\/div>\n  <\/div>\n<\/div><\/div>\n        <\/div>\n          <\/div>\n<\/div>\n\n\n<div class=\"has-context-height\">\n  <article id=\"block-34\" data-bs-theme=\"dark\" class=\"card wp-block-yellowtree-big-teaser-card text-center\">\n    <div class=\"card-body px-4 py-6 p-sm-6 p-md-8 p-xl-10\">\n              <p class=\"text-center mb-2\">\n          Als Teil vom ICF St. Gallen setzt sich der Youth aus dem Engagement von Jugendlichen und auch durch Spenden zusammen. Mit deiner Mitarbeit und\/oder Spende unterst\u00fctzt du uns eine zeitgem\u00e4sse Celebration f\u00fcr junge Erwachsene zu gestalten, bei der Jesus im Zentrum steht.        <\/p>\n            <div\n        class=\"d-flex flex-column align-items-center\">\n        <div class=\"flex-1\">\n          <h3 class=\"h1 display-3\">\n            Support the vision          <\/h3>\n        <\/div>\n        <div class=\"flex-1\">\n                    <div>\n            <html><body>\n<article><hgroup><\/hgroup>\n  <div>\n    <a id=\"block-33\" href=\"https:\/\/icf.church\/stgallen\/de\/spenden\/\" rel=\"\" class=\"wp-block-yellowtree-button-link btn btn-default\">\n      <span>Spenden<\/span>\n          <\/a>\n  <\/div>\n<\/article>\n<\/body><\/html>          <\/div>\n        <\/div>\n      <\/div>\n    <\/div>\n  <\/article>\n<\/div>\n\n<p id=\"block-35\" class=\"mt-2 mb-2 text-start wp-block-paragraph\">\n  <\/p>\n\n<div class=\"events-list\" data-events-list-config=\"{&quot;appId&quot;:&quot;ILU203NJSX&quot;,&quot;apiKey&quot;:&quot;NjgzZThlMjgyOTcyNGU3OTg5MTU3MDc0YzM2YTA4ZWRkZDEyOTgxMjE3YjQ3MjgxM2YzZDAxM2IyNjU1NWVlY2ZpbHRlcnM9JTI4dmlzaWJsZUZvck9yZ2FuaXphdGlvbiUzQTI3NytPUit2aXNpYmxlRm9yUmVnaW9uJTNBMCtPUit2aXNpYmxlRm9yRGVub21pbmF0aW9uJTNBMSUyOStBTkQrc3RhdHVzJTNBcHVibGlzaGVkK0FORCslMjhncm91cF9pZCUzQTgwMyUyOSZyZXN0cmljdEluZGljZXM9ZXZlbnRz&quot;,&quot;baseUrl&quot;:&quot;https:\\\/\\\/icf.church\\\/stgallen\\\/de\\\/angebote\\\/&quot;,&quot;baseUrls&quot;:{&quot;de&quot;:&quot;https:\\\/\\\/icf.church\\\/stgallen\\\/de\\\/angebote\\\/&quot;,&quot;en&quot;:&quot;https:\\\/\\\/icf.church\\\/stgallen\\\/en\\\/events\\\/&quot;},&quot;postsPerPage&quot;:10,&quot;indexName&quot;:&quot;events&quot;,&quot;contactUrl&quot;:&quot;https:\\\/\\\/icf.church\\\/stgallen\\\/de\\\/kontakt\\\/&quot;,&quot;icons&quot;:{&quot;Junior Leaders&quot;:&quot;fa-handshake-simple&quot;,&quot;Amore&quot;:&quot;fa-users&quot;,&quot;Teens&quot;:&quot;fa-gamepad-modern&quot;,&quot;Youth&quot;:&quot;fa-hand-peace&quot;,&quot;Sunday Night&quot;:&quot;fa-hand-peace&quot;,&quot;Kids&quot;:&quot;fa-children&quot;,&quot;Ladies&quot;:&quot;fa-person-dress&quot;,&quot;Men&quot;:&quot;fa-person&quot;,&quot;Evergreen&quot;:&quot;fa-tree-deciduous&quot;,&quot;ICF Movement&quot;:&quot;fa-hand-peace&quot;,&quot;Conferences&quot;:&quot;fa-party-horn&quot;},&quot;imgixSrcUrl&quot;:&quot;https:\\\/\\\/website-prod-space-01.fra1.digitaloceanspaces.com&quot;,&quot;imgixTargetUrl&quot;:&quot;https:\\\/\\\/icf-hub-new.imgix.net&quot;,&quot;siteUrl&quot;:&quot;https:\\\/\\\/icf.church\\\/stgallen&quot;,&quot;organisationId&quot;:&quot;stgallen&quot;,&quot;typePreFilter&quot;:&quot;events&quot;}\">\n<\/div>\n\n\n\n<div id=\"block-40\" data-bs-theme=\"dark\" class=\"wp-block-yellowtree-divider-card card d-flex flex-column flex-lg-row py-6 py-lg-0\">\n  \n\n<div id=\"block-37\" class=\"wp-block-yellowtree-divider-card-item flex-1 d-flex flex-column position-relative text-center py-6 py-lg-10\">\n  <div class='mb-2'>\n    <div class='d-flex flex-column align-items-center gap-2'>\n      <i class='icon fs-lg-const fa-people' aria-hidden='true'><\/i>\n      <h3 class='mb-0'>\n        <span class=\"text-container\">\n          Anschluss finden        <\/span>\n      <\/h3>\n    <\/div>\n  <\/div>\n  <div class='mt-auto'>\n    <a class='text-arrow-link fs-sm text-light-3' href=\"https:\/\/icf.church\/stgallen\/de\/findeanschluss\/\">\n      Los geht&#039;s    <\/a>\n  <\/div>\n<\/div>\n\n\n<div id=\"block-38\" class=\"wp-block-yellowtree-divider-card-item flex-1 d-flex flex-column position-relative text-center py-6 py-lg-10\">\n  <div class='mb-2'>\n    <div class='d-flex flex-column align-items-center gap-2'>\n      <i class='icon fs-lg-const fa-solid fa-location-dot' aria-hidden='true'><\/i>\n      <h3 class='mb-0'>\n        <span class=\"text-container\">\n          Deinen Besuch planen        <\/span>\n      <\/h3>\n    <\/div>\n  <\/div>\n  <div class='mt-auto'>\n    <a class='text-arrow-link fs-sm text-light-3' href=\"https:\/\/icf.church\/test\">\n      Los geht&#039;s    <\/a>\n  <\/div>\n<\/div>\n\n\n<div id=\"block-39\" class=\"wp-block-yellowtree-divider-card-item flex-1 d-flex flex-column position-relative text-center py-6 py-lg-10\">\n  <div class='mb-2'>\n    <div class='d-flex flex-column align-items-center gap-2'>\n      <i class='icon fs-lg-const fa-video' aria-hidden='true'><\/i>\n      <h3 class='mb-0'>\n        <span class=\"text-container\">\n          Online reinschauen        <\/span>\n      <\/h3>\n    <\/div>\n  <\/div>\n  <div class='mt-auto'>\n    <a class='text-arrow-link fs-sm text-light-3' href=\"https:\/\/youtube.com\">\n      Los geht&#039;s    <\/a>\n  <\/div>\n<\/div>\n<\/div>","protected":false},"excerpt":{"rendered":"<p>Unser Highlight an jedem Sonntag \u2013 die Celebrations \u2013 unser w\u00f6chentlicher Gottesdienst. Und der darf gern etwas anders sein: laut, fr\u00f6hlich und leidenschaftlich.<\/p>\n","protected":false},"author":59,"featured_media":1386,"parent":0,"menu_order":4,"comment_status":"closed","ping_status":"closed","template":"","meta":{"_acf_changed":false,"_seopress_titles_title":"ICF YOUTH SG - Jugendkirche im Herzen der Stadt St.Gallen","_seopress_titles_desc":"ICF Youth ist die Jugendkirche des ICF St. Gallen. Wir w\u00fcnschen uns eine energiegeladene, relevante und zeitgem\u00e4sse Kirche f\u00fcr die Stadt St.Gallen.","_seopress_robots_index":"","_seopress_robots_follow":"","_seopress_robots_imageindex":"","_seopress_robots_snippet":"","_seopress_robots_primary_cat":"","_seopress_robots_breadcrumbs":"","_seopress_robots_freeze_modified_date":"","_seopress_robots_custom_modified_date":"","_seopress_robots_canonical":"","_seopress_social_fb_title":"","_seopress_social_fb_desc":"","_seopress_social_fb_img":"","_seopress_social_fb_img_attachment_id":0,"_seopress_social_fb_img_width":0,"_seopress_social_fb_img_height":0,"_seopress_social_twitter_title":"","_seopress_social_twitter_desc":"","_seopress_social_twitter_img":"","_seopress_social_twitter_img_attachment_id":0,"_seopress_social_twitter_img_width":0,"_seopress_social_twitter_img_height":0,"_seopress_redirections_value":"","_seopress_redirections_enabled":"","_seopress_redirections_enabled_regex":"","_seopress_redirections_logged_status":"both","_seopress_redirections_param":"","_seopress_redirections_type":301,"_seopress_analysis_target_kw":"","_seopress_news_disabled":"","_seopress_video_disabled":"","_seopress_video":[{"url":"","title":"","desc":"","thumbnail":"","duration":"","rating":"","view_count":"","tag":""}],"_seopress_pro_schemas_manual":[],"_seopress_pro_rich_snippets_disable_all":"","_seopress_pro_rich_snippets_disable":[],"_seopress_pro_schemas":[],"yt_custom_styles_scss":"","yt_custom_styles_rounded_corners":false,"yt_custom_styles_color_scheme":"","footnotes":""},"class_list":["post-860","page","type-page","status-publish","has-post-thumbnail","hentry"],"acf":[],"_links":{"self":[{"href":"https:\/\/icf.church\/stgallen\/de\/wp-json\/wp\/v2\/pages\/860","targetHints":{"allow":["GET"]}}],"collection":[{"href":"https:\/\/icf.church\/stgallen\/de\/wp-json\/wp\/v2\/pages"}],"about":[{"href":"https:\/\/icf.church\/stgallen\/de\/wp-json\/wp\/v2\/types\/page"}],"author":[{"embeddable":true,"href":"https:\/\/icf.church\/stgallen\/de\/wp-json\/wp\/v2\/users\/59"}],"replies":[{"embeddable":true,"href":"https:\/\/icf.church\/stgallen\/de\/wp-json\/wp\/v2\/comments?post=860"}],"version-history":[{"count":60,"href":"https:\/\/icf.church\/stgallen\/de\/wp-json\/wp\/v2\/pages\/860\/revisions"}],"predecessor-version":[{"id":2788,"href":"https:\/\/icf.church\/stgallen\/de\/wp-json\/wp\/v2\/pages\/860\/revisions\/2788"}],"wp:featuredmedia":[{"embeddable":true,"href":"https:\/\/icf.church\/stgallen\/de\/wp-json\/wp\/v2\/media\/1386"}],"wp:attachment":[{"href":"https:\/\/icf.church\/stgallen\/de\/wp-json\/wp\/v2\/media?parent=860"}],"curies":[{"name":"wp","href":"https:\/\/api.w.org\/{rel}","templated":true}]}}