{"id":891,"date":"2026-04-24T15:03:48","date_gmt":"2026-04-24T13:03:05","guid":{"rendered":"https:\/\/new.icf.church\/stgallen\/besuchen-2-2-2-3\/"},"modified":"2026-08-23T16:53:04","modified_gmt":"2026-08-23T14:53:04","slug":"glaubenvertiefen","status":"publish","type":"page","link":"https:\/\/icf.church\/stgallen\/de\/glaubenvertiefen\/","title":{"rendered":"Glauben vertiefen"},"content":{"rendered":"\n<div id=\"block-3\" class=\"mb-4 wp-block-yellowtree-hero-stage\">\n    <div class=\"hero-stage \">\n        \n\n<div id=\"block-2\" class=\"hero-stage-content\">\n    <div class=\"hero-stage-content__background\">\n        <div class=\"overlay-black-25 h-100\">\n                            <img fetchpriority=\"high\" decoding=\"async\" width=\"2560\" height=\"1710\" src=\"https:\/\/icf.church\/stgallen\/wp-content\/uploads\/sites\/69\/2026\/08\/dsc00686-scaled.jpg\" class=\"hero-stage-media\" alt=\"\" style=\"object-position: 54% 3%;\" aria-hidden=\"true\" loading=\"eager\" srcset=\"https:\/\/icf.church\/stgallen\/wp-content\/uploads\/sites\/69\/2026\/08\/dsc00686-scaled.jpg 2560w, https:\/\/icf.church\/stgallen\/wp-content\/uploads\/sites\/69\/2026\/08\/dsc00686-300x200.jpg 300w, https:\/\/icf.church\/stgallen\/wp-content\/uploads\/sites\/69\/2026\/08\/dsc00686-1024x684.jpg 1024w, https:\/\/icf.church\/stgallen\/wp-content\/uploads\/sites\/69\/2026\/08\/dsc00686-768x513.jpg 768w, https:\/\/icf.church\/stgallen\/wp-content\/uploads\/sites\/69\/2026\/08\/dsc00686-1536x1026.jpg 1536w, https:\/\/icf.church\/stgallen\/wp-content\/uploads\/sites\/69\/2026\/08\/dsc00686-2048x1368.jpg 2048w\" sizes=\"(max-width: 2560px) 100vw, 2560px\" \/>                    <\/div>\n        <div class=\"hero-stage-gradient\"><\/div>\n    <\/div>\n    <div class=\"hero-stage-content__foreground is-layout-constrained\">\n        <h1 id=\"block-1\" class=\"display-1 text-center\">\n    Glauben vertiefen<\/h1>    <\/div>\n<\/div>\n    <\/div>\n<\/div>\n\n<h2 id=\"block-4\" class=\"mt-6 mb-2 h2 text-center\">\n  Gott will sein Reich auf Erden bauen \u2013 und zwar mit dir!<\/h2>\n\n<p id=\"block-5\" class=\"mt-4 mb-2 text-center wp-block-paragraph\">\n  In jeder Generation sucht Gott nach Menschen, die Ja sagen.<\/p>\n\n<p id=\"block-6\" class=\"mb-4 text-center wp-block-paragraph\">\n  <strong>Ja dazu, dass \u2026<\/strong><br>\u2026 Gott in ihrem Herzen und durch ihren Einsatz sein Reich baut.<br>\u2026 Menschen mit ihrer Hilfe ein geistliches Zuhause finden und ihren Platz in Gottes Familie einnehmen.<br>\u2026 durch ihren Invest Jesus \u00e4hnlicher werden und ihr gottgegebenes Potential entfalten.&nbsp;<\/p>\n\n<p id=\"block-7\" class=\"mt-6 mb-6 text-center wp-block-paragraph\">\n  <strong>Entdecke deinen n\u00e4chsten Schritt mit Jesus.<\/strong><\/p>\n\n<p id=\"block-8\" class=\"text-center wp-block-paragraph\">\n  Mit&nbsp;der <strong class=\"myprefix-text-bold\">Folge Gott Serie<\/strong> machen wir uns auf den Weg, um gemeinsam Gott zu entdecken, Freiheit zu erleben,<\/p>\n\n<p id=\"block-9\" class=\"text-center wp-block-paragraph\">\n  kraftvoll zu glauben und entschlossen zu leben.<\/p>\n\n<div id=\"block-29\" class=\"pt-2 pb-2 alignfull is-layout-constrained\">\n  <div>\n            <div class=\"row gx-4 gy-4 \">\n          \n\n<div id=\"block-28\" class=\"col wp-block-yellowtree-column col-12 d-flex flex-column with-streched-height-children align-items-stretch align-items-md-stretch\">\n  <div id=\"block-19\" class=\"pt-2 pb-2 alignfull is-layout-constrained\">\n  <div>\n            <div class=\"row gx-4 gy-4 \">\n          \n\n<div id=\"block-18\" class=\"col wp-block-yellowtree-column col-12 d-flex flex-column with-streched-height-children align-items-stretch align-items-md-stretch\">\n  <div id=\"block-17\" class=\"pt-2 pb-2 alignfull is-layout-constrained\">\n  <div>\n            <div class=\"row gx-4 gy-4 \">\n          \n\n<div id=\"block-16\" class=\"col wp-block-yellowtree-column col-12 d-flex flex-column with-streched-height-children align-items-stretch align-items-md-stretch\">\n  <div id=\"block-15\" class=\"wp-block-yellowtree-text-image d-flex flex-column flex-lg-row gap-3\">\n    \n\n<div id=\"block-10\" class=\"wp-block-yellowtree-locked-image\">\n    <img decoding=\"async\" width=\"1024\" height=\"1024\" src=\"https:\/\/icf.church\/stgallen\/wp-content\/uploads\/sites\/69\/2026\/07\/entdecke-gott_v2_web-1024x1024.jpg\" class=\"w-100 h-100 object-fit-cover\" alt=\"\" style=\"object-position: 55% 50%;\" loading=\"lazy\" sizes=\"(max-width: 992px) 100vw, 1600px\" srcset=\"https:\/\/icf.church\/stgallen\/wp-content\/uploads\/sites\/69\/2026\/07\/entdecke-gott_v2_web-1024x1024.jpg 1024w, https:\/\/icf.church\/stgallen\/wp-content\/uploads\/sites\/69\/2026\/07\/entdecke-gott_v2_web-300x300.jpg 300w, https:\/\/icf.church\/stgallen\/wp-content\/uploads\/sites\/69\/2026\/07\/entdecke-gott_v2_web-150x150.jpg 150w, https:\/\/icf.church\/stgallen\/wp-content\/uploads\/sites\/69\/2026\/07\/entdecke-gott_v2_web-768x768.jpg 768w, https:\/\/icf.church\/stgallen\/wp-content\/uploads\/sites\/69\/2026\/07\/entdecke-gott_v2_web-1536x1536.jpg 1536w, https:\/\/icf.church\/stgallen\/wp-content\/uploads\/sites\/69\/2026\/07\/entdecke-gott_v2_web.jpg 1920w\"><\/div>\n\n\n\n<div id=\"block-14\" class=\"card wp-block-yellowtree-text-card has-context-height\" style=\"--bs-card-bg:transparent;--bs-card-color:inherit\">\n  <div class=\"card-body px-4 py-6 p-sm-6 p-lg-8\">\n    \n\n<h2 id=\"block-11\">\n    Entdecke Gott<\/h2>\n\n\n<p id=\"block-12\">\n    Kirche erleben &#8211; Gott entdecken<br><br>W\u00e4hrend 10 Abenden treffen wir uns im Rahmen der Open Small Group und besch\u00e4ftigen uns ganz praktisch mit den Basics des Glaubens.<br><\/p>\n\n\n  <div>\n    <a id=\"block-13\" href=\"https:\/\/connect.donkeymobile.com\/share\/app.donkeymobile.sanktgallenicf?groupId=68f792a44128a46a7911fee5\" rel=\"\" target=\"_blank\" class=\"wp-block-yellowtree-button-link btn btn-default\">\n      <span>Mehr Infos<\/span>\n          <\/a>\n  <\/div>\n\n  <\/div>\n<\/div>\n<\/div><\/div>\n        <\/div>\n          <\/div>\n<\/div><\/div>\n        <\/div>\n          <\/div>\n<\/div>\n\n<div id=\"block-27\" class=\"pt-2 pb-2 alignfull is-layout-constrained\">\n  <div>\n            <div class=\"row gx-4 gy-4 \">\n          \n\n<div id=\"block-26\" class=\"col wp-block-yellowtree-column col-12 d-flex flex-column with-streched-height-children align-items-stretch align-items-md-stretch\">\n  <div id=\"block-25\" class=\"wp-block-yellowtree-text-image d-flex flex-column flex-lg-row gap-3\">\n    \n\n<div id=\"block-20\" class=\"wp-block-yellowtree-locked-image\">\n    <img decoding=\"async\" width=\"1024\" height=\"1024\" src=\"https:\/\/icf.church\/stgallen\/wp-content\/uploads\/sites\/69\/2026\/07\/erlebe-gott_web-1024x1024.jpg\" class=\"w-100 h-100 object-fit-cover\" alt=\"\" style=\"object-position: 55% 50%;\" loading=\"lazy\" sizes=\"(max-width: 992px) 100vw, 1600px\" srcset=\"https:\/\/icf.church\/stgallen\/wp-content\/uploads\/sites\/69\/2026\/07\/erlebe-gott_web-1024x1024.jpg 1024w, https:\/\/icf.church\/stgallen\/wp-content\/uploads\/sites\/69\/2026\/07\/erlebe-gott_web-300x300.jpg 300w, https:\/\/icf.church\/stgallen\/wp-content\/uploads\/sites\/69\/2026\/07\/erlebe-gott_web-150x150.jpg 150w, https:\/\/icf.church\/stgallen\/wp-content\/uploads\/sites\/69\/2026\/07\/erlebe-gott_web-768x768.jpg 768w, https:\/\/icf.church\/stgallen\/wp-content\/uploads\/sites\/69\/2026\/07\/erlebe-gott_web-1536x1536.jpg 1536w, https:\/\/icf.church\/stgallen\/wp-content\/uploads\/sites\/69\/2026\/07\/erlebe-gott_web.jpg 1920w\"><\/div>\n\n\n\n<div id=\"block-24\" class=\"card wp-block-yellowtree-text-card has-context-height\" style=\"--bs-card-bg:transparent;--bs-card-color:inherit\">\n  <div class=\"card-body px-4 py-6 p-sm-6 p-lg-8\">\n    \n\n<h2 id=\"block-21\">\n    Erlebe Gott<\/h2>\n\n\n<p id=\"block-22\">\n    G\u00f6ttliche Freiheit erleben<br><br>M\u00f6chtest du in deiner Beziehung mit Jesus wachsen und dein Glaube auf ein festes Fundament stellen? Sehnst du dich danach in der Freiheit und Kraft Gottes zu laufen? Dann ist diese Group genau f\u00fcr dich. \u00dcber 12 Wochen bekommst du wichtiges Know-how an die Hand, um die unsichtbare Welt besser zu verstehen und lernst geistliche Grundprinzipien kennen, die du ganz praktisch in deinem Leben anwenden kannst.<br><br><strong>Themen<\/strong><br>&#8211; Leben mit dem Heiligen Geist<br>&#8211; Wie kann ich Gottes Stimme h\u00f6ren?<br>&#8211; Kraft der Bibel im Alltag erleben<br>&#8211; Wie lebe ich gesunde Beziehungen und Sexualit\u00e4t?<br>&#8211; Versuchung \u00fcberwinden<br><br>W\u00e4hrend 12 Abenden besch\u00e4ftigen wir uns mit geistlichen Prinzipien und deren praktischen Anwendung.<\/p>\n\n\n  <div>\n    <a id=\"block-23\" href=\"https:\/\/connect.donkeymobile.com\/share\/app.donkeymobile.sanktgallenicf?groupId=6876308aa906779b73143bd3\" rel=\"\" target=\"_blank\" class=\"wp-block-yellowtree-button-link btn btn-default\">\n      <span>Mehr Infos<\/span>\n          <\/a>\n  <\/div>\n\n  <\/div>\n<\/div>\n<\/div><\/div>\n        <\/div>\n          <\/div>\n<\/div><\/div>\n        <\/div>\n          <\/div>\n<\/div>\n\n<div id=\"block-37\" class=\"pt-2 pb-2 alignfull is-layout-constrained\">\n  <div>\n            <div class=\"row gx-4 gy-4 \">\n          \n\n<div id=\"block-36\" class=\"col wp-block-yellowtree-column col-12 d-flex flex-column with-streched-height-children align-items-stretch align-items-md-stretch\">\n  <div id=\"block-35\" class=\"wp-block-yellowtree-text-image d-flex flex-column flex-lg-row gap-3\">\n    \n\n<div id=\"block-30\" class=\"wp-block-yellowtree-locked-image\">\n    <img decoding=\"async\" width=\"1024\" height=\"1024\" src=\"https:\/\/icf.church\/stgallen\/wp-content\/uploads\/sites\/69\/2026\/07\/folge-gott_web-1024x1024.jpg\" class=\"w-100 h-100 object-fit-cover\" alt=\"\" style=\"object-position: 55% 50%;\" loading=\"lazy\" sizes=\"(max-width: 992px) 100vw, 1600px\" srcset=\"https:\/\/icf.church\/stgallen\/wp-content\/uploads\/sites\/69\/2026\/07\/folge-gott_web-1024x1024.jpg 1024w, https:\/\/icf.church\/stgallen\/wp-content\/uploads\/sites\/69\/2026\/07\/folge-gott_web-300x300.jpg 300w, https:\/\/icf.church\/stgallen\/wp-content\/uploads\/sites\/69\/2026\/07\/folge-gott_web-150x150.jpg 150w, https:\/\/icf.church\/stgallen\/wp-content\/uploads\/sites\/69\/2026\/07\/folge-gott_web-768x768.jpg 768w, https:\/\/icf.church\/stgallen\/wp-content\/uploads\/sites\/69\/2026\/07\/folge-gott_web-1536x1536.jpg 1536w, https:\/\/icf.church\/stgallen\/wp-content\/uploads\/sites\/69\/2026\/07\/folge-gott_web.jpg 1920w\"><\/div>\n\n\n\n<div id=\"block-34\" class=\"card wp-block-yellowtree-text-card has-context-height\" style=\"--bs-card-bg:transparent;--bs-card-color:inherit\">\n  <div class=\"card-body px-4 py-6 p-sm-6 p-lg-8\">\n    \n\n<h2 id=\"block-31\">\n    Folge Gott<\/h2>\n\n\n<p id=\"block-32\">\n    Berufung leben<br><br>\u00abFolge Gott\u00bb ist dein n\u00e4chster schritt, um Gottes Bestimmung f\u00fcr dein Leben zu entdecken und im Glauben zu wachsen. In diesem Kurs lernst du, wie du Menschen zu Jesus f\u00fchren und sie auf ihrem geistlichen Weg begleiten kannst. Du bekommst praktische Tools, um kraftvoll f\u00fcr Freunde zu beten, mit Entt\u00e4uschungen umzugehen und geistlich wie emotional gesund zu bleiben. Dabei geht es nicht nur um Wissen, sondern um gelebten Glauben im Alltag.<br><br><strong>Themen<\/strong><br>&#8211; Gottes Bestimmung entdecken<br>&#8211; Wie f\u00fchre ich Menschen zum Glauben an Jesus?<br>&#8211; Wie bete ich kraftvoll f\u00fcr Freunde?<br>&#8211; Wie begleite ich Menschen auf ihrem Glaubensweg?<br>&#8211; Wie \u00fcberwinde ich Entt\u00e4uschungen?<br>&#8211; Gottes Bestimmung leben bis zum Schluss<br><br>W\u00e4hrend 10 Abenden lernst du, wie du Menschen zu Jesus f\u00fchren und sie auf ihrem geistlichen Weg begleiten kannst.<\/p>\n\n\n  <div>\n    <a id=\"block-33\" href=\"https:\/\/connect.donkeymobile.com\/share\/app.donkeymobile.sanktgallenicf?groupId=6876308aa906779b73143bd3\" rel=\"\" target=\"_blank\" class=\"wp-block-yellowtree-button-link btn btn-default\">\n      <span>Mehr Infos<\/span>\n          <\/a>\n  <\/div>\n\n  <\/div>\n<\/div>\n<\/div><\/div>\n        <\/div>\n          <\/div>\n<\/div>","protected":false},"excerpt":{"rendered":"<p>Unser Highlight an jedem Sonntag \u2013 die Celebrations \u2013 unser w\u00f6chentlicher Gottesdienst. Und der darf gern etwas anders sein: laut, fr\u00f6hlich und leidenschaftlich.<\/p>\n","protected":false},"author":59,"featured_media":0,"parent":0,"menu_order":9,"comment_status":"closed","ping_status":"closed","template":"","meta":{"_acf_changed":false,"_seopress_titles_title":"","_seopress_titles_desc":"","_seopress_robots_index":"","_seopress_robots_follow":"","_seopress_robots_imageindex":"","_seopress_robots_snippet":"","_seopress_robots_primary_cat":"","_seopress_robots_breadcrumbs":"","_seopress_robots_freeze_modified_date":"","_seopress_robots_custom_modified_date":"","_seopress_robots_canonical":"","_seopress_social_fb_title":"","_seopress_social_fb_desc":"","_seopress_social_fb_img":"","_seopress_social_fb_img_attachment_id":0,"_seopress_social_fb_img_width":0,"_seopress_social_fb_img_height":0,"_seopress_social_twitter_title":"","_seopress_social_twitter_desc":"","_seopress_social_twitter_img":"","_seopress_social_twitter_img_attachment_id":0,"_seopress_social_twitter_img_width":0,"_seopress_social_twitter_img_height":0,"_seopress_redirections_value":"","_seopress_redirections_enabled":"","_seopress_redirections_enabled_regex":"","_seopress_redirections_logged_status":"both","_seopress_redirections_param":"","_seopress_redirections_type":301,"_seopress_analysis_target_kw":"","_seopress_news_disabled":"","_seopress_video_disabled":"","_seopress_video":[{"url":"","title":"","desc":"","thumbnail":"","duration":"","rating":"","view_count":"","tag":""}],"_seopress_pro_schemas_manual":[],"_seopress_pro_rich_snippets_disable_all":"","_seopress_pro_rich_snippets_disable":[],"_seopress_pro_schemas":[],"yt_custom_styles_scss":"","yt_custom_styles_rounded_corners":false,"yt_custom_styles_color_scheme":"","footnotes":""},"class_list":["post-891","page","type-page","status-publish","hentry"],"acf":[],"_links":{"self":[{"href":"https:\/\/icf.church\/stgallen\/de\/wp-json\/wp\/v2\/pages\/891","targetHints":{"allow":["GET"]}}],"collection":[{"href":"https:\/\/icf.church\/stgallen\/de\/wp-json\/wp\/v2\/pages"}],"about":[{"href":"https:\/\/icf.church\/stgallen\/de\/wp-json\/wp\/v2\/types\/page"}],"author":[{"embeddable":true,"href":"https:\/\/icf.church\/stgallen\/de\/wp-json\/wp\/v2\/users\/59"}],"replies":[{"embeddable":true,"href":"https:\/\/icf.church\/stgallen\/de\/wp-json\/wp\/v2\/comments?post=891"}],"version-history":[{"count":32,"href":"https:\/\/icf.church\/stgallen\/de\/wp-json\/wp\/v2\/pages\/891\/revisions"}],"predecessor-version":[{"id":2386,"href":"https:\/\/icf.church\/stgallen\/de\/wp-json\/wp\/v2\/pages\/891\/revisions\/2386"}],"wp:attachment":[{"href":"https:\/\/icf.church\/stgallen\/de\/wp-json\/wp\/v2\/media?parent=891"}],"curies":[{"name":"wp","href":"https:\/\/api.w.org\/{rel}","templated":true}]}}