{"id":111,"date":"2025-10-02T08:55:17","date_gmt":"2025-10-02T06:55:17","guid":{"rendered":"https:\/\/new.new.icf.church\/stuttgart\/?page_id=111"},"modified":"2026-08-10T18:30:49","modified_gmt":"2026-08-10T16:30:49","slug":"home","status":"publish","type":"page","link":"https:\/\/icf.church\/stuttgart\/de\/","title":{"rendered":"Home"},"content":{"rendered":"\n<div id=\"block-7\" class=\"is-style-startpage wp-block-yellowtree-hero-stage alignfull\">\n    <div class=\"hero-stage has-links\">\n        \n\n<div id=\"block-2\" class=\"hero-stage-content\">\n    <div class=\"hero-stage-content__background\">\n        <div class=\"overlay-black-25 h-100\">\n                            <img fetchpriority=\"high\" decoding=\"async\" width=\"1800\" height=\"580\" src=\"https:\/\/icf.church\/stuttgart\/wp-content\/uploads\/sites\/127\/2026\/05\/location-s.jpg\" class=\"hero-stage-media\" alt=\"\" style=\"object-position: 58% 59%;\" aria-hidden=\"true\" loading=\"eager\" srcset=\"https:\/\/icf.church\/stuttgart\/wp-content\/uploads\/sites\/127\/2026\/05\/location-s.jpg 1800w, https:\/\/icf.church\/stuttgart\/wp-content\/uploads\/sites\/127\/2026\/05\/location-s-300x97.jpg 300w, https:\/\/icf.church\/stuttgart\/wp-content\/uploads\/sites\/127\/2026\/05\/location-s-1024x330.jpg 1024w, https:\/\/icf.church\/stuttgart\/wp-content\/uploads\/sites\/127\/2026\/05\/location-s-768x247.jpg 768w, https:\/\/icf.church\/stuttgart\/wp-content\/uploads\/sites\/127\/2026\/05\/location-s-1536x495.jpg 1536w\" sizes=\"(max-width: 1800px) 100vw, 1800px\" \/>                    <\/div>\n        <div class=\"hero-stage-gradient\"><\/div>\n    <\/div>\n    <div class=\"hero-stage-content__foreground is-layout-constrained\">\n        <h1 id=\"block-1\" class=\"display-1 text-center\">\n    ICF Startup Stuttgart<\/h1>    <\/div>\n<\/div>\n\n\n<div id=\"block-6\" class=\"hero-stage-links is-layout-constrained count-3\">\n    <div class=\"icon-link-cards-layout column-gap-3 row-gap-1 justify-content-center break-md\">\n        \n\n<div id=\"block-3\" data-bs-theme=\"dark\" class=\"wp-block-yellowtree-icon-link-card\">\n  <div class='card-body flex-row justify-content-center align-items-center overflow-hidden gap-2 px-5 px-md-3 py-3 py-md-6'>\n    <div class='d-flex align-items-center gap-4 me-auto me-md-0 flex-md-column text-md-center gap-md-3'>\n      <i class='icon-square fs-2 fs-md-lg-const fa-solid fa-hands' aria-hidden='true'><\/i>\n      <a class='stretched-link fs-base-const' href='https:\/\/icf.church\/stuttgart\/de\/about\/' target=''>\n        Neu hier?      <\/a>\n    <\/div>\n          <i class=\"icon fs-base-const fa-chevron-right ms-auto opacity-50 d-md-none\"><\/i>\n      <\/div>\n<\/div>\n\n\n<div id=\"block-4\" data-bs-theme=\"dark\" class=\"wp-block-yellowtree-icon-link-card\">\n  <div class='card-body flex-row justify-content-center align-items-center overflow-hidden gap-2 px-5 px-md-3 py-3 py-md-6'>\n    <div class='d-flex align-items-center gap-4 me-auto me-md-0 flex-md-column text-md-center gap-md-3'>\n      <i class='icon-square fs-2 fs-md-lg-const fa-solid fa-location-dot' aria-hidden='true'><\/i>\n      <a class='stretched-link fs-base-const' href='https:\/\/icf.church\/stuttgart\/de\/besuchen\/' target=''>\n        Besuchen      <\/a>\n    <\/div>\n          <i class=\"icon fs-base-const fa-chevron-right ms-auto opacity-50 d-md-none\"><\/i>\n      <\/div>\n<\/div>\n\n\n<div id=\"block-5\" data-bs-theme=\"dark\" class=\"wp-block-yellowtree-icon-link-card\">\n  <div class='card-body flex-row justify-content-center align-items-center overflow-hidden gap-2 px-5 px-md-3 py-3 py-md-6'>\n    <div class='d-flex align-items-center gap-4 me-auto me-md-0 flex-md-column text-md-center gap-md-3'>\n      <i class='icon-square fs-2 fs-md-lg-const fa-signal-stream' aria-hidden='true'><\/i>\n      <a class='stretched-link fs-base-const' href='https:\/\/icf.church\/stuttgart\/de\/predigten' target=''>\n        Predigt ansehen      <\/a>\n    <\/div>\n          <i class=\"icon fs-base-const fa-chevron-right ms-auto opacity-50 d-md-none\"><\/i>\n      <\/div>\n<\/div>\n    <\/div>\n<\/div>\n    <\/div>\n<\/div>\n\n<div id=\"block-15\" class=\"pt-4 pb-2 alignfull is-layout-constrained\">\n  <div>\n            <div class=\"row gx-4 gy-4 \">\n          \n\n<div id=\"block-14\" class=\"col wp-block-yellowtree-column col-12 d-flex flex-column justify-content-center align-items-center align-items-md-center\">\n  <h2 id=\"block-8\" class=\"mt-2 mb-2 h2 display-2 text-center\">\n  Willkommen im <br>ICF Startup Stuttgart<\/h2>\n\n<p id=\"block-9\" class=\"mt-2 mb-2 fs-base text-center wp-block-paragraph\">\n  Wir sind ein Teil des ICF Schwarzwald-Bodensees, eine Kirche mit mehreren Standorten.<\/p>\n\n<p id=\"block-10\" class=\"mt-2 mb-2 fs-base text-center wp-block-paragraph\">\n  Seit einigen Jahren bewegt uns der Gedanke, dass in Stuttgart (wieder) ein ICF entstehen soll. Im Februar 2025 haben wir im Gebet starke und klare Impulse bekommen \u2013 best\u00e4tigt durch prophetische Eindr\u00fccke und \u00fcberraschende Situationen von au\u00dfen. Es war, als w\u00fcrde Gott sehr deutlich sagen: <strong>Jetzt ist die Zeit.<\/strong><br>ICF ist eine \u00fcberkonfessionelle Kirche auf biblischer Grundlage, die aus dem Traum entstanden ist, Kirche f\u00fcr die Menschen wieder dynamisch, lebensnah und zeitgem\u00e4\u00df zu gestalten. Wir feiern gemeinsam den Glauben an Gott, integrieren ihn im Alltag und leben freundschaftliche Beziehungen.<\/p>\n\n<div id=\"block-13\" class=\"pt-2 pb-2 alignfull is-layout-constrained\">\n  <div>\n            <div class=\"row gx-4 gy-4 \">\n          \n\n<div id=\"block-12\" class=\"col wp-block-yellowtree-column col-12 d-flex flex-column justify-content-center align-items-center align-items-md-center\">\n  <div>\n    <a id=\"block-11\" href=\"https:\/\/icf.church\/swb\/de\/about\/\" rel=\"\" class=\"wp-block-yellowtree-button-link btn btn-default btn-sm\">\n      <span>\u00dcber uns<\/span>\n          <\/a>\n  <\/div><\/div>\n        <\/div>\n          <\/div>\n<\/div><\/div>\n        <\/div>\n          <\/div>\n<\/div>\n\n<div id=\"block-26\" class=\"pt-4 pb-2 alignfull is-layout-constrained\">\n  <div>\n            <div class=\"row gx-4 gy-4 \">\n          \n\n<div id=\"block-25\" class=\"col wp-block-yellowtree-column col-12 d-flex flex-column with-streched-height-children align-items-stretch align-items-md-stretch\">\n  <h3 id=\"block-16\" class=\"h3 display-3 text-center\">\n  Unser Auftrag<\/h3>\n\n<p id=\"block-17\" class=\"mb-6 fs-lg text-center wp-block-paragraph\">\n  Als Kirche ist es unsere Leidenschaft, dass Menschen Jesus Christus \u00e4hnlicher werden, furchtlos leben und ihr Umfeld positiv ver\u00e4ndern.<\/p>\n\n<div id=\"block-24\" class=\"pt-2 pb-2 alignfull is-layout-constrained\">\n  <div>\n            <div class=\"row gx-4 gy-4 \">\n          \n\n<div id=\"block-23\" class=\"col wp-block-yellowtree-column col-12 d-flex flex-column justify-content-center align-items-center align-items-md-stretch\">\n  <div id=\"block-22\" class=\"pt-2 pb-2 alignfull is-layout-constrained\">\n  <div>\n            <div class=\"row gx-4 gy-4 \">\n          \n\n<div id=\"block-18\" class=\"col wp-block-yellowtree-column col-12 col-lg-4 d-flex flex-column with-streched-height-children align-items-stretch align-items-lg-stretch\">\n  <\/div>\n\n\n<div id=\"block-20\" class=\"col wp-block-yellowtree-column col-12 col-lg-4 d-flex flex-column justify-content-start align-items-stretch align-items-lg-center\">\n  <div>\n    <a id=\"block-19\" href=\"https:\/\/icf.church\/vision\" rel=\"\" target=\"_blank\" class=\"wp-block-yellowtree-button-link btn btn-default\">\n      <span>Unsere Vision<\/span>\n              <i class=\"icon fs-base-const fa-solid fa-church\" aria-hidden=\"true\"><\/i>\n          <\/a>\n  <\/div><\/div>\n\n\n<div id=\"block-21\" class=\"col wp-block-yellowtree-column col-12 col-lg-4 d-flex flex-column with-streched-height-children align-items-stretch align-items-lg-stretch\">\n  <\/div>\n        <\/div>\n          <\/div>\n<\/div><\/div>\n        <\/div>\n          <\/div>\n<\/div><\/div>\n        <\/div>\n          <\/div>\n<\/div>\n\n\n<div id=\"block-32\" class=\"wp-block-yellowtree-fluid-gallery alignfull position-relative is-layout-constrained overflow-hidden\">\n        <div class=\"position-absolute top-2 start-0 end-0 d-none d-md-flex my-0\">\n        <div class=\"ms-auto\">\n            <a href=\"https:\/\/t.me\/icfstuttgart\" data-exclude=\"\" target=\"_blank\" class=\"btn btn-outline-default\" style=\"z-index:100\">\n                <i class=\"icon fa-plus\" aria-hidden=\"true\"><\/i>\n                Telegram Kanal beitreten            <\/a>\n        <\/div>\n    <\/div>\n        <div class=\"position-relative is-layout-constrained alignfull fluid-gallery-height\">\n        <div class=\"position-absolute start-0 end-0 top-0 bottom-0 d-flex justify-content-center align-items-center is-layout-constrained\">\n            <div class=\"fluid-gallery-gradient\"><\/div>\n        <\/div>\n        <div class=\"fluid-gallery-scroll-container d-flex h-100 alignfull position-relative subtle-scrollbar focus-ring\">\n            <div class=\"h-100 fluid-gallery-layout\">\n                <div id=\"block-27\" class=\"wp-block-yellowtree-fluid-gallery-image\">\n    <img decoding=\"async\" width=\"682\" height=\"1024\" src=\"https:\/\/icf.church\/stuttgart\/wp-content\/uploads\/sites\/127\/2026\/08\/photo_2026-08-10-00.43.36-682x1024.jpeg\" class=\"w-100 h-100 object-fit-cover rounded\" alt=\"\" draggable=\"false\" loading=\"lazy\" sizes=\"768px\" srcset=\"https:\/\/icf.church\/stuttgart\/wp-content\/uploads\/sites\/127\/2026\/08\/photo_2026-08-10-00.43.36-682x1024.jpeg 682w, https:\/\/icf.church\/stuttgart\/wp-content\/uploads\/sites\/127\/2026\/08\/photo_2026-08-10-00.43.36-200x300.jpeg 200w, https:\/\/icf.church\/stuttgart\/wp-content\/uploads\/sites\/127\/2026\/08\/photo_2026-08-10-00.43.36-768x1152.jpeg 768w, https:\/\/icf.church\/stuttgart\/wp-content\/uploads\/sites\/127\/2026\/08\/photo_2026-08-10-00.43.36.jpeg 853w\"><\/div>\n\n\n<div id=\"block-28\" class=\"wp-block-yellowtree-fluid-gallery-image\">\n    <img decoding=\"async\" width=\"682\" height=\"1024\" src=\"https:\/\/icf.church\/stuttgart\/wp-content\/uploads\/sites\/127\/2026\/08\/photo_2026-08-10-00.43.27-682x1024.jpeg\" class=\"w-100 h-100 object-fit-cover rounded\" alt=\"\" draggable=\"false\" loading=\"lazy\" sizes=\"768px\" srcset=\"https:\/\/icf.church\/stuttgart\/wp-content\/uploads\/sites\/127\/2026\/08\/photo_2026-08-10-00.43.27-682x1024.jpeg 682w, https:\/\/icf.church\/stuttgart\/wp-content\/uploads\/sites\/127\/2026\/08\/photo_2026-08-10-00.43.27-200x300.jpeg 200w, https:\/\/icf.church\/stuttgart\/wp-content\/uploads\/sites\/127\/2026\/08\/photo_2026-08-10-00.43.27-768x1152.jpeg 768w, https:\/\/icf.church\/stuttgart\/wp-content\/uploads\/sites\/127\/2026\/08\/photo_2026-08-10-00.43.27.jpeg 853w\"><\/div>\n\n\n<div id=\"block-29\" class=\"wp-block-yellowtree-fluid-gallery-image\">\n    <img decoding=\"async\" width=\"1024\" height=\"682\" src=\"https:\/\/icf.church\/stuttgart\/wp-content\/uploads\/sites\/127\/2026\/08\/photo_2026-08-10-00.44.01-1024x682.jpeg\" class=\"w-100 h-100 object-fit-cover rounded\" alt=\"\" draggable=\"false\" loading=\"lazy\" sizes=\"768px\" srcset=\"https:\/\/icf.church\/stuttgart\/wp-content\/uploads\/sites\/127\/2026\/08\/photo_2026-08-10-00.44.01-1024x682.jpeg 1024w, https:\/\/icf.church\/stuttgart\/wp-content\/uploads\/sites\/127\/2026\/08\/photo_2026-08-10-00.44.01-300x200.jpeg 300w, https:\/\/icf.church\/stuttgart\/wp-content\/uploads\/sites\/127\/2026\/08\/photo_2026-08-10-00.44.01-768x512.jpeg 768w, https:\/\/icf.church\/stuttgart\/wp-content\/uploads\/sites\/127\/2026\/08\/photo_2026-08-10-00.44.01.jpeg 1280w\"><\/div>\n\n\n<div id=\"block-30\" class=\"wp-block-yellowtree-fluid-gallery-image\">\n    <img decoding=\"async\" width=\"1024\" height=\"682\" src=\"https:\/\/icf.church\/stuttgart\/wp-content\/uploads\/sites\/127\/2026\/08\/photo_2026-08-10-00.44.16-1024x682.jpeg\" class=\"w-100 h-100 object-fit-cover rounded\" alt=\"\" draggable=\"false\" loading=\"lazy\" sizes=\"768px\" srcset=\"https:\/\/icf.church\/stuttgart\/wp-content\/uploads\/sites\/127\/2026\/08\/photo_2026-08-10-00.44.16-1024x682.jpeg 1024w, https:\/\/icf.church\/stuttgart\/wp-content\/uploads\/sites\/127\/2026\/08\/photo_2026-08-10-00.44.16-300x200.jpeg 300w, https:\/\/icf.church\/stuttgart\/wp-content\/uploads\/sites\/127\/2026\/08\/photo_2026-08-10-00.44.16-768x512.jpeg 768w, https:\/\/icf.church\/stuttgart\/wp-content\/uploads\/sites\/127\/2026\/08\/photo_2026-08-10-00.44.16.jpeg 1280w\"><\/div>\n\n\n<div id=\"block-31\" class=\"wp-block-yellowtree-fluid-gallery-image\">\n    <img decoding=\"async\" width=\"683\" height=\"1024\" src=\"https:\/\/icf.church\/stuttgart\/wp-content\/uploads\/sites\/127\/2026\/08\/dsc00812-683x1024.jpg\" class=\"w-100 h-100 object-fit-cover rounded\" alt=\"\" draggable=\"false\" loading=\"lazy\" sizes=\"768px\" srcset=\"https:\/\/icf.church\/stuttgart\/wp-content\/uploads\/sites\/127\/2026\/08\/dsc00812-683x1024.jpg 683w, https:\/\/icf.church\/stuttgart\/wp-content\/uploads\/sites\/127\/2026\/08\/dsc00812-200x300.jpg 200w, https:\/\/icf.church\/stuttgart\/wp-content\/uploads\/sites\/127\/2026\/08\/dsc00812-768x1152.jpg 768w, https:\/\/icf.church\/stuttgart\/wp-content\/uploads\/sites\/127\/2026\/08\/dsc00812-1024x1536.jpg 1024w, https:\/\/icf.church\/stuttgart\/wp-content\/uploads\/sites\/127\/2026\/08\/dsc00812-1365x2048.jpg 1365w, https:\/\/icf.church\/stuttgart\/wp-content\/uploads\/sites\/127\/2026\/08\/dsc00812-scaled.jpg 1707w\"><\/div>            <\/div>\n        <\/div>\n    <\/div>\n            <div class=\"d-md-none d-flex justify-content-center mt-2\">\n            <a href=\"https:\/\/t.me\/icfstuttgart\" data-exclude=\"\" target=\"_blank\" class=\"btn btn-outline-default\" style=\"z-index:100\">\n                <i class=\"icon fa-plus\" aria-hidden=\"true\"><\/i>\n                Telegram Kanal beitreten            <\/a>\n        <\/div>\n    <\/div>\n\n\n<div>\n  <div id=\"block-40\" class=\"mt-6 mb-10 wp-block-yellowtree-connect-social connect-social\">\n      \n\n<h2 id=\"block-33\" class=\"text-center display-2 mb-5\">\n    Stay Updated<\/h2>\n\n\n<p id=\"block-34\" class=\"text-center mb-6\">\n    Abonniere ICF Startup Stuttgart auf Telegram und Social Media und verpass nichts mehr. <br>Hier erh\u00e4ltst du regelm\u00e4\u00dfig kurze News &amp; Updates \u00fcber Angebote und Events.<\/p>\n\n\n<div id=\"block-39\" class=\"wp-block-yellowtree-connect-social-links d-flex gap-1 gap-md-5 justify-content-center\">\n  <html><body>\n\n<a id=\"block-35\" href=\"https:\/\/t.me\/icfstuttgart\" target=\"_blank\" data-variation=\"telegram\" class=\"wp-block-yellowtree-connect-social-link btn\" aria-label=\"Telegram Link\">\n  <i class=\"icon connect-social-icon fs-md-lg-const fs-h3-const fa-brands fa-telegram\" aria-hidden=\"true\"><\/i>\n<\/a>\n\n\n<a id=\"block-36\" href=\"https:\/\/www.instagram.com\/icfstuttgart\/\" target=\"_blank\" data-variation=\"instagram\" class=\"wp-block-yellowtree-connect-social-link btn\" aria-label=\"Instagram Link\">\n  <i class=\"icon connect-social-icon fs-md-lg-const fs-h3-const fa-brands fa-instagram\" aria-hidden=\"true\"><\/i>\n<\/a>\n\n\n<a id=\"block-37\" href=\"https:\/\/www.facebook.com\/people\/Vision-ICF-Stuttgart\/61586172725426\/\" target=\"_blank\" data-variation=\"facebook\" class=\"wp-block-yellowtree-connect-social-link btn\" aria-label=\"Facebook Link\">\n  <i class=\"icon connect-social-icon fs-md-lg-const fs-h3-const fa-brands fa-facebook\" aria-hidden=\"true\"><\/i>\n<\/a>\n\n\n<a id=\"block-38\" href=\"https:\/\/www.youtube.com\/channel\/UC-GjfyRo_W1FJ2D4gaX9Qgg\" target=\"_blank\" data-variation=\"youtube\" class=\"wp-block-yellowtree-connect-social-link btn\" aria-label=\"Youtube Link\">\n  <i class=\"icon connect-social-icon fs-md-lg-const fs-h3-const fa-brands fa-youtube\" aria-hidden=\"true\"><\/i>\n<\/a>\n<\/body><\/html><\/div>\n  <\/div>\n<\/div>\n\n\n\n<div id=\"block-44\" data-bs-theme=\"dark\" class=\"wp-block-yellowtree-divider-card card d-flex flex-column flex-lg-row py-6 py-lg-0\">\n  \n\n<div id=\"block-41\" class=\"wp-block-yellowtree-divider-card-item flex-1 d-flex flex-column position-relative text-center py-6 py-lg-10\">\n  <div class='mb-2'>\n    <div class='d-flex flex-column align-items-center gap-2'>\n      <i class='icon fs-lg-const fa-solid fa-comments' aria-hidden='true'><\/i>\n      <h3 class='mb-0'>\n        <span class=\"text-container\">\n          Stell deine Frage        <\/span>\n      <\/h3>\n    <\/div>\n  <\/div>\n  <div class='mt-auto'>\n    <a class='text-arrow-link fs-sm text-light-3' href=\"https:\/\/icf.church\/swb\/de\/kontakt\/\" target=\"_blank\">\n      Los geht&#039;s    <\/a>\n  <\/div>\n<\/div>\n\n\n<div id=\"block-42\" class=\"wp-block-yellowtree-divider-card-item flex-1 d-flex flex-column position-relative text-center py-6 py-lg-10\">\n  <div class='mb-2'>\n    <div class='d-flex flex-column align-items-center gap-2'>\n      <i class='icon fs-lg-const fa-location-smile' aria-hidden='true'><\/i>\n      <h3 class='mb-0'>\n        <span class=\"text-container\">\n          Deinen Besuch planen        <\/span>\n      <\/h3>\n    <\/div>\n  <\/div>\n  <div class='mt-auto'>\n    <a class='text-arrow-link fs-sm text-light-3' href=\"https:\/\/icf.church\/stuttgart\/de\/besuchen\/\">\n      Los geht&#039;s    <\/a>\n  <\/div>\n<\/div>\n\n\n<div id=\"block-43\" class=\"wp-block-yellowtree-divider-card-item flex-1 d-flex flex-column position-relative text-center py-6 py-lg-10\">\n  <div class='mb-2'>\n    <div class='d-flex flex-column align-items-center gap-2'>\n      <i class='icon fs-lg-const fa-video' aria-hidden='true'><\/i>\n      <h3 class='mb-0'>\n        <span class=\"text-container\">\n          Online reinschauen        <\/span>\n      <\/h3>\n    <\/div>\n  <\/div>\n  <div class='mt-auto'>\n    <a class='text-arrow-link fs-sm text-light-3' href=\"https:\/\/icf.church\/swb\/de\/online\/\" target=\"_blank\">\n      Los geht&#039;s    <\/a>\n  <\/div>\n<\/div>\n<\/div>","protected":false},"excerpt":{"rendered":"<p>Als ICF Stuttgart ist es unsere Leidenschaft, dass Menschen Jesus Christus \u00e4hnlicher werden, furchtlos leben und ihr Umfeld positiv ver\u00e4ndern.<\/p>\n","protected":false},"author":203,"featured_media":0,"parent":0,"menu_order":0,"comment_status":"closed","ping_status":"closed","template":"","meta":{"_acf_changed":false,"_seopress_titles_title":"","_seopress_titles_desc":"","_seopress_robots_index":"","_seopress_robots_follow":"","_seopress_robots_imageindex":"","_seopress_robots_snippet":"","_seopress_robots_primary_cat":"","_seopress_robots_breadcrumbs":"","_seopress_robots_freeze_modified_date":"","_seopress_robots_custom_modified_date":"","_seopress_robots_canonical":"","_seopress_social_fb_title":"","_seopress_social_fb_desc":"","_seopress_social_fb_img":"","_seopress_social_fb_img_attachment_id":0,"_seopress_social_fb_img_width":0,"_seopress_social_fb_img_height":0,"_seopress_social_twitter_title":"","_seopress_social_twitter_desc":"","_seopress_social_twitter_img":"","_seopress_social_twitter_img_attachment_id":0,"_seopress_social_twitter_img_width":0,"_seopress_social_twitter_img_height":0,"_seopress_redirections_value":"","_seopress_redirections_enabled":"","_seopress_redirections_enabled_regex":"","_seopress_redirections_logged_status":"both","_seopress_redirections_param":"","_seopress_redirections_type":301,"_seopress_analysis_target_kw":"","_seopress_news_disabled":"","_seopress_video_disabled":"","_seopress_video":[{"url":"","title":"","desc":"","thumbnail":"","duration":"","rating":"","view_count":"","tag":""}],"_seopress_pro_schemas_manual":[],"_seopress_pro_rich_snippets_disable_all":"","_seopress_pro_rich_snippets_disable":[],"_seopress_pro_schemas":[],"yt_custom_styles_scss":"","yt_custom_styles_rounded_corners":false,"yt_custom_styles_color_scheme":"","footnotes":""},"class_list":["post-111","page","type-page","status-publish","hentry"],"acf":[],"_links":{"self":[{"href":"https:\/\/icf.church\/stuttgart\/de\/wp-json\/wp\/v2\/pages\/111","targetHints":{"allow":["GET"]}}],"collection":[{"href":"https:\/\/icf.church\/stuttgart\/de\/wp-json\/wp\/v2\/pages"}],"about":[{"href":"https:\/\/icf.church\/stuttgart\/de\/wp-json\/wp\/v2\/types\/page"}],"author":[{"embeddable":true,"href":"https:\/\/icf.church\/stuttgart\/de\/wp-json\/wp\/v2\/users\/203"}],"replies":[{"embeddable":true,"href":"https:\/\/icf.church\/stuttgart\/de\/wp-json\/wp\/v2\/comments?post=111"}],"version-history":[{"count":39,"href":"https:\/\/icf.church\/stuttgart\/de\/wp-json\/wp\/v2\/pages\/111\/revisions"}],"predecessor-version":[{"id":928,"href":"https:\/\/icf.church\/stuttgart\/de\/wp-json\/wp\/v2\/pages\/111\/revisions\/928"}],"wp:attachment":[{"href":"https:\/\/icf.church\/stuttgart\/de\/wp-json\/wp\/v2\/media?parent=111"}],"curies":[{"name":"wp","href":"https:\/\/api.w.org\/{rel}","templated":true}]}}