{"id":860,"date":"2026-08-10T00:07:43","date_gmt":"2026-08-09T22:07:43","guid":{"rendered":"https:\/\/new.icf.church\/stuttgart\/?page_id=860"},"modified":"2026-08-10T01:07:31","modified_gmt":"2026-08-09T23:07:31","slug":"besuchen","status":"publish","type":"page","link":"https:\/\/icf.church\/stuttgart\/de\/besuchen\/","title":{"rendered":"Besuchen"},"content":{"rendered":"\n<div id=\"block-6\" class=\"mb-4 wp-block-yellowtree-hero-stage\">\n    <div class=\"hero-stage has-links\">\n        \n\n<div id=\"block-2\" class=\"hero-stage-content\">\n    <div class=\"hero-stage-content__background\">\n        <div class=\"overlay-black-25 h-100\">\n                            <img fetchpriority=\"high\" decoding=\"async\" width=\"1800\" height=\"580\" src=\"https:\/\/icf.church\/stuttgart\/wp-content\/uploads\/sites\/127\/2026\/05\/location-s.jpg\" class=\"hero-stage-media\" alt=\"Hochspannungs-Mast auf einem H\u00fcgel mit Stadt im Hintergrund.\" style=\"object-position: 4% 53%;\" aria-hidden=\"true\" loading=\"eager\" srcset=\"https:\/\/icf.church\/stuttgart\/wp-content\/uploads\/sites\/127\/2026\/05\/location-s.jpg 1800w, https:\/\/icf.church\/stuttgart\/wp-content\/uploads\/sites\/127\/2026\/05\/location-s-300x97.jpg 300w, https:\/\/icf.church\/stuttgart\/wp-content\/uploads\/sites\/127\/2026\/05\/location-s-1024x330.jpg 1024w, https:\/\/icf.church\/stuttgart\/wp-content\/uploads\/sites\/127\/2026\/05\/location-s-768x247.jpg 768w, https:\/\/icf.church\/stuttgart\/wp-content\/uploads\/sites\/127\/2026\/05\/location-s-1536x495.jpg 1536w\" sizes=\"(max-width: 1800px) 100vw, 1800px\" \/>                    <\/div>\n        <div class=\"hero-stage-gradient\"><\/div>\n    <\/div>\n    <div class=\"hero-stage-content__foreground is-layout-constrained\">\n        <h1 id=\"block-1\" class=\"display-1 text-center\">\n    Stuttgart<\/h1>    <\/div>\n<\/div>\n\n\n<div id=\"block-5\" class=\"hero-stage-links is-layout-constrained count-2\">\n    <div class=\"icon-link-cards-layout column-gap-3 row-gap-1 justify-content-center break-md\">\n        \n\n<div id=\"block-3\" data-bs-theme=\"dark\" class=\"wp-block-yellowtree-icon-link-card\">\n  <div class='card-body flex-row justify-content-center align-items-center overflow-hidden gap-2 px-5 px-md-3 py-3 py-md-6'>\n    <div class='d-flex align-items-center gap-4 me-auto me-md-0 flex-md-column text-md-center gap-md-3'>\n      <i class='icon-square fs-2 fs-md-lg-const fa-solid fa-party-horn' aria-hidden='true'><\/i>\n      <a class='stretched-link fs-base-const' href='#teambuildingzeiten' target=''>\n        Teambuilding Zeiten      <\/a>\n    <\/div>\n          <i class=\"icon fs-base-const fa-chevron-right ms-auto opacity-50 d-md-none\"><\/i>\n      <\/div>\n<\/div>\n\n\n<div id=\"block-4\" data-bs-theme=\"dark\" class=\"wp-block-yellowtree-icon-link-card\">\n  <div class='card-body flex-row justify-content-center align-items-center overflow-hidden gap-2 px-5 px-md-3 py-3 py-md-6'>\n    <div class='d-flex align-items-center gap-4 me-auto me-md-0 flex-md-column text-md-center gap-md-3'>\n      <i class='icon-square fs-2 fs-md-lg-const fa-solid fa-magnifying-glass' aria-hidden='true'><\/i>\n      <a class='stretched-link fs-base-const' href='#FAQ' target=''>\n        Good to know      <\/a>\n    <\/div>\n          <i class=\"icon fs-base-const fa-chevron-right ms-auto opacity-50 d-md-none\"><\/i>\n      <\/div>\n<\/div>\n    <\/div>\n<\/div>\n    <\/div>\n<\/div>\n\n<h2 id=\"teambuildingzeiten\" class=\"mt-4 mb-4 h2 display-2 text-center\">\n  Sch\u00f6n, dass du da bist<\/h2>\n\n<p id=\"block-7\" class=\"mb-4 text-center wp-block-paragraph\">\n  Jeden Mittwoch haben wir Teambuilding &#8211; wo wir gemeinsam als Team zusammenwachsen und die Kirche in Stuttgart aufbauen. <br>Jeder ist willkommen!<\/p>\n\n\n<div id=\"block-13\" class=\"wp-block-yellowtree-text-image d-flex flex-column flex-lg-row gap-3\">\n    \n\n<div id=\"block-8\" class=\"wp-block-yellowtree-locked-image\">\n    <img decoding=\"async\" width=\"682\" height=\"1024\" src=\"https:\/\/icf.church\/stuttgart\/wp-content\/uploads\/sites\/127\/2026\/08\/teambuilding-682x1024.jpeg\" class=\"w-100 h-100 object-fit-cover\" alt=\"\" style=\"object-position: 50% 50%;\" loading=\"lazy\" sizes=\"(max-width: 992px) 100vw, 1600px\" srcset=\"https:\/\/icf.church\/stuttgart\/wp-content\/uploads\/sites\/127\/2026\/08\/teambuilding-682x1024.jpeg 682w, https:\/\/icf.church\/stuttgart\/wp-content\/uploads\/sites\/127\/2026\/08\/teambuilding-200x300.jpeg 200w, https:\/\/icf.church\/stuttgart\/wp-content\/uploads\/sites\/127\/2026\/08\/teambuilding-768x1152.jpeg 768w, https:\/\/icf.church\/stuttgart\/wp-content\/uploads\/sites\/127\/2026\/08\/teambuilding.jpeg 853w\" \/><\/div>\n\n\n\n<div id=\"block-12\" data-bs-theme=\"dark\" class=\"card wp-block-yellowtree-text-card has-context-height\">\n  <div class=\"card-body px-4 py-6 p-sm-6 p-lg-8\">\n    \n\n<h2 id=\"block-9\">\n    Teambuilding<br>Stuttgart<\/h2>\n\n\n<p id=\"block-10\">\n    Jeden Mittwoch<br>Chill-In 19:00 Uhr | Start 19:30 Uhr<br><br><br>Adresse:<br>Gottlieb-Manz-Str.2<br>70794 Filderstadt<\/p>\n\n\n  <div>\n    <a id=\"block-11\" href=\"https:\/\/maps.app.goo.gl\/PgVwH2ABcQN5Vfd26\" rel=\"\" target=\"_blank\" class=\"wp-block-yellowtree-button-link btn btn-default\">\n      <span>Anfahrt planen<\/span>\n              <i class='icon fs-base-const fa-solid fa-location-dot' aria-hidden=\"true\"><\/i>\n          <\/a>\n  <\/div>\n\n  <\/div>\n<\/div>\n<\/div>\n\n\n<div id=\"block-21\" class=\"pt-2 pb-2 alignfull is-layout-constrained\">\n  <div>\n            <div class=\"row gx-4 gy-4 \">\n          \n\n<div id=\"block-20\" class=\"col wp-block-yellowtree-column col-12 d-flex flex-column with-streched-height-children align-items-stretch align-items-md-stretch\">\n  <div id=\"block-19\" class=\"wp-block-yellowtree-text-image d-flex flex-column flex-lg-row gap-3\">\n    \n\n<div id=\"block-14\" class=\"wp-block-yellowtree-locked-image\">\n    <img decoding=\"async\" width=\"1024\" height=\"771\" src=\"https:\/\/icf.church\/stuttgart\/wp-content\/uploads\/sites\/127\/2026\/08\/staff-0269-1024x771.jpg\" class=\"w-100 h-100 object-fit-cover\" alt=\"\" style=\"object-position: 50% 50%;\" loading=\"lazy\" sizes=\"(max-width: 992px) 100vw, 1600px\" srcset=\"https:\/\/icf.church\/stuttgart\/wp-content\/uploads\/sites\/127\/2026\/08\/staff-0269-1024x771.jpg 1024w, https:\/\/icf.church\/stuttgart\/wp-content\/uploads\/sites\/127\/2026\/08\/staff-0269-300x226.jpg 300w, https:\/\/icf.church\/stuttgart\/wp-content\/uploads\/sites\/127\/2026\/08\/staff-0269-768x578.jpg 768w, https:\/\/icf.church\/stuttgart\/wp-content\/uploads\/sites\/127\/2026\/08\/staff-0269-1536x1157.jpg 1536w, https:\/\/icf.church\/stuttgart\/wp-content\/uploads\/sites\/127\/2026\/08\/staff-0269-2048x1543.jpg 2048w\"><\/div>\n\n\n\n<div id=\"block-18\" data-bs-theme=\"dark\" class=\"card wp-block-yellowtree-text-card has-context-height\">\n  <div class=\"card-body px-4 py-6 p-sm-6 p-lg-8\">\n    \n\n<h2 id=\"block-15\">\n    Lead Pastoren<\/h2>\n\n\n<p id=\"block-16\">\n    David &amp; Sarah Rominger<br><br><br>Verpasse nichts, was bei uns l\u00e4uft:<\/p>\n\n\n  <div>\n    <a id=\"block-17\" href=\"https:\/\/t.me\/icfstuttgart\" rel=\"\" target=\"_blank\" class=\"wp-block-yellowtree-button-link btn btn-default\">\n      <span>Telegram Kanal beitreten<\/span>\n              <i class=\"icon fs-base-const fa-brands fa-telegram\" aria-hidden=\"true\"><\/i>\n          <\/a>\n  <\/div>\n\n  <\/div>\n<\/div>\n<\/div><\/div>\n        <\/div>\n          <\/div>\n<\/div>\n\n<h3 id=\"FAQ\" class=\"mt-8 h3 display-3 text-start\">\n  FAQ &#8211; Good to know<\/h3>\n\n<p id=\"block-22\" class=\"mb-4 text-start wp-block-paragraph\">\n  Du hast noch Fragen? Hier findest du Antworten<\/p>\n\n\n<div id=\"block-34\" class=\"accordion\">\n  <body>\n\n<div id=\"block-25\" data-bs-theme=\"dark\" class=\"overflow-hidden wp-block-yellowtree-accordion-item\">\n  <div class=\"accordion-header\">\n    <button class=\"accordion-button rounded-0 collapsed focus-ring-inset\" type=\"button\" data-bs-toggle=\"collapse\" data-bs-target=\"#block-25-collapse\" aria-expanded=\"false\" aria-controls=\"block-25-collapse\">\n      <div>\n        <h3 class=\"mb-0\">\n          Was ist ein Teambuilding und wie lange geht das?        <\/h3>\n              <\/div>\n      <div class=\"ms-auto accordion-icons icon-container-base\">\n        <i class=\"icon fa-arrow-right accordion-icon-default\"><\/i>\n        <i class=\"icon fa-close accordion-icon-alt\"><\/i>\n      <\/div>\n    <\/button>\n  <\/div>\n  <div id=\"block-25-collapse\" class=\"accordion-collapse collapse \">\n    <div class=\"accordion-body pt-0\">\n      <p id=\"block-23\" class=\"text-start wp-block-paragraph\">\n  Teambuildings sind daf\u00fcr da, dass wir als Team vor Ort zusammenwachsen, um gemeinsam das ICF Startup in Stuttgart voranzubringen.<\/p>\n\n<p id=\"block-24\" class=\"text-start wp-block-paragraph\">\n  Ein Teambuilding dauert knapp 90 Minuten und besteht aus Worship, wo wir gemeinsam singen einer Predigt, welche dich f\u00fcr deinen Alltag ermutigen soll und Zeiten von Gemeinschaft.<\/p>    <\/div>\n  <\/div>\n<\/div>\n\n\n<div id=\"block-27\" data-bs-theme=\"dark\" class=\"overflow-hidden wp-block-yellowtree-accordion-item\">\n  <div class=\"accordion-header\">\n    <button class=\"accordion-button rounded-0 collapsed focus-ring-inset\" type=\"button\" data-bs-toggle=\"collapse\" data-bs-target=\"#block-27-collapse\" aria-expanded=\"false\" aria-controls=\"block-27-collapse\">\n      <div>\n        <h3 class=\"mb-0\">\n          Was soll ich anziehen? Gibt es einen Dresscode?        <\/h3>\n              <\/div>\n      <div class=\"ms-auto accordion-icons icon-container-base\">\n        <i class=\"icon fa-arrow-right accordion-icon-default\"><\/i>\n        <i class=\"icon fa-close accordion-icon-alt\"><\/i>\n      <\/div>\n    <\/button>\n  <\/div>\n  <div id=\"block-27-collapse\" class=\"accordion-collapse collapse \">\n    <div class=\"accordion-body pt-0\">\n      <p id=\"block-26\" class=\"text-start wp-block-paragraph\">\n  Es gibt keinen Dresscode \u2013 du kannst einfach so kommen, wie du dich in deiner Freizeit kleidest und dich wohl f\u00fchlst.<\/p>    <\/div>\n  <\/div>\n<\/div>\n\n\n<div id=\"block-29\" data-bs-theme=\"dark\" class=\"overflow-hidden wp-block-yellowtree-accordion-item\">\n  <div class=\"accordion-header\">\n    <button class=\"accordion-button rounded-0 collapsed focus-ring-inset\" type=\"button\" data-bs-toggle=\"collapse\" data-bs-target=\"#block-29-collapse\" aria-expanded=\"false\" aria-controls=\"block-29-collapse\">\n      <div>\n        <h3 class=\"mb-0\">\n          Wieviel vor Beginn soll ich da sein?        <\/h3>\n              <\/div>\n      <div class=\"ms-auto accordion-icons icon-container-base\">\n        <i class=\"icon fa-arrow-right accordion-icon-default\"><\/i>\n        <i class=\"icon fa-close accordion-icon-alt\"><\/i>\n      <\/div>\n    <\/button>\n  <\/div>\n  <div id=\"block-29-collapse\" class=\"accordion-collapse collapse \">\n    <div class=\"accordion-body pt-0\">\n      <p id=\"block-28\" class=\"text-start wp-block-paragraph\">\n  Es lohnt sich immer, fr\u00fcher da zu sein! Egal ob du noch einen Kaffee trinken m\u00f6chtest oder einfach, um selbst richtig anzukommen. Komm gerne 10 \u2013 30 Minuten vor dem Start.<\/p>    <\/div>\n  <\/div>\n<\/div>\n\n\n<div id=\"block-31\" data-bs-theme=\"dark\" class=\"overflow-hidden wp-block-yellowtree-accordion-item\">\n  <div class=\"accordion-header\">\n    <button class=\"accordion-button rounded-0 collapsed focus-ring-inset\" type=\"button\" data-bs-toggle=\"collapse\" data-bs-target=\"#block-31-collapse\" aria-expanded=\"false\" aria-controls=\"block-31-collapse\">\n      <div>\n        <h3 class=\"mb-0\">\n          Wo kann ich parken?        <\/h3>\n              <\/div>\n      <div class=\"ms-auto accordion-icons icon-container-base\">\n        <i class=\"icon fa-arrow-right accordion-icon-default\"><\/i>\n        <i class=\"icon fa-close accordion-icon-alt\"><\/i>\n      <\/div>\n    <\/button>\n  <\/div>\n  <div id=\"block-31-collapse\" class=\"accordion-collapse collapse \">\n    <div class=\"accordion-body pt-0\">\n      <p id=\"block-30\" class=\"text-start wp-block-paragraph\">\n  Vor Ort stehen Parkpl\u00e4tze zur Verf\u00fcgung.<\/p>    <\/div>\n  <\/div>\n<\/div>\n\n\n<div id=\"block-33\" data-bs-theme=\"dark\" class=\"overflow-hidden wp-block-yellowtree-accordion-item\">\n  <div class=\"accordion-header\">\n    <button class=\"accordion-button rounded-0 collapsed focus-ring-inset\" type=\"button\" data-bs-toggle=\"collapse\" data-bs-target=\"#block-33-collapse\" aria-expanded=\"false\" aria-controls=\"block-33-collapse\">\n      <div>\n        <h3 class=\"mb-0\">\n          Du hast weiteren Fragen?        <\/h3>\n              <\/div>\n      <div class=\"ms-auto accordion-icons icon-container-base\">\n        <i class=\"icon fa-arrow-right accordion-icon-default\"><\/i>\n        <i class=\"icon fa-close accordion-icon-alt\"><\/i>\n      <\/div>\n    <\/button>\n  <\/div>\n  <div id=\"block-33-collapse\" class=\"accordion-collapse collapse \">\n    <div class=\"accordion-body pt-0\">\n      <p id=\"block-32\" class=\"text-start wp-block-paragraph\">\n  Wenn du weitere Fragen hast nutze gerne unser <a href=\"https:\/\/icf.church\/swb\/de\/kontakt\/\">Kontaktformular!<\/a><\/p>    <\/div>\n  <\/div>\n<\/div>\n<\/body><\/div>\n\n<p id=\"block-35\" class=\"mt-4 mb-4 text-start wp-block-paragraph\">\n  <\/p>\n\n\n<div>\n  <div id=\"block-43\" class=\"mt-10 mb-10 wp-block-yellowtree-connect-social connect-social\">\n      \n\n<h2 id=\"block-36\" class=\"text-center display-2 mb-5\">\n    Stay Updated<\/h2>\n\n\n<p id=\"block-37\" class=\"text-center mb-6\">\n    Abonniere ICF Startup Stuttgart auf Telegram und Social Media und verpass nichts mehr.<br>Hier erh\u00e4ltst du regelm\u00e4ssig kurze News &amp; Updates \u00fcber Angebote und Events.<\/p>\n\n\n<div id=\"block-42\" class=\"wp-block-yellowtree-connect-social-links d-flex gap-1 gap-md-5 justify-content-center\">\n  <html><body>\n\n<a id=\"block-38\" href=\"https:\/\/t.me\/icfstuttgart\" target=\"_blank\" data-variation=\"telegram\" class=\"wp-block-yellowtree-connect-social-link btn\" aria-label=\"Telegram Link\">\n  <i class=\"icon connect-social-icon fs-md-lg-const fs-h3-const fa-brands fa-telegram\" aria-hidden=\"true\"><\/i>\n<\/a>\n\n\n<a id=\"block-39\" href=\"https:\/\/www.instagram.com\/icfstuttgart\/\" target=\"_blank\" data-variation=\"instagram\" class=\"wp-block-yellowtree-connect-social-link btn\" aria-label=\"Instagram Link\">\n  <i class=\"icon connect-social-icon fs-md-lg-const fs-h3-const fa-brands fa-instagram\" aria-hidden=\"true\"><\/i>\n<\/a>\n\n\n<a id=\"block-40\" href=\"https:\/\/www.facebook.com\/people\/Vision-ICF-Stuttgart\/61586172725426\/\" target=\"_blank\" data-variation=\"facebook\" class=\"wp-block-yellowtree-connect-social-link btn\" aria-label=\"Facebook Link\">\n  <i class=\"icon connect-social-icon fs-md-lg-const fs-h3-const fa-brands fa-facebook\" aria-hidden=\"true\"><\/i>\n<\/a>\n\n\n<a id=\"block-41\" href=\"https:\/\/www.youtube.com\/channel\/UC-GjfyRo_W1FJ2D4gaX9Qgg\" target=\"_blank\" data-variation=\"youtube\" class=\"wp-block-yellowtree-connect-social-link btn\" aria-label=\"Youtube Link\">\n  <i class=\"icon connect-social-icon fs-md-lg-const fs-h3-const fa-brands fa-youtube\" aria-hidden=\"true\"><\/i>\n<\/a>\n<\/body><\/html><\/div>\n  <\/div>\n<\/div>\n\n\n\n<div id=\"block-46\" data-bs-theme=\"dark\" class=\"wp-block-yellowtree-divider-card card d-flex flex-column flex-lg-row py-6 py-lg-0\">\n  \n\n<div id=\"block-44\" class=\"wp-block-yellowtree-divider-card-item flex-1 d-flex flex-column position-relative text-center py-6 py-lg-10\">\n  <div class='mb-2'>\n    <div class='d-flex flex-column align-items-center gap-2'>\n      <i class='icon fs-lg-const fa-solid fa-users' aria-hidden='true'><\/i>\n      <h3 class='mb-0'>\n        <span class=\"text-container\">\n          Anschluss finden        <\/span>\n      <\/h3>\n    <\/div>\n  <\/div>\n  <div class='mt-auto'>\n    <a class='text-arrow-link fs-sm text-light-3' href=\"https:\/\/icf.church\/stuttgart\/de\/findeanschluss\/\">\n      Los geht&#039;s    <\/a>\n  <\/div>\n<\/div>\n\n\n<div id=\"block-45\" class=\"wp-block-yellowtree-divider-card-item flex-1 d-flex flex-column position-relative text-center py-6 py-lg-10\">\n  <div class='mb-2'>\n    <div class='d-flex flex-column align-items-center gap-2'>\n      <i class='icon fs-lg-const fa-solid fa-magnifying-glass' aria-hidden='true'><\/i>\n      <h3 class='mb-0'>\n        <span class=\"text-container\">\n          Angebote entdecken        <\/span>\n      <\/h3>\n    <\/div>\n  <\/div>\n  <div class='mt-auto'>\n    <a class='text-arrow-link fs-sm text-light-3' href=\"https:\/\/icf.church\/stuttgart\/de\/angebote\">\n      Los geht&#039;s    <\/a>\n  <\/div>\n<\/div>\n<\/div>","protected":false},"excerpt":{"rendered":"<p>Wir freuen uns, dich beim Teambuilding zu sehen!<\/p>\n","protected":false},"author":49,"featured_media":918,"parent":0,"menu_order":0,"comment_status":"closed","ping_status":"closed","template":"","meta":{"_acf_changed":false,"_seopress_titles_title":"","_seopress_titles_desc":"","_seopress_robots_index":"","_seopress_robots_follow":"","_seopress_robots_imageindex":"","_seopress_robots_snippet":"","_seopress_robots_primary_cat":"","_seopress_robots_breadcrumbs":"","_seopress_robots_freeze_modified_date":"","_seopress_robots_custom_modified_date":"","_seopress_robots_canonical":"","_seopress_social_fb_title":"","_seopress_social_fb_desc":"","_seopress_social_fb_img":"","_seopress_social_fb_img_attachment_id":0,"_seopress_social_fb_img_width":0,"_seopress_social_fb_img_height":0,"_seopress_social_twitter_title":"","_seopress_social_twitter_desc":"","_seopress_social_twitter_img":"","_seopress_social_twitter_img_attachment_id":0,"_seopress_social_twitter_img_width":0,"_seopress_social_twitter_img_height":0,"_seopress_redirections_value":"","_seopress_redirections_enabled":"","_seopress_redirections_enabled_regex":"","_seopress_redirections_logged_status":"","_seopress_redirections_param":"","_seopress_redirections_type":0,"_seopress_analysis_target_kw":"","_seopress_news_disabled":"","_seopress_video_disabled":"","_seopress_video":[],"_seopress_pro_schemas_manual":[],"_seopress_pro_rich_snippets_disable_all":"","_seopress_pro_rich_snippets_disable":[],"_seopress_pro_schemas":[],"yt_custom_styles_scss":"","yt_custom_styles_rounded_corners":false,"yt_custom_styles_color_scheme":"","footnotes":""},"class_list":["post-860","page","type-page","status-publish","has-post-thumbnail","hentry"],"acf":[],"_links":{"self":[{"href":"https:\/\/icf.church\/stuttgart\/de\/wp-json\/wp\/v2\/pages\/860","targetHints":{"allow":["GET"]}}],"collection":[{"href":"https:\/\/icf.church\/stuttgart\/de\/wp-json\/wp\/v2\/pages"}],"about":[{"href":"https:\/\/icf.church\/stuttgart\/de\/wp-json\/wp\/v2\/types\/page"}],"author":[{"embeddable":true,"href":"https:\/\/icf.church\/stuttgart\/de\/wp-json\/wp\/v2\/users\/49"}],"replies":[{"embeddable":true,"href":"https:\/\/icf.church\/stuttgart\/de\/wp-json\/wp\/v2\/comments?post=860"}],"version-history":[{"count":5,"href":"https:\/\/icf.church\/stuttgart\/de\/wp-json\/wp\/v2\/pages\/860\/revisions"}],"predecessor-version":[{"id":919,"href":"https:\/\/icf.church\/stuttgart\/de\/wp-json\/wp\/v2\/pages\/860\/revisions\/919"}],"wp:featuredmedia":[{"embeddable":true,"href":"https:\/\/icf.church\/stuttgart\/de\/wp-json\/wp\/v2\/media\/918"}],"wp:attachment":[{"href":"https:\/\/icf.church\/stuttgart\/de\/wp-json\/wp\/v2\/media?parent=860"}],"curies":[{"name":"wp","href":"https:\/\/api.w.org\/{rel}","templated":true}]}}