{"id":1129,"date":"2026-07-10T21:22:58","date_gmt":"2026-07-10T19:22:58","guid":{"rendered":"https:\/\/new.new.icf.church\/suedpfalz\/?page_id=1129"},"modified":"2026-08-20T18:25:06","modified_gmt":"2026-08-20T16:25:06","slug":"icf-kids","status":"publish","type":"page","link":"https:\/\/icf.church\/suedpfalz\/de\/icf-kids\/","title":{"rendered":"ICF Kids"},"content":{"rendered":"<div id=\"block-5\" class=\"pt-2 pb-2 alignfull is-layout-constrained\">\n  <div>\n            <div class=\"row gx-4 gy-4 \">\n          \n\n<div id=\"block-4\" class=\"col wp-block-yellowtree-column col-12 d-flex flex-column with-streched-height-children align-items-stretch align-items-md-stretch\">\n  <div id=\"block-3\" class=\"wp-block-yellowtree-hero-stage\">\n    <div class=\"hero-stage \">\n        \n\n<div id=\"block-2\" class=\"hero-stage-content\">\n    <div class=\"hero-stage-content__background\">\n        <div class=\"overlay-black-25 h-100\">\n                            <img fetchpriority=\"high\" decoding=\"async\" width=\"1920\" height=\"1080\" src=\"https:\/\/icf.church\/suedpfalz\/wp-content\/uploads\/sites\/151\/2026\/07\/icf-kids.jpg\" class=\"hero-stage-media\" alt=\"\" style=\"object-position: 50% 50%;\" aria-hidden=\"true\" loading=\"eager\" srcset=\"https:\/\/icf.church\/suedpfalz\/wp-content\/uploads\/sites\/151\/2026\/07\/icf-kids.jpg 1920w, https:\/\/icf.church\/suedpfalz\/wp-content\/uploads\/sites\/151\/2026\/07\/icf-kids-300x169.jpg 300w, https:\/\/icf.church\/suedpfalz\/wp-content\/uploads\/sites\/151\/2026\/07\/icf-kids-1024x576.jpg 1024w, https:\/\/icf.church\/suedpfalz\/wp-content\/uploads\/sites\/151\/2026\/07\/icf-kids-768x432.jpg 768w, https:\/\/icf.church\/suedpfalz\/wp-content\/uploads\/sites\/151\/2026\/07\/icf-kids-1536x864.jpg 1536w\" sizes=\"(max-width: 1920px) 100vw, 1920px\">                    <\/div>\n        <div class=\"hero-stage-gradient\"><\/div>\n    <\/div>\n    <div class=\"hero-stage-content__foreground is-layout-constrained\">\n        <h1 id=\"block-1\" class=\"display-1 text-center\">\n    <\/h1>    <\/div>\n<\/div>\n    <\/div>\n<\/div><\/div>\n        <\/div>\n          <\/div>\n<\/div>\n\n<div id=\"block-9\" class=\"pt-2 pb-2 alignfull is-layout-constrained\">\n  <div>\n          <div class=\"row\">\n        <div class=\"col-12 col-md-8 mx-auto\">\n                <div class=\"row gx-4 gy-4 \">\n          \n\n<div id=\"block-8\" class=\"col wp-block-yellowtree-column col-12 d-flex flex-column with-streched-height-children align-items-stretch align-items-md-stretch\">\n  <h2 id=\"block-6\" class=\"mt-2 mb-2 h2 display-2 text-center\">\n  ICF KIDS<\/h2>\n\n<h3 id=\"block-7\" class=\"h3 text-center\">\n  Als Kirche ist es unsere Leidenschaft, dass Kinder Jesus Christus als ihren besten Freund kennenlernen, ihm \u00e4hnlicher werden, furchtlos leben und ihr Umfeld positiv ver\u00e4ndern. Wir w\u00fcnschen uns, dass sonntags der sch\u00f6nste Tag der Woche f\u00fcr die Kids ist und dass sie sich von ihrem Vater im Himmel zutiefst geliebt wissen.<\/h3><\/div>\n        <\/div>\n                <\/div>\n      <\/div>\n      <\/div>\n<\/div>\n\n<div id=\"block-12\" class=\"pt-2 pb-2 alignfull is-layout-constrained\">\n  <div>\n            <div class=\"row gx-4 gy-4 \">\n          \n\n<div id=\"block-11\" class=\"col wp-block-yellowtree-column col-12 d-flex flex-column with-streched-height-children align-items-stretch align-items-md-stretch\">\n  <h3 id=\"block-10\" class=\"mt-4 h3 display-3 text-center\">\n  Angebote im Gottesdienst<\/h3><\/div>\n        <\/div>\n          <\/div>\n<\/div>\n\n<div id=\"block-19\" class=\"pt-2 pb-2 alignfull is-layout-constrained\">\n  <div>\n            <div class=\"row gx-4 gy-4 \">\n          \n\n<div id=\"block-14\" class=\"col wp-block-yellowtree-column col-12 col-md-6 col-lg-4 d-flex flex-column with-streched-height-children align-items-stretch align-items-lg-stretch\">\n  <article id=\"block-13\" data-bs-theme=\"dark\" class=\"wp-block-yellowtree-card card has-context-height\" style=\"--card-img-position:50% 50%\">\n      <div class=\"card-tags card-tags--float\">\n                <div class=\"badge text-bg-primary\" style=\"\">\n            0-3 Jahre          <\/div>\n          <\/div>\n        <img decoding=\"async\" width=\"1024\" height=\"576\" src=\"https:\/\/icf.church\/suedpfalz\/wp-content\/uploads\/sites\/151\/2026\/07\/family-live-talk-fullhd-leer-1024x576.jpg\" class=\"card-img-top\" alt=\"\" draggable=\"false\" loading=\"lazy\" srcset=\"https:\/\/icf.church\/suedpfalz\/wp-content\/uploads\/sites\/151\/2026\/07\/family-live-talk-fullhd-leer-1024x576.jpg 1024w, https:\/\/icf.church\/suedpfalz\/wp-content\/uploads\/sites\/151\/2026\/07\/family-live-talk-fullhd-leer-300x169.jpg 300w, https:\/\/icf.church\/suedpfalz\/wp-content\/uploads\/sites\/151\/2026\/07\/family-live-talk-fullhd-leer-768x432.jpg 768w, https:\/\/icf.church\/suedpfalz\/wp-content\/uploads\/sites\/151\/2026\/07\/family-live-talk-fullhd-leer.jpg 1280w\" sizes=\"(max-width: 1024px) 100vw, 1024px\">    <div class=\"card-body\">\n    <h3 class=\"card-title\">Eltern Kind Lounge<\/h3>\n    <p class=\"card-text\">In der Eltern Kind Lounge haben die Kleinen w\u00e4hrend dem Gottesdienst Zeit die Welt f\u00fcr sich zu entdecken und gemeinsam zu spielen, w\u00e4hrend die Eltern per Stream den Gottes&shy;dienst verfolgen und andere Eltern und Kinder kennenlernen.<\/p>\n      <\/div>\n<\/article><\/div>\n\n\n<div id=\"block-16\" class=\"col wp-block-yellowtree-column col-12 col-md-6 col-lg-4 d-flex flex-column with-streched-height-children align-items-stretch align-items-lg-stretch\">\n  <article id=\"block-15\" data-bs-theme=\"dark\" class=\"wp-block-yellowtree-card card has-context-height\" style=\"--card-img-position:50% 50%\">\n      <div class=\"card-tags card-tags--float\">\n                <div class=\"badge text-bg-primary\" style=\"\">\n            3-6 Jahre          <\/div>\n          <\/div>\n        <img decoding=\"async\" width=\"1024\" height=\"576\" src=\"https:\/\/icf.church\/suedpfalz\/wp-content\/uploads\/sites\/151\/2026\/07\/icf-kids-1024x576.jpg\" class=\"card-img-top\" alt=\"\" draggable=\"false\" loading=\"lazy\" srcset=\"https:\/\/icf.church\/suedpfalz\/wp-content\/uploads\/sites\/151\/2026\/07\/icf-kids-1024x576.jpg 1024w, https:\/\/icf.church\/suedpfalz\/wp-content\/uploads\/sites\/151\/2026\/07\/icf-kids-300x169.jpg 300w, https:\/\/icf.church\/suedpfalz\/wp-content\/uploads\/sites\/151\/2026\/07\/icf-kids-768x432.jpg 768w, https:\/\/icf.church\/suedpfalz\/wp-content\/uploads\/sites\/151\/2026\/07\/icf-kids-1536x864.jpg 1536w, https:\/\/icf.church\/suedpfalz\/wp-content\/uploads\/sites\/151\/2026\/07\/icf-kids.jpg 1920w\" sizes=\"(max-width: 1024px) 100vw, 1024px\">    <div class=\"card-body\">\n    <h3 class=\"card-title\">Amazing Kids<\/h3>\n    <p class=\"card-text\">Bei den Amazing Kids erwarten dich im Freispiel: malen, B\u00fccher anschauen, in der Kinderk\u00fcche kochen oder in der Bauecke mit Duplo bauen. Gemeinsam h\u00f6ren wir spannende Geschichten aus der Bibel, singen und tanzen zusammen und lernen Jesus besser kennen.<\/p>\n      <\/div>\n<\/article><\/div>\n\n\n<div id=\"block-18\" class=\"col wp-block-yellowtree-column col-12 col-lg-4 d-flex flex-column with-streched-height-children align-items-stretch align-items-lg-stretch\">\n  <article id=\"block-17\" data-bs-theme=\"dark\" class=\"wp-block-yellowtree-card card has-context-height\" style=\"--card-img-position:50% 50%\">\n      <div class=\"card-tags card-tags--float\">\n                <div class=\"badge text-bg-primary\" style=\"\">\n            6-12 Jahre          <\/div>\n          <\/div>\n        <img decoding=\"async\" width=\"1024\" height=\"576\" src=\"https:\/\/icf.church\/suedpfalz\/wp-content\/uploads\/sites\/151\/2026\/07\/neue-website_-preteens-1024x576.jpg\" class=\"card-img-top\" alt=\"\" draggable=\"false\" loading=\"lazy\" srcset=\"https:\/\/icf.church\/suedpfalz\/wp-content\/uploads\/sites\/151\/2026\/07\/neue-website_-preteens-1024x576.jpg 1024w, https:\/\/icf.church\/suedpfalz\/wp-content\/uploads\/sites\/151\/2026\/07\/neue-website_-preteens-300x169.jpg 300w, https:\/\/icf.church\/suedpfalz\/wp-content\/uploads\/sites\/151\/2026\/07\/neue-website_-preteens-768x432.jpg 768w, https:\/\/icf.church\/suedpfalz\/wp-content\/uploads\/sites\/151\/2026\/07\/neue-website_-preteens-1536x864.jpg 1536w, https:\/\/icf.church\/suedpfalz\/wp-content\/uploads\/sites\/151\/2026\/07\/neue-website_-preteens.jpg 1920w\" sizes=\"(max-width: 1024px) 100vw, 1024px\">    <div class=\"card-body\">\n    <h3 class=\"card-title\">History Maker<\/h3>\n    <p class=\"card-text\">Lerne Jesus als Deinen besten Freund kennen: In unserer Freispielzeit kannst Du spielen, Tischkickern, zocken und mit deinen Freunden plaudern. In unserer Celebration erlebst du spannende biblische Geschichten, singst mit uns Worship Lieder, wir tauschen uns aus, beten zusammen und werden gemeinsam kreativ und aktiv.<\/p>\n      <\/div>\n<\/article><\/div>\n        <\/div>\n          <\/div>\n<\/div>\n\n<div id=\"block-22\" class=\"pt-2 pb-2 alignfull is-layout-constrained\">\n  <div>\n            <div class=\"row gx-4 gy-4 \">\n          \n\n<div id=\"block-21\" class=\"col wp-block-yellowtree-column col-12 d-flex flex-column with-streched-height-children align-items-stretch align-items-md-stretch\">\n  <h3 id=\"block-20\" class=\"mt-4 h3 display-3 text-center\">\n  Weitere Angebote<\/h3><\/div>\n        <\/div>\n          <\/div>\n<\/div>\n\n<div id=\"block-35\" class=\"pt-2 pb-2 alignfull is-layout-constrained\">\n  <div>\n            <div class=\"row gx-4 gy-4 \">\n          \n\n<div id=\"block-26\" class=\"col wp-block-yellowtree-column col-12 col-md-6 col-lg-4 d-flex flex-column with-streched-height-children align-items-stretch align-items-lg-stretch\">\n  <article id=\"block-25\" data-bs-theme=\"dark\" class=\"wp-block-yellowtree-card card has-context-height\" style=\"--card-img-position:50% 50%\">\n      <div class=\"card-tags card-tags--float\">\n                <div class=\"badge text-bg-primary\" style=\"\">\n            Ab 4 Jahren          <\/div>\n          <\/div>\n        <img decoding=\"async\" width=\"1024\" height=\"576\" src=\"https:\/\/icf.church\/suedpfalz\/wp-content\/uploads\/sites\/151\/2026\/08\/zweizeilige-headline-11-1024x576.jpg\" class=\"card-img-top\" alt=\"\" draggable=\"false\" loading=\"lazy\" srcset=\"https:\/\/icf.church\/suedpfalz\/wp-content\/uploads\/sites\/151\/2026\/08\/zweizeilige-headline-11-1024x576.jpg 1024w, https:\/\/icf.church\/suedpfalz\/wp-content\/uploads\/sites\/151\/2026\/08\/zweizeilige-headline-11-300x169.jpg 300w, https:\/\/icf.church\/suedpfalz\/wp-content\/uploads\/sites\/151\/2026\/08\/zweizeilige-headline-11-768x432.jpg 768w, https:\/\/icf.church\/suedpfalz\/wp-content\/uploads\/sites\/151\/2026\/08\/zweizeilige-headline-11-1536x864.jpg 1536w, https:\/\/icf.church\/suedpfalz\/wp-content\/uploads\/sites\/151\/2026\/08\/zweizeilige-headline-11.jpg 1920w\" sizes=\"(max-width: 1024px) 100vw, 1024px\">    <div class=\"card-body\">\n    <h3 class=\"card-title\">Royal Rangers<\/h3>\n    <p class=\"card-text\">Keine Lust auf Langeweile? Willst du stattdessen gemeinsam Abenteuer erleben und mit anderen Kindern Spa\u00df haben? Dann bist du genau richtig bei den Royal Rangers Landau (christliche Pfadfinder). Neben vielf\u00e4ltigen Aktionen geht es darum, die Kinder f\u00fcr den christlichen Glauben zu begeistern. Wir machen uns mit Gott auf den Weg und entdecken die Sch\u00e4tze, die er f\u00fcr uns bereith\u00e4lt. Wenn du Lust hast, schau einfach vorbei.<br><br>Jeden Freitag | 16:30 &#8211; 18:30 Uhr<br>(au\u00dfer in den Schulferien)<br>\ud83d\udccdHaus S\u00fcdstern e.V. | Wei\u00dfenburgerstr. 30 | Landau<\/p>\n    <div id=\"block-24\" class=\"wp-block-yellowtree-card-buttons card-buttons\">\n  \n\n  <div>\n    <a id=\"block-23\" href=\"https:\/\/icf.church\/suedpfalz\/de\/royal-rangers\" class=\"wp-block-yellowtree-card-button btn btn-sm btn-secondary\">\n      <span>Anmeldung<\/span>\n              <i class=\"icon fs-base-const fa-arrow-right\" aria-hidden=\"true\"><\/i>\n          <\/a>\n  <\/div>\n\n<\/div>  <\/div>\n<\/article><\/div>\n\n\n<div id=\"block-30\" class=\"col wp-block-yellowtree-column col-12 col-md-6 col-lg-4 d-flex flex-column with-streched-height-children align-items-stretch align-items-lg-stretch\">\n  <article id=\"block-29\" data-bs-theme=\"dark\" class=\"wp-block-yellowtree-card card has-context-height\" style=\"--card-img-position:50% 50%\">\n      <div class=\"card-tags card-tags--float\">\n                <div class=\"badge text-bg-primary\" style=\"\">\n            1.-2. Klasse          <\/div>\n          <\/div>\n        <img decoding=\"async\" width=\"1024\" height=\"576\" src=\"https:\/\/icf.church\/suedpfalz\/wp-content\/uploads\/sites\/151\/2026\/08\/superhelden-training-1-1024x576.jpg\" class=\"card-img-top\" alt=\"\" draggable=\"false\" loading=\"lazy\" srcset=\"https:\/\/icf.church\/suedpfalz\/wp-content\/uploads\/sites\/151\/2026\/08\/superhelden-training-1-1024x576.jpg 1024w, https:\/\/icf.church\/suedpfalz\/wp-content\/uploads\/sites\/151\/2026\/08\/superhelden-training-1-300x169.jpg 300w, https:\/\/icf.church\/suedpfalz\/wp-content\/uploads\/sites\/151\/2026\/08\/superhelden-training-1-768x432.jpg 768w, https:\/\/icf.church\/suedpfalz\/wp-content\/uploads\/sites\/151\/2026\/08\/superhelden-training-1-1536x864.jpg 1536w, https:\/\/icf.church\/suedpfalz\/wp-content\/uploads\/sites\/151\/2026\/08\/superhelden-training-1.jpg 1920w\" sizes=\"(max-width: 1024px) 100vw, 1024px\">    <div class=\"card-body\">\n    <h3 class=\"card-title\">Superhelden Training<\/h3>\n    <p class=\"card-text\">Soziale Kompetenzen st\u00e4rken! <br><br>Die Kinder trainieren an drei Terminen ihre \u201eSuperkr\u00e4fte\u201c \u2013 individuelle St\u00e4rken und soziale F\u00e4higkeiten.\u00a0 Ziel ist es, ihre Ressourcen zu f\u00f6rdern, soziale Interaktion zu verbessern und alltagstaugliche Hilfen zu vermitteln.<br><br>W\u00e4hrend des Trainings bietet ein Elterncaf\u00e9 Raum f\u00fcr Austausch und Impulse zu den Trainingsthemen der Kinder.<br><br>Unkostenbeitrag: 30 \u20ac pro Familie<br>Mehr Infos und Anmeldung: im Kalender<\/p>\n    <div id=\"block-28\" class=\"wp-block-yellowtree-card-buttons card-buttons\">\n  \n\n  <div>\n    <a id=\"block-27\" href=\"https:\/\/icf.church\/suedpfalz\/de\/angebote\/?q=Superhelden\" class=\"wp-block-yellowtree-card-button btn btn-sm btn-secondary\">\n      <span>Kalender<\/span>\n              <i class=\"icon fs-base-const fa-arrow-right\" aria-hidden=\"true\"><\/i>\n          <\/a>\n  <\/div>\n\n<\/div>  <\/div>\n<\/article><\/div>\n\n\n<div id=\"block-34\" class=\"col wp-block-yellowtree-column col-12 col-lg-4 d-flex flex-column with-streched-height-children align-items-stretch align-items-lg-stretch\">\n  <article id=\"block-33\" data-bs-theme=\"dark\" class=\"wp-block-yellowtree-card card has-context-height\" style=\"--card-img-position:50% 50%\">\n      <div class=\"card-tags card-tags--float\">\n                <div class=\"badge text-bg-primary\" style=\"\">\n            Ab 7. Klasse          <\/div>\n          <\/div>\n        <img decoding=\"async\" width=\"1024\" height=\"576\" src=\"https:\/\/icf.church\/suedpfalz\/wp-content\/uploads\/sites\/151\/2026\/08\/icf-teens-1024x576.jpg\" class=\"card-img-top\" alt=\"\" draggable=\"false\" loading=\"lazy\" srcset=\"https:\/\/icf.church\/suedpfalz\/wp-content\/uploads\/sites\/151\/2026\/08\/icf-teens-1024x576.jpg 1024w, https:\/\/icf.church\/suedpfalz\/wp-content\/uploads\/sites\/151\/2026\/08\/icf-teens-300x169.jpg 300w, https:\/\/icf.church\/suedpfalz\/wp-content\/uploads\/sites\/151\/2026\/08\/icf-teens-768x432.jpg 768w, https:\/\/icf.church\/suedpfalz\/wp-content\/uploads\/sites\/151\/2026\/08\/icf-teens-1536x864.jpg 1536w, https:\/\/icf.church\/suedpfalz\/wp-content\/uploads\/sites\/151\/2026\/08\/icf-teens.jpg 1920w\" sizes=\"(max-width: 1024px) 100vw, 1024px\">    <div class=\"card-body\">\n    <h3 class=\"card-title\">Teens Night<\/h3>\n    <p class=\"card-text\">Jeden 2. und 4. Freitag treffen wir uns abends zur Teens Night. Hier wollen wir gemeinsam Gott n\u00e4her kennenlernen und die Gemeinschaft mit Essen, Action, Spa\u00df und besonderen Unternehmungen genie\u00dfen.<br><br>Jeden 2. + 4. Freitag | 19:00 &#8211; 21:15 Uhr<br>\ud83d\udccdICF S\u00fcdpfalz<\/p>\n    <div id=\"block-32\" class=\"wp-block-yellowtree-card-buttons card-buttons\">\n  \n\n  <div>\n    <a id=\"block-31\" href=\"https:\/\/chat.whatsapp.com\/Kz0jkZcLddy7M06W81PwFe\" target=\"_blank\" class=\"wp-block-yellowtree-card-button btn btn-sm btn-secondary\">\n      <span>WhatsApp Chat<\/span>\n              <i class=\"icon fs-base-const fa-arrow-right\" aria-hidden=\"true\"><\/i>\n          <\/a>\n  <\/div>\n\n<\/div>  <\/div>\n<\/article><\/div>\n        <\/div>\n          <\/div>\n<\/div>\n\n<div id=\"block-37\" class=\"pt-2 pb-2 alignfull is-layout-constrained\">\n  <div>\n            <div class=\"row gx-4 gy-4 \">\n          \n\n<div id=\"block-36\" class=\"col wp-block-yellowtree-column col-12 d-flex flex-column with-streched-height-children align-items-stretch align-items-md-stretch\">\n  <\/div>\n        <\/div>\n          <\/div>\n<\/div>\n\n<div id=\"block-39\" class=\"pt-2 pb-2 alignfull is-layout-constrained\">\n  <div>\n            <div class=\"row gx-4 gy-4 \">\n          \n\n<div id=\"block-38\" class=\"col wp-block-yellowtree-column col-12 d-flex flex-column with-streched-height-children align-items-stretch align-items-md-stretch\">\n  <\/div>\n        <\/div>\n          <\/div>\n<\/div>\n\n<div id=\"block-47\" class=\"pt-2 pb-2 alignfull is-layout-constrained\">\n  <div>\n            <div class=\"row gx-4 gy-4 \">\n          \n\n<div id=\"block-46\" class=\"col wp-block-yellowtree-column col-12 d-flex flex-column with-streched-height-children align-items-stretch align-items-md-stretch\">\n  <div id=\"block-45\" class=\"wp-block-yellowtree-hero-stage\">\n    <div class=\"hero-stage has-links\">\n        \n\n<div id=\"block-41\" class=\"hero-stage-content\">\n    <div class=\"hero-stage-content__background\">\n        <div class=\"overlay-black-25 h-100\">\n                            <img decoding=\"async\" width=\"1024\" height=\"576\" src=\"https:\/\/icf.church\/suedpfalz\/wp-content\/uploads\/sites\/151\/2026\/07\/neue-website-familie-1024x576-1.jpg\" class=\"hero-stage-media\" alt=\"\" style=\"object-position: 50% 50%;\" aria-hidden=\"true\" loading=\"eager\" srcset=\"https:\/\/icf.church\/suedpfalz\/wp-content\/uploads\/sites\/151\/2026\/07\/neue-website-familie-1024x576-1.jpg 1024w, https:\/\/icf.church\/suedpfalz\/wp-content\/uploads\/sites\/151\/2026\/07\/neue-website-familie-1024x576-1-300x169.jpg 300w, https:\/\/icf.church\/suedpfalz\/wp-content\/uploads\/sites\/151\/2026\/07\/neue-website-familie-1024x576-1-768x432.jpg 768w\" sizes=\"(max-width: 1024px) 100vw, 1024px\">                    <\/div>\n        <div class=\"hero-stage-gradient\"><\/div>\n    <\/div>\n    <div class=\"hero-stage-content__foreground is-layout-constrained\">\n        <h1 id=\"block-40\" class=\"display-1 text-center\">\n    Family Live Talk<\/h1>    <\/div>\n<\/div>\n\n\n<div id=\"block-44\" class=\"hero-stage-links is-layout-constrained count-2\">\n    <div class=\"icon-link-cards-layout column-gap-3 row-gap-1 justify-content-center break-md\">\n        \n\n<div id=\"block-42\" data-bs-theme=\"dark\" class=\"wp-block-yellowtree-icon-link-card\">\n  <div class=\"card-body flex-row justify-content-center align-items-center overflow-hidden gap-2 px-5 px-md-3 py-3 py-md-6\">\n    <div class=\"d-flex align-items-center gap-4 me-auto me-md-0 flex-md-column text-md-center gap-md-3\">\n      <i class=\"icon-square fs-2 fs-md-lg-const fa-signal-stream\" aria-hidden=\"true\"><\/i>\n      <a class=\"stretched-link fs-base-const\" href=\"https:\/\/icf-karlsruhe-de.zoom.us\/j\/87814048359\" target=\"_blank\">\n        Zoom Link      <\/a>\n    <\/div>\n          <i class=\"icon fs-base-const fa-chevron-right ms-auto opacity-50 d-md-none\"><\/i>\n      <\/div>\n<\/div>\n\n\n<div id=\"block-43\" data-bs-theme=\"dark\" class=\"wp-block-yellowtree-icon-link-card\">\n  <div class=\"card-body flex-row justify-content-center align-items-center overflow-hidden gap-2 px-5 px-md-3 py-3 py-md-6\">\n    <div class=\"d-flex align-items-center gap-4 me-auto me-md-0 flex-md-column text-md-center gap-md-3\">\n      <i class=\"icon-square fs-2 fs-md-lg-const fa-solid fa-calendar-days\" aria-hidden=\"true\"><\/i>\n      <a class=\"stretched-link fs-base-const\" href=\"https:\/\/icf.church\/suedpfalz\/de\/angebote\/?q=Family%20Live%20Talk\" target=\"\">\n        Kommende Termine      <\/a>\n    <\/div>\n          <i class=\"icon fs-base-const fa-chevron-right ms-auto opacity-50 d-md-none\"><\/i>\n      <\/div>\n<\/div>\n    <\/div>\n<\/div>\n    <\/div>\n<\/div><\/div>\n        <\/div>\n          <\/div>\n<\/div>\n\n<div id=\"block-52\" class=\"pt-2 pb-2 alignfull is-layout-constrained\">\n  <div>\n          <div class=\"row\">\n        <div class=\"col-12 col-md-8 mx-auto\">\n                <div class=\"row gx-4 gy-4 \">\n          \n\n<div id=\"block-51\" class=\"col wp-block-yellowtree-column col-12 d-flex flex-column with-streched-height-children align-items-stretch align-items-md-stretch\">\n  <p id=\"block-48\" class=\"text-start wp-block-paragraph\">\n  Unser Traum als ICF Family Community ist es, Familien miteinander zu verbinden, dass neue Freundschaften entstehen, um in dieser besonderen Lebensphase gemeinsam unterwegs zu sein.<\/p>\n\n<p id=\"block-49\" class=\"text-start wp-block-paragraph\">\n  Familie sein ist eine spannende, wertvolle und herausfordernde Aufgabe. Als ICF Family Community ist es uns ein Anliegen, euch als Familie auf diesem spannenden Weg zu begleiten und mit euch gemeinsam in die n\u00e4chste Generation zu investieren. Deshalb wollen wir euch dabei unterst\u00fctzen, ermutigen und inspirieren.<\/p>\n\n<p id=\"block-50\" class=\"text-start wp-block-paragraph\">\n  Dir liegen Familien auf dem Herzen und du hast Freude dabei diese Community mitzugestalten? Dann melde dich bei uns.<\/p><\/div>\n        <\/div>\n                <\/div>\n      <\/div>\n      <\/div>\n<\/div>\n\n<div id=\"block-61\" class=\"pt-2 pb-2 alignfull is-layout-constrained\">\n  <div>\n            <div class=\"row gx-4 gy-4 \">\n          \n\n<div id=\"block-54\" class=\"col wp-block-yellowtree-column col-12 col-md-6 col-lg-3 d-flex flex-column with-streched-height-children align-items-stretch align-items-md-stretch\">\n  <figure class=\"wp-embed-aspect-16-9 wp-has-aspect-ratio wp-block-embed has-context-height is-provider-youtube is-type-video\">\n  <div class=\"ratio\" style=\"--bs-aspect-ratio:56.25%\">\n          <div class=\"media-defer rounded overflow-hidden bg-black\" data-defer-target=\"iframe\" data-defer-url=\"https:\/\/www.youtube.com\/embed\/YMpCTkMewZA?feature=oembed&amp;autoplay=1&amp;iv_load_policy=3&amp;rel=0&amp;dnt=0\" data-consent-required=\"marketing\">\n\n        <div class=\"media-defer__content h-100\" style=\"display: none;\">\n          <iframe width=\"500\" height=\"281\" frameborder=\"0\" allow=\"accelerometer; autoplay; clipboard-write; encrypted-media; gyroscope; picture-in-picture; web-share\" referrerpolicy=\"strict-origin-when-cross-origin\" allowfullscreen title=\"Family live Talk: &quot;Wie Glaube in der Familie lebendig wird&quot; - 18.3.2026\"><\/iframe>        <\/div>\n\n        <div class=\"media-defer__placeholder h-100 position-relative\">\n          <img decoding=\"async\" class=\"video-thumbnail w-100 h-100 object-fit-cover\" src=\"https:\/\/icf.church\/suedpfalz\/wp-content\/uploads\/sites\/151\/youtube-thumbs\/YMpCTkMewZA-hqdefault.jpg\" srcset=\"https:\/\/icf.church\/suedpfalz\/wp-content\/uploads\/sites\/151\/youtube-thumbs\/YMpCTkMewZA-maxresdefault.jpg 1280w, https:\/\/icf.church\/suedpfalz\/wp-content\/uploads\/sites\/151\/youtube-thumbs\/YMpCTkMewZA-hqdefault.jpg 480w, https:\/\/icf.church\/suedpfalz\/wp-content\/uploads\/sites\/151\/youtube-thumbs\/YMpCTkMewZA-sddefault.jpg 640w\" sizes=\"(max-width: 2560px) 100vw, 2560px\" alt=\"Family live Talk: &quot;Wie Glaube in der Familie lebendig wird&quot; - 18.3.2026\" draggable=\"false\" loading=\"lazy\">\n\n          <button class=\"video-toggle show\" type=\"button\" aria-label=\"Inhalte abspielen\">\n          <\/button>\n\n                      <img decoding=\"async\" class=\"position-absolute end-0 bottom-0 video-provider-image\" src=\"https:\/\/icf.church\/suedpfalz\/wp-content\/themes\/icf\/assets\/youtube-type-logo.svg\" alt=\"YouTube\" loading=\"lazy\">\n          \n          <div data-consent=\"marketing\" data-inverse class=\"position-absolute bottom-0 start-0 end-0 p-3 text-white bg-black bg-opacity-50 text-center\">\n            <p class=\"mb-0 small\">\n              \ud83c\udfa5 Mit deinem Klick werden Inhalte von Youtube geladen. Dabei erlaubst du Cookies f\u00fcr marketing. Mehr dazu in unserer  <a href=\"https:\/\/icf.church\/karlsruhe\/de\/datenschutz\/\" class=\"text-white\">Datenschutzerkl\u00e4rung<\/a>.            <\/p>\n          <\/div>\n        <\/div>\n      <\/div>\n      <\/div>\n\n  <\/figure><\/div>\n\n\n<div id=\"block-56\" class=\"col wp-block-yellowtree-column col-12 col-md-6 col-lg-3 d-flex flex-column with-streched-height-children align-items-stretch align-items-md-stretch\">\n  <figure class=\"wp-embed-aspect-16-9 wp-has-aspect-ratio wp-block-embed has-context-height is-provider-youtube is-type-video\">\n  <div class=\"ratio\" style=\"--bs-aspect-ratio:56.25%\">\n          <div class=\"media-defer rounded overflow-hidden bg-black\" data-defer-target=\"iframe\" data-defer-url=\"https:\/\/www.youtube.com\/embed\/rxAK2Si23hk?feature=oembed&amp;autoplay=1&amp;iv_load_policy=3&amp;rel=0&amp;dnt=0\" data-consent-required=\"marketing\">\n\n        <div class=\"media-defer__content h-100\" style=\"display: none;\">\n          <iframe width=\"500\" height=\"281\" frameborder=\"0\" allow=\"accelerometer; autoplay; clipboard-write; encrypted-media; gyroscope; picture-in-picture; web-share\" referrerpolicy=\"strict-origin-when-cross-origin\" allowfullscreen title=\"Family Live Talk - &quot;Kommunikation in der Familie&quot; mit Dorothea Bartel\"><\/iframe>        <\/div>\n\n        <div class=\"media-defer__placeholder h-100 position-relative\">\n          <img decoding=\"async\" class=\"video-thumbnail w-100 h-100 object-fit-cover\" src=\"https:\/\/icf.church\/suedpfalz\/wp-content\/uploads\/sites\/151\/youtube-thumbs\/rxAK2Si23hk-hqdefault.jpg\" srcset=\"https:\/\/icf.church\/suedpfalz\/wp-content\/uploads\/sites\/151\/youtube-thumbs\/rxAK2Si23hk-maxresdefault.jpg 1280w, https:\/\/icf.church\/suedpfalz\/wp-content\/uploads\/sites\/151\/youtube-thumbs\/rxAK2Si23hk-hqdefault.jpg 480w, https:\/\/icf.church\/suedpfalz\/wp-content\/uploads\/sites\/151\/youtube-thumbs\/rxAK2Si23hk-sddefault.jpg 640w\" sizes=\"(max-width: 2560px) 100vw, 2560px\" alt=\"Family Live Talk - &quot;Kommunikation in der Familie&quot; mit Dorothea Bartel\" draggable=\"false\" loading=\"lazy\">\n\n          <button class=\"video-toggle show\" type=\"button\" aria-label=\"Inhalte abspielen\">\n          <\/button>\n\n                      <img decoding=\"async\" class=\"position-absolute end-0 bottom-0 video-provider-image\" src=\"https:\/\/icf.church\/suedpfalz\/wp-content\/themes\/icf\/assets\/youtube-type-logo.svg\" alt=\"YouTube\" loading=\"lazy\">\n          \n          <div data-consent=\"marketing\" data-inverse class=\"position-absolute bottom-0 start-0 end-0 p-3 text-white bg-black bg-opacity-50 text-center\">\n            <p class=\"mb-0 small\">\n              \ud83c\udfa5 Mit deinem Klick werden Inhalte von Youtube geladen. Dabei erlaubst du Cookies f\u00fcr marketing. Mehr dazu in unserer  <a href=\"https:\/\/icf.church\/karlsruhe\/de\/datenschutz\/\" class=\"text-white\">Datenschutzerkl\u00e4rung<\/a>.            <\/p>\n          <\/div>\n        <\/div>\n      <\/div>\n      <\/div>\n\n  <\/figure><\/div>\n\n\n<div id=\"block-58\" class=\"col wp-block-yellowtree-column col-12 col-md-6 col-lg-3 d-flex flex-column with-streched-height-children align-items-stretch align-items-md-stretch\">\n  <figure class=\"wp-embed-aspect-16-9 wp-has-aspect-ratio wp-block-embed has-context-height is-provider-youtube is-type-video\">\n  <div class=\"ratio\" style=\"--bs-aspect-ratio:56.25%\">\n          <div class=\"media-defer rounded overflow-hidden bg-black\" data-defer-target=\"iframe\" data-defer-url=\"https:\/\/www.youtube.com\/embed\/yETggAzM0Fk?feature=oembed&amp;autoplay=1&amp;iv_load_policy=3&amp;rel=0&amp;dnt=0\" data-consent-required=\"marketing\">\n\n        <div class=\"media-defer__content h-100\" style=\"display: none;\">\n          <iframe width=\"500\" height=\"281\" frameborder=\"0\" allow=\"accelerometer; autoplay; clipboard-write; encrypted-media; gyroscope; picture-in-picture; web-share\" referrerpolicy=\"strict-origin-when-cross-origin\" allowfullscreen title=\"Family Live Talk - &quot;Bindung verstehen und leben&quot; mit Julia Wanitschek\"><\/iframe>        <\/div>\n\n        <div class=\"media-defer__placeholder h-100 position-relative\">\n          <img decoding=\"async\" class=\"video-thumbnail w-100 h-100 object-fit-cover\" src=\"https:\/\/icf.church\/suedpfalz\/wp-content\/uploads\/sites\/151\/youtube-thumbs\/yETggAzM0Fk-hqdefault.jpg\" srcset=\"https:\/\/icf.church\/suedpfalz\/wp-content\/uploads\/sites\/151\/youtube-thumbs\/yETggAzM0Fk-maxresdefault.jpg 1280w, https:\/\/icf.church\/suedpfalz\/wp-content\/uploads\/sites\/151\/youtube-thumbs\/yETggAzM0Fk-hqdefault.jpg 480w, https:\/\/icf.church\/suedpfalz\/wp-content\/uploads\/sites\/151\/youtube-thumbs\/yETggAzM0Fk-sddefault.jpg 640w\" sizes=\"(max-width: 2560px) 100vw, 2560px\" alt=\"Family Live Talk - &quot;Bindung verstehen und leben&quot; mit Julia Wanitschek\" draggable=\"false\" loading=\"lazy\">\n\n          <button class=\"video-toggle show\" type=\"button\" aria-label=\"Inhalte abspielen\">\n          <\/button>\n\n                      <img decoding=\"async\" class=\"position-absolute end-0 bottom-0 video-provider-image\" src=\"https:\/\/icf.church\/suedpfalz\/wp-content\/themes\/icf\/assets\/youtube-type-logo.svg\" alt=\"YouTube\" loading=\"lazy\">\n          \n          <div data-consent=\"marketing\" data-inverse class=\"position-absolute bottom-0 start-0 end-0 p-3 text-white bg-black bg-opacity-50 text-center\">\n            <p class=\"mb-0 small\">\n              \ud83c\udfa5 Mit deinem Klick werden Inhalte von Youtube geladen. Dabei erlaubst du Cookies f\u00fcr marketing. Mehr dazu in unserer  <a href=\"https:\/\/icf.church\/karlsruhe\/de\/datenschutz\/\" class=\"text-white\">Datenschutzerkl\u00e4rung<\/a>.            <\/p>\n          <\/div>\n        <\/div>\n      <\/div>\n      <\/div>\n\n  <\/figure><\/div>\n\n\n<div id=\"block-60\" class=\"col wp-block-yellowtree-column col-12 col-md-6 col-lg-3 d-flex flex-column with-streched-height-children align-items-stretch align-items-md-stretch\">\n  <figure class=\"wp-embed-aspect-16-9 wp-has-aspect-ratio wp-block-embed has-context-height is-provider-youtube is-type-video\">\n  <div class=\"ratio\" style=\"--bs-aspect-ratio:56.25%\">\n          <div class=\"media-defer rounded overflow-hidden bg-black\" data-defer-target=\"iframe\" data-defer-url=\"https:\/\/www.youtube.com\/embed\/8HOhTn-1AmE?feature=oembed&amp;autoplay=1&amp;iv_load_policy=3&amp;rel=0&amp;dnt=0\" data-consent-required=\"marketing\">\n\n        <div class=\"media-defer__content h-100\" style=\"display: none;\">\n          <iframe width=\"500\" height=\"281\" frameborder=\"0\" allow=\"accelerometer; autoplay; clipboard-write; encrypted-media; gyroscope; picture-in-picture; web-share\" referrerpolicy=\"strict-origin-when-cross-origin\" allowfullscreen title=\"Family Live Talk - &quot;Eltern sein - Fokussiert durch die wilden Jahre&quot; mit Jonas G\u00fcnter\"><\/iframe>        <\/div>\n\n        <div class=\"media-defer__placeholder h-100 position-relative\">\n          <img decoding=\"async\" class=\"video-thumbnail w-100 h-100 object-fit-cover\" src=\"https:\/\/icf.church\/suedpfalz\/wp-content\/uploads\/sites\/151\/youtube-thumbs\/8HOhTn-1AmE-hqdefault.jpg\" srcset=\"https:\/\/icf.church\/suedpfalz\/wp-content\/uploads\/sites\/151\/youtube-thumbs\/8HOhTn-1AmE-maxresdefault.jpg 1280w, https:\/\/icf.church\/suedpfalz\/wp-content\/uploads\/sites\/151\/youtube-thumbs\/8HOhTn-1AmE-hqdefault.jpg 480w, https:\/\/icf.church\/suedpfalz\/wp-content\/uploads\/sites\/151\/youtube-thumbs\/8HOhTn-1AmE-sddefault.jpg 640w\" sizes=\"(max-width: 2560px) 100vw, 2560px\" alt=\"Family Live Talk - &quot;Eltern sein - Fokussiert durch die wilden Jahre&quot; mit Jonas G\u00fcnter\" draggable=\"false\" loading=\"lazy\">\n\n          <button class=\"video-toggle show\" type=\"button\" aria-label=\"Inhalte abspielen\">\n          <\/button>\n\n                      <img decoding=\"async\" class=\"position-absolute end-0 bottom-0 video-provider-image\" src=\"https:\/\/icf.church\/suedpfalz\/wp-content\/themes\/icf\/assets\/youtube-type-logo.svg\" alt=\"YouTube\" loading=\"lazy\">\n          \n          <div data-consent=\"marketing\" data-inverse class=\"position-absolute bottom-0 start-0 end-0 p-3 text-white bg-black bg-opacity-50 text-center\">\n            <p class=\"mb-0 small\">\n              \ud83c\udfa5 Mit deinem Klick werden Inhalte von Youtube geladen. Dabei erlaubst du Cookies f\u00fcr marketing. Mehr dazu in unserer  <a href=\"https:\/\/icf.church\/karlsruhe\/de\/datenschutz\/\" class=\"text-white\">Datenschutzerkl\u00e4rung<\/a>.            <\/p>\n          <\/div>\n        <\/div>\n      <\/div>\n      <\/div>\n\n  <\/figure><\/div>\n        <\/div>\n          <\/div>\n<\/div>\n\n<div id=\"block-70\" class=\"pt-2 pb-2 alignfull is-layout-constrained\">\n  <div>\n            <div class=\"row gx-4 gy-4 \">\n          \n\n<div id=\"block-63\" class=\"col wp-block-yellowtree-column col-12 col-md-6 col-lg-3 d-flex flex-column with-streched-height-children align-items-stretch align-items-md-stretch\">\n  <figure class=\"wp-embed-aspect-16-9 wp-has-aspect-ratio wp-block-embed has-context-height is-provider-youtube is-type-video\">\n  <div class=\"ratio\" style=\"--bs-aspect-ratio:56.25%\">\n          <div class=\"media-defer rounded overflow-hidden bg-black\" data-defer-target=\"iframe\" data-defer-url=\"https:\/\/www.youtube.com\/embed\/rJuPmyrVCuo?feature=oembed&amp;autoplay=1&amp;iv_load_policy=3&amp;rel=0&amp;dnt=0\" data-consent-required=\"marketing\">\n\n        <div class=\"media-defer__content h-100\" style=\"display: none;\">\n          <iframe width=\"500\" height=\"281\" frameborder=\"0\" allow=\"accelerometer; autoplay; clipboard-write; encrypted-media; gyroscope; picture-in-picture; web-share\" referrerpolicy=\"strict-origin-when-cross-origin\" allowfullscreen title=\"Family Live Talk - &quot;Umgang mit herausfordernden Kindern&quot; mit Cornelia Kasparek\"><\/iframe>        <\/div>\n\n        <div class=\"media-defer__placeholder h-100 position-relative\">\n          <img decoding=\"async\" class=\"video-thumbnail w-100 h-100 object-fit-cover\" src=\"https:\/\/icf.church\/suedpfalz\/wp-content\/uploads\/sites\/151\/youtube-thumbs\/rJuPmyrVCuo-hqdefault.jpg\" srcset=\"https:\/\/icf.church\/suedpfalz\/wp-content\/uploads\/sites\/151\/youtube-thumbs\/rJuPmyrVCuo-maxresdefault.jpg 1280w, https:\/\/icf.church\/suedpfalz\/wp-content\/uploads\/sites\/151\/youtube-thumbs\/rJuPmyrVCuo-hqdefault.jpg 480w, https:\/\/icf.church\/suedpfalz\/wp-content\/uploads\/sites\/151\/youtube-thumbs\/rJuPmyrVCuo-sddefault.jpg 640w\" sizes=\"(max-width: 2560px) 100vw, 2560px\" alt=\"Family Live Talk - &quot;Umgang mit herausfordernden Kindern&quot; mit Cornelia Kasparek\" draggable=\"false\" loading=\"lazy\">\n\n          <button class=\"video-toggle show\" type=\"button\" aria-label=\"Inhalte abspielen\">\n          <\/button>\n\n                      <img decoding=\"async\" class=\"position-absolute end-0 bottom-0 video-provider-image\" src=\"https:\/\/icf.church\/suedpfalz\/wp-content\/themes\/icf\/assets\/youtube-type-logo.svg\" alt=\"YouTube\" loading=\"lazy\">\n          \n          <div data-consent=\"marketing\" data-inverse class=\"position-absolute bottom-0 start-0 end-0 p-3 text-white bg-black bg-opacity-50 text-center\">\n            <p class=\"mb-0 small\">\n              \ud83c\udfa5 Mit deinem Klick werden Inhalte von Youtube geladen. Dabei erlaubst du Cookies f\u00fcr marketing. Mehr dazu in unserer  <a href=\"https:\/\/icf.church\/karlsruhe\/de\/datenschutz\/\" class=\"text-white\">Datenschutzerkl\u00e4rung<\/a>.            <\/p>\n          <\/div>\n        <\/div>\n      <\/div>\n      <\/div>\n\n  <\/figure><\/div>\n\n\n<div id=\"block-65\" class=\"col wp-block-yellowtree-column col-12 col-md-6 col-lg-3 d-flex flex-column with-streched-height-children align-items-stretch align-items-md-stretch\">\n  <figure class=\"wp-embed-aspect-16-9 wp-has-aspect-ratio wp-block-embed has-context-height is-provider-youtube is-type-video\">\n  <div class=\"ratio\" style=\"--bs-aspect-ratio:56.25%\">\n          <div class=\"media-defer rounded overflow-hidden bg-black\" data-defer-target=\"iframe\" data-defer-url=\"https:\/\/www.youtube.com\/embed\/x82d-OO-JOI?feature=oembed&amp;autoplay=1&amp;iv_load_policy=3&amp;rel=0&amp;dnt=0\" data-consent-required=\"marketing\">\n\n        <div class=\"media-defer__content h-100\" style=\"display: none;\">\n          <iframe width=\"500\" height=\"281\" frameborder=\"0\" allow=\"accelerometer; autoplay; clipboard-write; encrypted-media; gyroscope; picture-in-picture; web-share\" referrerpolicy=\"strict-origin-when-cross-origin\" allowfullscreen title=\"Family Live Talk - &quot;Family years - Das Leben auf den Kopf gestellt&quot; mit Diana Kunert\"><\/iframe>        <\/div>\n\n        <div class=\"media-defer__placeholder h-100 position-relative\">\n          <img decoding=\"async\" class=\"video-thumbnail w-100 h-100 object-fit-cover\" src=\"https:\/\/icf.church\/suedpfalz\/wp-content\/uploads\/sites\/151\/youtube-thumbs\/x82d-OO-JOI-hqdefault.jpg\" srcset=\"https:\/\/icf.church\/suedpfalz\/wp-content\/uploads\/sites\/151\/youtube-thumbs\/x82d-OO-JOI-maxresdefault.jpg 1280w, https:\/\/icf.church\/suedpfalz\/wp-content\/uploads\/sites\/151\/youtube-thumbs\/x82d-OO-JOI-hqdefault.jpg 480w, https:\/\/icf.church\/suedpfalz\/wp-content\/uploads\/sites\/151\/youtube-thumbs\/x82d-OO-JOI-sddefault.jpg 640w\" sizes=\"(max-width: 2560px) 100vw, 2560px\" alt=\"Family Live Talk - &quot;Family years - Das Leben auf den Kopf gestellt&quot; mit Diana Kunert\" draggable=\"false\" loading=\"lazy\">\n\n          <button class=\"video-toggle show\" type=\"button\" aria-label=\"Inhalte abspielen\">\n          <\/button>\n\n                      <img decoding=\"async\" class=\"position-absolute end-0 bottom-0 video-provider-image\" src=\"https:\/\/icf.church\/suedpfalz\/wp-content\/themes\/icf\/assets\/youtube-type-logo.svg\" alt=\"YouTube\" loading=\"lazy\">\n          \n          <div data-consent=\"marketing\" data-inverse class=\"position-absolute bottom-0 start-0 end-0 p-3 text-white bg-black bg-opacity-50 text-center\">\n            <p class=\"mb-0 small\">\n              \ud83c\udfa5 Mit deinem Klick werden Inhalte von Youtube geladen. Dabei erlaubst du Cookies f\u00fcr marketing. Mehr dazu in unserer  <a href=\"https:\/\/icf.church\/karlsruhe\/de\/datenschutz\/\" class=\"text-white\">Datenschutzerkl\u00e4rung<\/a>.            <\/p>\n          <\/div>\n        <\/div>\n      <\/div>\n      <\/div>\n\n  <\/figure><\/div>\n\n\n<div id=\"block-67\" class=\"col wp-block-yellowtree-column col-12 col-md-6 col-lg-3 d-flex flex-column with-streched-height-children align-items-stretch align-items-md-stretch\">\n  <figure class=\"wp-embed-aspect-16-9 wp-has-aspect-ratio wp-block-embed has-context-height is-provider-youtube is-type-video\">\n  <div class=\"ratio\" style=\"--bs-aspect-ratio:56.25%\">\n          <div class=\"media-defer rounded overflow-hidden bg-black\" data-defer-target=\"iframe\" data-defer-url=\"https:\/\/www.youtube.com\/embed\/rx8cytd9CB8?feature=oembed&amp;autoplay=1&amp;iv_load_policy=3&amp;rel=0&amp;dnt=0\" data-consent-required=\"marketing\">\n\n        <div class=\"media-defer__content h-100\" style=\"display: none;\">\n          <iframe width=\"500\" height=\"281\" frameborder=\"0\" allow=\"accelerometer; autoplay; clipboard-write; encrypted-media; gyroscope; picture-in-picture; web-share\" referrerpolicy=\"strict-origin-when-cross-origin\" allowfullscreen title=\"Family Live Talk - &quot;Kinder und Medien&quot; mit Franziska Meaubert\"><\/iframe>        <\/div>\n\n        <div class=\"media-defer__placeholder h-100 position-relative\">\n          <img decoding=\"async\" class=\"video-thumbnail w-100 h-100 object-fit-cover\" src=\"https:\/\/icf.church\/suedpfalz\/wp-content\/uploads\/sites\/151\/youtube-thumbs\/rx8cytd9CB8-hqdefault.jpg\" srcset=\"https:\/\/icf.church\/suedpfalz\/wp-content\/uploads\/sites\/151\/youtube-thumbs\/rx8cytd9CB8-maxresdefault.jpg 1280w, https:\/\/icf.church\/suedpfalz\/wp-content\/uploads\/sites\/151\/youtube-thumbs\/rx8cytd9CB8-hqdefault.jpg 480w, https:\/\/icf.church\/suedpfalz\/wp-content\/uploads\/sites\/151\/youtube-thumbs\/rx8cytd9CB8-sddefault.jpg 640w\" sizes=\"(max-width: 2560px) 100vw, 2560px\" alt=\"Family Live Talk - &quot;Kinder und Medien&quot; mit Franziska Meaubert\" draggable=\"false\" loading=\"lazy\">\n\n          <button class=\"video-toggle show\" type=\"button\" aria-label=\"Inhalte abspielen\">\n          <\/button>\n\n                      <img decoding=\"async\" class=\"position-absolute end-0 bottom-0 video-provider-image\" src=\"https:\/\/icf.church\/suedpfalz\/wp-content\/themes\/icf\/assets\/youtube-type-logo.svg\" alt=\"YouTube\" loading=\"lazy\">\n          \n          <div data-consent=\"marketing\" data-inverse class=\"position-absolute bottom-0 start-0 end-0 p-3 text-white bg-black bg-opacity-50 text-center\">\n            <p class=\"mb-0 small\">\n              \ud83c\udfa5 Mit deinem Klick werden Inhalte von Youtube geladen. Dabei erlaubst du Cookies f\u00fcr marketing. Mehr dazu in unserer  <a href=\"https:\/\/icf.church\/karlsruhe\/de\/datenschutz\/\" class=\"text-white\">Datenschutzerkl\u00e4rung<\/a>.            <\/p>\n          <\/div>\n        <\/div>\n      <\/div>\n      <\/div>\n\n  <\/figure><\/div>\n\n\n<div id=\"block-69\" class=\"col wp-block-yellowtree-column col-12 col-md-6 col-lg-3 d-flex flex-column with-streched-height-children align-items-stretch align-items-md-stretch\">\n  <figure class=\"wp-embed-aspect-16-9 wp-has-aspect-ratio wp-block-embed has-context-height is-provider-youtube is-type-video\">\n  <div class=\"ratio\" style=\"--bs-aspect-ratio:56.25%\">\n          <div class=\"media-defer rounded overflow-hidden bg-black\" data-defer-target=\"iframe\" data-defer-url=\"https:\/\/www.youtube.com\/embed\/O6S-e_y0Yi4?feature=oembed&amp;autoplay=1&amp;iv_load_policy=3&amp;rel=0&amp;dnt=0\" data-consent-required=\"marketing\">\n\n        <div class=\"media-defer__content h-100\" style=\"display: none;\">\n          <iframe width=\"500\" height=\"281\" frameborder=\"0\" allow=\"accelerometer; autoplay; clipboard-write; encrypted-media; gyroscope; picture-in-picture; web-share\" referrerpolicy=\"strict-origin-when-cross-origin\" allowfullscreen title=\"Family Live Talk - &quot;Best of Familienrituale&quot; mit Sandra, Juliane &amp; Annette\"><\/iframe>        <\/div>\n\n        <div class=\"media-defer__placeholder h-100 position-relative\">\n          <img decoding=\"async\" class=\"video-thumbnail w-100 h-100 object-fit-cover\" src=\"https:\/\/icf.church\/suedpfalz\/wp-content\/uploads\/sites\/151\/youtube-thumbs\/O6S-e_y0Yi4-hqdefault.jpg\" srcset=\"https:\/\/icf.church\/suedpfalz\/wp-content\/uploads\/sites\/151\/youtube-thumbs\/O6S-e_y0Yi4-maxresdefault.jpg 1280w, https:\/\/icf.church\/suedpfalz\/wp-content\/uploads\/sites\/151\/youtube-thumbs\/O6S-e_y0Yi4-hqdefault.jpg 480w, https:\/\/icf.church\/suedpfalz\/wp-content\/uploads\/sites\/151\/youtube-thumbs\/O6S-e_y0Yi4-sddefault.jpg 640w\" sizes=\"(max-width: 2560px) 100vw, 2560px\" alt=\"Family Live Talk - &quot;Best of Familienrituale&quot; mit Sandra, Juliane &amp; Annette\" draggable=\"false\" loading=\"lazy\">\n\n          <button class=\"video-toggle show\" type=\"button\" aria-label=\"Inhalte abspielen\">\n          <\/button>\n\n                      <img decoding=\"async\" class=\"position-absolute end-0 bottom-0 video-provider-image\" src=\"https:\/\/icf.church\/suedpfalz\/wp-content\/themes\/icf\/assets\/youtube-type-logo.svg\" alt=\"YouTube\" loading=\"lazy\">\n          \n          <div data-consent=\"marketing\" data-inverse class=\"position-absolute bottom-0 start-0 end-0 p-3 text-white bg-black bg-opacity-50 text-center\">\n            <p class=\"mb-0 small\">\n              \ud83c\udfa5 Mit deinem Klick werden Inhalte von Youtube geladen. Dabei erlaubst du Cookies f\u00fcr marketing. Mehr dazu in unserer  <a href=\"https:\/\/icf.church\/karlsruhe\/de\/datenschutz\/\" class=\"text-white\">Datenschutzerkl\u00e4rung<\/a>.            <\/p>\n          <\/div>\n        <\/div>\n      <\/div>\n      <\/div>\n\n  <\/figure><\/div>\n        <\/div>\n          <\/div>\n<\/div>\n\n<div id=\"block-79\" class=\"pt-2 pb-2 alignfull is-layout-constrained\">\n  <div>\n            <div class=\"row gx-4 gy-4 \">\n          \n\n<div id=\"block-72\" class=\"col wp-block-yellowtree-column col-12 col-md-6 col-lg-3 d-flex flex-column with-streched-height-children align-items-stretch align-items-md-stretch\">\n  <figure class=\"wp-embed-aspect-16-9 wp-has-aspect-ratio wp-block-embed has-context-height is-provider-youtube is-type-video\">\n  <div class=\"ratio\" style=\"--bs-aspect-ratio:56.25%\">\n          <div class=\"media-defer rounded overflow-hidden bg-black\" data-defer-target=\"iframe\" data-defer-url=\"https:\/\/www.youtube.com\/embed\/LKn5pl_VUig?feature=oembed&amp;autoplay=1&amp;iv_load_policy=3&amp;rel=0&amp;dnt=0\" data-consent-required=\"marketing\">\n\n        <div class=\"media-defer__content h-100\" style=\"display: none;\">\n          <iframe width=\"500\" height=\"281\" frameborder=\"0\" allow=\"accelerometer; autoplay; clipboard-write; encrypted-media; gyroscope; picture-in-picture; web-share\" referrerpolicy=\"strict-origin-when-cross-origin\" allowfullscreen title=\"Family Live Talk - &quot;Liebevoll Grenzen setzen&quot; mit Edith Staiger\"><\/iframe>        <\/div>\n\n        <div class=\"media-defer__placeholder h-100 position-relative\">\n          <img decoding=\"async\" class=\"video-thumbnail w-100 h-100 object-fit-cover\" src=\"https:\/\/icf.church\/suedpfalz\/wp-content\/uploads\/sites\/151\/youtube-thumbs\/LKn5pl_VUig-hqdefault.jpg\" srcset=\"https:\/\/icf.church\/suedpfalz\/wp-content\/uploads\/sites\/151\/youtube-thumbs\/LKn5pl_VUig-maxresdefault.jpg 1280w, https:\/\/icf.church\/suedpfalz\/wp-content\/uploads\/sites\/151\/youtube-thumbs\/LKn5pl_VUig-hqdefault.jpg 480w, https:\/\/icf.church\/suedpfalz\/wp-content\/uploads\/sites\/151\/youtube-thumbs\/LKn5pl_VUig-sddefault.jpg 640w\" sizes=\"(max-width: 2560px) 100vw, 2560px\" alt=\"Family Live Talk - &quot;Liebevoll Grenzen setzen&quot; mit Edith Staiger\" draggable=\"false\" loading=\"lazy\">\n\n          <button class=\"video-toggle show\" type=\"button\" aria-label=\"Inhalte abspielen\">\n          <\/button>\n\n                      <img decoding=\"async\" class=\"position-absolute end-0 bottom-0 video-provider-image\" src=\"https:\/\/icf.church\/suedpfalz\/wp-content\/themes\/icf\/assets\/youtube-type-logo.svg\" alt=\"YouTube\" loading=\"lazy\">\n          \n          <div data-consent=\"marketing\" data-inverse class=\"position-absolute bottom-0 start-0 end-0 p-3 text-white bg-black bg-opacity-50 text-center\">\n            <p class=\"mb-0 small\">\n              \ud83c\udfa5 Mit deinem Klick werden Inhalte von Youtube geladen. Dabei erlaubst du Cookies f\u00fcr marketing. Mehr dazu in unserer  <a href=\"https:\/\/icf.church\/karlsruhe\/de\/datenschutz\/\" class=\"text-white\">Datenschutzerkl\u00e4rung<\/a>.            <\/p>\n          <\/div>\n        <\/div>\n      <\/div>\n      <\/div>\n\n  <\/figure><\/div>\n\n\n<div id=\"block-74\" class=\"col wp-block-yellowtree-column col-12 col-md-6 col-lg-3 d-flex flex-column with-streched-height-children align-items-stretch align-items-md-stretch\">\n  <figure class=\"wp-embed-aspect-16-9 wp-has-aspect-ratio wp-block-embed has-context-height is-provider-youtube is-type-video\">\n  <div class=\"ratio\" style=\"--bs-aspect-ratio:56.25%\">\n          <div class=\"media-defer rounded overflow-hidden bg-black\" data-defer-target=\"iframe\" data-defer-url=\"https:\/\/www.youtube.com\/embed\/b63SlptJwwU?feature=oembed&amp;autoplay=1&amp;iv_load_policy=3&amp;rel=0&amp;dnt=0\" data-consent-required=\"marketing\">\n\n        <div class=\"media-defer__content h-100\" style=\"display: none;\">\n          <iframe width=\"500\" height=\"281\" frameborder=\"0\" allow=\"accelerometer; autoplay; clipboard-write; encrypted-media; gyroscope; picture-in-picture; web-share\" referrerpolicy=\"strict-origin-when-cross-origin\" allowfullscreen title=\"Family Live Talk - &quot;Glaube zu Hause leben&quot; mit Kathrin H\u00e4nsch (ICF Berlin)\"><\/iframe>        <\/div>\n\n        <div class=\"media-defer__placeholder h-100 position-relative\">\n          <img decoding=\"async\" class=\"video-thumbnail w-100 h-100 object-fit-cover\" src=\"https:\/\/icf.church\/suedpfalz\/wp-content\/uploads\/sites\/151\/youtube-thumbs\/b63SlptJwwU-hqdefault.jpg\" srcset=\"https:\/\/icf.church\/suedpfalz\/wp-content\/uploads\/sites\/151\/youtube-thumbs\/b63SlptJwwU-maxresdefault.jpg 1280w, https:\/\/icf.church\/suedpfalz\/wp-content\/uploads\/sites\/151\/youtube-thumbs\/b63SlptJwwU-hqdefault.jpg 480w, https:\/\/icf.church\/suedpfalz\/wp-content\/uploads\/sites\/151\/youtube-thumbs\/b63SlptJwwU-sddefault.jpg 640w\" sizes=\"(max-width: 2560px) 100vw, 2560px\" alt=\"Family Live Talk - &quot;Glaube zu Hause leben&quot; mit Kathrin H\u00e4nsch (ICF Berlin)\" draggable=\"false\" loading=\"lazy\">\n\n          <button class=\"video-toggle show\" type=\"button\" aria-label=\"Inhalte abspielen\">\n          <\/button>\n\n                      <img decoding=\"async\" class=\"position-absolute end-0 bottom-0 video-provider-image\" src=\"https:\/\/icf.church\/suedpfalz\/wp-content\/themes\/icf\/assets\/youtube-type-logo.svg\" alt=\"YouTube\" loading=\"lazy\">\n          \n          <div data-consent=\"marketing\" data-inverse class=\"position-absolute bottom-0 start-0 end-0 p-3 text-white bg-black bg-opacity-50 text-center\">\n            <p class=\"mb-0 small\">\n              \ud83c\udfa5 Mit deinem Klick werden Inhalte von Youtube geladen. Dabei erlaubst du Cookies f\u00fcr marketing. Mehr dazu in unserer  <a href=\"https:\/\/icf.church\/karlsruhe\/de\/datenschutz\/\" class=\"text-white\">Datenschutzerkl\u00e4rung<\/a>.            <\/p>\n          <\/div>\n        <\/div>\n      <\/div>\n      <\/div>\n\n  <\/figure><\/div>\n\n\n<div id=\"block-76\" class=\"col wp-block-yellowtree-column col-12 col-md-6 col-lg-3 d-flex flex-column with-streched-height-children align-items-stretch align-items-md-stretch\">\n  <figure class=\"wp-embed-aspect-16-9 wp-has-aspect-ratio wp-block-embed has-context-height is-provider-youtube is-type-video\">\n  <div class=\"ratio\" style=\"--bs-aspect-ratio:56.25%\">\n          <div class=\"media-defer rounded overflow-hidden bg-black\" data-defer-target=\"iframe\" data-defer-url=\"https:\/\/www.youtube.com\/embed\/Eid_DvDCakw?feature=oembed&amp;autoplay=1&amp;iv_load_policy=3&amp;rel=0&amp;dnt=0\" data-consent-required=\"marketing\">\n\n        <div class=\"media-defer__content h-100\" style=\"display: none;\">\n          <iframe width=\"500\" height=\"281\" frameborder=\"0\" allow=\"accelerometer; autoplay; clipboard-write; encrypted-media; gyroscope; picture-in-picture; web-share\" referrerpolicy=\"strict-origin-when-cross-origin\" allowfullscreen title=\"Family live Talk: &quot;Eltern sein - Paar bleiben&quot;  Caro und Jonas G\u00fcnter 28.2.2023\"><\/iframe>        <\/div>\n\n        <div class=\"media-defer__placeholder h-100 position-relative\">\n          <img decoding=\"async\" class=\"video-thumbnail w-100 h-100 object-fit-cover\" src=\"https:\/\/icf.church\/suedpfalz\/wp-content\/uploads\/sites\/151\/youtube-thumbs\/Eid_DvDCakw-hqdefault.jpg\" srcset=\"https:\/\/icf.church\/suedpfalz\/wp-content\/uploads\/sites\/151\/youtube-thumbs\/Eid_DvDCakw-maxresdefault.jpg 1280w, https:\/\/icf.church\/suedpfalz\/wp-content\/uploads\/sites\/151\/youtube-thumbs\/Eid_DvDCakw-hqdefault.jpg 480w, https:\/\/icf.church\/suedpfalz\/wp-content\/uploads\/sites\/151\/youtube-thumbs\/Eid_DvDCakw-sddefault.jpg 640w\" sizes=\"(max-width: 2560px) 100vw, 2560px\" alt=\"Family live Talk: &quot;Eltern sein - Paar bleiben&quot;  Caro und Jonas G\u00fcnter 28.2.2023\" draggable=\"false\" loading=\"lazy\">\n\n          <button class=\"video-toggle show\" type=\"button\" aria-label=\"Inhalte abspielen\">\n          <\/button>\n\n                      <img decoding=\"async\" class=\"position-absolute end-0 bottom-0 video-provider-image\" src=\"https:\/\/icf.church\/suedpfalz\/wp-content\/themes\/icf\/assets\/youtube-type-logo.svg\" alt=\"YouTube\" loading=\"lazy\">\n          \n          <div data-consent=\"marketing\" data-inverse class=\"position-absolute bottom-0 start-0 end-0 p-3 text-white bg-black bg-opacity-50 text-center\">\n            <p class=\"mb-0 small\">\n              \ud83c\udfa5 Mit deinem Klick werden Inhalte von Youtube geladen. Dabei erlaubst du Cookies f\u00fcr marketing. Mehr dazu in unserer  <a href=\"https:\/\/icf.church\/karlsruhe\/de\/datenschutz\/\" class=\"text-white\">Datenschutzerkl\u00e4rung<\/a>.            <\/p>\n          <\/div>\n        <\/div>\n      <\/div>\n      <\/div>\n\n  <\/figure><\/div>\n\n\n<div id=\"block-78\" class=\"col wp-block-yellowtree-column col-12 col-md-6 col-lg-3 d-flex flex-column with-streched-height-children align-items-stretch align-items-md-stretch\">\n  <div class=\"mw-100\">\n      <a href=\"https:\/\/www.weisses-kreuz.de\/wp-content\/uploads\/2020\/10\/170720_WEIK_Denkangebot_Nr7_Web.pdf\" rel=\" noopener\" class=\" h-100\" target=\"_blank\">\n        <figure id=\"block-77\">\n      <div class=\"img-wrap\" style=\"aspect-ratio:16\/9;max-width:100%\">\n        <img decoding=\"async\" src=\"https:\/\/icf.church\/suedpfalz\/wp-content\/uploads\/sites\/147\/2026\/07\/neue-website-familie-1024x576-1.jpg\" alt=\"\" loading=\"lazy\" title=\"\" class=\"img-fluid w-100 h-100 rounded object-fit-cover\" style=\"object-position: center center\">\n      <\/div>\n              <figcaption class=\"figure-caption mt-1\">PDF: Mit Kindern \u00fcber Sexualit\u00e4t reden<\/figcaption>\n          <\/figure>\n        <\/a>\n  <\/div><\/div>\n        <\/div>\n          <\/div>\n<\/div>\n\n<div id=\"block-82\" class=\"pt-2 pb-2 alignfull is-layout-constrained\">\n  <div>\n            <div class=\"row gx-4 gy-4 \">\n          \n\n<div id=\"block-81\" class=\"col wp-block-yellowtree-column col-12 d-flex flex-column with-streched-height-children align-items-stretch align-items-md-stretch\">\n  <h2 id=\"block-80\" class=\"mt-6 h2 display-2 text-center\">\n  Stay Connected<\/h2><\/div>\n        <\/div>\n          <\/div>\n<\/div>\n\n\n<div id=\"block-88\" class=\"wp-block-yellowtree-text-image d-flex flex-column flex-lg-row gap-3\">\n    \n\n<div id=\"block-83\" class=\"wp-block-yellowtree-locked-image\">\n    <img decoding=\"async\" width=\"683\" height=\"1024\" src=\"https:\/\/icf.church\/suedpfalz\/wp-content\/uploads\/sites\/151\/2026\/07\/mindfulness-com-u1rmd5bqcgu-unsplash-683x1024.jpg\" class=\"w-100 h-100 object-fit-cover\" alt=\"\" style=\"object-position: 65% 52%;\" loading=\"lazy\" sizes=\"(max-width: 992px) 100vw, 1600px\" srcset=\"https:\/\/icf.church\/suedpfalz\/wp-content\/uploads\/sites\/151\/2026\/07\/mindfulness-com-u1rmd5bqcgu-unsplash-683x1024.jpg 683w, https:\/\/icf.church\/suedpfalz\/wp-content\/uploads\/sites\/151\/2026\/07\/mindfulness-com-u1rmd5bqcgu-unsplash-200x300.jpg 200w, https:\/\/icf.church\/suedpfalz\/wp-content\/uploads\/sites\/151\/2026\/07\/mindfulness-com-u1rmd5bqcgu-unsplash-768x1152.jpg 768w, https:\/\/icf.church\/suedpfalz\/wp-content\/uploads\/sites\/151\/2026\/07\/mindfulness-com-u1rmd5bqcgu-unsplash-1024x1536.jpg 1024w, https:\/\/icf.church\/suedpfalz\/wp-content\/uploads\/sites\/151\/2026\/07\/mindfulness-com-u1rmd5bqcgu-unsplash-1365x2048.jpg 1365w, https:\/\/icf.church\/suedpfalz\/wp-content\/uploads\/sites\/151\/2026\/07\/mindfulness-com-u1rmd5bqcgu-unsplash-scaled.jpg 1707w\" \/><\/div>\n\n\n\n<div id=\"block-87\" data-bs-theme=\"dark\" class=\"card wp-block-yellowtree-text-card has-context-height\">\n  <div class=\"card-body px-4 py-6 p-sm-6 p-lg-8\">\n    \n\n<h2 id=\"block-84\">\n    Telegram Channel<\/h2>\n\n\n<p id=\"block-85\">\n    Wir tr\u00e4umen davon, dass ihr als Family euren Glauben nicht nur am Sonntag lebt, sondern auch unter der Woche gemeinsam vertiefen k\u00f6nnt. Das m\u00f6chten wir mit unserem ICF Kids &amp; Families Telegram Channel erm\u00f6glichen. Hier bekommt ihr Impulse, Anregungen, Ideen und Unterst\u00fctzung dabei. Au\u00dferdem bleibt ihr up-to-date \u00fcber Family-Events und -Aktionen.<\/p>\n\n\n  <div>\n    <a id=\"block-86\" href=\"https:\/\/t.me\/icfsuedpfalzfamily\" rel=\"\" target=\"_blank\" class=\"wp-block-yellowtree-button-link btn btn-default\">\n      <span>Zum Channel<\/span>\n              <i class='icon fs-base-const fa-brands fa-telegram' aria-hidden=\"true\"><\/i>\n          <\/a>\n  <\/div>\n\n  <\/div>\n<\/div>\n<\/div>\n","protected":false},"excerpt":{"rendered":"","protected":false},"author":233,"featured_media":0,"parent":0,"menu_order":2,"comment_status":"closed","ping_status":"closed","template":"","meta":{"_acf_changed":false,"_seopress_titles_title":"","_seopress_titles_desc":"","_seopress_robots_index":"","_seopress_robots_follow":"","_seopress_robots_imageindex":"","_seopress_robots_snippet":"","_seopress_robots_primary_cat":"","_seopress_robots_breadcrumbs":"","_seopress_robots_freeze_modified_date":"","_seopress_robots_custom_modified_date":"","_seopress_robots_canonical":"","_seopress_social_fb_title":"","_seopress_social_fb_desc":"","_seopress_social_fb_img":"","_seopress_social_fb_img_attachment_id":0,"_seopress_social_fb_img_width":0,"_seopress_social_fb_img_height":0,"_seopress_social_twitter_title":"","_seopress_social_twitter_desc":"","_seopress_social_twitter_img":"","_seopress_social_twitter_img_attachment_id":0,"_seopress_social_twitter_img_width":0,"_seopress_social_twitter_img_height":0,"_seopress_redirections_value":"","_seopress_redirections_enabled":"","_seopress_redirections_enabled_regex":"","_seopress_redirections_logged_status":"","_seopress_redirections_param":"","_seopress_redirections_type":0,"_seopress_analysis_target_kw":"","_seopress_news_disabled":"","_seopress_video_disabled":"","_seopress_video":[],"_seopress_pro_schemas_manual":[],"_seopress_pro_rich_snippets_disable_all":"","_seopress_pro_rich_snippets_disable":[],"_seopress_pro_schemas":[],"yt_custom_styles_scss":"","yt_custom_styles_rounded_corners":false,"yt_custom_styles_color_scheme":"","footnotes":""},"class_list":["post-1129","page","type-page","status-publish","hentry"],"acf":[],"_links":{"self":[{"href":"https:\/\/icf.church\/suedpfalz\/de\/wp-json\/wp\/v2\/pages\/1129","targetHints":{"allow":["GET"]}}],"collection":[{"href":"https:\/\/icf.church\/suedpfalz\/de\/wp-json\/wp\/v2\/pages"}],"about":[{"href":"https:\/\/icf.church\/suedpfalz\/de\/wp-json\/wp\/v2\/types\/page"}],"author":[{"embeddable":true,"href":"https:\/\/icf.church\/suedpfalz\/de\/wp-json\/wp\/v2\/users\/233"}],"replies":[{"embeddable":true,"href":"https:\/\/icf.church\/suedpfalz\/de\/wp-json\/wp\/v2\/comments?post=1129"}],"version-history":[{"count":51,"href":"https:\/\/icf.church\/suedpfalz\/de\/wp-json\/wp\/v2\/pages\/1129\/revisions"}],"predecessor-version":[{"id":2164,"href":"https:\/\/icf.church\/suedpfalz\/de\/wp-json\/wp\/v2\/pages\/1129\/revisions\/2164"}],"wp:attachment":[{"href":"https:\/\/icf.church\/suedpfalz\/de\/wp-json\/wp\/v2\/media?parent=1129"}],"curies":[{"name":"wp","href":"https:\/\/api.w.org\/{rel}","templated":true}]}}