{"id":1487,"date":"2026-07-20T23:05:33","date_gmt":"2026-07-20T21:05:33","guid":{"rendered":"https:\/\/new.new.icf.church\/suedpfalz\/?page_id=1487"},"modified":"2026-08-20T22:37:29","modified_gmt":"2026-08-20T20:37:29","slug":"glauben-vertiefen","status":"publish","type":"page","link":"https:\/\/icf.church\/suedpfalz\/de\/glauben-vertiefen\/","title":{"rendered":"Glauben vertiefen"},"content":{"rendered":"<div id=\"block-5\" class=\"pt-2 pb-2 alignfull is-layout-constrained\">\n  <div>\n            <div class=\"row gx-4 gy-4 \">\n          \n\n<div id=\"block-4\" class=\"col wp-block-yellowtree-column col-12 d-flex flex-column with-streched-height-children align-items-stretch align-items-md-stretch\">\n  <div id=\"block-3\" class=\"wp-block-yellowtree-hero-stage\">\n    <div class=\"hero-stage \">\n        \n\n<div id=\"block-2\" class=\"hero-stage-content\">\n    <div class=\"hero-stage-content__background\">\n        <div class=\"overlay-black-25 h-100\">\n                            <img fetchpriority=\"high\" decoding=\"async\" width=\"1920\" height=\"1080\" src=\"https:\/\/icf.church\/suedpfalz\/wp-content\/uploads\/sites\/151\/2026\/07\/titel-13.jpg\" class=\"hero-stage-media\" alt=\"\" style=\"object-position: 50% 50%;\" aria-hidden=\"true\" loading=\"eager\" srcset=\"https:\/\/icf.church\/suedpfalz\/wp-content\/uploads\/sites\/151\/2026\/07\/titel-13.jpg 1920w, https:\/\/icf.church\/suedpfalz\/wp-content\/uploads\/sites\/151\/2026\/07\/titel-13-300x169.jpg 300w, https:\/\/icf.church\/suedpfalz\/wp-content\/uploads\/sites\/151\/2026\/07\/titel-13-1024x576.jpg 1024w, https:\/\/icf.church\/suedpfalz\/wp-content\/uploads\/sites\/151\/2026\/07\/titel-13-768x432.jpg 768w, https:\/\/icf.church\/suedpfalz\/wp-content\/uploads\/sites\/151\/2026\/07\/titel-13-1536x864.jpg 1536w\" sizes=\"(max-width: 1920px) 100vw, 1920px\">                    <\/div>\n        <div class=\"hero-stage-gradient\"><\/div>\n    <\/div>\n    <div class=\"hero-stage-content__foreground is-layout-constrained\">\n        <h1 id=\"block-1\" class=\"display-1 text-center\">\n    Glauben vertiefen<\/h1>    <\/div>\n<\/div>\n    <\/div>\n<\/div><\/div>\n        <\/div>\n          <\/div>\n<\/div>\n\n<div id=\"block-9\" class=\"pt-2 pb-2 alignfull is-layout-constrained\">\n  <div>\n          <div class=\"row\">\n        <div class=\"col-12 col-md-8 mx-auto\">\n                <div class=\"row gx-4 gy-4 \">\n          \n\n<div id=\"block-8\" class=\"col wp-block-yellowtree-column col-12 d-flex flex-column with-streched-height-children align-items-stretch align-items-md-stretch\">\n  <p id=\"block-6\" class=\"mt-4 text-center wp-block-paragraph\">\n  Glauben vertiefen bedeutet mehr als Wissen sammeln \u2013 es hei\u00dft, Jesus nachzufolgen mit dem Ziel, ihm immer \u00e4hnlicher zu werden und unseren Glauben kraftvoll im Alltag zu leben.<\/p>\n\n<p id=\"block-7\" class=\"mb-4 text-center wp-block-paragraph\" style=\"margin-top:0\">\n  Von unserem <strong class=\"myprefix-text-bold\">Alpha-Kurs<\/strong> \u00fcber die Grundlagen des christlichen Glaubens bis zu unseren J\u00fcngerschaftsschritten <strong class=\"myprefix-text-bold\">EXPLORE<\/strong>, <strong class=\"myprefix-text-bold\">GET FREE <\/strong>und <strong class=\"myprefix-text-bold\">IMPACT<\/strong> gibt es viele Angebote, die dir helfen, in deinem Glauben zu wachsen.<\/p><\/div>\n        <\/div>\n                <\/div>\n      <\/div>\n      <\/div>\n<\/div>\n\n<div id=\"block-22\" class=\"pt-2 pb-2 alignfull is-layout-constrained\">\n  <div>\n            <div class=\"row gx-4 gy-4 \">\n          \n\n<div id=\"block-13\" class=\"col wp-block-yellowtree-column col-12 col-lg-4 d-flex flex-column with-streched-height-children align-items-stretch align-items-lg-stretch\">\n  <article id=\"block-12\" data-bs-theme=\"dark\" class=\"wp-block-yellowtree-card card has-context-height\" style=\"--card-img-position:50% 50%\">\n        <img decoding=\"async\" width=\"1024\" height=\"576\" src=\"https:\/\/icf.church\/suedpfalz\/wp-content\/uploads\/sites\/151\/2026\/07\/alpha-kurs-formate-fullhd-titel-1024x576.jpg\" class=\"card-img-top\" alt=\"\" draggable=\"false\" loading=\"lazy\" srcset=\"https:\/\/icf.church\/suedpfalz\/wp-content\/uploads\/sites\/151\/2026\/07\/alpha-kurs-formate-fullhd-titel-1024x576.jpg 1024w, https:\/\/icf.church\/suedpfalz\/wp-content\/uploads\/sites\/151\/2026\/07\/alpha-kurs-formate-fullhd-titel-300x169.jpg 300w, https:\/\/icf.church\/suedpfalz\/wp-content\/uploads\/sites\/151\/2026\/07\/alpha-kurs-formate-fullhd-titel-768x432.jpg 768w, https:\/\/icf.church\/suedpfalz\/wp-content\/uploads\/sites\/151\/2026\/07\/alpha-kurs-formate-fullhd-titel-1536x864.jpg 1536w, https:\/\/icf.church\/suedpfalz\/wp-content\/uploads\/sites\/151\/2026\/07\/alpha-kurs-formate-fullhd-titel-2048x1152.jpg 2048w\" sizes=\"(max-width: 1024px) 100vw, 1024px\">    <div class=\"card-body\">\n    <h3 class=\"card-title\">Alpha-Kurs<\/h3>\n    <p class=\"card-text\">Alpha ist f\u00fcr jeden \u2013 besonders f\u00fcr Menschen, die gerne mehr \u00fcber Gott und den Glauben wissen m\u00f6chten.<\/p>\n    <div id=\"block-11\" class=\"wp-block-yellowtree-card-buttons card-buttons\">\n  \n\n  <div>\n    <a id=\"block-10\" href=\"https:\/\/icf.church\/suedpfalz\/de\/alpha-kurs\/\" class=\"wp-block-yellowtree-card-button btn btn-sm btn-secondary\">\n      <span>Mehr erfahren<\/span>\n              <i class=\"icon fs-base-const fa-arrow-right\" aria-hidden=\"true\"><\/i>\n          <\/a>\n  <\/div>\n\n<\/div>  <\/div>\n<\/article><\/div>\n\n\n<div id=\"block-17\" class=\"col wp-block-yellowtree-column col-12 col-lg-4 d-flex flex-column with-streched-height-children align-items-stretch align-items-lg-stretch\">\n  <article id=\"block-16\" data-bs-theme=\"dark\" class=\"wp-block-yellowtree-card card has-context-height\" style=\"--card-img-position:50% 50%\">\n        <img decoding=\"async\" width=\"1024\" height=\"683\" src=\"https:\/\/icf.church\/suedpfalz\/wp-content\/uploads\/sites\/151\/2025\/10\/icf-equip-corporate-shooting-24-4-1024x683.jpg\" class=\"card-img-top\" alt=\"Vielf\u00e4ltige Gruppe von jungen Erwachsenen im Gespr\u00e4ch, relig\u00f6se Gemeinschaft, Bibel lesen, soziale Unterst\u00fctzung, spirituelle Gemeinschaft, modern christliche Gemeinschaft, inklusive Kirche, junge Menschen in der Gemeinde.\" draggable=\"false\" loading=\"lazy\" srcset=\"https:\/\/icf.church\/suedpfalz\/wp-content\/uploads\/sites\/151\/2025\/10\/icf-equip-corporate-shooting-24-4-1024x683.jpg 1024w, https:\/\/icf.church\/suedpfalz\/wp-content\/uploads\/sites\/151\/2025\/10\/icf-equip-corporate-shooting-24-4-300x200.jpg 300w, https:\/\/icf.church\/suedpfalz\/wp-content\/uploads\/sites\/151\/2025\/10\/icf-equip-corporate-shooting-24-4-768x512.jpg 768w, https:\/\/icf.church\/suedpfalz\/wp-content\/uploads\/sites\/151\/2025\/10\/icf-equip-corporate-shooting-24-4-1536x1025.jpg 1536w, https:\/\/icf.church\/suedpfalz\/wp-content\/uploads\/sites\/151\/2025\/10\/icf-equip-corporate-shooting-24-4-2048x1366.jpg 2048w\" sizes=\"(max-width: 1024px) 100vw, 1024px\">    <div class=\"card-body\">\n    <h3 class=\"card-title\">Groups<\/h3>\n    <p class=\"card-text\">In unseren Team- und Small-Groups leben wir echte Gemeinschaft und teilen unseren Glauben im Alltag.<\/p>\n    <div id=\"block-15\" class=\"wp-block-yellowtree-card-buttons card-buttons\">\n  \n\n  <div>\n    <a id=\"block-14\" href=\"https:\/\/icf.church\/suedpfalz\/de\/groups\/\" class=\"wp-block-yellowtree-card-button btn btn-sm btn-secondary\">\n      <span>Mehr erfahren<\/span>\n              <i class=\"icon fs-base-const fa-arrow-right\" aria-hidden=\"true\"><\/i>\n          <\/a>\n  <\/div>\n\n<\/div>  <\/div>\n<\/article><\/div>\n\n\n<div id=\"block-21\" class=\"col wp-block-yellowtree-column col-12 col-lg-4 d-flex flex-column with-streched-height-children align-items-stretch align-items-lg-stretch\">\n  <article id=\"block-20\" data-bs-theme=\"dark\" class=\"wp-block-yellowtree-card card has-context-height\" style=\"--card-img-position:50% 50%\">\n        <img decoding=\"async\" width=\"1024\" height=\"576\" src=\"https:\/\/icf.church\/suedpfalz\/wp-content\/uploads\/sites\/151\/2026\/07\/juengerschaft-leer-1024x576.jpg\" class=\"card-img-top\" alt=\"\" draggable=\"false\" loading=\"lazy\" srcset=\"https:\/\/icf.church\/suedpfalz\/wp-content\/uploads\/sites\/151\/2026\/07\/juengerschaft-leer-1024x576.jpg 1024w, https:\/\/icf.church\/suedpfalz\/wp-content\/uploads\/sites\/151\/2026\/07\/juengerschaft-leer-300x169.jpg 300w, https:\/\/icf.church\/suedpfalz\/wp-content\/uploads\/sites\/151\/2026\/07\/juengerschaft-leer-768x432.jpg 768w, https:\/\/icf.church\/suedpfalz\/wp-content\/uploads\/sites\/151\/2026\/07\/juengerschaft-leer-1536x864.jpg 1536w, https:\/\/icf.church\/suedpfalz\/wp-content\/uploads\/sites\/151\/2026\/07\/juengerschaft-leer.jpg 1920w\" sizes=\"(max-width: 1024px) 100vw, 1024px\">    <div class=\"card-body\">\n    <h3 class=\"card-title\">J\u00fcngerschaft<\/h3>\n    <p class=\"card-text\">In unseren J\u00fcngerschaftsschritten EXPLORE, GET FREE und IMPACT erleben wir den Glauben ganz praktisch.<\/p>\n    <div id=\"block-19\" class=\"wp-block-yellowtree-card-buttons card-buttons\">\n  \n\n  <div>\n    <a id=\"block-18\" href=\"https:\/\/icf.church\/suedpfalz\/de\/juengerschaft\/\" class=\"wp-block-yellowtree-card-button btn btn-sm btn-secondary\">\n      <span>Mehr erfahren<\/span>\n              <i class=\"icon fs-base-const fa-arrow-right\" aria-hidden=\"true\"><\/i>\n          <\/a>\n  <\/div>\n\n<\/div>  <\/div>\n<\/article><\/div>\n        <\/div>\n          <\/div>\n<\/div>\n\n<div id=\"block-27\" class=\"pt-2 pb-2 alignfull is-layout-constrained\">\n  <div>\n          <div class=\"row\">\n        <div class=\"col-12 col-md-8 mx-auto\">\n                <div class=\"row gx-4 gy-4 \">\n          \n\n<div id=\"block-26\" class=\"col wp-block-yellowtree-column col-12 d-flex flex-column with-streched-height-children align-items-stretch align-items-md-stretch\">\n  <h2 id=\"block-23\" class=\"mt-7 h2 display-2 text-center\">\n  Taufe<\/h2>\n\n<h3 id=\"block-24\" class=\"h3 text-center\">\n  Geht nun hin und macht alle Nationen zu J\u00fcngern, und tauft sie auf den Namen des Vaters und des Sohnes und des Heiligen Geistes, und lehrt sie alles zu bewahren, was ich euch geboten habe!<\/h3>\n\n<p id=\"block-25\" class=\"fs-base text-center wp-block-paragraph\">\n  <strong class=\"myprefix-text-bold\">Matth\u00e4us 28, 19 + 20<\/strong><\/p><\/div>\n        <\/div>\n                <\/div>\n      <\/div>\n      <\/div>\n<\/div>\n\n<div id=\"block-37\" class=\"pt-2 pb-2 alignfull is-layout-constrained\">\n  <div>\n            <div class=\"row gx-4 gy-4 \">\n          \n\n<div id=\"block-29\" class=\"col wp-block-yellowtree-column col-12 col-md-6 d-flex flex-column with-streched-height-children align-items-stretch align-items-md-stretch\">\n  <article id=\"block-28\" data-bs-theme=\"dark\" data-bs-toggle=\"collapse\" data-bs-target=\"#block-28-collapse\" data-toggle-on-hover=\"true\" data-target-link=\"block-28-link\" aria-expanded=\"false\" aria-controls=\"block-28-collapse\" tabindex=\"0\" class=\"card wp-block-yellowtree-image-card has-context-height\" style=\"--card-aspect-ratio:0.8;max-width:100%;--card-img-position:58% 49%\">\n        <img decoding=\"async\" width=\"1024\" height=\"683\" src=\"https:\/\/icf.church\/suedpfalz\/wp-content\/uploads\/sites\/151\/2026\/08\/tim0891-1024x683.jpg\" class=\"card-bg-img opacity-75\" alt=\"\" aria-hidden=\"true\" loading=\"lazy\" srcset=\"https:\/\/icf.church\/suedpfalz\/wp-content\/uploads\/sites\/151\/2026\/08\/tim0891-1024x683.jpg 1024w, https:\/\/icf.church\/suedpfalz\/wp-content\/uploads\/sites\/151\/2026\/08\/tim0891-300x200.jpg 300w, https:\/\/icf.church\/suedpfalz\/wp-content\/uploads\/sites\/151\/2026\/08\/tim0891-768x512.jpg 768w, https:\/\/icf.church\/suedpfalz\/wp-content\/uploads\/sites\/151\/2026\/08\/tim0891-1536x1024.jpg 1536w, https:\/\/icf.church\/suedpfalz\/wp-content\/uploads\/sites\/151\/2026\/08\/tim0891.jpg 2048w\" sizes=\"(max-width: 1024px) 100vw, 1024px\">    <div class=\"d-flex flex-column h-100 overflow-y-auto z-1\">\n        <div class=\"card-body overflow-visible py-0 px-4 flex-grow-1\">\n      <h2 id=\"block-28-heading\" class=\"mb-0 mt-auto fs-h2-const\"><\/h2>\n      <div id=\"block-28-collapse\" class=\"collapse\">\n        <p class=\"mt-2\"><\/p>\n      <\/div>\n    <\/div>\n  <\/div>\n<\/article><\/div>\n\n\n<div id=\"block-36\" class=\"col wp-block-yellowtree-column col-12 col-md-6 d-flex flex-column with-streched-height-children align-items-stretch align-items-md-stretch\">\n  <div class=\"has-context-height\">\n  <article id=\"block-35\" data-bs-theme=\"dark\" class=\"wp-block-yellowtree-container-card card has-context-height\">\n    <div class=\"card-body\">\n      <p id=\"block-30\" class=\"text-start wp-block-paragraph\">\n  Du \u00fcberlegst, ob die Taufe dein Next Step ist?<\/p>\n\n<p id=\"block-31\" class=\"text-start wp-block-paragraph\">\n  Wir glauben an einen Gott, der dich bedingungslos liebt und m\u00f6chte, dass du aufbl\u00fchst. Er w\u00fcnscht sich eine vertrauensvolle Beziehung zu dir. Dazu ist es wichtig, Jesus als Sohn Gottes kennenzulernen und eine bewusste Entscheidung f\u00fcr ein Leben mit Ihm zu treffen.<\/p>\n\n<p id=\"block-32\" class=\"text-start wp-block-paragraph\">\n  Diese Entscheidung f\u00fcr Jesus kann unterschiedliche Auswirkungen haben, je nachdem, wie sehr du Jesus in deinem Leben Mitspracherecht im Alltag gew\u00e4hrst und Gottes Ideen in deinem Leben umsetzt.<\/p>\n\n<p id=\"block-33\" class=\"mb-4 text-start wp-block-paragraph\">\n  Die Taufe ist nun ein sichtbares Zeichen, dein Bekenntnis, dass du Jesus dein ganzes Leben in seine H\u00e4nde gibst. Du dr\u00fcckst damit aus, dass du Jesus mit allem was du bist nachfolgen m\u00f6chtest, dein altes Leben hinter dir l\u00e4sst und ein neues Leben mit Ihm beginnst.<\/p>\n\n\n  <div>\n    <a id=\"block-34\" href=\"https:\/\/icf.church\/suedpfalz\/de\/taufe\/\" rel=\"\" class=\"wp-block-yellowtree-button-link btn btn-default\">\n      <span>Mehr dazu<\/span>\n              <i class=\"icon fs-base-const fa-solid fa-arrow-right\" aria-hidden=\"true\"><\/i>\n          <\/a>\n  <\/div>    <\/div>\n  <\/article>\n<\/div><\/div>\n        <\/div>\n          <\/div>\n<\/div>","protected":false},"excerpt":{"rendered":"","protected":false},"author":233,"featured_media":0,"parent":0,"menu_order":11,"comment_status":"closed","ping_status":"closed","template":"","meta":{"_acf_changed":false,"_seopress_titles_title":"","_seopress_titles_desc":"","_seopress_robots_index":"","_seopress_robots_follow":"","_seopress_robots_imageindex":"","_seopress_robots_snippet":"","_seopress_robots_primary_cat":"","_seopress_robots_breadcrumbs":"","_seopress_robots_freeze_modified_date":"","_seopress_robots_custom_modified_date":"","_seopress_robots_canonical":"","_seopress_social_fb_title":"","_seopress_social_fb_desc":"","_seopress_social_fb_img":"","_seopress_social_fb_img_attachment_id":0,"_seopress_social_fb_img_width":0,"_seopress_social_fb_img_height":0,"_seopress_social_twitter_title":"","_seopress_social_twitter_desc":"","_seopress_social_twitter_img":"","_seopress_social_twitter_img_attachment_id":0,"_seopress_social_twitter_img_width":0,"_seopress_social_twitter_img_height":0,"_seopress_redirections_value":"","_seopress_redirections_enabled":"","_seopress_redirections_enabled_regex":"","_seopress_redirections_logged_status":"","_seopress_redirections_param":"","_seopress_redirections_type":0,"_seopress_analysis_target_kw":"","_seopress_news_disabled":"","_seopress_video_disabled":"","_seopress_video":[],"_seopress_pro_schemas_manual":[],"_seopress_pro_rich_snippets_disable_all":"","_seopress_pro_rich_snippets_disable":[],"_seopress_pro_schemas":[],"yt_custom_styles_scss":"","yt_custom_styles_rounded_corners":false,"yt_custom_styles_color_scheme":"","footnotes":""},"class_list":["post-1487","page","type-page","status-publish","hentry"],"acf":[],"_links":{"self":[{"href":"https:\/\/icf.church\/suedpfalz\/de\/wp-json\/wp\/v2\/pages\/1487","targetHints":{"allow":["GET"]}}],"collection":[{"href":"https:\/\/icf.church\/suedpfalz\/de\/wp-json\/wp\/v2\/pages"}],"about":[{"href":"https:\/\/icf.church\/suedpfalz\/de\/wp-json\/wp\/v2\/types\/page"}],"author":[{"embeddable":true,"href":"https:\/\/icf.church\/suedpfalz\/de\/wp-json\/wp\/v2\/users\/233"}],"replies":[{"embeddable":true,"href":"https:\/\/icf.church\/suedpfalz\/de\/wp-json\/wp\/v2\/comments?post=1487"}],"version-history":[{"count":20,"href":"https:\/\/icf.church\/suedpfalz\/de\/wp-json\/wp\/v2\/pages\/1487\/revisions"}],"predecessor-version":[{"id":2219,"href":"https:\/\/icf.church\/suedpfalz\/de\/wp-json\/wp\/v2\/pages\/1487\/revisions\/2219"}],"wp:attachment":[{"href":"https:\/\/icf.church\/suedpfalz\/de\/wp-json\/wp\/v2\/media?parent=1487"}],"curies":[{"name":"wp","href":"https:\/\/api.w.org\/{rel}","templated":true}]}}