{"id":1096,"date":"2026-05-20T11:58:10","date_gmt":"2026-05-20T09:58:10","guid":{"rendered":"https:\/\/new.icf.church\/swb\/men\/menscamp\/"},"modified":"2026-08-21T13:27:06","modified_gmt":"2026-08-21T11:27:06","slug":"menscamp","status":"publish","type":"page","link":"https:\/\/icf.church\/swb\/de\/menscamp\/","title":{"rendered":"MEN`S CAMP"},"content":{"rendered":"<h1 id=\"block-1\" class=\"mt-4 mb-4 h1 text-start\">\n  MEN`S CAMP<\/h1>\n\n<p id=\"block-2\" class=\"text-start wp-block-paragraph\">\n  Beim ICF MEN`S CAMP schaffen wir einen Ort, an dem M\u00e4nner Gott begegnen, Gemeinschaft erleben, und an ihrem Charakter wachsen k\u00f6nnen. In Freundschaft, gemeinsamen Challenges und durch g\u00f6ttliche Prinzipien wollen wir entdecken, was es bedeutet, ein Mann nach dem Herzen Gottes zu sein. <br><br>Unser Wunsch ist, dass jeder Teilnehmer gest\u00e4rkt und ermutigt nach Hause geht und mehr zu dem Mann wird, zu dem Gott ihn geschaffen hat \u2013 in seiner Familie, seinem Umfeld und seinem Glauben.<\/p>\n\n<div id=\"block-5\" class=\"pt-2 pb-2 alignfull is-layout-constrained\">\n  <div>\n            <div class=\"row gx-4 gy-4 \">\n          \n\n<div id=\"block-4\" class=\"col wp-block-yellowtree-column col-12 d-flex flex-column with-streched-height-children align-items-stretch align-items-md-stretch\">\n  <figure class=\"wp-embed-aspect-16-9 wp-has-aspect-ratio wp-block-embed has-context-height is-provider-youtube is-type-video\">\n  <div class=\"ratio\" style=\"--bs-aspect-ratio:56.25%\">\n          <div class=\"media-defer rounded overflow-hidden bg-black\" data-defer-target=\"iframe\" data-defer-url=\"https:\/\/www.youtube.com\/embed\/P_R4QDxPNRA?feature=oembed&amp;autoplay=1&amp;iv_load_policy=3&amp;rel=0&amp;dnt=0\" data-consent-required=\"marketing\">\n\n        <div class=\"media-defer__content h-100\" style=\"display: none;\">\n          <iframe width=\"500\" height=\"281\" frameborder=\"0\" allow=\"accelerometer; autoplay; clipboard-write; encrypted-media; gyroscope; picture-in-picture; web-share\" referrerpolicy=\"strict-origin-when-cross-origin\" allowfullscreen title=\"Men\u00b4s Camp 2026 - Legacy | Recap\"><\/iframe>        <\/div>\n\n        <div class=\"media-defer__placeholder h-100 position-relative\">\n          <img decoding=\"async\" class=\"video-thumbnail w-100 h-100 object-fit-cover\" src=\"https:\/\/icf.church\/swb\/wp-content\/uploads\/sites\/85\/youtube-thumbs\/P_R4QDxPNRA-hqdefault.jpg\" srcset=\"https:\/\/icf.church\/swb\/wp-content\/uploads\/sites\/85\/youtube-thumbs\/P_R4QDxPNRA-maxresdefault.jpg 1280w, https:\/\/icf.church\/swb\/wp-content\/uploads\/sites\/85\/youtube-thumbs\/P_R4QDxPNRA-hqdefault.jpg 480w, https:\/\/icf.church\/swb\/wp-content\/uploads\/sites\/85\/youtube-thumbs\/P_R4QDxPNRA-sddefault.jpg 640w\" sizes=\"(max-width: 2560px) 100vw, 2560px\" alt=\"Men\u00b4s Camp 2026 - Legacy | Recap\" draggable=\"false\" loading=\"lazy\">\n\n          <button class=\"video-toggle show\" type=\"button\" aria-label=\"Inhalte abspielen\">\n          <\/button>\n\n                      <img decoding=\"async\" class=\"position-absolute end-0 bottom-0 video-provider-image\" src=\"https:\/\/icf.church\/swb\/wp-content\/themes\/icf\/assets\/youtube-type-logo.svg\" alt=\"YouTube\" loading=\"lazy\">\n          \n          <div data-consent=\"marketing\" data-inverse class=\"position-absolute bottom-0 start-0 end-0 p-3 text-white bg-black bg-opacity-50 text-center\">\n            <p class=\"mb-0 small\">\n              \ud83c\udfa5 Mit deinem Klick werden Inhalte von Youtube geladen. Dabei erlaubst du Cookies f\u00fcr marketing. Mehr dazu in unserer  <a href=\"https:\/\/icf.church\/swb\/de\/datenschutz\/\" class=\"text-white\">Datenschutzerkl\u00e4rung<\/a>.            <\/p>\n          <\/div>\n        <\/div>\n      <\/div>\n      <\/div>\n\n  <\/figure><\/div>\n        <\/div>\n          <\/div>\n<\/div>\n\n\n<div id=\"block-11\" class=\"wp-block-yellowtree-text-image d-flex flex-column flex-lg-row gap-3\">\n    \n\n<div id=\"block-6\" class=\"wp-block-yellowtree-locked-image\">\n    <img decoding=\"async\" width=\"1024\" height=\"683\" src=\"https:\/\/icf.church\/swb\/wp-content\/uploads\/sites\/85\/2026\/08\/icf-6363-1024x683.jpg\" class=\"w-100 h-100 object-fit-cover\" alt=\"\" style=\"object-position: 50% 50%;\" loading=\"lazy\" sizes=\"(max-width: 992px) 100vw, 1600px\" srcset=\"https:\/\/icf.church\/swb\/wp-content\/uploads\/sites\/85\/2026\/08\/icf-6363-1024x683.jpg 1024w, https:\/\/icf.church\/swb\/wp-content\/uploads\/sites\/85\/2026\/08\/icf-6363-300x200.jpg 300w, https:\/\/icf.church\/swb\/wp-content\/uploads\/sites\/85\/2026\/08\/icf-6363-768x512.jpg 768w, https:\/\/icf.church\/swb\/wp-content\/uploads\/sites\/85\/2026\/08\/icf-6363-1536x1024.jpg 1536w, https:\/\/icf.church\/swb\/wp-content\/uploads\/sites\/85\/2026\/08\/icf-6363-2048x1365.jpg 2048w\" \/><\/div>\n\n\n\n<div id=\"block-10\" data-bs-theme=\"dark\" class=\"card wp-block-yellowtree-text-card has-context-height\">\n  <div class=\"card-body px-4 py-6 p-sm-6 p-lg-8\">\n    \n\n<h2 id=\"block-7\">\n    ICF MEN&#8217;S CAMP 2027<\/h2>\n\n\n<p id=\"block-8\">\n    01. &#8211; 03. Juli <br><br>Ort: wird bald bekannt gegeben<br><\/p>\n\n\n  <div>\n    <a id=\"block-9\" href=\"https:\/\/tickets.icf-swb.de\/menscamp\/\" rel=\"\" class=\"wp-block-yellowtree-button-link btn btn-default\">\n      <span>Anmelden<\/span>\n          <\/a>\n  <\/div>\n\n  <\/div>\n<\/div>\n<\/div>\n\n\n<div id=\"block-16\" class=\"pt-2 pb-2 alignfull is-layout-constrained\">\n  <div>\n            <div class=\"row gx-4 gy-4 \">\n          \n\n<div id=\"block-15\" class=\"col wp-block-yellowtree-column col-12 d-flex flex-column with-streched-height-children align-items-stretch align-items-md-stretch\">\n  <div class=\"has-context-height\">\n  <article id=\"block-14\" data-bs-theme=\"dark\" class=\"wp-block-yellowtree-container-card card has-context-height\">\n    <div class=\"card-body\">\n      <p id=\"block-12\" class=\"fs-lg text-start wp-block-paragraph\">\n  Speakers<\/p>\n\n<p id=\"block-13\" class=\"text-start wp-block-paragraph\">\n  Leo Bigger<br>Jurgen Matthesius<br>David Rominger<br>&#8230; und mehr<\/p>    <\/div>\n  <\/article>\n<\/div><\/div>\n        <\/div>\n          <\/div>\n<\/div>\n\n<div id=\"block-60\" class=\"pt-2 pb-2 alignfull is-layout-constrained\">\n  <div>\n            <div class=\"row gx-4 gy-4 \">\n          \n\n<div id=\"block-59\" class=\"col wp-block-yellowtree-column col-12 d-flex flex-column with-streched-height-children align-items-stretch align-items-md-stretch\">\n  <div id=\"block-58\" class=\"accordion\">\n  \n\n<div id=\"block-20\" data-bs-theme=\"dark\" class=\"overflow-hidden wp-block-yellowtree-accordion-item\">\n  <div class=\"accordion-header\">\n    <button class=\"accordion-button rounded-0 collapsed focus-ring-inset\" type=\"button\" data-bs-toggle=\"collapse\" data-bs-target=\"#block-20-collapse\" aria-expanded=\"false\" aria-controls=\"block-20-collapse\">\n      <div>\n        <h3 class=\"mb-0\">\n          Wichtige Informationen        <\/h3>\n              <\/div>\n      <div class=\"ms-auto accordion-icons icon-container-base\">\n        <i class=\"icon fa-arrow-right accordion-icon-default\"><\/i>\n        <i class=\"icon fa-close accordion-icon-alt\"><\/i>\n      <\/div>\n    <\/button>\n  <\/div>\n  <div id=\"block-20-collapse\" class=\"accordion-collapse collapse \">\n    <div class=\"accordion-body pt-0\">\n      <p id=\"block-17\" class=\"text-start wp-block-paragraph\">\n  <strong>Jeder Teilnehmer ist Teil eines Tribes (Team<\/strong>s).<\/p>\n\n<p id=\"block-18\" class=\"text-start wp-block-paragraph\">\n  In diesen Tribes gehen die Teilnehmer gemeinsam durchs Camp, k\u00fcmmern sich gesammelt um die Verpflegung und ggf. auch um die Unterk\u00fcnfte. Das ist jedem Tribe selbst \u00fcberlassen und wird von den Captains und Leitern koordiniert.&nbsp;<br>Es ist nicht m\u00f6glich, am MEN\u00b4S CAMP teilzunehmen und keinem Tribe anzugeh\u00f6ren!<\/p>\n\n<p id=\"block-19\" class=\"text-start wp-block-paragraph\">\n  Solltest du noch keinem Tribe angeh\u00f6ren, wende dich bitte an die zust\u00e4ndige Person deines Standorts via Telegram Messenger. Wenn du deine Stadt dort nicht findest, wende dich an den Ansprechpartner des Standorts, der deinem dauerhaften Wohnort am n\u00e4chsten liegt.<br>Kontaktdaten der Ansprechpartner findest du hier: <a href=\"https:\/\/icfswb.sharepoint.com\/:w:\/s\/Men'sMinistry\/IQD3JKicyRSaRIMIRJ0oAmpBAbpeO329vYJhb9tvXTZvoUI?e=hlhC8z\" target=\"_blank\" rel=\"noopener\"><\/a><a href=\"https:\/\/linktr.ee\/icfmen\">icfmen | Linktree<\/a><\/p>    <\/div>\n  <\/div>\n<\/div>\n\n\n<div id=\"block-27\" data-bs-theme=\"dark\" class=\"overflow-hidden wp-block-yellowtree-accordion-item\">\n  <div class=\"accordion-header\">\n    <button class=\"accordion-button rounded-0 collapsed focus-ring-inset\" type=\"button\" data-bs-toggle=\"collapse\" data-bs-target=\"#block-27-collapse\" aria-expanded=\"false\" aria-controls=\"block-27-collapse\">\n      <div>\n        <h3 class=\"mb-0\">\n          Wie \u00fcbernachte ich auf dem Camp?        <\/h3>\n              <\/div>\n      <div class=\"ms-auto accordion-icons icon-container-base\">\n        <i class=\"icon fa-arrow-right accordion-icon-default\"><\/i>\n        <i class=\"icon fa-close accordion-icon-alt\"><\/i>\n      <\/div>\n    <\/button>\n  <\/div>\n  <div id=\"block-27-collapse\" class=\"accordion-collapse collapse \">\n    <div class=\"accordion-body pt-0\">\n      <p id=\"block-21\" class=\"text-start wp-block-paragraph\">\n  Auf die Art und Weise, die zu dir passt!<br><br>Viele M\u00e4nner nutzen die Chance, um ihre Zelte auszupacken. Andere schlafen im Wohnmobil, Wohnwagen oder im Auto. Es ist auch m\u00f6glich unter freiem Himmel zu \u00fcbernachten &#8211; hier gibt es keinerlei Vorgaben.<br><br>Wenn du einen fahrbaren Untersatz w\u00e4hlst, f\u00fcge bei deiner Anmeldung einfach das Caravan\/Auto Ticket hinzu und reserviere dir deinen Stellplatz.<\/p>\n\n<div id=\"block-26\" class=\"pt-2 pb-2 alignfull is-layout-constrained\">\n  <div>\n            <div class=\"row gx-4 gy-4 \">\n          \n\n<div id=\"block-23\" class=\"col wp-block-yellowtree-column col-12 col-md-6 d-flex flex-column with-streched-height-children align-items-stretch align-items-md-stretch\">\n  <div class=\"mw-100\">\n      <figure id=\"block-22\">\n      <div class=\"img-wrap\" style=\"max-width:100%\">\n        <img decoding=\"async\" src=\"https:\/\/icf.church\/swb\/wp-content\/uploads\/sites\/85\/2026\/08\/mens-camp_2026_0013-1024x684.jpg\" alt=\"\" loading=\"lazy\" title=\"\" class=\"img-fluid w-100 h-100 rounded object-fit-cover\" style=\"object-position: center center\">\n      <\/div>\n          <\/figure>\n    <\/div><\/div>\n\n\n<div id=\"block-25\" class=\"col wp-block-yellowtree-column col-12 col-md-6 d-flex flex-column with-streched-height-children align-items-stretch align-items-md-stretch\">\n  <div class=\"mw-100\">\n      <figure id=\"block-24\">\n      <div class=\"img-wrap\" style=\"max-width:100%\">\n        <img decoding=\"async\" src=\"https:\/\/icf.church\/swb\/wp-content\/uploads\/sites\/85\/2026\/08\/mens-camp_2026_0014-1024x684.jpg\" alt=\"\" loading=\"lazy\" title=\"\" class=\"img-fluid w-100 h-100 rounded object-fit-cover\" style=\"object-position: center center\">\n      <\/div>\n          <\/figure>\n    <\/div><\/div>\n        <\/div>\n          <\/div>\n<\/div>    <\/div>\n  <\/div>\n<\/div>\n\n\n<div id=\"block-29\" data-bs-theme=\"dark\" class=\"overflow-hidden wp-block-yellowtree-accordion-item\">\n  <div class=\"accordion-header\">\n    <button class=\"accordion-button rounded-0 collapsed focus-ring-inset\" type=\"button\" data-bs-toggle=\"collapse\" data-bs-target=\"#block-29-collapse\" aria-expanded=\"false\" aria-controls=\"block-29-collapse\">\n      <div>\n        <h3 class=\"mb-0\">\n          Welche Kosten kommen auf mich zu?        <\/h3>\n              <\/div>\n      <div class=\"ms-auto accordion-icons icon-container-base\">\n        <i class=\"icon fa-arrow-right accordion-icon-default\"><\/i>\n        <i class=\"icon fa-close accordion-icon-alt\"><\/i>\n      <\/div>\n    <\/button>\n  <\/div>\n  <div id=\"block-29-collapse\" class=\"accordion-collapse collapse \">\n    <div class=\"accordion-body pt-0\">\n      <p id=\"block-28\" class=\"text-start wp-block-paragraph\">\n  Die aktuellen Ticket-Preise siehst du auf der <a href=\"http:\/\/tickets.icf-swb.de\/menscamp\" data-type=\"page\" data-id=\"1096\">Anmeldeseite<\/a>.<br><br>A<strong>b dem 2. Sohn<\/strong> erh\u00e4lt das Ticket dieses Sohns und jedes weitere <strong class=\"myprefix-text-bold\">automatisch 50% Rabatt<\/strong>.<br><br>Bitte plane zus\u00e4tzlich Budget f\u00fcr Verpflegung, ggf. Campingausr\u00fcstung und Tribe-Merchandise ein. Dies kann je nach Tribe variieren. Erfahrungsgem\u00e4\u00df planen M\u00e4nner ca. 50\u20ac f\u00fcr Verpflegung und ca. 20\u20ac f\u00fcr Tribe-Tshirts oder \u00e4hnliches ein. Ein Caravan\/Auto Stepplatz als Unterkunft kostet 10\u20ac.<\/p>    <\/div>\n  <\/div>\n<\/div>\n\n\n<div id=\"block-37\" data-bs-theme=\"dark\" class=\"overflow-hidden wp-block-yellowtree-accordion-item\">\n  <div class=\"accordion-header\">\n    <button class=\"accordion-button rounded-0 collapsed focus-ring-inset\" type=\"button\" data-bs-toggle=\"collapse\" data-bs-target=\"#block-37-collapse\" aria-expanded=\"false\" aria-controls=\"block-37-collapse\">\n      <div>\n        <h3 class=\"mb-0\">\n          Was f\u00fcr Challenges erwarten mich?        <\/h3>\n              <\/div>\n      <div class=\"ms-auto accordion-icons icon-container-base\">\n        <i class=\"icon fa-arrow-right accordion-icon-default\"><\/i>\n        <i class=\"icon fa-close accordion-icon-alt\"><\/i>\n      <\/div>\n    <\/button>\n  <\/div>\n  <div id=\"block-37-collapse\" class=\"accordion-collapse collapse \">\n    <div class=\"accordion-body pt-0\">\n      <p id=\"block-30\" class=\"text-start wp-block-paragraph\">\n  Es gibt jedes Jahr andere Challenges. Dabei geht nicht nur um Kraft und Muskeln, sondern auch um Geschicklichkeit, Schnelligkeit und Wissen.<br><br>Du entscheidest selbst, wo du mitmachst und wo nicht. Unser Wunsch ist, dass du dich mit deinen St\u00e4rken einbringst und wir als M\u00e4nner wieder lernen wie es ist, zu gewinnen und alles daf\u00fcr zu geben.<\/p>\n\n<p id=\"block-31\" class=\"text-start wp-block-paragraph\">\n  Das spiegelt wider, was wir auch in Bereichen wie Ehe, Familie und Beruf pr\u00e4gen m\u00f6chten.<\/p>\n\n<div id=\"block-36\" class=\"pt-2 pb-2 alignfull is-layout-constrained\">\n  <div>\n            <div class=\"row gx-4 gy-4 \">\n          \n\n<div id=\"block-33\" class=\"col wp-block-yellowtree-column col-12 col-md-6 d-flex flex-column with-streched-height-children align-items-stretch align-items-md-stretch\">\n  <div class=\"mw-100\">\n      <figure id=\"block-32\">\n      <div class=\"img-wrap\" style=\"max-width:100%\">\n        <img decoding=\"async\" src=\"https:\/\/icf.church\/swb\/wp-content\/uploads\/sites\/85\/2026\/08\/mens-camp_2026_0272-1-1024x684.jpg\" alt=\"\" loading=\"lazy\" title=\"\" class=\"img-fluid w-100 h-100 rounded object-fit-cover\" style=\"object-position: center center\">\n      <\/div>\n          <\/figure>\n    <\/div><\/div>\n\n\n<div id=\"block-35\" class=\"col wp-block-yellowtree-column col-12 col-md-6 d-flex flex-column with-streched-height-children align-items-stretch align-items-md-stretch\">\n  <div class=\"mw-100\">\n      <figure id=\"block-34\">\n      <div class=\"img-wrap\" style=\"max-width:100%\">\n        <img decoding=\"async\" src=\"https:\/\/icf.church\/swb\/wp-content\/uploads\/sites\/85\/2026\/08\/mens-camp_2026_0284-1024x684.jpg\" alt=\"\" loading=\"lazy\" title=\"\" class=\"img-fluid w-100 h-100 rounded object-fit-cover\" style=\"object-position: center center\">\n      <\/div>\n          <\/figure>\n    <\/div><\/div>\n        <\/div>\n          <\/div>\n<\/div>    <\/div>\n  <\/div>\n<\/div>\n\n\n<div id=\"block-39\" data-bs-theme=\"dark\" class=\"overflow-hidden wp-block-yellowtree-accordion-item\">\n  <div class=\"accordion-header\">\n    <button class=\"accordion-button rounded-0 collapsed focus-ring-inset\" type=\"button\" data-bs-toggle=\"collapse\" data-bs-target=\"#block-39-collapse\" aria-expanded=\"false\" aria-controls=\"block-39-collapse\">\n      <div>\n        <h3 class=\"mb-0\">\n          Gibt es eine Altersbeschr\u00e4nkung?        <\/h3>\n              <\/div>\n      <div class=\"ms-auto accordion-icons icon-container-base\">\n        <i class=\"icon fa-arrow-right accordion-icon-default\"><\/i>\n        <i class=\"icon fa-close accordion-icon-alt\"><\/i>\n      <\/div>\n    <\/button>\n  <\/div>\n  <div id=\"block-39-collapse\" class=\"accordion-collapse collapse \">\n    <div class=\"accordion-body pt-0\">\n      <p id=\"block-38\" class=\"text-start wp-block-paragraph\">\n  Unser MEN`S CAMP ist f\u00fcr junge M\u00e4nner ab 14 Jahren. Bitte beachte, dass ohne die Anwesenheit des Vaters eine schriftliche Einverst\u00e4ndniserkl\u00e4rung des\/der Erziehungsberechtigten f\u00fcr Minderj\u00e4hrige Teilnehmer erforderlich ist.<br><br>F\u00fcr junge M\u00e4nner, die bereits an einem vergangenen MEN\u00b4S CAMP teilgenommen haben, aber in diesem Jahr die Altersbeschr\u00e4nkung unterschreiten, gilt eine Ausnahme.<\/p>    <\/div>\n  <\/div>\n<\/div>\n\n\n<div id=\"block-41\" data-bs-theme=\"dark\" class=\"overflow-hidden wp-block-yellowtree-accordion-item\">\n  <div class=\"accordion-header\">\n    <button class=\"accordion-button rounded-0 collapsed focus-ring-inset\" type=\"button\" data-bs-toggle=\"collapse\" data-bs-target=\"#block-41-collapse\" aria-expanded=\"false\" aria-controls=\"block-41-collapse\">\n      <div>\n        <h3 class=\"mb-0\">\n          Wie befreie ich meinen Sohn vom Unterricht?        <\/h3>\n              <\/div>\n      <div class=\"ms-auto accordion-icons icon-container-base\">\n        <i class=\"icon fa-arrow-right accordion-icon-default\"><\/i>\n        <i class=\"icon fa-close accordion-icon-alt\"><\/i>\n      <\/div>\n    <\/button>\n  <\/div>\n  <div id=\"block-41-collapse\" class=\"accordion-collapse collapse \">\n    <div class=\"accordion-body pt-0\">\n      <p id=\"block-40\" class=\"text-start wp-block-paragraph\">\n  Sch\u00fcler haben in Deutschland, \u00d6sterreich und der Schweiz durch jeweils dort geltende Gesetze das Recht, an religi\u00f6sen Feiertagen oder Veranstaltungen ihrer Glaubensgemeinschaft teilzunehmen und daf\u00fcr vom Unterricht freigestellt zu werden. <br>Dies muss rechtzeitig beim Klassenlehrer schriftlich beantragt werden, damit dieser die Befreiung vom Unterricht genehmigt.<br><br>Eine Vorlage zum Antrag der Beurlaubung inkl. p\u00e4dagogischer Erl\u00e4uterung zum ICF MEN\u00b4S CAMP findest du hier: <a href=\"https:\/\/linktr.ee\/icfmen\">icfmen | Linktree<\/a><\/p>    <\/div>\n  <\/div>\n<\/div>\n\n\n<div id=\"block-54\" data-bs-theme=\"dark\" class=\"overflow-hidden wp-block-yellowtree-accordion-item\">\n  <div class=\"accordion-header\">\n    <button class=\"accordion-button rounded-0 collapsed focus-ring-inset\" type=\"button\" data-bs-toggle=\"collapse\" data-bs-target=\"#block-54-collapse\" aria-expanded=\"false\" aria-controls=\"block-54-collapse\">\n      <div>\n        <h3 class=\"mb-0\">\n          Was ist das M\u00e4nnerritual?        <\/h3>\n              <\/div>\n      <div class=\"ms-auto accordion-icons icon-container-base\">\n        <i class=\"icon fa-arrow-right accordion-icon-default\"><\/i>\n        <i class=\"icon fa-close accordion-icon-alt\"><\/i>\n      <\/div>\n    <\/button>\n  <\/div>\n  <div id=\"block-54-collapse\" class=\"accordion-collapse collapse \">\n    <div class=\"accordion-body pt-0\">\n      <p id=\"block-42\" class=\"text-start wp-block-paragraph\">\n  Das M\u00e4nnerritual ist ein Initiations-Moment f\u00fcr 14-21 j\u00e4hrige ins erwachsene Mann-Sein hinein. In unserer westlichen Kultur ging diese Tradition verloren, was dazu gef\u00fchrt hat, dass erwachsene M\u00e4nner mit ihrer Identit\u00e4t als Mann k\u00e4mpfen und aus anderen Quellen wie Sex, Macht, Karriere Best\u00e4tigung suchen.<\/p>\n\n<p id=\"block-43\" class=\"text-start wp-block-paragraph\">\n  Diese erhalten Sie dort jedoch nicht wirklich, denn Gottes Plan ist, dass M\u00e4nnlichkeit von Mann zu Mann verliehen wird. Vergleiche Jesus in Markus 1,11: der Vater spricht ihm Identit\u00e4t zu, bevor sein \u00f6ffentlicher Dienst beginnt.<\/p>\n\n<p id=\"block-44\" class=\"text-start wp-block-paragraph\">\n  Wir glauben, mit dem M\u00e4nnerritual an der Wurzel dieses Identit\u00e4tsproblems anzusetzen und erleben jedes Jahr g\u00f6ttliche Vater-Sohn Momente und ver\u00e4nderte junge M\u00e4nner. <br><br>Die jungen M\u00e4nner durchlaufen einen Parcours, in welchem sie &#8222;vom Jungen zum Mann&#8220; werden. Dabei werden sie von ihrem Vater oder einer Vaterfigur emotional unterst\u00fctzt, sind k\u00f6rperlich jedoch auf sich selbst und ihre gleichaltrigen Begleiter gestellt. Im Ziel steht der Vater (oder Vaterfigur) und spricht dem jungen Mann g\u00f6ttliche M\u00e4nnlichkeit zu.<\/p>\n\n<p id=\"block-45\" class=\"text-start wp-block-paragraph\">\n  Das M\u00e4nnerritual wird ein mal im Leben durchlaufen, und ist unsere Art, dem jungen Mann zu sagen: &#8222;Willkommen bei den M\u00e4nnern!&#8220;<\/p>\n\n<p id=\"block-46\" class=\"text-start wp-block-paragraph\">\n  <\/p>\n\n<p id=\"block-47\" class=\"text-start wp-block-paragraph\">\n  Bitte beachte, dass ohne die Anwesenheit des Vaters eine schriftliche Einverst\u00e4ndniserkl\u00e4rung des\/der Erziehungsberechtigten f\u00fcr Minderj\u00e4hrige Teilnehmer erforderlich ist. Diese wird bei der Ticketanmeldung hochgeladen.<\/p>\n\n<p id=\"block-48\" class=\"text-start wp-block-paragraph\">\n  Ist der Erziehungsberechtigte auf dem Camp anwesend, tr\u00e4gt er die Verantwortung f\u00fcr seinen Sohn.<\/p>\n\n<div id=\"block-53\" class=\"pt-2 pb-2 alignfull is-layout-constrained\">\n  <div>\n            <div class=\"row gx-4 gy-4 \">\n          \n\n<div id=\"block-50\" class=\"col wp-block-yellowtree-column col-12 col-md-6 d-flex flex-column with-streched-height-children align-items-stretch align-items-md-stretch\">\n  <div class=\"mw-100\">\n      <figure id=\"block-49\">\n      <div class=\"img-wrap\" style=\"max-width:100%\">\n        <img decoding=\"async\" src=\"https:\/\/icf.church\/swb\/wp-content\/uploads\/sites\/85\/2026\/08\/mens-camp_2026_0420-1-1-1024x684.jpg\" alt=\"\" loading=\"lazy\" title=\"\" class=\"img-fluid w-100 h-100 rounded object-fit-cover\" style=\"object-position: center center\">\n      <\/div>\n          <\/figure>\n    <\/div><\/div>\n\n\n<div id=\"block-52\" class=\"col wp-block-yellowtree-column col-12 col-md-6 d-flex flex-column with-streched-height-children align-items-stretch align-items-md-stretch\">\n  <div class=\"mw-100\">\n      <figure id=\"block-51\">\n      <div class=\"img-wrap\" style=\"max-width:100%\">\n        <img decoding=\"async\" src=\"https:\/\/icf.church\/swb\/wp-content\/uploads\/sites\/85\/2026\/08\/mens-camp_2026_0391-1024x684.jpg\" alt=\"\" loading=\"lazy\" title=\"\" class=\"img-fluid w-100 h-100 rounded object-fit-cover\" style=\"object-position: center center\">\n      <\/div>\n          <\/figure>\n    <\/div><\/div>\n        <\/div>\n          <\/div>\n<\/div>    <\/div>\n  <\/div>\n<\/div>\n\n\n<div id=\"block-57\" data-bs-theme=\"dark\" class=\"overflow-hidden wp-block-yellowtree-accordion-item\">\n  <div class=\"accordion-header\">\n    <button class=\"accordion-button rounded-0 collapsed focus-ring-inset\" type=\"button\" data-bs-toggle=\"collapse\" data-bs-target=\"#block-57-collapse\" aria-expanded=\"false\" aria-controls=\"block-57-collapse\">\n      <div>\n        <h3 class=\"mb-0\">\n          Ich kenne niemanden &#8211; wie finde ich Anschluss?        <\/h3>\n              <\/div>\n      <div class=\"ms-auto accordion-icons icon-container-base\">\n        <i class=\"icon fa-arrow-right accordion-icon-default\"><\/i>\n        <i class=\"icon fa-close accordion-icon-alt\"><\/i>\n      <\/div>\n    <\/button>\n  <\/div>\n  <div id=\"block-57-collapse\" class=\"accordion-collapse collapse \">\n    <div class=\"accordion-body pt-0\">\n      <p id=\"block-55\" class=\"text-start wp-block-paragraph\">\n  Wende dich einfach an den Ansprechpartner des Standorts, der deinem dauerhaften Wohnort am n\u00e4chsten liegt. Er wird dir helfen, die passenden Connections f\u00fcr dich aufzubauen.&nbsp;<\/p>\n\n<p id=\"block-56\" class=\"text-start wp-block-paragraph\">\n  Kontaktdaten der Ansprechpartner: <a href=\"https:\/\/icfswb.sharepoint.com\/:w:\/s\/Men'sMinistry\/IQD3JKicyRSaRIMIRJ0oAmpBAbpeO329vYJhb9tvXTZvoUI?e=hlhC8z\" target=\"_blank\" rel=\"noopener\">linktr.ee\/icfmen<\/a><\/p>    <\/div>\n  <\/div>\n<\/div>\n<\/div><\/div>\n        <\/div>\n          <\/div>\n<\/div>\n\n\n<div id=\"block-75\" class=\"accordion\">\n  <body>\n\n<div id=\"block-61\" data-bs-theme=\"dark\" class=\"overflow-hidden wp-block-yellowtree-accordion-item\">\n  <div class=\"accordion-header\">\n    <button class=\"accordion-button rounded-0 collapsed focus-ring-inset\" type=\"button\" data-bs-toggle=\"collapse\" data-bs-target=\"#block-61-collapse\" aria-expanded=\"false\" aria-controls=\"block-61-collapse\">\n      <div>\n        <h3 class=\"mb-0\">\n          Was du mitbringen solltest        <\/h3>\n              <\/div>\n      <div class=\"ms-auto accordion-icons icon-container-base\">\n        <i class=\"icon fa-arrow-right accordion-icon-default\"><\/i>\n        <i class=\"icon fa-close accordion-icon-alt\"><\/i>\n      <\/div>\n    <\/button>\n  <\/div>\n  <div id=\"block-61-collapse\" class=\"accordion-collapse collapse \">\n    <div class=\"accordion-body pt-0\">\n      <ul class=\"wp-block-list\">\n<li>Snacks und Getr\u00e4nke (Absprache in deinem Team)&nbsp;<\/li>\n\n\n\n<li>Zelt \/ Wohnwagen \/ Auto \/ H\u00e4ngematte\/ o.\u00e4. \u2013 zum Schlafen&nbsp;<\/li>\n\n\n\n<li>Kissen&nbsp;<\/li>\n\n\n\n<li>Handtuch&nbsp;<\/li>\n\n\n\n<li>Snacks&nbsp;<\/li>\n\n\n\n<li>Schlafsack&nbsp;<\/li>\n\n\n\n<li>Kleidung &#8211; inkl. &#8211; Kleidung, die ruiniert werden darf&nbsp;<\/li>\n\n\n\n<li>Kleide dich dem Wetter entsprechend (Regen oder Sonnenschein).&nbsp;<\/li>\n\n\n\n<li>Bibel<\/li>\n\n\n\n<li>Notizbuch + Stift&nbsp;<\/li>\n\n\n\n<li>Taschenlampe&nbsp;<\/li>\n<\/ul>    <\/div>\n  <\/div>\n<\/div>\n\n\n<div id=\"block-62\" data-bs-theme=\"dark\" class=\"overflow-hidden wp-block-yellowtree-accordion-item\">\n  <div class=\"accordion-header\">\n    <button class=\"accordion-button rounded-0 collapsed focus-ring-inset\" type=\"button\" data-bs-toggle=\"collapse\" data-bs-target=\"#block-62-collapse\" aria-expanded=\"false\" aria-controls=\"block-62-collapse\">\n      <div>\n        <h3 class=\"mb-0\">\n          Was ist im Camp erlaubt?        <\/h3>\n              <\/div>\n      <div class=\"ms-auto accordion-icons icon-container-base\">\n        <i class=\"icon fa-arrow-right accordion-icon-default\"><\/i>\n        <i class=\"icon fa-close accordion-icon-alt\"><\/i>\n      <\/div>\n    <\/button>\n  <\/div>\n  <div id=\"block-62-collapse\" class=\"accordion-collapse collapse \">\n    <div class=\"accordion-body pt-0\">\n      <ul class=\"wp-block-list\">\n<li>Rucks\u00e4cke&nbsp;<\/li>\n\n\n\n<li>Campingst\u00fchle&nbsp;<\/li>\n\n\n\n<li>Decken&nbsp;<\/li>\n\n\n\n<li>Wasserflaschen&nbsp;<\/li>\n\n\n\n<li>Ohrst\u00f6psel&nbsp;<\/li>\n\n\n\n<li>H\u00fcte, Kopfbedeckungen&nbsp;<\/li>\n\n\n\n<li>Feuerzeuge&nbsp;<\/li>\n\n\n\n<li>Telefon&nbsp;<\/li>\n\n\n\n<li>Assistenztiere&nbsp;<\/li>\n\n\n\n<li>Sonnenschutz&nbsp;<\/li>\n\n\n\n<li>Speisen und Getr\u00e4nke&nbsp;<\/li>\n\n\n\n<li>Tragbares Ladeger\u00e4t&nbsp;<\/li>\n\n\n\n<li>K\u00fchler&nbsp;<\/li>\n<\/ul>    <\/div>\n  <\/div>\n<\/div>\n\n\n<div id=\"block-63\" data-bs-theme=\"dark\" class=\"overflow-hidden wp-block-yellowtree-accordion-item\">\n  <div class=\"accordion-header\">\n    <button class=\"accordion-button rounded-0 collapsed focus-ring-inset\" type=\"button\" data-bs-toggle=\"collapse\" data-bs-target=\"#block-63-collapse\" aria-expanded=\"false\" aria-controls=\"block-63-collapse\">\n      <div>\n        <h3 class=\"mb-0\">\n          Was ist im Camp verboten?        <\/h3>\n              <\/div>\n      <div class=\"ms-auto accordion-icons icon-container-base\">\n        <i class=\"icon fa-arrow-right accordion-icon-default\"><\/i>\n        <i class=\"icon fa-close accordion-icon-alt\"><\/i>\n      <\/div>\n    <\/button>\n  <\/div>\n  <div id=\"block-63-collapse\" class=\"accordion-collapse collapse \">\n    <div class=\"accordion-body pt-0\">\n      <ul class=\"wp-block-list\">\n<li>Keine Tiere (Assistenztiere sind mit entsprechender Dokumentation erlaubt)&nbsp;<\/li>\n\n\n\n<li>Keine Drogen oder Drogenutensilien \u2013 einschlie\u00dflich Cannabis und Cannabisprodukte&nbsp;<\/li>\n\n\n\n<li>Keine brennbaren Stoffe \u2013 einschlie\u00dflich Feuerwerksk\u00f6rper, Sprengstoffe, Leuchtraketen&nbsp;<\/li>\n\n\n\n<li>Keine Laserpointer&nbsp;<\/li>\n\n\n\n<li>Keine motorisierten\/nicht motorisierten Fahrzeuge \u2013 inkl. Dirtbikes, Fahrr\u00e4der, Skateboards, Hoverboards, Segways, Inlineskates, Roller, Elektroroller usw. (Ausnahme: motorisierte Rollst\u00fchle)&nbsp;<\/li>\n\n\n\n<li>Jegliche Waffen sind verboten\u202f\u2013 Schusswaffen, Munition, Elektroschocker, Pfeil und Bogen, Pfefferspray\/Pfefferspray usw.&nbsp;<\/li>\n\n\n\n<li>Unbefugte Kamerateams, professionelle Kameras und\/oder Wechselobjektive sind nicht gestattet. (Handykameras sind erlaubt.)&nbsp;<\/li>\n<\/ul>    <\/div>\n  <\/div>\n<\/div>\n\n\n<div id=\"block-67\" data-bs-theme=\"dark\" class=\"overflow-hidden wp-block-yellowtree-accordion-item\">\n  <div class=\"accordion-header\">\n    <button class=\"accordion-button rounded-0 collapsed focus-ring-inset\" type=\"button\" data-bs-toggle=\"collapse\" data-bs-target=\"#block-67-collapse\" aria-expanded=\"false\" aria-controls=\"block-67-collapse\">\n      <div>\n        <h3 class=\"mb-0\">\n          Verhaltenskodex        <\/h3>\n              <\/div>\n      <div class=\"ms-auto accordion-icons icon-container-base\">\n        <i class=\"icon fa-arrow-right accordion-icon-default\"><\/i>\n        <i class=\"icon fa-close accordion-icon-alt\"><\/i>\n      <\/div>\n    <\/button>\n  <\/div>\n  <div id=\"block-67-collapse\" class=\"accordion-collapse collapse \">\n    <div class=\"accordion-body pt-0\">\n      <p id=\"block-64\" class=\"text-start wp-block-paragraph\">\n  Das ICF SWB MEN&#8217;S CAMP hat sich zum Ziel gesetzt, allen Teilnehmern ein tiefgreifendes und transformatives Erlebnis zu bieten.&nbsp;<br>Folgende Handlungen k\u00f6nnen zum Ausschluss vom Camp f\u00fchren:&nbsp;<\/p>\n\n\n<ul class=\"wp-block-list\">\n<li>unverantwortlicher oder unsicherer Alkoholkonsum.&nbsp;<\/li>\n\n\n\n<li>Zutritt zu gesperrten Bereichen ohne entsprechende Berechtigung.&nbsp;<\/li>\n\n\n\n<li>h\u00f6hnische, beleidigende oder anst\u00f6\u00dfige Sprache.&nbsp;<\/li>\n\n\n\n<li>obsz\u00f6ne oder beleidigende Gesten, einschlie\u00dflich der Verwendung obsz\u00f6ner oder beleidigender Gesten durch Bilder oder Symbole wie Banner, Schilder und andere Mittel der visuellen Propaganda.&nbsp;<\/li>\n\n\n\n<li>Besitz\/Gebrauch\/Verkauf illegaler Drogen.&nbsp;<\/li>\n\n\n\n<li>Besch\u00e4digung, Zerst\u00f6rung, Vandalismus oder Diebstahl von Eigentum.&nbsp;<\/li>\n\n\n\n<li>Verbreiten \/ \u00f6ffentliches Posten von Bildern, auf denen Personen mit ihren Balken zu erkennen sind<\/li>\n<\/ul>\n\n\n<p id=\"block-65\" class=\"text-start wp-block-paragraph\">\n  <em>*Mit der Anmeldung zu unserem MEN&#8217;S CAMP stimmst du dem Verhaltenskodex zu<\/em>!<\/p>\n\n<p id=\"block-66\" class=\"text-start wp-block-paragraph\">\n  &nbsp;<br>Jede Person, die gegen diesen Verhaltenskodex verst\u00f6\u00dft, kann SOFORT vom Veranstaltungsort verwiesen werden und ihr Armband sowie ihre Campingberechtigung werden ohne R\u00fcckerstattung entzogen.\u202f&nbsp;<\/p>    <\/div>\n  <\/div>\n<\/div>\n\n\n<div id=\"block-72\" data-bs-theme=\"dark\" class=\"overflow-hidden wp-block-yellowtree-accordion-item\">\n  <div class=\"accordion-header\">\n    <button class=\"accordion-button rounded-0 collapsed focus-ring-inset\" type=\"button\" data-bs-toggle=\"collapse\" data-bs-target=\"#block-72-collapse\" aria-expanded=\"false\" aria-controls=\"block-72-collapse\">\n      <div>\n        <h3 class=\"mb-0\">\n          Stornierung \/ R\u00fcckerstattung        <\/h3>\n              <\/div>\n      <div class=\"ms-auto accordion-icons icon-container-base\">\n        <i class=\"icon fa-arrow-right accordion-icon-default\"><\/i>\n        <i class=\"icon fa-close accordion-icon-alt\"><\/i>\n      <\/div>\n    <\/button>\n  <\/div>\n  <div id=\"block-72-collapse\" class=\"accordion-collapse collapse \">\n    <div class=\"accordion-body pt-0\">\n      <p id=\"block-68\" class=\"text-start wp-block-paragraph\">\n  Beim Kauf von Eintrittskarten besteht kein Widerrufsrecht, sodass ein Umtausch bzw. die R\u00fcckgabe der bereits gekauften Tickets grunds\u00e4tzlich ausgeschlossen ist.\u202f&nbsp;<\/p>\n\n<p id=\"block-69\" class=\"text-start wp-block-paragraph\">\n  \u00dcber den Ticketinganbieter gibt es die M\u00f6glichkeit, sein Ticket auf eine andere Person umzuschreiben. Beachte dazu die Mails, die du nach deiner Bestellung erhalten hast.<\/p>\n\n<p id=\"block-70\" class=\"text-start wp-block-paragraph\">\n  Du kannst die Umschreibung selbst vornehmen und musst das ICF daf\u00fcr nicht kontaktieren. Bei technischen Problemen oder R\u00fcckfragen stehen wir dir unter <a href=\"mailto:men@icf-swb.de\">men@icf-swb.de<\/a> zur Verf\u00fcgung.<\/p>\n\n<p id=\"block-71\" class=\"text-start wp-block-paragraph\">\n  Anmeldungen d\u00fcrfen ohne vorherige schriftliche Zustimmung des ICF Schwarzwald-Bodensee e.V. weder weiterverkauft noch zu einem h\u00f6heren Preis zum Weiterverkauf angeboten werden (auch nicht \u00fcber Online-Auktionen oder andere nicht autorisierte Wiederverkaufsplattformen). Bei einem Versto\u00df gegen diese Bestimmung kann die Anmeldung storniert und dem aktuellen Anmeldeinhaber der Zutritt zur Veranstaltung verweigert werden. Bitte beachten Sie, dass alle Campanmeldungen endg\u00fcltig sind und keine R\u00fcckerstattungen erfolgen.\u202f\u202f&nbsp;<\/p>    <\/div>\n  <\/div>\n<\/div>\n\n\n<div id=\"block-74\" data-bs-theme=\"dark\" class=\"overflow-hidden wp-block-yellowtree-accordion-item\">\n  <div class=\"accordion-header\">\n    <button class=\"accordion-button rounded-0 collapsed focus-ring-inset\" type=\"button\" data-bs-toggle=\"collapse\" data-bs-target=\"#block-74-collapse\" aria-expanded=\"false\" aria-controls=\"block-74-collapse\">\n      <div>\n        <h3 class=\"mb-0\">\n          Finanzielle Unterst\u00fctzung        <\/h3>\n              <\/div>\n      <div class=\"ms-auto accordion-icons icon-container-base\">\n        <i class=\"icon fa-arrow-right accordion-icon-default\"><\/i>\n        <i class=\"icon fa-close accordion-icon-alt\"><\/i>\n      <\/div>\n    <\/button>\n  <\/div>\n  <div id=\"block-74-collapse\" class=\"accordion-collapse collapse \">\n    <div class=\"accordion-body pt-0\">\n      <p id=\"block-73\" class=\"text-start wp-block-paragraph\">\n  Wenn du dazu beitragen m\u00f6chtest, dass jemandem geholfen wird, sich das MEN\u00b4S CAMP Ticket zu leisten, indem du einen Betrag spendest, dann kannst du das bei der Anmeldung tun.<br>Wenn du eine spezifische Person unterst\u00fctzen m\u00f6chtest, bezahle bitte deren Ticket auf direktem Weg oder sende Ihr den Betrag den du geben m\u00f6chtest.&nbsp;<br>&nbsp;<br>Wenn du einen Antrag auf Teilsponsoring deines MEN\u00b4S CAMP Tickets stellen m\u00f6chtest, bitte f\u00fclle den <a href=\"https:\/\/forms.office.com\/e\/sT2QTHjpJG\" target=\"_blank\" rel=\"noopener\">Antrag auf Teilsponsoring<\/a>\u202faus. Unser Team wird sich diskret um dein Anliegen k\u00fcmmern und dich nach besten M\u00f6glichkeiten unterst\u00fctzen.&nbsp;<br>&nbsp;<br>Vielen Dank f\u00fcr deine Gro\u00dfz\u00fcgigkeit!&nbsp;<\/p>    <\/div>\n  <\/div>\n<\/div>\n<\/body><\/div>","protected":false},"excerpt":{"rendered":"<p>Das ICF SWB Men&#8217;s Camp ist eine Schmiede, um tiefer in die St\u00e4rke und Einzigartigkeit deines Mannseins einzutauchen. Wir trainieren dich, der Mann zu werden, f\u00fcr den du geschaffen wurdest.<\/p>\n","protected":false},"author":203,"featured_media":0,"parent":0,"menu_order":18,"comment_status":"closed","ping_status":"closed","template":"","meta":{"_acf_changed":false,"_seopress_titles_title":"","_seopress_titles_desc":"","_seopress_robots_index":"","_seopress_robots_follow":"","_seopress_robots_imageindex":"","_seopress_robots_snippet":"","_seopress_robots_primary_cat":"","_seopress_robots_breadcrumbs":"","_seopress_robots_freeze_modified_date":"","_seopress_robots_custom_modified_date":"","_seopress_robots_canonical":"","_seopress_social_fb_title":"","_seopress_social_fb_desc":"","_seopress_social_fb_img":"","_seopress_social_fb_img_attachment_id":0,"_seopress_social_fb_img_width":0,"_seopress_social_fb_img_height":0,"_seopress_social_twitter_title":"","_seopress_social_twitter_desc":"","_seopress_social_twitter_img":"","_seopress_social_twitter_img_attachment_id":0,"_seopress_social_twitter_img_width":0,"_seopress_social_twitter_img_height":0,"_seopress_redirections_value":"","_seopress_redirections_enabled":"","_seopress_redirections_enabled_regex":"","_seopress_redirections_logged_status":"","_seopress_redirections_param":"","_seopress_redirections_type":0,"_seopress_analysis_target_kw":"","_seopress_news_disabled":"","_seopress_video_disabled":"","_seopress_video":[],"_seopress_pro_schemas_manual":[],"_seopress_pro_rich_snippets_disable_all":"","_seopress_pro_rich_snippets_disable":[],"_seopress_pro_schemas":[],"yt_custom_styles_scss":"","yt_custom_styles_rounded_corners":false,"yt_custom_styles_color_scheme":"","footnotes":""},"class_list":["post-1096","page","type-page","status-publish","hentry"],"acf":[],"_links":{"self":[{"href":"https:\/\/icf.church\/swb\/de\/wp-json\/wp\/v2\/pages\/1096","targetHints":{"allow":["GET"]}}],"collection":[{"href":"https:\/\/icf.church\/swb\/de\/wp-json\/wp\/v2\/pages"}],"about":[{"href":"https:\/\/icf.church\/swb\/de\/wp-json\/wp\/v2\/types\/page"}],"author":[{"embeddable":true,"href":"https:\/\/icf.church\/swb\/de\/wp-json\/wp\/v2\/users\/203"}],"replies":[{"embeddable":true,"href":"https:\/\/icf.church\/swb\/de\/wp-json\/wp\/v2\/comments?post=1096"}],"version-history":[{"count":34,"href":"https:\/\/icf.church\/swb\/de\/wp-json\/wp\/v2\/pages\/1096\/revisions"}],"predecessor-version":[{"id":1977,"href":"https:\/\/icf.church\/swb\/de\/wp-json\/wp\/v2\/pages\/1096\/revisions\/1977"}],"wp:attachment":[{"href":"https:\/\/icf.church\/swb\/de\/wp-json\/wp\/v2\/media?parent=1096"}],"curies":[{"name":"wp","href":"https:\/\/api.w.org\/{rel}","templated":true}]}}