{"id":115,"date":"2025-10-02T08:56:35","date_gmt":"2025-10-02T06:56:35","guid":{"rendered":"https:\/\/new.new.icf.church\/swb\/?page_id=115"},"modified":"2026-08-06T19:43:43","modified_gmt":"2026-08-06T17:43:43","slug":"besuchen","status":"publish","type":"page","link":"https:\/\/icf.church\/swb\/de\/besuchen\/","title":{"rendered":"Besuchen"},"content":{"rendered":"<h1 id=\"block-1\" class=\"mt-7 mb-6 h1 display-1 text-start\">\n  Eine Kirche.<br>Mehrere Standorte.<\/h1>\n\n<p id=\"block-2\" class=\"mb-4 text-start wp-block-paragraph\">\n  Herzlich Willkommen im ICF Schwarzwald-Bodensee. Eine Kirche, mehrere Standorte. ICF ist eine \u00fcberkonfessionelle Kirche auf biblischer Grundlage, die aus dem Traum entstanden ist, Kirche f\u00fcr die Menschen wieder dynamisch, lebensnah und zeitgem\u00e4\u00df zu gestalten. Wir feiern gemeinsam den Glauben an Gott, integrieren ihn im Alltag und leben freundschaftliche Beziehungen.<br>Wir haben mehrere Standorte in der Region Schwarzwald-Bodensee:<\/p>\n\n<div id=\"block-18\" class=\"pt-2 pb-2 alignfull is-layout-constrained\">\n  <div>\n            <div class=\"row gx-4 gy-4 \">\n          \n\n<div id=\"block-7\" class=\"col wp-block-yellowtree-column col-12 col-lg-4 d-flex flex-column with-streched-height-children align-items-stretch align-items-lg-stretch\">\n  <article id=\"block-6\" type=\"button\" data-bs-theme=\"dark\" class=\"wp-block-yellowtree-profile-card card p-0 has-context-height\" style=\"--card-img-position:50% 50%\">\n      <img decoding=\"async\" width=\"1024\" height=\"683\" src=\"https:\/\/icf.church\/swb\/wp-content\/uploads\/sites\/85\/2026\/03\/shootingdavid-4202-1024x683.jpg\" class=\"card-img-top\" alt=\"Zwei l\u00e4chelnde Menschen vor einer wei\u00dfen Wand, die Freundschaft und Gemeinschaft bei ICF Schwarzwald Bodensee symbolisieren.\" draggable=\"false\" loading=\"lazy\" srcset=\"https:\/\/icf.church\/swb\/wp-content\/uploads\/sites\/85\/2026\/03\/shootingdavid-4202-1024x683.jpg 1024w, https:\/\/icf.church\/swb\/wp-content\/uploads\/sites\/85\/2026\/03\/shootingdavid-4202-300x200.jpg 300w, https:\/\/icf.church\/swb\/wp-content\/uploads\/sites\/85\/2026\/03\/shootingdavid-4202-768x512.jpg 768w, https:\/\/icf.church\/swb\/wp-content\/uploads\/sites\/85\/2026\/03\/shootingdavid-4202-1536x1024.jpg 1536w, https:\/\/icf.church\/swb\/wp-content\/uploads\/sites\/85\/2026\/03\/shootingdavid-4202-2048x1365.jpg 2048w\" sizes=\"(max-width: 1024px) 100vw, 1024px\">    <div class=\"card-body\">\n    <p class=\"card-meta-tag\">\n      Leadpastoren    <\/p>\n    <h3 class=\"card-title mt-1\">ICF Freiburg<\/h3>\n    <p class=\"card-text mt-1\">David &amp; Sarah Rominger<\/p>\n    <div class=\"card-buttons mt-1\">\n      <button type=\"button\" class=\"stretched-link btn btn-dark-1 btn-sm position-static\" aria-label=\"\u00d6ffne Popover \u00fcber ICF Freiburg\" aria-controls=\"profile-card-modal-block-6\" data-bs-toggle=\"modal\" data-bs-target=\"#profile-card-modal-block-6\">\n        <span>Mehr erfahren<\/span>\n        <i class=\"icon fs-base-const fa-arrow-right\"><\/i>\n      <\/button>\n    <\/div>\n  <\/div>\n<\/article>\n\n<div id=\"profile-card-modal-block-6\" tabindex=\"-1\" class=\"modal fade profile-card-modal\">\n  <div class=\"modal-dialog modal-dialog-centered\">\n    <div class=\"modal-content\" data-bs-theme=\"dark\">\n      <button type=\"button\" class=\"modal-close modal-close-end\" data-bs-dismiss=\"modal\" aria-label=\"Close\"><\/button>\n      <div class=\"modal-header\"><\/div>\n      <div class=\"modal-body overflow-y-auto text-body\">\n        <div class=\"row g-4\">\n          <div class=\"col-12 col-sm-5\">\n            <img decoding=\"async\" draggable=\"false\" loading=\"lazy\" src=\"https:\/\/icf.church\/swb\/wp-content\/uploads\/sites\/85\/2026\/03\/shootingdavid-4202-scaled.jpg\" alt=\"Zwei l\u00e4chelnde Menschen vor einer wei\u00dfen Wand, die Freundschaft und Gemeinschaft bei ICF Schwarzwald Bodensee symbolisieren.\" class=\"img-fluid rounded object-fit-cover\">            <div class=\"d-sm-block d-none\">\n              <ul id=\"block-4\" class=\"profile-card-links-list list-unstyled mt-2 mt-sm-4\">\n  <li id=\"block-3\" class=\"profile-card-link\">\n  <i class=\"icon icon--fixed-width fa-solid fa-link\" aria-hidden=\"true\"><\/i>\n  <a href=\"https:\/\/icf.church\/freiburg\/de\/besuchen\/\" target=\"_blank\">ICF Freiburg<\/a>\n<\/li><\/ul>            <\/div>\n          <\/div>\n          <div class=\"col-12 col-sm-7\">\n            <h3 class=\"fs-h3-const mb-0 mt-3 mt-sm-0 title\">ICF Freiburg<\/h3>\n            <p class=\"fs-sm mt-1 responsibility\">David &amp; Sarah Rominger<\/p>\n            <p class=\"fs-sm mt-4 biography\">Unsere w\u00f6chentlichen Gottesdienste: <br>Sonntags um 10:00 &amp; 12:00 Uhr<br><br>\ud83d\udccdHier feiern wir Celebration:<br>Ballhaus<br>Leo-Wohlebstr. 1<br>79098 Freiburg<br><br><\/p>\n          <\/div>\n          <div class=\"col-12 d-sm-none\">\n            <ul id=\"block-4\" class=\"profile-card-links-list list-unstyled mt-2 mt-sm-4\">\n  <li id=\"block-3\" class=\"profile-card-link\">\n  <i class=\"icon icon--fixed-width fa-solid fa-link\" aria-hidden=\"true\"><\/i>\n  <a href=\"https:\/\/icf.church\/freiburg\/de\/besuchen\/\" target=\"_blank\">ICF Freiburg<\/a>\n<\/li><\/ul>          <\/div>\n        <\/div>\n      <\/div>\n      <div class=\"modal-footer\"><\/div>\n    <\/div>\n  <\/div>\n<\/div><\/div>\n\n\n<div id=\"block-12\" class=\"col wp-block-yellowtree-column col-12 col-lg-4 d-flex flex-column with-streched-height-children align-items-stretch align-items-lg-stretch\">\n  <article id=\"block-11\" type=\"button\" data-bs-theme=\"dark\" class=\"wp-block-yellowtree-profile-card card p-0 has-context-height\" style=\"--card-img-position:50% 50%\">\n      <img decoding=\"async\" width=\"1024\" height=\"683\" src=\"https:\/\/icf.church\/swb\/wp-content\/uploads\/sites\/85\/2026\/05\/stdort-aichele-1024x683.jpg\" class=\"card-img-top\" alt=\"Standortpastoren Friedrichshafen\" draggable=\"false\" loading=\"lazy\" srcset=\"https:\/\/icf.church\/swb\/wp-content\/uploads\/sites\/85\/2026\/05\/stdort-aichele-1024x683.jpg 1024w, https:\/\/icf.church\/swb\/wp-content\/uploads\/sites\/85\/2026\/05\/stdort-aichele-300x200.jpg 300w, https:\/\/icf.church\/swb\/wp-content\/uploads\/sites\/85\/2026\/05\/stdort-aichele-768x512.jpg 768w, https:\/\/icf.church\/swb\/wp-content\/uploads\/sites\/85\/2026\/05\/stdort-aichele-1536x1024.jpg 1536w, https:\/\/icf.church\/swb\/wp-content\/uploads\/sites\/85\/2026\/05\/stdort-aichele-2048x1366.jpg 2048w\" sizes=\"(max-width: 1024px) 100vw, 1024px\">    <div class=\"card-body\">\n    <p class=\"card-meta-tag\">\n      Standortpastoren    <\/p>\n    <h3 class=\"card-title mt-1\">ICF Friedrichshafen<\/h3>\n    <p class=\"card-text mt-1\">Michelle &amp; Simon Aichele<\/p>\n    <div class=\"card-buttons mt-1\">\n      <button type=\"button\" class=\"stretched-link btn btn-dark-1 btn-sm position-static\" aria-label=\"\u00d6ffne Popover \u00fcber ICF Friedrichshafen\" aria-controls=\"profile-card-modal-block-11\" data-bs-toggle=\"modal\" data-bs-target=\"#profile-card-modal-block-11\">\n        <span>Mehr erfahren<\/span>\n        <i class=\"icon fs-base-const fa-arrow-right\"><\/i>\n      <\/button>\n    <\/div>\n  <\/div>\n<\/article>\n\n<div id=\"profile-card-modal-block-11\" tabindex=\"-1\" class=\"modal fade profile-card-modal\">\n  <div class=\"modal-dialog modal-dialog-centered\">\n    <div class=\"modal-content\" data-bs-theme=\"dark\">\n      <button type=\"button\" class=\"modal-close modal-close-end\" data-bs-dismiss=\"modal\" aria-label=\"Close\"><\/button>\n      <div class=\"modal-header\"><\/div>\n      <div class=\"modal-body overflow-y-auto text-body\">\n        <div class=\"row g-4\">\n          <div class=\"col-12 col-sm-5\">\n            <img decoding=\"async\" draggable=\"false\" loading=\"lazy\" src=\"https:\/\/icf.church\/swb\/wp-content\/uploads\/sites\/85\/2026\/05\/stdort-aichele.jpg\" alt=\"Standortpastoren Friedrichshafen\" class=\"img-fluid rounded object-fit-cover\">            <div class=\"d-sm-block d-none\">\n              <ul id=\"block-9\" class=\"profile-card-links-list list-unstyled mt-2 mt-sm-4\">\n  <li id=\"block-8\" class=\"profile-card-link\">\n  <i class=\"icon icon--fixed-width fa-solid fa-link\" aria-hidden=\"true\"><\/i>\n  <a href=\"https:\/\/icf.church\/friedrichshafen\/de\/besuchen\/\" target=\"_blank\">ICF Friedrichshafen<\/a>\n<\/li><\/ul>            <\/div>\n          <\/div>\n          <div class=\"col-12 col-sm-7\">\n            <h3 class=\"fs-h3-const mb-0 mt-3 mt-sm-0 title\">ICF Friedrichshafen<\/h3>\n            <p class=\"fs-sm mt-1 responsibility\">Michelle &amp; Simon Aichele<\/p>\n            <p class=\"fs-sm mt-4 biography\">Unsere w\u00f6chentlichen Gottesdienste: <br>Sonntags um 11:00 Uhr<br><br>\ud83d\udccdHier feiern wir Celebration:<br>Tanzschule No. 10<br>Am Sportpark 5<br>88045 Friedrichshafen<\/p>\n          <\/div>\n          <div class=\"col-12 d-sm-none\">\n            <ul id=\"block-9\" class=\"profile-card-links-list list-unstyled mt-2 mt-sm-4\">\n  <li id=\"block-8\" class=\"profile-card-link\">\n  <i class=\"icon icon--fixed-width fa-solid fa-link\" aria-hidden=\"true\"><\/i>\n  <a href=\"https:\/\/icf.church\/friedrichshafen\/de\/besuchen\/\" target=\"_blank\">ICF Friedrichshafen<\/a>\n<\/li><\/ul>          <\/div>\n        <\/div>\n      <\/div>\n      <div class=\"modal-footer\"><\/div>\n    <\/div>\n  <\/div>\n<\/div><\/div>\n\n\n<div id=\"block-17\" class=\"col wp-block-yellowtree-column col-12 col-lg-4 d-flex flex-column with-streched-height-children align-items-stretch align-items-lg-stretch\">\n  <article id=\"block-16\" type=\"button\" data-bs-theme=\"dark\" class=\"wp-block-yellowtree-profile-card card p-0 has-context-height\" style=\"--card-img-position:50% 50%\">\n      <img decoding=\"async\" width=\"1024\" height=\"683\" src=\"https:\/\/icf.church\/swb\/wp-content\/uploads\/sites\/85\/2026\/05\/stdort-kern-1024x683.jpg\" class=\"card-img-top\" alt=\"Standortpastoren Offenburg\" draggable=\"false\" loading=\"lazy\" srcset=\"https:\/\/icf.church\/swb\/wp-content\/uploads\/sites\/85\/2026\/05\/stdort-kern-1024x683.jpg 1024w, https:\/\/icf.church\/swb\/wp-content\/uploads\/sites\/85\/2026\/05\/stdort-kern-300x200.jpg 300w, https:\/\/icf.church\/swb\/wp-content\/uploads\/sites\/85\/2026\/05\/stdort-kern-768x512.jpg 768w, https:\/\/icf.church\/swb\/wp-content\/uploads\/sites\/85\/2026\/05\/stdort-kern-1536x1024.jpg 1536w, https:\/\/icf.church\/swb\/wp-content\/uploads\/sites\/85\/2026\/05\/stdort-kern-2048x1366.jpg 2048w\" sizes=\"(max-width: 1024px) 100vw, 1024px\">    <div class=\"card-body\">\n    <p class=\"card-meta-tag\">\n      Standortpastoren    <\/p>\n    <h3 class=\"card-title mt-1\">ICF Offenburg<\/h3>\n    <p class=\"card-text mt-1\">Marius &amp; Melissa Kern<\/p>\n    <div class=\"card-buttons mt-1\">\n      <button type=\"button\" class=\"stretched-link btn btn-dark-1 btn-sm position-static\" aria-label=\"\u00d6ffne Popover \u00fcber ICF Offenburg\" aria-controls=\"profile-card-modal-block-16\" data-bs-toggle=\"modal\" data-bs-target=\"#profile-card-modal-block-16\">\n        <span>Mehr erfahren<\/span>\n        <i class=\"icon fs-base-const fa-arrow-right\"><\/i>\n      <\/button>\n    <\/div>\n  <\/div>\n<\/article>\n\n<div id=\"profile-card-modal-block-16\" tabindex=\"-1\" class=\"modal fade profile-card-modal\">\n  <div class=\"modal-dialog modal-dialog-centered\">\n    <div class=\"modal-content\" data-bs-theme=\"dark\">\n      <button type=\"button\" class=\"modal-close modal-close-end\" data-bs-dismiss=\"modal\" aria-label=\"Close\"><\/button>\n      <div class=\"modal-header\"><\/div>\n      <div class=\"modal-body overflow-y-auto text-body\">\n        <div class=\"row g-4\">\n          <div class=\"col-12 col-sm-5\">\n            <img decoding=\"async\" draggable=\"false\" loading=\"lazy\" src=\"https:\/\/icf.church\/swb\/wp-content\/uploads\/sites\/85\/2026\/05\/stdort-kern.jpg\" alt=\"Standortpastoren Offenburg\" class=\"img-fluid rounded object-fit-cover\">            <div class=\"d-sm-block d-none\">\n              <ul id=\"block-14\" class=\"profile-card-links-list list-unstyled mt-2 mt-sm-4\">\n  <li id=\"block-13\" class=\"profile-card-link\">\n  <i class=\"icon icon--fixed-width fa-solid fa-link\" aria-hidden=\"true\"><\/i>\n  <a href=\"https:\/\/icf.church\/offenburg\/de\/besuchen\/\" target=\"_blank\">ICF Offenburg<\/a>\n<\/li><\/ul>            <\/div>\n          <\/div>\n          <div class=\"col-12 col-sm-7\">\n            <h3 class=\"fs-h3-const mb-0 mt-3 mt-sm-0 title\">ICF Offenburg<\/h3>\n            <p class=\"fs-sm mt-1 responsibility\">Marius &amp; Melissa Kern<\/p>\n            <p class=\"fs-sm mt-4 biography\">Unsere w\u00f6chentlichen Gottesdienste: <br>Sonntags um 10:30 Uhr<br><br>\ud83d\udccdHier feiern wir Celebration:<br>ICF Location<br>Marlener Stra\u00dfe 5 <br>77656 Offenburg<\/p>\n          <\/div>\n          <div class=\"col-12 d-sm-none\">\n            <ul id=\"block-14\" class=\"profile-card-links-list list-unstyled mt-2 mt-sm-4\">\n  <li id=\"block-13\" class=\"profile-card-link\">\n  <i class=\"icon icon--fixed-width fa-solid fa-link\" aria-hidden=\"true\"><\/i>\n  <a href=\"https:\/\/icf.church\/offenburg\/de\/besuchen\/\" target=\"_blank\">ICF Offenburg<\/a>\n<\/li><\/ul>          <\/div>\n        <\/div>\n      <\/div>\n      <div class=\"modal-footer\"><\/div>\n    <\/div>\n  <\/div>\n<\/div><\/div>\n        <\/div>\n          <\/div>\n<\/div>\n\n<div id=\"block-34\" class=\"pt-2 pb-2 alignfull is-layout-constrained\">\n  <div>\n            <div class=\"row gx-4 gy-4 \">\n          \n\n<div id=\"block-23\" class=\"col wp-block-yellowtree-column col-12 col-lg-4 d-flex flex-column with-streched-height-children align-items-stretch align-items-lg-stretch\">\n  <article id=\"block-22\" type=\"button\" data-bs-theme=\"dark\" class=\"wp-block-yellowtree-profile-card card p-0 has-context-height\" style=\"--card-img-position:50% 50%\">\n      <img decoding=\"async\" width=\"1024\" height=\"683\" src=\"https:\/\/icf.church\/swb\/wp-content\/uploads\/sites\/85\/2026\/05\/stdort-passarella-1024x683.jpg\" class=\"card-img-top\" alt=\"Standortpastoren Singen\" draggable=\"false\" loading=\"lazy\" srcset=\"https:\/\/icf.church\/swb\/wp-content\/uploads\/sites\/85\/2026\/05\/stdort-passarella-1024x683.jpg 1024w, https:\/\/icf.church\/swb\/wp-content\/uploads\/sites\/85\/2026\/05\/stdort-passarella-300x200.jpg 300w, https:\/\/icf.church\/swb\/wp-content\/uploads\/sites\/85\/2026\/05\/stdort-passarella-768x512.jpg 768w, https:\/\/icf.church\/swb\/wp-content\/uploads\/sites\/85\/2026\/05\/stdort-passarella-1536x1024.jpg 1536w, https:\/\/icf.church\/swb\/wp-content\/uploads\/sites\/85\/2026\/05\/stdort-passarella-2048x1366.jpg 2048w\" sizes=\"(max-width: 1024px) 100vw, 1024px\">    <div class=\"card-body\">\n    <p class=\"card-meta-tag\">\n      Standortpastoren    <\/p>\n    <h3 class=\"card-title mt-1\">ICF Singen<\/h3>\n    <p class=\"card-text mt-1\">Annike und Alessio Passarella<\/p>\n    <div class=\"card-buttons mt-1\">\n      <button type=\"button\" class=\"stretched-link btn btn-dark-1 btn-sm position-static\" aria-label=\"\u00d6ffne Popover \u00fcber ICF Singen\" aria-controls=\"profile-card-modal-block-22\" data-bs-toggle=\"modal\" data-bs-target=\"#profile-card-modal-block-22\">\n        <span>Mehr erfahren<\/span>\n        <i class=\"icon fs-base-const fa-arrow-right\"><\/i>\n      <\/button>\n    <\/div>\n  <\/div>\n<\/article>\n\n<div id=\"profile-card-modal-block-22\" tabindex=\"-1\" class=\"modal fade profile-card-modal\">\n  <div class=\"modal-dialog modal-dialog-centered\">\n    <div class=\"modal-content\" data-bs-theme=\"dark\">\n      <button type=\"button\" class=\"modal-close modal-close-end\" data-bs-dismiss=\"modal\" aria-label=\"Close\"><\/button>\n      <div class=\"modal-header\"><\/div>\n      <div class=\"modal-body overflow-y-auto text-body\">\n        <div class=\"row g-4\">\n          <div class=\"col-12 col-sm-5\">\n            <img decoding=\"async\" draggable=\"false\" loading=\"lazy\" src=\"https:\/\/icf.church\/swb\/wp-content\/uploads\/sites\/85\/2026\/05\/stdort-passarella.jpg\" alt=\"Standortpastoren Singen\" class=\"img-fluid rounded object-fit-cover\">            <div class=\"d-sm-block d-none\">\n              <ul id=\"block-20\" class=\"profile-card-links-list list-unstyled mt-2 mt-sm-4\">\n  <li id=\"block-19\" class=\"profile-card-link\">\n  <i class=\"icon icon--fixed-width fa-solid fa-link\" aria-hidden=\"true\"><\/i>\n  <a href=\"https:\/\/icf.church\/singen\/de\/besuchen\/\" target=\"_blank\">ICF Singen<\/a>\n<\/li><\/ul>            <\/div>\n          <\/div>\n          <div class=\"col-12 col-sm-7\">\n            <h3 class=\"fs-h3-const mb-0 mt-3 mt-sm-0 title\">ICF Singen<\/h3>\n            <p class=\"fs-sm mt-1 responsibility\">Annike und Alessio Passarella<\/p>\n            <p class=\"fs-sm mt-4 biography\">Unsere w\u00f6chentlichen Gottesdienste: <br>Sonntags um 10:30 Uhr<br><br>\ud83d\udccd Hier feiern wir Celebration:<br>ICF Location<br>Forststra\u00dfe 5<br>78224 Singen<\/p>\n          <\/div>\n          <div class=\"col-12 d-sm-none\">\n            <ul id=\"block-20\" class=\"profile-card-links-list list-unstyled mt-2 mt-sm-4\">\n  <li id=\"block-19\" class=\"profile-card-link\">\n  <i class=\"icon icon--fixed-width fa-solid fa-link\" aria-hidden=\"true\"><\/i>\n  <a href=\"https:\/\/icf.church\/singen\/de\/besuchen\/\" target=\"_blank\">ICF Singen<\/a>\n<\/li><\/ul>          <\/div>\n        <\/div>\n      <\/div>\n      <div class=\"modal-footer\"><\/div>\n    <\/div>\n  <\/div>\n<\/div><\/div>\n\n\n<div id=\"block-28\" class=\"col wp-block-yellowtree-column col-12 col-lg-4 d-flex flex-column with-streched-height-children align-items-stretch align-items-lg-stretch\">\n  <article id=\"block-27\" type=\"button\" data-bs-theme=\"dark\" class=\"wp-block-yellowtree-profile-card card p-0 has-context-height\" style=\"--card-img-position:50% 50%\">\n      <img decoding=\"async\" width=\"1024\" height=\"682\" src=\"https:\/\/icf.church\/swb\/wp-content\/uploads\/sites\/85\/2026\/05\/stdort-reichmann-1024x682.jpg\" class=\"card-img-top\" alt=\"Standortpastoren Tuttlingen\" draggable=\"false\" loading=\"lazy\" srcset=\"https:\/\/icf.church\/swb\/wp-content\/uploads\/sites\/85\/2026\/05\/stdort-reichmann-1024x682.jpg 1024w, https:\/\/icf.church\/swb\/wp-content\/uploads\/sites\/85\/2026\/05\/stdort-reichmann-300x200.jpg 300w, https:\/\/icf.church\/swb\/wp-content\/uploads\/sites\/85\/2026\/05\/stdort-reichmann-768x512.jpg 768w, https:\/\/icf.church\/swb\/wp-content\/uploads\/sites\/85\/2026\/05\/stdort-reichmann-1536x1024.jpg 1536w, https:\/\/icf.church\/swb\/wp-content\/uploads\/sites\/85\/2026\/05\/stdort-reichmann-2048x1365.jpg 2048w\" sizes=\"(max-width: 1024px) 100vw, 1024px\">    <div class=\"card-body\">\n    <p class=\"card-meta-tag\">\n      Standortpastoren    <\/p>\n    <h3 class=\"card-title mt-1\">ICF Tuttlingen<\/h3>\n    <p class=\"card-text mt-1\">Martin &amp; Tanja Reichmann<\/p>\n    <div class=\"card-buttons mt-1\">\n      <button type=\"button\" class=\"stretched-link btn btn-dark-1 btn-sm position-static\" aria-label=\"\u00d6ffne Popover \u00fcber ICF Tuttlingen\" aria-controls=\"profile-card-modal-block-27\" data-bs-toggle=\"modal\" data-bs-target=\"#profile-card-modal-block-27\">\n        <span>Mehr erfahren<\/span>\n        <i class=\"icon fs-base-const fa-arrow-right\"><\/i>\n      <\/button>\n    <\/div>\n  <\/div>\n<\/article>\n\n<div id=\"profile-card-modal-block-27\" tabindex=\"-1\" class=\"modal fade profile-card-modal\">\n  <div class=\"modal-dialog modal-dialog-centered\">\n    <div class=\"modal-content\" data-bs-theme=\"dark\">\n      <button type=\"button\" class=\"modal-close modal-close-end\" data-bs-dismiss=\"modal\" aria-label=\"Close\"><\/button>\n      <div class=\"modal-header\"><\/div>\n      <div class=\"modal-body overflow-y-auto text-body\">\n        <div class=\"row g-4\">\n          <div class=\"col-12 col-sm-5\">\n            <img decoding=\"async\" draggable=\"false\" loading=\"lazy\" src=\"https:\/\/icf.church\/swb\/wp-content\/uploads\/sites\/85\/2026\/05\/stdort-reichmann.jpg\" alt=\"Standortpastoren Tuttlingen\" class=\"img-fluid rounded object-fit-cover\">            <div class=\"d-sm-block d-none\">\n              <ul id=\"block-25\" class=\"profile-card-links-list list-unstyled mt-2 mt-sm-4\">\n  <li id=\"block-24\" class=\"profile-card-link\">\n  <i class=\"icon icon--fixed-width fa-solid fa-link\" aria-hidden=\"true\"><\/i>\n  <a href=\"https:\/\/icf.church\/tuttlingen\/de\/besuchen\/\" target=\"_blank\">ICF Tuttlingen<\/a>\n<\/li><\/ul>            <\/div>\n          <\/div>\n          <div class=\"col-12 col-sm-7\">\n            <h3 class=\"fs-h3-const mb-0 mt-3 mt-sm-0 title\">ICF Tuttlingen<\/h3>\n            <p class=\"fs-sm mt-1 responsibility\">Martin &amp; Tanja Reichmann<\/p>\n            <p class=\"fs-sm mt-4 biography\">Unsere w\u00f6chentlichen Gottesdienste: <br>Sonntags um 10:30 Uhr<br><br>\ud83d\udccd Hier feiern wir Celebration:<br>ICF Location<br>Carl-Zeiss-Str. 8<br>78532 Tuttlingen<\/p>\n          <\/div>\n          <div class=\"col-12 d-sm-none\">\n            <ul id=\"block-25\" class=\"profile-card-links-list list-unstyled mt-2 mt-sm-4\">\n  <li id=\"block-24\" class=\"profile-card-link\">\n  <i class=\"icon icon--fixed-width fa-solid fa-link\" aria-hidden=\"true\"><\/i>\n  <a href=\"https:\/\/icf.church\/tuttlingen\/de\/besuchen\/\" target=\"_blank\">ICF Tuttlingen<\/a>\n<\/li><\/ul>          <\/div>\n        <\/div>\n      <\/div>\n      <div class=\"modal-footer\"><\/div>\n    <\/div>\n  <\/div>\n<\/div><\/div>\n\n\n<div id=\"block-33\" class=\"col wp-block-yellowtree-column col-12 col-lg-4 d-flex flex-column with-streched-height-children align-items-stretch align-items-lg-stretch\">\n  <article id=\"block-32\" type=\"button\" data-bs-theme=\"dark\" class=\"wp-block-yellowtree-profile-card card p-0 has-context-height\" style=\"--card-img-position:50% 50%\">\n      <img decoding=\"async\" width=\"1024\" height=\"683\" src=\"https:\/\/icf.church\/swb\/wp-content\/uploads\/sites\/85\/2026\/05\/stdort-peters-1024x683.jpg\" class=\"card-img-top\" alt=\"Standortpastoren Villingen\" draggable=\"false\" loading=\"lazy\" srcset=\"https:\/\/icf.church\/swb\/wp-content\/uploads\/sites\/85\/2026\/05\/stdort-peters-1024x683.jpg 1024w, https:\/\/icf.church\/swb\/wp-content\/uploads\/sites\/85\/2026\/05\/stdort-peters-300x200.jpg 300w, https:\/\/icf.church\/swb\/wp-content\/uploads\/sites\/85\/2026\/05\/stdort-peters-768x512.jpg 768w, https:\/\/icf.church\/swb\/wp-content\/uploads\/sites\/85\/2026\/05\/stdort-peters-1536x1024.jpg 1536w, https:\/\/icf.church\/swb\/wp-content\/uploads\/sites\/85\/2026\/05\/stdort-peters-2048x1366.jpg 2048w\" sizes=\"(max-width: 1024px) 100vw, 1024px\">    <div class=\"card-body\">\n    <p class=\"card-meta-tag\">\n      Standortpastoren    <\/p>\n    <h3 class=\"card-title mt-1\">ICF Villingen-Schwenningen<\/h3>\n    <p class=\"card-text mt-1\">Julia &amp; Jonas Peters<\/p>\n    <div class=\"card-buttons mt-1\">\n      <button type=\"button\" class=\"stretched-link btn btn-dark-1 btn-sm position-static\" aria-label=\"\u00d6ffne Popover \u00fcber ICF Villingen-Schwenningen\" aria-controls=\"profile-card-modal-block-32\" data-bs-toggle=\"modal\" data-bs-target=\"#profile-card-modal-block-32\">\n        <span>Mehr erfahren<\/span>\n        <i class=\"icon fs-base-const fa-arrow-right\"><\/i>\n      <\/button>\n    <\/div>\n  <\/div>\n<\/article>\n\n<div id=\"profile-card-modal-block-32\" tabindex=\"-1\" class=\"modal fade profile-card-modal\">\n  <div class=\"modal-dialog modal-dialog-centered\">\n    <div class=\"modal-content\" data-bs-theme=\"dark\">\n      <button type=\"button\" class=\"modal-close modal-close-end\" data-bs-dismiss=\"modal\" aria-label=\"Close\"><\/button>\n      <div class=\"modal-header\"><\/div>\n      <div class=\"modal-body overflow-y-auto text-body\">\n        <div class=\"row g-4\">\n          <div class=\"col-12 col-sm-5\">\n            <img decoding=\"async\" draggable=\"false\" loading=\"lazy\" src=\"https:\/\/icf.church\/swb\/wp-content\/uploads\/sites\/85\/2026\/05\/stdort-peters.jpg\" alt=\"Standortpastoren Villingen\" class=\"img-fluid rounded object-fit-cover\">            <div class=\"d-sm-block d-none\">\n              <ul id=\"block-30\" class=\"profile-card-links-list list-unstyled mt-2 mt-sm-4\">\n  <li id=\"block-29\" class=\"profile-card-link\">\n  <i class=\"icon icon--fixed-width fa-solid fa-link\" aria-hidden=\"true\"><\/i>\n  <a href=\"https:\/\/icf.church\/villingen\/de\/besuchen\/\" target=\"_blank\">ICF Villingen<\/a>\n<\/li><\/ul>            <\/div>\n          <\/div>\n          <div class=\"col-12 col-sm-7\">\n            <h3 class=\"fs-h3-const mb-0 mt-3 mt-sm-0 title\">ICF Villingen-Schwenningen<\/h3>\n            <p class=\"fs-sm mt-1 responsibility\">Julia &amp; Jonas Peters<\/p>\n            <p class=\"fs-sm mt-4 biography\">Unsere w\u00f6chentlichen Gottesdienste: <br>Sonntags um 9:30 &amp; 11:30 Uhr<br><br>Hier feiern wir Celebration:<br>ICF Location<br>Wilhelm-Binder-Str. 17<br>78048 VS-Villingen<\/p>\n          <\/div>\n          <div class=\"col-12 d-sm-none\">\n            <ul id=\"block-30\" class=\"profile-card-links-list list-unstyled mt-2 mt-sm-4\">\n  <li id=\"block-29\" class=\"profile-card-link\">\n  <i class=\"icon icon--fixed-width fa-solid fa-link\" aria-hidden=\"true\"><\/i>\n  <a href=\"https:\/\/icf.church\/villingen\/de\/besuchen\/\" target=\"_blank\">ICF Villingen<\/a>\n<\/li><\/ul>          <\/div>\n        <\/div>\n      <\/div>\n      <div class=\"modal-footer\"><\/div>\n    <\/div>\n  <\/div>\n<\/div><\/div>\n        <\/div>\n          <\/div>\n<\/div>\n\n<div id=\"block-50\" class=\"pt-2 pb-2 alignfull is-layout-constrained\">\n  <div>\n            <div class=\"row gx-4 gy-4 \">\n          \n\n<div id=\"block-39\" class=\"col wp-block-yellowtree-column col-12 col-lg-4 d-flex flex-column with-streched-height-children align-items-stretch align-items-lg-stretch\">\n  <article id=\"block-38\" type=\"button\" data-bs-theme=\"dark\" class=\"wp-block-yellowtree-profile-card card p-0 has-context-height\" style=\"--card-img-position:50% 50%\">\n      <img decoding=\"async\" width=\"1024\" height=\"330\" src=\"https:\/\/icf.church\/swb\/wp-content\/uploads\/sites\/85\/2026\/05\/location-s-1024x330.jpg\" class=\"card-img-top\" alt=\"\" draggable=\"false\" loading=\"lazy\" srcset=\"https:\/\/icf.church\/swb\/wp-content\/uploads\/sites\/85\/2026\/05\/location-s-1024x330.jpg 1024w, https:\/\/icf.church\/swb\/wp-content\/uploads\/sites\/85\/2026\/05\/location-s-300x97.jpg 300w, https:\/\/icf.church\/swb\/wp-content\/uploads\/sites\/85\/2026\/05\/location-s-768x247.jpg 768w, https:\/\/icf.church\/swb\/wp-content\/uploads\/sites\/85\/2026\/05\/location-s-1536x495.jpg 1536w, https:\/\/icf.church\/swb\/wp-content\/uploads\/sites\/85\/2026\/05\/location-s.jpg 1800w\" sizes=\"(max-width: 1024px) 100vw, 1024px\">    <div class=\"card-body\">\n    <p class=\"card-meta-tag\">\n          <\/p>\n    <h3 class=\"card-title mt-1\">ICF Startup Stuttgart<\/h3>\n    <p class=\"card-text mt-1\">Startup<\/p>\n    <div class=\"card-buttons mt-1\">\n      <button type=\"button\" class=\"stretched-link btn btn-dark-1 btn-sm position-static\" aria-label=\"\u00d6ffne Popover \u00fcber ICF Startup Stuttgart\" aria-controls=\"profile-card-modal-block-38\" data-bs-toggle=\"modal\" data-bs-target=\"#profile-card-modal-block-38\">\n        <span>Mehr erfahren<\/span>\n        <i class=\"icon fs-base-const fa-arrow-right\"><\/i>\n      <\/button>\n    <\/div>\n  <\/div>\n<\/article>\n\n<div id=\"profile-card-modal-block-38\" tabindex=\"-1\" class=\"modal fade profile-card-modal\">\n  <div class=\"modal-dialog modal-dialog-centered\">\n    <div class=\"modal-content\" data-bs-theme=\"dark\">\n      <button type=\"button\" class=\"modal-close modal-close-end\" data-bs-dismiss=\"modal\" aria-label=\"Close\"><\/button>\n      <div class=\"modal-header\"><\/div>\n      <div class=\"modal-body overflow-y-auto text-body\">\n        <div class=\"row g-4\">\n          <div class=\"col-12 col-sm-5\">\n            <img decoding=\"async\" draggable=\"false\" loading=\"lazy\" src=\"https:\/\/icf.church\/swb\/wp-content\/uploads\/sites\/85\/2026\/05\/location-s.jpg\" alt=\"\" class=\"img-fluid rounded object-fit-cover\">            <div class=\"d-sm-block d-none\">\n              <ul id=\"block-36\" class=\"profile-card-links-list list-unstyled mt-2 mt-sm-4\">\n  <li id=\"block-35\" class=\"profile-card-link\">\n  <i class=\"icon icon--fixed-width fa-solid fa-link\" aria-hidden=\"true\"><\/i>\n  <a href=\"https:\/\/www.icf-stuttgart.de\" target=\"_blank\">ICF Stuttgart<\/a>\n<\/li><\/ul>            <\/div>\n          <\/div>\n          <div class=\"col-12 col-sm-7\">\n            <h3 class=\"fs-h3-const mb-0 mt-3 mt-sm-0 title\">ICF Startup Stuttgart<\/h3>\n            <p class=\"fs-sm mt-1 responsibility\">Startup<\/p>\n            <p class=\"fs-sm mt-4 biography\">Wir treffen uns jeden Mittwoch zum Teambuilding!<br>Chill-In:  19:00 Uhr | Start: 19:30 Uhr<br><br>\ud83d\udccd Gottlieb-Manz-Str. 2 <br>  70794 Filderstadt<\/p>\n          <\/div>\n          <div class=\"col-12 d-sm-none\">\n            <ul id=\"block-36\" class=\"profile-card-links-list list-unstyled mt-2 mt-sm-4\">\n  <li id=\"block-35\" class=\"profile-card-link\">\n  <i class=\"icon icon--fixed-width fa-solid fa-link\" aria-hidden=\"true\"><\/i>\n  <a href=\"https:\/\/www.icf-stuttgart.de\" target=\"_blank\">ICF Stuttgart<\/a>\n<\/li><\/ul>          <\/div>\n        <\/div>\n      <\/div>\n      <div class=\"modal-footer\"><\/div>\n    <\/div>\n  <\/div>\n<\/div><\/div>\n\n\n<div id=\"block-44\" class=\"col wp-block-yellowtree-column col-12 col-lg-4 d-flex flex-column with-streched-height-children align-items-stretch align-items-lg-stretch\">\n  <article id=\"block-43\" type=\"button\" data-bs-theme=\"dark\" class=\"wp-block-yellowtree-profile-card card p-0 has-context-height\" style=\"--card-img-position:50% 50%\">\n      <img decoding=\"async\" width=\"1024\" height=\"682\" src=\"https:\/\/icf.church\/swb\/wp-content\/uploads\/sites\/85\/2026\/06\/standort-sulz-1024x682.jpg\" class=\"card-img-top\" alt=\"Sulz\" draggable=\"false\" loading=\"lazy\" srcset=\"https:\/\/icf.church\/swb\/wp-content\/uploads\/sites\/85\/2026\/06\/standort-sulz-1024x682.jpg 1024w, https:\/\/icf.church\/swb\/wp-content\/uploads\/sites\/85\/2026\/06\/standort-sulz-300x200.jpg 300w, https:\/\/icf.church\/swb\/wp-content\/uploads\/sites\/85\/2026\/06\/standort-sulz-768x512.jpg 768w, https:\/\/icf.church\/swb\/wp-content\/uploads\/sites\/85\/2026\/06\/standort-sulz-1536x1024.jpg 1536w, https:\/\/icf.church\/swb\/wp-content\/uploads\/sites\/85\/2026\/06\/standort-sulz.jpg 2000w\" sizes=\"(max-width: 1024px) 100vw, 1024px\">    <div class=\"card-body\">\n    <p class=\"card-meta-tag\">\n          <\/p>\n    <h3 class=\"card-title mt-1\">Sulz<\/h3>\n    <p class=\"card-text mt-1\">Micro Church<\/p>\n    <div class=\"card-buttons mt-1\">\n      <button type=\"button\" class=\"stretched-link btn btn-dark-1 btn-sm position-static\" aria-label=\"\u00d6ffne Popover \u00fcber Sulz\" aria-controls=\"profile-card-modal-block-43\" data-bs-toggle=\"modal\" data-bs-target=\"#profile-card-modal-block-43\">\n        <span>Mehr erfahren<\/span>\n        <i class=\"icon fs-base-const fa-arrow-right\"><\/i>\n      <\/button>\n    <\/div>\n  <\/div>\n<\/article>\n\n<div id=\"profile-card-modal-block-43\" tabindex=\"-1\" class=\"modal fade profile-card-modal\">\n  <div class=\"modal-dialog modal-dialog-centered\">\n    <div class=\"modal-content\" data-bs-theme=\"dark\">\n      <button type=\"button\" class=\"modal-close modal-close-end\" data-bs-dismiss=\"modal\" aria-label=\"Close\"><\/button>\n      <div class=\"modal-header\"><\/div>\n      <div class=\"modal-body overflow-y-auto text-body\">\n        <div class=\"row g-4\">\n          <div class=\"col-12 col-sm-5\">\n            <img decoding=\"async\" draggable=\"false\" loading=\"lazy\" src=\"https:\/\/icf.church\/swb\/wp-content\/uploads\/sites\/85\/2026\/06\/standort-sulz.jpg\" alt=\"Sulz\" class=\"img-fluid rounded object-fit-cover\">            <div class=\"d-sm-block d-none\">\n              <ul id=\"block-41\" class=\"profile-card-links-list list-unstyled mt-2 mt-sm-4\">\n  <li id=\"block-40\" class=\"profile-card-link\">\n  <i class=\"icon icon--fixed-width fa-solid fa-link\" aria-hidden=\"true\"><\/i>\n  <a href=\"https:\/\/icf.church\/swb\/de\/microchurch\/\" target=\"\">Mehr erfahren<\/a>\n<\/li><\/ul>            <\/div>\n          <\/div>\n          <div class=\"col-12 col-sm-7\">\n            <h3 class=\"fs-h3-const mb-0 mt-3 mt-sm-0 title\">Sulz<\/h3>\n            <p class=\"fs-sm mt-1 responsibility\">Micro Church<\/p>\n            <p class=\"fs-sm mt-4 biography\">Wir treffen uns jeden 2.Sonntag. <br><br>Chill-In:  10:00 Uhr | Start: 10:25 Uhr<br>\ud83d\udccdSonnenstra\u00dfe 1 | 72172 Sulz am Neckar<\/p>\n          <\/div>\n          <div class=\"col-12 d-sm-none\">\n            <ul id=\"block-41\" class=\"profile-card-links-list list-unstyled mt-2 mt-sm-4\">\n  <li id=\"block-40\" class=\"profile-card-link\">\n  <i class=\"icon icon--fixed-width fa-solid fa-link\" aria-hidden=\"true\"><\/i>\n  <a href=\"https:\/\/icf.church\/swb\/de\/microchurch\/\" target=\"\">Mehr erfahren<\/a>\n<\/li><\/ul>          <\/div>\n        <\/div>\n      <\/div>\n      <div class=\"modal-footer\"><\/div>\n    <\/div>\n  <\/div>\n<\/div><\/div>\n\n\n<div id=\"block-49\" class=\"col wp-block-yellowtree-column col-12 col-lg-4 d-flex flex-column with-streched-height-children align-items-stretch align-items-lg-stretch\">\n  <article id=\"block-48\" type=\"button\" data-bs-theme=\"dark\" class=\"wp-block-yellowtree-profile-card card p-0 has-context-height\" style=\"--card-img-position:50% 50%\">\n      <img decoding=\"async\" width=\"1024\" height=\"607\" src=\"https:\/\/icf.church\/swb\/wp-content\/uploads\/sites\/85\/2026\/06\/standort-wn-1024x607.jpg\" class=\"card-img-top\" alt=\"\" draggable=\"false\" loading=\"lazy\" srcset=\"https:\/\/icf.church\/swb\/wp-content\/uploads\/sites\/85\/2026\/06\/standort-wn-1024x607.jpg 1024w, https:\/\/icf.church\/swb\/wp-content\/uploads\/sites\/85\/2026\/06\/standort-wn-300x178.jpg 300w, https:\/\/icf.church\/swb\/wp-content\/uploads\/sites\/85\/2026\/06\/standort-wn-768x455.jpg 768w, https:\/\/icf.church\/swb\/wp-content\/uploads\/sites\/85\/2026\/06\/standort-wn-1536x911.jpg 1536w, https:\/\/icf.church\/swb\/wp-content\/uploads\/sites\/85\/2026\/06\/standort-wn.jpg 2048w\" sizes=\"(max-width: 1024px) 100vw, 1024px\">    <div class=\"card-body\">\n    <p class=\"card-meta-tag\">\n          <\/p>\n    <h3 class=\"card-title mt-1\">Weingarten<\/h3>\n    <p class=\"card-text mt-1\">Micro Church<\/p>\n    <div class=\"card-buttons mt-1\">\n      <button type=\"button\" class=\"stretched-link btn btn-dark-1 btn-sm position-static\" aria-label=\"\u00d6ffne Popover \u00fcber Weingarten\" aria-controls=\"profile-card-modal-block-48\" data-bs-toggle=\"modal\" data-bs-target=\"#profile-card-modal-block-48\">\n        <span>Mehr erfahren<\/span>\n        <i class=\"icon fs-base-const fa-arrow-right\"><\/i>\n      <\/button>\n    <\/div>\n  <\/div>\n<\/article>\n\n<div id=\"profile-card-modal-block-48\" tabindex=\"-1\" class=\"modal fade profile-card-modal\">\n  <div class=\"modal-dialog modal-dialog-centered\">\n    <div class=\"modal-content\" data-bs-theme=\"dark\">\n      <button type=\"button\" class=\"modal-close modal-close-end\" data-bs-dismiss=\"modal\" aria-label=\"Close\"><\/button>\n      <div class=\"modal-header\"><\/div>\n      <div class=\"modal-body overflow-y-auto text-body\">\n        <div class=\"row g-4\">\n          <div class=\"col-12 col-sm-5\">\n            <img decoding=\"async\" draggable=\"false\" loading=\"lazy\" src=\"https:\/\/icf.church\/swb\/wp-content\/uploads\/sites\/85\/2026\/06\/standort-wn.jpg\" alt=\"\" class=\"img-fluid rounded object-fit-cover\">            <div class=\"d-sm-block d-none\">\n              <ul id=\"block-46\" class=\"profile-card-links-list list-unstyled mt-2 mt-sm-4\">\n  <li id=\"block-45\" class=\"profile-card-link\">\n  <i class=\"icon icon--fixed-width fa-solid fa-link\" aria-hidden=\"true\"><\/i>\n  <a href=\"https:\/\/icf.church\/swb\/de\/microchurch\/\" target=\"\">Mehr erfahren<\/a>\n<\/li><\/ul>            <\/div>\n          <\/div>\n          <div class=\"col-12 col-sm-7\">\n            <h3 class=\"fs-h3-const mb-0 mt-3 mt-sm-0 title\">Weingarten<\/h3>\n            <p class=\"fs-sm mt-1 responsibility\">Micro Church<\/p>\n            <p class=\"fs-sm mt-4 biography\">Wir treffen uns jeden 2. und 4. Sonntag im Monat. <br><br>Start:  09:30 Uhr<br>\ud83d\udccdRosenstra\u00dfe 3\/1 | 88250 Weingarten<\/p>\n          <\/div>\n          <div class=\"col-12 d-sm-none\">\n            <ul id=\"block-46\" class=\"profile-card-links-list list-unstyled mt-2 mt-sm-4\">\n  <li id=\"block-45\" class=\"profile-card-link\">\n  <i class=\"icon icon--fixed-width fa-solid fa-link\" aria-hidden=\"true\"><\/i>\n  <a href=\"https:\/\/icf.church\/swb\/de\/microchurch\/\" target=\"\">Mehr erfahren<\/a>\n<\/li><\/ul>          <\/div>\n        <\/div>\n      <\/div>\n      <div class=\"modal-footer\"><\/div>\n    <\/div>\n  <\/div>\n<\/div><\/div>\n        <\/div>\n          <\/div>\n<\/div>\n\n<div id=\"block-57\" class=\"pt-2 pb-2 alignfull is-layout-constrained\">\n  <div>\n            <div class=\"row gx-4 gy-4 \">\n          \n\n<div id=\"block-56\" class=\"col wp-block-yellowtree-column col-12 d-flex flex-column with-streched-height-children align-items-stretch align-items-md-stretch\">\n  <div id=\"block-55\" class=\"pt-2 pb-2 alignfull is-layout-constrained\">\n  <div>\n            <div class=\"row gx-4 gy-4 \">\n          \n\n<div id=\"block-52\" class=\"col wp-block-yellowtree-column col-12 col-md-6 d-flex flex-column with-streched-height-children align-items-stretch align-items-md-stretch\">\n  <div class=\"mw-100\">\n      <figure id=\"block-51\">\n      <div class=\"img-wrap\" style=\"max-width:100%\">\n        <img decoding=\"async\" src=\"https:\/\/icf.church\/swb\/wp-content\/uploads\/sites\/85\/2026\/06\/multisite-landkarteq-1024x576.png\" alt=\"\" loading=\"lazy\" title=\"\" class=\"img-fluid w-100 h-100 rounded object-fit-cover\" style=\"object-position: center center\">\n      <\/div>\n          <\/figure>\n    <\/div><\/div>\n\n\n<div id=\"block-54\" class=\"col wp-block-yellowtree-column col-12 col-md-6 d-flex flex-column with-streched-height-children align-items-stretch align-items-md-stretch\">\n  <figure class=\"wp-embed-aspect-16-9 wp-has-aspect-ratio wp-block-embed has-context-height is-provider-youtube is-type-video\">\n  <div class=\"ratio\" style=\"--bs-aspect-ratio:56.25%\">\n          <div class=\"media-defer rounded overflow-hidden bg-black\" data-defer-target=\"iframe\" data-defer-url=\"https:\/\/www.youtube.com\/embed\/Xznx3XKqCrs?feature=oembed&amp;autoplay=1&amp;iv_load_policy=3&amp;rel=0&amp;dnt=0\" data-consent-required=\"marketing\">\n\n        <div class=\"media-defer__content h-100\" style=\"display: none;\">\n          <iframe width=\"500\" height=\"281\" frameborder=\"0\" allow=\"accelerometer; autoplay; clipboard-write; encrypted-media; gyroscope; picture-in-picture; web-share\" referrerpolicy=\"strict-origin-when-cross-origin\" allowfullscreen title=\"Vision ICF Stuttgart\"><\/iframe>        <\/div>\n\n        <div class=\"media-defer__placeholder h-100 position-relative\">\n          <img decoding=\"async\" class=\"video-thumbnail w-100 h-100 object-fit-cover\" src=\"https:\/\/icf.church\/swb\/wp-content\/uploads\/sites\/85\/youtube-thumbs\/Xznx3XKqCrs-hqdefault.jpg\" srcset=\"https:\/\/icf.church\/swb\/wp-content\/uploads\/sites\/85\/youtube-thumbs\/Xznx3XKqCrs-maxresdefault.jpg 1280w, https:\/\/icf.church\/swb\/wp-content\/uploads\/sites\/85\/youtube-thumbs\/Xznx3XKqCrs-hqdefault.jpg 480w, https:\/\/icf.church\/swb\/wp-content\/uploads\/sites\/85\/youtube-thumbs\/Xznx3XKqCrs-sddefault.jpg 640w\" sizes=\"(max-width: 2560px) 100vw, 2560px\" alt=\"Vision ICF Stuttgart\" draggable=\"false\" loading=\"lazy\">\n\n          <button class=\"video-toggle show\" type=\"button\" aria-label=\"Inhalte abspielen\">\n          <\/button>\n\n                      <img decoding=\"async\" class=\"position-absolute end-0 bottom-0 video-provider-image\" src=\"https:\/\/icf.church\/swb\/wp-content\/themes\/icf\/assets\/youtube-type-logo.svg\" alt=\"YouTube\" loading=\"lazy\">\n          \n          <div data-consent=\"marketing\" data-inverse class=\"position-absolute bottom-0 start-0 end-0 p-3 text-white bg-black bg-opacity-50 text-center\">\n            <p class=\"mb-0 small\">\n              \ud83c\udfa5 Mit deinem Klick werden Inhalte von Youtube geladen. Dabei erlaubst du Cookies f\u00fcr marketing. Mehr dazu in unserer  <a href=\"https:\/\/icf.church\/swb\/de\/datenschutz\/\" class=\"text-white\">Datenschutzerkl\u00e4rung<\/a>.            <\/p>\n          <\/div>\n        <\/div>\n      <\/div>\n      <\/div>\n\n  <\/figure><\/div>\n        <\/div>\n          <\/div>\n<\/div><\/div>\n        <\/div>\n          <\/div>\n<\/div>\n\n\n<div>\n  <div id=\"block-65\" class=\"mt-10 mb-10 wp-block-yellowtree-connect-social connect-social\">\n      \n\n<h2 id=\"block-58\" class=\"text-center display-2 mb-5\">\n    Stay Updated<\/h2>\n\n\n<p id=\"block-59\" class=\"text-center mb-6\">\n    Abonniere ICF SWB auf Telegram und Social Media und verpass nichts mehr.<br>Hier erh\u00e4ltst du regelm\u00e4ssig kurze News &amp; Updates \u00fcber Angebote und Events.<\/p>\n\n\n<div id=\"block-64\" class=\"wp-block-yellowtree-connect-social-links d-flex gap-1 gap-md-5 justify-content-center\">\n  <html><body>\n\n<a id=\"block-60\" href=\"https:\/\/t.me\/icfswb\" target=\"_blank\" data-variation=\"telegram\" class=\"wp-block-yellowtree-connect-social-link btn\" aria-label=\"Telegram Link\">\n  <i class=\"icon connect-social-icon fs-md-lg-const fs-h3-const fa-brands fa-telegram\" aria-hidden=\"true\"><\/i>\n<\/a>\n\n\n<a id=\"block-61\" href=\"https:\/\/instagram.com\/icfswb\/\" target=\"_blank\" data-variation=\"instagram\" class=\"wp-block-yellowtree-connect-social-link btn\" aria-label=\"Instagram Link\">\n  <i class=\"icon connect-social-icon fs-md-lg-const fs-h3-const fa-brands fa-instagram\" aria-hidden=\"true\"><\/i>\n<\/a>\n\n\n<a id=\"block-62\" href=\"https:\/\/www.facebook.com\/icfswb\/\" target=\"_blank\" data-variation=\"facebook\" class=\"wp-block-yellowtree-connect-social-link btn\" aria-label=\"Facebook Link\">\n  <i class=\"icon connect-social-icon fs-md-lg-const fs-h3-const fa-brands fa-facebook\" aria-hidden=\"true\"><\/i>\n<\/a>\n\n\n<a id=\"block-63\" href=\"https:\/\/youtube.com\/@icfswb\" target=\"_blank\" data-variation=\"youtube\" class=\"wp-block-yellowtree-connect-social-link btn\" aria-label=\"Youtube Link\">\n  <i class=\"icon connect-social-icon fs-md-lg-const fs-h3-const fa-brands fa-youtube\" aria-hidden=\"true\"><\/i>\n<\/a>\n<\/body><\/html><\/div>\n  <\/div>\n<\/div>\n\n\n\n<div id=\"block-68\" data-bs-theme=\"dark\" class=\"wp-block-yellowtree-divider-card card d-flex flex-column flex-lg-row py-6 py-lg-0\">\n  \n\n<div id=\"block-66\" class=\"wp-block-yellowtree-divider-card-item flex-1 d-flex flex-column position-relative text-center py-6 py-lg-10\">\n  <div class='mb-2'>\n    <div class='d-flex flex-column align-items-center gap-2'>\n      <i class='icon fs-lg-const fa-solid fa-users' aria-hidden='true'><\/i>\n      <h3 class='mb-0'>\n        <span class=\"text-container\">\n          Angebote finden        <\/span>\n      <\/h3>\n    <\/div>\n  <\/div>\n  <div class='mt-auto'>\n    <a class='text-arrow-link fs-sm text-light-3' href=\"https:\/\/icf.church\/swb\/de\/findeanschluss\/\">\n      Los geht&#039;s    <\/a>\n  <\/div>\n<\/div>\n\n\n<div id=\"block-67\" class=\"wp-block-yellowtree-divider-card-item flex-1 d-flex flex-column position-relative text-center py-6 py-lg-10\">\n  <div class='mb-2'>\n    <div class='d-flex flex-column align-items-center gap-2'>\n      <i class='icon fs-lg-const fa-video' aria-hidden='true'><\/i>\n      <h3 class='mb-0'>\n        <span class=\"text-container\">\n          Online reinschauen        <\/span>\n      <\/h3>\n    <\/div>\n  <\/div>\n  <div class='mt-auto'>\n    <a class='text-arrow-link fs-sm text-light-3' href=\"https:\/\/icf.church\/swb\/de\/online\/\">\n      Los geht&#039;s    <\/a>\n  <\/div>\n<\/div>\n<\/div>","protected":false},"excerpt":{"rendered":"<p>Wir sind eine Kirche, an mehreren Standorten.<\/p>\n","protected":false},"author":203,"featured_media":1840,"parent":0,"menu_order":2,"comment_status":"closed","ping_status":"closed","template":"","meta":{"_acf_changed":false,"_seopress_titles_title":"","_seopress_titles_desc":"","_seopress_robots_index":"","_seopress_robots_follow":"","_seopress_robots_imageindex":"","_seopress_robots_snippet":"","_seopress_robots_primary_cat":"","_seopress_robots_breadcrumbs":"","_seopress_robots_freeze_modified_date":"","_seopress_robots_custom_modified_date":"","_seopress_robots_canonical":"","_seopress_social_fb_title":"","_seopress_social_fb_desc":"","_seopress_social_fb_img":"","_seopress_social_fb_img_attachment_id":0,"_seopress_social_fb_img_width":0,"_seopress_social_fb_img_height":0,"_seopress_social_twitter_title":"","_seopress_social_twitter_desc":"","_seopress_social_twitter_img":"","_seopress_social_twitter_img_attachment_id":0,"_seopress_social_twitter_img_width":0,"_seopress_social_twitter_img_height":0,"_seopress_redirections_value":"","_seopress_redirections_enabled":"","_seopress_redirections_enabled_regex":"","_seopress_redirections_logged_status":"both","_seopress_redirections_param":"","_seopress_redirections_type":301,"_seopress_analysis_target_kw":"","_seopress_news_disabled":"","_seopress_video_disabled":"","_seopress_video":[{"url":"","title":"","desc":"","thumbnail":"","duration":"","rating":"","view_count":"","tag":""}],"_seopress_pro_schemas_manual":[],"_seopress_pro_rich_snippets_disable_all":"","_seopress_pro_rich_snippets_disable":[],"_seopress_pro_schemas":[],"yt_custom_styles_scss":"","yt_custom_styles_rounded_corners":false,"yt_custom_styles_color_scheme":"","footnotes":""},"class_list":["post-115","page","type-page","status-publish","has-post-thumbnail","hentry"],"acf":[],"_links":{"self":[{"href":"https:\/\/icf.church\/swb\/de\/wp-json\/wp\/v2\/pages\/115","targetHints":{"allow":["GET"]}}],"collection":[{"href":"https:\/\/icf.church\/swb\/de\/wp-json\/wp\/v2\/pages"}],"about":[{"href":"https:\/\/icf.church\/swb\/de\/wp-json\/wp\/v2\/types\/page"}],"author":[{"embeddable":true,"href":"https:\/\/icf.church\/swb\/de\/wp-json\/wp\/v2\/users\/203"}],"replies":[{"embeddable":true,"href":"https:\/\/icf.church\/swb\/de\/wp-json\/wp\/v2\/comments?post=115"}],"version-history":[{"count":56,"href":"https:\/\/icf.church\/swb\/de\/wp-json\/wp\/v2\/pages\/115\/revisions"}],"predecessor-version":[{"id":1844,"href":"https:\/\/icf.church\/swb\/de\/wp-json\/wp\/v2\/pages\/115\/revisions\/1844"}],"wp:featuredmedia":[{"embeddable":true,"href":"https:\/\/icf.church\/swb\/de\/wp-json\/wp\/v2\/media\/1840"}],"wp:attachment":[{"href":"https:\/\/icf.church\/swb\/de\/wp-json\/wp\/v2\/media?parent=115"}],"curies":[{"name":"wp","href":"https:\/\/api.w.org\/{rel}","templated":true}]}}