{"id":1289,"date":"2026-06-02T15:00:27","date_gmt":"2026-06-02T13:00:27","guid":{"rendered":"https:\/\/new.icf.church\/swb\/?page_id=1289"},"modified":"2026-06-02T15:43:46","modified_gmt":"2026-06-02T13:43:46","slug":"reach","status":"publish","type":"page","link":"https:\/\/icf.church\/swb\/de\/reach\/","title":{"rendered":"Reach"},"content":{"rendered":"\n<div id=\"block-6\" class=\"wp-block-yellowtree-hero-stage\">\n    <div class=\"hero-stage has-links\">\n        \n\n<div id=\"block-2\" class=\"hero-stage-content\">\n    <div class=\"hero-stage-content__background\">\n        <div class=\"overlay-black-25 h-100\">\n                            <img fetchpriority=\"high\" decoding=\"async\" width=\"1800\" height=\"700\" src=\"https:\/\/icf.church\/swb\/wp-content\/uploads\/sites\/85\/2026\/06\/reach.jpg\" class=\"hero-stage-media\" alt=\"\" style=\"object-position: 50% 50%;\" aria-hidden=\"true\" loading=\"eager\" srcset=\"https:\/\/icf.church\/swb\/wp-content\/uploads\/sites\/85\/2026\/06\/reach.jpg 1800w, https:\/\/icf.church\/swb\/wp-content\/uploads\/sites\/85\/2026\/06\/reach-300x117.jpg 300w, https:\/\/icf.church\/swb\/wp-content\/uploads\/sites\/85\/2026\/06\/reach-1024x398.jpg 1024w, https:\/\/icf.church\/swb\/wp-content\/uploads\/sites\/85\/2026\/06\/reach-768x299.jpg 768w, https:\/\/icf.church\/swb\/wp-content\/uploads\/sites\/85\/2026\/06\/reach-1536x597.jpg 1536w\" sizes=\"(max-width: 1800px) 100vw, 1800px\" \/>                    <\/div>\n        <div class=\"hero-stage-gradient\"><\/div>\n    <\/div>\n    <div class=\"hero-stage-content__foreground is-layout-constrained\">\n        <h1 id=\"block-1\" class=\"display-1 text-center\">\n    <\/h1>    <\/div>\n<\/div>\n\n\n<div id=\"block-5\" class=\"hero-stage-links is-layout-constrained count-2\">\n    <div class=\"icon-link-cards-layout column-gap-3 row-gap-1 justify-content-center break-md\">\n        \n\n<div id=\"block-3\" data-bs-theme=\"dark\" class=\"wp-block-yellowtree-icon-link-card\">\n  <div class='card-body flex-row justify-content-center align-items-center overflow-hidden gap-2 px-5 px-md-3 py-3 py-md-6'>\n    <div class='d-flex align-items-center gap-4 me-auto me-md-0 flex-md-column text-md-center gap-md-3'>\n      <i class='icon-square fs-2 fs-md-lg-const fa-solid fa-house-user' aria-hidden='true'><\/i>\n      <a class='stretched-link fs-base-const' href='#projekte' target=''>\n        Projekte      <\/a>\n    <\/div>\n          <i class=\"icon fs-base-const fa-chevron-right ms-auto opacity-50 d-md-none\"><\/i>\n      <\/div>\n<\/div>\n\n\n<div id=\"block-4\" data-bs-theme=\"dark\" class=\"wp-block-yellowtree-icon-link-card\">\n  <div class='card-body flex-row justify-content-center align-items-center overflow-hidden gap-2 px-5 px-md-3 py-3 py-md-6'>\n    <div class='d-flex align-items-center gap-4 me-auto me-md-0 flex-md-column text-md-center gap-md-3'>\n      <i class='icon-square fs-2 fs-md-lg-const fa-solid fa-hand-heart' aria-hidden='true'><\/i>\n      <a class='stretched-link fs-base-const' href='#geben' target=''>\n        Geben      <\/a>\n    <\/div>\n          <i class=\"icon fs-base-const fa-chevron-right ms-auto opacity-50 d-md-none\"><\/i>\n      <\/div>\n<\/div>\n    <\/div>\n<\/div>\n    <\/div>\n<\/div>\n\n<h1 id=\"block-7\" class=\"h1 text-start\">\n  Menschen erreichen. Not begegnen.<\/h1>\n\n<div id=\"block-14\" class=\"pt-2 pb-2 alignfull is-layout-constrained\">\n  <div>\n            <div class=\"row gx-4 gy-4 \">\n          \n\n<div id=\"block-11\" class=\"col wp-block-yellowtree-column col-12 col-lg-5 d-flex flex-column with-streched-height-children align-items-stretch align-items-lg-stretch\">\n  <h2 id=\"block-8\" class=\"h2 text-start\">\n  REACH BEYOND<\/h2>\n\n<p id=\"block-9\" class=\"text-start wp-block-paragraph\">\n  &#8211; das ist unsere j\u00e4hrliche Spendenkampagne.<\/p>\n\n<p id=\"block-10\" class=\"text-start wp-block-paragraph\">\n  Sie erm\u00f6glicht es uns, mehr Menschen f\u00fcr Jesus zu erreichen, Not zu begegnen, unsere Kirche lokal zu erweitern und global neue zu gr\u00fcnden.<\/p><\/div>\n\n\n<div id=\"block-13\" class=\"col wp-block-yellowtree-column col-12 col-lg-7 d-flex flex-column with-streched-height-children align-items-stretch align-items-lg-stretch\">\n  <figure class=\"wp-embed-aspect-16-9 wp-has-aspect-ratio wp-block-embed has-context-height is-provider-youtube is-type-video\">\n  <div class=\"ratio\" style=\"--bs-aspect-ratio:56.25%\">\n          <div class=\"media-defer rounded overflow-hidden bg-black\" data-defer-target=\"iframe\" data-defer-url=\"https:\/\/www.youtube.com\/embed\/1ZcHDOhmjgE?feature=oembed&amp;autoplay=1&amp;iv_load_policy=3&amp;rel=0&amp;dnt=0\" data-consent-required=\"marketing\">\n\n        <div class=\"media-defer__content h-100\" style=\"display: none;\">\n          <iframe width=\"500\" height=\"281\" frameborder=\"0\" allow=\"accelerometer; autoplay; clipboard-write; encrypted-media; gyroscope; picture-in-picture; web-share\" referrerpolicy=\"strict-origin-when-cross-origin\" allowfullscreen title=\"Reach 2026\"><\/iframe>        <\/div>\n\n        <div class=\"media-defer__placeholder h-100 position-relative\">\n          <img decoding=\"async\" class=\"video-thumbnail w-100 h-100 object-fit-cover\" src=\"https:\/\/icf.church\/swb\/wp-content\/uploads\/sites\/85\/youtube-thumbs\/1ZcHDOhmjgE-hqdefault.jpg\" srcset=\"https:\/\/icf.church\/swb\/wp-content\/uploads\/sites\/85\/youtube-thumbs\/1ZcHDOhmjgE-maxresdefault.jpg 1280w, https:\/\/icf.church\/swb\/wp-content\/uploads\/sites\/85\/youtube-thumbs\/1ZcHDOhmjgE-hqdefault.jpg 480w, https:\/\/icf.church\/swb\/wp-content\/uploads\/sites\/85\/youtube-thumbs\/1ZcHDOhmjgE-sddefault.jpg 640w\" sizes=\"(max-width: 2560px) 100vw, 2560px\" alt=\"Reach 2026\" draggable=\"false\" loading=\"lazy\">\n\n          <button class=\"video-toggle show\" type=\"button\" aria-label=\"Inhalte abspielen\">\n          <\/button>\n\n                      <img decoding=\"async\" class=\"position-absolute end-0 bottom-0 video-provider-image\" src=\"https:\/\/icf.church\/swb\/wp-content\/themes\/icf\/assets\/youtube-type-logo.svg\" alt=\"YouTube\" loading=\"lazy\">\n          \n          <div data-consent=\"marketing\" data-inverse class=\"position-absolute bottom-0 start-0 end-0 p-3 text-white bg-black bg-opacity-50 text-center\">\n            <p class=\"mb-0 small\">\n              \ud83c\udfa5 Mit deinem Klick werden Inhalte von Youtube geladen. Dabei erlaubst du Cookies f\u00fcr marketing. Mehr dazu in unserer  <a href=\"https:\/\/icf.church\/swb\/de\/datenschutz\/\" class=\"text-white\">Datenschutzerkl\u00e4rung<\/a>.            <\/p>\n          <\/div>\n        <\/div>\n      <\/div>\n      <\/div>\n\n  <\/figure><\/div>\n        <\/div>\n          <\/div>\n<\/div>\n\n<div id=\"block-23\" class=\"pt-2 pb-2 alignfull is-layout-constrained\">\n  <div>\n            <div class=\"row gx-4 gy-4 \">\n          \n\n<div id=\"block-22\" class=\"col wp-block-yellowtree-column col-12 d-flex flex-column with-streched-height-children align-items-stretch align-items-md-stretch\">\n  <h2 id=\"block-15\" class=\"h2 text-start\">\n  Heartbeat<\/h2>\n\n<p id=\"block-16\" class=\"text-start wp-block-paragraph\">\n  <em>\u201eGott liebt den, der fr\u00f6hlich gibt.\u201c <\/em>\u2013 2. Korinther 9,7 | Die Bibel (NG\u00dc)<\/p>\n\n<p id=\"block-17\" class=\"text-start wp-block-paragraph\">\n  Stell dir vor, wie Gottes Gro\u00dfz\u00fcgigkeit durch dich andere Menschen erreichen, Not begegnen und Hoffnung verbreiten kann \u2013 lokal und global.<\/p>\n\n<p id=\"block-18\" class=\"text-start wp-block-paragraph\">\n  REACH BEYOND ist die j\u00e4hrliche Spendenkampagne, durch die <strong>du Gottes Liebe sichtbar machst und einen realen Unterschied bewirkst.<\/strong> Deine Unterst\u00fctzung erm\u00f6glicht es, dass:<\/p>\n\n\n<ul class=\"wp-block-list\">\n<li>Menschen Jesus finden<\/li>\n\n\n\n<li>Menschen in Not Hilfe bekommen<\/li>\n\n\n\n<li>Lebendige Kirchen entstehen<\/li>\n<\/ul>\n\n\n<p id=\"block-19\" class=\"text-start wp-block-paragraph\">\n  Gott segnet dich, damit du Teil seiner Geschichte wirst \u2013 eine Geschichte, in der Hoffnung w\u00e4chst, Menschen ver\u00e4ndert werden und sein Reich sichtbar wird. Wenn du gibst, schaffst du Raum, damit andere Gott begegnen. Und du selbst erlebst, wie Gro\u00dfz\u00fcgigkeit dein Herz formt und Vertrauen vertieft.<\/p>\n\n<p id=\"block-20\" class=\"text-start wp-block-paragraph\">\n  Mit <strong>REACH BEYOND 2026<\/strong> investieren wir gemeinsam in das, was z\u00e4hlt: Menschen, die Gott begegnen, Hoffnung, die w\u00e4chst, und Ver\u00e4nderung, die bleibt \u2013 in <strong>ganz Schwarzwald-Bodensee<\/strong>&nbsp;und weit dar\u00fcber hinaus.<\/p>\n\n<p id=\"block-21\" class=\"text-start wp-block-paragraph\">\n  <strong>Sarah &amp; David Rominger<\/strong><br>Lead Pastoren, ICF Schwarzwald-Bodensee<\/p><\/div>\n        <\/div>\n          <\/div>\n<\/div>\n\n<div id=\"block-26\" class=\"pt-2 pb-2 alignfull is-layout-constrained\">\n  <div>\n            <div class=\"row gx-4 gy-4 \">\n          \n\n<div id=\"block-25\" class=\"col wp-block-yellowtree-column col-12 d-flex flex-column with-streched-height-children align-items-stretch align-items-md-stretch\">\n  <h2 id=\"block-24\" class=\"h2 text-start\">\n  Unsere Kirche ist nicht auf dem Geben weniger, sondern der entschlossenen Gro\u00dfz\u00fcgigkeit vieler gebaut.<\/h2><\/div>\n        <\/div>\n          <\/div>\n<\/div>\n\n<div id=\"geben-2\" class=\"pt-2 pb-2 alignfull is-layout-constrained\">\n  <div>\n            <div class=\"row gx-4 gy-4 \">\n          \n\n<div id=\"geben-2\" class=\"col wp-block-yellowtree-column col-12 col-md-6 d-flex flex-column with-streched-height-children align-items-stretch align-items-md-stretch\">\n  <h3 id=\"geben\" class=\"h3 text-start\">\n  Bank \u00dcberweisung<\/h3>\n\n<p id=\"block-27\" class=\"text-start wp-block-paragraph\">\n  Du kannst deinen Beitrag auf das folgende Konto \u00fcberweisen:<\/p>\n\n<p id=\"block-28\" class=\"text-start wp-block-paragraph\">\n  Kontoinhaber: ICF Schwarzwald Bodensee e.V.<br>IBAN: DE09 6925 0035 0004 6967 95<br>SWIFT-BIC: SOLADES1SNG<br>Sparkasse Hegau-Bodensee<br>Verwendungszweck: REACH + dein Standort + deine Adresse<\/p><\/div>\n\n\n<div id=\"block-33\" class=\"col wp-block-yellowtree-column col-12 col-md-6 d-flex flex-column with-streched-height-children align-items-stretch align-items-md-stretch\">\n  <h3 id=\"block-29\" class=\"h3 text-start\">\n  Online Geben<\/h3>\n\n<p id=\"block-30\" class=\"text-start wp-block-paragraph\">\n  Hier kannst du online per Paypal spenden.<\/p>\n\n<p id=\"block-31\" class=\"text-start wp-block-paragraph\">\n  Verwendungszweck: REACH + dein Standort + deine Adresse<\/p>\n\n\n  <div>\n    <a id=\"block-32\" href=\"https:\/\/www.paypal.com\/donate\/?hosted_button_id=7ABW52V3FNHMW&amp;source=qr\" rel=\"\" target=\"_blank\" class=\"wp-block-yellowtree-button-link btn btn-default\">\n      <span>Zu PayPal<\/span>\n              <i class=\"icon fs-base-const fa-solid fa-link\" aria-hidden=\"true\"><\/i>\n          <\/a>\n  <\/div><\/div>\n        <\/div>\n          <\/div>\n<\/div>\n\n<div id=\"block-38\" class=\"pt-2 pb-2 alignfull is-layout-constrained\">\n  <div>\n            <div class=\"row gx-4 gy-4 \">\n          \n\n<div id=\"block-37\" class=\"col wp-block-yellowtree-column col-12 d-flex flex-column with-streched-height-children align-items-stretch align-items-md-stretch\">\n  <p id=\"block-34\" class=\"text-center wp-block-paragraph\">\n  Ziel 2026: 250.000.-<\/p>\n\n<div id=\"block-36\" class=\"pt-2 pb-2 alignfull is-layout-constrained\">\n  <div>\n            <div class=\"row gx-4 gy-4 \">\n          \n\n<div id=\"block-35\" class=\"col wp-block-yellowtree-column col-12 d-flex flex-column with-streched-height-children align-items-stretch align-items-md-stretch\">\n  <\/div>\n        <\/div>\n          <\/div>\n<\/div><\/div>\n        <\/div>\n          <\/div>\n<\/div>\n\n<h2 id=\"projekte\" class=\"h2 text-start\">\n  Projekte<\/h2>\n\n<div id=\"block-48\" class=\"pt-2 pb-2 alignfull is-layout-constrained\">\n  <div>\n            <div class=\"row gx-4 gy-4 \">\n          \n\n<div id=\"block-45\" class=\"col wp-block-yellowtree-column col-12 col-lg-7 d-flex flex-column with-streched-height-children align-items-stretch align-items-lg-stretch\">\n  <p id=\"block-39\" class=\"fs-lg text-start wp-block-paragraph\">\n  Home &#8211; Zuhause vergr\u00f6\u00dfern<\/p>\n\n<p id=\"block-40\" class=\"text-start wp-block-paragraph\">\n  In den letzten Jahren konnten wir bereits einige Sonderspenden sammeln, um den Kauf von zwei Geb\u00e4uden zu erm\u00f6glichen. Au\u00dferdem konnte unser Standort in Offenburg nun auch eine Location mieten, in der sie regelm\u00e4\u00dfig zusammenkommen. Dar\u00fcber hinaus haben wir bereits konkrete Pl\u00e4ne f\u00fcr weitere Kirchen und Bauprojekte.<\/p>\n\n<p id=\"block-41\" class=\"text-start wp-block-paragraph\">\n  Es ist uns ein Herzensanliegen, unsere Locations zu vergr\u00f6\u00dfern und gezielt in die Zukunft zu investieren, um Land einzunehmen, damit noch mehr Menschen Teil unserer Kirche werden k\u00f6nnen.<\/p>\n\n<p id=\"block-42\" class=\"text-start wp-block-paragraph\">\n  Unser Ziel ist es, Kirchengeb\u00e4ude zu kaufen und Eigent\u00fcmer zu werden, anstatt nur zu mieten \u2013 um langfristig mehr Menschen mit dem Evangelium zu erreichen.<\/p>\n\n<p id=\"block-43\" class=\"text-start wp-block-paragraph\">\n  Doch wir wollen nicht nur in Geb\u00e4ude investieren, sondern ganz bewusst auch in Menschen. Innerhalb dieses Projekts m\u00f6chten wir Finanzen freisetzen, um Menschen anzustellen, ihre Zeit freizukaufen und sie gezielt im Reich Gottes zu platzieren. So k\u00f6nnen wir direkt in Menschenleben investieren und ihnen erm\u00f6glichen, ihre Gaben, ihre Zeit und ihre Leidenschaft voll in den Dienst Gottes zu stellen.<\/p>\n\n<p id=\"block-44\" class=\"text-start wp-block-paragraph\">\n  Aus diesem Grund wollen wir in diesem Jahr 80 % der Reach-Einnahmen in dieses Projekt investieren \u2013 in Geb\u00e4ude <strong>und <\/strong>in Menschen, damit Kirche wachsen kann und noch mehr Leben nachhaltig ver\u00e4ndert werden.<\/p><\/div>\n\n\n<div id=\"block-47\" class=\"col wp-block-yellowtree-column col-12 col-lg-5 d-flex flex-column with-streched-height-children align-items-stretch align-items-lg-stretch\">\n  <div class=\"mw-100\">\n      <figure id=\"block-46\">\n      <div class=\"img-wrap\" style=\"aspect-ratio:0.6669936226022678;width:508px;height:auto;max-width:100%\">\n        <img decoding=\"async\" src=\"https:\/\/icf.church\/swb\/wp-content\/uploads\/sites\/85\/2026\/03\/worshipnight_singen-4605-683x1024.jpg\" alt=\"\" loading=\"lazy\" title=\"\" class=\"img-fluid w-100 h-100 rounded object-fit-cover\" style=\"object-position: center center\">\n      <\/div>\n          <\/figure>\n    <\/div><\/div>\n        <\/div>\n          <\/div>\n<\/div>\n\n<div id=\"block-57\" class=\"pt-2 pb-2 alignfull is-layout-constrained\">\n  <div>\n            <div class=\"row gx-4 gy-4 \">\n          \n\n<div id=\"block-50\" class=\"col wp-block-yellowtree-column col-12 col-lg-5 d-flex flex-column with-streched-height-children align-items-stretch align-items-lg-stretch\">\n  <div class=\"mw-100\">\n      <figure id=\"block-49\">\n      <div class=\"img-wrap\" style=\"max-width:100%\">\n        <img decoding=\"async\" src=\"https:\/\/icf.church\/swb\/wp-content\/uploads\/sites\/85\/2026\/06\/reach-dreamcenter-1024x625.png\" alt=\"\" loading=\"lazy\" title=\"\" class=\"img-fluid w-100 h-100 rounded object-fit-cover\" style=\"object-position: center center\">\n      <\/div>\n          <\/figure>\n    <\/div><\/div>\n\n\n<div id=\"block-56\" class=\"col wp-block-yellowtree-column col-12 col-lg-7 d-flex flex-column with-streched-height-children align-items-stretch align-items-lg-stretch\">\n  <p id=\"block-51\" class=\"fs-lg text-start wp-block-paragraph\">\n  Dreamcenter Los Angeles<\/p>\n\n<p id=\"block-52\" class=\"text-start wp-block-paragraph\">\n  Die N\u00f6te der Gesellschaft bewegen uns zu sozialem Engagement \u2013 wir schauen hin und nicht weg. Durch das Dreamcenter in Los Angeles haben wir Vision bekommen, uns zu einem Ort zu entwickeln, wo nicht nur Gottesdienste stattfinden, sondern Menschen in Not, Hoffnung und Unterst\u00fctzung bekommen.&nbsp;<\/p>\n\n<p id=\"block-53\" class=\"text-start wp-block-paragraph\">\n  Durch unser ICF Empower, dem sozialdiakonischen Zweig des ICF Schwarzwald-Bodensee e.V. konnten wir hier schon einiges erreichen.&nbsp;&nbsp;<\/p>\n\n<p id=\"block-54\" class=\"text-start wp-block-paragraph\">\n  Nun wollen wir gezielt in Jugendprojekte des Dreamcenters investieren, weil wir die Next Generation priorisieren m\u00f6chten und Glauben haben, dass diese Generation auch bei uns in Deutschland einen gro\u00dfen Unterschied machen wird.&nbsp;<\/p>\n\n<p id=\"block-55\" class=\"text-start wp-block-paragraph\">\n  Daher werden 10% der Reach Einnahmen dieses Jahr ans Dreamcenter in Los Angeles gehen.&nbsp;<\/p><\/div>\n        <\/div>\n          <\/div>\n<\/div>\n\n<div id=\"block-66\" class=\"pt-2 pb-2 alignfull is-layout-constrained\">\n  <div>\n            <div class=\"row gx-4 gy-4 \">\n          \n\n<div id=\"block-63\" class=\"col wp-block-yellowtree-column col-12 col-lg-5 d-flex flex-column with-streched-height-children align-items-stretch align-items-lg-stretch\">\n  <p id=\"block-58\" class=\"fs-lg text-start wp-block-paragraph\">\n  ICF Movement<\/p>\n\n<p id=\"block-59\" class=\"text-start wp-block-paragraph\">\n  Unser Wunsch ist es, dynamische Kirchen in der ganzen Region zu gr\u00fcnden.<br>Kirchen, in denen Menschen eine pers\u00f6nliche Beziehung zu Jesus finden, Liebe und Gemeinschaft erleben, ihre Gaben entdecken und gef\u00f6rdert werden.&nbsp;<\/p>\n\n<p id=\"block-60\" class=\"text-start wp-block-paragraph\">\n  Wir tr\u00e4umen von einer leidenschaftlichen und lebendigen Kirche, die einen positiven Einfluss auf die Gesellschaft hat.&nbsp;&nbsp;<\/p>\n\n<p id=\"block-61\" class=\"text-start wp-block-paragraph\">\n  In unserer jungen Geschichte konnten wir als ICF Schwarzwald-Bodensee bereits f\u00fcnf ICF Gr\u00fcndungen in der Region aufbauen. An weiteren Orten gibt es Gruppen, die potenziell in den n\u00e4chsten Jahren zu starken Kirchen heranwachsen. Mit gezielten Investitionen k\u00f6nnen wir diesen Prozess deutlich f\u00f6rdern: Indem wir etwa Leiter ausbilden und finanziell freisetzen, Ressourcen f\u00fcr effektive Projekte bereitstellen und notwendige Anschaffungen t\u00e4tigen k\u00f6nnen.&nbsp;<\/p>\n\n<p id=\"block-62\" class=\"text-start wp-block-paragraph\">\n  Wir wollen deshalb in ausgew\u00e4hlte Initiativen investieren und diese gezielt nach vorne bringen.<br>Aus diesem Grund werden wir dieses Jahr 10% der Einnahmen ins ICF Movement geben.<\/p><\/div>\n\n\n<div id=\"block-65\" class=\"col wp-block-yellowtree-column col-12 col-lg-7 d-flex flex-column with-streched-height-children align-items-stretch align-items-lg-stretch\">\n  <div class=\"mw-100\">\n      <figure id=\"block-64\">\n      <div class=\"img-wrap\" style=\"max-width:100%\">\n        <img decoding=\"async\" src=\"https:\/\/icf.church\/swb\/wp-content\/uploads\/sites\/85\/2026\/06\/reach-newchurch-1024x682.jpg\" alt=\"\" loading=\"lazy\" title=\"\" class=\"img-fluid w-100 h-100 rounded object-fit-cover\" style=\"object-position: center center\">\n      <\/div>\n          <\/figure>\n    <\/div><\/div>\n        <\/div>\n          <\/div>\n<\/div>","protected":false},"excerpt":{"rendered":"<p>Menschen erreichen. Not begegnen. Projekte<\/p>\n","protected":false},"author":203,"featured_media":0,"parent":0,"menu_order":33,"comment_status":"closed","ping_status":"closed","template":"","meta":{"_acf_changed":false,"_seopress_titles_title":"","_seopress_titles_desc":"","_seopress_robots_index":"","_seopress_robots_follow":"","_seopress_robots_imageindex":"","_seopress_robots_snippet":"","_seopress_robots_primary_cat":"","_seopress_robots_breadcrumbs":"","_seopress_robots_freeze_modified_date":"","_seopress_robots_custom_modified_date":"","_seopress_robots_canonical":"","_seopress_social_fb_title":"","_seopress_social_fb_desc":"","_seopress_social_fb_img":"","_seopress_social_fb_img_attachment_id":0,"_seopress_social_fb_img_width":0,"_seopress_social_fb_img_height":0,"_seopress_social_twitter_title":"","_seopress_social_twitter_desc":"","_seopress_social_twitter_img":"","_seopress_social_twitter_img_attachment_id":0,"_seopress_social_twitter_img_width":0,"_seopress_social_twitter_img_height":0,"_seopress_redirections_value":"","_seopress_redirections_enabled":"","_seopress_redirections_enabled_regex":"","_seopress_redirections_logged_status":"","_seopress_redirections_param":"","_seopress_redirections_type":0,"_seopress_analysis_target_kw":"","_seopress_news_disabled":"","_seopress_video_disabled":"","_seopress_video":[],"_seopress_pro_schemas_manual":[],"_seopress_pro_rich_snippets_disable_all":"","_seopress_pro_rich_snippets_disable":[],"_seopress_pro_schemas":[],"yt_custom_styles_scss":"","yt_custom_styles_rounded_corners":false,"yt_custom_styles_color_scheme":"","footnotes":""},"class_list":["post-1289","page","type-page","status-publish","hentry"],"acf":[],"_links":{"self":[{"href":"https:\/\/icf.church\/swb\/de\/wp-json\/wp\/v2\/pages\/1289","targetHints":{"allow":["GET"]}}],"collection":[{"href":"https:\/\/icf.church\/swb\/de\/wp-json\/wp\/v2\/pages"}],"about":[{"href":"https:\/\/icf.church\/swb\/de\/wp-json\/wp\/v2\/types\/page"}],"author":[{"embeddable":true,"href":"https:\/\/icf.church\/swb\/de\/wp-json\/wp\/v2\/users\/203"}],"replies":[{"embeddable":true,"href":"https:\/\/icf.church\/swb\/de\/wp-json\/wp\/v2\/comments?post=1289"}],"version-history":[{"count":7,"href":"https:\/\/icf.church\/swb\/de\/wp-json\/wp\/v2\/pages\/1289\/revisions"}],"predecessor-version":[{"id":1306,"href":"https:\/\/icf.church\/swb\/de\/wp-json\/wp\/v2\/pages\/1289\/revisions\/1306"}],"wp:attachment":[{"href":"https:\/\/icf.church\/swb\/de\/wp-json\/wp\/v2\/media?parent=1289"}],"curies":[{"name":"wp","href":"https:\/\/api.w.org\/{rel}","templated":true}]}}