{"id":882,"date":"2026-03-06T21:55:11","date_gmt":"2026-03-06T20:55:11","guid":{"rendered":"https:\/\/new.icf.church\/swb\/?page_id=882"},"modified":"2026-07-16T10:25:29","modified_gmt":"2026-07-16T08:25:29","slug":"home","status":"publish","type":"page","link":"https:\/\/icf.church\/swb\/de\/","title":{"rendered":"Home"},"content":{"rendered":"\n<div id=\"block-7\" class=\"is-style-startpage wp-block-yellowtree-hero-stage alignfull\">\n    <div class=\"hero-stage has-links\">\n        \n\n<div id=\"block-2\" class=\"hero-stage-content\">\n    <div class=\"hero-stage-content__background\">\n        <div class=\"overlay-black-25 h-100\">\n                            <img fetchpriority=\"high\" decoding=\"async\" width=\"2560\" height=\"1704\" src=\"https:\/\/icf.church\/swb\/wp-content\/uploads\/sites\/85\/2026\/03\/dop2-ellaphotodesign-185-scaled.jpg\" class=\"hero-stage-media\" alt=\"\" style=\"object-position: 51% 49%;\" aria-hidden=\"true\" loading=\"eager\" srcset=\"https:\/\/icf.church\/swb\/wp-content\/uploads\/sites\/85\/2026\/03\/dop2-ellaphotodesign-185-scaled.jpg 2560w, https:\/\/icf.church\/swb\/wp-content\/uploads\/sites\/85\/2026\/03\/dop2-ellaphotodesign-185-300x200.jpg 300w, https:\/\/icf.church\/swb\/wp-content\/uploads\/sites\/85\/2026\/03\/dop2-ellaphotodesign-185-1024x682.jpg 1024w, https:\/\/icf.church\/swb\/wp-content\/uploads\/sites\/85\/2026\/03\/dop2-ellaphotodesign-185-768x511.jpg 768w, https:\/\/icf.church\/swb\/wp-content\/uploads\/sites\/85\/2026\/03\/dop2-ellaphotodesign-185-1536x1022.jpg 1536w, https:\/\/icf.church\/swb\/wp-content\/uploads\/sites\/85\/2026\/03\/dop2-ellaphotodesign-185-2048x1363.jpg 2048w\" sizes=\"(max-width: 2560px) 100vw, 2560px\" \/>                    <\/div>\n        <div class=\"hero-stage-gradient\"><\/div>\n    <\/div>\n    <div class=\"hero-stage-content__foreground is-layout-constrained\">\n        <h1 id=\"block-1\" class=\"display-1 text-center\">\n    Kirche erleben<\/h1>    <\/div>\n<\/div>\n\n\n<div id=\"block-6\" class=\"hero-stage-links is-layout-constrained count-3\">\n    <div class=\"icon-link-cards-layout column-gap-3 row-gap-1 justify-content-center break-md\">\n        \n\n<div id=\"block-3\" data-bs-theme=\"dark\" class=\"wp-block-yellowtree-icon-link-card\">\n  <div class='card-body flex-row justify-content-center align-items-center overflow-hidden gap-2 px-5 px-md-3 py-3 py-md-6'>\n    <div class='d-flex align-items-center gap-4 me-auto me-md-0 flex-md-column text-md-center gap-md-3'>\n      <i class='icon-square fs-2 fs-md-lg-const fa-solid fa-hands' aria-hidden='true'><\/i>\n      <a class='stretched-link fs-base-const' href='https:\/\/icf.church\/swb\/de\/findeanschluss\/' target=''>\n        Neu hier?      <\/a>\n    <\/div>\n          <i class=\"icon fs-base-const fa-chevron-right ms-auto opacity-50 d-md-none\"><\/i>\n      <\/div>\n<\/div>\n\n\n<div id=\"block-4\" data-bs-theme=\"dark\" class=\"wp-block-yellowtree-icon-link-card\">\n  <div class='card-body flex-row justify-content-center align-items-center overflow-hidden gap-2 px-5 px-md-3 py-3 py-md-6'>\n    <div class='d-flex align-items-center gap-4 me-auto me-md-0 flex-md-column text-md-center gap-md-3'>\n      <i class='icon-square fs-2 fs-md-lg-const fa-solid fa-location-dot' aria-hidden='true'><\/i>\n      <a class='stretched-link fs-base-const' href='https:\/\/icf.church\/swb\/de\/besuchen\/' target=''>\n        Besuchen      <\/a>\n    <\/div>\n          <i class=\"icon fs-base-const fa-chevron-right ms-auto opacity-50 d-md-none\"><\/i>\n      <\/div>\n<\/div>\n\n\n<div id=\"block-5\" data-bs-theme=\"dark\" class=\"wp-block-yellowtree-icon-link-card\">\n  <div class='card-body flex-row justify-content-center align-items-center overflow-hidden gap-2 px-5 px-md-3 py-3 py-md-6'>\n    <div class='d-flex align-items-center gap-4 me-auto me-md-0 flex-md-column text-md-center gap-md-3'>\n      <i class='icon-square fs-2 fs-md-lg-const fa-signal-stream' aria-hidden='true'><\/i>\n      <a class='stretched-link fs-base-const' href='https:\/\/icf.church\/swb\/de\/predigten' target=''>\n        Predigt ansehen      <\/a>\n    <\/div>\n          <i class=\"icon fs-base-const fa-chevron-right ms-auto opacity-50 d-md-none\"><\/i>\n      <\/div>\n<\/div>\n    <\/div>\n<\/div>\n    <\/div>\n<\/div>\n\n<div id=\"block-14\" class=\"pt-4 pb-2 alignfull is-layout-constrained\">\n  <div>\n            <div class=\"row gx-4 gy-4 \">\n          \n\n<div id=\"block-13\" class=\"col wp-block-yellowtree-column col-12 d-flex flex-column justify-content-center align-items-center align-items-md-center\">\n  <h2 id=\"block-8\" class=\"mt-2 mb-2 h2 display-2 text-center\">\n  Willkommen im ICF Schwarzwald-Bodensee<\/h2>\n\n<p id=\"block-9\" class=\"mt-2 mb-2 fs-base text-center wp-block-paragraph\">\n  Wir sind eine Kirche mit mehreren Standorten.<br>ICF ist eine \u00fcberkonfessionelle Kirche auf biblischer Grundlage, die aus dem Traum entstanden ist, Kirche f\u00fcr die Menschen wieder dynamisch, lebensnah und zeitgem\u00e4\u00df zu gestalten. Wir feiern gemeinsam den Glauben an Gott, integrieren ihn im Alltag und leben freundschaftliche Beziehungen.<\/p>\n\n<div id=\"block-12\" class=\"pt-2 pb-2 alignfull is-layout-constrained\">\n  <div>\n            <div class=\"row gx-4 gy-4 \">\n          \n\n<div id=\"block-11\" class=\"col wp-block-yellowtree-column col-12 d-flex flex-column justify-content-center align-items-center align-items-md-center\">\n  <div>\n    <a id=\"block-10\" href=\"https:\/\/icf.church\/swb\/de\/about\/\" rel=\"\" class=\"wp-block-yellowtree-button-link btn btn-default btn-sm\">\n      <span>\u00dcber uns<\/span>\n          <\/a>\n  <\/div><\/div>\n        <\/div>\n          <\/div>\n<\/div><\/div>\n        <\/div>\n          <\/div>\n<\/div>\n\n<div id=\"block-19\" class=\"pt-4 pb-2 alignfull is-layout-constrained\">\n  <div>\n            <div class=\"row gx-4 gy-4 \">\n          \n\n<div id=\"block-18\" class=\"col wp-block-yellowtree-column col-12 d-flex flex-column with-streched-height-children align-items-stretch align-items-md-stretch\">\n  <h3 id=\"block-15\" class=\"h3 display-3 text-start\">\n  Unser Auftrag<\/h3>\n\n<p id=\"block-16\" class=\"mb-6 fs-lg text-start wp-block-paragraph\">\n  Als Kirche ist es unsere Leidenschaft, dass Menschen Jesus Christus \u00e4hnlicher werden, furchtlos leben und ihr Umfeld positiv ver\u00e4ndern.<\/p>\n\n\n  <div>\n    <a id=\"block-17\" href=\"https:\/\/icf.church\/vision\" rel=\"\" target=\"_blank\" class=\"wp-block-yellowtree-button-link btn btn-default\">\n      <span>Unsere Vision<\/span>\n          <\/a>\n  <\/div><\/div>\n        <\/div>\n          <\/div>\n<\/div>\n\n\n<div id=\"block-25\" class=\"wp-block-yellowtree-fluid-gallery alignfull position-relative is-layout-constrained overflow-hidden\">\n        <div class=\"position-absolute top-2 start-0 end-0 d-none d-md-flex my-0\">\n        <div class=\"ms-auto\">\n            <a href=\"https:\/\/icf.church\/swb\/de\/findeanschluss\/\" data-exclude=\"\" class=\"btn btn-outline-default\" style=\"z-index:100\">\n                <i class=\"icon fa-plus\" aria-hidden=\"true\"><\/i>\n                Anschluss finden            <\/a>\n        <\/div>\n    <\/div>\n        <div class=\"position-relative is-layout-constrained alignfull fluid-gallery-height\">\n        <div class=\"position-absolute start-0 end-0 top-0 bottom-0 d-flex justify-content-center align-items-center is-layout-constrained\">\n            <div class=\"fluid-gallery-gradient\"><\/div>\n        <\/div>\n        <div class=\"fluid-gallery-scroll-container d-flex h-100 alignfull position-relative subtle-scrollbar focus-ring\">\n            <div class=\"h-100 fluid-gallery-layout\">\n                <div id=\"block-20\" class=\"wp-block-yellowtree-fluid-gallery-image\">\n    <img decoding=\"async\" width=\"682\" height=\"1024\" src=\"https:\/\/icf.church\/swb\/wp-content\/uploads\/sites\/85\/2026\/03\/dop-ellaphotodesign-38-1-682x1024.jpg\" class=\"w-100 h-100 object-fit-cover rounded\" alt=\"Zwei Menschen umarmen sich herzlich im Eingangsbereich des ICF Schwarzwald Bodensee, umgeben von modernen Glasfenstern und freundlicher Atmosph\u00e4re.\" draggable=\"false\" loading=\"lazy\" sizes=\"768px\" srcset=\"https:\/\/icf.church\/swb\/wp-content\/uploads\/sites\/85\/2026\/03\/dop-ellaphotodesign-38-1-682x1024.jpg 682w, https:\/\/icf.church\/swb\/wp-content\/uploads\/sites\/85\/2026\/03\/dop-ellaphotodesign-38-1-200x300.jpg 200w, https:\/\/icf.church\/swb\/wp-content\/uploads\/sites\/85\/2026\/03\/dop-ellaphotodesign-38-1-768x1154.jpg 768w, https:\/\/icf.church\/swb\/wp-content\/uploads\/sites\/85\/2026\/03\/dop-ellaphotodesign-38-1-1022x1536.jpg 1022w, https:\/\/icf.church\/swb\/wp-content\/uploads\/sites\/85\/2026\/03\/dop-ellaphotodesign-38-1-1363x2048.jpg 1363w, https:\/\/icf.church\/swb\/wp-content\/uploads\/sites\/85\/2026\/03\/dop-ellaphotodesign-38-1-scaled.jpg 1704w\"><\/div>\n\n\n<div id=\"block-21\" class=\"wp-block-yellowtree-fluid-gallery-image\">\n    <img decoding=\"async\" width=\"683\" height=\"1024\" src=\"https:\/\/icf.church\/swb\/wp-content\/uploads\/sites\/85\/2026\/05\/taufe-683x1024.jpg\" class=\"w-100 h-100 object-fit-cover rounded\" alt=\"Wir feiern Taufe\" draggable=\"false\" loading=\"lazy\" sizes=\"768px\" srcset=\"https:\/\/icf.church\/swb\/wp-content\/uploads\/sites\/85\/2026\/05\/taufe-683x1024.jpg 683w, https:\/\/icf.church\/swb\/wp-content\/uploads\/sites\/85\/2026\/05\/taufe-200x300.jpg 200w, https:\/\/icf.church\/swb\/wp-content\/uploads\/sites\/85\/2026\/05\/taufe-768x1152.jpg 768w, https:\/\/icf.church\/swb\/wp-content\/uploads\/sites\/85\/2026\/05\/taufe-1024x1536.jpg 1024w, https:\/\/icf.church\/swb\/wp-content\/uploads\/sites\/85\/2026\/05\/taufe-1365x2048.jpg 1365w, https:\/\/icf.church\/swb\/wp-content\/uploads\/sites\/85\/2026\/05\/taufe-scaled.jpg 1707w\"><\/div>\n\n\n<div id=\"block-22\" class=\"wp-block-yellowtree-fluid-gallery-image\">\n    <img decoding=\"async\" width=\"683\" height=\"1024\" src=\"https:\/\/icf.church\/swb\/wp-content\/uploads\/sites\/85\/2026\/03\/a745835-683x1024.jpg\" class=\"w-100 h-100 object-fit-cover rounded\" alt=\"\" draggable=\"false\" loading=\"lazy\" sizes=\"768px\" srcset=\"https:\/\/icf.church\/swb\/wp-content\/uploads\/sites\/85\/2026\/03\/a745835-683x1024.jpg 683w, https:\/\/icf.church\/swb\/wp-content\/uploads\/sites\/85\/2026\/03\/a745835-200x300.jpg 200w, https:\/\/icf.church\/swb\/wp-content\/uploads\/sites\/85\/2026\/03\/a745835-768x1152.jpg 768w, https:\/\/icf.church\/swb\/wp-content\/uploads\/sites\/85\/2026\/03\/a745835-1024x1536.jpg 1024w, https:\/\/icf.church\/swb\/wp-content\/uploads\/sites\/85\/2026\/03\/a745835-1365x2048.jpg 1365w, https:\/\/icf.church\/swb\/wp-content\/uploads\/sites\/85\/2026\/03\/a745835-scaled.jpg 1707w\"><\/div>\n\n\n<div id=\"block-23\" class=\"wp-block-yellowtree-fluid-gallery-image\">\n    <img decoding=\"async\" width=\"682\" height=\"1024\" src=\"https:\/\/icf.church\/swb\/wp-content\/uploads\/sites\/85\/2026\/03\/dop2-ellaphotodesign-11-682x1024.jpg\" class=\"w-100 h-100 object-fit-cover rounded\" alt=\"Jugendliche und junge Erwachsene tanzen bei einer lebhaften Gemeinschaftsveranstaltung in der Kirche ICF Schwarzwald Bodensee, umgeben von buntem Licht und einer positiven Atmosph\u00e4re.\" draggable=\"false\" loading=\"lazy\" sizes=\"768px\" srcset=\"https:\/\/icf.church\/swb\/wp-content\/uploads\/sites\/85\/2026\/03\/dop2-ellaphotodesign-11-682x1024.jpg 682w, https:\/\/icf.church\/swb\/wp-content\/uploads\/sites\/85\/2026\/03\/dop2-ellaphotodesign-11-200x300.jpg 200w, https:\/\/icf.church\/swb\/wp-content\/uploads\/sites\/85\/2026\/03\/dop2-ellaphotodesign-11-768x1154.jpg 768w, https:\/\/icf.church\/swb\/wp-content\/uploads\/sites\/85\/2026\/03\/dop2-ellaphotodesign-11-1022x1536.jpg 1022w, https:\/\/icf.church\/swb\/wp-content\/uploads\/sites\/85\/2026\/03\/dop2-ellaphotodesign-11-1363x2048.jpg 1363w, https:\/\/icf.church\/swb\/wp-content\/uploads\/sites\/85\/2026\/03\/dop2-ellaphotodesign-11-scaled.jpg 1704w\"><\/div>\n\n\n<div id=\"block-24\" class=\"wp-block-yellowtree-fluid-gallery-image\">\n    <img decoding=\"async\" width=\"683\" height=\"1024\" src=\"https:\/\/icf.church\/swb\/wp-content\/uploads\/sites\/85\/2026\/03\/a745829-683x1024.jpg\" class=\"w-100 h-100 object-fit-cover rounded\" alt=\"Drei Menschen begr\u00fc\u00dfen sich herzlich bei einer Veranstaltung im ICF Schwarzwald Bodensee, halten ein &quot;Welcome Home&quot; Schild, symbolisieren Gemeinschaft und Gastfreundschaft.\" draggable=\"false\" loading=\"lazy\" sizes=\"768px\" srcset=\"https:\/\/icf.church\/swb\/wp-content\/uploads\/sites\/85\/2026\/03\/a745829-683x1024.jpg 683w, https:\/\/icf.church\/swb\/wp-content\/uploads\/sites\/85\/2026\/03\/a745829-200x300.jpg 200w, https:\/\/icf.church\/swb\/wp-content\/uploads\/sites\/85\/2026\/03\/a745829-768x1152.jpg 768w, https:\/\/icf.church\/swb\/wp-content\/uploads\/sites\/85\/2026\/03\/a745829-1024x1536.jpg 1024w, https:\/\/icf.church\/swb\/wp-content\/uploads\/sites\/85\/2026\/03\/a745829-1365x2048.jpg 1365w, https:\/\/icf.church\/swb\/wp-content\/uploads\/sites\/85\/2026\/03\/a745829-scaled.jpg 1707w\"><\/div>            <\/div>\n        <\/div>\n    <\/div>\n            <div class=\"d-md-none d-flex justify-content-center mt-2\">\n            <a href=\"https:\/\/icf.church\/swb\/de\/findeanschluss\/\" data-exclude=\"\" class=\"btn btn-outline-default\" style=\"z-index:100\">\n                <i class=\"icon fa-plus\" aria-hidden=\"true\"><\/i>\n                Anschluss finden            <\/a>\n        <\/div>\n    <\/div>\n\n<div id=\"block-50\" class=\"pt-4 pb-2 alignfull is-layout-constrained\">\n  <div>\n            <div class=\"row gx-4 gy-4 \">\n          \n\n<div id=\"block-49\" class=\"col wp-block-yellowtree-column col-12 d-flex flex-column with-streched-height-children align-items-stretch align-items-md-stretch\">\n  <h3 id=\"block-26\" class=\"h3 display-3 text-start\">\n  Unsere Standorte<\/h3>\n\n<div id=\"block-48\" class=\"mt-4 mb-4 alignfull is-layout-constrained\">\n  <swiper-container init=\"false\" data-yt-template=\"3-col\" data-yt-pagination=\"true\" data-yt-navigation=\"true\" class=\"has-full-height-slides \">\n          <swiper-slide><article id=\"block-29\" data-bs-theme=\"dark\" class=\"wp-block-yellowtree-card card has-context-height\" style=\"--card-img-position:50% 50%\">\n        <img decoding=\"async\" width=\"683\" height=\"1024\" src=\"https:\/\/icf.church\/swb\/wp-content\/uploads\/sites\/85\/2026\/03\/worshipnight_singen-4605-683x1024.jpg\" class=\"card-img-top\" alt=\"\" draggable=\"false\" loading=\"lazy\" srcset=\"https:\/\/icf.church\/swb\/wp-content\/uploads\/sites\/85\/2026\/03\/worshipnight_singen-4605-683x1024.jpg 683w, https:\/\/icf.church\/swb\/wp-content\/uploads\/sites\/85\/2026\/03\/worshipnight_singen-4605-200x300.jpg 200w, https:\/\/icf.church\/swb\/wp-content\/uploads\/sites\/85\/2026\/03\/worshipnight_singen-4605-768x1152.jpg 768w, https:\/\/icf.church\/swb\/wp-content\/uploads\/sites\/85\/2026\/03\/worshipnight_singen-4605-1024x1536.jpg 1024w, https:\/\/icf.church\/swb\/wp-content\/uploads\/sites\/85\/2026\/03\/worshipnight_singen-4605-1365x2048.jpg 1365w, https:\/\/icf.church\/swb\/wp-content\/uploads\/sites\/85\/2026\/03\/worshipnight_singen-4605-scaled.jpg 1707w\" sizes=\"(max-width: 683px) 100vw, 683px\">    <div class=\"card-body\">\n    <h3 class=\"card-title\">ICF Singen<\/h3>\n    <p class=\"card-text\"><\/p>\n    <div id=\"block-28\" class=\"wp-block-yellowtree-card-buttons card-buttons\">\n  \n\n  <div>\n    <a id=\"block-27\" href=\"https:\/\/www.icf-singen.de\" target=\"_blank\" class=\"wp-block-yellowtree-card-button btn btn-sm btn-secondary\">\n      <span>Zum Standort<\/span>\n              <i class=\"icon fs-base-const fa-arrow-right\" aria-hidden=\"true\"><\/i>\n          <\/a>\n  <\/div>\n\n<\/div>  <\/div>\n<\/article><\/swiper-slide>\n          <swiper-slide><article id=\"block-32\" data-bs-theme=\"dark\" class=\"wp-block-yellowtree-card card has-context-height\" style=\"--card-img-position:50% 50%\">\n        <img decoding=\"async\" width=\"683\" height=\"1024\" src=\"https:\/\/icf.church\/swb\/wp-content\/uploads\/sites\/85\/2026\/03\/celebration-6185-683x1024.jpg\" class=\"card-img-top\" alt=\"\" draggable=\"false\" loading=\"lazy\" srcset=\"https:\/\/icf.church\/swb\/wp-content\/uploads\/sites\/85\/2026\/03\/celebration-6185-683x1024.jpg 683w, https:\/\/icf.church\/swb\/wp-content\/uploads\/sites\/85\/2026\/03\/celebration-6185-200x300.jpg 200w, https:\/\/icf.church\/swb\/wp-content\/uploads\/sites\/85\/2026\/03\/celebration-6185-768x1152.jpg 768w, https:\/\/icf.church\/swb\/wp-content\/uploads\/sites\/85\/2026\/03\/celebration-6185-1024x1536.jpg 1024w, https:\/\/icf.church\/swb\/wp-content\/uploads\/sites\/85\/2026\/03\/celebration-6185-1365x2048.jpg 1365w, https:\/\/icf.church\/swb\/wp-content\/uploads\/sites\/85\/2026\/03\/celebration-6185-scaled.jpg 1707w\" sizes=\"(max-width: 683px) 100vw, 683px\">    <div class=\"card-body\">\n    <h3 class=\"card-title\">ICF Villingen-Schwenningen<\/h3>\n    <p class=\"card-text\"><\/p>\n    <div id=\"block-31\" class=\"wp-block-yellowtree-card-buttons card-buttons\">\n  \n\n  <div>\n    <a id=\"block-30\" href=\"https:\/\/www.icf-villingen.de\" target=\"_blank\" class=\"wp-block-yellowtree-card-button btn btn-sm btn-secondary\">\n      <span>Zum Standort<\/span>\n              <i class=\"icon fs-base-const fa-arrow-right\" aria-hidden=\"true\"><\/i>\n          <\/a>\n  <\/div>\n\n<\/div>  <\/div>\n<\/article><\/swiper-slide>\n          <swiper-slide><article id=\"block-35\" data-bs-theme=\"dark\" class=\"wp-block-yellowtree-card card has-context-height\" style=\"--card-img-position:50% 50%\">\n        <img decoding=\"async\" width=\"1024\" height=\"668\" src=\"https:\/\/icf.church\/swb\/wp-content\/uploads\/sites\/85\/2026\/03\/bildschirmfoto-2026-03-06-um-21.06.38-1024x668.png\" class=\"card-img-top\" alt=\"\" draggable=\"false\" loading=\"lazy\" srcset=\"https:\/\/icf.church\/swb\/wp-content\/uploads\/sites\/85\/2026\/03\/bildschirmfoto-2026-03-06-um-21.06.38-1024x668.png 1024w, https:\/\/icf.church\/swb\/wp-content\/uploads\/sites\/85\/2026\/03\/bildschirmfoto-2026-03-06-um-21.06.38-300x196.png 300w, https:\/\/icf.church\/swb\/wp-content\/uploads\/sites\/85\/2026\/03\/bildschirmfoto-2026-03-06-um-21.06.38-768x501.png 768w, https:\/\/icf.church\/swb\/wp-content\/uploads\/sites\/85\/2026\/03\/bildschirmfoto-2026-03-06-um-21.06.38-1536x1002.png 1536w, https:\/\/icf.church\/swb\/wp-content\/uploads\/sites\/85\/2026\/03\/bildschirmfoto-2026-03-06-um-21.06.38.png 1868w\" sizes=\"(max-width: 1024px) 100vw, 1024px\">    <div class=\"card-body\">\n    <h3 class=\"card-title\">ICF Freiburg<\/h3>\n    <p class=\"card-text\"><\/p>\n    <div id=\"block-34\" class=\"wp-block-yellowtree-card-buttons card-buttons\">\n  \n\n  <div>\n    <a id=\"block-33\" href=\"https:\/\/www.icf-freiburg.de\" target=\"_blank\" class=\"wp-block-yellowtree-card-button btn btn-sm btn-secondary\">\n      <span>Zum Standort<\/span>\n              <i class=\"icon fs-base-const fa-arrow-right\" aria-hidden=\"true\"><\/i>\n          <\/a>\n  <\/div>\n\n<\/div>  <\/div>\n<\/article><\/swiper-slide>\n          <swiper-slide><article id=\"block-38\" data-bs-theme=\"dark\" class=\"wp-block-yellowtree-card card has-context-height\" style=\"--card-img-position:50% 50%\">\n        <img decoding=\"async\" width=\"1024\" height=\"682\" src=\"https:\/\/icf.church\/swb\/wp-content\/uploads\/sites\/85\/2026\/03\/icftut-ellaphotodesign-50-1024x682.jpg\" class=\"card-img-top\" alt=\"\" draggable=\"false\" loading=\"lazy\" srcset=\"https:\/\/icf.church\/swb\/wp-content\/uploads\/sites\/85\/2026\/03\/icftut-ellaphotodesign-50-1024x682.jpg 1024w, https:\/\/icf.church\/swb\/wp-content\/uploads\/sites\/85\/2026\/03\/icftut-ellaphotodesign-50-300x200.jpg 300w, https:\/\/icf.church\/swb\/wp-content\/uploads\/sites\/85\/2026\/03\/icftut-ellaphotodesign-50-768x511.jpg 768w, https:\/\/icf.church\/swb\/wp-content\/uploads\/sites\/85\/2026\/03\/icftut-ellaphotodesign-50-1536x1022.jpg 1536w, https:\/\/icf.church\/swb\/wp-content\/uploads\/sites\/85\/2026\/03\/icftut-ellaphotodesign-50-2048x1363.jpg 2048w\" sizes=\"(max-width: 1024px) 100vw, 1024px\">    <div class=\"card-body\">\n    <h3 class=\"card-title\">ICF Tuttlingen<\/h3>\n    <p class=\"card-text\"><\/p>\n    <div id=\"block-37\" class=\"wp-block-yellowtree-card-buttons card-buttons\">\n  \n\n  <div>\n    <a id=\"block-36\" href=\"https:\/\/www.icf-tuttlingen.de\" target=\"_blank\" class=\"wp-block-yellowtree-card-button btn btn-sm btn-secondary\">\n      <span>Zum Standort<\/span>\n              <i class=\"icon fs-base-const fa-arrow-right\" aria-hidden=\"true\"><\/i>\n          <\/a>\n  <\/div>\n\n<\/div>  <\/div>\n<\/article><\/swiper-slide>\n          <swiper-slide><article id=\"block-41\" data-bs-theme=\"dark\" class=\"wp-block-yellowtree-card card has-context-height\" style=\"--card-img-position:50% 50%\">\n        <img decoding=\"async\" width=\"1024\" height=\"576\" src=\"https:\/\/icf.church\/swb\/wp-content\/uploads\/sites\/85\/2026\/03\/bildschirmfoto-2026-03-06-um-21.06.08-1024x576.png\" class=\"card-img-top\" alt=\"\" draggable=\"false\" loading=\"lazy\" srcset=\"https:\/\/icf.church\/swb\/wp-content\/uploads\/sites\/85\/2026\/03\/bildschirmfoto-2026-03-06-um-21.06.08-1024x576.png 1024w, https:\/\/icf.church\/swb\/wp-content\/uploads\/sites\/85\/2026\/03\/bildschirmfoto-2026-03-06-um-21.06.08-300x169.png 300w, https:\/\/icf.church\/swb\/wp-content\/uploads\/sites\/85\/2026\/03\/bildschirmfoto-2026-03-06-um-21.06.08-768x432.png 768w, https:\/\/icf.church\/swb\/wp-content\/uploads\/sites\/85\/2026\/03\/bildschirmfoto-2026-03-06-um-21.06.08-1536x863.png 1536w, https:\/\/icf.church\/swb\/wp-content\/uploads\/sites\/85\/2026\/03\/bildschirmfoto-2026-03-06-um-21.06.08.png 1882w\" sizes=\"(max-width: 1024px) 100vw, 1024px\">    <div class=\"card-body\">\n    <h3 class=\"card-title\">ICF Friedrichshafen<\/h3>\n    <p class=\"card-text\"><\/p>\n    <div id=\"block-40\" class=\"wp-block-yellowtree-card-buttons card-buttons\">\n  \n\n  <div>\n    <a id=\"block-39\" href=\"https:\/\/www.icf-friedrichshafen.de\" target=\"_blank\" class=\"wp-block-yellowtree-card-button btn btn-sm btn-secondary\">\n      <span>Zum Standort<\/span>\n              <i class=\"icon fs-base-const fa-arrow-right\" aria-hidden=\"true\"><\/i>\n          <\/a>\n  <\/div>\n\n<\/div>  <\/div>\n<\/article><\/swiper-slide>\n          <swiper-slide><article id=\"block-44\" data-bs-theme=\"dark\" class=\"wp-block-yellowtree-card card has-context-height\" style=\"--card-img-position:50% 50%\">\n        <img decoding=\"async\" width=\"1024\" height=\"683\" src=\"https:\/\/icf.church\/swb\/wp-content\/uploads\/sites\/85\/2026\/03\/a7c08124-1024x683.jpg\" class=\"card-img-top\" alt=\"\" draggable=\"false\" loading=\"lazy\" srcset=\"https:\/\/icf.church\/swb\/wp-content\/uploads\/sites\/85\/2026\/03\/a7c08124-1024x683.jpg 1024w, https:\/\/icf.church\/swb\/wp-content\/uploads\/sites\/85\/2026\/03\/a7c08124-300x200.jpg 300w, https:\/\/icf.church\/swb\/wp-content\/uploads\/sites\/85\/2026\/03\/a7c08124-768x512.jpg 768w, https:\/\/icf.church\/swb\/wp-content\/uploads\/sites\/85\/2026\/03\/a7c08124-1536x1024.jpg 1536w, https:\/\/icf.church\/swb\/wp-content\/uploads\/sites\/85\/2026\/03\/a7c08124-2048x1365.jpg 2048w\" sizes=\"(max-width: 1024px) 100vw, 1024px\">    <div class=\"card-body\">\n    <h3 class=\"card-title\">ICF Offenburg<\/h3>\n    <p class=\"card-text\"><\/p>\n    <div id=\"block-43\" class=\"wp-block-yellowtree-card-buttons card-buttons\">\n  \n\n  <div>\n    <a id=\"block-42\" href=\"https:\/\/www.icf-offenburg.de\" target=\"_blank\" class=\"wp-block-yellowtree-card-button btn btn-sm btn-secondary\">\n      <span>Zum Standort<\/span>\n              <i class=\"icon fs-base-const fa-arrow-right\" aria-hidden=\"true\"><\/i>\n          <\/a>\n  <\/div>\n\n<\/div>  <\/div>\n<\/article><\/swiper-slide>\n          <swiper-slide><article id=\"block-47\" data-bs-theme=\"dark\" class=\"wp-block-yellowtree-card card has-context-height\" style=\"--card-img-position:50% 50%\">\n        <img decoding=\"async\" width=\"1024\" height=\"683\" src=\"https:\/\/icf.church\/swb\/wp-content\/uploads\/sites\/85\/2026\/03\/markus-schumacher_ms1-121-1024x683.jpg\" class=\"card-img-top\" alt=\"\" draggable=\"false\" loading=\"lazy\" srcset=\"https:\/\/icf.church\/swb\/wp-content\/uploads\/sites\/85\/2026\/03\/markus-schumacher_ms1-121-1024x683.jpg 1024w, https:\/\/icf.church\/swb\/wp-content\/uploads\/sites\/85\/2026\/03\/markus-schumacher_ms1-121-300x200.jpg 300w, https:\/\/icf.church\/swb\/wp-content\/uploads\/sites\/85\/2026\/03\/markus-schumacher_ms1-121-768x512.jpg 768w, https:\/\/icf.church\/swb\/wp-content\/uploads\/sites\/85\/2026\/03\/markus-schumacher_ms1-121-1536x1024.jpg 1536w, https:\/\/icf.church\/swb\/wp-content\/uploads\/sites\/85\/2026\/03\/markus-schumacher_ms1-121-2048x1365.jpg 2048w\" sizes=\"(max-width: 1024px) 100vw, 1024px\">    <div class=\"card-body\">\n    <h3 class=\"card-title\">ICF Startup Stuttgart<\/h3>\n    <p class=\"card-text\"><\/p>\n    <div id=\"block-46\" class=\"wp-block-yellowtree-card-buttons card-buttons\">\n  \n\n  <div>\n    <a id=\"block-45\" href=\"https:\/\/www.icf-stuttgart.de\" target=\"_blank\" class=\"wp-block-yellowtree-card-button btn btn-sm btn-secondary\">\n      <span>Zum Standort<\/span>\n              <i class=\"icon fs-base-const fa-arrow-right\" aria-hidden=\"true\"><\/i>\n          <\/a>\n  <\/div>\n\n<\/div>  <\/div>\n<\/article><\/swiper-slide>\n      <\/swiper-container>\n<\/div><\/div>\n        <\/div>\n          <\/div>\n<\/div>\n\n\n<div>\n  <div id=\"block-58\" class=\"mt-6 mb-10 wp-block-yellowtree-connect-social connect-social\">\n      \n\n<h2 id=\"block-51\" class=\"text-center display-2 mb-5\">\n    Stay Updated<\/h2>\n\n\n<p id=\"block-52\" class=\"text-center mb-6\">\n    Abonniere ICF SWB auf Telegram und Social Media und verpass nichts mehr. <br>Hier erh\u00e4ltst du regelm\u00e4\u00dfig kurze News &amp; Updates \u00fcber Angebote und Events.<\/p>\n\n\n<div id=\"block-57\" class=\"wp-block-yellowtree-connect-social-links d-flex gap-1 gap-md-5 justify-content-center\">\n  <html><body>\n\n<a id=\"block-53\" href=\"https:\/\/t.me\/icfswb\" target=\"_blank\" data-variation=\"telegram\" class=\"wp-block-yellowtree-connect-social-link btn\" aria-label=\"Telegram Link\">\n  <i class=\"icon connect-social-icon fs-md-lg-const fs-h3-const fa-brands fa-telegram\" aria-hidden=\"true\"><\/i>\n<\/a>\n\n\n<a id=\"block-54\" href=\"https:\/\/instagram.com\/icfswb\/\" target=\"_blank\" data-variation=\"instagram\" class=\"wp-block-yellowtree-connect-social-link btn\" aria-label=\"Instagram Link\">\n  <i class=\"icon connect-social-icon fs-md-lg-const fs-h3-const fa-brands fa-instagram\" aria-hidden=\"true\"><\/i>\n<\/a>\n\n\n<a id=\"block-55\" href=\"https:\/\/www.facebook.com\/icfswb\/\" target=\"_blank\" data-variation=\"facebook\" class=\"wp-block-yellowtree-connect-social-link btn\" aria-label=\"Facebook Link\">\n  <i class=\"icon connect-social-icon fs-md-lg-const fs-h3-const fa-brands fa-facebook\" aria-hidden=\"true\"><\/i>\n<\/a>\n\n\n<a id=\"block-56\" href=\"https:\/\/youtube.com\/@icfswb\" target=\"_blank\" data-variation=\"youtube\" class=\"wp-block-yellowtree-connect-social-link btn\" aria-label=\"Youtube Link\">\n  <i class=\"icon connect-social-icon fs-md-lg-const fs-h3-const fa-brands fa-youtube\" aria-hidden=\"true\"><\/i>\n<\/a>\n<\/body><\/html><\/div>\n  <\/div>\n<\/div>\n\n\n\n<div id=\"block-62\" data-bs-theme=\"dark\" class=\"wp-block-yellowtree-divider-card card d-flex flex-column flex-lg-row py-6 py-lg-0\">\n  \n\n<div id=\"block-59\" class=\"wp-block-yellowtree-divider-card-item flex-1 d-flex flex-column position-relative text-center py-6 py-lg-10\">\n  <div class='mb-2'>\n    <div class='d-flex flex-column align-items-center gap-2'>\n      <i class='icon fs-lg-const fa-location-smile' aria-hidden='true'><\/i>\n      <h3 class='mb-0'>\n        <span class=\"text-container\">\n          Deinen Besuch planen        <\/span>\n      <\/h3>\n    <\/div>\n  <\/div>\n  <div class='mt-auto'>\n    <a class='text-arrow-link fs-sm text-light-3' href=\"https:\/\/icf.church\/swb\/de\/besuchen\/\">\n      Los geht&#039;s    <\/a>\n  <\/div>\n<\/div>\n\n\n<div id=\"block-60\" class=\"wp-block-yellowtree-divider-card-item flex-1 d-flex flex-column position-relative text-center py-6 py-lg-10\">\n  <div class='mb-2'>\n    <div class='d-flex flex-column align-items-center gap-2'>\n      <i class='icon fs-lg-const fa-video' aria-hidden='true'><\/i>\n      <h3 class='mb-0'>\n        <span class=\"text-container\">\n          Online reinschauen        <\/span>\n      <\/h3>\n    <\/div>\n  <\/div>\n  <div class='mt-auto'>\n    <a class='text-arrow-link fs-sm text-light-3' href=\"https:\/\/icf.church\/swb\/de\/online\/\">\n      Los geht&#039;s    <\/a>\n  <\/div>\n<\/div>\n\n\n<div id=\"block-61\" class=\"wp-block-yellowtree-divider-card-item flex-1 d-flex flex-column position-relative text-center py-6 py-lg-10\">\n  <div class='mb-2'>\n    <div class='d-flex flex-column align-items-center gap-2'>\n      <i class='icon fs-lg-const fa-solid fa-comments' aria-hidden='true'><\/i>\n      <h3 class='mb-0'>\n        <span class=\"text-container\">\n          Stell deine Frage        <\/span>\n      <\/h3>\n    <\/div>\n  <\/div>\n  <div class='mt-auto'>\n    <a class='text-arrow-link fs-sm text-light-3' href=\"https:\/\/icf.church\/swb\/de\/kontakt\/\">\n      Los geht&#039;s    <\/a>\n  <\/div>\n<\/div>\n<\/div>","protected":false},"excerpt":{"rendered":"<p>Als ICF Schwarzwald-Bodensee ist es unsere Leidenschaft, dass Menschen Jesus Christus \u00e4hnlicher werden, furchtlos leben und ihr Umfeld positiv ver\u00e4ndern.<\/p>\n","protected":false},"author":49,"featured_media":0,"parent":0,"menu_order":0,"comment_status":"closed","ping_status":"closed","template":"","meta":{"_acf_changed":false,"_seopress_titles_title":"","_seopress_titles_desc":"","_seopress_robots_index":"","_seopress_robots_follow":"","_seopress_robots_imageindex":"","_seopress_robots_snippet":"","_seopress_robots_primary_cat":"","_seopress_robots_breadcrumbs":"","_seopress_robots_freeze_modified_date":"","_seopress_robots_custom_modified_date":"","_seopress_robots_canonical":"","_seopress_social_fb_title":"","_seopress_social_fb_desc":"","_seopress_social_fb_img":"","_seopress_social_fb_img_attachment_id":0,"_seopress_social_fb_img_width":0,"_seopress_social_fb_img_height":0,"_seopress_social_twitter_title":"","_seopress_social_twitter_desc":"","_seopress_social_twitter_img":"","_seopress_social_twitter_img_attachment_id":0,"_seopress_social_twitter_img_width":0,"_seopress_social_twitter_img_height":0,"_seopress_redirections_value":"","_seopress_redirections_enabled":"","_seopress_redirections_enabled_regex":"","_seopress_redirections_logged_status":"both","_seopress_redirections_param":"","_seopress_redirections_type":301,"_seopress_analysis_target_kw":"","_seopress_news_disabled":"","_seopress_video_disabled":"","_seopress_video":[{"url":"","title":"","desc":"","thumbnail":"","duration":"","rating":"","view_count":"","tag":""}],"_seopress_pro_schemas_manual":[],"_seopress_pro_rich_snippets_disable_all":"","_seopress_pro_rich_snippets_disable":[],"_seopress_pro_schemas":[],"yt_custom_styles_scss":"","yt_custom_styles_rounded_corners":false,"yt_custom_styles_color_scheme":"","footnotes":""},"class_list":["post-882","page","type-page","status-publish","hentry"],"acf":[],"_links":{"self":[{"href":"https:\/\/icf.church\/swb\/de\/wp-json\/wp\/v2\/pages\/882","targetHints":{"allow":["GET"]}}],"collection":[{"href":"https:\/\/icf.church\/swb\/de\/wp-json\/wp\/v2\/pages"}],"about":[{"href":"https:\/\/icf.church\/swb\/de\/wp-json\/wp\/v2\/types\/page"}],"author":[{"embeddable":true,"href":"https:\/\/icf.church\/swb\/de\/wp-json\/wp\/v2\/users\/49"}],"replies":[{"embeddable":true,"href":"https:\/\/icf.church\/swb\/de\/wp-json\/wp\/v2\/comments?post=882"}],"version-history":[{"count":20,"href":"https:\/\/icf.church\/swb\/de\/wp-json\/wp\/v2\/pages\/882\/revisions"}],"predecessor-version":[{"id":1734,"href":"https:\/\/icf.church\/swb\/de\/wp-json\/wp\/v2\/pages\/882\/revisions\/1734"}],"wp:attachment":[{"href":"https:\/\/icf.church\/swb\/de\/wp-json\/wp\/v2\/media?parent=882"}],"curies":[{"name":"wp","href":"https:\/\/api.w.org\/{rel}","templated":true}]}}