{"id":1377,"date":"2026-04-02T21:05:24","date_gmt":"2026-04-02T19:05:08","guid":{"rendered":"https:\/\/new.icf.church\/ticino\/?page_id=1377"},"modified":"2026-08-09T12:17:07","modified_gmt":"2026-08-09T10:17:07","slug":"sociale","status":"publish","type":"page","link":"https:\/\/icf.church\/ticino\/it\/sociale\/","title":{"rendered":"Sociale"},"content":{"rendered":"<div class=\"mw-100\">\n      <figure id=\"block-1\" class=\"is-style-rounded mt-2 mb-2 ms-2 me-2\">\n      <div class=\"img-wrap\" style=\"aspect-ratio:16\/9;max-width:100%\">\n        <img decoding=\"async\" src=\"https:\/\/icf.church\/ticino\/wp-content\/uploads\/sites\/126\/2026\/06\/sociale-1-edited-scaled.jpg\" alt=\"\" loading=\"lazy\" title=\"\" srcset=\"https:\/\/icf.church\/ticino\/wp-content\/uploads\/sites\/126\/2026\/06\/sociale-1-edited-scaled.jpg 2560w, https:\/\/icf.church\/ticino\/wp-content\/uploads\/sites\/126\/2026\/06\/sociale-1-edited-300x169.jpg 300w, https:\/\/icf.church\/ticino\/wp-content\/uploads\/sites\/126\/2026\/06\/sociale-1-edited-1024x576.jpg 1024w, https:\/\/icf.church\/ticino\/wp-content\/uploads\/sites\/126\/2026\/06\/sociale-1-edited-768x432.jpg 768w, https:\/\/icf.church\/ticino\/wp-content\/uploads\/sites\/126\/2026\/06\/sociale-1-edited-1536x864.jpg 1536w, https:\/\/icf.church\/ticino\/wp-content\/uploads\/sites\/126\/2026\/06\/sociale-1-edited-2048x1151.jpg 2048w\" sizes=\"(max-width: 2560px) 100vw, 2560px\" class=\"img-fluid w-100 h-100 rounded object-fit-cover\" style=\"object-position: center center\" \/>\n      <\/div>\n          <\/figure>\n    <\/div>\n\n\n<div class=\"has-context-height\">\n  <article id=\"block-11\" data-bs-theme=\"dark\" class=\"wp-block-yellowtree-container-card card has-context-height\">\n    <div class=\"card-body\">\n      <p id=\"block-2\" class=\"text-start wp-block-paragraph\">\n  <\/p>\n\n<h1 id=\"block-3\" class=\"h1 text-center\">\n  Sociale<\/h1>\n\n<p id=\"block-4\" class=\"text-center wp-block-paragraph\">\n  Il 10% di tutte le entrate e donazioni di ICF Ticino vengono date a persone bisognose,<\/p>\n\n<p id=\"block-5\" class=\"text-center wp-block-paragraph\">\n  investendo in progetti locali e globali.<\/p>\n\n\n<div class=\"has-context-height\">\n  <article id=\"block-10\" data-bs-theme=\"dark\" class=\"wp-block-yellowtree-container-card card has-context-height\">\n    <div class=\"card-body\">\n      <p id=\"block-6\" class=\"text-center wp-block-paragraph\">\n  \u201cEd il Re risponder\u00e0 loro: \u201cQuando lo avete fatto anche per l\u2019ultimo di questi miei fratelli, lo avete fatto per me!\u201d<\/p>\n\n<p id=\"block-7\" class=\"text-center wp-block-paragraph\">\n  <strong class=\"myprefix-text-bold\"> Matteo 25,40<\/strong><br><\/p>\n\n<p id=\"block-8\" class=\"text-center wp-block-paragraph\">\n  Il 5% di tutte le entrate e donazioni di ICF Ticino viene attribuito al fondo &#8220;Onelove\u201c.<\/p>\n\n<p id=\"block-9\" class=\"text-center wp-block-paragraph\">\n  I mezzi di questo fondo finanziano le seguenti prestazioni:<\/p>    <\/div>\n  <\/article>\n<\/div>    <\/div>\n  <\/article>\n<\/div>\n\n<p id=\"block-12\" class=\"mt-4 mb-4 text-start wp-block-paragraph\">\n  <\/p>\n\n\n<div id=\"block-16\" class=\"accordion\">\n  <body>\n\n<div id=\"block-15\" data-bs-theme=\"dark\" class=\"overflow-hidden wp-block-yellowtree-accordion-item\">\n  <div class=\"accordion-header\">\n    <button class=\"accordion-button rounded-0 collapsed focus-ring-inset\" type=\"button\" data-bs-toggle=\"collapse\" data-bs-target=\"#block-15-collapse\" aria-expanded=\"false\" aria-controls=\"block-15-collapse\">\n      <div>\n        <h3 class=\"mb-0\">\n          Cura d\u2019Anima e Consulenza        <\/h3>\n              <\/div>\n      <div class=\"ms-auto accordion-icons icon-container-base\">\n        <i class=\"icon fa-arrow-right accordion-icon-default\"><\/i>\n        <i class=\"icon fa-close accordion-icon-alt\"><\/i>\n      <\/div>\n    <\/button>\n  <\/div>\n  <div id=\"block-15-collapse\" class=\"accordion-collapse collapse \">\n    <div class=\"accordion-body pt-0\">\n      <p id=\"block-13\" class=\"text-start wp-block-paragraph\">\n  Vogliamo vedere persone cambiate e liberate, e crediamo che ogni persona ha il diritto<\/p>\n\n<p id=\"block-14\" class=\"text-start wp-block-paragraph\">\n  di ricevere aiuto quando \u00e8 in bisogno.<\/p>    <\/div>\n  <\/div>\n<\/div>\n<\/body><\/div>\n\n<p id=\"block-17\" class=\"mt-4 mb-4 text-start wp-block-paragraph\">\n  <\/p>\n\n\n<div id=\"block-20\" class=\"accordion\">\n  <body>\n\n<div id=\"block-19\" data-bs-theme=\"dark\" class=\"overflow-hidden wp-block-yellowtree-accordion-item\">\n  <div class=\"accordion-header\">\n    <button class=\"accordion-button rounded-0 collapsed focus-ring-inset\" type=\"button\" data-bs-toggle=\"collapse\" data-bs-target=\"#block-19-collapse\" aria-expanded=\"false\" aria-controls=\"block-19-collapse\">\n      <div>\n        <h3 class=\"mb-0\">\n          Aiuto pratico per persone in bisogno        <\/h3>\n              <\/div>\n      <div class=\"ms-auto accordion-icons icon-container-base\">\n        <i class=\"icon fa-arrow-right accordion-icon-default\"><\/i>\n        <i class=\"icon fa-close accordion-icon-alt\"><\/i>\n      <\/div>\n    <\/button>\n  <\/div>\n  <div id=\"block-19-collapse\" class=\"accordion-collapse collapse \">\n    <div class=\"accordion-body pt-0\">\n      <p id=\"block-18\" class=\"text-start wp-block-paragraph\">\n  Sostegno per persone in situazioni particolarmente difficili.<\/p>    <\/div>\n  <\/div>\n<\/div>\n<\/body><\/div>\n\n<p id=\"block-21\" class=\"mt-4 mb-4 text-start wp-block-paragraph\">\n  <\/p>\n\n\n<div id=\"block-24\" class=\"accordion\">\n  <body>\n\n<div id=\"block-23\" data-bs-theme=\"dark\" class=\"overflow-hidden wp-block-yellowtree-accordion-item\">\n  <div class=\"accordion-header\">\n    <button class=\"accordion-button rounded-0 collapsed focus-ring-inset\" type=\"button\" data-bs-toggle=\"collapse\" data-bs-target=\"#block-23-collapse\" aria-expanded=\"false\" aria-controls=\"block-23-collapse\">\n      <div>\n        <h3 class=\"mb-0\">\n          Matrimoni e Famiglie        <\/h3>\n              <\/div>\n      <div class=\"ms-auto accordion-icons icon-container-base\">\n        <i class=\"icon fa-arrow-right accordion-icon-default\"><\/i>\n        <i class=\"icon fa-close accordion-icon-alt\"><\/i>\n      <\/div>\n    <\/button>\n  <\/div>\n  <div id=\"block-23-collapse\" class=\"accordion-collapse collapse \">\n    <div class=\"accordion-body pt-0\">\n      <p id=\"block-22\" class=\"text-start wp-block-paragraph\">\n  Vogliamo essere un supporto per le famiglie e crediamo nelle iniziative che offrono spazi di consulenza, corsi ecc..<\/p>    <\/div>\n  <\/div>\n<\/div>\n<\/body><\/div>\n\n<p id=\"block-25\" class=\"mt-6 mb-6 text-start wp-block-paragraph\">\n  <\/p>\n\n<div id=\"block-28\" class=\"pt-2 pb-2 alignfull is-layout-constrained\">\n  <div>\n            <div class=\"row gx-4 gy-4 \">\n          \n\n<div id=\"block-27\" class=\"col wp-block-yellowtree-column col-12 d-flex flex-column with-streched-height-children align-items-stretch align-items-md-stretch\">\n  <div class=\"aligncenter mw-100\">\n      <figure id=\"block-26\">\n      <div class=\"img-wrap\" style=\"max-width:100%\">\n        <img decoding=\"async\" src=\"https:\/\/icf.church\/ticino\/wp-content\/uploads\/sites\/126\/2026\/04\/sociale1-1024x388.jpg\" alt=\"\" loading=\"lazy\" title=\"\" class=\"img-fluid w-100 h-100 rounded object-fit-cover\" style=\"object-position: center center\">\n      <\/div>\n          <\/figure>\n    <\/div><\/div>\n        <\/div>\n          <\/div>\n<\/div>\n\n\n<div class=\"has-context-height\">\n  <article id=\"block-44\" data-bs-theme=\"dark\" class=\"wp-block-yellowtree-container-card card has-context-height\">\n    <div class=\"card-body\">\n      <p id=\"block-29\" class=\"mt-4 mb-4 text-center wp-block-paragraph\">\n  <strong class=\"myprefix-text-bold\">PROGETTI LOCALI E GLOBALI<\/strong><\/p>\n\n<p id=\"block-30\" class=\"text-center wp-block-paragraph\">\n  Come chiesa ICF Ticino sosteniamo diversi progetti e organizzazioni<\/p>\n\n<p id=\"block-31\" class=\"text-center wp-block-paragraph\">\n  per dare un contributo a persone bisognose.<\/p>\n\n<p id=\"block-32\" class=\"text-center wp-block-paragraph\">\n  ICF Ticino investe per sostenere diverse organizzazioni sociali,<\/p>\n\n<p id=\"block-33\" class=\"text-center wp-block-paragraph\">\n  presenti in Ticino, Svizzera, Italia, ma anche in tutto il mondo.<\/p>\n\n\n<div class=\"has-context-height\">\n  <article id=\"block-43\" data-bs-theme=\"dark\" class=\"wp-block-yellowtree-container-card card has-context-height\">\n    <div class=\"card-body\">\n      <h2 id=\"block-34\" class=\"mt-4 mb-4 h2 text-center\">\n  PROGETTI CHE SOSTENIAMO<\/h2>\n\n<p id=\"block-35\" class=\"text-start wp-block-paragraph\">\n  <strong class=\"myprefix-text-bold\">Associazione MIA<\/strong><br>MIA \u00e8 un associazione missionaria cristiana che promuove attivit\u00e0 di sostegno, crescita e formazione missionaria. Dando voce ad attivit\u00e0 e associazioni a scopo missionario e promuovendo l\u2019impegno della missione a livello giovanile e non solo\u2026<\/p>\n\n\n  <div>\n    <a id=\"block-36\" href=\"https:\/\/missionariinazione.com\/\" rel=\"\" target=\"_blank\" class=\"wp-block-yellowtree-button-link btn btn-highlight btn-sm\">\n      <span>MIA<\/span>\n              <i class=\"icon fs-base-const fa-solid fa-arrow-right\" aria-hidden=\"true\"><\/i>\n          <\/a>\n  <\/div>\n\n\n<p id=\"block-37\" class=\"mt-2 mb-2 text-start wp-block-paragraph\">\n  <\/p>\n\n<p id=\"block-38\" class=\"text-start wp-block-paragraph\">\n  <strong class=\"myprefix-text-bold\">Fondazione DEMIAP<\/strong><br>La Fondazione DEMIAP, che si occupa di progetti di integrazione sociale per persone sole, in assistenza sociale o in invalidit\u00e0.<\/p>\n\n\n  <div>\n    <a id=\"block-39\" href=\"https:\/\/www.volontariato-ticino.ch\/Fondazione-DEMIAP-87364a00\" rel=\"\" target=\"_blank\" class=\"wp-block-yellowtree-button-link btn btn-highlight btn-sm\">\n      <span>DEMIAP<\/span>\n              <i class=\"icon fs-base-const fa-solid fa-arrow-right\" aria-hidden=\"true\"><\/i>\n          <\/a>\n  <\/div>\n\n\n<p id=\"block-40\" class=\"mt-2 mb-2 text-start wp-block-paragraph\">\n  <\/p>\n\n<p id=\"block-41\" class=\"text-start wp-block-paragraph\">\n  <strong class=\"myprefix-text-bold\">ACP Azione per i cristiani perseguitati<\/strong><br>L\u2019organizzazione ACP (Azione per i cristiani perseguitati e per i bisognosi) mensilmente.<\/p>\n\n\n  <div>\n    <a id=\"block-42\" href=\"http:\/\/acp-it.org\" rel=\"\" target=\"_blank\" class=\"wp-block-yellowtree-button-link btn btn-highlight btn-sm\">\n      <span>ACP<\/span>\n              <i class=\"icon fs-base-const fa-solid fa-arrow-right\" aria-hidden=\"true\"><\/i>\n          <\/a>\n  <\/div>    <\/div>\n  <\/article>\n<\/div>    <\/div>\n  <\/article>\n<\/div>","protected":false},"excerpt":{"rendered":"","protected":false},"author":154,"featured_media":1380,"parent":0,"menu_order":9,"comment_status":"closed","ping_status":"closed","template":"single-example","meta":{"_acf_changed":false,"_seopress_titles_title":"","_seopress_titles_desc":"","_seopress_robots_index":"","_seopress_robots_follow":"","_seopress_robots_imageindex":"","_seopress_robots_snippet":"","_seopress_robots_primary_cat":"","_seopress_robots_breadcrumbs":"","_seopress_robots_freeze_modified_date":"","_seopress_robots_custom_modified_date":"","_seopress_robots_canonical":"","_seopress_social_fb_title":"","_seopress_social_fb_desc":"","_seopress_social_fb_img":"","_seopress_social_fb_img_attachment_id":0,"_seopress_social_fb_img_width":0,"_seopress_social_fb_img_height":0,"_seopress_social_twitter_title":"","_seopress_social_twitter_desc":"","_seopress_social_twitter_img":"","_seopress_social_twitter_img_attachment_id":0,"_seopress_social_twitter_img_width":0,"_seopress_social_twitter_img_height":0,"_seopress_redirections_value":"","_seopress_redirections_enabled":"","_seopress_redirections_enabled_regex":"","_seopress_redirections_logged_status":"both","_seopress_redirections_param":"","_seopress_redirections_type":301,"_seopress_analysis_target_kw":"","_seopress_news_disabled":"","_seopress_video_disabled":"","_seopress_video":[{"url":"","title":"","desc":"","thumbnail":"","duration":"","rating":"","view_count":"","tag":""}],"_seopress_pro_schemas_manual":[],"_seopress_pro_rich_snippets_disable_all":"","_seopress_pro_rich_snippets_disable":[],"_seopress_pro_schemas":[],"yt_custom_styles_scss":"","yt_custom_styles_rounded_corners":false,"yt_custom_styles_color_scheme":"","footnotes":""},"class_list":["post-1377","page","type-page","status-publish","has-post-thumbnail","hentry"],"acf":[],"_links":{"self":[{"href":"https:\/\/icf.church\/ticino\/it\/wp-json\/wp\/v2\/pages\/1377","targetHints":{"allow":["GET"]}}],"collection":[{"href":"https:\/\/icf.church\/ticino\/it\/wp-json\/wp\/v2\/pages"}],"about":[{"href":"https:\/\/icf.church\/ticino\/it\/wp-json\/wp\/v2\/types\/page"}],"author":[{"embeddable":true,"href":"https:\/\/icf.church\/ticino\/it\/wp-json\/wp\/v2\/users\/154"}],"replies":[{"embeddable":true,"href":"https:\/\/icf.church\/ticino\/it\/wp-json\/wp\/v2\/comments?post=1377"}],"version-history":[{"count":30,"href":"https:\/\/icf.church\/ticino\/it\/wp-json\/wp\/v2\/pages\/1377\/revisions"}],"predecessor-version":[{"id":2040,"href":"https:\/\/icf.church\/ticino\/it\/wp-json\/wp\/v2\/pages\/1377\/revisions\/2040"}],"wp:featuredmedia":[{"embeddable":true,"href":"https:\/\/icf.church\/ticino\/it\/wp-json\/wp\/v2\/media\/1380"}],"wp:attachment":[{"href":"https:\/\/icf.church\/ticino\/it\/wp-json\/wp\/v2\/media?parent=1377"}],"curies":[{"name":"wp","href":"https:\/\/api.w.org\/{rel}","templated":true}]}}