{"id":1527,"date":"2026-04-11T15:46:46","date_gmt":"2026-04-11T13:46:19","guid":{"rendered":"https:\/\/new.icf.church\/ticino\/?page_id=1527"},"modified":"2026-08-22T15:16:47","modified_gmt":"2026-08-22T13:16:47","slug":"su-di-noi","status":"publish","type":"page","link":"https:\/\/icf.church\/ticino\/it\/su-di-noi\/","title":{"rendered":"Su di noi"},"content":{"rendered":"<h2 id=\"block-1\" class=\"mt-4 mb-4 h2 display-2 text-center\">\n  LA NOSTRA VISIONE<\/h2>\n\n<div class=\"aligncenter mw-100\">\n      <figure id=\"block-2\" class=\"is-style-default\">\n      <div class=\"img-wrap\" style=\"max-width:100%\">\n        <img decoding=\"async\" src=\"https:\/\/icf.church\/ticino\/wp-content\/uploads\/sites\/126\/2026\/06\/ticino-scaled.jpg\" alt=\"\" loading=\"lazy\" title=\"\" srcset=\"https:\/\/icf.church\/ticino\/wp-content\/uploads\/sites\/126\/2026\/06\/ticino-scaled.jpg 2560w, https:\/\/icf.church\/ticino\/wp-content\/uploads\/sites\/126\/2026\/06\/ticino-300x110.jpg 300w, https:\/\/icf.church\/ticino\/wp-content\/uploads\/sites\/126\/2026\/06\/ticino-1024x376.jpg 1024w, https:\/\/icf.church\/ticino\/wp-content\/uploads\/sites\/126\/2026\/06\/ticino-768x282.jpg 768w, https:\/\/icf.church\/ticino\/wp-content\/uploads\/sites\/126\/2026\/06\/ticino-1536x564.jpg 1536w, https:\/\/icf.church\/ticino\/wp-content\/uploads\/sites\/126\/2026\/06\/ticino-2048x752.jpg 2048w\" sizes=\"(max-width: 2560px) 100vw, 2560px\" class=\"img-fluid w-100 h-100 rounded object-fit-cover\" style=\"object-position: center center\" \/>\n      <\/div>\n          <\/figure>\n    <\/div>\n\n<h2 id=\"block-3\" class=\"mt-4 mb-4 h2 display-2 text-center\">\n  IL NOSTRO SOGNO<\/h2>\n\n<h1 id=\"block-4\" class=\"h1 text-center\">\n  Benvenuto nella famiglia ICF Ticino.<\/h1>\n\n<p id=\"block-5\" class=\"mt-4 text-center wp-block-paragraph\">\n  ICF \u00e8 la sigla di International Christian Fellowship (movimento cristiano internazionale).<br>Il nostro sogno \u00e8 quello di essere una chiesa al passo con i tempi: creativa, innovativa e<br>a volte anche un po\u2019 pazza!<br>Uno dei nostri principi \u00e8 che le persone non sono state create per la chiesa, ma la chiesa per le persone.<\/p>\n\n<p id=\"block-6\" class=\"text-center wp-block-paragraph\">\n  Di conseguenza il primo intento di ICF \u00e8 quello di esserci per te, come in una famiglia spinta dall\u2019amore.<br>Il nostro desiderio \u00e8 che tu possa sperimentare l\u2019amore e la potenza di Dio e ti senta accolto cos\u00ec come sei in questa realt\u00e0. Abbiamo a cuore che tu riesca a trovare nuovi amici per sentirti a casa all\u2019ICF Ticino.<br><\/p>\n\n<p id=\"block-7\" class=\"text-center wp-block-paragraph\">\n  Noi siamo curiosi di conoscerti.<\/p>\n\n<p id=\"block-8\" class=\"text-center wp-block-paragraph\">\n  <br>Se possiamo esserti d\u2019aiuto in qualche modo,<\/p>\n\n<p id=\"block-9\" class=\"text-center wp-block-paragraph\">\n  non esitare a farcelo sapere, faremo del nostro meglio!<br><\/p>\n\n<p id=\"block-10\" class=\"text-end wp-block-paragraph\">\n  Junia Albergati Pastore ICF Ticino.<\/p>\n\n<div id=\"block-16\" class=\"pt-6 pb-6 alignfull is-layout-constrained\">\n  <div>\n            <div class=\"row gx-4 gy-4 \">\n          \n\n<div id=\"block-12\" class=\"col wp-block-yellowtree-column col-12 col-md-6 col-lg-7 d-flex flex-column with-streched-height-children align-items-stretch align-items-md-stretch\">\n  <figure class=\"wp-embed-aspect-16-9 wp-has-aspect-ratio wp-block-embed has-context-height is-provider-youtube is-type-video\">\n  <div class=\"ratio\" style=\"--bs-aspect-ratio:56.25%\">\n          <div class=\"media-defer rounded overflow-hidden bg-black\" data-defer-target=\"iframe\" data-defer-url=\"https:\/\/www.youtube.com\/embed\/Qd1l9x0QvLU?feature=oembed&amp;autoplay=1&amp;iv_load_policy=3&amp;rel=0&amp;dnt=0\" data-consent-required=\"marketing\">\n\n        <div class=\"media-defer__content h-100\" style=\"display: none;\">\n          <iframe width=\"500\" height=\"281\" frameborder=\"0\" allow=\"accelerometer; autoplay; clipboard-write; encrypted-media; gyroscope; picture-in-picture; web-share\" referrerpolicy=\"strict-origin-when-cross-origin\" allowfullscreen title=\"ICF Ticino  04.01.2026 &quot; Parola dell&#39;Anno 2026 &quot;\"><\/iframe>        <\/div>\n\n        <div class=\"media-defer__placeholder h-100 position-relative\">\n          <img decoding=\"async\" class=\"video-thumbnail w-100 h-100 object-fit-cover\" src=\"https:\/\/icf.church\/ticino\/wp-content\/uploads\/sites\/126\/youtube-thumbs\/Qd1l9x0QvLU-hqdefault.jpg\" srcset=\"https:\/\/icf.church\/ticino\/wp-content\/uploads\/sites\/126\/youtube-thumbs\/Qd1l9x0QvLU-maxresdefault.jpg 1280w, https:\/\/icf.church\/ticino\/wp-content\/uploads\/sites\/126\/youtube-thumbs\/Qd1l9x0QvLU-hqdefault.jpg 480w, https:\/\/icf.church\/ticino\/wp-content\/uploads\/sites\/126\/youtube-thumbs\/Qd1l9x0QvLU-sddefault.jpg 640w\" sizes=\"(max-width: 2560px) 100vw, 2560px\" alt=\"ICF Ticino  04.01.2026 &quot; Parola dell&#039;Anno 2026 &quot;\" draggable=\"false\" loading=\"lazy\">\n\n          <button class=\"video-toggle show\" type=\"button\" aria-label=\"Riproduci contenuto\">\n          <\/button>\n\n                      <img decoding=\"async\" class=\"position-absolute end-0 bottom-0 video-provider-image\" src=\"https:\/\/icf.church\/ticino\/wp-content\/themes\/icf\/assets\/youtube-type-logo.svg\" alt=\"YouTube\" loading=\"lazy\">\n          \n          <div data-consent=\"marketing\" data-inverse class=\"position-absolute bottom-0 start-0 end-0 p-3 text-white bg-black bg-opacity-50 text-center\">\n            <p class=\"mb-0 small\">\n              \ud83c\udfa5 Cliccando, verranno caricati contenuti da Youtube. Consenti i cookie per marketing. Maggiori informazioni nel nostro <a href=\"https:\/\/icf.church\/ticino\/it\/privacy-policy\/\" class=\"text-white\">Informativa sulla privacy<\/a>.            <\/p>\n          <\/div>\n        <\/div>\n      <\/div>\n      <\/div>\n\n  <\/figure><\/div>\n\n\n<div id=\"block-15\" class=\"gap-4 col wp-block-yellowtree-column col-12 col-md-6 col-lg-5 d-flex flex-column with-streched-height-children align-items-stretch align-items-md-stretch\">\n  <div class=\"has-context-height\">\n  <article id=\"block-14\" data-bs-theme=\"dark\" class=\"wp-block-yellowtree-container-card card has-context-height\">\n    <div class=\"card-body\">\n      <h2 id=\"block-13\" class=\"h2 text-start\">\n  La nostra parola dell&#8217;anno 2026<\/h2>    <\/div>\n  <\/article>\n<\/div><\/div>\n        <\/div>\n          <\/div>\n<\/div>\n\n\n<div class=\"has-context-height\">\n  <article id=\"block-25\" data-bs-theme=\"dark\" class=\"wp-block-yellowtree-container-card card has-context-height\">\n    <div class=\"card-body\">\n      <p id=\"block-17\" class=\"fs-lg text-center wp-block-paragraph\">\n  Il nostro pi\u00f9 grande desiderio \u00e8 vivere una chiesa <br>in cui Ges\u00f9 \u00e8 al centro.<\/p>\n\n<p id=\"block-18\" class=\"text-center wp-block-paragraph\">\n  \u00c8 solo LUI in grado di raggiungere ogni storia e agire con infinito amore affinch\u00e9 vite possono essere cambiate. Vogliamo festeggiarlo per questo e vivere sempre di pi\u00f9 nella sua presenza. Con gioia scegliamo di seguirlo e conoscerLo per ci\u00f2 che Lui \u00e8 in tutte le sue sfaccettature.<\/p>\n\n<p id=\"block-19\" class=\"text-center wp-block-paragraph\">\n  Desideriamo vivere con quell\u2019amore che Ges\u00f9 ha riversato su di noi, vogliamo sempre di pi\u00f9 assomigliare a Lui ed essere il riflesso di un amore che agisce con compassione per i bisogni che in questa societ\u00e0 diventano sempre pi\u00f9 evidenti.<br>Desideriamo essere generosi e disponibili ad ascoltare affinch\u00e9 sempre pi\u00f9 persone possano vivere l\u2019incontro con coLui che ha cambiato le nostre vite.<\/p>\n\n<p id=\"block-20\" class=\"text-center wp-block-paragraph\">\n  Siamo una chiesa aperta a tutti, non importa da dove arrivi e cosa hai vissuto, qui puoi sempre sentirti a casa!<\/p>\n\n<p id=\"block-21\" class=\"text-center wp-block-paragraph\">\n  Il nostro desiderio \u00e8 quello di vedere una chiesa che da il suo meglio per Dio. Con questa attitudine vogliamo essere un\u2019influenza positiva e una risposta per chi ci sta intorno.<\/p>\n\n<p id=\"block-22\" class=\"text-center wp-block-paragraph\">\n  Il nostro scopo \u00e8 sperimentare una continua crescita con Lui e fare in modo che ogni persona si senta accompagnata in ogni suo processo, per questo viviamo con gioia tutte le occasioni di gruppo quali: smallgroup e raduni settimanali che, oltre all\u2019incontro domenicale, ci permettono di condividere sempre di pi\u00f9.<\/p>\n\n<p id=\"block-23\" class=\"text-center wp-block-paragraph\">\n  Amiamo vedere sempre pi\u00f9 persone vicine al cuore di Dio e sceglierlo per la propria vita.<\/p>\n\n<p id=\"block-24\" class=\"mt-2 mb-2 text-end wp-block-paragraph\">\n  (Ispirato ad Atti deli Apostoli 2:42-47)<\/p>    <\/div>\n  <\/article>\n<\/div>\n\n\n<div id=\"block-32\" class=\"wp-block-yellowtree-vision alignfull\">\n    <div class=\"vision-wrapper position-relative z-0\">\n        <div class=\"is-layout-constrained\">\n            <div class=\"position-relative\">\n                <div class=\"d-flex justify-content-center align-items-center\">\n                    <div class=\"vision-gradient w-100\"><\/div>\n                <\/div>\n                                    <div class=\"position-absolute start-50 top-50 translate-middle mw-100\" style=\"width: 40rem;\">\n                        <h3 class=\"display-3 text-center px-2 text-black mb-0\">I Nostri Valori<\/h3>\n                    <\/div>\n                                <ul class=\"list-unstyled position-absolute start-50 top-50 w-50 h-50\">\n                    <li id=\"block-26\" class=\"wp-block-yellowtree-vision-item vision-item text-black\">\n    <button class=\"btn vision-button text-black has-pulse\" type=\"button\" aria-label=\"Mostra altro\" data-bs-toggle=\"modal\" data-bs-target=\"#block-26-card\">\n        <i class=\"icon vision-icon fa-solid fa-party-horn\" aria-hidden=\"true\"><\/i>\n    <\/button>\n    <div id=\"block-26-card\" tabindex=\"-1\" class=\"modal fade vision-modal position-absolute start-0 top-0\" style=\"display: none;\" data-bs-backdrop=\"false\">\n        <div class=\"modal-dialog\">\n            <article class=\"card vision-card\" data-bs-theme=\"dark\">\n                <button class=\"vision-card-close btn-close-fa position-absolute end-0 top-0 mt-1 me-1\" type=\"button\" data-bs-dismiss=\"modal\" aria-label=\"Chiudi scheda visione\"><\/button>\n                <div class=\"card-body p-3\">\n                    <div class=\"mt-7 mb-4 text-center\">\n                        <i class=\"icon vision-card-icon fa-solid fa-party-horn\" aria-hidden=\"true\"><\/i>\n                    <\/div>\n                    <p class=\"fs-sm-const mt-auto\">\n                        ENTUSIASTI\nSappiamo che la gioia del Signore \u00e8 la nostra forza                    <\/p>\n                <\/div>\n            <\/article>\n        <\/div>\n    <\/div>\n<\/li>\n\n\n<li id=\"block-27\" class=\"wp-block-yellowtree-vision-item vision-item text-black\">\n    <button class=\"btn vision-button text-black has-pulse\" type=\"button\" aria-label=\"Mostra altro\" data-bs-toggle=\"modal\" data-bs-target=\"#block-27-card\">\n        <i class=\"icon vision-icon fa-solid fa-house\" aria-hidden=\"true\"><\/i>\n    <\/button>\n    <div id=\"block-27-card\" tabindex=\"-1\" class=\"modal fade vision-modal position-absolute start-0 top-0\" style=\"display: none;\" data-bs-backdrop=\"false\">\n        <div class=\"modal-dialog\">\n            <article class=\"card vision-card\" data-bs-theme=\"dark\">\n                <button class=\"vision-card-close btn-close-fa position-absolute end-0 top-0 mt-1 me-1\" type=\"button\" data-bs-dismiss=\"modal\" aria-label=\"Chiudi scheda visione\"><\/button>\n                <div class=\"card-body p-3\">\n                    <div class=\"mt-7 mb-4 text-center\">\n                        <i class=\"icon vision-card-icon fa-solid fa-house\" aria-hidden=\"true\"><\/i>\n                    <\/div>\n                    <p class=\"fs-sm-const mt-auto\">\n                        OSPITALI\nVogliamo creare un\u2019atmosfera accogliente come per sentirsi a casa                    <\/p>\n                <\/div>\n            <\/article>\n        <\/div>\n    <\/div>\n<\/li>\n\n\n<li id=\"block-28\" class=\"wp-block-yellowtree-vision-item vision-item text-black\">\n    <button class=\"btn vision-button text-black has-pulse\" type=\"button\" aria-label=\"Mostra altro\" data-bs-toggle=\"modal\" data-bs-target=\"#block-28-card\">\n        <i class=\"icon vision-icon fa-solid fa-face-smile-hearts\" aria-hidden=\"true\"><\/i>\n    <\/button>\n    <div id=\"block-28-card\" tabindex=\"-1\" class=\"modal fade vision-modal position-absolute start-0 top-0\" style=\"display: none;\" data-bs-backdrop=\"false\">\n        <div class=\"modal-dialog\">\n            <article class=\"card vision-card\" data-bs-theme=\"dark\">\n                <button class=\"vision-card-close btn-close-fa position-absolute end-0 top-0 mt-1 me-1\" type=\"button\" data-bs-dismiss=\"modal\" aria-label=\"Chiudi scheda visione\"><\/button>\n                <div class=\"card-body p-3\">\n                    <div class=\"mt-7 mb-4 text-center\">\n                        <i class=\"icon vision-card-icon fa-solid fa-face-smile-hearts\" aria-hidden=\"true\"><\/i>\n                    <\/div>\n                    <p class=\"fs-sm-const mt-auto\">\n                        AUTENTICO\nVogliamo fare quello che diciamo                    <\/p>\n                <\/div>\n            <\/article>\n        <\/div>\n    <\/div>\n<\/li>\n\n\n<li id=\"block-29\" class=\"wp-block-yellowtree-vision-item vision-item text-black\">\n    <button class=\"btn vision-button text-black has-pulse\" type=\"button\" aria-label=\"Mostra altro\" data-bs-toggle=\"modal\" data-bs-target=\"#block-29-card\">\n        <i class=\"icon vision-icon fa-solid fa-rocket-launch\" aria-hidden=\"true\"><\/i>\n    <\/button>\n    <div id=\"block-29-card\" tabindex=\"-1\" class=\"modal fade vision-modal position-absolute start-0 top-0\" style=\"display: none;\" data-bs-backdrop=\"false\">\n        <div class=\"modal-dialog\">\n            <article class=\"card vision-card\" data-bs-theme=\"dark\">\n                <button class=\"vision-card-close btn-close-fa position-absolute end-0 top-0 mt-1 me-1\" type=\"button\" data-bs-dismiss=\"modal\" aria-label=\"Chiudi scheda visione\"><\/button>\n                <div class=\"card-body p-3\">\n                    <div class=\"mt-7 mb-4 text-center\">\n                        <i class=\"icon vision-card-icon fa-solid fa-rocket-launch\" aria-hidden=\"true\"><\/i>\n                    <\/div>\n                    <p class=\"fs-sm-const mt-auto\">\n                        RILEVANTI\nVogliamo essere al passo con i tempi e trovare soluzioni adatte                    <\/p>\n                <\/div>\n            <\/article>\n        <\/div>\n    <\/div>\n<\/li>\n\n\n<li id=\"block-30\" class=\"wp-block-yellowtree-vision-item vision-item text-black\">\n    <button class=\"btn vision-button text-black has-pulse\" type=\"button\" aria-label=\"Mostra altro\" data-bs-toggle=\"modal\" data-bs-target=\"#block-30-card\">\n        <i class=\"icon vision-icon fa-solid fa-hand-heart\" aria-hidden=\"true\"><\/i>\n    <\/button>\n    <div id=\"block-30-card\" tabindex=\"-1\" class=\"modal fade vision-modal position-absolute start-0 top-0\" style=\"display: none;\" data-bs-backdrop=\"false\">\n        <div class=\"modal-dialog\">\n            <article class=\"card vision-card\" data-bs-theme=\"dark\">\n                <button class=\"vision-card-close btn-close-fa position-absolute end-0 top-0 mt-1 me-1\" type=\"button\" data-bs-dismiss=\"modal\" aria-label=\"Chiudi scheda visione\"><\/button>\n                <div class=\"card-body p-3\">\n                    <div class=\"mt-7 mb-4 text-center\">\n                        <i class=\"icon vision-card-icon fa-solid fa-hand-heart\" aria-hidden=\"true\"><\/i>\n                    <\/div>\n                    <p class=\"fs-sm-const mt-auto\">\n                        ENTUSIASTI\nSappiamo che la gioia del Signore e\u0300 la nostra forza                    <\/p>\n                <\/div>\n            <\/article>\n        <\/div>\n    <\/div>\n<\/li>\n\n\n<li id=\"block-31\" class=\"wp-block-yellowtree-vision-item vision-item text-black\">\n    <button class=\"btn vision-button text-black has-pulse\" type=\"button\" aria-label=\"Mostra altro\" data-bs-toggle=\"modal\" data-bs-target=\"#block-31-card\">\n        <i class=\"icon vision-icon fa-solid fa-heart\" aria-hidden=\"true\"><\/i>\n    <\/button>\n    <div id=\"block-31-card\" tabindex=\"-1\" class=\"modal fade vision-modal position-absolute start-0 top-0\" style=\"display: none;\" data-bs-backdrop=\"false\">\n        <div class=\"modal-dialog\">\n            <article class=\"card vision-card\" data-bs-theme=\"dark\">\n                <button class=\"vision-card-close btn-close-fa position-absolute end-0 top-0 mt-1 me-1\" type=\"button\" data-bs-dismiss=\"modal\" aria-label=\"Chiudi scheda visione\"><\/button>\n                <div class=\"card-body p-3\">\n                    <div class=\"mt-7 mb-4 text-center\">\n                        <i class=\"icon vision-card-icon fa-solid fa-heart\" aria-hidden=\"true\"><\/i>\n                    <\/div>\n                    <p class=\"fs-sm-const mt-auto\">\n                        ECCELLENTI\nVogliamo dare il nostro meglio a Dio                    <\/p>\n                <\/div>\n            <\/article>\n        <\/div>\n    <\/div>\n<\/li>                <\/ul>\n            <\/div>\n        <\/div>\n        <div class=\"vision-backdrop\" style=\"display: none;\"><\/div>\n    <\/div>\n<\/div>\n\n\n<div class=\"has-context-height\">\n  <article id=\"block-50\" data-bs-theme=\"dark\" class=\"wp-block-yellowtree-container-card card has-context-height\">\n    <div class=\"card-body\">\n      <p id=\"block-33\" class=\"text-center wp-block-paragraph\">\n  <strong>1.AUTENTICO<\/strong><\/p>\n\n<p id=\"block-34\" class=\"text-center wp-block-paragraph\">\n  Vogliamo fare quello che diciamo<\/p>\n\n<p id=\"block-35\" class=\"text-center wp-block-paragraph\">\n  <strong>2. RILEVANTI<\/strong><\/p>\n\n<p id=\"block-36\" class=\"text-center wp-block-paragraph\">\n  Vogliamo essere al passo con i tempi e trovare soluzioni adatte<\/p>\n\n<p id=\"block-37\" class=\"text-center wp-block-paragraph\">\n  <strong>3.ECCELLENTI<\/strong><\/p>\n\n<p id=\"block-38\" class=\"text-center wp-block-paragraph\">\n  Vogliamo dare il nostro meglio a Dio<\/p>\n\n<p id=\"block-39\" class=\"text-center wp-block-paragraph\">\n  <strong>4.OSPITALI<\/strong><\/p>\n\n<p id=\"block-40\" class=\"text-center wp-block-paragraph\">\n  Vogliamo creare un\u2019atmosfera accogliente come per sentirsi a casa<\/p>\n\n<p id=\"block-41\" class=\"text-center wp-block-paragraph\">\n  <strong>5.ENTUSIASTI<\/strong><\/p>\n\n<p id=\"block-42\" class=\"text-center wp-block-paragraph\">\n  Sappiamo che la gioia del Signore \u00e8 la nostra forza<\/p>\n\n<p id=\"block-43\" class=\"text-center wp-block-paragraph\">\n  <strong>6.GENEROSI<\/strong><\/p>\n\n<p id=\"block-44\" class=\"text-center wp-block-paragraph\">\n  Siano benedetti per essere di benedizione<\/p>\n\n<div id=\"werte-2\" class=\"pt-8 pb-2 alignfull is-layout-constrained\">\n  <div>\n            <div class=\"row gx-4 gy-4 \">\n          \n\n<div id=\"werte-2\" class=\"col wp-block-yellowtree-column col-12 d-flex flex-column with-streched-height-children align-items-stretch align-items-md-stretch\">\n  <h3 id=\"werte\" class=\"h3 display-3 text-center\" style=\"margin-top:0;margin-bottom:0\">\n  LE 4 C PER ICF TICINO<\/h3>\n\n<p id=\"block-45\" class=\"mt-2 mb-2 text-center wp-block-paragraph\">\n  <strong>&nbsp;C<\/strong>OMUNIONE<\/p>\n\n<p id=\"block-46\" class=\"text-center wp-block-paragraph\">\n  <strong>C<\/strong>ONDIVSIONE<\/p>\n\n<p id=\"block-47\" class=\"text-center wp-block-paragraph\">\n  <strong>C<\/strong>RESCITA<\/p>\n\n<p id=\"block-48\" class=\"text-center wp-block-paragraph\">\n  <strong>C<\/strong>URA<\/p>\n\n<h5 id=\"block-49\" class=\"h5 text-center\">\n  Che Dio ci aiuti a vivere con fede, passione ed esempio.<\/h5><\/div>\n        <\/div>\n          <\/div>\n<\/div>    <\/div>\n  <\/article>\n<\/div>\n\n\n<div class=\"has-context-height\">\n  <article id=\"block-55\" data-bs-theme=\"dark\" class=\"wp-block-yellowtree-container-card card has-context-height\">\n    <div class=\"card-body\">\n      <h1 id=\"block-51\" class=\"h1 text-center\">\n  Contatta &amp; Feedback.<\/h1>\n\n<div id=\"block-54\" class=\"pt-2 pb-2 alignfull is-layout-constrained\">\n  <div>\n            <div class=\"row gx-4 gy-4 \">\n          \n\n<div id=\"block-53\" class=\"col wp-block-yellowtree-column col-12 d-flex flex-column justify-content-center align-items-center align-items-md-center\">\n  <div>\n    <a id=\"block-52\" href=\"https:\/\/icf.church\/ticino\/it\/contatta\/\" rel=\"\" target=\"_blank\" class=\"wp-block-yellowtree-button-link btn btn-action-2\">\n      <span>Clicca Qui<\/span>\n              <i class=\"icon fs-base-const fa-solid fa-comments\" aria-hidden=\"true\"><\/i>\n          <\/a>\n  <\/div><\/div>\n        <\/div>\n          <\/div>\n<\/div>    <\/div>\n  <\/article>\n<\/div>","protected":false},"excerpt":{"rendered":"<p>Il nostro piu\u0300 grande desiderio e\u0300 vivere una chiesa in cui Gesu\u0300 e\u0300 al centro.<\/p>\n","protected":false},"author":154,"featured_media":2054,"parent":0,"menu_order":0,"comment_status":"closed","ping_status":"closed","template":"single-example","meta":{"_acf_changed":false,"_seopress_titles_title":"","_seopress_titles_desc":"","_seopress_robots_index":"","_seopress_robots_follow":"","_seopress_robots_imageindex":"","_seopress_robots_snippet":"","_seopress_robots_primary_cat":"","_seopress_robots_breadcrumbs":"","_seopress_robots_freeze_modified_date":"","_seopress_robots_custom_modified_date":"","_seopress_robots_canonical":"","_seopress_social_fb_title":"","_seopress_social_fb_desc":"","_seopress_social_fb_img":"","_seopress_social_fb_img_attachment_id":0,"_seopress_social_fb_img_width":0,"_seopress_social_fb_img_height":0,"_seopress_social_twitter_title":"","_seopress_social_twitter_desc":"","_seopress_social_twitter_img":"","_seopress_social_twitter_img_attachment_id":0,"_seopress_social_twitter_img_width":0,"_seopress_social_twitter_img_height":0,"_seopress_redirections_value":"","_seopress_redirections_enabled":"","_seopress_redirections_enabled_regex":"","_seopress_redirections_logged_status":"both","_seopress_redirections_param":"","_seopress_redirections_type":301,"_seopress_analysis_target_kw":"","_seopress_news_disabled":"","_seopress_video_disabled":"","_seopress_video":[{"url":"","title":"","desc":"","thumbnail":"","duration":"","rating":"","view_count":"","tag":""}],"_seopress_pro_schemas_manual":[],"_seopress_pro_rich_snippets_disable_all":"","_seopress_pro_rich_snippets_disable":[],"_seopress_pro_schemas":[],"yt_custom_styles_scss":"","yt_custom_styles_rounded_corners":false,"yt_custom_styles_color_scheme":"","footnotes":""},"class_list":["post-1527","page","type-page","status-publish","has-post-thumbnail","hentry"],"acf":[],"_links":{"self":[{"href":"https:\/\/icf.church\/ticino\/it\/wp-json\/wp\/v2\/pages\/1527","targetHints":{"allow":["GET"]}}],"collection":[{"href":"https:\/\/icf.church\/ticino\/it\/wp-json\/wp\/v2\/pages"}],"about":[{"href":"https:\/\/icf.church\/ticino\/it\/wp-json\/wp\/v2\/types\/page"}],"author":[{"embeddable":true,"href":"https:\/\/icf.church\/ticino\/it\/wp-json\/wp\/v2\/users\/154"}],"replies":[{"embeddable":true,"href":"https:\/\/icf.church\/ticino\/it\/wp-json\/wp\/v2\/comments?post=1527"}],"version-history":[{"count":30,"href":"https:\/\/icf.church\/ticino\/it\/wp-json\/wp\/v2\/pages\/1527\/revisions"}],"predecessor-version":[{"id":2055,"href":"https:\/\/icf.church\/ticino\/it\/wp-json\/wp\/v2\/pages\/1527\/revisions\/2055"}],"wp:featuredmedia":[{"embeddable":true,"href":"https:\/\/icf.church\/ticino\/it\/wp-json\/wp\/v2\/media\/2054"}],"wp:attachment":[{"href":"https:\/\/icf.church\/ticino\/it\/wp-json\/wp\/v2\/media?parent=1527"}],"curies":[{"name":"wp","href":"https:\/\/api.w.org\/{rel}","templated":true}]}}