{"id":1627,"date":"2026-05-08T16:02:24","date_gmt":"2026-05-08T14:02:18","guid":{"rendered":"https:\/\/new.icf.church\/ticino\/?page_id=1627"},"modified":"2026-08-26T16:36:13","modified_gmt":"2026-08-26T14:36:13","slug":"privacy-policy","status":"publish","type":"page","link":"https:\/\/icf.church\/ticino\/it\/privacy-policy\/","title":{"rendered":"Privacy-policy"},"content":{"rendered":"<h1 id=\"block-1\" class=\"mb-7 h1 text-start\">\n  Politica sulla riservatezza<\/h1>\n\n<p id=\"block-2\" class=\"fs-lg text-start wp-block-paragraph\">\n  <strong class=\"myprefix-text-bold\">1.<\/strong> <a style=\"font-weight: bold\" href=\"https:\/\/icf.church\/ticino\/it\/privacy-policy\/#einleitung\">Introduzione e organismo responsabile<\/a><\/p>\n\n\n<ul style=\"margin-right:var(--wp--preset--spacing--6);margin-left:var(--wp--preset--spacing--6)\" class=\"wp-block-list\">\n<li>Operatore del sito web<\/li>\n\n\n\n<li>Responsabile dell&#8217;elaborazione di contenuti e dati<\/li>\n\n\n\n<li>Responsabile della protezione dei dati<\/li>\n\n\n\n<li>Chi \u00e8 il Movimento ICF?<\/li>\n\n\n\n<li>Base giuridica<\/li>\n<\/ul>\n\n\n<p id=\"block-3\" class=\"fs-lg text-start wp-block-paragraph\">\n  <strong>2.&nbsp;<a href=\"https:\/\/icf.church\/ticino\/it\/privacy-policy\/#datenverarbeitung\">Principi di elaborazione dei dati<\/a><\/strong><\/p>\n\n\n<ul style=\"margin-right:var(--wp--preset--spacing--6);margin-left:var(--wp--preset--spacing--6);padding-top:var(--wp--preset--spacing--4);padding-right:var(--wp--preset--spacing--4);padding-bottom:var(--wp--preset--spacing--4);padding-left:var(--wp--preset--spacing--4)\" class=\"wp-block-list\">\n<li>\u2705 Trasparenza<\/li>\n\n\n\n<li>\ud83c\udfaf Scopo designato<\/li>\n\n\n\n<li>\u2796 Minimizzazione dei dati<\/li>\n\n\n\n<li>\ud83d\udd10 Sicurezza<\/li>\n\n\n\n<li>\ud83d\udd50 Limite di memoria<\/li>\n\n\n\n<li>\ud83c\udf0d Legalit\u00e0<\/li>\n<\/ul>\n\n\n<p id=\"block-4\" class=\"fs-lg text-start wp-block-paragraph\">\n  3.&nbsp;<a href=\"https:\/\/icf.church\/ticino\/it\/privacy-policy\/#erhebung\"><strong>Raccolta e utilizzo dei dati personali<\/strong><\/a><\/p>\n\n\n<ul style=\"margin-right:var(--wp--preset--spacing--6);margin-left:var(--wp--preset--spacing--6);padding-top:var(--wp--preset--spacing--4);padding-right:var(--wp--preset--spacing--4);padding-bottom:var(--wp--preset--spacing--4);padding-left:var(--wp--preset--spacing--4)\" class=\"wp-block-list\">\n<li>\ud83d\udcec Contatti e moduli<\/li>\n\n\n\n<li>\ud83d\udc8c Newsletter e comunicazioni<\/li>\n\n\n\n<li>\ud83d\udcb3 Donazioni<\/li>\n\n\n\n<li>\ud83d\udcc8 Utilizzo e monitoraggio del sito web<\/li>\n\n\n\n<li>\ud83d\udcbb Log del server e sicurezza IT<\/li>\n<\/ul>\n\n\n<p id=\"block-5\" class=\"fs-lg text-start wp-block-paragraph\">\n  <strong>4.&nbsp;<a href=\"https:\/\/icf.church\/ticino\/it\/privacy-policy\/#cookies\">Utilizzo di cookie e tecnologie di tracciamento<\/a><\/strong><\/p>\n\n\n<ul style=\"margin-right:var(--wp--preset--spacing--6);margin-left:var(--wp--preset--spacing--6);padding-top:var(--wp--preset--spacing--4);padding-right:var(--wp--preset--spacing--4);padding-bottom:var(--wp--preset--spacing--4);padding-left:var(--wp--preset--spacing--4)\" class=\"wp-block-list\">\n<li>\ud83c\udf6a Cosa sono i biscotti?<\/li>\n\n\n\n<li>\ud83c\udf6a Gestione del consenso (CookieHub)<\/li>\n\n\n\n<li>\u2699\ufe0f Cookie basati sul consenso<\/li>\n\n\n\n<li>\ud83d\udee0 Gestito tramite Google Tag Manager<\/li>\n<\/ul>\n\n\n<p id=\"block-6\" class=\"fs-lg text-start wp-block-paragraph\">\n  <strong>5.&nbsp;<a href=\"https:\/\/icf.church\/ticino\/it\/privacy-policy\/#tools\">Strumenti e fornitori terzi utilizzati<\/a><\/strong><\/p>\n\n\n<ul style=\"margin-right:var(--wp--preset--spacing--6);margin-left:var(--wp--preset--spacing--6);padding-top:var(--wp--preset--spacing--4);padding-right:var(--wp--preset--spacing--4);padding-bottom:var(--wp--preset--spacing--4);padding-left:var(--wp--preset--spacing--4)\" class=\"wp-block-list\">\n<li>\ud83d\udcc8 Strumenti di analisi e valutazione delle prestazioni<\/li>\n\n\n\n<li>\ud83d\udccb Moduli, newsletter e comunicazioni<\/li>\n\n\n\n<li>\ud83c\udfa5 Integrazioni multimediali<\/li>\n\n\n\n<li>\u2699\ufe0f Altri strumenti<\/li>\n<\/ul>\n\n\n<p id=\"block-7\" class=\"fs-lg text-start wp-block-paragraph\">\n  <strong>6.&nbsp;<a href=\"https:\/\/icf.church\/ticino\/it\/privacy-policy\/#deinerechte\">I tuoi diritti<\/a><\/strong><\/p>\n\n\n<ul style=\"margin-right:var(--wp--preset--spacing--6);margin-left:var(--wp--preset--spacing--6);padding-top:var(--wp--preset--spacing--4);padding-right:var(--wp--preset--spacing--4);padding-bottom:var(--wp--preset--spacing--4);padding-left:var(--wp--preset--spacing--4)\" class=\"wp-block-list\">\n<li>\ud83d\udccb Diritto all&#8217;informazione<\/li>\n\n\n\n<li>\u270f\ufe0f Diritto di rettifica<\/li>\n\n\n\n<li>\u274c Diritto alla cancellazione<\/li>\n\n\n\n<li>\ud83e\uddef Diritto di limitazione<\/li>\n\n\n\n<li>\ud83d\udeab Diritto di opposizione<\/li>\n\n\n\n<li>\ud83d\udce4 Diritto alla portabilit\u00e0 dei dati<\/li>\n\n\n\n<li>\ud83d\uded1 Diritto di revocare il consenso<\/li>\n\n\n\n<li>\ud83e\uddd1\u200d\u2696\ufe0f Diritto di presentare un reclamo a un&#8217;autorit\u00e0 di controllo<\/li>\n<\/ul>\n\n\n<p id=\"block-8\" class=\"fs-lg text-start wp-block-paragraph\">\n  <strong>7.&nbsp;<a href=\"https:\/\/icf.church\/ticino\/it\/privacy-policy\/#datenweitergabe\">Trasferimento dati ed elaborazione degli ordini<\/a><\/strong><\/p>\n\n\n<ul style=\"padding-right:var(--wp--preset--spacing--4);padding-left:var(--wp--preset--spacing--4)\" class=\"wp-block-list\">\n<li>\ud83e\udd1d Collaborazione con i fornitori di servizi (elaborazione dati)<\/li>\n\n\n\n<li>\ud83c\udf0d Trasferimento verso paesi terzi<\/li>\n<\/ul>\n\n\n<p id=\"block-9\" class=\"fs-lg text-start wp-block-paragraph\">\n  <strong>8.&nbsp;<a href=\"https:\/\/icf.church\/ticino\/it\/privacy-policy\/#speicherdauer\">Durata di conservazione<\/a><\/strong><\/p>\n\n\n<ul style=\"padding-top:var(--wp--preset--spacing--4);padding-right:var(--wp--preset--spacing--4);padding-bottom:var(--wp--preset--spacing--4);padding-left:var(--wp--preset--spacing--4)\" class=\"wp-block-list\">\n<li>\ud83d\udd04 Principi generali<\/li>\n\n\n\n<li>\ud83d\udccc Cosa significa questo per te?<\/li>\n<\/ul>\n\n\n<p id=\"block-10\" class=\"fs-lg text-start wp-block-paragraph\">\n  <strong>9.&nbsp;<a href=\"https:\/\/icf.church\/ticino\/it\/privacy-policy\/#daten%C3%BCbermittlung\">Trasferimento internazionale dei dati<\/a><\/strong><\/p>\n\n\n<ul style=\"margin-right:var(--wp--preset--spacing--6);margin-left:var(--wp--preset--spacing--6);padding-top:var(--wp--preset--spacing--4);padding-right:var(--wp--preset--spacing--4);padding-bottom:var(--wp--preset--spacing--4);padding-left:var(--wp--preset--spacing--4)\" class=\"wp-block-list\">\n<li>\ud83c\udf0d Cosa significa esattamente?<\/li>\n\n\n\n<li>\ud83c\uddfa\ud83c\uddf8 Esempio: USA<\/li>\n<\/ul>\n\n\n<p id=\"block-11\" class=\"fs-lg text-start wp-block-paragraph\">\n  <strong>10.&nbsp;<a href=\"https:\/\/icf.church\/ticino\/it\/privacy-policy\/#sicherheit\">Sicurezza<\/a><\/strong><\/p>\n\n\n<ul style=\"margin-right:var(--wp--preset--spacing--6);margin-left:var(--wp--preset--spacing--6);padding-top:var(--wp--preset--spacing--4);padding-right:var(--wp--preset--spacing--4);padding-bottom:var(--wp--preset--spacing--4);padding-left:var(--wp--preset--spacing--4)\" class=\"wp-block-list\">\n<li>\ud83d\udd10 Misure tecniche e organizzative<\/li>\n\n\n\n<li>\ud83d\udee1\ufe0f Cosa dovresti sapere<\/li>\n<\/ul>\n\n\n<p id=\"block-12\" class=\"fs-lg text-start wp-block-paragraph\">\n  <strong>11.&nbsp;<a href=\"https:\/\/icf.church\/ticino\/it\/privacy-policy\/#rechtsgrundlagen\">Base giuridica del trattamento dei dati e ambito<\/a><\/strong> <strong><a href=\"https:\/\/icf.church\/ticino\/it\/privacy-policy\/#rechtsgrundlagen\">di applicazione<\/a><\/strong><\/p>\n\n\n<ul class=\"wp-block-list has-medium-font-size\">\n<li>Svizzera<\/li>\n\n\n\n<li>Unione Europea<\/li>\n<\/ul>\n\n\n<p id=\"block-13\" class=\"mt-4 mb-4 fs-lg text-start wp-block-paragraph\">\n  <strong>12.&nbsp;<a href=\"https:\/\/icf.church\/ticino\/it\/privacy-policy\/#kontakt\">Contatto per questioni relative alla protezione dei dati<\/a><\/strong><\/p>\n\n<p id=\"block-14\" class=\"mt-4 mb-4 fs-lg text-start wp-block-paragraph\">\n  <strong>13.&nbsp;<a href=\"https:\/\/icf.church\/ticino\/it\/privacy-policy\/#%C3%A4nderungen\">Modifiche<\/a><\/strong><\/p>\n\n<h3 id=\"einleitung\" class=\"mt-7 mb-4 h3 display-3 text-start\">\n  Introduzione e organismo responsabile<\/h3>\n\n<p id=\"block-15\" class=\"text-start wp-block-paragraph\">\n  La protezione dei dati non \u00e8 per noi un obbligo legale, ma un&#8217;espressione di responsabilit\u00e0. Come ICF  Ticino, ci impegniamo a garantire che i vostri dati siano trattati con cura e rispetto.<\/p>\n\n<p id=\"block-16\" class=\"text-start wp-block-paragraph\">\n  Questa informativa sulla privacy ti informa su quali dati personali trattiamo sul nostro sito web, per quale scopo e quali diritti hai a riguardo.&nbsp;<\/p>\n\n<p id=\"block-17\" class=\"text-start wp-block-paragraph\">\n  Si applica al dominio&nbsp;<a href=\"https:\/\/icf.church\/\">https:\/\/icf.church<\/a>&nbsp;in tutte le sue versioni linguistiche, nonch\u00e9 a tutte le seguenti entit\u00e0 legali e future societ\u00e0 che operano con il marchio ICF (International Christian Fellowship) o in cui \u00e8 coinvolta una delle suddette organizzazioni.&nbsp;<\/p>\n\n\n<ul class=\"wp-block-list\">\n<li>Movimento ICF (Associazione)<\/li>\n\n\n\n<li>Movimento ICF Germania eV (Associazione)<\/li>\n\n\n\n<li>ICF TICINO<\/li>\n<\/ul>\n\n\n<p id=\"block-18\" class=\"text-start wp-block-paragraph\">\n  Laddove nella presente informativa sulla privacy si faccia riferimento a &#8220;ICF&#8221; o &#8220;noi&#8221;, si intende \u2013 a seconda del contesto \u2013 una o pi\u00f9 di queste organizzazioni.<\/p>\n\n<h2 id=\"block-19\" class=\"mt-6 h2 text-start\" style=\"margin-bottom:0\">\n  Operatore del sito web<\/h2>\n\n<p id=\"block-20\" class=\"mt-4 mb-4 fs-base text-start wp-block-paragraph\">\n  ICF Ticino<br>Via Grumo 7<br>CH-69129 Gravesano<\/p>\n\n<p id=\"block-21\" class=\"wp-elements-d01b02c52190a95b34300073fd000b3e mt-4 mb-4 fs-base text-start wp-block-paragraph\">\n  <a href=\"info@icf-ticino.ch\" data-type=\"link\" data-id=\"info@icf-ticino.ch\">info@icf-ticino.ch<\/a><\/p>\n\n<h2 id=\"block-22\" class=\"mt-6 mb-4 h2 text-start\">\n  Responsabile dell&#8217;elaborazione di contenuti e dati<\/h2>\n\n<p id=\"block-23\" class=\"text-start wp-block-paragraph\">\n  ICF Ticino<br>Via Grumo 7<br>CH-69129 Gravesano<\/p>\n\n<h2 id=\"block-24\" class=\"mt-6 h2 text-start\" style=\"margin-bottom:0\">\n  Chi \u00e8 il Movimento ICF?<\/h2>\n\n<p id=\"block-25\" class=\"wp-elements-1a5b61a1efc8f9ed82f3d34492205f2b mt-4 mb-4 text-start wp-block-paragraph\">\n  <a href=\"https:\/\/www.icf-ticino.ch\/impressum\/mail%20to:%20info@icf-ticino.ch\">info@icf-ticino.ch<\/a><\/p>\n\n<p id=\"block-26\" class=\"mt-4 mb-4 text-start wp-block-paragraph\">\n  <em>ICF \u00e8 una chiesa cristiana fondata su principi biblici. La nostra storia \u00e8 nata dal sogno di creare una chiesa dinamica, attuale e al passo con i tempi.&nbsp;<\/em><\/p>\n\n<p id=\"block-27\" class=\"text-start wp-block-paragraph\">\n  Il&nbsp;<a href=\"https:\/\/icf.church\/movement\" target=\"_blank\" rel=\"noopener\">Movimento ICF<\/a>&nbsp;\u00e8 un&#8217;organizzazione che promuove la fondazione di chiese, principalmente in Europa e in misura minore nel resto del mondo, con l&#8217;obiettivo di aiutare le persone a diventare pi\u00f9 simili a Ges\u00f9 Cristo, a vivere senza paura e ad avere un impatto positivo sulle proprie comunit\u00e0. Consideriamo la fondazione di nuove chiese come una missione, una parte fondamentale del nostro DNA.<\/p>\n\n<p id=\"block-28\" class=\"text-start wp-block-paragraph\">\n  Oltre a fondare chiese ICF, il Movimento ICF si impegna a rinnovare e rafforzare il panorama ecclesiale esistente in Europa e nel resto del mondo. A tal fine, offre risorse, conferenze, corsi di formazione (ICF College), sviluppo della leadership e coaching.<\/p>\n\n<p id=\"block-29\" class=\"text-start wp-block-paragraph\">\n  Insieme crediamo che l&#8217;Europa e il mondo possano risvegliarsi attraverso chiese locali sane e socialmente rilevanti. Siamo profondamente convinti che la chiesa locale sia la speranza del mondo!<\/p>\n\n<p id=\"block-30\" class=\"text-start wp-block-paragraph\">\n  Per saperne di pi\u00f9, visita il sito&nbsp;<a href=\"https:\/\/icf.church\/movement\" target=\"_blank\" rel=\"noopener\">https:\/\/icf.church\/movement<\/a><\/p>\n\n<h2 id=\"block-31\" class=\"mt-6 mb-2 h2 text-start\">\n  Base giuridica<\/h2>\n\n<p id=\"block-32\" class=\"text-start wp-block-paragraph\">\n  Le informazioni fornite per ciascuno strumento nella presente informativa sulla privacy saranno utilizzate esclusivamente per l&#8217;elaborazione della tua richiesta. Ulteriori informazioni sono disponibili nella sezione&nbsp;<strong>&#8221;&nbsp;<a href=\"https:\/\/icf.church\/ticino\/it\/privacy-policy\/#rechtsgrundlage\">Base giuridica del trattamento dei dati<\/a>&nbsp;&#8220;<\/strong>&nbsp;.<\/p>\n\n<h2 id=\"datenverarbeitung\" class=\"mt-6 h2 text-start\">\n  Principi di elaborazione dei dati<\/h2>\n\n<p id=\"block-33\" class=\"text-start wp-block-paragraph\">\n  Trattiamo i dati personali per uno scopo ben definito e solo nella misura necessaria. Ci atteniamo ai seguenti principi:<\/p>\n\n<h2 id=\"block-34\" class=\"mt-6 h2 text-start\">\n  \u2705 Trasparenza<\/h2>\n\n<p id=\"block-35\" class=\"text-start wp-block-paragraph\">\n  Vogliamo che tu possa sempre comprendere cosa succede ai tuoi dati. Per questo motivo, in questa informativa descriviamo in modo trasparente quali strumenti utilizziamo e perch\u00e9.<\/p>\n\n<h2 id=\"block-36\" class=\"mt-6 h2 text-start\">\n  \ud83c\udfaf Scopo designato<\/h2>\n\n<p id=\"block-37\" class=\"text-start wp-block-paragraph\">\n  Raccogliamo e utilizziamo i dati personali esclusivamente per le finalit\u00e0 previste, ad esempio per contattarvi, iscrivervi alla nostra newsletter, analizzare l&#8217;utilizzo del sito web o elaborare le donazioni.<\/p>\n\n<h2 id=\"block-38\" class=\"mt-6 h2 text-start\">\n  \u2796 Minimizzazione dei dati<\/h2>\n\n<p id=\"block-39\" class=\"text-start wp-block-paragraph\">\n  Raccogliamo ed elaboriamo solo i dati strettamente necessari. Se \u00e8 possibile un utilizzo anonimo o pseudonimo, ci avvaliamo di tale opzione.<\/p>\n\n<h2 id=\"block-40\" class=\"mt-6 h2 text-start\">\n  \ud83d\udd10 Sicurezza<\/h2>\n\n<p id=\"block-41\" class=\"text-start wp-block-paragraph\">\n  I tuoi dati sono protetti con noi. Adottiamo misure tecniche e organizzative per proteggerli da perdita, uso improprio o accesso non autorizzato.<\/p>\n\n<h2 id=\"block-42\" class=\"mt-6 h2 text-start\">\n  \ud83d\udd50 Limite di memoria<\/h2>\n\n<p id=\"block-43\" class=\"text-start wp-block-paragraph\">\n  Conserviamo i dati personali per tutto il tempo necessario al raggiungimento delle finalit\u00e0 per cui sono stati raccolti o per il tempo previsto dagli obblighi di legge in materia di conservazione.<\/p>\n\n<h2 id=\"block-44\" class=\"mt-6 mb-2 h2 text-start\">\n  \ud83c\udf0d Legalit\u00e0<\/h2>\n\n<p id=\"block-45\" class=\"text-start wp-block-paragraph\">\n  Il trattamento dei nostri dati si basa su una valida base giuridica: il tuo consenso, un interesse legittimo o un obbligo di legge. Non prendiamo decisioni con effetti giuridici o analoghi significativi esclusivamente mediante processi automatizzati (nessuna &#8220;profilazione&#8221; ai sensi dell&#8217;articolo 22 del GDPR).<\/p>\n\n<p id=\"block-46\" class=\"text-start wp-block-paragraph\">\n  <em><strong>Nota:<\/strong>&nbsp;Per determinate operazioni di trattamento dei dati con rischio maggiore (ad esempio, il trattamento di dati sensibili), effettuiamo una valutazione d&#8217;impatto sulla protezione dei dati (DPIA) ai sensi dell&#8217;art. 35 del GDPR o dell&#8217;art. 22 del revDSG, se richiesto.<\/em><\/p>\n\n<h2 id=\"erhebung\" class=\"mt-7 h2 text-start\">\n  Raccolta e utilizzo dei dati personali<\/h2>\n\n<p id=\"block-47\" class=\"text-start wp-block-paragraph\">\n  Raccogliamo dati personali quando ce li fornite attivamente (ad esempio tramite un modulo) o quando \u00e8 tecnicamente necessario, ad esempio tramite un modulo, il vostro indirizzo IP quando visitate una pagina, quando effettuate una donazione o quando utilizzate il nostro sito web.<\/p>\n\n<p id=\"block-48\" class=\"text-start wp-block-paragraph\">\n  Qui puoi scoprire in quali situazioni ci\u00f2 accade e come utilizziamo questi dati:<\/p>\n\n<h2 id=\"block-49\" class=\"mt-6 h2 text-start\">\n  \ud83d\udcec Contatti e moduli<\/h2>\n\n<p id=\"block-50\" class=\"text-start wp-block-paragraph\">\n  Ad esempio, se ci contattate tramite un modulo di contatto o vi registrate a un evento, elaboriamo i dati che inserite (ad esempio nome, email, richiesta, ecc.) al fine di rispondere alla vostra richiesta o fornirvi il servizio richiesto.<\/p>\n\n<h2 id=\"block-51\" class=\"mt-6 h2 text-start\">\n  \ud83d\udc8c Newsletter e comunicazioni<\/h2>\n\n<p id=\"block-52\" class=\"text-start wp-block-paragraph\">\n  Se ti iscrivi alla nostra newsletter o rimani in contatto con noi (ad esempio, mostrando interesse per risorse o offerte), memorizzeremo e utilizzeremo i tuoi dati di contatto per inviarti regolarmente email, spunti e aggiornamenti.<\/p>\n\n<p id=\"block-53\" class=\"text-start wp-block-paragraph\">\n  \u00c8 possibile annullare l&#8217;iscrizione alla newsletter in qualsiasi momento tramite il link di annullamento dell&#8217;iscrizione presente in ogni email.<\/p>\n\n<h2 id=\"block-54\" class=\"mt-6 h2 text-start\">\n  \ud83d\udcb3 Donazioni<\/h2>\n\n<p id=\"block-55\" class=\"text-start wp-block-paragraph\">\n  \u00c8 possibile effettuare donazioni al Movimento ICF tramite la nostra piattaforma&nbsp;<a href=\"https:\/\/give.icf.church\/\">https:\/\/give.icf.church<\/a>&nbsp;. Questa piattaforma \u00e8 gestita da noi, il Movimento ICF, in collaborazione con ICF Zurigo, e la protezione dei dati \u00e8 una nostra responsabilit\u00e0.<\/p>\n\n<p id=\"block-56\" class=\"text-start wp-block-paragraph\">\n  L&#8217;elaborazione dei pagamenti \u00e8 gestita da fornitori esterni come Stripe, PayPal e TWINT. Una volta scelto uno di questi servizi di pagamento, verrai reindirizzato alla relativa piattaforma. Le rispettive informative sulla privacy di questi fornitori si applicheranno quindi all&#8217;ulteriore elaborazione dei dati.<\/p>\n\n<p id=\"block-57\" class=\"text-start wp-block-paragraph\">\n  Trattiamo i dati da te forniti (ad esempio, nome, indirizzo email, importo, metodo di pagamento) per elaborare la tua donazione e per finalit\u00e0 di documentazione (ad esempio, emissione di ricevute di donazione). Le donazioni a organizzazioni religiose possono, in determinate circostanze, consentire di desumere le tue convinzioni religiose (categorie particolari di dati personali \u2013 considerati particolarmente sensibili ai sensi dell&#8217;articolo 9 del GDPR). Tale trattamento avviene solo con il tuo esplicito consenso o laddove consentito dalla legge.<\/p>\n\n<h2 id=\"block-58\" class=\"mt-6 mb-2 h2 text-start\">\n  \ud83d\udcc8 Utilizzo e monitoraggio del sito web<\/h2>\n\n<p id=\"block-59\" class=\"text-start wp-block-paragraph\">\n  Quando visiti il \u200b\u200bnostro sito web, alcune informazioni tecniche vengono elaborate automaticamente, come ad esempio:<\/p>\n\n\n<ul class=\"wp-block-list\">\n<li>Indirizzo IP (abbreviato\/pseudonimizzato)<\/li>\n\n\n\n<li>Tipo e versione del browser<\/li>\n\n\n\n<li>sistema operativo<\/li>\n\n\n\n<li>Data e ora di accesso<\/li>\n\n\n\n<li>Pagine visitate \/ Tempo trascorso sul sito<\/li>\n<\/ul>\n\n\n<p id=\"block-60\" class=\"text-start wp-block-paragraph\">\n  Questi dati ci aiutano a gestire il nostro sito web in modo tecnicamente stabile e a migliorarlo continuamente (vedi la sezione&nbsp;<a href=\"https:\/\/icf.church\/ticino\/it\/privacy-policy\/#cookies\">&#8220;Cookie e tracciamento&#8221;<\/a>&nbsp;).<\/p>\n\n<h2 id=\"block-61\" class=\"mt-6 mb-2 h2 text-start\">\n  \ud83d\udcbb Log del server e sicurezza IT<\/h2>\n\n<p id=\"block-62\" class=\"text-start wp-block-paragraph\">\n  Quando accedi al nostro sito web, il nostro fornitore di hosting elabora automaticamente i log del server (ad esempio, indirizzo IP, data\/ora, URL richiesto, referrer, user agent). Ci\u00f2 avviene per finalit\u00e0 di fornitura tecnica e sicurezza informatica.<\/p>\n\n<h2 id=\"cookies\" class=\"h2 text-start\">\n  Utilizzo di cookie e tecnologie di tracciamento<\/h2>\n\n<p id=\"block-63\" class=\"text-start wp-block-paragraph\">\n  Il nostro sito web utilizza cookie e tecnologie simili per \u2013 con il tuo consenso \u2013 fornire contenuti di facile utilizzo, analizzare le prestazioni e offrire determinate funzionalit\u00e0 (ad esempio moduli o video).<\/p>\n\n<h2 id=\"block-64\" class=\"mt-6 mb-2 h2 text-start\">\n  \ud83c\udf6a Cosa sono i cookie?<\/h2>\n\n<p id=\"block-65\" class=\"text-start wp-block-paragraph\">\n  I cookie sono piccoli file di testo che il tuo browser crea e memorizza automaticamente sul tuo dispositivo. Non contengono malware, ma ci aiutano, ad esempio, a:<\/p>\n\n\n<ul class=\"wp-block-list\">\n<li>per il funzionamento tecnico del sito web (cookie essenziali)<\/li>\n\n\n\n<li>per creare statistiche sui visitatori<\/li>\n\n\n\n<li>valutare le campagne di marketing<\/li>\n<\/ul>\n\n\n<h2 id=\"block-66\" class=\"mt-6 h2 text-start\">\n  \ud83c\udf6a Gestione del consenso (&nbsp;<a href=\"https:\/\/www.cookiehub.com\/\">CookieHub<\/a>&nbsp;)<\/h2>\n\n<p id=\"block-67\" class=\"text-start wp-block-paragraph\">\n  Il nostro sito web utilizza CookieHub per gestire il consenso relativo ai cookie e ai servizi di terze parti. Lo strumento visualizza un banner di consenso quando visiti il \u200b\u200bsito e memorizza il tuo consenso o il tuo rifiuto tramite un cookie tecnicamente necessario.<\/p>\n\n<h2 id=\"block-68\" class=\"mt-6 h2 text-start\">\n  \u2699\ufe0f Cookie basati sul consenso<\/h2>\n\n<p id=\"block-69\" class=\"text-start wp-block-paragraph\">\n  Non tutti i cookie sono necessari. Utilizziamo i cookie a fini statistici o di marketing solo con il tuo esplicito consenso (\u00a7 25 TTDSG \/ ePrivacy).<\/p>\n\n<p id=\"block-70\" class=\"text-start wp-block-paragraph\">\n  Pertanto, alla tua prima visita al nostro sito web, ti mostreremo un banner sui cookie dove potrai decidere individualmente quali cookie consentire. Puoi modificare la tua selezione in qualsiasi momento tramite il banner dei cookie.<\/p>\n\n<p id=\"block-71\" class=\"text-start wp-block-paragraph\">\n  <strong>Utilizziamo le seguenti categorie di cookie:<\/strong><\/p>\n\n\n<ul class=\"wp-block-list\">\n<li>Cookie essenziali: necessari per il funzionamento tecnico.<\/li>\n\n\n\n<li>Cookie funzionali: migliorano la facilit\u00e0 d&#8217;uso.<\/li>\n\n\n\n<li>Cookie analitici: ci aiutano a migliorare il sito web.<\/li>\n\n\n\n<li>Cookie di marketing: supportano la pubblicit\u00e0 mirata.<\/li>\n<\/ul>\n\n\n<h2 id=\"block-72\" class=\"mt-6 mb-2 h2 text-start\">\n  \ud83d\udee0 Gestito tramite Google Tag Manager<\/h2>\n\n<p id=\"block-73\" class=\"text-start wp-block-paragraph\">\n  Utilizziamo&nbsp;<a href=\"https:\/\/tagmanager.google.com\/\">Google Tag Manager<\/a>&nbsp;per gestire determinati servizi in modo efficiente e nel rispetto della privacy, ad esempio Google Analytics, Facebook Pixel o altri strumenti di analisi. Il Tag Manager di per s\u00e9 non memorizza alcun dato personale, ma si limita a caricare script configurabili.<\/p>\n\n<h2 id=\"tools\" class=\"mt-6 h2 text-start\">\n  Strumenti e fornitori terzi utilizzati<\/h2>\n\n<p id=\"block-74\" class=\"text-start wp-block-paragraph\">\n  Per rendere il nostro sito web intuitivo, sicuro e moderno, ci avvaliamo di fornitori terzi selezionati. Di seguito, spieghiamo quali strumenti utilizziamo, quali dati vengono elaborati e perch\u00e9.<\/p>\n\n<h2 id=\"block-75\" class=\"mt-6 h2 text-start\">\n  \ud83d\udcc8 Strumenti di analisi e valutazione delle prestazioni<\/h2>\n\n<h3 id=\"block-76\" class=\"h3 text-start\">\n  <a href=\"https:\/\/analytics.google.com\/\">Google Analytics<\/a><\/h3>\n\n<p id=\"block-77\" class=\"text-start wp-block-paragraph\">\n  Utilizziamo questi dati per capire come i visitatori utilizzano il nostro sito web. I dati raccolti (ad esempio, pagine visualizzate, tempo trascorso sul sito, dispositivo utilizzato) vengono analizzati in forma anonima.<\/p>\n\n<h3 id=\"block-78\" class=\"h3 text-start\">\n  <a href=\"https:\/\/tagmanager.google.com\/\">Google Tag Manager<\/a><\/h3>\n\n<p id=\"block-79\" class=\"text-start wp-block-paragraph\">\n  Utilizzato per gestire tag di tracciamento e cookie. Il Tag Manager di per s\u00e9 non memorizza alcun dato personale.<\/p>\n\n<h3 id=\"block-80\" class=\"h3 text-start\">\n  <a href=\"https:\/\/de-de.facebook.com\/business\/tools\/meta-pixel\">Meta Pixel<\/a><\/h3>\n\n<p id=\"block-81\" class=\"text-start wp-block-paragraph\">\n  Lo utilizziamo per misurare le campagne di marketing e mostrare contenuti pertinenti.<\/p>\n\n<h3 id=\"block-82\" class=\"h3 text-start\">\n  <a href=\"https:\/\/business.google.com\/de\/google-ads\/\">Annunci Google<\/a><\/h3>\n\n<p id=\"block-83\" class=\"text-start wp-block-paragraph\">\n  Utilizzato per il monitoraggio delle campagne e la misurazione delle conversioni, al fine di analizzare l&#8217;efficacia della nostra pubblicit\u00e0.<\/p>\n\n<h3 id=\"block-84\" class=\"h3 text-start\">\n  <a href=\"https:\/\/clarity.microsoft.com\/\">Microsoft Clarity<\/a><\/h3>\n\n<p id=\"block-85\" class=\"text-start wp-block-paragraph\">\n  Utilizzato per analizzare il comportamento degli utenti (ad esempio, percorsi di clic, mappe di calore). I dati vengono valutati in forma anonima.<\/p>\n\n<h3 id=\"block-86\" class=\"h3 text-start\">\n  <a href=\"https:\/\/www.gleap.io\/\">Sguardo<\/a><\/h3>\n\n<p id=\"block-87\" class=\"text-start wp-block-paragraph\">\n  Utilizziamo Gleap come piattaforma di supporto e comunicazione. Serve per elaborare le richieste di assistenza, visualizzare informazioni di aiuto (ad esempio, articoli di aiuto), valutare il feedback degli utenti e mostrare messaggi di chat, notifiche o banner mirati.<\/p>\n\n<h3 id=\"block-88\" class=\"h3 text-start\">\n  <a href=\"https:\/\/pulsetic.com\/\">Pulsato<\/a><\/h3>\n\n<p id=\"block-89\" class=\"text-start wp-block-paragraph\">\n  Monitora la disponibilit\u00e0 e le prestazioni del sito web. Non vengono memorizzati dati personali.<\/p>\n\n<h3 id=\"block-90\" class=\"h3 text-start\">\n  <a href=\"https:\/\/sentry.io\/\">Sentinella<\/a><\/h3>\n\n<p id=\"block-91\" class=\"text-start wp-block-paragraph\">\n  Acquisisce messaggi di errore (bug) e dati tecnici per migliorare la stabilit\u00e0.<\/p>\n\n<h2 id=\"block-92\" class=\"mt-6 h2 text-start\">\n  \ud83d\udccb Moduli, newsletter e comunicazioni<\/h2>\n\n<h3 id=\"block-93\" class=\"h3 text-start\">\n  <a href=\"https:\/\/www.mailgun.com\/\">MailGun<\/a><\/h3>\n\n<p id=\"block-94\" class=\"text-start wp-block-paragraph\">\n  Utilizziamo MailGun come servizio SMTP per recapitare in modo affidabile le email (ad esempio, conferme, newsletter).<\/p>\n\n<h3 id=\"block-95\" class=\"h3 text-start\">\n  <a href=\"https:\/\/cloud.google.com\/security\/products\/recaptcha\">Google reCAPTCHA<\/a><\/h3>\n\n<p id=\"block-96\" class=\"text-start wp-block-paragraph\">\n  Per proteggere i nostri moduli da abusi e spam, utilizziamo Google reCAPTCHA (versioni 2 e 3). Questo servizio verifica se gli inserimenti provengono da un essere umano o da un bot. Tra le altre cose, vengono analizzati e trasmessi a Google l&#8217;indirizzo IP, il tempo trascorso sulla pagina e i movimenti del mouse.<\/p>\n\n<h3 id=\"block-97\" class=\"h3 text-start\">\n  <a href=\"https:\/\/www.salesforce.com\/eu\/form\/sem\/account-engagement\/\">Gestione degli account Salesforce (Pardot)<\/a><\/h3>\n\n<p id=\"block-98\" class=\"text-start wp-block-paragraph\">\n  La nostra piattaforma di marketing automation, che utilizziamo per gestire newsletter e campagne, si avvale di Pardot per identificare i contenuti pertinenti per te e inviarti informazioni personalizzate.<\/p>\n\n<h2 id=\"block-99\" class=\"mt-6 mb-2 h2 text-start\">\n  \ud83c\udfa5 Integrazioni multimediali<\/h2>\n\n<h3 id=\"block-100\" class=\"h3 text-start\">\n  <a href=\"https:\/\/www.youtube.com\/\">YouTube<\/a>&nbsp;e&nbsp;<a href=\"https:\/\/vimeo.com\/de\/\">Vimeo<\/a><\/h3>\n\n<p id=\"block-101\" class=\"text-start wp-block-paragraph\">\n  Sul nostro sito web sono incorporati video provenienti da YouTube e Vimeo. Questi fornitori potrebbero impostare cookie e raccogliere dati di utilizzo (ad esempio, quali video vengono visualizzati).<\/p>\n\n<h3 id=\"block-102\" class=\"h3 text-start\">\n  <a href=\"http:\/\/spotify.com\/\">Spotify<\/a><\/h3>\n\n<p id=\"block-103\" class=\"text-start wp-block-paragraph\">\n  Sul nostro sito web sono incorporati file audio e video provenienti da Spotify. Spotify potrebbe impostare cookie e raccogliere dati di utilizzo (ad esempio, quali podcast vengono ascoltati).<\/p>\n\n<h3 id=\"block-104\" class=\"h3 text-start\">\n  <a href=\"https:\/\/hub.icf.church\/\">ICF Hub<\/a><\/h3>\n\n<p id=\"block-105\" class=\"text-start wp-block-paragraph\">\n  Sermoni, offerte, funzioni religiose e alcuni dati organizzativi, come link ai social media, indirizzo o recapiti, vengono trasferiti dalla nostra piattaforma interna ICF al sito web tramite un&#8217;API, operazione tecnicamente necessaria per il corretto funzionamento delle funzionalit\u00e0 principali.<\/p>\n\n<h2 id=\"block-106\" class=\"mt-6 h2 text-start\">\n  \u2699\ufe0f Altri strumenti<\/h2>\n\n\n<ul class=\"wp-block-list\">\n<li>Google Maps: per le mappe interattive sul sito web<\/li>\n\n\n\n<li>Algolia: Per la funzione di ricerca interna di offerte, sermoni e luoghi<\/li>\n\n\n\n<li>Shortpixel: ottimizzazione dell&#8217;immagine<\/li>\n\n\n\n<li>Zapier: Automazione (ad esempio, trasferimento di dati tra strumenti).<\/li>\n\n\n\n<li>WPML (Traduzione): Gestisce la presentazione multilingue dei contenuti<\/li>\n<\/ul>\n\n\n<h3 id=\"deinerechte\" class=\"h3 display-3 text-start\">\n  I tuoi diritti<\/h3>\n\n<p id=\"block-107\" class=\"text-start wp-block-paragraph\">\n  La protezione dei tuoi dati personali \u00e8 importante per noi. Hai il diritto di sapere cosa succede ai tuoi dati e ti mostreremo in modo trasparente quali opzioni sono a tua disposizione. Ecco una panoramica dei tuoi diritti:<\/p>\n\n<h2 id=\"block-108\" class=\"mt-4 mb-4 h2 text-start\">\n  \ud83d\udccb Diritto all&#8217;informazione<\/h2>\n\n<p id=\"block-109\" class=\"text-start wp-block-paragraph\">\n  Puoi chiedere in qualsiasi momento se e quali dati personali abbiamo memorizzato su di te.<\/p>\n\n<h2 id=\"block-110\" class=\"mt-2 mb-2 h2 text-start\">\n  \u270f\ufe0f Diritto di rettifica<\/h2>\n\n<p id=\"block-111\" class=\"text-start wp-block-paragraph\">\n  Se qualcosa non \u00e8 (pi\u00f9) corretto, puoi richiedere la correzione dei tuoi dati.<\/p>\n\n<h2 id=\"block-112\" class=\"mt-4 mb-4 h2 text-start\">\n  \u274c Diritto alla cancellazione<\/h2>\n\n<p id=\"block-113\" class=\"text-start wp-block-paragraph\">\n  Hai il diritto di richiedere la cancellazione dei tuoi dati, ad esempio se non sono pi\u00f9 necessari per lo scopo originario o se hai revocato il tuo consenso.<\/p>\n\n<h2 id=\"block-114\" class=\"mt-4 mb-4 h2 text-start\">\n  \ud83e\uddef Diritto di limitazione<\/h2>\n\n<p id=\"block-115\" class=\"text-start wp-block-paragraph\">\n  Puoi richiedere che i tuoi dati vengano trattati solo in misura limitata, ad esempio durante una verifica o in caso di opposizione.<\/p>\n\n<h2 id=\"block-116\" class=\"mt-4 mb-4 h2 text-start\">\n  \ud83d\udeab Diritto di opposizione<\/h2>\n\n<p id=\"block-117\" class=\"text-start wp-block-paragraph\">\n  Puoi richiedere che i tuoi dati vengano trattati solo in misura limitata, ad esempio durante una verifica o in caso di opposizione.<\/p>\n\n<h2 id=\"block-118\" class=\"mt-4 mb-4 h2 text-start\">\n  \ud83d\udce4 Diritto alla portabilit\u00e0 dei dati<\/h2>\n\n<p id=\"block-119\" class=\"text-start wp-block-paragraph\">\n  Puoi richiedere che i tuoi dati vengano trattati solo in misura limitata, ad esempio durante una verifica o in caso di opposizione.<\/p>\n\n<h2 id=\"block-120\" class=\"mt-4 mb-4 h2 text-start\">\n  \ud83d\uded1 Diritto di revocare il consenso<\/h2>\n\n<p id=\"block-121\" class=\"text-start wp-block-paragraph\">\n  Puoi richiedere che i tuoi dati vengano trattati solo in misura limitata, ad esempio durante una verifica o in caso di opposizione.<\/p>\n\n<h2 id=\"block-122\" class=\"mt-4 mb-4 h2 text-start\">\n  \ud83e\uddd1\u200d\u2696\ufe0f Diritto di presentare un reclamo a un&#8217;autorit\u00e0 di controllo<\/h2>\n\n<p id=\"block-123\" class=\"text-start wp-block-paragraph\">\n  Se ritieni che le tue preoccupazioni in materia di protezione dei dati non siano state affrontate in modo adeguato, hai il diritto di contattare l&#8217;autorit\u00e0 di controllo competente.<\/p>\n\n<p id=\"block-124\" class=\"text-start wp-block-paragraph\">\n  <strong>La persona solitamente responsabile \u00e8:<\/strong><\/p>\n\n\n<ul class=\"wp-block-list\">\n<li>Per l&#8217;Austria: Autorit\u00e0 austriaca per la protezione dei dati<\/li>\n\n\n\n<li>Per la Svizzera: Commissario federale per la protezione dei dati e la trasparenza (FDPIC)<\/li>\n\n\n\n<li>Per la Germania: il responsabile della protezione dei dati del rispettivo stato federale.<\/li>\n<\/ul>\n\n\n<h2 id=\"datenweitergabe\" class=\"mt-4 mb-4 h2 text-start\">\n  Trasferimento dati ed elaborazione degli ordini<\/h2>\n\n<p id=\"block-125\" class=\"text-start wp-block-paragraph\">\n  In genere non condividiamo i tuoi dati personali con terze parti, a meno che:<\/p>\n\n\n<ul class=\"wp-block-list\">\n<li>necessario per adempiere a uno scopo che conosci e desideri (ad esempio, l&#8217;elaborazione delle donazioni),<\/li>\n\n\n\n<li>richiesto dalla legge<\/li>\n\n\n\n<li>coperto da un consenso valido,<\/li>\n\n\n\n<li>o si svolge nell&#8217;ambito di un trattamento dati commissionato.<\/li>\n<\/ul>\n\n\n<h2 id=\"block-126\" class=\"mt-4 mb-4 h2 text-start\">\n  \ud83e\udd1d Collaborazione con i fornitori di servizi (elaborazione dati)<\/h2>\n\n<p id=\"block-127\" class=\"text-start wp-block-paragraph\">\n  Per determinati processi tecnici, amministrativi e di comunicazione, collaboriamo con fornitori di servizi selezionati. Questi cosiddetti &#8220;responsabili del trattamento&#8221; agiscono per nostro conto e secondo le nostre istruzioni, ad esempio per quanto riguarda:<\/p>\n\n\n<ul class=\"wp-block-list\">\n<li>Hosting e gestione del sito web (ad esempio, DigitalOcean, Xano, Imgix)<\/li>\n\n\n\n<li>Invio di email (ad esempio, MailGun, Salesforce Account Engagement)<\/li>\n\n\n\n<li>Strumenti di analisi e tracciamento (ad es. Google Analytics, Clarity, Sentry)<\/li>\n\n\n\n<li>Formule (ad es. Forme di gravit\u00e0)<\/li>\n<\/ul>\n\n\n<p id=\"block-128\" class=\"text-start wp-block-paragraph\">\n  Abbiamo stipulato contratti conformi alla normativa sulla protezione dei dati con tutti i responsabili del trattamento dei dati per garantire che i vostri dati siano protetti e non utilizzati per i nostri scopi.<\/p>\n\n<h2 id=\"block-129\" class=\"mt-4 mb-4 h2 text-start\">\n  \ud83c\udf0d Trasferimento verso paesi terzi<\/h2>\n\n<p id=\"block-130\" class=\"text-start wp-block-paragraph\">\n  Alcuni dei nostri fornitori di servizi si trovano al di fuori della Svizzera o dell&#8217;UE (ad esempio, negli Stati Uniti). In questi casi, ci assicuriamo che esista un livello adeguato di protezione dei dati, ad esempio tramite:<\/p>\n\n\n<ul class=\"wp-block-list\">\n<li>Clausole contrattuali standard della Commissione europea,<\/li>\n\n\n\n<li>Decisioni di adeguatezza (in paesi come la Svizzera),<\/li>\n\n\n\n<li>o misure di protezione tecnica aggiuntive<\/li>\n<\/ul>\n\n\n<h2 id=\"speicherdauer\" class=\"h2 text-start\">\n  Durata di conservazione<\/h2>\n\n<p id=\"block-131\" class=\"text-start wp-block-paragraph\">\n  Conserviamo i dati personali per il tempo necessario al raggiungimento delle finalit\u00e0 per cui sono stati raccolti, o come previsto dalla legge.<\/p>\n\n<h2 id=\"block-132\" class=\"mt-4 mb-4 h2 text-start\">\n  \ud83d\udd04 Principi generali<\/h2>\n\n\n<ul class=\"wp-block-list\">\n<li>Le richieste di contatto vengono conservate per un massimo di 2 anni (a fini di follow-up e analisi interne), a meno che non venga ricevuta una richiesta di cancellazione, non sussista un legittimo interesse alla cancellazione o non vi siano obblighi di conservazione previsti dalla legge.<\/li>\n\n\n\n<li>Conserviamo i dati relativi all&#8217;iscrizione alla newsletter fino a quando non annulli l&#8217;iscrizione o revochi il tuo consenso.<\/li>\n\n\n\n<li>I dati dei donatori sono soggetti agli obblighi di conservazione previsti dalla normativa fiscale svizzera e dell&#8217;UE (generalmente per 10 anni).<\/li>\n\n\n\n<li>I dati di tracciamento (ad esempio, tramite Google Analytics) vengono memorizzati e conservati in forma anonima per monitorare le tendenze a lungo termine e migliorare il sito web dell&#8217;ICF.<\/li>\n<\/ul>\n\n\n<h2 id=\"block-133\" class=\"mt-4 mb-4 h2 text-start\">\n  \ud83d\udccc Cosa significa questo per te?<\/h2>\n\n<p id=\"block-134\" class=\"text-start wp-block-paragraph\">\n  Rispettiamo le scadenze legali e verifichiamo regolarmente quali dati possono essere cancellati o anonimizzati.<\/p>\n\n<h2 id=\"daten\u00fcbermittlung\" class=\"mt-4 mb-4 h2 text-start\">\n  Trasmissione internazionale dei dati<\/h2>\n\n<p id=\"block-135\" class=\"text-start wp-block-paragraph\">\n  Alcuni dei servizi che utilizziamo (ad esempio per l&#8217;hosting, le newsletter, l&#8217;analisi dei dati) hanno sede o elaborano dati in paesi al di fuori della Svizzera, della Germania o dell&#8217;Austria, in particolare negli Stati Uniti.<\/p>\n\n<h2 id=\"block-136\" class=\"mt-4 mb-4 h2 text-start\">\n  \ud83c\udf0d Cosa significa esattamente?<\/h2>\n\n<p id=\"block-137\" class=\"text-start wp-block-paragraph\">\n  Quando i dati personali vengono trasferiti in paesi che non offrono un livello di protezione dei dati equivalente a quello della Svizzera o dell&#8217;UE, ci assicuriamo che i vostri dati siano comunque ben protetti.<\/p>\n\n<p id=\"block-138\" class=\"text-start wp-block-paragraph\">\n  <strong>Raggiungiamo questo obiettivo, ad esempio, attraverso:<\/strong><\/p>\n\n\n<ul class=\"wp-block-list\">\n<li>Clausole contrattuali standard (SCC) dell&#8217;UE della Commissione europea<\/li>\n\n\n\n<li>Decisioni di adeguatezza (incluso il quadro normativo UE\/Svizzera-USA in materia di protezione dei dati)<\/li>\n<\/ul>\n\n\n<p id=\"block-139\" class=\"text-start wp-block-paragraph\">\n  <strong>Misure tecniche\/organizzative aggiuntive<\/strong>&nbsp;, come la crittografia o rigide restrizioni di accesso.<\/p>\n\n<h2 id=\"block-140\" class=\"mt-4 mb-4 h2 text-start\">\n  \ud83c\uddfa\ud83c\uddf8 Esempio: USA<\/h2>\n\n<p id=\"block-141\" class=\"text-start wp-block-paragraph\">\n  Alcuni dei nostri fornitori di servizi (ad esempio, Google, Meta, MailGun, Vimeo) hanno sede negli Stati Uniti. Alcuni di questi fornitori hanno aderito al&nbsp;<strong>Data Privacy Framework (DPF)<\/strong>&nbsp;, che mira a garantire un livello di protezione dei dati comparabile tra l&#8217;UE\/Svizzera e gli Stati Uniti.<\/p>\n\n<p id=\"block-142\" class=\"text-start wp-block-paragraph\">\n  In caso contrario, utilizziamo le&nbsp;<strong>Clausole Contrattuali Standard dell&#8217;UE<\/strong>&nbsp;come base giuridica.<\/p>\n\n<h2 id=\"sicherheit\" class=\"mt-4 mb-4 h2 text-start\">\n  Sicurezza<\/h2>\n\n<p id=\"block-143\" class=\"text-start wp-block-paragraph\">\n  La protezione dei vostri dati \u00e8 importante per noi. Per questo motivo, implementiamo misure di sicurezza complete per proteggerli in modo affidabile da perdita, uso improprio o accesso non autorizzato.<\/p>\n\n<h2 id=\"block-144\" class=\"mt-4 mb-4 h2 text-start\">\n  \ud83d\udd10 Misure tecniche e organizzative<\/h2>\n\n<p id=\"block-145\" class=\"text-start wp-block-paragraph\">\n  Adottiamo misure di sicurezza tecniche e organizzative per proteggere i vostri dati da perdita, uso improprio, accesso non autorizzato o divulgazione. Queste includono, a titolo esemplificativo ma non esaustivo:<\/p>\n\n\n<ul class=\"wp-block-list\">\n<li>Attenta selezione e monitoraggio dei fornitori di servizi<\/li>\n\n\n\n<li>Crittografia delle connessioni (SSL\/TLS), riconoscibile dalla presenza di &#8220;https:\/\/&#8221; nella barra degli indirizzi del browser.<\/li>\n\n\n\n<li>Restrizioni di accesso ai nostri sistemi<\/li>\n\n\n\n<li>aggiornamenti regolari di sicurezza e software<\/li>\n\n\n\n<li>Politiche di sicurezza per le password e autenticazione a due fattori (interna)<\/li>\n<\/ul>\n\n\n<h2 id=\"block-146\" class=\"mt-4 mb-4 h2 text-start\">\n  \ud83d\udee1\ufe0f Cosa dovresti sapere<\/h2>\n\n<p id=\"block-147\" class=\"text-start wp-block-paragraph\">\n  Nessun sistema digitale \u00e8 sicuro al 100%. Tuttavia, facciamo tutto il possibile per garantire un elevato livello di protezione e interveniamo immediatamente in caso di problemi. Se notate qualcosa di insolito, vi preghiamo di segnalarcelo. Prendiamo sul serio il vostro feedback. Nonostante le accurate misure tecniche e organizzative, un rischio residuo non pu\u00f2 mai essere completamente eliminato durante la trasmissione di dati su Internet (ad esempio, quando si utilizzano servizi di terze parti).<\/p>\n\n<h2 id=\"rechtsgrundlagen\" class=\"mt-4 mb-4 h2 text-start\">\n  Base giuridica del trattamento dei dati e ambito di applicazione<\/h2>\n\n<p id=\"block-148\" class=\"text-start wp-block-paragraph\">\n  La presente informativa sulla privacy si basa sui requisiti del Regolamento generale sulla protezione dei dati (GDPR), della legge svizzera sulla protezione dei dati (revDSG) e della legge austriaca sulla protezione dei dati.<\/p>\n\n<p id=\"block-149\" class=\"text-start wp-block-paragraph\">\n  Il trattamento dei dati da parte nostra si basa sul quadro giuridico applicabile. A seconda del paese in cui si accede ai nostri servizi, si applicano normative diverse.<\/p>\n\n<h2 id=\"block-150\" class=\"mt-4 mb-4 h2 text-start\">\n  \ud83c\udde8\ud83c\udded Svizzera<\/h2>\n\n<p id=\"block-151\" class=\"text-start wp-block-paragraph\">\n  Il trattamento dei dati avviene nel rispetto del principio di buona fede, ai sensi dell&#8217;art. 31, paragrafo 1, del GDPR, e nel rispetto dei principi di proporzionalit\u00e0, limitazione delle finalit\u00e0 e sicurezza dei dati (art. 6, GDPR).<\/p>\n\n<h2 id=\"block-152\" class=\"mt-4 mb-4 h2 text-start\">\n  \ud83c\uddea\ud83c\uddfa Unione Europea<\/h2>\n\n<p id=\"block-153\" class=\"text-start wp-block-paragraph\">\n  Il trattamento dei dati si basa sulle basi giuridiche pertinenti del GDPR, in particolare:<\/p>\n\n\n<ul class=\"wp-block-list\">\n<li>Articolo 6 paragrafo 1 lettera a GDPR \u2013 Consenso<\/li>\n\n\n\n<li>Articolo 6 paragrafo 1 lettera b GDPR \u2013 Esecuzione del contratto o attuazione di misure precontrattuali<\/li>\n\n\n\n<li>Articolo 6(1)(c) GDPR \u2013 Obbligo legale<\/li>\n\n\n\n<li>Articolo 6, paragrafo 1, lettera f) del GDPR \u2013 Interesse legittimo (ad esempio, il nostro interesse ad analizzare il comportamento degli utenti per migliorare il nostro sito web o per garantire la sicurezza informatica)<\/li>\n\n\n\n<li>Articolo 9(2) GDPR \u2013 Trattamento di categorie particolari di dati personali (ad esempio nel contesto delle donazioni)<\/li>\n<\/ul>\n\n\n<p id=\"block-154\" class=\"text-start wp-block-paragraph\">\n  La base giuridica pertinente \u00e8 specificata nelle rispettive sezioni, ove necessario, oppure dipende dalla specifica finalit\u00e0 del trattamento.<\/p>\n\n<p id=\"block-155\" class=\"text-start wp-block-paragraph\">\n  Gli utenti al di fuori di queste giurisdizioni, ad esempio Stati Uniti (CCPA), Brasile (LGPD), Regno Unito, potrebbero essere soggetti a diritti aggiuntivi. Se accedi ai nostri servizi da un altro Paese, ti consigliamo di prendere visione delle normative locali in materia di protezione dei dati.<\/p>\n\n<h2 id=\"kontakt\" class=\"mt-4 mb-4 h2 text-start\">\n  Per qualsiasi dubbio in materia di protezione dei dati, contattateci.<\/h2>\n\n<p id=\"block-156\" class=\"text-start wp-block-paragraph\">\n  Se avete domande sulla protezione dei dati o desiderate esercitare i vostri diritti (ad esempio, accesso, cancellazione, revoca), non esitate a contattarci.<\/p>\n\n<h2 id=\"block-157\" class=\"mt-4 mb-4 h2 text-start\">\n  Contatto<\/h2>\n\n<p id=\"block-158\" class=\"mt-4 mb-4 fs-base text-start wp-block-paragraph\">\n  ICF Ticino<br>Via Al Fiume 1<br>CH-69129 Gravesano<\/p>\n\n<p id=\"block-159\" class=\"mt-4 mb-4 text-start wp-block-paragraph\">\n  <a href=\"info@icf-ticino.ch\" data-type=\"link\" data-id=\"info@icf-ticino.ch\">info@icf-ticino.ch<\/a><\/p>\n\n<p id=\"block-160\" class=\"text-start wp-block-paragraph\">\n  Risponderemo alla tua richiesta nel pi\u00f9 breve tempo possibile e comunque entro i termini di legge (obblighi di segnalazione e notifica ai sensi degli artt. 33\/34 del GDPR o del revDSG).<\/p>\n\n<h2 id=\"\u00e4nderungen\" class=\"mt-4 mb-4 h2 text-start\">\n  Modifiche<\/h2>\n\n<p id=\"block-161\" class=\"text-start wp-block-paragraph\">\n  Rivediamo regolarmente la nostra informativa sulla privacy e la adattiamo, se necessario, a nuovi requisiti legali (ad esempio, sentenze della Corte di giustizia europea, nuove leggi come l&#8217;AI Act o modifiche alla legge tedesca sulla protezione dei dati) o a cambiamenti tecnici. La versione pi\u00f9 recente \u00e8 sempre disponibile sul nostro sito web.<\/p>\n\n<p id=\"block-162\" class=\"mt-4 text-start wp-block-paragraph\">\n  <strong>Ultimo aggiornamento: Versione 1.1 \u2013 Ottobre 2025<\/strong><\/p>","protected":false},"excerpt":{"rendered":"<p>Politica sulla riservatezza 1. Introduzione e organismo responsabile 2.&nbsp;Principi di elaborazione dei dati 3.&nbsp;Raccolta e utilizzo dei dati personali 4.&nbsp;Utilizzo di cookie e tecnologie di tracciamento 5.&nbsp;Strumenti e fornitori terzi utilizzati 6.&nbsp;I tuoi diritti 7.&nbsp;Trasferimento dati ed elaborazione degli ordini 8.&nbsp;Durata di conservazione 9.&nbsp;Trasferimento internazionale dei dati 10.&nbsp;Sicurezza 11.&nbsp;Base giuridica del trattamento dei dati e [&hellip;]<\/p>\n","protected":false},"author":154,"featured_media":0,"parent":0,"menu_order":0,"comment_status":"closed","ping_status":"closed","template":"","meta":{"_acf_changed":false,"_seopress_titles_title":"","_seopress_titles_desc":"","_seopress_robots_index":"","_seopress_robots_follow":"","_seopress_robots_imageindex":"","_seopress_robots_snippet":"","_seopress_robots_primary_cat":"","_seopress_robots_breadcrumbs":"","_seopress_robots_freeze_modified_date":"","_seopress_robots_custom_modified_date":"","_seopress_robots_canonical":"","_seopress_social_fb_title":"","_seopress_social_fb_desc":"","_seopress_social_fb_img":"","_seopress_social_fb_img_attachment_id":0,"_seopress_social_fb_img_width":0,"_seopress_social_fb_img_height":0,"_seopress_social_twitter_title":"","_seopress_social_twitter_desc":"","_seopress_social_twitter_img":"","_seopress_social_twitter_img_attachment_id":0,"_seopress_social_twitter_img_width":0,"_seopress_social_twitter_img_height":0,"_seopress_redirections_value":"","_seopress_redirections_enabled":"","_seopress_redirections_enabled_regex":"","_seopress_redirections_logged_status":"both","_seopress_redirections_param":"","_seopress_redirections_type":301,"_seopress_analysis_target_kw":"","_seopress_news_disabled":"","_seopress_video_disabled":"","_seopress_video":[{"url":"","title":"","desc":"","thumbnail":"","duration":"","rating":"","view_count":"","tag":""}],"_seopress_pro_schemas_manual":[],"_seopress_pro_rich_snippets_disable_all":"","_seopress_pro_rich_snippets_disable":[],"_seopress_pro_schemas":[],"yt_custom_styles_scss":"","yt_custom_styles_rounded_corners":false,"yt_custom_styles_color_scheme":"","footnotes":""},"class_list":["post-1627","page","type-page","status-publish","hentry"],"acf":[],"_links":{"self":[{"href":"https:\/\/icf.church\/ticino\/it\/wp-json\/wp\/v2\/pages\/1627","targetHints":{"allow":["GET"]}}],"collection":[{"href":"https:\/\/icf.church\/ticino\/it\/wp-json\/wp\/v2\/pages"}],"about":[{"href":"https:\/\/icf.church\/ticino\/it\/wp-json\/wp\/v2\/types\/page"}],"author":[{"embeddable":true,"href":"https:\/\/icf.church\/ticino\/it\/wp-json\/wp\/v2\/users\/154"}],"replies":[{"embeddable":true,"href":"https:\/\/icf.church\/ticino\/it\/wp-json\/wp\/v2\/comments?post=1627"}],"version-history":[{"count":14,"href":"https:\/\/icf.church\/ticino\/it\/wp-json\/wp\/v2\/pages\/1627\/revisions"}],"predecessor-version":[{"id":2113,"href":"https:\/\/icf.church\/ticino\/it\/wp-json\/wp\/v2\/pages\/1627\/revisions\/2113"}],"wp:attachment":[{"href":"https:\/\/icf.church\/ticino\/it\/wp-json\/wp\/v2\/media?parent=1627"}],"curies":[{"name":"wp","href":"https:\/\/api.w.org\/{rel}","templated":true}]}}