{"id":150,"date":"2025-10-02T09:08:34","date_gmt":"2025-10-02T07:08:34","guid":{"rendered":"https:\/\/new.new.icf.church\/tirana\/connect\/"},"modified":"2026-08-30T17:02:12","modified_gmt":"2026-08-30T15:02:12","slug":"bashkohu","status":"publish","type":"page","link":"https:\/\/icf.church\/tirana\/sq\/bashkohu\/","title":{"rendered":"Bashkohu"},"content":{"rendered":"\n<div id=\"block-7\" class=\"wp-block-yellowtree-hero-stage\">\n    <div class=\"hero-stage has-links\">\n        \n\n<div id=\"block-2\" class=\"hero-stage-content\">\n    <div class=\"hero-stage-content__background\">\n        <div class=\"overlay-black-25 h-100\">\n                            <img decoding=\"async\" aria-hidden=\"true\" loading=\"eager\" src=\"https:\/\/icf.church\/tirana\/wp-content\/uploads\/sites\/25\/2025\/10\/kopie-von-kopie-von-marina-38-scaled.jpg\" alt=\"\" class=\"hero-stage-media\" style=\"object-position:50% 50%\" \/>                    <\/div>\n        <div class=\"hero-stage-gradient\"><\/div>\n    <\/div>\n    <div class=\"hero-stage-content__foreground is-layout-constrained\">\n        <h1 id=\"block-1\" class=\"display-1 text-center\">\n    Bashkohu<\/h1>    <\/div>\n<\/div>\n\n\n<div id=\"block-6\" class=\"hero-stage-links is-layout-constrained count-3\">\n    <div class=\"icon-link-cards-layout column-gap-3 row-gap-1 justify-content-center break-md\">\n        \n\n<div id=\"block-3\" data-bs-theme=\"dark\" class=\"wp-block-yellowtree-icon-link-card\">\n  <div class='card-body flex-row justify-content-center align-items-center overflow-hidden gap-2 px-5 px-md-3 py-3 py-md-6'>\n    <div class='d-flex align-items-center gap-4 me-auto me-md-0 flex-md-column text-md-center gap-md-3'>\n      <i class='icon-square fs-2 fs-md-lg-const fa-hands' aria-hidden='true'><\/i>\n      <a class='stretched-link fs-base-const' href='https:\/\/icf.church\/tirana\/en\/connect\/' target=''>\n        I ri k\u00ebtu?      <\/a>\n    <\/div>\n          <i class=\"icon fs-base-const fa-chevron-right ms-auto opacity-50 d-md-none\"><\/i>\n      <\/div>\n<\/div>\n\n\n<div id=\"block-4\" data-bs-theme=\"dark\" class=\"wp-block-yellowtree-icon-link-card\">\n  <div class='card-body flex-row justify-content-center align-items-center overflow-hidden gap-2 px-5 px-md-3 py-3 py-md-6'>\n    <div class='d-flex align-items-center gap-4 me-auto me-md-0 flex-md-column text-md-center gap-md-3'>\n      <i class='icon-square fs-2 fs-md-lg-const fa-users' aria-hidden='true'><\/i>\n      <a class='stretched-link fs-base-const' href='' target=''>\n        Grupe t\u00eb Vogla      <\/a>\n    <\/div>\n          <i class=\"icon fs-base-const fa-chevron-right ms-auto opacity-50 d-md-none\"><\/i>\n      <\/div>\n<\/div>\n\n\n<div id=\"block-5\" data-bs-theme=\"dark\" class=\"wp-block-yellowtree-icon-link-card\">\n  <div class='card-body flex-row justify-content-center align-items-center overflow-hidden gap-2 px-5 px-md-3 py-3 py-md-6'>\n    <div class='d-flex align-items-center gap-4 me-auto me-md-0 flex-md-column text-md-center gap-md-3'>\n      <i class='icon-square fs-2 fs-md-lg-const fa-solid fa-hand-heart' aria-hidden='true'><\/i>\n      <a class='stretched-link fs-base-const' href='https:\/\/icf.church\/tirana\/en\/connect\/' target=''>\n        B\u00ebhu Vullnetar      <\/a>\n    <\/div>\n          <i class=\"icon fs-base-const fa-chevron-right ms-auto opacity-50 d-md-none\"><\/i>\n      <\/div>\n<\/div>\n    <\/div>\n<\/div>\n    <\/div>\n<\/div>\n\n<div id=\"block-11\" class=\"pt-7 pb-2 alignfull is-layout-constrained\">\n  <div>\n            <div class=\"row gx-4 gy-4 \">\n          \n\n<div id=\"block-10\" class=\"col wp-block-yellowtree-column col-12 d-flex flex-column with-streched-height-children align-items-stretch align-items-md-stretch\">\n  <h3 id=\"block-8\" class=\"h3 display-3 text-start\">\n  Mir\u00eb se vjen \u2014 jemi t\u00eb lumtur q\u00eb je k\u00ebtu!<\/h3>\n\n<p id=\"block-9\" class=\"text-start wp-block-paragraph\">\n  T\u00eb ftojm\u00eb ngroht\u00ebsisht t\u00eb njihesh me ICF Tirana. Pastor\u00ebt tan\u00eb Altin Kita &amp; Oreada Kita mezi presin t\u00eb t\u00eb mir\u00ebpresin personalisht dhe t\u00eb t\u00eb japin nj\u00eb pasqyr\u00eb t\u00eb kish\u00ebs son\u00eb.<\/p><\/div>\n        <\/div>\n          <\/div>\n<\/div>\n\n<div id=\"block-15\" class=\"pt-7 pb-2 alignfull is-layout-constrained\">\n  <div>\n            <div class=\"row gx-4 gy-4 \">\n          \n\n<div id=\"block-14\" class=\"col wp-block-yellowtree-column col-12 d-flex flex-column with-streched-height-children align-items-stretch align-items-md-stretch\">\n  <h3 id=\"block-12\" class=\"h3 display-3 text-start\">\n  B\u00ebhu pjes\u00eb e familjes<\/h3>\n\n<p id=\"block-13\" class=\"text-start wp-block-paragraph\">\n  Ne duam q\u00eb kisha t\u00eb b\u00ebhet nj\u00eb familje p\u00ebr ty. Qoft\u00eb n\u00eb nj\u00eb ekip, nj\u00eb grup t\u00eb vog\u00ebl apo nj\u00eb komunitet &#8211; ne kemi vendin e duhur p\u00ebr ty! B\u00ebhu pjes\u00eb e familjes son\u00eb t\u00eb kish\u00ebs dhe p\u00ebrjeto marr\u00ebdh\u00ebnie autentike.<\/p><\/div>\n        <\/div>\n          <\/div>\n<\/div>\n\n<div id=\"block-27\" class=\"pt-2 pb-2 alignfull is-layout-constrained\">\n  <div>\n            <div class=\"row gx-4 gy-4 \">\n          \n\n<div id=\"block-26\" class=\"col wp-block-yellowtree-column col-12 d-flex flex-column with-streched-height-children align-items-stretch align-items-md-stretch\">\n  <div id=\"block-25\" class=\"alignfull is-layout-constrained\">\n  <swiper-container init=\"false\" data-yt-template=\"3-col\" data-yt-pagination=\"true\" data-yt-navigation=\"false\" class=\"has-full-height-slides \">\n          <swiper-slide><article id=\"block-18\" data-bs-theme=\"dark\" class=\"wp-block-yellowtree-card card has-context-height\" style=\"--card-img-position:50% 53%\">\n        <img decoding=\"async\" width=\"1024\" height=\"683\" src=\"https:\/\/icf.church\/tirana\/wp-content\/uploads\/sites\/142\/2026\/08\/700396422_1445303130972000_6318103391306378217_n-1024x683.jpg\" class=\"card-img-top\" alt=\"\" draggable=\"false\" loading=\"lazy\" srcset=\"https:\/\/icf.church\/tirana\/wp-content\/uploads\/sites\/142\/2026\/08\/700396422_1445303130972000_6318103391306378217_n-1024x683.jpg 1024w, https:\/\/icf.church\/tirana\/wp-content\/uploads\/sites\/142\/2026\/08\/700396422_1445303130972000_6318103391306378217_n-300x200.jpg 300w, https:\/\/icf.church\/tirana\/wp-content\/uploads\/sites\/142\/2026\/08\/700396422_1445303130972000_6318103391306378217_n-768x512.jpg 768w, https:\/\/icf.church\/tirana\/wp-content\/uploads\/sites\/142\/2026\/08\/700396422_1445303130972000_6318103391306378217_n-1536x1024.jpg 1536w, https:\/\/icf.church\/tirana\/wp-content\/uploads\/sites\/142\/2026\/08\/700396422_1445303130972000_6318103391306378217_n.jpg 2048w\" sizes=\"(max-width: 1024px) 100vw, 1024px\">    <div class=\"card-body\">\n    <h3 class=\"card-title\">I ri k\u00ebtu?<\/h3>\n    <p class=\"card-text\">Je i ri n\u00eb ICF? D\u00ebshiron t\u00eb m\u00ebsosh m\u00eb shum\u00eb rreth kish\u00ebs dhe besimit? Zbulo se kush \u00ebsht\u00eb Jezusi, \u00e7far\u00eb na p\u00ebrcakton si ICF dhe ku mund t\u00eb jet\u00eb vendi yt n\u00eb k\u00ebt\u00eb kish\u00eb.<\/p>\n    <div id=\"block-17\" class=\"wp-block-yellowtree-card-buttons card-buttons\">\n  \n\n  <div>\n    <a id=\"block-16\" href=\"https:\/\/icf.church\/tirana\/en\/connect\/\" class=\"wp-block-yellowtree-card-button btn btn-sm btn-secondary\">\n      <span>B\u00ebhu pjes\u00eb<\/span>\n              <i class=\"icon fs-base-const fa-arrow-right\" aria-hidden=\"true\"><\/i>\n          <\/a>\n  <\/div>\n\n<\/div>  <\/div>\n<\/article><\/swiper-slide>\n          <swiper-slide><article id=\"block-21\" data-bs-theme=\"dark\" class=\"wp-block-yellowtree-card card has-context-height\" style=\"--card-img-position:52% 66%\">\n        <img decoding=\"async\" width=\"1024\" height=\"683\" src=\"https:\/\/icf.church\/tirana\/wp-content\/uploads\/sites\/142\/2026\/08\/660893626_1402664778569169_2559087068473611889_n-1024x683.jpg\" class=\"card-img-top\" alt=\"\" draggable=\"false\" loading=\"lazy\" srcset=\"https:\/\/icf.church\/tirana\/wp-content\/uploads\/sites\/142\/2026\/08\/660893626_1402664778569169_2559087068473611889_n-1024x683.jpg 1024w, https:\/\/icf.church\/tirana\/wp-content\/uploads\/sites\/142\/2026\/08\/660893626_1402664778569169_2559087068473611889_n-300x200.jpg 300w, https:\/\/icf.church\/tirana\/wp-content\/uploads\/sites\/142\/2026\/08\/660893626_1402664778569169_2559087068473611889_n-768x512.jpg 768w, https:\/\/icf.church\/tirana\/wp-content\/uploads\/sites\/142\/2026\/08\/660893626_1402664778569169_2559087068473611889_n-1536x1024.jpg 1536w, https:\/\/icf.church\/tirana\/wp-content\/uploads\/sites\/142\/2026\/08\/660893626_1402664778569169_2559087068473611889_n.jpg 2048w\" sizes=\"(max-width: 1024px) 100vw, 1024px\">    <div class=\"card-body\">\n    <h3 class=\"card-title\">Grupe t\u00eb Vogla<\/h3>\n    <p class=\"card-text\">N\u00ebse do t\u00eb takosh njer\u00ebz t\u00eb rinj dhe t\u00eb zhvillosh marr\u00ebdh\u00ebnien t\u00ebnde me Per\u00ebndin\u00eb, jemi t\u00eb bindur se nj\u00eb grup i vog\u00ebl n\u00eb ICF do t\u00eb jet\u00eb vendi ideal p\u00ebr ty.<\/p>\n    <div id=\"block-20\" class=\"wp-block-yellowtree-card-buttons card-buttons\">\n  \n\n  <div>\n    <a id=\"block-19\" href=\"https:\/\/icf.church\/tirana\/en\/smallgroup\/\" class=\"wp-block-yellowtree-card-button btn btn-sm btn-secondary\">\n      <span>Gjej t\u00ebndin<\/span>\n              <i class=\"icon fs-base-const fa-arrow-right\" aria-hidden=\"true\"><\/i>\n          <\/a>\n  <\/div>\n\n<\/div>  <\/div>\n<\/article><\/swiper-slide>\n          <swiper-slide><article id=\"block-24\" data-bs-theme=\"dark\" class=\"wp-block-yellowtree-card card has-context-height\" style=\"--card-img-position:52% 33%\">\n        <img decoding=\"async\" width=\"768\" height=\"1024\" src=\"https:\/\/icf.church\/tirana\/wp-content\/uploads\/sites\/142\/2026\/08\/650967278_1385539996948314_880300523287952572_n-768x1024.jpg\" class=\"card-img-top\" alt=\"\" draggable=\"false\" loading=\"lazy\" srcset=\"https:\/\/icf.church\/tirana\/wp-content\/uploads\/sites\/142\/2026\/08\/650967278_1385539996948314_880300523287952572_n-768x1024.jpg 768w, https:\/\/icf.church\/tirana\/wp-content\/uploads\/sites\/142\/2026\/08\/650967278_1385539996948314_880300523287952572_n-225x300.jpg 225w, https:\/\/icf.church\/tirana\/wp-content\/uploads\/sites\/142\/2026\/08\/650967278_1385539996948314_880300523287952572_n.jpg 1080w\" sizes=\"(max-width: 768px) 100vw, 768px\">    <div class=\"card-body\">\n    <h3 class=\"card-title\">B\u00ebhu Vullnetar<\/h3>\n    <p class=\"card-text\">Duke punuar n\u00eb nj\u00eb ekip, mund t\u00eb zhvillosh pasionin \u00ebnd, t\u00eb kultivosh talentet e tua dhe t\u00eb p\u00ebrjetosh shoq\u00ebri t\u00eb mrekullueshme.<\/p>\n    <div id=\"block-23\" class=\"wp-block-yellowtree-card-buttons card-buttons\">\n  \n\n  <div>\n    <a id=\"block-22\" href=\"https:\/\/newnew.icf.church\/tirana\/en\/volunteer\/\" class=\"wp-block-yellowtree-card-button btn btn-sm btn-secondary\">\n      <span>Bashkohu me ne<\/span>\n              <i class=\"icon fs-base-const fa-arrow-right\" aria-hidden=\"true\"><\/i>\n          <\/a>\n  <\/div>\n\n<\/div>  <\/div>\n<\/article><\/swiper-slide>\n      <\/swiper-container>\n<\/div><\/div>\n        <\/div>\n          <\/div>\n<\/div>\n\n<div id=\"block-39\" class=\"pt-2 pb-2 alignfull is-layout-constrained\">\n  <div>\n            <div class=\"row gx-4 gy-4 \">\n          \n\n<div id=\"block-38\" class=\"col wp-block-yellowtree-column col-12 d-flex flex-column with-streched-height-children align-items-stretch align-items-md-stretch\">\n  <div id=\"block-37\" class=\"alignfull is-layout-constrained\">\n  <swiper-container init=\"false\" data-yt-template=\"3-col\" data-yt-pagination=\"true\" data-yt-navigation=\"false\" class=\"has-full-height-slides \">\n          <swiper-slide><article id=\"block-30\" data-bs-theme=\"dark\" class=\"wp-block-yellowtree-card card has-context-height\" style=\"--card-img-position:50% 50%\">\n        <img decoding=\"async\" width=\"1024\" height=\"683\" src=\"https:\/\/icf.church\/tirana\/wp-content\/uploads\/sites\/142\/2026\/08\/742903509_1494988032670176_5792374153980662403_n-1024x683.jpg\" class=\"card-img-top\" alt=\"\" draggable=\"false\" loading=\"lazy\" srcset=\"https:\/\/icf.church\/tirana\/wp-content\/uploads\/sites\/142\/2026\/08\/742903509_1494988032670176_5792374153980662403_n-1024x683.jpg 1024w, https:\/\/icf.church\/tirana\/wp-content\/uploads\/sites\/142\/2026\/08\/742903509_1494988032670176_5792374153980662403_n-300x200.jpg 300w, https:\/\/icf.church\/tirana\/wp-content\/uploads\/sites\/142\/2026\/08\/742903509_1494988032670176_5792374153980662403_n-768x512.jpg 768w, https:\/\/icf.church\/tirana\/wp-content\/uploads\/sites\/142\/2026\/08\/742903509_1494988032670176_5792374153980662403_n-1536x1024.jpg 1536w, https:\/\/icf.church\/tirana\/wp-content\/uploads\/sites\/142\/2026\/08\/742903509_1494988032670176_5792374153980662403_n.jpg 2048w\" sizes=\"(max-width: 1024px) 100vw, 1024px\">    <div class=\"card-body\">\n    <h3 class=\"card-title\">Komunitetet<\/h3>\n    <p class=\"card-text\">P\u00ebr t\u00eb t\u00eb ndihmuar t\u00eb ndihesh shpejt si n\u00eb sht\u00ebpi n\u00eb ICF, ne kemi oferta t\u00eb ndryshme t\u00eb p\u00ebrshtatura p\u00ebr mosha dhe interesa t\u00eb ndryshme.<\/p>\n    <div id=\"block-29\" class=\"wp-block-yellowtree-card-buttons card-buttons\">\n  \n\n  <div>\n    <a id=\"block-28\" href=\"https:\/\/icf.church\/tirana\/en\/communities\/\" class=\"wp-block-yellowtree-card-button btn btn-sm btn-secondary\">\n      <span>Zbulo m\u00eb shum\u00eb<\/span>\n              <i class=\"icon fs-base-const fa-arrow-right\" aria-hidden=\"true\"><\/i>\n          <\/a>\n  <\/div>\n\n<\/div>  <\/div>\n<\/article><\/swiper-slide>\n          <swiper-slide><article id=\"block-33\" data-bs-theme=\"dark\" class=\"wp-block-yellowtree-card card has-context-height\" style=\"--card-img-position:50% 50%\">\n        <img decoding=\"async\" width=\"1024\" height=\"683\" src=\"https:\/\/icf.church\/tirana\/wp-content\/uploads\/sites\/142\/2026\/08\/489974820_10162513810205682_8369352878644320891_n-1024x683.jpg\" class=\"card-img-top\" alt=\"\" draggable=\"false\" loading=\"lazy\" srcset=\"https:\/\/icf.church\/tirana\/wp-content\/uploads\/sites\/142\/2026\/08\/489974820_10162513810205682_8369352878644320891_n-1024x683.jpg 1024w, https:\/\/icf.church\/tirana\/wp-content\/uploads\/sites\/142\/2026\/08\/489974820_10162513810205682_8369352878644320891_n-300x200.jpg 300w, https:\/\/icf.church\/tirana\/wp-content\/uploads\/sites\/142\/2026\/08\/489974820_10162513810205682_8369352878644320891_n-768x512.jpg 768w, https:\/\/icf.church\/tirana\/wp-content\/uploads\/sites\/142\/2026\/08\/489974820_10162513810205682_8369352878644320891_n-1536x1024.jpg 1536w, https:\/\/icf.church\/tirana\/wp-content\/uploads\/sites\/142\/2026\/08\/489974820_10162513810205682_8369352878644320891_n.jpg 2048w\" sizes=\"(max-width: 1024px) 100vw, 1024px\">    <div class=\"card-body\">\n    <h3 class=\"card-title\">ICF N\u00cb SHPI<\/h3>\n    <p class=\"card-text\">P\u00ebrjetoni Festimet e ICF Tirana n\u00ebp\u00ebrmjet transmetimit t\u00eb drejtp\u00ebrdrejt\u00eb s\u00eb bashku me t\u00eb tjer\u00ebt n\u00eb rajonin tuaj dhe njihuni me njer\u00ebz t\u00eb rinj.<\/p>\n    <div id=\"block-32\" class=\"wp-block-yellowtree-card-buttons card-buttons\">\n  \n\n  <div>\n    <a id=\"block-31\" href=\"https:\/\/icf.church\/tirana\/de\/micro-churches\/\" class=\"wp-block-yellowtree-card-button btn btn-sm btn-secondary\">\n      <span>B\u00ebhu pjes\u00eb<\/span>\n              <i class=\"icon fs-base-const fa-arrow-right\" aria-hidden=\"true\"><\/i>\n          <\/a>\n  <\/div>\n\n<\/div>  <\/div>\n<\/article><\/swiper-slide>\n          <swiper-slide><article id=\"block-36\" data-bs-theme=\"dark\" class=\"wp-block-yellowtree-card card has-context-height\" style=\"--card-img-position:50% 50%\">\n        <img decoding=\"async\" width=\"1024\" height=\"683\" src=\"https:\/\/icf.church\/tirana\/wp-content\/uploads\/sites\/142\/2026\/08\/480054764_626819710043244_5383912419953391400_n-1024x683.jpg\" class=\"card-img-top\" alt=\"\" draggable=\"false\" loading=\"lazy\" srcset=\"https:\/\/icf.church\/tirana\/wp-content\/uploads\/sites\/142\/2026\/08\/480054764_626819710043244_5383912419953391400_n-1024x683.jpg 1024w, https:\/\/icf.church\/tirana\/wp-content\/uploads\/sites\/142\/2026\/08\/480054764_626819710043244_5383912419953391400_n-300x200.jpg 300w, https:\/\/icf.church\/tirana\/wp-content\/uploads\/sites\/142\/2026\/08\/480054764_626819710043244_5383912419953391400_n-768x512.jpg 768w, https:\/\/icf.church\/tirana\/wp-content\/uploads\/sites\/142\/2026\/08\/480054764_626819710043244_5383912419953391400_n-1536x1024.jpg 1536w, https:\/\/icf.church\/tirana\/wp-content\/uploads\/sites\/142\/2026\/08\/480054764_626819710043244_5383912419953391400_n.jpg 2048w\" sizes=\"(max-width: 1024px) 100vw, 1024px\">    <div class=\"card-body\">\n    <h3 class=\"card-title\">Zbulo Per\u00ebndin\u00eb<\/h3>\n    <p class=\"card-text\">\u201cZbulo Per\u00ebndin\u00eb\u201d t\u00eb ofron mund\u00ebsin\u00eb p\u00ebr t\u00eb vazhduar udh\u00ebtimin t\u00ebnd me Per\u00ebndin\u00eb \u2014pavar\u00ebsisht se ku ndodhesh tani. P\u00ebrjeto komunitetin dhe provo gj\u00ebra t\u00eb reja\u2014sepse ne nuk duam vet\u00ebm t\u00eb flasim p\u00ebr Per\u00ebndin\u00eb, ne duam ta p\u00ebrjetojm\u00eb At\u00eb.<\/p>\n    <div id=\"block-35\" class=\"wp-block-yellowtree-card-buttons card-buttons\">\n  \n\n  <div>\n    <a id=\"block-34\" href=\"#\" class=\"wp-block-yellowtree-card-button btn btn-sm btn-secondary\">\n      <span>Regjistrohu<\/span>\n              <i class=\"icon fs-base-const fa-arrow-right\" aria-hidden=\"true\"><\/i>\n          <\/a>\n  <\/div>\n\n<\/div>  <\/div>\n<\/article><\/swiper-slide>\n      <\/swiper-container>\n<\/div><\/div>\n        <\/div>\n          <\/div>\n<\/div>\n\n<div id=\"block-43\" class=\"pt-7 pb-2 alignfull is-layout-constrained\">\n  <div>\n            <div class=\"row gx-4 gy-4 \">\n          \n\n<div id=\"block-42\" class=\"col wp-block-yellowtree-column col-12 d-flex flex-column with-streched-height-children align-items-stretch align-items-md-stretch\">\n  <h3 id=\"block-40\" class=\"h3 display-3 text-start\">\n  Na kontakto<\/h3>\n\n<p id=\"block-41\" class=\"text-start wp-block-paragraph\">\n  D\u00ebshiron t\u00eb m\u00ebsosh m\u00eb shum\u00eb rreth ICF apo thjesht t\u00eb na kontaktosh?Presim me padurim t\u00eb d\u00ebgjojm\u00eb nga ti.<\/p><\/div>\n        <\/div>\n          <\/div>\n<\/div>\n\n<div id=\"block-45\" class=\"pt-6 pb-6 alignfull is-layout-constrained\">\n  <div>\n            <div class=\"row gx-4 gy-4 \">\n          \n\n<div id=\"block-44\" class=\"col wp-block-yellowtree-column col-12 d-flex flex-column with-streched-height-children align-items-stretch align-items-md-stretch\">\n  <\/div>\n        <\/div>\n          <\/div>\n<\/div>\n\n<div id=\"block-54\" class=\"pt-9 pb-2 alignfull is-layout-constrained\">\n  <div>\n            <div class=\"row gx-4 gy-4 \">\n          \n\n<div id=\"block-53\" class=\"col wp-block-yellowtree-column col-12 d-flex flex-column with-streched-height-children align-items-stretch align-items-md-stretch\">\n  <div>\n  <div id=\"block-52\" class=\"wp-block-yellowtree-connect-social connect-social\">\n      \n\n<h2 id=\"block-46\" class=\"text-center display-2 mb-5\">\n    Q\u00ebndro i lidhur<\/h2>\n\n\n<p id=\"block-47\" class=\"text-center mb-6\">\n    B\u00ebhu ndjek\u00ebs i ICF Tirana n\u00eb rrjetet sociale, q\u00eb t\u00eb mos humbisni asgj\u00eb.<br>K\u00ebtu do t\u00eb merrni rregullisht lajme dhe p\u00ebrdit\u00ebsime mbi ofertat dhe aktivitetet.<\/p>\n\n\n<div id=\"block-51\" class=\"wp-block-yellowtree-connect-social-links d-flex gap-1 gap-md-5 justify-content-center\">\n  \n\n<a id=\"block-48\" href=\"instagram.com\/icf.tirana\/\" target=\"_blank\" data-variation=\"instagram\" class=\"wp-block-yellowtree-connect-social-link btn\" aria-label=\"Instagram Link\">\n  <i class=\"icon connect-social-icon fs-md-lg-const fs-h3-const fa-brands fa-instagram\" aria-hidden=\"true\"><\/i>\n<\/a>\n\n\n\n\n\n<a id=\"block-50\" href=\"youtube.com\/@ICFTirana\" target=\"_blank\" data-variation=\"youtube\" class=\"wp-block-yellowtree-connect-social-link btn\" aria-label=\"Youtube Link\">\n  <i class=\"icon connect-social-icon fs-md-lg-const fs-h3-const fa-brands fa-youtube\" aria-hidden=\"true\"><\/i>\n<\/a>\n<\/div>\n  <\/div>\n<\/div><\/div>\n        <\/div>\n          <\/div>\n<\/div>\n\n<p id=\"block-55\" class=\"text-start wp-block-paragraph\">\n  <\/p>","protected":false},"excerpt":{"rendered":"<p>We want church to become a family for you. Whether in a team, a small group, or a community\u2014we have the right place for you! Become part of our church family and experience authentic relationships.  <\/p>\n","protected":false},"author":3,"featured_media":584,"parent":0,"menu_order":7,"comment_status":"closed","ping_status":"closed","template":"","meta":{"_acf_changed":false,"_seopress_titles_title":"","_seopress_titles_desc":"","_seopress_robots_index":"","_seopress_robots_follow":"","_seopress_robots_imageindex":"","_seopress_robots_snippet":"","_seopress_robots_primary_cat":"","_seopress_robots_breadcrumbs":"","_seopress_robots_freeze_modified_date":"","_seopress_robots_custom_modified_date":"","_seopress_robots_canonical":"","_seopress_social_fb_title":"","_seopress_social_fb_desc":"","_seopress_social_fb_img":"","_seopress_social_fb_img_attachment_id":0,"_seopress_social_fb_img_width":0,"_seopress_social_fb_img_height":0,"_seopress_social_twitter_title":"","_seopress_social_twitter_desc":"","_seopress_social_twitter_img":"","_seopress_social_twitter_img_attachment_id":0,"_seopress_social_twitter_img_width":0,"_seopress_social_twitter_img_height":0,"_seopress_redirections_value":"","_seopress_redirections_enabled":"","_seopress_redirections_enabled_regex":"","_seopress_redirections_logged_status":"both","_seopress_redirections_param":"","_seopress_redirections_type":301,"_seopress_analysis_target_kw":"","_seopress_news_disabled":"","_seopress_video_disabled":"","_seopress_video":[{"url":"","title":"","desc":"","thumbnail":"","duration":"","rating":"","view_count":"","tag":""}],"_seopress_pro_schemas_manual":[],"_seopress_pro_rich_snippets_disable_all":"","_seopress_pro_rich_snippets_disable":[],"_seopress_pro_schemas":[],"yt_custom_styles_scss":"","yt_custom_styles_rounded_corners":false,"yt_custom_styles_color_scheme":"","footnotes":""},"class_list":["post-150","page","type-page","status-publish","has-post-thumbnail","hentry"],"acf":[],"_links":{"self":[{"href":"https:\/\/icf.church\/tirana\/sq\/wp-json\/wp\/v2\/pages\/150","targetHints":{"allow":["GET"]}}],"collection":[{"href":"https:\/\/icf.church\/tirana\/sq\/wp-json\/wp\/v2\/pages"}],"about":[{"href":"https:\/\/icf.church\/tirana\/sq\/wp-json\/wp\/v2\/types\/page"}],"author":[{"embeddable":true,"href":"https:\/\/icf.church\/tirana\/sq\/wp-json\/wp\/v2\/users\/3"}],"replies":[{"embeddable":true,"href":"https:\/\/icf.church\/tirana\/sq\/wp-json\/wp\/v2\/comments?post=150"}],"version-history":[{"count":23,"href":"https:\/\/icf.church\/tirana\/sq\/wp-json\/wp\/v2\/pages\/150\/revisions"}],"predecessor-version":[{"id":1162,"href":"https:\/\/icf.church\/tirana\/sq\/wp-json\/wp\/v2\/pages\/150\/revisions\/1162"}],"wp:featuredmedia":[{"embeddable":true,"href":"https:\/\/icf.church\/tirana\/sq\/wp-json\/wp\/v2\/media\/584"}],"wp:attachment":[{"href":"https:\/\/icf.church\/tirana\/sq\/wp-json\/wp\/v2\/media?parent=150"}],"curies":[{"name":"wp","href":"https:\/\/api.w.org\/{rel}","templated":true}]}}