{"id":152,"date":"2025-10-02T09:07:59","date_gmt":"2025-10-02T07:07:59","guid":{"rendered":"https:\/\/new.new.icf.church\/tirana\/give-optional\/"},"modified":"2026-08-30T16:58:55","modified_gmt":"2026-08-30T14:58:55","slug":"dhuro","status":"publish","type":"page","link":"https:\/\/icf.church\/tirana\/sq\/dhuro\/","title":{"rendered":"Dhuro"},"content":{"rendered":"<div id=\"block-4\" class=\"pt-2 pb-2 alignfull is-layout-constrained\">\n  <div>\n            <div class=\"row gx-4 gy-4 \">\n          \n\n<div id=\"block-3\" class=\"col wp-block-yellowtree-column col-12 d-flex flex-column with-streched-height-children align-items-stretch align-items-md-stretch\">\n  <h1 id=\"block-1\" class=\"mt-7 mb-6 h1 display-1 text-start\">\n  Dhuro<\/h1>\n\n<h2 id=\"block-2\" class=\"h2 text-start\">\n  Bujaria jote sjell ndryshim!<\/h2><\/div>\n        <\/div>\n          <\/div>\n<\/div>\n\n\n<div id=\"block-10\" class=\"wp-block-yellowtree-hero-stage\">\n    <div class=\"hero-stage has-links\">\n        \n\n<div id=\"block-6\" class=\"hero-stage-content\">\n    <div class=\"hero-stage-content__background\">\n        <div class=\"overlay-black-25 h-100\">\n                            <img fetchpriority=\"high\" decoding=\"async\" width=\"1939\" height=\"2560\" src=\"https:\/\/icf.church\/tirana\/wp-content\/uploads\/sites\/142\/2026\/08\/778835353_18479165068110817_5060074038518722354_n-scaled.jpg\" class=\"hero-stage-media\" alt=\"\" style=\"object-position: 50% 44%;\" aria-hidden=\"true\" loading=\"eager\" srcset=\"https:\/\/icf.church\/tirana\/wp-content\/uploads\/sites\/142\/2026\/08\/778835353_18479165068110817_5060074038518722354_n-scaled.jpg 1939w, https:\/\/icf.church\/tirana\/wp-content\/uploads\/sites\/142\/2026\/08\/778835353_18479165068110817_5060074038518722354_n-227x300.jpg 227w, https:\/\/icf.church\/tirana\/wp-content\/uploads\/sites\/142\/2026\/08\/778835353_18479165068110817_5060074038518722354_n-776x1024.jpg 776w, https:\/\/icf.church\/tirana\/wp-content\/uploads\/sites\/142\/2026\/08\/778835353_18479165068110817_5060074038518722354_n-768x1014.jpg 768w, https:\/\/icf.church\/tirana\/wp-content\/uploads\/sites\/142\/2026\/08\/778835353_18479165068110817_5060074038518722354_n-1164x1536.jpg 1164w, https:\/\/icf.church\/tirana\/wp-content\/uploads\/sites\/142\/2026\/08\/778835353_18479165068110817_5060074038518722354_n-1552x2048.jpg 1552w\" sizes=\"(max-width: 1939px) 100vw, 1939px\" \/>                    <\/div>\n        <div class=\"hero-stage-gradient\"><\/div>\n    <\/div>\n    <div class=\"hero-stage-content__foreground is-layout-constrained\">\n        <h1 id=\"block-5\" class=\"display-1 text-center\">\n    <\/h1>    <\/div>\n<\/div>\n\n\n<div id=\"block-9\" class=\"hero-stage-links is-layout-constrained count-2\">\n    <div class=\"icon-link-cards-layout column-gap-3 row-gap-1 justify-content-center break-md\">\n        \n\n<div id=\"block-7\" data-bs-theme=\"dark\" class=\"wp-block-yellowtree-icon-link-card\">\n  <div class='card-body flex-row justify-content-center align-items-center overflow-hidden gap-2 px-5 px-md-3 py-3 py-md-6'>\n    <div class='d-flex align-items-center gap-4 me-auto me-md-0 flex-md-column text-md-center gap-md-3'>\n      <i class='icon-square fs-2 fs-md-lg-const fa-solid fa-heart' aria-hidden='true'><\/i>\n      <a class='stretched-link fs-base-const' href='' target=''>\n        Dhuro tani      <\/a>\n    <\/div>\n          <i class=\"icon fs-base-const fa-chevron-right ms-auto opacity-50 d-md-none\"><\/i>\n      <\/div>\n<\/div>\n\n\n<div id=\"block-8\" data-bs-theme=\"dark\" class=\"wp-block-yellowtree-icon-link-card\">\n  <div class='card-body flex-row justify-content-center align-items-center overflow-hidden gap-2 px-5 px-md-3 py-3 py-md-6'>\n    <div class='d-flex align-items-center gap-4 me-auto me-md-0 flex-md-column text-md-center gap-md-3'>\n      <i class='icon-square fs-2 fs-md-lg-const fa-solid fa-handshake' aria-hidden='true'><\/i>\n      <a class='stretched-link fs-base-const' href='' target=''>\n        Opsionet e dh\u00ebnies      <\/a>\n    <\/div>\n          <i class=\"icon fs-base-const fa-chevron-right ms-auto opacity-50 d-md-none\"><\/i>\n      <\/div>\n<\/div>\n    <\/div>\n<\/div>\n    <\/div>\n<\/div>\n\n<div id=\"block-14\" class=\"pb-4 alignfull is-layout-constrained\">\n  <div>\n            <div class=\"row gx-4 gy-4 \">\n          \n\n<div id=\"block-13\" class=\"gap-2 col wp-block-yellowtree-column col-12 d-flex flex-column with-streched-height-children align-items-stretch align-items-md-stretch\">\n  <h3 id=\"block-11\" class=\"mt-7 h3 display-3 text-start\" style=\"margin-bottom:0\">\n  Mund\u00ebsi p\u00ebr t\u00eb dh\u00ebn\u00eb<\/h3>\n\n<p id=\"block-12\" class=\"fs-base text-start wp-block-paragraph\" style=\"margin-top:0\">\n  Kisha jon\u00eb nuk \u00ebsht\u00eb nd\u00ebrtuar mbi talentet e disa njer\u00ebzve, por mbi vendosm\u00ebrin\u00eb dhe bujarin\u00eb e shum\u00eb njer\u00ebzve.<\/p><\/div>\n        <\/div>\n          <\/div>\n<\/div>\n\n<div id=\"block-18\" class=\"mb-6 alignfull is-layout-constrained\" style=\"margin-top:0\">\n  <swiper-container init=\"false\" data-yt-template=\"3-col\" data-yt-pagination=\"true\" data-yt-navigation=\"true\" class=\"has-full-height-slides \" >\n          <swiper-slide><article id=\"block-15\" data-bs-theme=\"dark\" data-bs-toggle=\"collapse\" data-bs-target=\"#block-15-collapse\" data-toggle-on-hover=\"true\" data-target-link=\"block-15-link\" aria-expanded=\"false\" aria-controls=\"block-15-collapse\" class=\"card wp-block-yellowtree-image-card has-context-height cursor-pointer\" style=\"--card-aspect-ratio:0.8;max-width:100%;--card-img-position:50% 50%\">\n      <a id=\"block-15-link\" href=\"https:\/\/icf.church\/test\" aria-labelledby=\"block-15-heading\" class=\"stretched-link text-decoration-none\"><\/a>\n        <img decoding=\"async\" aria-hidden=\"true\" loading=\"lazy\" src=\"https:\/\/icf.church\/tirana\/wp-content\/uploads\/sites\/25\/2025\/10\/uberweisung-scaled.jpg\" alt=\"\" class=\"card-bg-img opacity-75\">    <div class=\"d-flex flex-column h-100 overflow-y-auto z-1\">\n          <div class=\"card-tags mb-2 mt-0\">\n                  <div class=\"badge text-bg-primary\">\n            Popular          <\/div>\n              <\/div>\n        <div class=\"card-body overflow-visible py-0 px-4 flex-grow-1\">\n      <h2 id=\"block-15-heading\" class=\"mb-0 mt-auto fs-h2-const\">Transfert\u00eb bankare<\/h2>\n      <div id=\"block-15-collapse\" class=\"collapse\">\n        <p class=\"mt-2\">Lorem ipsum dolor sit amet, consetetur sadipscing elitr, sed diam nonumy eirmod tempor invidunt ut labore et dolore magna aliquyam erat, sed diam voluptua.<\/p>\n      <\/div>\n    <\/div>\n  <\/div>\n<\/article><\/swiper-slide>\n          <swiper-slide><article id=\"block-16\" data-bs-theme=\"dark\" data-bs-toggle=\"collapse\" data-bs-target=\"#block-16-collapse\" data-toggle-on-hover=\"true\" data-target-link=\"block-16-link\" aria-expanded=\"false\" aria-controls=\"block-16-collapse\" class=\"card wp-block-yellowtree-image-card has-context-height cursor-pointer\" style=\"--card-aspect-ratio:0.8;max-width:100%;--card-img-position:50% 50%\">\n      <a id=\"block-16-link\" href=\"https:\/\/icf.church\/test\" aria-labelledby=\"block-16-heading\" class=\"stretched-link text-decoration-none\"><\/a>\n        <img decoding=\"async\" aria-hidden=\"true\" loading=\"lazy\" src=\"https:\/\/icf.church\/tirana\/wp-content\/uploads\/sites\/25\/2025\/10\/creditcard-scaled.jpg\" alt=\"\" class=\"card-bg-img opacity-75\">    <div class=\"d-flex flex-column h-100 overflow-y-auto z-1\">\n        <div class=\"card-body overflow-visible py-0 px-4 flex-grow-1\">\n      <h2 id=\"block-16-heading\" class=\"mb-0 mt-auto fs-h2-const\">Online | Kart\u00eb krediti<\/h2>\n      <div id=\"block-16-collapse\" class=\"collapse\">\n        <p class=\"mt-2\">Here you can pay with your credit card or various online payment systems. The payment is processed via the secure page of our payment partner.<\/p>\n      <\/div>\n    <\/div>\n  <\/div>\n<\/article><\/swiper-slide>\n          <swiper-slide><article id=\"block-17\" data-bs-theme=\"dark\" data-bs-toggle=\"collapse\" data-bs-target=\"#block-17-collapse\" data-toggle-on-hover=\"true\" data-target-link=\"block-17-link\" aria-expanded=\"false\" aria-controls=\"block-17-collapse\" tabindex=\"0\" class=\"card wp-block-yellowtree-image-card has-context-height\" style=\"--card-aspect-ratio:0.8;max-width:100%;--card-img-position:50% 50%\">\n        <img decoding=\"async\" aria-hidden=\"true\" loading=\"lazy\" src=\"https:\/\/icf.church\/tirana\/wp-content\/uploads\/sites\/25\/2025\/10\/paypal-scaled.jpg\" alt=\"\" class=\"card-bg-img opacity-75\">    <div class=\"d-flex flex-column h-100 overflow-y-auto z-1\">\n          <div class=\"card-tags mb-2 mt-0\">\n                  <div class=\"badge text-bg-primary\">\n            NEW          <\/div>\n              <\/div>\n        <div class=\"card-body overflow-visible py-0 px-4 flex-grow-1\">\n      <h2 id=\"block-17-heading\" class=\"mb-0 mt-auto fs-h2-const\">PayPal<\/h2>\n      <div id=\"block-17-collapse\" class=\"collapse\">\n        <p class=\"mt-2\">At vero eos et accusam et justo duo dolores et ea rebum. Stet clita kasd gubergren, no sea takimata sanctus est Lorem ipsum dolor sit amet.<\/p>\n      <\/div>\n    <\/div>\n  <\/div>\n<\/article><\/swiper-slide>\n      <\/swiper-container>\n<\/div>\n\n<div id=\"block-21\" class=\"pt-2 pb-2 alignfull is-layout-constrained\">\n  <div>\n            <div class=\"row gx-4 gy-4 \">\n          \n\n<div id=\"block-20\" class=\"col wp-block-yellowtree-column col-12 d-flex flex-column with-streched-height-children align-items-center align-items-md-center\">\n  <div>\n    <a id=\"block-19\" href=\"\" rel=\"\" class=\"wp-block-yellowtree-button-link btn btn-action-2\">\n      <span>Dhuro tani<\/span>\n          <\/a>\n  <\/div><\/div>\n        <\/div>\n          <\/div>\n<\/div>\n\n<div id=\"block-29\" class=\"pt-8 pb-8 alignfull is-layout-constrained\">\n  <div>\n            <div class=\"row gx-4 gy-4 \">\n          \n\n<div id=\"block-28\" class=\"col wp-block-yellowtree-column col-12 d-flex flex-column with-streched-height-children align-items-stretch align-items-md-stretch\">\n  <div id=\"block-27\" class=\"is-style-4-3 wp-block-yellowtree-text-image d-flex flex-column flex-lg-row gap-3\">\n    \n\n<div id=\"block-22\" class=\"wp-block-yellowtree-locked-image\">\n    <img decoding=\"async\" loading=\"lazy\" sizes=\"(max-width: 992px) 100vw, 1600px\" src=\"https:\/\/icf.church\/tirana\/wp-content\/uploads\/sites\/25\/2025\/10\/reachbeyond-1-scaled.jpg\" alt=\"Diversity of people enjoying a communal meal in a modern, bright room with decorative light bulbs and wood paneling; expression of cohesion and social interaction in an informal setting.\" class=\"w-100 h-100 object-fit-cover\" style=\"object-position:50% 50%\"><\/div>\n\n\n\n<div id=\"block-26\" data-bs-theme=\"dark\" class=\"card wp-block-yellowtree-text-card has-context-height\">\n  <div class=\"card-body px-4 py-6 p-sm-6 p-lg-8\">\n    \n\n<h2 id=\"block-23\">\n    ARRIJM\u00cb P\u00ebrtej<\/h2>\n\n\n<p id=\"block-24\">\n    ARRIJM\u00cb P\u00cbRTEJ \u2013 Kjo \u00ebsht\u00eb fushata jon\u00eb vjetore p\u00ebr mbledhjen e fondeve. Na mund\u00ebson t\u00eb arrijm\u00eb m\u00eb shum\u00eb njer\u00ebz p\u00ebr Jezusin, t\u00eb p\u00ebrmbushim nevojat, t\u00eb zgjerojm\u00eb kishat n\u00eb nivel lokal dhe t\u00eb fillojm\u00eb kisha t\u00eb reja n\u00eb nivel global.<\/p>\n\n\n  <div>\n    <a id=\"block-25\" href=\"https:\/\/icf.church\/tirana\/en\/reach-beyond-2026\/\" rel=\"\" class=\"wp-block-yellowtree-button-link btn btn-default\">\n      <span>M\u00ebso m\u00eb shum\u00eb<\/span>\n              <i class=\"icon fs-base-const fa-solid fa-arrow-right\" aria-hidden=\"true\"><\/i>\n          <\/a>\n  <\/div>\n\n  <\/div>\n<\/div>\n<\/div><\/div>\n        <\/div>\n          <\/div>\n<\/div>\n\n<div id=\"block-35\" class=\"mt-10 mb-6 alignfull is-layout-constrained\">\n  <swiper-container init=\"false\" data-yt-template=\"4-col\" data-yt-pagination=\"true\" data-yt-navigation=\"true\" class=\"\" >\n          <swiper-slide><article id=\"block-30\" data-bs-theme=\"dark\" class=\"card wp-block-yellowtree-testimonial-card overflow-hidden has-context-height\">\n  <div class=\"card-body p-5 text-bg-trend3\">\n    <i class=\"align-self-end testimonial-card-icon mb-3\"><\/i>\n          <img decoding=\"async\" draggable=\"false\" loading=\"lazy\" src=\"https:\/\/icf.church\/tirana\/wp-content\/uploads\/sites\/25\/2025\/10\/liberia.png\" alt=\"\" class=\"testimonial-card-img align-self-center mb-3\">        <blockquote class=\"flex-1 mb-4\">\n      Ky \u00ebsht\u00eb nj\u00eb shembull i D\u00ebshmis\u00eb 1    <\/blockquote>\n    <p class=\"fs-caption fw-bold mb-0\">\n      <span>Tom<\/span>\n              <span class=\"testimonial-card-source-divider\">&#124;<\/span>\n            <span>ICF Berlin<\/span>\n    <\/p>\n  <\/div>\n<\/article><\/swiper-slide>\n          <swiper-slide><article id=\"block-31\" data-bs-theme=\"dark\" class=\"card wp-block-yellowtree-testimonial-card overflow-hidden has-context-height\">\n  <div class=\"card-body p-5 text-bg-trend2\">\n    <i class=\"align-self-end testimonial-card-icon mb-3\"><\/i>\n        <blockquote class=\"flex-1 mb-4\">\n      This is an example Testimony 2    <\/blockquote>\n    <p class=\"fs-caption fw-bold mb-0\">\n      <span>Lisa<\/span>\n              <span class=\"testimonial-card-source-divider\">&#124;<\/span>\n            <span>ICF Zurich<\/span>\n    <\/p>\n  <\/div>\n<\/article><\/swiper-slide>\n          <swiper-slide><article id=\"block-32\" data-bs-theme=\"dark\" class=\"card wp-block-yellowtree-testimonial-card overflow-hidden has-context-height\">\n  <div class=\"card-body p-5 text-bg-trend1\">\n    <i class=\"align-self-end testimonial-card-icon mb-3\"><\/i>\n          <img decoding=\"async\" draggable=\"false\" loading=\"lazy\" src=\"https:\/\/icf.church\/tirana\/wp-content\/uploads\/sites\/25\/2025\/10\/patkliever.png\" alt=\"\" class=\"testimonial-card-img align-self-center mb-3\">        <blockquote class=\"flex-1 mb-4\">\n      Lorem ipsum dolor sit amet, consectetur adipiscing elit. Praesent vitae magna nec justo gravida fringilla. Aenean id turpis et risus porttitor tincidunt. Integer viverra metus    <\/blockquote>\n    <p class=\"fs-caption fw-bold mb-0\">\n      <span>Tom<\/span>\n              <span class=\"testimonial-card-source-divider\">&#124;<\/span>\n            <span>ICF Berlin<\/span>\n    <\/p>\n  <\/div>\n<\/article><\/swiper-slide>\n          <swiper-slide><article id=\"block-33\" data-bs-theme=\"dark\" class=\"card wp-block-yellowtree-testimonial-card overflow-hidden has-context-height\">\n  <div class=\"card-body p-5 text-bg-trend3\">\n    <i class=\"align-self-end testimonial-card-icon mb-3\"><\/i>\n        <blockquote class=\"flex-1 mb-4\">\n      This is an example Testimony 4    <\/blockquote>\n    <p class=\"fs-caption fw-bold mb-0\">\n      <span>Marie<\/span>\n              <span class=\"testimonial-card-source-divider\">&#124;<\/span>\n            <span>ICF Munich<\/span>\n    <\/p>\n  <\/div>\n<\/article><\/swiper-slide>\n          <swiper-slide><article id=\"block-34\" data-bs-theme=\"dark\" class=\"card wp-block-yellowtree-testimonial-card overflow-hidden has-context-height\">\n  <div class=\"card-body p-5 text-bg-trend1\">\n    <i class=\"align-self-end testimonial-card-icon mb-3\"><\/i>\n        <blockquote class=\"flex-1 mb-4\">\n      Here is a quote spanning several lines. Voices on donation projects, donation successes, or possible goals.    <\/blockquote>\n    <p class=\"fs-caption fw-bold mb-0\">\n      <span>Lisa<\/span>\n              <span class=\"testimonial-card-source-divider\">&#124;<\/span>\n            <span>ICF Zurich<\/span>\n    <\/p>\n  <\/div>\n<\/article><\/swiper-slide>\n      <\/swiper-container>\n<\/div>\n\n<div id=\"block-38\" class=\"pt-10 pb-10 alignfull is-layout-constrained\">\n  <div>\n            <div class=\"row gx-4 gy-4 \">\n          \n\n<div id=\"block-37\" class=\"col wp-block-yellowtree-column col-12 d-flex flex-column with-streched-height-children align-items-center align-items-md-center\">\n  <div>\n    <a id=\"block-36\" href=\"\" rel=\"\" class=\"wp-block-yellowtree-button-link btn btn-action-2\">\n      <span>Give now<\/span>\n          <\/a>\n  <\/div><\/div>\n        <\/div>\n          <\/div>\n<\/div>\n\n<div id=\"block-46\" class=\"pt-4 pb-6 alignfull is-layout-constrained\">\n  <div>\n            <div class=\"row gx-4 gy-4 \">\n          \n\n<div id=\"block-45\" class=\"col wp-block-yellowtree-column col-12 d-flex flex-column with-streched-height-children align-items-stretch align-items-md-stretch\">\n  <div id=\"block-44\" class=\"is-style-4-3 wp-block-yellowtree-text-image d-flex flex-column flex-lg-row gap-3\">\n    \n\n<div id=\"block-39\" class=\"wp-block-yellowtree-locked-image\">\n    <img decoding=\"async\" loading=\"lazy\" sizes=\"(max-width: 992px) 100vw, 1600px\" src=\"https:\/\/icf.church\/tirana\/wp-content\/uploads\/sites\/25\/2025\/10\/241231_10-07-07_ll24_alina-s-scaled.jpg\" alt=\"\" class=\"w-100 h-100 object-fit-cover\" style=\"object-position:50% 50%\"><\/div>\n\n\n\n<div id=\"block-43\" class=\"card wp-block-yellowtree-text-card has-context-height\" style=\"--bs-card-bg:transparent;--bs-card-color:inherit\">\n  <div class=\"card-body px-4 py-6 p-sm-6 p-lg-8\">\n    \n\n<h2 id=\"block-40\">\n    Raporti Vjetor 2025 nga ICF Tirana<\/h2>\n\n\n<p id=\"block-41\">\n    Shihni \u00e7far\u00eb ka b\u00ebr\u00eb Per\u00ebndia me ne si ICF Tirana n\u00eb t\u00eb gjitha vendet dhe grupmoshat n\u00eb vitin 2025.<br>\u00a0<br>Pas \u00e7do numri \u00ebsht\u00eb nj\u00eb histori q\u00eb Per\u00ebndia po e shkruan me dik\u00eb!<\/p>\n\n\n  <div>\n    <a id=\"block-42\" href=\"\" rel=\"\" class=\"wp-block-yellowtree-button-link btn btn-default\">\n      <span>P\u00ebr raportin vjetor<\/span>\n              <i class=\"icon fs-base-const fa-solid fa-book\" aria-hidden=\"true\"><\/i>\n          <\/a>\n  <\/div>\n\n  <\/div>\n<\/div>\n<\/div><\/div>\n        <\/div>\n          <\/div>\n<\/div>\n\n<h3 id=\"block-47\" class=\"mt-10 mb-4 h3 display-3 text-start\">\n  Pyetje t\u00eb Shpeshta<\/h3>\n\n<div id=\"block-66\" class=\"pt-2 pb-6 alignfull is-layout-constrained\">\n  <div>\n            <div class=\"row gx-4 gy-4 \">\n          \n\n<div id=\"block-65\" class=\"col wp-block-yellowtree-column col-12 d-flex flex-column with-streched-height-children align-items-stretch align-items-md-stretch\">\n  <div id=\"block-64\" class=\"accordion\">\n  <body>\n\n<div id=\"block-49\" data-bs-theme=\"dark\" class=\"overflow-hidden wp-block-yellowtree-accordion-item\">\n  <div class=\"accordion-header\">\n    <button class=\"accordion-button rounded-0 collapsed focus-ring-inset\" type=\"button\" data-bs-toggle=\"collapse\" data-bs-target=\"#block-49-collapse\" aria-expanded=\"false\" aria-controls=\"block-49-collapse\">\n      <div>\n        <h3 class=\"mb-0\">\n          Si financohet ICF?        <\/h3>\n              <\/div>\n      <div class=\"ms-auto accordion-icons icon-container-base\">\n        <i class=\"icon fa-arrow-right accordion-icon-default\"><\/i>\n        <i class=\"icon fa-close accordion-icon-alt\"><\/i>\n      <\/div>\n    <\/button>\n  <\/div>\n  <div id=\"block-49-collapse\" class=\"accordion-collapse collapse \" data-bs-parent=\"#block-64\">\n    <div class=\"accordion-body pt-0\">\n      <p id=\"block-48\" class=\"text-start wp-block-paragraph\">\n  ICF financohet sipas parimeve biblike q\u00eb kan\u00eb provuar veten q\u00eb nga Dhjata e Vjet\u00ebr. Per\u00ebndia e vendosi t\u00eb dhjet\u00ebn si baz\u00eb p\u00ebr sigurimin e tempullit &#8211; sot, q\u00eb \u00ebsht\u00eb kisha, ku njer\u00ebzit takohen me Zotin, rriten shpirt\u00ebrisht dhe b\u00ebjn\u00eb nj\u00eb ndryshim s\u00eb bashku.<\/p>    <\/div>\n  <\/div>\n<\/div>\n\n\n<div id=\"block-51\" data-bs-theme=\"dark\" class=\"overflow-hidden wp-block-yellowtree-accordion-item\">\n  <div class=\"accordion-header\">\n    <button class=\"accordion-button rounded-0 collapsed focus-ring-inset\" type=\"button\" data-bs-toggle=\"collapse\" data-bs-target=\"#block-51-collapse\" aria-expanded=\"false\" aria-controls=\"block-51-collapse\">\n      <div>\n        <h3 class=\"mb-0\">\n          \u00c7far\u00eb do t\u00eb thot\u00eb e dhjeta?        <\/h3>\n              <\/div>\n      <div class=\"ms-auto accordion-icons icon-container-base\">\n        <i class=\"icon fa-arrow-right accordion-icon-default\"><\/i>\n        <i class=\"icon fa-close accordion-icon-alt\"><\/i>\n      <\/div>\n    <\/button>\n  <\/div>\n  <div id=\"block-51-collapse\" class=\"accordion-collapse collapse \" data-bs-parent=\"#block-64\">\n    <div class=\"accordion-body pt-0\">\n      <p id=\"block-50\" class=\"text-start wp-block-paragraph\">\n  E dhjeta nuk \u00ebsht\u00eb ligj, por nj\u00eb parim biblik: ne i japim 10% t\u00eb t\u00eb ardhurave tona sht\u00ebpis\u00eb s\u00eb Per\u00ebndis\u00eb p\u00ebr t\u00eb nderuar sigurimin e Tij. Sot, ajo financon pagat e pastor\u00ebve dhe stafit, kostot e nd\u00ebrtimit dhe fushat e ndryshme t\u00eb kish\u00ebs.<\/p>    <\/div>\n  <\/div>\n<\/div>\n\n\n<div id=\"block-53\" data-bs-theme=\"dark\" class=\"overflow-hidden wp-block-yellowtree-accordion-item\">\n  <div class=\"accordion-header\">\n    <button class=\"accordion-button rounded-0 collapsed focus-ring-inset\" type=\"button\" data-bs-toggle=\"collapse\" data-bs-target=\"#block-53-collapse\" aria-expanded=\"false\" aria-controls=\"block-53-collapse\">\n      <div>\n        <h3 class=\"mb-0\">\n          A jep edhe vet\u00eb ICF nj\u00eb t\u00eb dhjet\u00eb?        <\/h3>\n              <\/div>\n      <div class=\"ms-auto accordion-icons icon-container-base\">\n        <i class=\"icon fa-arrow-right accordion-icon-default\"><\/i>\n        <i class=\"icon fa-close accordion-icon-alt\"><\/i>\n      <\/div>\n    <\/button>\n  <\/div>\n  <div id=\"block-53-collapse\" class=\"accordion-collapse collapse \" data-bs-parent=\"#block-64\">\n    <div class=\"accordion-body pt-0\">\n      <p id=\"block-52\" class=\"text-start wp-block-paragraph\">\n  Po! Ne n\u00eb ICF japim gjithashtu 10% t\u00eb t\u00eb ardhurave tona p\u00ebr projekte sociale, organizata partnere dhe L\u00ebvizjen ICF. Ne besojm\u00eb se ajo q\u00eb mbjellim do t\u00eb sjell\u00eb fryte!<\/p>    <\/div>\n  <\/div>\n<\/div>\n\n\n<div id=\"block-55\" data-bs-theme=\"dark\" class=\"overflow-hidden wp-block-yellowtree-accordion-item\">\n  <div class=\"accordion-header\">\n    <button class=\"accordion-button rounded-0 collapsed focus-ring-inset\" type=\"button\" data-bs-toggle=\"collapse\" data-bs-target=\"#block-55-collapse\" aria-expanded=\"false\" aria-controls=\"block-55-collapse\">\n      <div>\n        <h3 class=\"mb-0\">\n          Cili \u00ebsht\u00eb fruti i par\u00eb?        <\/h3>\n              <\/div>\n      <div class=\"ms-auto accordion-icons icon-container-base\">\n        <i class=\"icon fa-arrow-right accordion-icon-default\"><\/i>\n        <i class=\"icon fa-close accordion-icon-alt\"><\/i>\n      <\/div>\n    <\/button>\n  <\/div>\n  <div id=\"block-55-collapse\" class=\"accordion-collapse collapse \" data-bs-parent=\"#block-64\">\n    <div class=\"accordion-body pt-0\">\n      <p id=\"block-54\" class=\"text-start wp-block-paragraph\">\n  Frutet e para jan\u00eb nj\u00eb parim i fuqish\u00ebm biblik i besimit dhe p\u00ebrkushtimit. Ne sjellim t\u00eb par\u00ebn dhe m\u00eb t\u00eb mir\u00ebn &#8211; jo at\u00eb q\u00eb ka mbetur &#8211; si nj\u00eb shprehje e besimit ton\u00eb se Per\u00ebndia do t\u00eb bekoj\u00eb dhe shum\u00ebfishoj\u00eb pjes\u00ebn tjet\u00ebr.<\/p>    <\/div>\n  <\/div>\n<\/div>\n\n\n<div id=\"block-57\" data-bs-theme=\"dark\" class=\"overflow-hidden wp-block-yellowtree-accordion-item\">\n  <div class=\"accordion-header\">\n    <button class=\"accordion-button rounded-0 collapsed focus-ring-inset\" type=\"button\" data-bs-toggle=\"collapse\" data-bs-target=\"#block-57-collapse\" aria-expanded=\"false\" aria-controls=\"block-57-collapse\">\n      <div>\n        <h3 class=\"mb-0\">\n          \u00c7far\u00eb jan\u00eb ofertat vullnetare?        <\/h3>\n              <\/div>\n      <div class=\"ms-auto accordion-icons icon-container-base\">\n        <i class=\"icon fa-arrow-right accordion-icon-default\"><\/i>\n        <i class=\"icon fa-close accordion-icon-alt\"><\/i>\n      <\/div>\n    <\/button>\n  <\/div>\n  <div id=\"block-57-collapse\" class=\"accordion-collapse collapse \" data-bs-parent=\"#block-64\">\n    <div class=\"accordion-body pt-0\">\n      <p id=\"block-56\" class=\"text-start wp-block-paragraph\">\n  N\u00eb Dhjat\u00ebn e Vjet\u00ebr dhe t\u00eb Re, populli i Per\u00ebndis\u00eb b\u00ebnte vazhdimisht oferta vullnetare p\u00ebr t\u00eb nd\u00ebrtuar kisha dhe p\u00ebr t\u00eb \u00e7uar p\u00ebrpara mbret\u00ebrin\u00eb e Per\u00ebndis\u00eb. P\u00ebrmes fushat\u00ebs son\u00eb vjetore \u201cREACH BEYOND\u201d, ne gjithashtu b\u00ebjm\u00eb investime strategjike n\u00eb kisha, projekte sociale dhe partner\u00eb q\u00eb shkojn\u00eb p\u00ebrtej buxhetit ton\u00eb t\u00eb rregullt.<\/p>    <\/div>\n  <\/div>\n<\/div>\n\n\n<div id=\"block-59\" data-bs-theme=\"dark\" class=\"overflow-hidden wp-block-yellowtree-accordion-item\">\n  <div class=\"accordion-header\">\n    <button class=\"accordion-button rounded-0 collapsed focus-ring-inset\" type=\"button\" data-bs-toggle=\"collapse\" data-bs-target=\"#block-59-collapse\" aria-expanded=\"false\" aria-controls=\"block-59-collapse\">\n      <div>\n        <h3 class=\"mb-0\">\n          A ka ndonj\u00eb detyrim financiar apo tarif\u00eb an\u00ebtar\u00ebsimi n\u00eb ICF?        <\/h3>\n              <\/div>\n      <div class=\"ms-auto accordion-icons icon-container-base\">\n        <i class=\"icon fa-arrow-right accordion-icon-default\"><\/i>\n        <i class=\"icon fa-close accordion-icon-alt\"><\/i>\n      <\/div>\n    <\/button>\n  <\/div>\n  <div id=\"block-59-collapse\" class=\"accordion-collapse collapse \" data-bs-parent=\"#block-64\">\n    <div class=\"accordion-body pt-0\">\n      <p id=\"block-58\" class=\"text-start wp-block-paragraph\">\n  Jo. ICF nuk ka an\u00ebtar\u00ebsim formal me detyrime financiare. T\u00eb gjith\u00eb jan\u00eb t\u00eb mir\u00ebpritur, pavar\u00ebsisht nga situata e tyre financiare.<\/p>    <\/div>\n  <\/div>\n<\/div>\n\n\n<div id=\"block-61\" data-bs-theme=\"dark\" class=\"overflow-hidden wp-block-yellowtree-accordion-item\">\n  <div class=\"accordion-header\">\n    <button class=\"accordion-button rounded-0 collapsed focus-ring-inset\" type=\"button\" data-bs-toggle=\"collapse\" data-bs-target=\"#block-61-collapse\" aria-expanded=\"false\" aria-controls=\"block-61-collapse\">\n      <div>\n        <h3 class=\"mb-0\">\n          Si i trajton ICF donacionet?        <\/h3>\n              <\/div>\n      <div class=\"ms-auto accordion-icons icon-container-base\">\n        <i class=\"icon fa-arrow-right accordion-icon-default\"><\/i>\n        <i class=\"icon fa-close accordion-icon-alt\"><\/i>\n      <\/div>\n    <\/button>\n  <\/div>\n  <div id=\"block-61-collapse\" class=\"accordion-collapse collapse \" data-bs-parent=\"#block-64\">\n    <div class=\"accordion-body pt-0\">\n      <p id=\"block-60\" class=\"text-start wp-block-paragraph\">\n  ICF \u00ebsht\u00eb e p\u00ebrkushtuar ndaj menaxhimit financiar t\u00eb p\u00ebrgjegjsh\u00ebm dhe sip\u00ebrmarr\u00ebs. \u00c7do donacion p\u00ebrdoret n\u00eb nj\u00eb m\u00ebnyr\u00eb t\u00eb synuar dhe specifike p\u00ebr q\u00ebllimin p\u00ebr t\u00eb mb\u00ebshtetur misionin e kish\u00ebs n\u00eb planin afatgjat\u00eb. Ne veprojm\u00eb me largpam\u00ebsi, investojm\u00eb me men\u00e7uri dhe sigurohemi q\u00eb fondet t\u00eb p\u00ebrdoren n\u00eb m\u00ebnyr\u00eb efikase.<\/p>    <\/div>\n  <\/div>\n<\/div>\n\n\n<div id=\"block-63\" data-bs-theme=\"dark\" class=\"overflow-hidden wp-block-yellowtree-accordion-item\">\n  <div class=\"accordion-header\">\n    <button class=\"accordion-button rounded-0 collapsed focus-ring-inset\" type=\"button\" data-bs-toggle=\"collapse\" data-bs-target=\"#block-63-collapse\" aria-expanded=\"false\" aria-controls=\"block-63-collapse\">\n      <div>\n        <h3 class=\"mb-0\">\n          A mund t\u00eb inspektohen financat?        <\/h3>\n              <\/div>\n      <div class=\"ms-auto accordion-icons icon-container-base\">\n        <i class=\"icon fa-arrow-right accordion-icon-default\"><\/i>\n        <i class=\"icon fa-close accordion-icon-alt\"><\/i>\n      <\/div>\n    <\/button>\n  <\/div>\n  <div id=\"block-63-collapse\" class=\"accordion-collapse collapse \" data-bs-parent=\"#block-64\">\n    <div class=\"accordion-body pt-0\">\n      <p id=\"block-62\" class=\"text-start wp-block-paragraph\">\n  Po. Transparenca \u00ebsht\u00eb e r\u00ebnd\u00ebsishme p\u00ebr ne\u2014financat tona mund t\u00eb shihen me k\u00ebrkes\u00eb, sepse besimi nd\u00ebrtohet n\u00ebp\u00ebrmjet transparenc\u00ebs dhe integritetit.<\/p>    <\/div>\n  <\/div>\n<\/div>\n<\/body><\/div><\/div>\n        <\/div>\n          <\/div>\n<\/div>","protected":false},"excerpt":{"rendered":"<p>Your generosity makes a difference! Our church is not built on the talents of a few, but on the determination and generosity of many. <\/p>\n","protected":false},"author":3,"featured_media":532,"parent":0,"menu_order":9,"comment_status":"closed","ping_status":"closed","template":"","meta":{"_acf_changed":false,"_seopress_titles_title":"","_seopress_titles_desc":"","_seopress_robots_index":"","_seopress_robots_follow":"","_seopress_robots_imageindex":"","_seopress_robots_snippet":"","_seopress_robots_primary_cat":"","_seopress_robots_breadcrumbs":"","_seopress_robots_freeze_modified_date":"","_seopress_robots_custom_modified_date":"","_seopress_robots_canonical":"","_seopress_social_fb_title":"","_seopress_social_fb_desc":"","_seopress_social_fb_img":"","_seopress_social_fb_img_attachment_id":0,"_seopress_social_fb_img_width":0,"_seopress_social_fb_img_height":0,"_seopress_social_twitter_title":"","_seopress_social_twitter_desc":"","_seopress_social_twitter_img":"","_seopress_social_twitter_img_attachment_id":0,"_seopress_social_twitter_img_width":0,"_seopress_social_twitter_img_height":0,"_seopress_redirections_value":"","_seopress_redirections_enabled":"","_seopress_redirections_enabled_regex":"","_seopress_redirections_logged_status":"both","_seopress_redirections_param":"","_seopress_redirections_type":301,"_seopress_analysis_target_kw":"","_seopress_news_disabled":"","_seopress_video_disabled":"","_seopress_video":[{"url":"","title":"","desc":"","thumbnail":"","duration":"","rating":"","view_count":"","tag":""}],"_seopress_pro_schemas_manual":[],"_seopress_pro_rich_snippets_disable_all":"","_seopress_pro_rich_snippets_disable":[],"_seopress_pro_schemas":[],"yt_custom_styles_scss":"","yt_custom_styles_rounded_corners":false,"yt_custom_styles_color_scheme":"","footnotes":""},"class_list":["post-152","page","type-page","status-publish","has-post-thumbnail","hentry"],"acf":[],"_links":{"self":[{"href":"https:\/\/icf.church\/tirana\/sq\/wp-json\/wp\/v2\/pages\/152","targetHints":{"allow":["GET"]}}],"collection":[{"href":"https:\/\/icf.church\/tirana\/sq\/wp-json\/wp\/v2\/pages"}],"about":[{"href":"https:\/\/icf.church\/tirana\/sq\/wp-json\/wp\/v2\/types\/page"}],"author":[{"embeddable":true,"href":"https:\/\/icf.church\/tirana\/sq\/wp-json\/wp\/v2\/users\/3"}],"replies":[{"embeddable":true,"href":"https:\/\/icf.church\/tirana\/sq\/wp-json\/wp\/v2\/comments?post=152"}],"version-history":[{"count":10,"href":"https:\/\/icf.church\/tirana\/sq\/wp-json\/wp\/v2\/pages\/152\/revisions"}],"predecessor-version":[{"id":1158,"href":"https:\/\/icf.church\/tirana\/sq\/wp-json\/wp\/v2\/pages\/152\/revisions\/1158"}],"wp:featuredmedia":[{"embeddable":true,"href":"https:\/\/icf.church\/tirana\/sq\/wp-json\/wp\/v2\/media\/532"}],"wp:attachment":[{"href":"https:\/\/icf.church\/tirana\/sq\/wp-json\/wp\/v2\/media?parent=152"}],"curies":[{"name":"wp","href":"https:\/\/api.w.org\/{rel}","templated":true}]}}