{"id":164,"date":"2025-10-02T08:56:35","date_gmt":"2025-10-02T06:56:35","guid":{"rendered":"https:\/\/new.new.icf.church\/tirana\/visit\/"},"modified":"2026-08-30T17:03:48","modified_gmt":"2026-08-30T15:03:48","slug":"vizito","status":"publish","type":"page","link":"https:\/\/icf.church\/tirana\/sq\/vizito\/","title":{"rendered":"Vizito"},"content":{"rendered":"<h1 id=\"block-1\" class=\"mt-7 h1 display-1 text-start\">\n  Sa mir\u00eb q\u00eb je k\u00ebtu!<\/h1>\n\n<p id=\"block-2\" class=\"mb-4 text-start wp-block-paragraph\">\n  \u00c7do t\u00eb diel ne festojm\u00eb &#8220;Festimet&#8221; \u2013 sh\u00ebrbes\u00ebn ton\u00eb t\u00eb adhurimit plot zhurm\u00eb, g\u00ebzim e pasion, si dhe momentin kryesor t\u00eb jav\u00ebs!<\/p>\n\n\n<div id=\"block-8\" class=\"mb-4 wp-block-yellowtree-hero-stage\">\n    <div class=\"hero-stage has-links\">\n        \n\n<div id=\"block-4\" class=\"hero-stage-content\">\n    <div class=\"hero-stage-content__background\">\n        <div class=\"overlay-black-25 h-100\">\n                            <img decoding=\"async\" aria-hidden=\"true\" loading=\"eager\" src=\"https:\/\/icf.church\/tirana\/wp-content\/uploads\/sites\/25\/2025\/10\/predigten_header.jpg\" alt=\"A colorful concert with lights on stage, people in the audience enjoying the event, with the focus on the performance and the music.\" class=\"hero-stage-media\" style=\"object-position:50% 53%\" \/>                    <\/div>\n        <div class=\"hero-stage-gradient\"><\/div>\n    <\/div>\n    <div class=\"hero-stage-content__foreground is-layout-constrained\">\n        <h1 id=\"block-3\" class=\"display-1 text-center\">\n    <\/h1>    <\/div>\n<\/div>\n\n\n<div id=\"block-7\" class=\"hero-stage-links is-layout-constrained count-2\">\n    <div class=\"icon-link-cards-layout column-gap-3 row-gap-1 justify-content-center break-md\">\n        \n\n<div id=\"block-5\" data-bs-theme=\"dark\" class=\"wp-block-yellowtree-icon-link-card\">\n  <div class='card-body flex-row justify-content-center align-items-center overflow-hidden gap-2 px-5 px-md-3 py-3 py-md-6'>\n    <div class='d-flex align-items-center gap-4 me-auto me-md-0 flex-md-column text-md-center gap-md-3'>\n      <i class='icon-square fs-2 fs-md-lg-const fa-solid fa-party-horn' aria-hidden='true'><\/i>\n      <a class='stretched-link fs-base-const' href='#celebration-times' target=''>\n        Oraret e Festimeve      <\/a>\n    <\/div>\n          <i class=\"icon fs-base-const fa-chevron-right ms-auto opacity-50 d-md-none\"><\/i>\n      <\/div>\n<\/div>\n\n\n<div id=\"block-6\" data-bs-theme=\"dark\" class=\"wp-block-yellowtree-icon-link-card\">\n  <div class='card-body flex-row justify-content-center align-items-center overflow-hidden gap-2 px-5 px-md-3 py-3 py-md-6'>\n    <div class='d-flex align-items-center gap-4 me-auto me-md-0 flex-md-column text-md-center gap-md-3'>\n      <i class='icon-square fs-2 fs-md-lg-const fa-solid fa-location-dot' aria-hidden='true'><\/i>\n      <a class='stretched-link fs-base-const' href='' target=''>\n        Planifiko vizit\u00ebn t\u00ebnde      <\/a>\n    <\/div>\n          <i class=\"icon fs-base-const fa-chevron-right ms-auto opacity-50 d-md-none\"><\/i>\n      <\/div>\n<\/div>\n    <\/div>\n<\/div>\n    <\/div>\n<\/div>\n\n<div id=\"block-11\" class=\"pt-2 pb-2 alignfull is-layout-constrained\">\n  <div>\n            <div class=\"row gx-4 gy-4 \">\n          \n\n<div id=\"block-10\" class=\"col wp-block-yellowtree-column col-12 d-flex flex-column with-streched-height-children align-items-stretch align-items-md-stretch\">\n  <h3 id=\"block-9\" class=\"h3 display-3 text-start\">\n  Festimet<\/h3>\n\n<p id=\"celebration-times\" class=\"mb-7 text-start wp-block-paragraph\">\n  \u00c7do t\u00eb diel, ne kemi festimin ton\u00eb n\u00eb ICF Tirana, me stil t\u00eb ve\u00e7ant\u00eb dhe atmosfer\u00eb plot energji.<\/p><\/div>\n        <\/div>\n          <\/div>\n<\/div>\n\n<div><div class=\"alert alert-warning\"><b>Block-Template Fehler f\u00fcr <\/b><code>yellowtree\/services-list<\/code>: Kein API-Key f\u00fcr Service-Widget vorhanden.<\/div><\/div>\n\n<div id=\"block-15\" class=\"pt-7 alignfull is-layout-constrained\">\n  <div>\n            <div class=\"row gx-4 gy-4 \">\n          \n\n<div id=\"block-14\" class=\"gap-8 col wp-block-yellowtree-column col-12 d-flex flex-column with-streched-height-children align-items-center align-items-md-center\">\n  <div>\n    <a id=\"block-13\" href=\"https:\/\/icf.church\/tirana\/en\/visit\" rel=\"\" class=\"wp-block-yellowtree-button-link btn btn-action-1\">\n      <span>Plan your visit<\/span>\n              <i class=\"icon fs-base-const fa-solid fa-location-arrow\" aria-hidden=\"true\"><\/i>\n          <\/a>\n  <\/div><\/div>\n        <\/div>\n          <\/div>\n<\/div>\n\n<h3 id=\"block-16\" class=\"mt-10 mb-2 h3 display-3 text-start\">\n  P\u00ebr t\u00eb gjitha moshat<\/h3>\n\n<p id=\"block-17\" class=\"mt-4 mb-7 text-start wp-block-paragraph\">\n  P\u00ebr t\u00eb t\u00eb ndihmuar t\u00eb ndihesh shpejt si n\u00eb sht\u00ebpin\u00eb t\u00ebnde n\u00eb ICF Tirana, ne kemi programe t\u00eb ve\u00e7anta p\u00ebr f\u00ebmij\u00eb, adoleshent\u00eb dhe t\u00eb rinj. K\u00ebtu do t\u00eb gjesh shpejt miq t\u00eb mosh\u00ebs t\u00ebnde.<\/p>\n\n\n<div id=\"block-22\">\n    <div class=\"image-link-cards-layout gap-3\">\n        \n\n<article id=\"block-18\" data-bs-theme=\"dark\" class=\"card wp-block-yellowtree-image-link-card min-h-0 text-decoration-none\" style=\"--card-aspect-ratio:1;--card-img-position:50% 50%\">\n      <img decoding=\"async\" aria-hidden=\"true\" loading=\"lazy\" sizes=\"(min-width: 992px) 25vw, 50vw\" src=\"https:\/\/icf.church\/tirana\/wp-content\/uploads\/sites\/25\/2026\/01\/instagram-post-design.png\" alt=\"\" class=\"card-bg-img opacity-75\" \/>    <div class=\"card-body p-4 justify-content-center\">\n    <div class=\"mh-100 overflow-y-hidden\">\n          <\/div>\n  <\/div>\n<\/article>\n\n\n<article id=\"block-19\" data-bs-theme=\"dark\" class=\"card wp-block-yellowtree-image-link-card min-h-0 text-decoration-none\" style=\"--card-aspect-ratio:1;--card-img-position:50% 50%\">\n      <img decoding=\"async\" aria-hidden=\"true\" loading=\"lazy\" sizes=\"(min-width: 992px) 25vw, 50vw\" src=\"https:\/\/icf.church\/tirana\/wp-content\/uploads\/sites\/25\/2026\/01\/instagram-post-design-2.png\" alt=\"Young people waiting for the tram in Basel symbolize the urban, youthful lifestyle. Perfect for topics such as teenagers, city life, public transportation, community, and youth culture in the Basel region. \" class=\"card-bg-img opacity-75\" \/>    <div class=\"card-body p-4 justify-content-center\">\n    <div class=\"mh-100 overflow-y-hidden\">\n          <\/div>\n  <\/div>\n<\/article>\n\n\n<article id=\"block-20\" data-bs-theme=\"dark\" class=\"card wp-block-yellowtree-image-link-card min-h-0 text-decoration-none\" style=\"--card-aspect-ratio:1;--card-img-position:50% 50%\">\n      <img decoding=\"async\" aria-hidden=\"true\" loading=\"lazy\" sizes=\"(min-width: 992px) 25vw, 50vw\" src=\"https:\/\/icf.church\/tirana\/wp-content\/uploads\/sites\/25\/2026\/01\/instagram-post-design-1.png\" alt=\"High-quality black-and-white photo of a young man with his hand raised, symbolizing hope, community, and spiritual connection within the ICF youth group.\" class=\"card-bg-img opacity-75\" \/>    <div class=\"card-body p-4 justify-content-center\">\n    <div class=\"mh-100 overflow-y-hidden\">\n          <\/div>\n  <\/div>\n<\/article>\n\n\n<article id=\"block-21\" data-bs-theme=\"dark\" class=\"card wp-block-yellowtree-image-link-card min-h-0 text-decoration-none\" style=\"--card-aspect-ratio:1;--card-img-position:50% 50%\">\n      <img decoding=\"async\" aria-hidden=\"true\" loading=\"lazy\" sizes=\"(min-width: 992px) 25vw, 50vw\" src=\"https:\/\/icf.church\/tirana\/wp-content\/uploads\/sites\/25\/2026\/01\/sunday-night-instagram-post.png\" alt=\"Moderner Kirchenauftritt beim ICF Sonntagabend.\" class=\"card-bg-img opacity-75\" \/>    <div class=\"card-body p-4 justify-content-center\">\n    <div class=\"mh-100 overflow-y-hidden\">\n          <\/div>\n  <\/div>\n<\/article>\n    <\/div>\n<\/div>\n\n<div id=\"block-25\" class=\"pt-7 pb-2 alignfull is-layout-constrained\">\n  <div>\n            <div class=\"row gx-4 gy-4 \">\n          \n\n<div id=\"block-24\" class=\"col wp-block-yellowtree-column col-12 d-flex flex-column with-streched-height-children align-items-center align-items-md-center\">\n  <div>\n    <a id=\"block-23\" href=\"\" rel=\"\" class=\"wp-block-yellowtree-button-link btn btn-action-1\">\n      <span>M\u00eb shum\u00eb komunitete<\/span>\n              <i class=\"icon fs-base-const fa-solid fa-user-group\" aria-hidden=\"true\"><\/i>\n          <\/a>\n  <\/div><\/div>\n        <\/div>\n          <\/div>\n<\/div>\n\n<h3 id=\"block-26\" class=\"mt-10 h3 display-3 text-start\">\n  Pyetje t\u00eb shpeshta \u2013 Mir\u00eb t\u00eb dish<\/h3>\n\n<p id=\"block-27\" class=\"mb-6 text-start wp-block-paragraph\">\n  A ke ndonj\u00eb pyetje? P\u00ebrgjigjet mund t&#8217;i gjesh k\u00ebtu.<\/p>\n\n\n<div id=\"block-37\" class=\"accordion\">\n  <body>\n\n<div id=\"block-29\" data-bs-theme=\"dark\" class=\"overflow-hidden wp-block-yellowtree-accordion-item\">\n  <div class=\"accordion-header\">\n    <button class=\"accordion-button rounded-0 collapsed focus-ring-inset\" type=\"button\" data-bs-toggle=\"collapse\" data-bs-target=\"#block-29-collapse\" aria-expanded=\"false\" aria-controls=\"block-29-collapse\">\n      <div>\n        <h3 class=\"mb-0\">\n          Question 1        <\/h3>\n              <\/div>\n      <div class=\"ms-auto accordion-icons icon-container-base\">\n        <i class=\"icon fa-arrow-right accordion-icon-default\"><\/i>\n        <i class=\"icon fa-close accordion-icon-alt\"><\/i>\n      <\/div>\n    <\/button>\n  <\/div>\n  <div id=\"block-29-collapse\" class=\"accordion-collapse collapse \">\n    <div class=\"accordion-body pt-0\">\n      <p id=\"block-28\" class=\"text-start wp-block-paragraph\">\n  Lorem ipsum dolor sit amet, consetetur sadipscing elitr, sed diam nonumy eirmod tempor invidunt ut labore et dolore magna aliquyam erat, sed diam voluptua. At vero eos et accusam et justo duo dolores et ea rebum. Stet clita kasd gubergren, no sea takimata sanctus est Lorem ipsum dolor sit amet.<\/p>    <\/div>\n  <\/div>\n<\/div>\n\n\n<div id=\"block-32\" data-bs-theme=\"dark\" class=\"overflow-hidden wp-block-yellowtree-accordion-item\">\n  <div class=\"accordion-header\">\n    <button class=\"accordion-button rounded-0 collapsed focus-ring-inset\" type=\"button\" data-bs-toggle=\"collapse\" data-bs-target=\"#block-32-collapse\" aria-expanded=\"false\" aria-controls=\"block-32-collapse\">\n      <div>\n        <h3 class=\"mb-0\">\n          Question 2        <\/h3>\n              <\/div>\n      <div class=\"ms-auto accordion-icons icon-container-base\">\n        <i class=\"icon fa-arrow-right accordion-icon-default\"><\/i>\n        <i class=\"icon fa-close accordion-icon-alt\"><\/i>\n      <\/div>\n    <\/button>\n  <\/div>\n  <div id=\"block-32-collapse\" class=\"accordion-collapse collapse \">\n    <div class=\"accordion-body pt-0\">\n      <p id=\"block-30\" class=\"text-start wp-block-paragraph\">\n  Lorem ipsum dolor sit amet, consetetur sadipscing elitr, sed diam nonumy eirmod tempor invidunt ut labore et dolore magna aliquyam erat, sed diam voluptua.<\/p>\n\n<p id=\"block-31\" class=\"text-start wp-block-paragraph\">\n  At vero eos et accusam et justo duo dolores et ea rebum. Stet clita kasd gubergren, no sea takimata sanctus est Lorem ipsum dolor sit amet.<\/p>    <\/div>\n  <\/div>\n<\/div>\n\n\n<div id=\"block-34\" data-bs-theme=\"dark\" class=\"overflow-hidden wp-block-yellowtree-accordion-item\">\n  <div class=\"accordion-header\">\n    <button class=\"accordion-button rounded-0 collapsed focus-ring-inset\" type=\"button\" data-bs-toggle=\"collapse\" data-bs-target=\"#block-34-collapse\" aria-expanded=\"false\" aria-controls=\"block-34-collapse\">\n      <div>\n        <h3 class=\"mb-0\">\n          Question 3        <\/h3>\n              <\/div>\n      <div class=\"ms-auto accordion-icons icon-container-base\">\n        <i class=\"icon fa-arrow-right accordion-icon-default\"><\/i>\n        <i class=\"icon fa-close accordion-icon-alt\"><\/i>\n      <\/div>\n    <\/button>\n  <\/div>\n  <div id=\"block-34-collapse\" class=\"accordion-collapse collapse \">\n    <div class=\"accordion-body pt-0\">\n      <p id=\"block-33\" class=\"text-start wp-block-paragraph\">\n  Lorem ipsum dolor sit amet, consetetur sadipscing elitr, sed diam nonumy eirmod tempor invidunt ut labore et dolore magna aliquyam erat, sed diam voluptua. et clita kasd gubergren, no sea takimata sanctus est Lorem ipsum dolor sit amet.<\/p>    <\/div>\n  <\/div>\n<\/div>\n\n\n<div id=\"block-36\" data-bs-theme=\"dark\" class=\"overflow-hidden wp-block-yellowtree-accordion-item\">\n  <div class=\"accordion-header\">\n    <button class=\"accordion-button rounded-0 collapsed focus-ring-inset\" type=\"button\" data-bs-toggle=\"collapse\" data-bs-target=\"#block-36-collapse\" aria-expanded=\"false\" aria-controls=\"block-36-collapse\">\n      <div>\n        <h3 class=\"mb-0\">\n          Question 4        <\/h3>\n              <\/div>\n      <div class=\"ms-auto accordion-icons icon-container-base\">\n        <i class=\"icon fa-arrow-right accordion-icon-default\"><\/i>\n        <i class=\"icon fa-close accordion-icon-alt\"><\/i>\n      <\/div>\n    <\/button>\n  <\/div>\n  <div id=\"block-36-collapse\" class=\"accordion-collapse collapse \">\n    <div class=\"accordion-body pt-0\">\n      <p id=\"block-35\" class=\"text-start wp-block-paragraph\">\n  At vero eos et accusam et justo duo dolores et ea rebum. Stet clita kasd gubergren, no sea takimata sanctus est Lorem ipsum dolor sit amet.<\/p>    <\/div>\n  <\/div>\n<\/div>\n<\/body><\/div>\n\n\n<div>\n  <div id=\"block-45\" class=\"mt-10 mb-10 wp-block-yellowtree-connect-social connect-social\">\n      \n\n<h2 id=\"block-38\" class=\"text-center display-2 mb-5\">\n    Q\u00ebndro i P\u00ebrdit\u00ebsuar<\/h2>\n\n\n<p id=\"block-39\" class=\"text-center mb-6\">\n    B\u00ebhu ndjek\u00ebs i ICF Tirana n\u00eb rrjetet sociale, q\u00eb t\u00eb mos humbisni asgj\u00eb.<br>K\u00ebtu do t\u00eb merrni rregullisht lajme dhe p\u00ebrdit\u00ebsime mbi ofertat dhe aktivitetet.<\/p>\n\n\n<div id=\"block-44\" class=\"wp-block-yellowtree-connect-social-links d-flex gap-1 gap-md-5 justify-content-center\">\n  <html><body>\n\n<a id=\"block-40\" href=\"t.me\/icftirana\" target=\"_blank\" data-variation=\"telegram\" class=\"wp-block-yellowtree-connect-social-link btn\" aria-label=\"Telegram Link\">\n  <i class=\"icon connect-social-icon fs-md-lg-const fs-h3-const fa-brands fa-telegram\" aria-hidden=\"true\"><\/i>\n<\/a>\n\n\n<a id=\"block-41\" href=\"instagram.com\/icf.tirana\/\" target=\"_blank\" data-variation=\"instagram\" class=\"wp-block-yellowtree-connect-social-link btn\" aria-label=\"Instagram Link\">\n  <i class=\"icon connect-social-icon fs-md-lg-const fs-h3-const fa-brands fa-instagram\" aria-hidden=\"true\"><\/i>\n<\/a>\n\n\n\n\n\n<a id=\"block-43\" href=\"youtube.com\/@ICFTirana\" target=\"_blank\" data-variation=\"youtube\" class=\"wp-block-yellowtree-connect-social-link btn\" aria-label=\"Youtube Link\">\n  <i class=\"icon connect-social-icon fs-md-lg-const fs-h3-const fa-brands fa-youtube\" aria-hidden=\"true\"><\/i>\n<\/a>\n<\/body><\/html><\/div>\n  <\/div>\n<\/div>\n\n\n\n<div id=\"block-49\" data-bs-theme=\"dark\" class=\"wp-block-yellowtree-divider-card card d-flex flex-column flex-lg-row py-6 py-lg-0\">\n  \n\n<div id=\"block-46\" class=\"wp-block-yellowtree-divider-card-item flex-1 d-flex flex-column position-relative text-center py-6 py-lg-10\">\n  <div class='mb-2'>\n    <div class='d-flex flex-column align-items-center gap-2'>\n      <i class='icon fs-lg-const fa-solid fa-users' aria-hidden='true'><\/i>\n      <h3 class='mb-0'>\n        <span class=\"text-container\">\n          Connect        <\/span>\n      <\/h3>\n    <\/div>\n  <\/div>\n  <div class='mt-auto'>\n    <a class='text-arrow-link fs-sm text-light-3' href=\"https:\/\/icf.church\/tirana\/en\/connect\/\">\n      Let&#039;s go    <\/a>\n  <\/div>\n<\/div>\n\n\n<div id=\"block-47\" class=\"wp-block-yellowtree-divider-card-item flex-1 d-flex flex-column position-relative text-center py-6 py-lg-10\">\n  <div class='mb-2'>\n    <div class='d-flex flex-column align-items-center gap-2'>\n      <i class='icon fs-lg-const fa-solid fa-location-dot' aria-hidden='true'><\/i>\n      <h3 class='mb-0'>\n        <span class=\"text-container\">\n          Plan your visit        <\/span>\n      <\/h3>\n    <\/div>\n  <\/div>\n  <div class='mt-auto'>\n    <a class='text-arrow-link fs-sm text-light-3' href=\"https:\/\/icf.church\/tirana\/en\/visit\/\">\n      Let&#039;s go    <\/a>\n  <\/div>\n<\/div>\n\n\n<div id=\"block-48\" class=\"wp-block-yellowtree-divider-card-item flex-1 d-flex flex-column position-relative text-center py-6 py-lg-10\">\n  <div class='mb-2'>\n    <div class='d-flex flex-column align-items-center gap-2'>\n      <i class='icon fs-lg-const fa-video' aria-hidden='true'><\/i>\n      <h3 class='mb-0'>\n        <span class=\"text-container\">\n          Watch online        <\/span>\n      <\/h3>\n    <\/div>\n  <\/div>\n  <div class='mt-auto'>\n    <a class='text-arrow-link fs-sm text-light-3' href=\"https:\/\/youtube.com\" target=\"_blank\">\n      Let&#039;s go    <\/a>\n  <\/div>\n<\/div>\n<\/div>","protected":false},"excerpt":{"rendered":"<p>Every Sunday we celebrate our Celebrations \u2013 our loud, joyful, and passionate worship service and weekly highlight!<\/p>\n","protected":false},"author":3,"featured_media":1094,"parent":0,"menu_order":4,"comment_status":"closed","ping_status":"closed","template":"","meta":{"_acf_changed":false,"_seopress_titles_title":"","_seopress_titles_desc":"","_seopress_robots_index":"","_seopress_robots_follow":"","_seopress_robots_imageindex":"","_seopress_robots_snippet":"","_seopress_robots_primary_cat":"","_seopress_robots_breadcrumbs":"","_seopress_robots_freeze_modified_date":"","_seopress_robots_custom_modified_date":"","_seopress_robots_canonical":"","_seopress_social_fb_title":"","_seopress_social_fb_desc":"","_seopress_social_fb_img":"","_seopress_social_fb_img_attachment_id":0,"_seopress_social_fb_img_width":0,"_seopress_social_fb_img_height":0,"_seopress_social_twitter_title":"","_seopress_social_twitter_desc":"","_seopress_social_twitter_img":"","_seopress_social_twitter_img_attachment_id":0,"_seopress_social_twitter_img_width":0,"_seopress_social_twitter_img_height":0,"_seopress_redirections_value":"","_seopress_redirections_enabled":"","_seopress_redirections_enabled_regex":"","_seopress_redirections_logged_status":"both","_seopress_redirections_param":"","_seopress_redirections_type":301,"_seopress_analysis_target_kw":"","_seopress_news_disabled":"","_seopress_video_disabled":"","_seopress_video":[{"url":"","title":"","desc":"","thumbnail":"","duration":"","rating":"","view_count":"","tag":""}],"_seopress_pro_schemas_manual":[],"_seopress_pro_rich_snippets_disable_all":"","_seopress_pro_rich_snippets_disable":[],"_seopress_pro_schemas":[],"yt_custom_styles_scss":"","yt_custom_styles_rounded_corners":false,"yt_custom_styles_color_scheme":"","footnotes":""},"class_list":["post-164","page","type-page","status-publish","has-post-thumbnail","hentry"],"acf":[],"_links":{"self":[{"href":"https:\/\/icf.church\/tirana\/sq\/wp-json\/wp\/v2\/pages\/164","targetHints":{"allow":["GET"]}}],"collection":[{"href":"https:\/\/icf.church\/tirana\/sq\/wp-json\/wp\/v2\/pages"}],"about":[{"href":"https:\/\/icf.church\/tirana\/sq\/wp-json\/wp\/v2\/types\/page"}],"author":[{"embeddable":true,"href":"https:\/\/icf.church\/tirana\/sq\/wp-json\/wp\/v2\/users\/3"}],"replies":[{"embeddable":true,"href":"https:\/\/icf.church\/tirana\/sq\/wp-json\/wp\/v2\/comments?post=164"}],"version-history":[{"count":15,"href":"https:\/\/icf.church\/tirana\/sq\/wp-json\/wp\/v2\/pages\/164\/revisions"}],"predecessor-version":[{"id":1165,"href":"https:\/\/icf.church\/tirana\/sq\/wp-json\/wp\/v2\/pages\/164\/revisions\/1165"}],"wp:featuredmedia":[{"embeddable":true,"href":"https:\/\/icf.church\/tirana\/sq\/wp-json\/wp\/v2\/media\/1094"}],"wp:attachment":[{"href":"https:\/\/icf.church\/tirana\/sq\/wp-json\/wp\/v2\/media?parent=164"}],"curies":[{"name":"wp","href":"https:\/\/api.w.org\/{rel}","templated":true}]}}