{"id":579,"date":"2026-08-07T11:12:31","date_gmt":"2026-08-07T09:12:31","guid":{"rendered":"https:\/\/new.icf.church\/tuttlingen\/?page_id=579"},"modified":"2026-08-07T12:34:35","modified_gmt":"2026-08-07T10:34:35","slug":"smallgroups","status":"publish","type":"page","link":"https:\/\/icf.church\/tuttlingen\/de\/smallgroups\/","title":{"rendered":"Smallgroups"},"content":{"rendered":"<h2 id=\"block-1\" class=\"h2 text-start\">\n  Smallgroups Tuttlingen<\/h2>\n\n<div id=\"block-3\" class=\"pt-2 pb-2 alignfull is-layout-constrained\">\n  <div>\n            <div class=\"row gx-4 gy-4 \">\n          \n\n<div id=\"block-2\" class=\"col wp-block-yellowtree-column col-12 d-flex flex-column with-streched-height-children align-items-stretch align-items-md-stretch\">\n  <\/div>\n        <\/div>\n          <\/div>\n<\/div>\n\n<p id=\"block-4\" class=\"text-start wp-block-paragraph\">\n  GEMEINSCHAFT \u2013 GOTT ERLEBEN \u2013 WACHSEN<\/p>\n\n<div id=\"block-6\" class=\"pt-2 pb-2 alignfull is-layout-constrained\">\n  <div>\n            <div class=\"row gx-4 gy-4 \">\n          \n\n<div id=\"block-5\" class=\"col wp-block-yellowtree-column col-12 d-flex flex-column with-streched-height-children align-items-stretch align-items-md-stretch\">\n  <\/div>\n        <\/div>\n          <\/div>\n<\/div>\n\n<p id=\"block-7\" class=\"text-start wp-block-paragraph\">\n  Wir sind eine wachsende Kirche. Immer mehr Menschen kommen dazu, aber dennoch bist du f\u00fcr uns nicht einfach ein weiteres Gesicht in der Menge. Wir glauben, dass wir dazu geschaffen sind, tiefe und echte Beziehungen zu leben. Hier erleben wir die F\u00fclle, die Gott f\u00fcr uns bereith\u00e4lt. Genau deshalb gibt es Gruppen \u2013 damit lebensver\u00e4ndernde Beziehungen erlebbar werden und es einfach ist, Teil einer Gemeinschaft zu sein.<\/p>\n\n<div id=\"block-9\" class=\"pt-2 pb-2 alignfull is-layout-constrained\">\n  <div>\n            <div class=\"row gx-4 gy-4 \">\n          \n\n<div id=\"block-8\" class=\"col wp-block-yellowtree-column col-12 d-flex flex-column with-streched-height-children align-items-stretch align-items-md-stretch\">\n  <\/div>\n        <\/div>\n          <\/div>\n<\/div>\n\n<div id=\"block-25\" class=\"pt-2 pb-2 alignfull is-layout-constrained\">\n  <div>\n            <div class=\"row gx-4 gy-4 \">\n          \n\n<div id=\"block-14\" class=\"col wp-block-yellowtree-column col-12 col-lg-4 d-flex flex-column with-streched-height-children align-items-stretch align-items-lg-stretch\">\n  <article id=\"block-13\" type=\"button\" data-bs-theme=\"dark\" class=\"wp-block-yellowtree-profile-card card p-0 has-context-height\" style=\"--card-img-position:50% 50%\">\n      <img decoding=\"async\" width=\"1024\" height=\"683\" src=\"https:\/\/icf.church\/tuttlingen\/wp-content\/uploads\/sites\/55\/2026\/08\/youth-scaled-1-1024x683.jpg\" class=\"card-img-top\" alt=\"\" draggable=\"false\" loading=\"lazy\" srcset=\"https:\/\/icf.church\/tuttlingen\/wp-content\/uploads\/sites\/55\/2026\/08\/youth-scaled-1-1024x683.jpg 1024w, https:\/\/icf.church\/tuttlingen\/wp-content\/uploads\/sites\/55\/2026\/08\/youth-scaled-1-300x200.jpg 300w, https:\/\/icf.church\/tuttlingen\/wp-content\/uploads\/sites\/55\/2026\/08\/youth-scaled-1-768x512.jpg 768w, https:\/\/icf.church\/tuttlingen\/wp-content\/uploads\/sites\/55\/2026\/08\/youth-scaled-1-1536x1024.jpg 1536w, https:\/\/icf.church\/tuttlingen\/wp-content\/uploads\/sites\/55\/2026\/08\/youth-scaled-1-2048x1366.jpg 2048w\" sizes=\"(max-width: 1024px) 100vw, 1024px\">    <div class=\"card-body\">\n    <p class=\"card-meta-tag\">\n      Leitung: Anita, Jasmin, Nelli, Semi, Tanja    <\/p>\n    <h3 class=\"card-title mt-1\">Youth &amp; Teens<\/h3>\n    <p class=\"card-text mt-1\">Gemeinschaft, Spa\u00df, worship, inspirierende Inputs und Zeit, um echte Freundschaften zu bauen!<\/p>\n    <div class=\"card-buttons mt-1\">\n      <button type=\"button\" class=\"stretched-link btn btn-dark-1 btn-sm position-static\" aria-label=\"\u00d6ffne Popover \u00fcber Youth &amp; Teens\" aria-controls=\"profile-card-modal-block-13\" data-bs-toggle=\"modal\" data-bs-target=\"#profile-card-modal-block-13\">\n        <span>Mehr erfahren<\/span>\n        <i class=\"icon fs-base-const fa-arrow-right\"><\/i>\n      <\/button>\n    <\/div>\n  <\/div>\n<\/article>\n\n<div id=\"profile-card-modal-block-13\" tabindex=\"-1\" class=\"modal fade profile-card-modal\">\n  <div class=\"modal-dialog modal-dialog-centered\">\n    <div class=\"modal-content\" data-bs-theme=\"dark\">\n      <button type=\"button\" class=\"modal-close modal-close-end\" data-bs-dismiss=\"modal\" aria-label=\"Close\"><\/button>\n      <div class=\"modal-header\"><\/div>\n      <div class=\"modal-body overflow-y-auto text-body\">\n        <div class=\"row g-4\">\n          <div class=\"col-12 col-sm-5\">\n            <img decoding=\"async\" draggable=\"false\" loading=\"lazy\" src=\"https:\/\/icf.church\/tuttlingen\/wp-content\/uploads\/sites\/55\/2026\/08\/youth-scaled-1.jpg\" alt=\"\" class=\"img-fluid rounded object-fit-cover\">            <div class=\"d-sm-block d-none\">\n              <ul id=\"block-11\" class=\"profile-card-links-list list-unstyled mt-2 mt-sm-4\">\n  <li id=\"block-10\" class=\"profile-card-link\">\n  <i class=\"icon icon--fixed-width fa-solid fa-link\" aria-hidden=\"true\"><\/i>\n  <a href=\"https:\/\/icf.church\/tuttlingen\/de\/smallgroup-anmeldung\/\" target=\"_blank\">Jetzt Anfragen<\/a>\n<\/li><\/ul>            <\/div>\n          <\/div>\n          <div class=\"col-12 col-sm-7\">\n            <h3 class=\"fs-h3-const mb-0 mt-3 mt-sm-0 title\">Youth &amp; Teens<\/h3>\n            <p class=\"fs-sm mt-1 responsibility\">Gemeinschaft, Spa\u00df, worship, inspirierende Inputs und Zeit, um echte Freundschaften zu bauen!<\/p>\n            <p class=\"fs-sm mt-4 biography\">Wann: freitags | w\u00f6chentlich | 19:00 &#8211; 21:00 Uhr<br>Wo: Carl-Zeiss-Stra\u00dfe 8 I Tuttlingen<br>Wer: Boys &amp; Girls | TEENS: 12-14 JAHRE I YOUTH: 15-19 JAHRE<\/p>\n          <\/div>\n          <div class=\"col-12 d-sm-none\">\n            <ul id=\"block-11\" class=\"profile-card-links-list list-unstyled mt-2 mt-sm-4\">\n  <li id=\"block-10\" class=\"profile-card-link\">\n  <i class=\"icon icon--fixed-width fa-solid fa-link\" aria-hidden=\"true\"><\/i>\n  <a href=\"https:\/\/icf.church\/tuttlingen\/de\/smallgroup-anmeldung\/\" target=\"_blank\">Jetzt Anfragen<\/a>\n<\/li><\/ul>          <\/div>\n        <\/div>\n      <\/div>\n      <div class=\"modal-footer\"><\/div>\n    <\/div>\n  <\/div>\n<\/div><\/div>\n\n\n<div id=\"block-19\" class=\"col wp-block-yellowtree-column col-12 col-lg-4 d-flex flex-column with-streched-height-children align-items-stretch align-items-lg-stretch\">\n  <article id=\"block-18\" type=\"button\" data-bs-theme=\"dark\" class=\"wp-block-yellowtree-profile-card card p-0 has-context-height\" style=\"--card-img-position:50% 50%\">\n      <img decoding=\"async\" width=\"1024\" height=\"853\" src=\"https:\/\/icf.church\/tuttlingen\/wp-content\/uploads\/sites\/55\/2026\/08\/bild_sg-helmut-jeoffrey_bg-1024x853.jpg\" class=\"card-img-top\" alt=\"\" draggable=\"false\" loading=\"lazy\" srcset=\"https:\/\/icf.church\/tuttlingen\/wp-content\/uploads\/sites\/55\/2026\/08\/bild_sg-helmut-jeoffrey_bg-1024x853.jpg 1024w, https:\/\/icf.church\/tuttlingen\/wp-content\/uploads\/sites\/55\/2026\/08\/bild_sg-helmut-jeoffrey_bg-300x250.jpg 300w, https:\/\/icf.church\/tuttlingen\/wp-content\/uploads\/sites\/55\/2026\/08\/bild_sg-helmut-jeoffrey_bg-768x640.jpg 768w, https:\/\/icf.church\/tuttlingen\/wp-content\/uploads\/sites\/55\/2026\/08\/bild_sg-helmut-jeoffrey_bg.jpg 1417w\" sizes=\"(max-width: 1024px) 100vw, 1024px\">    <div class=\"card-body\">\n    <p class=\"card-meta-tag\">\n      Leitung: Helmut &amp; Jeoffrey    <\/p>\n    <h3 class=\"card-title mt-1\">Men&#8217;s Garden<\/h3>\n    <p class=\"card-text mt-1\">Es geht darum Freundschaften zu pflegen, den Glauben zu vertiefen und das Leben zu teilen.Wir schauen uns M\u00e4nner der Bibel an<\/p>\n    <div class=\"card-buttons mt-1\">\n      <button type=\"button\" class=\"stretched-link btn btn-dark-1 btn-sm position-static\" aria-label=\"\u00d6ffne Popover \u00fcber Men's Garden\" aria-controls=\"profile-card-modal-block-18\" data-bs-toggle=\"modal\" data-bs-target=\"#profile-card-modal-block-18\">\n        <span>Mehr erfahren<\/span>\n        <i class=\"icon fs-base-const fa-arrow-right\"><\/i>\n      <\/button>\n    <\/div>\n  <\/div>\n<\/article>\n\n<div id=\"profile-card-modal-block-18\" tabindex=\"-1\" class=\"modal fade profile-card-modal\">\n  <div class=\"modal-dialog modal-dialog-centered\">\n    <div class=\"modal-content\" data-bs-theme=\"dark\">\n      <button type=\"button\" class=\"modal-close modal-close-end\" data-bs-dismiss=\"modal\" aria-label=\"Close\"><\/button>\n      <div class=\"modal-header\"><\/div>\n      <div class=\"modal-body overflow-y-auto text-body\">\n        <div class=\"row g-4\">\n          <div class=\"col-12 col-sm-5\">\n            <img decoding=\"async\" draggable=\"false\" loading=\"lazy\" src=\"https:\/\/icf.church\/tuttlingen\/wp-content\/uploads\/sites\/55\/2026\/08\/bild_sg-helmut-jeoffrey_bg.jpg\" alt=\"\" class=\"img-fluid rounded object-fit-cover\">            <div class=\"d-sm-block d-none\">\n              <ul id=\"block-16\" class=\"profile-card-links-list list-unstyled mt-2 mt-sm-4\">\n  <li id=\"block-15\" class=\"profile-card-link\">\n  <i class=\"icon icon--fixed-width fa-solid fa-link\" aria-hidden=\"true\"><\/i>\n  <a href=\"https:\/\/icf.church\/tuttlingen\/de\/smallgroup-anmeldung\/\" target=\"\">Jetzt Anfragen<\/a>\n<\/li><\/ul>            <\/div>\n          <\/div>\n          <div class=\"col-12 col-sm-7\">\n            <h3 class=\"fs-h3-const mb-0 mt-3 mt-sm-0 title\">Men&#8217;s Garden<\/h3>\n            <p class=\"fs-sm mt-1 responsibility\">Es geht darum Freundschaften zu pflegen, den Glauben zu vertiefen und das Leben zu teilen.Wir schauen uns M\u00e4nner der Bibel an<\/p>\n            <p class=\"fs-sm mt-4 biography\">Wann: montags| 14-t\u00e4gig| 20:00 Uhr<br>Wo: Tuttlingen, am Feuer<br>Wer: M\u00e4nner | jede Altersgruppe<\/p>\n          <\/div>\n          <div class=\"col-12 d-sm-none\">\n            <ul id=\"block-16\" class=\"profile-card-links-list list-unstyled mt-2 mt-sm-4\">\n  <li id=\"block-15\" class=\"profile-card-link\">\n  <i class=\"icon icon--fixed-width fa-solid fa-link\" aria-hidden=\"true\"><\/i>\n  <a href=\"https:\/\/icf.church\/tuttlingen\/de\/smallgroup-anmeldung\/\" target=\"\">Jetzt Anfragen<\/a>\n<\/li><\/ul>          <\/div>\n        <\/div>\n      <\/div>\n      <div class=\"modal-footer\"><\/div>\n    <\/div>\n  <\/div>\n<\/div><\/div>\n\n\n<div id=\"block-24\" class=\"col wp-block-yellowtree-column col-12 col-lg-4 d-flex flex-column with-streched-height-children align-items-stretch align-items-lg-stretch\">\n  <article id=\"block-23\" type=\"button\" data-bs-theme=\"dark\" class=\"wp-block-yellowtree-profile-card card p-0 has-context-height\" style=\"--card-img-position:50% 50%\">\n      <img decoding=\"async\" width=\"1024\" height=\"683\" src=\"https:\/\/icf.church\/tuttlingen\/wp-content\/uploads\/sites\/55\/2026\/08\/reinhard-scaled-1-1024x683.jpg\" class=\"card-img-top\" alt=\"\" draggable=\"false\" loading=\"lazy\" srcset=\"https:\/\/icf.church\/tuttlingen\/wp-content\/uploads\/sites\/55\/2026\/08\/reinhard-scaled-1-1024x683.jpg 1024w, https:\/\/icf.church\/tuttlingen\/wp-content\/uploads\/sites\/55\/2026\/08\/reinhard-scaled-1-300x200.jpg 300w, https:\/\/icf.church\/tuttlingen\/wp-content\/uploads\/sites\/55\/2026\/08\/reinhard-scaled-1-768x512.jpg 768w, https:\/\/icf.church\/tuttlingen\/wp-content\/uploads\/sites\/55\/2026\/08\/reinhard-scaled-1-1536x1024.jpg 1536w, https:\/\/icf.church\/tuttlingen\/wp-content\/uploads\/sites\/55\/2026\/08\/reinhard-scaled-1-2048x1366.jpg 2048w\" sizes=\"(max-width: 1024px) 100vw, 1024px\">    <div class=\"card-body\">\n    <p class=\"card-meta-tag\">\n      Leitung: Reinhard    <\/p>\n    <h3 class=\"card-title mt-1\">Sonntagstalk<\/h3>\n    <p class=\"card-text mt-1\">Stories von Jesus, dir und mir<\/p>\n    <div class=\"card-buttons mt-1\">\n      <button type=\"button\" class=\"stretched-link btn btn-dark-1 btn-sm position-static\" aria-label=\"\u00d6ffne Popover \u00fcber Sonntagstalk\" aria-controls=\"profile-card-modal-block-23\" data-bs-toggle=\"modal\" data-bs-target=\"#profile-card-modal-block-23\">\n        <span>Mehr erfahren<\/span>\n        <i class=\"icon fs-base-const fa-arrow-right\"><\/i>\n      <\/button>\n    <\/div>\n  <\/div>\n<\/article>\n\n<div id=\"profile-card-modal-block-23\" tabindex=\"-1\" class=\"modal fade profile-card-modal\">\n  <div class=\"modal-dialog modal-dialog-centered\">\n    <div class=\"modal-content\" data-bs-theme=\"dark\">\n      <button type=\"button\" class=\"modal-close modal-close-end\" data-bs-dismiss=\"modal\" aria-label=\"Close\"><\/button>\n      <div class=\"modal-header\"><\/div>\n      <div class=\"modal-body overflow-y-auto text-body\">\n        <div class=\"row g-4\">\n          <div class=\"col-12 col-sm-5\">\n            <img decoding=\"async\" draggable=\"false\" loading=\"lazy\" src=\"https:\/\/icf.church\/tuttlingen\/wp-content\/uploads\/sites\/55\/2026\/08\/reinhard-scaled-1.jpg\" alt=\"\" class=\"img-fluid rounded object-fit-cover\">            <div class=\"d-sm-block d-none\">\n              <ul id=\"block-21\" class=\"profile-card-links-list list-unstyled mt-2 mt-sm-4\">\n  <li id=\"block-20\" class=\"profile-card-link\">\n  <i class=\"icon icon--fixed-width fa-solid fa-link\" aria-hidden=\"true\"><\/i>\n  <a href=\"https:\/\/icf.church\/tuttlingen\/de\/smallgroup-anmeldung\/\" target=\"\">Jetzt Anfragen<\/a>\n<\/li><\/ul>            <\/div>\n          <\/div>\n          <div class=\"col-12 col-sm-7\">\n            <h3 class=\"fs-h3-const mb-0 mt-3 mt-sm-0 title\">Sonntagstalk<\/h3>\n            <p class=\"fs-sm mt-1 responsibility\">Stories von Jesus, dir und mir<\/p>\n            <p class=\"fs-sm mt-4 biography\">Wann: sonntags | monatlich | 13:30 Uhr<br>Wo: Tuttlingen<br>Wer: M\u00e4nner &amp; Frauen | in der 2. Lebensh\u00e4lfte<\/p>\n          <\/div>\n          <div class=\"col-12 d-sm-none\">\n            <ul id=\"block-21\" class=\"profile-card-links-list list-unstyled mt-2 mt-sm-4\">\n  <li id=\"block-20\" class=\"profile-card-link\">\n  <i class=\"icon icon--fixed-width fa-solid fa-link\" aria-hidden=\"true\"><\/i>\n  <a href=\"https:\/\/icf.church\/tuttlingen\/de\/smallgroup-anmeldung\/\" target=\"\">Jetzt Anfragen<\/a>\n<\/li><\/ul>          <\/div>\n        <\/div>\n      <\/div>\n      <div class=\"modal-footer\"><\/div>\n    <\/div>\n  <\/div>\n<\/div><\/div>\n        <\/div>\n          <\/div>\n<\/div>\n\n<div id=\"block-41\" class=\"pt-2 pb-2 alignfull is-layout-constrained\">\n  <div>\n            <div class=\"row gx-4 gy-4 \">\n          \n\n<div id=\"block-30\" class=\"col wp-block-yellowtree-column col-12 col-lg-4 d-flex flex-column with-streched-height-children align-items-stretch align-items-lg-stretch\">\n  <article id=\"block-29\" type=\"button\" data-bs-theme=\"dark\" class=\"wp-block-yellowtree-profile-card card p-0 has-context-height\" style=\"--card-img-position:50% 50%\">\n      <img decoding=\"async\" width=\"1024\" height=\"682\" src=\"https:\/\/icf.church\/tuttlingen\/wp-content\/uploads\/sites\/55\/2026\/08\/tanja-scaled-1-1024x682.jpg\" class=\"card-img-top\" alt=\"\" draggable=\"false\" loading=\"lazy\" srcset=\"https:\/\/icf.church\/tuttlingen\/wp-content\/uploads\/sites\/55\/2026\/08\/tanja-scaled-1-1024x682.jpg 1024w, https:\/\/icf.church\/tuttlingen\/wp-content\/uploads\/sites\/55\/2026\/08\/tanja-scaled-1-300x200.jpg 300w, https:\/\/icf.church\/tuttlingen\/wp-content\/uploads\/sites\/55\/2026\/08\/tanja-scaled-1-768x512.jpg 768w, https:\/\/icf.church\/tuttlingen\/wp-content\/uploads\/sites\/55\/2026\/08\/tanja-scaled-1-1536x1024.jpg 1536w, https:\/\/icf.church\/tuttlingen\/wp-content\/uploads\/sites\/55\/2026\/08\/tanja-scaled-1-2048x1365.jpg 2048w\" sizes=\"(max-width: 1024px) 100vw, 1024px\">    <div class=\"card-body\">\n    <p class=\"card-meta-tag\">\n      Leitung: Tanja    <\/p>\n    <h3 class=\"card-title mt-1\">Leiterinnen TUT<\/h3>\n    <p class=\"card-text mt-1\">Austausch, Gebet und Leiterschaft<\/p>\n    <div class=\"card-buttons mt-1\">\n      <button type=\"button\" class=\"stretched-link btn btn-dark-1 btn-sm position-static\" aria-label=\"\u00d6ffne Popover \u00fcber Leiterinnen TUT\" aria-controls=\"profile-card-modal-block-29\" data-bs-toggle=\"modal\" data-bs-target=\"#profile-card-modal-block-29\">\n        <span>Mehr erfahren<\/span>\n        <i class=\"icon fs-base-const fa-arrow-right\"><\/i>\n      <\/button>\n    <\/div>\n  <\/div>\n<\/article>\n\n<div id=\"profile-card-modal-block-29\" tabindex=\"-1\" class=\"modal fade profile-card-modal\">\n  <div class=\"modal-dialog modal-dialog-centered\">\n    <div class=\"modal-content\" data-bs-theme=\"dark\">\n      <button type=\"button\" class=\"modal-close modal-close-end\" data-bs-dismiss=\"modal\" aria-label=\"Close\"><\/button>\n      <div class=\"modal-header\"><\/div>\n      <div class=\"modal-body overflow-y-auto text-body\">\n        <div class=\"row g-4\">\n          <div class=\"col-12 col-sm-5\">\n            <img decoding=\"async\" draggable=\"false\" loading=\"lazy\" src=\"https:\/\/icf.church\/tuttlingen\/wp-content\/uploads\/sites\/55\/2026\/08\/tanja-scaled-1.jpg\" alt=\"\" class=\"img-fluid rounded object-fit-cover\">            <div class=\"d-sm-block d-none\">\n              <ul id=\"block-27\" class=\"profile-card-links-list list-unstyled mt-2 mt-sm-4\">\n  <li id=\"block-26\" class=\"profile-card-link\">\n  <i class=\"icon icon--fixed-width fa-solid fa-link\" aria-hidden=\"true\"><\/i>\n  <a href=\"https:\/\/icf.church\/tuttlingen\/de\/smallgroup-anmeldung\/\" target=\"_blank\">Jetzt Anfragen<\/a>\n<\/li><\/ul>            <\/div>\n          <\/div>\n          <div class=\"col-12 col-sm-7\">\n            <h3 class=\"fs-h3-const mb-0 mt-3 mt-sm-0 title\">Leiterinnen TUT<\/h3>\n            <p class=\"fs-sm mt-1 responsibility\">Austausch, Gebet und Leiterschaft<\/p>\n            <p class=\"fs-sm mt-4 biography\">Wann: mittwochs| 14-t\u00e4gig | 19:00 Uhr<br>Wo: Seitingen-Oberflacht<br>Wer: Frauen in tragenden\/leitenden Rollen und die hineinwachsen wollen<\/p>\n          <\/div>\n          <div class=\"col-12 d-sm-none\">\n            <ul id=\"block-27\" class=\"profile-card-links-list list-unstyled mt-2 mt-sm-4\">\n  <li id=\"block-26\" class=\"profile-card-link\">\n  <i class=\"icon icon--fixed-width fa-solid fa-link\" aria-hidden=\"true\"><\/i>\n  <a href=\"https:\/\/icf.church\/tuttlingen\/de\/smallgroup-anmeldung\/\" target=\"_blank\">Jetzt Anfragen<\/a>\n<\/li><\/ul>          <\/div>\n        <\/div>\n      <\/div>\n      <div class=\"modal-footer\"><\/div>\n    <\/div>\n  <\/div>\n<\/div><\/div>\n\n\n<div id=\"block-35\" class=\"col wp-block-yellowtree-column col-12 col-lg-4 d-flex flex-column with-streched-height-children align-items-stretch align-items-lg-stretch\">\n  <article id=\"block-34\" type=\"button\" data-bs-theme=\"dark\" class=\"wp-block-yellowtree-profile-card card p-0 has-context-height\" style=\"--card-img-position:50% 50%\">\n      <img decoding=\"async\" width=\"1024\" height=\"683\" src=\"https:\/\/icf.church\/tuttlingen\/wp-content\/uploads\/sites\/55\/2026\/08\/nadine_bibelzeit-scaled-1-1024x683.jpg\" class=\"card-img-top\" alt=\"\" draggable=\"false\" loading=\"lazy\" srcset=\"https:\/\/icf.church\/tuttlingen\/wp-content\/uploads\/sites\/55\/2026\/08\/nadine_bibelzeit-scaled-1-1024x683.jpg 1024w, https:\/\/icf.church\/tuttlingen\/wp-content\/uploads\/sites\/55\/2026\/08\/nadine_bibelzeit-scaled-1-300x200.jpg 300w, https:\/\/icf.church\/tuttlingen\/wp-content\/uploads\/sites\/55\/2026\/08\/nadine_bibelzeit-scaled-1-768x512.jpg 768w, https:\/\/icf.church\/tuttlingen\/wp-content\/uploads\/sites\/55\/2026\/08\/nadine_bibelzeit-scaled-1-1536x1024.jpg 1536w, https:\/\/icf.church\/tuttlingen\/wp-content\/uploads\/sites\/55\/2026\/08\/nadine_bibelzeit-scaled-1-2048x1366.jpg 2048w\" sizes=\"(max-width: 1024px) 100vw, 1024px\">    <div class=\"card-body\">\n    <p class=\"card-meta-tag\">\n      Leitung: Nadine    <\/p>\n    <h3 class=\"card-title mt-1\">Bibelzeit<\/h3>\n    <p class=\"card-text mt-1\">Wir besch\u00e4ftigen uns gemeinsam mit der Bibel, vertiefen unser Wissen und tauschen Gedanken aus. Zusammen entdecken wir neue Einsichten und wachsen im Glauben.<\/p>\n    <div class=\"card-buttons mt-1\">\n      <button type=\"button\" class=\"stretched-link btn btn-dark-1 btn-sm position-static\" aria-label=\"\u00d6ffne Popover \u00fcber Bibelzeit\" aria-controls=\"profile-card-modal-block-34\" data-bs-toggle=\"modal\" data-bs-target=\"#profile-card-modal-block-34\">\n        <span>Mehr erfahren<\/span>\n        <i class=\"icon fs-base-const fa-arrow-right\"><\/i>\n      <\/button>\n    <\/div>\n  <\/div>\n<\/article>\n\n<div id=\"profile-card-modal-block-34\" tabindex=\"-1\" class=\"modal fade profile-card-modal\">\n  <div class=\"modal-dialog modal-dialog-centered\">\n    <div class=\"modal-content\" data-bs-theme=\"dark\">\n      <button type=\"button\" class=\"modal-close modal-close-end\" data-bs-dismiss=\"modal\" aria-label=\"Close\"><\/button>\n      <div class=\"modal-header\"><\/div>\n      <div class=\"modal-body overflow-y-auto text-body\">\n        <div class=\"row g-4\">\n          <div class=\"col-12 col-sm-5\">\n            <img decoding=\"async\" draggable=\"false\" loading=\"lazy\" src=\"https:\/\/icf.church\/tuttlingen\/wp-content\/uploads\/sites\/55\/2026\/08\/nadine_bibelzeit-scaled-1.jpg\" alt=\"\" class=\"img-fluid rounded object-fit-cover\">            <div class=\"d-sm-block d-none\">\n              <ul id=\"block-32\" class=\"profile-card-links-list list-unstyled mt-2 mt-sm-4\">\n  <li id=\"block-31\" class=\"profile-card-link\">\n  <i class=\"icon icon--fixed-width fa-solid fa-link\" aria-hidden=\"true\"><\/i>\n  <a href=\"https:\/\/icf.church\/tuttlingen\/de\/smallgroup-anmeldung\/\" target=\"\">Jetzt Anfragen<\/a>\n<\/li><\/ul>            <\/div>\n          <\/div>\n          <div class=\"col-12 col-sm-7\">\n            <h3 class=\"fs-h3-const mb-0 mt-3 mt-sm-0 title\">Bibelzeit<\/h3>\n            <p class=\"fs-sm mt-1 responsibility\">Wir besch\u00e4ftigen uns gemeinsam mit der Bibel, vertiefen unser Wissen und tauschen Gedanken aus. Zusammen entdecken wir neue Einsichten und wachsen im Glauben.<\/p>\n            <p class=\"fs-sm mt-4 biography\">Wann: donnerstags| 20:00 Uhr<br>Wo: ONLINE<\/p>\n          <\/div>\n          <div class=\"col-12 d-sm-none\">\n            <ul id=\"block-32\" class=\"profile-card-links-list list-unstyled mt-2 mt-sm-4\">\n  <li id=\"block-31\" class=\"profile-card-link\">\n  <i class=\"icon icon--fixed-width fa-solid fa-link\" aria-hidden=\"true\"><\/i>\n  <a href=\"https:\/\/icf.church\/tuttlingen\/de\/smallgroup-anmeldung\/\" target=\"\">Jetzt Anfragen<\/a>\n<\/li><\/ul>          <\/div>\n        <\/div>\n      <\/div>\n      <div class=\"modal-footer\"><\/div>\n    <\/div>\n  <\/div>\n<\/div><\/div>\n\n\n<div id=\"block-40\" class=\"col wp-block-yellowtree-column col-12 col-lg-4 d-flex flex-column with-streched-height-children align-items-stretch align-items-lg-stretch\">\n  <article id=\"block-39\" type=\"button\" data-bs-theme=\"dark\" class=\"wp-block-yellowtree-profile-card card p-0 has-context-height\" style=\"--card-img-position:50% 50%\">\n      <img decoding=\"async\" width=\"1024\" height=\"683\" src=\"https:\/\/icf.church\/tuttlingen\/wp-content\/uploads\/sites\/55\/2026\/08\/jeoffreymarisa_sg-scaled-1-1024x683.jpg\" class=\"card-img-top\" alt=\"\" draggable=\"false\" loading=\"lazy\" srcset=\"https:\/\/icf.church\/tuttlingen\/wp-content\/uploads\/sites\/55\/2026\/08\/jeoffreymarisa_sg-scaled-1-1024x683.jpg 1024w, https:\/\/icf.church\/tuttlingen\/wp-content\/uploads\/sites\/55\/2026\/08\/jeoffreymarisa_sg-scaled-1-300x200.jpg 300w, https:\/\/icf.church\/tuttlingen\/wp-content\/uploads\/sites\/55\/2026\/08\/jeoffreymarisa_sg-scaled-1-768x512.jpg 768w, https:\/\/icf.church\/tuttlingen\/wp-content\/uploads\/sites\/55\/2026\/08\/jeoffreymarisa_sg-scaled-1-1536x1024.jpg 1536w, https:\/\/icf.church\/tuttlingen\/wp-content\/uploads\/sites\/55\/2026\/08\/jeoffreymarisa_sg-scaled-1-2048x1366.jpg 2048w\" sizes=\"(max-width: 1024px) 100vw, 1024px\">    <div class=\"card-body\">\n    <p class=\"card-meta-tag\">\n      Leitung: Jeoffrey &amp; Marisa    <\/p>\n    <h3 class=\"card-title mt-1\">Smallgroup<\/h3>\n    <p class=\"card-text mt-1\">Wir tauchen gemeinsam in Gottes Wort ein, stellen Fragen, lernen voneinander und wachsen im Glauben an Jesus Christus.<\/p>\n    <div class=\"card-buttons mt-1\">\n      <button type=\"button\" class=\"stretched-link btn btn-dark-1 btn-sm position-static\" aria-label=\"\u00d6ffne Popover \u00fcber Smallgroup\" aria-controls=\"profile-card-modal-block-39\" data-bs-toggle=\"modal\" data-bs-target=\"#profile-card-modal-block-39\">\n        <span>Mehr erfahren<\/span>\n        <i class=\"icon fs-base-const fa-arrow-right\"><\/i>\n      <\/button>\n    <\/div>\n  <\/div>\n<\/article>\n\n<div id=\"profile-card-modal-block-39\" tabindex=\"-1\" class=\"modal fade profile-card-modal\">\n  <div class=\"modal-dialog modal-dialog-centered\">\n    <div class=\"modal-content\" data-bs-theme=\"dark\">\n      <button type=\"button\" class=\"modal-close modal-close-end\" data-bs-dismiss=\"modal\" aria-label=\"Close\"><\/button>\n      <div class=\"modal-header\"><\/div>\n      <div class=\"modal-body overflow-y-auto text-body\">\n        <div class=\"row g-4\">\n          <div class=\"col-12 col-sm-5\">\n            <img decoding=\"async\" draggable=\"false\" loading=\"lazy\" src=\"https:\/\/icf.church\/tuttlingen\/wp-content\/uploads\/sites\/55\/2026\/08\/jeoffreymarisa_sg-scaled-1.jpg\" alt=\"\" class=\"img-fluid rounded object-fit-cover\">            <div class=\"d-sm-block d-none\">\n              <ul id=\"block-37\" class=\"profile-card-links-list list-unstyled mt-2 mt-sm-4\">\n  <li id=\"block-36\" class=\"profile-card-link\">\n  <i class=\"icon icon--fixed-width fa-solid fa-link\" aria-hidden=\"true\"><\/i>\n  <a href=\"https:\/\/icf.church\/tuttlingen\/de\/smallgroup-anmeldung\/\" target=\"\">Jetzt Anfragen<\/a>\n<\/li><\/ul>            <\/div>\n          <\/div>\n          <div class=\"col-12 col-sm-7\">\n            <h3 class=\"fs-h3-const mb-0 mt-3 mt-sm-0 title\">Smallgroup<\/h3>\n            <p class=\"fs-sm mt-1 responsibility\">Wir tauchen gemeinsam in Gottes Wort ein, stellen Fragen, lernen voneinander und wachsen im Glauben an Jesus Christus.<\/p>\n            <p class=\"fs-sm mt-4 biography\">Wann: donnerstags | 19:00 Uhr<br>Wo: Tuttlingen<\/p>\n          <\/div>\n          <div class=\"col-12 d-sm-none\">\n            <ul id=\"block-37\" class=\"profile-card-links-list list-unstyled mt-2 mt-sm-4\">\n  <li id=\"block-36\" class=\"profile-card-link\">\n  <i class=\"icon icon--fixed-width fa-solid fa-link\" aria-hidden=\"true\"><\/i>\n  <a href=\"https:\/\/icf.church\/tuttlingen\/de\/smallgroup-anmeldung\/\" target=\"\">Jetzt Anfragen<\/a>\n<\/li><\/ul>          <\/div>\n        <\/div>\n      <\/div>\n      <div class=\"modal-footer\"><\/div>\n    <\/div>\n  <\/div>\n<\/div><\/div>\n        <\/div>\n          <\/div>\n<\/div>\n\n<div id=\"block-59\" class=\"pt-2 pb-2 alignfull is-layout-constrained\">\n  <div>\n            <div class=\"row gx-4 gy-4 \">\n          \n\n<div id=\"block-48\" class=\"col wp-block-yellowtree-column col-12 col-lg-4 d-flex flex-column with-streched-height-children align-items-stretch align-items-lg-stretch\">\n  <article id=\"block-45\" type=\"button\" data-bs-theme=\"dark\" class=\"wp-block-yellowtree-profile-card card p-0 has-context-height\" style=\"--card-img-position:50% 50%\">\n      <img decoding=\"async\" width=\"1024\" height=\"683\" src=\"https:\/\/icf.church\/tuttlingen\/wp-content\/uploads\/sites\/55\/2026\/08\/ella-scaled-1-1024x683.jpg\" class=\"card-img-top\" alt=\"\" draggable=\"false\" loading=\"lazy\" srcset=\"https:\/\/icf.church\/tuttlingen\/wp-content\/uploads\/sites\/55\/2026\/08\/ella-scaled-1-1024x683.jpg 1024w, https:\/\/icf.church\/tuttlingen\/wp-content\/uploads\/sites\/55\/2026\/08\/ella-scaled-1-300x200.jpg 300w, https:\/\/icf.church\/tuttlingen\/wp-content\/uploads\/sites\/55\/2026\/08\/ella-scaled-1-768x512.jpg 768w, https:\/\/icf.church\/tuttlingen\/wp-content\/uploads\/sites\/55\/2026\/08\/ella-scaled-1-1536x1024.jpg 1536w, https:\/\/icf.church\/tuttlingen\/wp-content\/uploads\/sites\/55\/2026\/08\/ella-scaled-1-2048x1366.jpg 2048w\" sizes=\"(max-width: 1024px) 100vw, 1024px\">    <div class=\"card-body\">\n    <p class=\"card-meta-tag\">\n      Leitung: Ella    <\/p>\n    <h3 class=\"card-title mt-1\">The creative Club<\/h3>\n    <p class=\"card-text mt-1\">Kreativit\u00e4t trifft Gemeinschaft. Einmal im Monat treffen wir uns f\u00fcr einen kreativen Abend voller Gemeinschaft, Inspiration und sch\u00f6ner Gespr\u00e4che.<\/p>\n    <div class=\"card-buttons mt-1\">\n      <button type=\"button\" class=\"stretched-link btn btn-dark-1 btn-sm position-static\" aria-label=\"\u00d6ffne Popover \u00fcber The creative Club\" aria-controls=\"profile-card-modal-block-45\" data-bs-toggle=\"modal\" data-bs-target=\"#profile-card-modal-block-45\">\n        <span>Mehr erfahren<\/span>\n        <i class=\"icon fs-base-const fa-arrow-right\"><\/i>\n      <\/button>\n    <\/div>\n  <\/div>\n<\/article>\n\n<div id=\"profile-card-modal-block-45\" tabindex=\"-1\" class=\"modal fade profile-card-modal\">\n  <div class=\"modal-dialog modal-dialog-centered\">\n    <div class=\"modal-content\" data-bs-theme=\"dark\">\n      <button type=\"button\" class=\"modal-close modal-close-end\" data-bs-dismiss=\"modal\" aria-label=\"Close\"><\/button>\n      <div class=\"modal-header\"><\/div>\n      <div class=\"modal-body overflow-y-auto text-body\">\n        <div class=\"row g-4\">\n          <div class=\"col-12 col-sm-5\">\n            <img decoding=\"async\" draggable=\"false\" loading=\"lazy\" src=\"https:\/\/icf.church\/tuttlingen\/wp-content\/uploads\/sites\/55\/2026\/08\/ella-scaled-1.jpg\" alt=\"\" class=\"img-fluid rounded object-fit-cover\">            <div class=\"d-sm-block d-none\">\n              <ul id=\"block-43\" class=\"profile-card-links-list list-unstyled mt-2 mt-sm-4\">\n  <\/ul>            <\/div>\n          <\/div>\n          <div class=\"col-12 col-sm-7\">\n            <h3 class=\"fs-h3-const mb-0 mt-3 mt-sm-0 title\">The creative Club<\/h3>\n            <p class=\"fs-sm mt-1 responsibility\">Kreativit\u00e4t trifft Gemeinschaft. Einmal im Monat treffen wir uns f\u00fcr einen kreativen Abend voller Gemeinschaft, Inspiration und sch\u00f6ner Gespr\u00e4che.<\/p>\n            <p class=\"fs-sm mt-4 biography\">Alle Informationen und Voranmeldung unter<br>biblerebind.com\/thecreativeclub<\/p>\n          <\/div>\n          <div class=\"col-12 d-sm-none\">\n            <ul id=\"block-43\" class=\"profile-card-links-list list-unstyled mt-2 mt-sm-4\">\n  <\/ul>          <\/div>\n        <\/div>\n      <\/div>\n      <div class=\"modal-footer\"><\/div>\n    <\/div>\n  <\/div>\n<\/div>\n\n<div id=\"block-47\" class=\"pt-2 pb-2 alignfull is-layout-constrained\">\n  <div>\n            <div class=\"row gx-4 gy-4 \">\n          \n\n<div id=\"block-46\" class=\"col wp-block-yellowtree-column col-12 d-flex flex-column with-streched-height-children align-items-stretch align-items-lg-stretch\">\n  <\/div>\n        <\/div>\n          <\/div>\n<\/div><\/div>\n\n\n<div id=\"block-53\" class=\"col wp-block-yellowtree-column col-12 col-lg-4 d-flex flex-column with-streched-height-children align-items-stretch align-items-lg-stretch\">\n  <article id=\"block-52\" type=\"button\" data-bs-theme=\"dark\" class=\"wp-block-yellowtree-profile-card card p-0 has-context-height\" style=\"--card-img-position:50% 50%\">\n      <img decoding=\"async\" width=\"1024\" height=\"683\" src=\"https:\/\/icf.church\/tuttlingen\/wp-content\/uploads\/sites\/55\/2026\/08\/hop_bild_klein-1024x683.jpg\" class=\"card-img-top\" alt=\"\" draggable=\"false\" loading=\"lazy\" srcset=\"https:\/\/icf.church\/tuttlingen\/wp-content\/uploads\/sites\/55\/2026\/08\/hop_bild_klein-1024x683.jpg 1024w, https:\/\/icf.church\/tuttlingen\/wp-content\/uploads\/sites\/55\/2026\/08\/hop_bild_klein-300x200.jpg 300w, https:\/\/icf.church\/tuttlingen\/wp-content\/uploads\/sites\/55\/2026\/08\/hop_bild_klein-768x512.jpg 768w, https:\/\/icf.church\/tuttlingen\/wp-content\/uploads\/sites\/55\/2026\/08\/hop_bild_klein-1536x1024.jpg 1536w, https:\/\/icf.church\/tuttlingen\/wp-content\/uploads\/sites\/55\/2026\/08\/hop_bild_klein.jpg 1800w\" sizes=\"(max-width: 1024px) 100vw, 1024px\">    <div class=\"card-body\">\n    <p class=\"card-meta-tag\">\n      Leitung: Tanja &amp; Ulrike    <\/p>\n    <h3 class=\"card-title mt-1\">Fr\u00fchgebet Frauen<\/h3>\n    <p class=\"card-text mt-1\">Gebet ver\u00e4ndert \u2013 es ver\u00e4ndert uns und auch unser Umfeld. Wir wollen durch Gebet f\u00fcr unsere Familien, Stadt, Staat und die Nationen Gottes Bestes suchen und entdecken, wie Gebet uns Gott n\u00e4her bringt und was er in unser Leben spricht!<\/p>\n    <div class=\"card-buttons mt-1\">\n      <button type=\"button\" class=\"stretched-link btn btn-dark-1 btn-sm position-static\" aria-label=\"\u00d6ffne Popover \u00fcber Fr\u00fchgebet Frauen\" aria-controls=\"profile-card-modal-block-52\" data-bs-toggle=\"modal\" data-bs-target=\"#profile-card-modal-block-52\">\n        <span>Mehr erfahren<\/span>\n        <i class=\"icon fs-base-const fa-arrow-right\"><\/i>\n      <\/button>\n    <\/div>\n  <\/div>\n<\/article>\n\n<div id=\"profile-card-modal-block-52\" tabindex=\"-1\" class=\"modal fade profile-card-modal\">\n  <div class=\"modal-dialog modal-dialog-centered\">\n    <div class=\"modal-content\" data-bs-theme=\"dark\">\n      <button type=\"button\" class=\"modal-close modal-close-end\" data-bs-dismiss=\"modal\" aria-label=\"Close\"><\/button>\n      <div class=\"modal-header\"><\/div>\n      <div class=\"modal-body overflow-y-auto text-body\">\n        <div class=\"row g-4\">\n          <div class=\"col-12 col-sm-5\">\n            <img decoding=\"async\" draggable=\"false\" loading=\"lazy\" src=\"https:\/\/icf.church\/tuttlingen\/wp-content\/uploads\/sites\/55\/2026\/08\/hop_bild_klein.jpg\" alt=\"\" class=\"img-fluid rounded object-fit-cover\">            <div class=\"d-sm-block d-none\">\n              <ul id=\"block-50\" class=\"profile-card-links-list list-unstyled mt-2 mt-sm-4\">\n  <li id=\"block-49\" class=\"profile-card-link\">\n  <i class=\"icon icon--fixed-width fa-solid fa-link\" aria-hidden=\"true\"><\/i>\n  <a href=\"https:\/\/icf.church\/tuttlingen\/de\/smallgroup-anmeldung\/\" target=\"\">Jetzt Anfragen<\/a>\n<\/li><\/ul>            <\/div>\n          <\/div>\n          <div class=\"col-12 col-sm-7\">\n            <h3 class=\"fs-h3-const mb-0 mt-3 mt-sm-0 title\">Fr\u00fchgebet Frauen<\/h3>\n            <p class=\"fs-sm mt-1 responsibility\">Gebet ver\u00e4ndert \u2013 es ver\u00e4ndert uns und auch unser Umfeld. Wir wollen durch Gebet f\u00fcr unsere Familien, Stadt, Staat und die Nationen Gottes Bestes suchen und entdecken, wie Gebet uns Gott n\u00e4her bringt und was er in unser Leben spricht!<\/p>\n            <p class=\"fs-sm mt-4 biography\">Wann: mittwochs | w\u00f6chentlich | 06:00 Uhr<br>Wo: ONLINE<br>Wer: Frauen | jede Altersgruppe<\/p>\n          <\/div>\n          <div class=\"col-12 d-sm-none\">\n            <ul id=\"block-50\" class=\"profile-card-links-list list-unstyled mt-2 mt-sm-4\">\n  <li id=\"block-49\" class=\"profile-card-link\">\n  <i class=\"icon icon--fixed-width fa-solid fa-link\" aria-hidden=\"true\"><\/i>\n  <a href=\"https:\/\/icf.church\/tuttlingen\/de\/smallgroup-anmeldung\/\" target=\"\">Jetzt Anfragen<\/a>\n<\/li><\/ul>          <\/div>\n        <\/div>\n      <\/div>\n      <div class=\"modal-footer\"><\/div>\n    <\/div>\n  <\/div>\n<\/div><\/div>\n\n\n<div id=\"block-58\" class=\"col wp-block-yellowtree-column col-12 col-lg-4 d-flex flex-column with-streched-height-children align-items-stretch align-items-lg-stretch\">\n  <article id=\"block-57\" type=\"button\" data-bs-theme=\"dark\" class=\"wp-block-yellowtree-profile-card card p-0 has-context-height\" style=\"--card-img-position:50% 50%\">\n      <img decoding=\"async\" width=\"640\" height=\"1024\" src=\"https:\/\/icf.church\/tuttlingen\/wp-content\/uploads\/sites\/55\/2026\/08\/men-s-prayer_bild-scaled-1-640x1024.jpg\" class=\"card-img-top\" alt=\"\" draggable=\"false\" loading=\"lazy\" srcset=\"https:\/\/icf.church\/tuttlingen\/wp-content\/uploads\/sites\/55\/2026\/08\/men-s-prayer_bild-scaled-1-640x1024.jpg 640w, https:\/\/icf.church\/tuttlingen\/wp-content\/uploads\/sites\/55\/2026\/08\/men-s-prayer_bild-scaled-1-188x300.jpg 188w, https:\/\/icf.church\/tuttlingen\/wp-content\/uploads\/sites\/55\/2026\/08\/men-s-prayer_bild-scaled-1-768x1229.jpg 768w, https:\/\/icf.church\/tuttlingen\/wp-content\/uploads\/sites\/55\/2026\/08\/men-s-prayer_bild-scaled-1-960x1536.jpg 960w, https:\/\/icf.church\/tuttlingen\/wp-content\/uploads\/sites\/55\/2026\/08\/men-s-prayer_bild-scaled-1-1280x2048.jpg 1280w, https:\/\/icf.church\/tuttlingen\/wp-content\/uploads\/sites\/55\/2026\/08\/men-s-prayer_bild-scaled-1.jpg 1600w\" sizes=\"(max-width: 640px) 100vw, 640px\">    <div class=\"card-body\">\n    <p class=\"card-meta-tag\">\n      Leitung: Martin    <\/p>\n    <h3 class=\"card-title mt-1\">Men&#8217;s Prayer<\/h3>\n    <p class=\"card-text mt-1\">Wir wollen M\u00e4nner nach dem Herzen Gottes sein, uns auf ihn ausrichten und nach seiner Kraft und geistlichen St\u00e4rke ausstrecken. Gemeinsam stehen wir als M\u00e4nner im Gebet, h\u00f6ren auf Gott und starten fokussiert in den Tag.<\/p>\n    <div class=\"card-buttons mt-1\">\n      <button type=\"button\" class=\"stretched-link btn btn-dark-1 btn-sm position-static\" aria-label=\"\u00d6ffne Popover \u00fcber Men's Prayer\" aria-controls=\"profile-card-modal-block-57\" data-bs-toggle=\"modal\" data-bs-target=\"#profile-card-modal-block-57\">\n        <span>Mehr erfahren<\/span>\n        <i class=\"icon fs-base-const fa-arrow-right\"><\/i>\n      <\/button>\n    <\/div>\n  <\/div>\n<\/article>\n\n<div id=\"profile-card-modal-block-57\" tabindex=\"-1\" class=\"modal fade profile-card-modal\">\n  <div class=\"modal-dialog modal-dialog-centered\">\n    <div class=\"modal-content\" data-bs-theme=\"dark\">\n      <button type=\"button\" class=\"modal-close modal-close-end\" data-bs-dismiss=\"modal\" aria-label=\"Close\"><\/button>\n      <div class=\"modal-header\"><\/div>\n      <div class=\"modal-body overflow-y-auto text-body\">\n        <div class=\"row g-4\">\n          <div class=\"col-12 col-sm-5\">\n            <img decoding=\"async\" draggable=\"false\" loading=\"lazy\" src=\"https:\/\/icf.church\/tuttlingen\/wp-content\/uploads\/sites\/55\/2026\/08\/men-s-prayer_bild-scaled-1.jpg\" alt=\"\" class=\"img-fluid rounded object-fit-cover\">            <div class=\"d-sm-block d-none\">\n              <ul id=\"block-55\" class=\"profile-card-links-list list-unstyled mt-2 mt-sm-4\">\n  <li id=\"block-54\" class=\"profile-card-link\">\n  <i class=\"icon icon--fixed-width fa-solid fa-link\" aria-hidden=\"true\"><\/i>\n  <a href=\"https:\/\/icf.church\/tuttlingen\/de\/smallgroup-anmeldung\/\" target=\"\">Jetzt Anfragen<\/a>\n<\/li><\/ul>            <\/div>\n          <\/div>\n          <div class=\"col-12 col-sm-7\">\n            <h3 class=\"fs-h3-const mb-0 mt-3 mt-sm-0 title\">Men&#8217;s Prayer<\/h3>\n            <p class=\"fs-sm mt-1 responsibility\">Wir wollen M\u00e4nner nach dem Herzen Gottes sein, uns auf ihn ausrichten und nach seiner Kraft und geistlichen St\u00e4rke ausstrecken. Gemeinsam stehen wir als M\u00e4nner im Gebet, h\u00f6ren auf Gott und starten fokussiert in den Tag.<\/p>\n            <p class=\"fs-sm mt-4 biography\">Wann: mittwochs | w\u00f6chentlich | 06:20 Uhr<br>Wo: ONLINE<br>Wer: M\u00e4nner | jede Altersgruppe<\/p>\n          <\/div>\n          <div class=\"col-12 d-sm-none\">\n            <ul id=\"block-55\" class=\"profile-card-links-list list-unstyled mt-2 mt-sm-4\">\n  <li id=\"block-54\" class=\"profile-card-link\">\n  <i class=\"icon icon--fixed-width fa-solid fa-link\" aria-hidden=\"true\"><\/i>\n  <a href=\"https:\/\/icf.church\/tuttlingen\/de\/smallgroup-anmeldung\/\" target=\"\">Jetzt Anfragen<\/a>\n<\/li><\/ul>          <\/div>\n        <\/div>\n      <\/div>\n      <div class=\"modal-footer\"><\/div>\n    <\/div>\n  <\/div>\n<\/div><\/div>\n        <\/div>\n          <\/div>\n<\/div>\n\n<div id=\"block-73\" class=\"pt-2 pb-2 alignfull is-layout-constrained\">\n  <div>\n            <div class=\"row gx-4 gy-4 \">\n          \n\n<div id=\"block-66\" class=\"col wp-block-yellowtree-column col-12 col-lg-4 d-flex flex-column with-streched-height-children align-items-stretch align-items-lg-stretch\">\n  <article id=\"block-63\" type=\"button\" data-bs-theme=\"dark\" class=\"wp-block-yellowtree-profile-card card p-0 has-context-height\" style=\"--card-img-position:50% 50%\">\n      <img decoding=\"async\" width=\"1024\" height=\"682\" src=\"https:\/\/icf.church\/tuttlingen\/wp-content\/uploads\/sites\/55\/2026\/08\/martin_bild-scaled-1-1024x682.jpeg\" class=\"card-img-top\" alt=\"\" draggable=\"false\" loading=\"lazy\" srcset=\"https:\/\/icf.church\/tuttlingen\/wp-content\/uploads\/sites\/55\/2026\/08\/martin_bild-scaled-1-1024x682.jpeg 1024w, https:\/\/icf.church\/tuttlingen\/wp-content\/uploads\/sites\/55\/2026\/08\/martin_bild-scaled-1-300x200.jpeg 300w, https:\/\/icf.church\/tuttlingen\/wp-content\/uploads\/sites\/55\/2026\/08\/martin_bild-scaled-1-768x512.jpeg 768w, https:\/\/icf.church\/tuttlingen\/wp-content\/uploads\/sites\/55\/2026\/08\/martin_bild-scaled-1-1536x1024.jpeg 1536w, https:\/\/icf.church\/tuttlingen\/wp-content\/uploads\/sites\/55\/2026\/08\/martin_bild-scaled-1-2048x1365.jpeg 2048w\" sizes=\"(max-width: 1024px) 100vw, 1024px\">    <div class=\"card-body\">\n    <p class=\"card-meta-tag\">\n      Leitung: Ella    <\/p>\n    <h3 class=\"card-title mt-1\">Beziehungskurs<\/h3>\n    <p class=\"card-text mt-1\">Weil Leben Beziehung ist! N\u00e4chste Schritte gehen, hin zu reifen, erf\u00fcllten und authentischen Beziehungen in Ehe, Partnerschaft, Freundschaft und Kirche.<\/p>\n    <div class=\"card-buttons mt-1\">\n      <button type=\"button\" class=\"stretched-link btn btn-dark-1 btn-sm position-static\" aria-label=\"\u00d6ffne Popover \u00fcber Beziehungskurs\" aria-controls=\"profile-card-modal-block-63\" data-bs-toggle=\"modal\" data-bs-target=\"#profile-card-modal-block-63\">\n        <span>Mehr erfahren<\/span>\n        <i class=\"icon fs-base-const fa-arrow-right\"><\/i>\n      <\/button>\n    <\/div>\n  <\/div>\n<\/article>\n\n<div id=\"profile-card-modal-block-63\" tabindex=\"-1\" class=\"modal fade profile-card-modal\">\n  <div class=\"modal-dialog modal-dialog-centered\">\n    <div class=\"modal-content\" data-bs-theme=\"dark\">\n      <button type=\"button\" class=\"modal-close modal-close-end\" data-bs-dismiss=\"modal\" aria-label=\"Close\"><\/button>\n      <div class=\"modal-header\"><\/div>\n      <div class=\"modal-body overflow-y-auto text-body\">\n        <div class=\"row g-4\">\n          <div class=\"col-12 col-sm-5\">\n            <img decoding=\"async\" draggable=\"false\" loading=\"lazy\" src=\"https:\/\/icf.church\/tuttlingen\/wp-content\/uploads\/sites\/55\/2026\/08\/martin_bild-scaled-1.jpeg\" alt=\"\" class=\"img-fluid rounded object-fit-cover\">            <div class=\"d-sm-block d-none\">\n              <ul id=\"block-61\" class=\"profile-card-links-list list-unstyled mt-2 mt-sm-4\">\n  <\/ul>            <\/div>\n          <\/div>\n          <div class=\"col-12 col-sm-7\">\n            <h3 class=\"fs-h3-const mb-0 mt-3 mt-sm-0 title\">Beziehungskurs<\/h3>\n            <p class=\"fs-sm mt-1 responsibility\">Weil Leben Beziehung ist! N\u00e4chste Schritte gehen, hin zu reifen, erf\u00fcllten und authentischen Beziehungen in Ehe, Partnerschaft, Freundschaft und Kirche.<\/p>\n            <p class=\"fs-sm mt-4 biography\">N\u00e4chster Start: noch offen<br>Wo: Carl-Zeiss-Stra\u00dfe 8 I Tuttlingen<br>Wer: M\u00e4nner &amp; Frauen | jede Altersgruppe<\/p>\n          <\/div>\n          <div class=\"col-12 d-sm-none\">\n            <ul id=\"block-61\" class=\"profile-card-links-list list-unstyled mt-2 mt-sm-4\">\n  <\/ul>          <\/div>\n        <\/div>\n      <\/div>\n      <div class=\"modal-footer\"><\/div>\n    <\/div>\n  <\/div>\n<\/div>\n\n<div id=\"block-65\" class=\"pt-2 pb-2 alignfull is-layout-constrained\">\n  <div>\n            <div class=\"row gx-4 gy-4 \">\n          \n\n<div id=\"block-64\" class=\"col wp-block-yellowtree-column col-12 d-flex flex-column with-streched-height-children align-items-stretch align-items-lg-stretch\">\n  <\/div>\n        <\/div>\n          <\/div>\n<\/div><\/div>\n\n\n<div id=\"block-71\" class=\"col wp-block-yellowtree-column col-12 col-lg-4 d-flex flex-column with-streched-height-children align-items-stretch align-items-lg-stretch\">\n  <article id=\"block-70\" type=\"button\" data-bs-theme=\"dark\" class=\"wp-block-yellowtree-profile-card card p-0 has-context-height\" style=\"--card-img-position:50% 50%\">\n      <img decoding=\"async\" width=\"1024\" height=\"683\" src=\"https:\/\/icf.church\/tuttlingen\/wp-content\/uploads\/sites\/55\/2026\/08\/alpha-scaled-1-1024x683.jpg\" class=\"card-img-top\" alt=\"\" draggable=\"false\" loading=\"lazy\" srcset=\"https:\/\/icf.church\/tuttlingen\/wp-content\/uploads\/sites\/55\/2026\/08\/alpha-scaled-1-1024x683.jpg 1024w, https:\/\/icf.church\/tuttlingen\/wp-content\/uploads\/sites\/55\/2026\/08\/alpha-scaled-1-300x200.jpg 300w, https:\/\/icf.church\/tuttlingen\/wp-content\/uploads\/sites\/55\/2026\/08\/alpha-scaled-1-768x512.jpg 768w, https:\/\/icf.church\/tuttlingen\/wp-content\/uploads\/sites\/55\/2026\/08\/alpha-scaled-1-1536x1024.jpg 1536w, https:\/\/icf.church\/tuttlingen\/wp-content\/uploads\/sites\/55\/2026\/08\/alpha-scaled-1-2048x1366.jpg 2048w\" sizes=\"(max-width: 1024px) 100vw, 1024px\">    <div class=\"card-body\">\n    <p class=\"card-meta-tag\">\n      Leitung: Martin    <\/p>\n    <h3 class=\"card-title mt-1\">Alpha Kurs<\/h3>\n    <p class=\"card-text mt-1\">Willst du mehr \u00fcber den christlichen Glauben erfahren? Dann ist der Alpha-Kurs DEIN n\u00e4chster Schritt! ODER lade Freunde und Kollegen dazu ein, die mit den Fragen unserer Zeit ringen und nach Hoffnung f\u00fcr sich und andere suchen.<\/p>\n    <div class=\"card-buttons mt-1\">\n      <button type=\"button\" class=\"stretched-link btn btn-dark-1 btn-sm position-static\" aria-label=\"\u00d6ffne Popover \u00fcber Alpha Kurs\" aria-controls=\"profile-card-modal-block-70\" data-bs-toggle=\"modal\" data-bs-target=\"#profile-card-modal-block-70\">\n        <span>Mehr erfahren<\/span>\n        <i class=\"icon fs-base-const fa-arrow-right\"><\/i>\n      <\/button>\n    <\/div>\n  <\/div>\n<\/article>\n\n<div id=\"profile-card-modal-block-70\" tabindex=\"-1\" class=\"modal fade profile-card-modal\">\n  <div class=\"modal-dialog modal-dialog-centered\">\n    <div class=\"modal-content\" data-bs-theme=\"dark\">\n      <button type=\"button\" class=\"modal-close modal-close-end\" data-bs-dismiss=\"modal\" aria-label=\"Close\"><\/button>\n      <div class=\"modal-header\"><\/div>\n      <div class=\"modal-body overflow-y-auto text-body\">\n        <div class=\"row g-4\">\n          <div class=\"col-12 col-sm-5\">\n            <img decoding=\"async\" draggable=\"false\" loading=\"lazy\" src=\"https:\/\/icf.church\/tuttlingen\/wp-content\/uploads\/sites\/55\/2026\/08\/alpha-scaled-1.jpg\" alt=\"\" class=\"img-fluid rounded object-fit-cover\">            <div class=\"d-sm-block d-none\">\n              <ul id=\"block-68\" class=\"profile-card-links-list list-unstyled mt-2 mt-sm-4\">\n  <li id=\"block-67\" class=\"profile-card-link\">\n  <i class=\"icon icon--fixed-width fa-solid fa-link\" aria-hidden=\"true\"><\/i>\n  <a href=\"https:\/\/icf.church\/tuttlingen\/de\/smallgroup-anmeldung\/\" target=\"\">Jetzt Anfragen<\/a>\n<\/li><\/ul>            <\/div>\n          <\/div>\n          <div class=\"col-12 col-sm-7\">\n            <h3 class=\"fs-h3-const mb-0 mt-3 mt-sm-0 title\">Alpha Kurs<\/h3>\n            <p class=\"fs-sm mt-1 responsibility\">Willst du mehr \u00fcber den christlichen Glauben erfahren? Dann ist der Alpha-Kurs DEIN n\u00e4chster Schritt! ODER lade Freunde und Kollegen dazu ein, die mit den Fragen unserer Zeit ringen und nach Hoffnung f\u00fcr sich und andere suchen.<\/p>\n            <p class=\"fs-sm mt-4 biography\">N\u00e4chster Start: noch offen<br>Wo: Carl-Zeiss-Stra\u00dfe 8 I Tuttlingen<br>Wer: M\u00e4nner &amp; Frauen | jede Altersgruppe<\/p>\n          <\/div>\n          <div class=\"col-12 d-sm-none\">\n            <ul id=\"block-68\" class=\"profile-card-links-list list-unstyled mt-2 mt-sm-4\">\n  <li id=\"block-67\" class=\"profile-card-link\">\n  <i class=\"icon icon--fixed-width fa-solid fa-link\" aria-hidden=\"true\"><\/i>\n  <a href=\"https:\/\/icf.church\/tuttlingen\/de\/smallgroup-anmeldung\/\" target=\"\">Jetzt Anfragen<\/a>\n<\/li><\/ul>          <\/div>\n        <\/div>\n      <\/div>\n      <div class=\"modal-footer\"><\/div>\n    <\/div>\n  <\/div>\n<\/div><\/div>\n\n\n<div id=\"block-72\" class=\"col wp-block-yellowtree-column col-12 col-lg-4 d-flex flex-column with-streched-height-children align-items-stretch align-items-lg-stretch\">\n  <\/div>\n        <\/div>\n          <\/div>\n<\/div>\n\n<div id=\"block-75\" class=\"pt-2 pb-2 alignfull is-layout-constrained\">\n  <div>\n            <div class=\"row gx-4 gy-4 \">\n          \n\n<div id=\"block-74\" class=\"col wp-block-yellowtree-column col-12 d-flex flex-column with-streched-height-children align-items-stretch align-items-md-stretch\">\n  <\/div>\n        <\/div>\n          <\/div>\n<\/div>\n\n<div id=\"block-81\" class=\"pt-2 pb-2 alignfull is-layout-constrained\">\n  <div>\n            <div class=\"row gx-4 gy-4 \">\n          \n\n<div id=\"block-80\" class=\"col wp-block-yellowtree-column col-12 d-flex flex-column with-streched-height-children align-items-stretch align-items-md-stretch\">\n  <h2 id=\"block-76\" class=\"h2 text-start\">\n  Du m\u00f6chtest Teil einer Smallgroup werden?<\/h2>\n\n<p id=\"block-77\" class=\"text-start wp-block-paragraph\">\n  Dann f\u00fcll dieses Formular aus:<\/p>\n\n<div id=\"block-79\" class=\"pt-2 pb-2 alignfull is-layout-constrained\">\n  <div>\n            <div class=\"row gx-4 gy-4 \">\n          \n\n<div id=\"block-78\" class=\"col wp-block-yellowtree-column col-12 d-flex flex-column with-streched-height-children align-items-stretch align-items-md-stretch\">\n  <\/div>\n        <\/div>\n          <\/div>\n<\/div><\/div>\n        <\/div>\n          <\/div>\n<\/div>\n\n<script nonce=\"nCmQW9AXKsH96LpWc9Zi4tlBns4\">\nvar gform;gform||(document.addEventListener(\"gform_main_scripts_loaded\",function(){gform.scriptsLoaded=!0}),document.addEventListener(\"gform\/theme\/scripts_loaded\",function(){gform.themeScriptsLoaded=!0}),window.addEventListener(\"DOMContentLoaded\",function(){gform.domLoaded=!0}),gform={domLoaded:!1,scriptsLoaded:!1,themeScriptsLoaded:!1,isFormEditor:()=>\"function\"==typeof InitializeEditor,callIfLoaded:function(o){return!(!gform.domLoaded||!gform.scriptsLoaded||!gform.themeScriptsLoaded&&!gform.isFormEditor()||(gform.isFormEditor()&&console.warn(\"The use of gform.initializeOnLoaded() is deprecated in the form editor context and will be removed in Gravity Forms 3.1.\"),o(),0))},initializeOnLoaded:function(o){gform.callIfLoaded(o)||(document.addEventListener(\"gform_main_scripts_loaded\",()=>{gform.scriptsLoaded=!0,gform.callIfLoaded(o)}),document.addEventListener(\"gform\/theme\/scripts_loaded\",()=>{gform.themeScriptsLoaded=!0,gform.callIfLoaded(o)}),window.addEventListener(\"DOMContentLoaded\",()=>{gform.domLoaded=!0,gform.callIfLoaded(o)}))},hooks:{action:{},filter:{}},addAction:function(o,r,e,t){gform.addHook(\"action\",o,r,e,t)},addFilter:function(o,r,e,t){gform.addHook(\"filter\",o,r,e,t)},doAction:function(o){gform.doHook(\"action\",o,arguments)},applyFilters:function(o){return gform.doHook(\"filter\",o,arguments)},removeAction:function(o,r){gform.removeHook(\"action\",o,r)},removeFilter:function(o,r,e){gform.removeHook(\"filter\",o,r,e)},addHook:function(o,r,e,t,n){null==gform.hooks[o][r]&&(gform.hooks[o][r]=[]);var d=gform.hooks[o][r];null==n&&(n=r+\"_\"+d.length),gform.hooks[o][r].push({tag:n,callable:e,priority:t=null==t?10:t})},doHook:function(r,o,e){var t;if(e=Array.prototype.slice.call(e,1),null!=gform.hooks[r][o]&&((o=gform.hooks[r][o]).sort(function(o,r){return o.priority-r.priority}),o.forEach(function(o){\"function\"!=typeof(t=o.callable)&&(t=window[t]),\"action\"==r?t.apply(null,e):e[0]=t.apply(null,e)})),\"filter\"==r)return e[0]},removeHook:function(o,r,t,n){var e;null!=gform.hooks[o][r]&&(e=(e=gform.hooks[o][r]).filter(function(o,r,e){return!!(null!=n&&n!=o.tag||null!=t&&t!=o.priority)}),gform.hooks[o][r]=e)}});\n<\/script>\n\n                <div class='gf_browser_gecko gform_wrapper gform-theme gform-theme--foundation gform-theme--framework gform-theme--orbital icf-form_wrapper' data-form-theme='orbital' data-form-index='0' id='gform_wrapper_2' ><style>#gform_wrapper_2[data-form-index=\"0\"].gform-theme{&shy;gf-color-primary: #204ce5;&shy;gf-color-primary-rgb: 32, 76, 229;&shy;gf-color-primary-contrast: #fff;&shy;gf-color-primary-contrast-rgb: 255, 255, 255;&shy;gf-color-primary-darker: #001AB3;&shy;gf-color-primary-lighter: #527EFF;&shy;gf-color-secondary: #fff;&shy;gf-color-secondary-rgb: 255, 255, 255;&shy;gf-color-secondary-contrast: #112337;&shy;gf-color-secondary-contrast-rgb: 17, 35, 55;&shy;gf-color-secondary-darker: #F5F5F5;&shy;gf-color-secondary-lighter: #FFFFFF;&shy;gf-color-out-ctrl-light: rgba(17, 35, 55, 0.1);&shy;gf-color-out-ctrl-light-rgb: 17, 35, 55;&shy;gf-color-out-ctrl-light-darker: rgba(104, 110, 119, 0.35);&shy;gf-color-out-ctrl-light-lighter: #F5F5F5;&shy;gf-color-out-ctrl-dark: #585e6a;&shy;gf-color-out-ctrl-dark-rgb: 88, 94, 106;&shy;gf-color-out-ctrl-dark-darker: #112337;&shy;gf-color-out-ctrl-dark-lighter: rgba(17, 35, 55, 0.65);&shy;gf-color-in-ctrl: #fff;&shy;gf-color-in-ctrl-rgb: 255, 255, 255;&shy;gf-color-in-ctrl-contrast: #112337;&shy;gf-color-in-ctrl-contrast-rgb: 17, 35, 55;&shy;gf-color-in-ctrl-darker: #F5F5F5;&shy;gf-color-in-ctrl-lighter: #FFFFFF;&shy;gf-color-in-ctrl-primary: #204ce5;&shy;gf-color-in-ctrl-primary-rgb: 32, 76, 229;&shy;gf-color-in-ctrl-primary-contrast: #fff;&shy;gf-color-in-ctrl-primary-contrast-rgb: 255, 255, 255;&shy;gf-color-in-ctrl-primary-darker: #001AB3;&shy;gf-color-in-ctrl-primary-lighter: #527EFF;&shy;gf-color-in-ctrl-light: rgba(17, 35, 55, 0.1);&shy;gf-color-in-ctrl-light-rgb: 17, 35, 55;&shy;gf-color-in-ctrl-light-darker: rgba(104, 110, 119, 0.35);&shy;gf-color-in-ctrl-light-lighter: #F5F5F5;&shy;gf-color-in-ctrl-dark: #585e6a;&shy;gf-color-in-ctrl-dark-rgb: 88, 94, 106;&shy;gf-color-in-ctrl-dark-darker: #112337;&shy;gf-color-in-ctrl-dark-lighter: rgba(17, 35, 55, 0.65);&shy;gf-radius: 3px;&shy;gf-font-size-secondary: 14px;&shy;gf-font-size-tertiary: 13px;&shy;gf-icon-ctrl-number: url(\"data:image\/svg+xml,%3Csvg width='8' height='14' viewBox='0 0 8 14' fill='none' xmlns='http:\/\/www.w3.org\/2000\/svg'%3E%3Cpath fill-rule='evenodd' clip-rule='evenodd' d='M4 0C4.26522 5.96046e-08 4.51957 0.105357 4.70711 0.292893L7.70711 3.29289C8.09763 3.68342 8.09763 4.31658 7.70711 4.70711C7.31658 5.09763 6.68342 5.09763 6.29289 4.70711L4 2.41421L1.70711 4.70711C1.31658 5.09763 0.683417 5.09763 0.292893 4.70711C-0.0976311 4.31658 -0.097631 3.68342 0.292893 3.29289L3.29289 0.292893C3.48043 0.105357 3.73478 0 4 0ZM0.292893 9.29289C0.683417 8.90237 1.31658 8.90237 1.70711 9.29289L4 11.5858L6.29289 9.29289C6.68342 8.90237 7.31658 8.90237 7.70711 9.29289C8.09763 9.68342 8.09763 10.3166 7.70711 10.7071L4.70711 13.7071C4.31658 14.0976 3.68342 14.0976 3.29289 13.7071L0.292893 10.7071C-0.0976311 10.3166 -0.0976311 9.68342 0.292893 9.29289Z' fill='rgba(17, 35, 55, 0.65)'\/%3E%3C\/svg%3E\");&shy;gf-icon-ctrl-select: url(\"data:image\/svg+xml,%3Csvg width='10' height='6' viewBox='0 0 10 6' fill='none' xmlns='http:\/\/www.w3.org\/2000\/svg'%3E%3Cpath fill-rule='evenodd' clip-rule='evenodd' d='M0.292893 0.292893C0.683417 -0.097631 1.31658 -0.097631 1.70711 0.292893L5 3.58579L8.29289 0.292893C8.68342 -0.0976311 9.31658 -0.0976311 9.70711 0.292893C10.0976 0.683417 10.0976 1.31658 9.70711 1.70711L5.70711 5.70711C5.31658 6.09763 4.68342 6.09763 4.29289 5.70711L0.292893 1.70711C-0.0976311 1.31658 -0.0976311 0.683418 0.292893 0.292893Z' fill='rgba(17, 35, 55, 0.65)'\/%3E%3C\/svg%3E\");&shy;gf-icon-ctrl-search: url(\"data:image\/svg+xml,%3Csvg width='640' height='640' xmlns='http:\/\/www.w3.org\/2000\/svg'%3E%3Cpath d='M256 128c-70.692 0-128 57.308-128 128 0 70.691 57.308 128 128 128 70.691 0 128-57.309 128-128 0-70.692-57.309-128-128-128zM64 256c0-106.039 85.961-192 192-192s192 85.961 192 192c0 41.466-13.146 79.863-35.498 111.248l154.125 154.125c12.496 12.496 12.496 32.758 0 45.254s-32.758 12.496-45.254 0L367.248 412.502C335.862 434.854 297.467 448 256 448c-106.039 0-192-85.962-192-192z' fill='rgba(17, 35, 55, 0.65)'\/%3E%3C\/svg%3E\");&shy;gf-label-space-y-secondary: var(&shy;gf-label-space-y-md-secondary);&shy;gf-ctrl-border-color: #686e77;&shy;gf-ctrl-size: var(&shy;gf-ctrl-size-md);&shy;gf-ctrl-label-color-primary: #112337;&shy;gf-ctrl-label-color-secondary: #112337;&shy;gf-ctrl-choice-size: var(&shy;gf-ctrl-choice-size-md);&shy;gf-ctrl-checkbox-check-size: var(&shy;gf-ctrl-checkbox-check-size-md);&shy;gf-ctrl-radio-check-size: var(&shy;gf-ctrl-radio-check-size-md);&shy;gf-ctrl-btn-font-size: var(&shy;gf-ctrl-btn-font-size-md);&shy;gf-ctrl-btn-padding-x: var(&shy;gf-ctrl-btn-padding-x-md);&shy;gf-ctrl-btn-size: var(&shy;gf-ctrl-btn-size-md);&shy;gf-ctrl-btn-border-color-secondary: #686e77;&shy;gf-ctrl-btn-bg-color-hover-tertiary: #EBEBEB;&shy;gf-field-img-choice-size: var(&shy;gf-field-img-choice-size-md);&shy;gf-field-img-choice-card-space: var(&shy;gf-field-img-choice-card-space-md);&shy;gf-field-img-choice-check-ind-size: var(&shy;gf-field-img-choice-check-ind-size-md);&shy;gf-field-img-choice-check-ind-icon-size: var(&shy;gf-field-img-choice-check-ind-icon-size-md);&shy;gf-field-pg-steps-number-color: rgba(17, 35, 55, 0.8);}<\/style>\n                        <div class='gform_heading'>\n                            <h2 class=\"gform_title\">Smallgroup Anmeldung Tuttlingen<\/h2>\n                            <p class='gform_description'><\/p>\n                        <\/div><form method='post' enctype='multipart\/form-data'  id='gform_2' class='icf-form' action='\/tuttlingen\/de\/wp-json\/wp\/v2\/pages\/579' data-formid='2' novalidate>\n                        <div class='gform-body gform_body'><div id='gform_fields_2' class='gform_fields top_label form_sublabel_below description_below validation_below'><fieldset id=\"field_2_9\" class=\"gfield gfield--type-name gfield_contains_required field_sublabel_below gfield--no-description field_description_below field_validation_below gfield_visibility_visible\"  ><legend class='gfield_label gform-field-label gfield_label_before_complex' ><span class='gform-field-label__text'>Name<\/span><span class=\"gfield_required\"><span class=\"gfield_required gfield_required_text\">(erforderlich)<\/span><\/span><\/legend><div class='ginput_complex ginput_container ginput_container--name no_prefix has_first_name no_middle_name has_last_name no_suffix gf_name_has_2 ginput_container_name gform-grid-row' id='input_2_9'>\n                            \n                            <span id='input_2_9_3_container' class='name_first gform-grid-col gform-grid-col--size-auto' >\n                                                    <input type='text' name='input_9.3' id='input_2_9_3' value=''   aria-required='true'     \/>\n                                                    <label for='input_2_9_3' class='gform-field-label gform-field-label--type-sub '>Vorname<\/label>\n                                                <\/span>\n                            \n                            <span id='input_2_9_6_container' class='name_last gform-grid-col gform-grid-col--size-auto' >\n                                                    <input type='text' name='input_9.6' id='input_2_9_6' value=''   aria-required='true'     \/>\n                                                    <label for='input_2_9_6' class='gform-field-label gform-field-label--type-sub '>Nachname<\/label>\n                                                <\/span>\n                            \n                        <\/div><\/fieldset><fieldset id=\"field_2_34\" class=\"gfield gfield--type-radio gfield--type-choice gfield--width-full gfield_contains_required field_sublabel_below gfield--no-description field_description_below field_validation_below gfield_visibility_visible gfield--choice-align-vertical\"  ><legend class='gfield_label gform-field-label' ><span class='gform-field-label__text'>Anmelden f\u00fcr<\/span><span class=\"gfield_required\"><span class=\"gfield_required gfield_required_text\">(erforderlich)<\/span><\/span><\/legend><div class='ginput_container ginput_container_radio'><div class='gfield_radio' id='input_2_34'>\n\t\t\t<div class='gchoice gchoice_2_34_0'>\n\t\t\t\t\t<input class='gfield-choice-input' name='input_34' type='radio' value='YOUTH &amp; TEENS' checked='checked' id='choice_2_34_0' onchange='gformToggleRadioOther( this )'    \/>\n\t\t\t\t\t<label for='choice_2_34_0' id='label_2_34_0' class='gform-field-label gform-field-label--type-inline'>YOUTH &amp; TEENS<\/label>\n\t\t\t<\/div>\n\t\t\t<div class='gchoice gchoice_2_34_1'>\n\t\t\t\t\t<input class='gfield-choice-input' name='input_34' type='radio' value='Men&#039;s Garden'  id='choice_2_34_1' onchange='gformToggleRadioOther( this )'    \/>\n\t\t\t\t\t<label for='choice_2_34_1' id='label_2_34_1' class='gform-field-label gform-field-label--type-inline'>Men&#8217;s Garden<\/label>\n\t\t\t<\/div>\n\t\t\t<div class='gchoice gchoice_2_34_2'>\n\t\t\t\t\t<input class='gfield-choice-input' name='input_34' type='radio' value='Sonntagtalk'  id='choice_2_34_2' onchange='gformToggleRadioOther( this )'    \/>\n\t\t\t\t\t<label for='choice_2_34_2' id='label_2_34_2' class='gform-field-label gform-field-label--type-inline'>Sonntagtalk<\/label>\n\t\t\t<\/div>\n\t\t\t<div class='gchoice gchoice_2_34_3'>\n\t\t\t\t\t<input class='gfield-choice-input' name='input_34' type='radio' value='Bibelzeit'  id='choice_2_34_3' onchange='gformToggleRadioOther( this )'    \/>\n\t\t\t\t\t<label for='choice_2_34_3' id='label_2_34_3' class='gform-field-label gform-field-label--type-inline'>Bibelzeit<\/label>\n\t\t\t<\/div>\n\t\t\t<div class='gchoice gchoice_2_34_4'>\n\t\t\t\t\t<input class='gfield-choice-input' name='input_34' type='radio' value='Smallgroup'  id='choice_2_34_4' onchange='gformToggleRadioOther( this )'    \/>\n\t\t\t\t\t<label for='choice_2_34_4' id='label_2_34_4' class='gform-field-label gform-field-label--type-inline'>Smallgroup<\/label>\n\t\t\t<\/div>\n\t\t\t<div class='gchoice gchoice_2_34_5'>\n\t\t\t\t\t<input class='gfield-choice-input' name='input_34' type='radio' value='Leiterinnen TUT'  id='choice_2_34_5' onchange='gformToggleRadioOther( this )'    \/>\n\t\t\t\t\t<label for='choice_2_34_5' id='label_2_34_5' class='gform-field-label gform-field-label--type-inline'>Leiterinnen TUT<\/label>\n\t\t\t<\/div>\n\t\t\t<div class='gchoice gchoice_2_34_6'>\n\t\t\t\t\t<input class='gfield-choice-input' name='input_34' type='radio' value='Fr\u00fchgebet Frauen'  id='choice_2_34_6' onchange='gformToggleRadioOther( this )'    \/>\n\t\t\t\t\t<label for='choice_2_34_6' id='label_2_34_6' class='gform-field-label gform-field-label--type-inline'>Fr\u00fchgebet Frauen<\/label>\n\t\t\t<\/div>\n\t\t\t<div class='gchoice gchoice_2_34_7'>\n\t\t\t\t\t<input class='gfield-choice-input' name='input_34' type='radio' value='Men\u00b4s Prayer'  id='choice_2_34_7' onchange='gformToggleRadioOther( this )'    \/>\n\t\t\t\t\t<label for='choice_2_34_7' id='label_2_34_7' class='gform-field-label gform-field-label--type-inline'>Men\u00b4s Prayer<\/label>\n\t\t\t<\/div>\n\t\t\t<div class='gchoice gchoice_2_34_8'>\n\t\t\t\t\t<input class='gfield-choice-input' name='input_34' type='radio' value='Alpha-Kurs'  id='choice_2_34_8' onchange='gformToggleRadioOther( this )'    \/>\n\t\t\t\t\t<label for='choice_2_34_8' id='label_2_34_8' class='gform-field-label gform-field-label--type-inline'>Alpha-Kurs<\/label>\n\t\t\t<\/div>\n\t\t\t<div class='gchoice gchoice_2_34_9'>\n\t\t\t\t\t<input class='gfield-choice-input' name='input_34' type='radio' value='Beziehungskurs'  id='choice_2_34_9' onchange='gformToggleRadioOther( this )'    \/>\n\t\t\t\t\t<label for='choice_2_34_9' id='label_2_34_9' class='gform-field-label gform-field-label--type-inline'>Beziehungskurs<\/label>\n\t\t\t<\/div><\/div><\/div><\/fieldset><div id=\"field_2_12\" class=\"gfield gfield--type-email gf_left_half gfield--width-half gfield_contains_required field_sublabel_below gfield--no-description field_description_below field_validation_below gfield_visibility_visible gpev-field\"  data-field-class=\"gpev-field\" ><label class='gfield_label gform-field-label' for='input_2_12'><span class='gform-field-label__text'>E-Mail<\/span><span class=\"gfield_required\"><span class=\"gfield_required gfield_required_text\">(erforderlich)<\/span><\/span><\/label><div class='ginput_container ginput_container_email'>\n                            <input name='input_12' id='input_2_12' type='email' value='' class='medium'    aria-required=\"true\" aria-invalid=\"false\"  \/>\n                        <\/div><\/div><div id=\"field_2_13\" class=\"gfield gfield--type-phone gfield--phone-format-international gf_right_half gfield--width-half field_sublabel_below gfield--no-description field_description_below field_validation_below gfield_visibility_visible\"  ><label class='gfield_label gform-field-label' for='input_2_13'><span class='gform-field-label__text'>Telefon<\/span><\/label><div class='ginput_container ginput_container_phone'><input name='input_13' id='input_2_13' type='tel' value='' class='medium'    aria-invalid=\"false\"    \/><\/div><\/div><div id=\"field_2_24\" class=\"gfield gfield--type-text gfield_contains_required field_sublabel_below gfield--no-description field_description_below field_validation_below gfield_visibility_visible\"  ><label class='gfield_label gform-field-label' for='input_2_24'><span class='gform-field-label__text'>Wohnort<\/span><span class=\"gfield_required\"><span class=\"gfield_required gfield_required_text\">(erforderlich)<\/span><\/span><\/label><div class='ginput_container ginput_container_text'><input name='input_24' id='input_2_24' type='text' value='' class='medium'     aria-required=\"true\" aria-invalid=\"false\"   \/><\/div><\/div><fieldset id=\"field_2_31\" class=\"gfield gfield--type-date gfield--input-type-datedropdown gfield_contains_required field_sublabel_below gfield--no-description field_description_below field_validation_below gfield_visibility_visible\"  ><legend class='gfield_label gform-field-label' ><span class='gform-field-label__text'>Geburtstag<\/span><span class=\"gfield_required\"><span class=\"gfield_required gfield_required_text\">(erforderlich)<\/span><\/span><\/legend><div id='input_2_31' class='ginput_container ginput_complex gform-grid-row'><div class='gfield_date_dropdown_day ginput_container ginput_container_date gform-grid-col' id='input_2_31_2_container'><label for='input_2_31_2' class='gform-field-label gform-field-label--type-sub hidden_sub_label screen-reader-text'>Tag<\/label><select name='input_31[]' id='input_2_31_2'   aria-required='true'  ><option value=''>Tag<\/option><option value='1' >1<\/option><option value='2' >2<\/option><option value='3' >3<\/option><option value='4' >4<\/option><option value='5' >5<\/option><option value='6' >6<\/option><option value='7' >7<\/option><option value='8' >8<\/option><option value='9' >9<\/option><option value='10' >10<\/option><option value='11' >11<\/option><option value='12' >12<\/option><option value='13' >13<\/option><option value='14' >14<\/option><option value='15' >15<\/option><option value='16' >16<\/option><option value='17' >17<\/option><option value='18' >18<\/option><option value='19' >19<\/option><option value='20' >20<\/option><option value='21' >21<\/option><option value='22' >22<\/option><option value='23' >23<\/option><option value='24' >24<\/option><option value='25' >25<\/option><option value='26' >26<\/option><option value='27' >27<\/option><option value='28' >28<\/option><option value='29' >29<\/option><option value='30' >30<\/option><option value='31' >31<\/option><\/select><\/div><div class='gfield_date_dropdown_month ginput_container ginput_container_date gform-grid-col' id='input_2_31_1_container'><label for='input_2_31_1' class='gform-field-label gform-field-label--type-sub hidden_sub_label screen-reader-text'>Monat<\/label><select name='input_31[]' id='input_2_31_1'   aria-required='true'  ><option value=''>Monat<\/option><option value='1' >1<\/option><option value='2' >2<\/option><option value='3' >3<\/option><option value='4' >4<\/option><option value='5' >5<\/option><option value='6' >6<\/option><option value='7' >7<\/option><option value='8' >8<\/option><option value='9' >9<\/option><option value='10' >10<\/option><option value='11' >11<\/option><option value='12' >12<\/option><\/select><\/div><div class='gfield_date_dropdown_year ginput_container ginput_container_date gform-grid-col' id='input_2_31_3_container'><label for='input_2_31_3' class='gform-field-label gform-field-label--type-sub hidden_sub_label screen-reader-text'>Jahr<\/label><select name='input_31[]' id='input_2_31_3'   aria-required='true'  ><option value=''>Jahr<\/option><option value='2027' >2027<\/option><option value='2026' >2026<\/option><option value='2025' >2025<\/option><option value='2024' >2024<\/option><option value='2023' >2023<\/option><option value='2022' >2022<\/option><option value='2021' >2021<\/option><option value='2020' >2020<\/option><option value='2019' >2019<\/option><option value='2018' >2018<\/option><option value='2017' >2017<\/option><option value='2016' >2016<\/option><option value='2015' >2015<\/option><option value='2014' >2014<\/option><option value='2013' >2013<\/option><option value='2012' >2012<\/option><option value='2011' >2011<\/option><option value='2010' >2010<\/option><option value='2009' >2009<\/option><option value='2008' >2008<\/option><option value='2007' >2007<\/option><option value='2006' >2006<\/option><option value='2005' >2005<\/option><option value='2004' >2004<\/option><option value='2003' >2003<\/option><option value='2002' >2002<\/option><option value='2001' >2001<\/option><option value='2000' >2000<\/option><option value='1999' >1999<\/option><option value='1998' >1998<\/option><option value='1997' >1997<\/option><option value='1996' >1996<\/option><option value='1995' >1995<\/option><option value='1994' >1994<\/option><option value='1993' >1993<\/option><option value='1992' >1992<\/option><option value='1991' >1991<\/option><option value='1990' >1990<\/option><option value='1989' >1989<\/option><option value='1988' >1988<\/option><option value='1987' >1987<\/option><option value='1986' >1986<\/option><option value='1985' >1985<\/option><option value='1984' >1984<\/option><option value='1983' >1983<\/option><option value='1982' >1982<\/option><option value='1981' >1981<\/option><option value='1980' >1980<\/option><option value='1979' >1979<\/option><option value='1978' >1978<\/option><option value='1977' >1977<\/option><option value='1976' >1976<\/option><option value='1975' >1975<\/option><option value='1974' >1974<\/option><option value='1973' >1973<\/option><option value='1972' >1972<\/option><option value='1971' >1971<\/option><option value='1970' >1970<\/option><option value='1969' >1969<\/option><option value='1968' >1968<\/option><option value='1967' >1967<\/option><option value='1966' >1966<\/option><option value='1965' >1965<\/option><option value='1964' >1964<\/option><option value='1963' >1963<\/option><option value='1962' >1962<\/option><option value='1961' >1961<\/option><option value='1960' >1960<\/option><option value='1959' >1959<\/option><option value='1958' >1958<\/option><option value='1957' >1957<\/option><option value='1956' >1956<\/option><option value='1955' >1955<\/option><option value='1954' >1954<\/option><option value='1953' >1953<\/option><option value='1952' >1952<\/option><option value='1951' >1951<\/option><option value='1950' >1950<\/option><option value='1949' >1949<\/option><option value='1948' >1948<\/option><option value='1947' >1947<\/option><option value='1946' >1946<\/option><option value='1945' >1945<\/option><option value='1944' >1944<\/option><option value='1943' >1943<\/option><option value='1942' >1942<\/option><option value='1941' >1941<\/option><option value='1940' >1940<\/option><option value='1939' >1939<\/option><option value='1938' >1938<\/option><option value='1937' >1937<\/option><option value='1936' >1936<\/option><option value='1935' >1935<\/option><option value='1934' >1934<\/option><option value='1933' >1933<\/option><option value='1932' >1932<\/option><option value='1931' >1931<\/option><option value='1930' >1930<\/option><option value='1929' >1929<\/option><option value='1928' >1928<\/option><option value='1927' >1927<\/option><option value='1926' >1926<\/option><option value='1925' >1925<\/option><option value='1924' >1924<\/option><option value='1923' >1923<\/option><option value='1922' >1922<\/option><option value='1921' >1921<\/option><option value='1920' >1920<\/option><\/select><\/div><\/div><\/fieldset><div id=\"field_2_21\" class=\"gfield gfield--type-textarea field_sublabel_below gfield--no-description field_description_below field_validation_below gfield_visibility_visible\"  ><label class='gfield_label gform-field-label' for='input_2_21'><span class='gform-field-label__text'>Bemerkungen<\/span><\/label><div class='ginput_container ginput_container_textarea'><textarea name='input_21' id='input_2_21' class='textarea medium'      aria-invalid=\"false\"   rows='10' cols='50'><\/textarea><\/div><\/div><fieldset id=\"field_2_32\" class=\"gfield gfield--type-checkbox gfield--type-choice gfield_contains_required field_sublabel_below gfield--has-description field_description_below field_validation_below gfield_visibility_visible gfield--choice-align-vertical\"  ><legend class='gfield_label gform-field-label gfield_label_before_complex' ><span class='gform-field-label__text'>Akzeptierst du unsere Datenschutzrichtlinien:<\/span><span class=\"gfield_required\"><span class=\"gfield_required gfield_required_text\">(erforderlich)<\/span><\/span><\/legend><div class='ginput_container ginput_container_checkbox'><div class='gfield_checkbox ' id='input_2_32'><div class='gchoice gchoice_2_32_1'>\n\t\t\t\t\t\t\t\t<input class='gfield-choice-input' name='input_32.1' type='checkbox'  value='Ja, ich bin einverstanden.'  id='choice_2_32_1'   aria-describedby=\"gfield_description_2_32\"\/>\n\t\t\t\t\t\t\t\t<label for='choice_2_32_1' id='label_2_32_1' class='gform-field-label gform-field-label--type-inline'>Ja, ich bin einverstanden.<\/label>\n\t\t\t\t\t\t\t<\/div><\/div><\/div><div class='gfield_description' id='gfield_description_2_32'><a href=\"https:\/\/www.icf-swb.de\/datenschutzerklaerung\/\" target=\"_blank\">Zu den Datenschutzrichtlinien<\/a><\/div><\/fieldset><\/div><\/div>\n        <div class='gform-footer gform_footer top_label'> <button type='submit' id='gform_submit_button_2' class='gform_button button' onclick='gform.submission.handleButtonClick(this);' data-submission-type='submit' >Absenden<\/button> \n            <input type='hidden' class='gform_hidden' name='gform_submission_method' data-js='gform_submission_method_2' value='postback' \/>\n            <input type='hidden' class='gform_hidden' name='gform_theme' data-js='gform_theme_2' id='gform_theme_2' value='orbital' \/>\n            <input type='hidden' class='gform_hidden' name='gform_style_settings' data-js='gform_style_settings_2' id='gform_style_settings_2' value='{&quot;inputPrimaryColor&quot;:&quot;#204ce5&quot;}' \/>\n            <input type='hidden' class='gform_hidden' name='is_submit_2' value='1' \/>\n            <input type='hidden' class='gform_hidden' name='gform_submit' value='2' \/>\n            \n            <input type='hidden' class='gform_hidden' name='gform_currency' data-currency='EUR' value='x6OGFHJKv7EIb57g47csqQAT16RG2cPClSYlwR0ZtTAOU2vH6hHo674FP3+53Cf\/hEkWDjNNoAbhCalluNdfNUafDjFg5T3YZxbbIBfLS2kC5Uw=' \/>\n            <input type='hidden' class='gform_hidden' name='gform_unique_id' value='' \/>\n            <input type='hidden' class='gform_hidden' name='state_2' value='WyJ7XCIzNFwiOltcIjhlODk5YzA3YzRhYWVjMDliODMzNGZjNjUzN2FkNTVhXCIsXCJlMTRjNGUwYjA3YjgwOTk4ZGUzNWMyNzUzZjY3ODk4MlwiLFwiZTIwMTRhMDEyNThlNWI5ZTc1MWJlYTBhYjNiYTMxMjhcIixcIjFjMGZlZmRjYjAyODVmYmM3NDg0Y2I4YmZkMjhlODhlXCIsXCJhZmUwNmRhOWEwZDczZmEwOTQ5ZjU5ZmU3M2QxOGJiZlwiLFwiNDgwNWU5YzcxNjA1NzdmMjM0MmI5MjM3MTc0OGRkZTdcIixcIjA4ZjZiYjU1YWNiZTU3Mjk2ZjI2NWFiZmVkNzZkMWYxXCIsXCJlODNkOTJjYTUwODlhYjZmYWRkZWQ1ZGZmZjE2YzgxYVwiLFwiNTAwZmM5OWMyMzlmZDBmMTdjOWEzZTk5OWJiZjBjNTlcIixcIjIzNDcwYmNlYzgyMTBkNTY3NDhkMzBiOTZiNGYxNWFkXCJdLFwiZ2Zvcm1fc3VibWlzc2lvbl9tZXRob2RcIjpbXCJlMmVlYmI3ZGZhNTk2MTQ0YWU1YzQ0YzM2ZDlmYTM0MFwiLFwiZjUwZmVkZmRjOWY1MGU2MGJlOTUxODE0OGQxZjIxZGFcIl0sXCJnZm9ybV90aGVtZVwiOlwiNWI4YThkMTBiMDBiNzM4Mjc1YTM3M2I5MjdkZDYxOWVcIixcImdmb3JtX3N0eWxlX3NldHRpbmdzXCI6XCI0ZWQ3NTA0MmE2MjBiNGRhNDIyMDExODYxNDMyOWVkZVwiLFwiZm9ybV9pZFwiOlwiMDlmYjQ4MjYyNzQ4ZDI4MzI5NDk4ZTljMGMwMmIxOGFcIixcInVybFwiOlwiODEzMTkwMDU2NzMzNDBhOTZkOTYzZTg3MTgyNDY1MDVcIixcInN0YXRlX3RpbWVzdGFtcFwiOlwiOWIxN2YzMjFlOGU4ZTc5ZmJjNzgzMmNhZTM2NzAxYjZcIn0iLCIwZmQ2YTVkYzJjNGQyYTY1YzU3ODc4ZTFmMzkzMDIwMiIsMTc4ODIxMjg1M10=' \/>\n            <input type='hidden' autocomplete='off' class='gform_hidden' name='gform_target_page_number_2' id='gform_target_page_number_2' value='0' \/>\n            <input type='hidden' autocomplete='off' class='gform_hidden' name='gform_source_page_number_2' id='gform_source_page_number_2' value='1' \/>\n            <input type='hidden' name='gform_field_values' value='' \/>\n            \n        <\/div>\n                        <\/form>\n                        <\/div>","protected":false},"excerpt":{"rendered":"<p>Smallgroups Tuttlingen GEMEINSCHAFT \u2013 GOTT ERLEBEN \u2013 WACHSEN Wir sind eine wachsende Kirche. Immer mehr Menschen kommen dazu, aber dennoch bist du f\u00fcr uns nicht einfach ein weiteres Gesicht in der Menge. Wir glauben, dass wir dazu geschaffen sind, tiefe und echte Beziehungen zu leben. Hier erleben wir die F\u00fclle, die Gott f\u00fcr uns bereith\u00e4lt. [&hellip;]<\/p>\n","protected":false},"author":49,"featured_media":0,"parent":0,"menu_order":0,"comment_status":"closed","ping_status":"closed","template":"","meta":{"_acf_changed":false,"_seopress_titles_title":"","_seopress_titles_desc":"","_seopress_robots_index":"","_seopress_robots_follow":"","_seopress_robots_imageindex":"","_seopress_robots_snippet":"","_seopress_robots_primary_cat":"","_seopress_robots_breadcrumbs":"","_seopress_robots_freeze_modified_date":"","_seopress_robots_custom_modified_date":"","_seopress_robots_canonical":"","_seopress_social_fb_title":"","_seopress_social_fb_desc":"","_seopress_social_fb_img":"","_seopress_social_fb_img_attachment_id":0,"_seopress_social_fb_img_width":0,"_seopress_social_fb_img_height":0,"_seopress_social_twitter_title":"","_seopress_social_twitter_desc":"","_seopress_social_twitter_img":"","_seopress_social_twitter_img_attachment_id":0,"_seopress_social_twitter_img_width":0,"_seopress_social_twitter_img_height":0,"_seopress_redirections_value":"","_seopress_redirections_enabled":"","_seopress_redirections_enabled_regex":"","_seopress_redirections_logged_status":"","_seopress_redirections_param":"","_seopress_redirections_type":0,"_seopress_analysis_target_kw":"","_seopress_news_disabled":"","_seopress_video_disabled":"","_seopress_video":[],"_seopress_pro_schemas_manual":[],"_seopress_pro_rich_snippets_disable_all":"","_seopress_pro_rich_snippets_disable":[],"_seopress_pro_schemas":[],"yt_custom_styles_scss":"","yt_custom_styles_rounded_corners":false,"yt_custom_styles_color_scheme":"","footnotes":""},"class_list":["post-579","page","type-page","status-publish","hentry"],"acf":[],"_links":{"self":[{"href":"https:\/\/icf.church\/tuttlingen\/de\/wp-json\/wp\/v2\/pages\/579","targetHints":{"allow":["GET"]}}],"collection":[{"href":"https:\/\/icf.church\/tuttlingen\/de\/wp-json\/wp\/v2\/pages"}],"about":[{"href":"https:\/\/icf.church\/tuttlingen\/de\/wp-json\/wp\/v2\/types\/page"}],"author":[{"embeddable":true,"href":"https:\/\/icf.church\/tuttlingen\/de\/wp-json\/wp\/v2\/users\/49"}],"replies":[{"embeddable":true,"href":"https:\/\/icf.church\/tuttlingen\/de\/wp-json\/wp\/v2\/comments?post=579"}],"version-history":[{"count":5,"href":"https:\/\/icf.church\/tuttlingen\/de\/wp-json\/wp\/v2\/pages\/579\/revisions"}],"predecessor-version":[{"id":629,"href":"https:\/\/icf.church\/tuttlingen\/de\/wp-json\/wp\/v2\/pages\/579\/revisions\/629"}],"wp:attachment":[{"href":"https:\/\/icf.church\/tuttlingen\/de\/wp-json\/wp\/v2\/media?parent=579"}],"curies":[{"name":"wp","href":"https:\/\/api.w.org\/{rel}","templated":true}]}}