{"id":724,"date":"2026-08-08T23:06:50","date_gmt":"2026-08-08T21:06:50","guid":{"rendered":"https:\/\/new.icf.church\/villingen\/?page_id=724"},"modified":"2026-08-11T16:21:00","modified_gmt":"2026-08-11T14:21:00","slug":"smallgroups","status":"publish","type":"page","link":"https:\/\/icf.church\/villingen\/de\/smallgroups\/","title":{"rendered":"Smallgroups"},"content":{"rendered":"<h2 id=\"block-1\" class=\"mt-4 mb-4 h2 display-2 text-start\">\n  Smallgroups Villingen<\/h2>\n\n<p id=\"block-2\" class=\"text-start wp-block-paragraph\">\n  GEMEINSCHAFT \u2013 GOTT ERLEBEN \u2013 WACHSEN<\/p>\n\n<p id=\"block-3\" class=\"mt-4 mb-4 text-start wp-block-paragraph\">\n  Wir sind eine wachsende Kirche. Immer mehr Menschen kommen dazu, aber dennoch bist du f\u00fcr uns nicht einfach ein weiteres Gesicht in der Menge. Wir glauben, dass wir dazu geschaffen sind, tiefe und echte Beziehungen zu leben. Hier erleben wir die F\u00fclle, die Gott f\u00fcr uns bereith\u00e4lt. Genau deshalb gibt es Gruppen \u2013 damit lebensver\u00e4ndernde Beziehungen erlebbar werden und es einfach ist, Teil einer Gemeinschaft zu sein.<\/p>\n\n<div id=\"block-19\" class=\"pt-2 pb-2 alignfull is-layout-constrained\">\n  <div>\n            <div class=\"row gx-4 gy-4 \">\n          \n\n<div id=\"block-8\" class=\"col wp-block-yellowtree-column col-12 col-lg-4 d-flex flex-column with-streched-height-children align-items-stretch align-items-lg-stretch\">\n  <article id=\"block-7\" type=\"button\" data-bs-theme=\"dark\" class=\"wp-block-yellowtree-profile-card card p-0 has-context-height\" style=\"--card-img-position:50% 50%\">\n      <img decoding=\"async\" width=\"1024\" height=\"584\" src=\"https:\/\/icf.church\/villingen\/wp-content\/uploads\/sites\/54\/2026\/08\/shootingdavid-2451-1024x584.jpg\" class=\"card-img-top\" alt=\"\" draggable=\"false\" loading=\"lazy\" srcset=\"https:\/\/icf.church\/villingen\/wp-content\/uploads\/sites\/54\/2026\/08\/shootingdavid-2451-1024x584.jpg 1024w, https:\/\/icf.church\/villingen\/wp-content\/uploads\/sites\/54\/2026\/08\/shootingdavid-2451-300x171.jpg 300w, https:\/\/icf.church\/villingen\/wp-content\/uploads\/sites\/54\/2026\/08\/shootingdavid-2451-768x438.jpg 768w, https:\/\/icf.church\/villingen\/wp-content\/uploads\/sites\/54\/2026\/08\/shootingdavid-2451-1536x876.jpg 1536w, https:\/\/icf.church\/villingen\/wp-content\/uploads\/sites\/54\/2026\/08\/shootingdavid-2451-2048x1168.jpg 2048w\" sizes=\"(max-width: 1024px) 100vw, 1024px\">    <div class=\"card-body\">\n    <p class=\"card-meta-tag\">\n      Leitung: Benny &amp; Conny    <\/p>\n    <h3 class=\"card-title mt-1\">Youth<\/h3>\n    <p class=\"card-text mt-1\">Wir wollen dich kennenlernen!<\/p>\n    <div class=\"card-buttons mt-1\">\n      <button type=\"button\" class=\"stretched-link btn btn-dark-1 btn-sm position-static\" aria-label=\"\u00d6ffne Popover \u00fcber Youth\" aria-controls=\"profile-card-modal-block-7\" data-bs-toggle=\"modal\" data-bs-target=\"#profile-card-modal-block-7\">\n        <span>Mehr erfahren<\/span>\n        <i class=\"icon fs-base-const fa-arrow-right\"><\/i>\n      <\/button>\n    <\/div>\n  <\/div>\n<\/article>\n\n<div id=\"profile-card-modal-block-7\" tabindex=\"-1\" class=\"modal fade profile-card-modal\">\n  <div class=\"modal-dialog modal-dialog-centered\">\n    <div class=\"modal-content\" data-bs-theme=\"dark\">\n      <button type=\"button\" class=\"modal-close modal-close-end\" data-bs-dismiss=\"modal\" aria-label=\"Close\"><\/button>\n      <div class=\"modal-header\"><\/div>\n      <div class=\"modal-body overflow-y-auto text-body\">\n        <div class=\"row g-4\">\n          <div class=\"col-12 col-sm-5\">\n            <img decoding=\"async\" draggable=\"false\" loading=\"lazy\" src=\"https:\/\/icf.church\/villingen\/wp-content\/uploads\/sites\/54\/2026\/08\/shootingdavid-2451-scaled.jpg\" alt=\"\" class=\"img-fluid rounded object-fit-cover\">            <div class=\"d-sm-block d-none\">\n              <ul id=\"block-5\" class=\"profile-card-links-list list-unstyled mt-2 mt-sm-4\">\n  <li id=\"block-4\" class=\"profile-card-link\">\n  <i class=\"icon icon--fixed-width fa-solid fa-link\" aria-hidden=\"true\"><\/i>\n  <a href=\"https:\/\/icf.church\/villingen\/de\/smallgroup-anmeldung\/\" target=\"\">Jetzt Anfragen<\/a>\n<\/li><\/ul>            <\/div>\n          <\/div>\n          <div class=\"col-12 col-sm-7\">\n            <h3 class=\"fs-h3-const mb-0 mt-3 mt-sm-0 title\">Youth<\/h3>\n            <p class=\"fs-sm mt-1 responsibility\">Wir wollen dich kennenlernen!<\/p>\n            <p class=\"fs-sm mt-4 biography\">Wann: freitags | Chill in 19:00 Uhr | Start 19:30 Uhr | w\u00f6chentlich<br>Wo: ICF Villingen-Schwenningen<br>Wer: ab 16 Jahren<\/p>\n          <\/div>\n          <div class=\"col-12 d-sm-none\">\n            <ul id=\"block-5\" class=\"profile-card-links-list list-unstyled mt-2 mt-sm-4\">\n  <li id=\"block-4\" class=\"profile-card-link\">\n  <i class=\"icon icon--fixed-width fa-solid fa-link\" aria-hidden=\"true\"><\/i>\n  <a href=\"https:\/\/icf.church\/villingen\/de\/smallgroup-anmeldung\/\" target=\"\">Jetzt Anfragen<\/a>\n<\/li><\/ul>          <\/div>\n        <\/div>\n      <\/div>\n      <div class=\"modal-footer\"><\/div>\n    <\/div>\n  <\/div>\n<\/div><\/div>\n\n\n<div id=\"block-13\" class=\"col wp-block-yellowtree-column col-12 col-lg-4 d-flex flex-column with-streched-height-children align-items-stretch align-items-lg-stretch\">\n  <article id=\"block-12\" type=\"button\" data-bs-theme=\"dark\" class=\"wp-block-yellowtree-profile-card card p-0 has-context-height\" style=\"--card-img-position:50% 50%\">\n      <img decoding=\"async\" width=\"1024\" height=\"683\" src=\"https:\/\/icf.church\/villingen\/wp-content\/uploads\/sites\/54\/2026\/08\/shootingdavid-4520-1024x683.jpg\" class=\"card-img-top\" alt=\"\" draggable=\"false\" loading=\"lazy\" srcset=\"https:\/\/icf.church\/villingen\/wp-content\/uploads\/sites\/54\/2026\/08\/shootingdavid-4520-1024x683.jpg 1024w, https:\/\/icf.church\/villingen\/wp-content\/uploads\/sites\/54\/2026\/08\/shootingdavid-4520-300x200.jpg 300w, https:\/\/icf.church\/villingen\/wp-content\/uploads\/sites\/54\/2026\/08\/shootingdavid-4520-768x512.jpg 768w, https:\/\/icf.church\/villingen\/wp-content\/uploads\/sites\/54\/2026\/08\/shootingdavid-4520-1536x1024.jpg 1536w, https:\/\/icf.church\/villingen\/wp-content\/uploads\/sites\/54\/2026\/08\/shootingdavid-4520-2048x1365.jpg 2048w\" sizes=\"(max-width: 1024px) 100vw, 1024px\">    <div class=\"card-body\">\n    <p class=\"card-meta-tag\">\n      Leitung: Andreas    <\/p>\n    <h3 class=\"card-title mt-1\">Men on Track<\/h3>\n    <p class=\"card-text mt-1\">Gemeinschaft | Outdooraktivit\u00e4ten | Im Glauben wachsen<\/p>\n    <div class=\"card-buttons mt-1\">\n      <button type=\"button\" class=\"stretched-link btn btn-dark-1 btn-sm position-static\" aria-label=\"\u00d6ffne Popover \u00fcber Men on Track\" aria-controls=\"profile-card-modal-block-12\" data-bs-toggle=\"modal\" data-bs-target=\"#profile-card-modal-block-12\">\n        <span>Mehr erfahren<\/span>\n        <i class=\"icon fs-base-const fa-arrow-right\"><\/i>\n      <\/button>\n    <\/div>\n  <\/div>\n<\/article>\n\n<div id=\"profile-card-modal-block-12\" tabindex=\"-1\" class=\"modal fade profile-card-modal\">\n  <div class=\"modal-dialog modal-dialog-centered\">\n    <div class=\"modal-content\" data-bs-theme=\"dark\">\n      <button type=\"button\" class=\"modal-close modal-close-end\" data-bs-dismiss=\"modal\" aria-label=\"Close\"><\/button>\n      <div class=\"modal-header\"><\/div>\n      <div class=\"modal-body overflow-y-auto text-body\">\n        <div class=\"row g-4\">\n          <div class=\"col-12 col-sm-5\">\n            <img decoding=\"async\" draggable=\"false\" loading=\"lazy\" src=\"https:\/\/icf.church\/villingen\/wp-content\/uploads\/sites\/54\/2026\/08\/shootingdavid-4520-scaled.jpg\" alt=\"\" class=\"img-fluid rounded object-fit-cover\">            <div class=\"d-sm-block d-none\">\n              <ul id=\"block-10\" class=\"profile-card-links-list list-unstyled mt-2 mt-sm-4\">\n  <li id=\"block-9\" class=\"profile-card-link\">\n  <i class=\"icon icon--fixed-width fa-solid fa-link\" aria-hidden=\"true\"><\/i>\n  <a href=\"https:\/\/icf.church\/villingen\/de\/smallgroup-anmeldung\/\" target=\"\">Jetzt Anfragen<\/a>\n<\/li><\/ul>            <\/div>\n          <\/div>\n          <div class=\"col-12 col-sm-7\">\n            <h3 class=\"fs-h3-const mb-0 mt-3 mt-sm-0 title\">Men on Track<\/h3>\n            <p class=\"fs-sm mt-1 responsibility\">Gemeinschaft | Outdooraktivit\u00e4ten | Im Glauben wachsen<\/p>\n            <p class=\"fs-sm mt-4 biography\">Wann: donnerstags | 14-t\u00e4gig | 19:00 Uhr<br>Wo: Kappel<br>Wer: M\u00e4nner | jede Altersgruppe<\/p>\n          <\/div>\n          <div class=\"col-12 d-sm-none\">\n            <ul id=\"block-10\" class=\"profile-card-links-list list-unstyled mt-2 mt-sm-4\">\n  <li id=\"block-9\" class=\"profile-card-link\">\n  <i class=\"icon icon--fixed-width fa-solid fa-link\" aria-hidden=\"true\"><\/i>\n  <a href=\"https:\/\/icf.church\/villingen\/de\/smallgroup-anmeldung\/\" target=\"\">Jetzt Anfragen<\/a>\n<\/li><\/ul>          <\/div>\n        <\/div>\n      <\/div>\n      <div class=\"modal-footer\"><\/div>\n    <\/div>\n  <\/div>\n<\/div><\/div>\n\n\n<div id=\"block-18\" class=\"col wp-block-yellowtree-column col-12 col-lg-4 d-flex flex-column with-streched-height-children align-items-stretch align-items-lg-stretch\">\n  <article id=\"block-17\" type=\"button\" data-bs-theme=\"dark\" class=\"wp-block-yellowtree-profile-card card p-0 has-context-height\" style=\"--card-img-position:50% 50%\">\n      <img decoding=\"async\" width=\"1024\" height=\"1024\" src=\"https:\/\/icf.church\/villingen\/wp-content\/uploads\/sites\/54\/2026\/08\/smallgroup-4477-1024x1024.jpg\" class=\"card-img-top\" alt=\"\" draggable=\"false\" loading=\"lazy\" srcset=\"https:\/\/icf.church\/villingen\/wp-content\/uploads\/sites\/54\/2026\/08\/smallgroup-4477-1024x1024.jpg 1024w, https:\/\/icf.church\/villingen\/wp-content\/uploads\/sites\/54\/2026\/08\/smallgroup-4477-300x300.jpg 300w, https:\/\/icf.church\/villingen\/wp-content\/uploads\/sites\/54\/2026\/08\/smallgroup-4477-150x150.jpg 150w, https:\/\/icf.church\/villingen\/wp-content\/uploads\/sites\/54\/2026\/08\/smallgroup-4477-768x768.jpg 768w, https:\/\/icf.church\/villingen\/wp-content\/uploads\/sites\/54\/2026\/08\/smallgroup-4477-1536x1536.jpg 1536w, https:\/\/icf.church\/villingen\/wp-content\/uploads\/sites\/54\/2026\/08\/smallgroup-4477-2048x2048.jpg 2048w\" sizes=\"(max-width: 1024px) 100vw, 1024px\">    <div class=\"card-body\">\n    <p class=\"card-meta-tag\">\n      Leitung: Frauke &amp; Johannes    <\/p>\n    <h3 class=\"card-title mt-1\">Perlentaucher<\/h3>\n    <p class=\"card-text mt-1\">Die Sch\u00f6nheit der Bibel entdecken.<\/p>\n    <div class=\"card-buttons mt-1\">\n      <button type=\"button\" class=\"stretched-link btn btn-dark-1 btn-sm position-static\" aria-label=\"\u00d6ffne Popover \u00fcber Perlentaucher\" aria-controls=\"profile-card-modal-block-17\" data-bs-toggle=\"modal\" data-bs-target=\"#profile-card-modal-block-17\">\n        <span>Mehr erfahren<\/span>\n        <i class=\"icon fs-base-const fa-arrow-right\"><\/i>\n      <\/button>\n    <\/div>\n  <\/div>\n<\/article>\n\n<div id=\"profile-card-modal-block-17\" tabindex=\"-1\" class=\"modal fade profile-card-modal\">\n  <div class=\"modal-dialog modal-dialog-centered\">\n    <div class=\"modal-content\" data-bs-theme=\"dark\">\n      <button type=\"button\" class=\"modal-close modal-close-end\" data-bs-dismiss=\"modal\" aria-label=\"Close\"><\/button>\n      <div class=\"modal-header\"><\/div>\n      <div class=\"modal-body overflow-y-auto text-body\">\n        <div class=\"row g-4\">\n          <div class=\"col-12 col-sm-5\">\n            <img decoding=\"async\" draggable=\"false\" loading=\"lazy\" src=\"https:\/\/icf.church\/villingen\/wp-content\/uploads\/sites\/54\/2026\/08\/smallgroup-4477-scaled.jpg\" alt=\"\" class=\"img-fluid rounded object-fit-cover\">            <div class=\"d-sm-block d-none\">\n              <ul id=\"block-15\" class=\"profile-card-links-list list-unstyled mt-2 mt-sm-4\">\n  <li id=\"block-14\" class=\"profile-card-link\">\n  <i class=\"icon icon--fixed-width fa-solid fa-link\" aria-hidden=\"true\"><\/i>\n  <a href=\"https:\/\/icf.church\/villingen\/de\/smallgroup-anmeldung\/\" target=\"\">Jetzt Anfragen<\/a>\n<\/li><\/ul>            <\/div>\n          <\/div>\n          <div class=\"col-12 col-sm-7\">\n            <h3 class=\"fs-h3-const mb-0 mt-3 mt-sm-0 title\">Perlentaucher<\/h3>\n            <p class=\"fs-sm mt-1 responsibility\">Die Sch\u00f6nheit der Bibel entdecken.<\/p>\n            <p class=\"fs-sm mt-4 biography\">Wann: mittwochs | 14-t\u00e4gig | 20:00 Uhr<br>Wo: \u00dcberauchen<br>Wer: M\u00e4nner &amp; Frauen | jede Altersgruppe<\/p>\n          <\/div>\n          <div class=\"col-12 d-sm-none\">\n            <ul id=\"block-15\" class=\"profile-card-links-list list-unstyled mt-2 mt-sm-4\">\n  <li id=\"block-14\" class=\"profile-card-link\">\n  <i class=\"icon icon--fixed-width fa-solid fa-link\" aria-hidden=\"true\"><\/i>\n  <a href=\"https:\/\/icf.church\/villingen\/de\/smallgroup-anmeldung\/\" target=\"\">Jetzt Anfragen<\/a>\n<\/li><\/ul>          <\/div>\n        <\/div>\n      <\/div>\n      <div class=\"modal-footer\"><\/div>\n    <\/div>\n  <\/div>\n<\/div><\/div>\n        <\/div>\n          <\/div>\n<\/div>\n\n<div id=\"block-35\" class=\"pt-2 pb-2 alignfull is-layout-constrained\">\n  <div>\n            <div class=\"row gx-4 gy-4 \">\n          \n\n<div id=\"block-24\" class=\"col wp-block-yellowtree-column col-12 col-lg-4 d-flex flex-column with-streched-height-children align-items-stretch align-items-lg-stretch\">\n  <article id=\"block-23\" type=\"button\" data-bs-theme=\"dark\" class=\"wp-block-yellowtree-profile-card card p-0 has-context-height\" style=\"--card-img-position:50% 50%\">\n      <img decoding=\"async\" width=\"1024\" height=\"620\" src=\"https:\/\/icf.church\/villingen\/wp-content\/uploads\/sites\/54\/2026\/08\/shootingdavid-3967-1-1024x620.jpg\" class=\"card-img-top\" alt=\"\" draggable=\"false\" loading=\"lazy\" srcset=\"https:\/\/icf.church\/villingen\/wp-content\/uploads\/sites\/54\/2026\/08\/shootingdavid-3967-1-1024x620.jpg 1024w, https:\/\/icf.church\/villingen\/wp-content\/uploads\/sites\/54\/2026\/08\/shootingdavid-3967-1-300x182.jpg 300w, https:\/\/icf.church\/villingen\/wp-content\/uploads\/sites\/54\/2026\/08\/shootingdavid-3967-1-768x465.jpg 768w, https:\/\/icf.church\/villingen\/wp-content\/uploads\/sites\/54\/2026\/08\/shootingdavid-3967-1-1536x931.jpg 1536w, https:\/\/icf.church\/villingen\/wp-content\/uploads\/sites\/54\/2026\/08\/shootingdavid-3967-1-2048x1241.jpg 2048w\" sizes=\"(max-width: 1024px) 100vw, 1024px\">    <div class=\"card-body\">\n    <p class=\"card-meta-tag\">\n      Leitung: Susanne &amp; Conny    <\/p>\n    <h3 class=\"card-title mt-1\">Glaube im Alltag<\/h3>\n    <p class=\"card-text mt-1\">Die Predigt vom Sonntag vertiefen und gemeinsam lernen,sie im Alltag umzusetzen.<\/p>\n    <div class=\"card-buttons mt-1\">\n      <button type=\"button\" class=\"stretched-link btn btn-dark-1 btn-sm position-static\" aria-label=\"\u00d6ffne Popover \u00fcber Glaube im Alltag\" aria-controls=\"profile-card-modal-block-23\" data-bs-toggle=\"modal\" data-bs-target=\"#profile-card-modal-block-23\">\n        <span>Mehr erfahren<\/span>\n        <i class=\"icon fs-base-const fa-arrow-right\"><\/i>\n      <\/button>\n    <\/div>\n  <\/div>\n<\/article>\n\n<div id=\"profile-card-modal-block-23\" tabindex=\"-1\" class=\"modal fade profile-card-modal\">\n  <div class=\"modal-dialog modal-dialog-centered\">\n    <div class=\"modal-content\" data-bs-theme=\"dark\">\n      <button type=\"button\" class=\"modal-close modal-close-end\" data-bs-dismiss=\"modal\" aria-label=\"Close\"><\/button>\n      <div class=\"modal-header\"><\/div>\n      <div class=\"modal-body overflow-y-auto text-body\">\n        <div class=\"row g-4\">\n          <div class=\"col-12 col-sm-5\">\n            <img decoding=\"async\" draggable=\"false\" loading=\"lazy\" src=\"https:\/\/icf.church\/villingen\/wp-content\/uploads\/sites\/54\/2026\/08\/shootingdavid-3967-1-scaled.jpg\" alt=\"\" class=\"img-fluid rounded object-fit-cover\">            <div class=\"d-sm-block d-none\">\n              <ul id=\"block-21\" class=\"profile-card-links-list list-unstyled mt-2 mt-sm-4\">\n  <li id=\"block-20\" class=\"profile-card-link\">\n  <i class=\"icon icon--fixed-width fa-solid fa-link\" aria-hidden=\"true\"><\/i>\n  <a href=\"https:\/\/icf.church\/villingen\/de\/smallgroup-anmeldung\/\" target=\"_blank\">Jetzt Anfragen<\/a>\n<\/li><\/ul>            <\/div>\n          <\/div>\n          <div class=\"col-12 col-sm-7\">\n            <h3 class=\"fs-h3-const mb-0 mt-3 mt-sm-0 title\">Glaube im Alltag<\/h3>\n            <p class=\"fs-sm mt-1 responsibility\">Die Predigt vom Sonntag vertiefen und gemeinsam lernen,sie im Alltag umzusetzen.<\/p>\n            <p class=\"fs-sm mt-4 biography\">Wann: 2. &amp; 4. Mittwoch im Monat | 20:00 Uhr<br>Wo: Villingen<br>Wer: Frauen | jede Altersgruppe<\/p>\n          <\/div>\n          <div class=\"col-12 d-sm-none\">\n            <ul id=\"block-21\" class=\"profile-card-links-list list-unstyled mt-2 mt-sm-4\">\n  <li id=\"block-20\" class=\"profile-card-link\">\n  <i class=\"icon icon--fixed-width fa-solid fa-link\" aria-hidden=\"true\"><\/i>\n  <a href=\"https:\/\/icf.church\/villingen\/de\/smallgroup-anmeldung\/\" target=\"_blank\">Jetzt Anfragen<\/a>\n<\/li><\/ul>          <\/div>\n        <\/div>\n      <\/div>\n      <div class=\"modal-footer\"><\/div>\n    <\/div>\n  <\/div>\n<\/div><\/div>\n\n\n<div id=\"block-29\" class=\"col wp-block-yellowtree-column col-12 col-lg-4 d-flex flex-column with-streched-height-children align-items-stretch align-items-lg-stretch\">\n  <article id=\"block-28\" type=\"button\" data-bs-theme=\"dark\" class=\"wp-block-yellowtree-profile-card card p-0 has-context-height\" style=\"--card-img-position:50% 50%\">\n      <img decoding=\"async\" width=\"1024\" height=\"683\" src=\"https:\/\/icf.church\/villingen\/wp-content\/uploads\/sites\/54\/2026\/08\/sg-5623-1024x683.jpg\" class=\"card-img-top\" alt=\"\" draggable=\"false\" loading=\"lazy\" srcset=\"https:\/\/icf.church\/villingen\/wp-content\/uploads\/sites\/54\/2026\/08\/sg-5623-1024x683.jpg 1024w, https:\/\/icf.church\/villingen\/wp-content\/uploads\/sites\/54\/2026\/08\/sg-5623-300x200.jpg 300w, https:\/\/icf.church\/villingen\/wp-content\/uploads\/sites\/54\/2026\/08\/sg-5623-768x512.jpg 768w, https:\/\/icf.church\/villingen\/wp-content\/uploads\/sites\/54\/2026\/08\/sg-5623-1536x1024.jpg 1536w, https:\/\/icf.church\/villingen\/wp-content\/uploads\/sites\/54\/2026\/08\/sg-5623-2048x1365.jpg 2048w\" sizes=\"(max-width: 1024px) 100vw, 1024px\">    <div class=\"card-body\">\n    <p class=\"card-meta-tag\">\n      Leitung: Claudia    <\/p>\n    <h3 class=\"card-title mt-1\">Come together<\/h3>\n    <p class=\"card-text mt-1\">Gemeinsame Unternehmungen:Wandern, essen,\u2026<\/p>\n    <div class=\"card-buttons mt-1\">\n      <button type=\"button\" class=\"stretched-link btn btn-dark-1 btn-sm position-static\" aria-label=\"\u00d6ffne Popover \u00fcber Come together\" aria-controls=\"profile-card-modal-block-28\" data-bs-toggle=\"modal\" data-bs-target=\"#profile-card-modal-block-28\">\n        <span>Mehr erfahren<\/span>\n        <i class=\"icon fs-base-const fa-arrow-right\"><\/i>\n      <\/button>\n    <\/div>\n  <\/div>\n<\/article>\n\n<div id=\"profile-card-modal-block-28\" tabindex=\"-1\" class=\"modal fade profile-card-modal\">\n  <div class=\"modal-dialog modal-dialog-centered\">\n    <div class=\"modal-content\" data-bs-theme=\"dark\">\n      <button type=\"button\" class=\"modal-close modal-close-end\" data-bs-dismiss=\"modal\" aria-label=\"Close\"><\/button>\n      <div class=\"modal-header\"><\/div>\n      <div class=\"modal-body overflow-y-auto text-body\">\n        <div class=\"row g-4\">\n          <div class=\"col-12 col-sm-5\">\n            <img decoding=\"async\" draggable=\"false\" loading=\"lazy\" src=\"https:\/\/icf.church\/villingen\/wp-content\/uploads\/sites\/54\/2026\/08\/sg-5623-scaled.jpg\" alt=\"\" class=\"img-fluid rounded object-fit-cover\">            <div class=\"d-sm-block d-none\">\n              <ul id=\"block-26\" class=\"profile-card-links-list list-unstyled mt-2 mt-sm-4\">\n  <li id=\"block-25\" class=\"profile-card-link\">\n  <i class=\"icon icon--fixed-width fa-solid fa-link\" aria-hidden=\"true\"><\/i>\n  <a href=\"https:\/\/icf.church\/villingen\/de\/smallgroup-anmeldung\/\" target=\"\">Jetzt Anfragen<\/a>\n<\/li><\/ul>            <\/div>\n          <\/div>\n          <div class=\"col-12 col-sm-7\">\n            <h3 class=\"fs-h3-const mb-0 mt-3 mt-sm-0 title\">Come together<\/h3>\n            <p class=\"fs-sm mt-1 responsibility\">Gemeinsame Unternehmungen:Wandern, essen,\u2026<\/p>\n            <p class=\"fs-sm mt-4 biography\">Wann: sonntags | 1. Sonntag im Monat | nach der zweiten Celebration<br>Wo: ICF Villingen Schwenningen<br>Wer: M\u00e4nner &amp; Frauen | jeder Altersgruppe<\/p>\n          <\/div>\n          <div class=\"col-12 d-sm-none\">\n            <ul id=\"block-26\" class=\"profile-card-links-list list-unstyled mt-2 mt-sm-4\">\n  <li id=\"block-25\" class=\"profile-card-link\">\n  <i class=\"icon icon--fixed-width fa-solid fa-link\" aria-hidden=\"true\"><\/i>\n  <a href=\"https:\/\/icf.church\/villingen\/de\/smallgroup-anmeldung\/\" target=\"\">Jetzt Anfragen<\/a>\n<\/li><\/ul>          <\/div>\n        <\/div>\n      <\/div>\n      <div class=\"modal-footer\"><\/div>\n    <\/div>\n  <\/div>\n<\/div><\/div>\n\n\n<div id=\"block-34\" class=\"col wp-block-yellowtree-column col-12 col-lg-4 d-flex flex-column with-streched-height-children align-items-stretch align-items-lg-stretch\">\n  <article id=\"block-33\" type=\"button\" data-bs-theme=\"dark\" class=\"wp-block-yellowtree-profile-card card p-0 has-context-height\" style=\"--card-img-position:50% 50%\">\n      <img decoding=\"async\" width=\"1024\" height=\"683\" src=\"https:\/\/icf.church\/villingen\/wp-content\/uploads\/sites\/54\/2026\/08\/shootingdavid-6723-1024x683.jpg\" class=\"card-img-top\" alt=\"\" draggable=\"false\" loading=\"lazy\" srcset=\"https:\/\/icf.church\/villingen\/wp-content\/uploads\/sites\/54\/2026\/08\/shootingdavid-6723-1024x683.jpg 1024w, https:\/\/icf.church\/villingen\/wp-content\/uploads\/sites\/54\/2026\/08\/shootingdavid-6723-300x200.jpg 300w, https:\/\/icf.church\/villingen\/wp-content\/uploads\/sites\/54\/2026\/08\/shootingdavid-6723-768x512.jpg 768w, https:\/\/icf.church\/villingen\/wp-content\/uploads\/sites\/54\/2026\/08\/shootingdavid-6723-1536x1024.jpg 1536w, https:\/\/icf.church\/villingen\/wp-content\/uploads\/sites\/54\/2026\/08\/shootingdavid-6723-2048x1365.jpg 2048w\" sizes=\"(max-width: 1024px) 100vw, 1024px\">    <div class=\"card-body\">\n    <p class=\"card-meta-tag\">\n      Leitung: Amrei &amp; Thomas    <\/p>\n    <h3 class=\"card-title mt-1\">Die Sonntagsmessage war der Hammer, und jetzt?!<\/h3>\n    <p class=\"card-text mt-1\">Immer Mittwochs um 19:30 Uhr finden wir gemeinsam heraus, wie die Message vom Sonntag in unserem Alltag praktisch werden kann. Oder wir er\u00f6rtern andere brisante Themen, beten und haben Gemeinschaft miteinander.<\/p>\n    <div class=\"card-buttons mt-1\">\n      <button type=\"button\" class=\"stretched-link btn btn-dark-1 btn-sm position-static\" aria-label=\"\u00d6ffne Popover \u00fcber Die Sonntagsmessage war der Hammer, und jetzt?!\" aria-controls=\"profile-card-modal-block-33\" data-bs-toggle=\"modal\" data-bs-target=\"#profile-card-modal-block-33\">\n        <span>Mehr erfahren<\/span>\n        <i class=\"icon fs-base-const fa-arrow-right\"><\/i>\n      <\/button>\n    <\/div>\n  <\/div>\n<\/article>\n\n<div id=\"profile-card-modal-block-33\" tabindex=\"-1\" class=\"modal fade profile-card-modal\">\n  <div class=\"modal-dialog modal-dialog-centered\">\n    <div class=\"modal-content\" data-bs-theme=\"dark\">\n      <button type=\"button\" class=\"modal-close modal-close-end\" data-bs-dismiss=\"modal\" aria-label=\"Close\"><\/button>\n      <div class=\"modal-header\"><\/div>\n      <div class=\"modal-body overflow-y-auto text-body\">\n        <div class=\"row g-4\">\n          <div class=\"col-12 col-sm-5\">\n            <img decoding=\"async\" draggable=\"false\" loading=\"lazy\" src=\"https:\/\/icf.church\/villingen\/wp-content\/uploads\/sites\/54\/2026\/08\/shootingdavid-6723-scaled.jpg\" alt=\"\" class=\"img-fluid rounded object-fit-cover\">            <div class=\"d-sm-block d-none\">\n              <ul id=\"block-31\" class=\"profile-card-links-list list-unstyled mt-2 mt-sm-4\">\n  <li id=\"block-30\" class=\"profile-card-link\">\n  <i class=\"icon icon--fixed-width fa-solid fa-link\" aria-hidden=\"true\"><\/i>\n  <a href=\"https:\/\/icf.church\/villingen\/de\/smallgroup-anmeldung\/\" target=\"\">Jetzt Anfragen<\/a>\n<\/li><\/ul>            <\/div>\n          <\/div>\n          <div class=\"col-12 col-sm-7\">\n            <h3 class=\"fs-h3-const mb-0 mt-3 mt-sm-0 title\">Die Sonntagsmessage war der Hammer, und jetzt?!<\/h3>\n            <p class=\"fs-sm mt-1 responsibility\">Immer Mittwochs um 19:30 Uhr finden wir gemeinsam heraus, wie die Message vom Sonntag in unserem Alltag praktisch werden kann. Oder wir er\u00f6rtern andere brisante Themen, beten und haben Gemeinschaft miteinander.<\/p>\n            <p class=\"fs-sm mt-4 biography\">Wann: mittwochs | w\u00f6chentlich | 19:30 &#8211; 21:30 Uhr<br>Wo: Trossingen-Schura<br>Wer: M\u00e4nner &amp; Frauen | jede Altersgruppe<\/p>\n          <\/div>\n          <div class=\"col-12 d-sm-none\">\n            <ul id=\"block-31\" class=\"profile-card-links-list list-unstyled mt-2 mt-sm-4\">\n  <li id=\"block-30\" class=\"profile-card-link\">\n  <i class=\"icon icon--fixed-width fa-solid fa-link\" aria-hidden=\"true\"><\/i>\n  <a href=\"https:\/\/icf.church\/villingen\/de\/smallgroup-anmeldung\/\" target=\"\">Jetzt Anfragen<\/a>\n<\/li><\/ul>          <\/div>\n        <\/div>\n      <\/div>\n      <div class=\"modal-footer\"><\/div>\n    <\/div>\n  <\/div>\n<\/div><\/div>\n        <\/div>\n          <\/div>\n<\/div>\n\n<div id=\"block-51\" class=\"pt-2 pb-2 alignfull is-layout-constrained\">\n  <div>\n            <div class=\"row gx-4 gy-4 \">\n          \n\n<div id=\"block-40\" class=\"col wp-block-yellowtree-column col-12 col-lg-4 d-flex flex-column with-streched-height-children align-items-stretch align-items-lg-stretch\">\n  <article id=\"block-39\" type=\"button\" data-bs-theme=\"dark\" class=\"wp-block-yellowtree-profile-card card p-0 has-context-height\" style=\"--card-img-position:50% 50%\">\n      <img decoding=\"async\" width=\"1024\" height=\"683\" src=\"https:\/\/icf.church\/villingen\/wp-content\/uploads\/sites\/54\/2026\/08\/smallgroup-6081-1024x683.jpg\" class=\"card-img-top\" alt=\"\" draggable=\"false\" loading=\"lazy\" srcset=\"https:\/\/icf.church\/villingen\/wp-content\/uploads\/sites\/54\/2026\/08\/smallgroup-6081-1024x683.jpg 1024w, https:\/\/icf.church\/villingen\/wp-content\/uploads\/sites\/54\/2026\/08\/smallgroup-6081-300x200.jpg 300w, https:\/\/icf.church\/villingen\/wp-content\/uploads\/sites\/54\/2026\/08\/smallgroup-6081-768x512.jpg 768w, https:\/\/icf.church\/villingen\/wp-content\/uploads\/sites\/54\/2026\/08\/smallgroup-6081-1536x1024.jpg 1536w, https:\/\/icf.church\/villingen\/wp-content\/uploads\/sites\/54\/2026\/08\/smallgroup-6081-2048x1365.jpg 2048w\" sizes=\"(max-width: 1024px) 100vw, 1024px\">    <div class=\"card-body\">\n    <p class=\"card-meta-tag\">\n      Leitung: Marco &amp; Rahel, Ute &amp; Gerd    <\/p>\n    <h3 class=\"card-title mt-1\">Get into &#8211; Lerne Gott, uns und unsere Microchurch kennen<\/h3>\n    <p class=\"card-text mt-1\">Unsere Vision: Im Glauben wachsen, J\u00fcngerschaft praktisch leben, um Kirche zu bauen.<\/p>\n    <div class=\"card-buttons mt-1\">\n      <button type=\"button\" class=\"stretched-link btn btn-dark-1 btn-sm position-static\" aria-label=\"\u00d6ffne Popover \u00fcber Get into - Lerne Gott, uns und unsere Microchurch kennen\" aria-controls=\"profile-card-modal-block-39\" data-bs-toggle=\"modal\" data-bs-target=\"#profile-card-modal-block-39\">\n        <span>Mehr erfahren<\/span>\n        <i class=\"icon fs-base-const fa-arrow-right\"><\/i>\n      <\/button>\n    <\/div>\n  <\/div>\n<\/article>\n\n<div id=\"profile-card-modal-block-39\" tabindex=\"-1\" class=\"modal fade profile-card-modal\">\n  <div class=\"modal-dialog modal-dialog-centered\">\n    <div class=\"modal-content\" data-bs-theme=\"dark\">\n      <button type=\"button\" class=\"modal-close modal-close-end\" data-bs-dismiss=\"modal\" aria-label=\"Close\"><\/button>\n      <div class=\"modal-header\"><\/div>\n      <div class=\"modal-body overflow-y-auto text-body\">\n        <div class=\"row g-4\">\n          <div class=\"col-12 col-sm-5\">\n            <img decoding=\"async\" draggable=\"false\" loading=\"lazy\" src=\"https:\/\/icf.church\/villingen\/wp-content\/uploads\/sites\/54\/2026\/08\/smallgroup-6081-scaled.jpg\" alt=\"\" class=\"img-fluid rounded object-fit-cover\">            <div class=\"d-sm-block d-none\">\n              <ul id=\"block-37\" class=\"profile-card-links-list list-unstyled mt-2 mt-sm-4\">\n  <li id=\"block-36\" class=\"profile-card-link\">\n  <i class=\"icon icon--fixed-width fa-solid fa-link\" aria-hidden=\"true\"><\/i>\n  <a href=\"https:\/\/icf.church\/villingen\/de\/smallgroup-anmeldung\/\" target=\"_blank\">Jetzt Anfragen<\/a>\n<\/li><\/ul>            <\/div>\n          <\/div>\n          <div class=\"col-12 col-sm-7\">\n            <h3 class=\"fs-h3-const mb-0 mt-3 mt-sm-0 title\">Get into &#8211; Lerne Gott, uns und unsere Microchurch kennen<\/h3>\n            <p class=\"fs-sm mt-1 responsibility\">Unsere Vision: Im Glauben wachsen, J\u00fcngerschaft praktisch leben, um Kirche zu bauen.<\/p>\n            <p class=\"fs-sm mt-4 biography\">Wann: nach pers\u00f6nlicher Absprache<br>Wo: Sulz am Neckar<br>Wer: M\u00e4nner &amp; Frauen | jede Altersgruppe<\/p>\n          <\/div>\n          <div class=\"col-12 d-sm-none\">\n            <ul id=\"block-37\" class=\"profile-card-links-list list-unstyled mt-2 mt-sm-4\">\n  <li id=\"block-36\" class=\"profile-card-link\">\n  <i class=\"icon icon--fixed-width fa-solid fa-link\" aria-hidden=\"true\"><\/i>\n  <a href=\"https:\/\/icf.church\/villingen\/de\/smallgroup-anmeldung\/\" target=\"_blank\">Jetzt Anfragen<\/a>\n<\/li><\/ul>          <\/div>\n        <\/div>\n      <\/div>\n      <div class=\"modal-footer\"><\/div>\n    <\/div>\n  <\/div>\n<\/div><\/div>\n\n\n<div id=\"block-45\" class=\"col wp-block-yellowtree-column col-12 col-lg-4 d-flex flex-column with-streched-height-children align-items-stretch align-items-lg-stretch\">\n  <article id=\"block-44\" type=\"button\" data-bs-theme=\"dark\" class=\"wp-block-yellowtree-profile-card card p-0 has-context-height\" style=\"--card-img-position:50% 50%\">\n      <img decoding=\"async\" width=\"1024\" height=\"683\" src=\"https:\/\/icf.church\/villingen\/wp-content\/uploads\/sites\/54\/2026\/08\/shootingdavid-4501-1024x683.jpg\" class=\"card-img-top\" alt=\"\" draggable=\"false\" loading=\"lazy\" srcset=\"https:\/\/icf.church\/villingen\/wp-content\/uploads\/sites\/54\/2026\/08\/shootingdavid-4501-1024x683.jpg 1024w, https:\/\/icf.church\/villingen\/wp-content\/uploads\/sites\/54\/2026\/08\/shootingdavid-4501-300x200.jpg 300w, https:\/\/icf.church\/villingen\/wp-content\/uploads\/sites\/54\/2026\/08\/shootingdavid-4501-768x512.jpg 768w, https:\/\/icf.church\/villingen\/wp-content\/uploads\/sites\/54\/2026\/08\/shootingdavid-4501-1536x1024.jpg 1536w, https:\/\/icf.church\/villingen\/wp-content\/uploads\/sites\/54\/2026\/08\/shootingdavid-4501-2048x1365.jpg 2048w\" sizes=\"(max-width: 1024px) 100vw, 1024px\">    <div class=\"card-body\">\n    <p class=\"card-meta-tag\">\n      Leitung: Elena &amp; Sergej    <\/p>\n    <h3 class=\"card-title mt-1\">Meet together<\/h3>\n    <p class=\"card-text mt-1\">Apostelgeschichte 2-42Die Gemeinschaft unter Christen ist uns wichtig.<\/p>\n    <div class=\"card-buttons mt-1\">\n      <button type=\"button\" class=\"stretched-link btn btn-dark-1 btn-sm position-static\" aria-label=\"\u00d6ffne Popover \u00fcber Meet together\" aria-controls=\"profile-card-modal-block-44\" data-bs-toggle=\"modal\" data-bs-target=\"#profile-card-modal-block-44\">\n        <span>Mehr erfahren<\/span>\n        <i class=\"icon fs-base-const fa-arrow-right\"><\/i>\n      <\/button>\n    <\/div>\n  <\/div>\n<\/article>\n\n<div id=\"profile-card-modal-block-44\" tabindex=\"-1\" class=\"modal fade profile-card-modal\">\n  <div class=\"modal-dialog modal-dialog-centered\">\n    <div class=\"modal-content\" data-bs-theme=\"dark\">\n      <button type=\"button\" class=\"modal-close modal-close-end\" data-bs-dismiss=\"modal\" aria-label=\"Close\"><\/button>\n      <div class=\"modal-header\"><\/div>\n      <div class=\"modal-body overflow-y-auto text-body\">\n        <div class=\"row g-4\">\n          <div class=\"col-12 col-sm-5\">\n            <img decoding=\"async\" draggable=\"false\" loading=\"lazy\" src=\"https:\/\/icf.church\/villingen\/wp-content\/uploads\/sites\/54\/2026\/08\/shootingdavid-4501-scaled.jpg\" alt=\"\" class=\"img-fluid rounded object-fit-cover\">            <div class=\"d-sm-block d-none\">\n              <ul id=\"block-42\" class=\"profile-card-links-list list-unstyled mt-2 mt-sm-4\">\n  <li id=\"block-41\" class=\"profile-card-link\">\n  <i class=\"icon icon--fixed-width fa-solid fa-link\" aria-hidden=\"true\"><\/i>\n  <a href=\"https:\/\/icf.church\/villingen\/de\/smallgroup-anmeldung\/\" target=\"\">Jetzt Anfragen<\/a>\n<\/li><\/ul>            <\/div>\n          <\/div>\n          <div class=\"col-12 col-sm-7\">\n            <h3 class=\"fs-h3-const mb-0 mt-3 mt-sm-0 title\">Meet together<\/h3>\n            <p class=\"fs-sm mt-1 responsibility\">Apostelgeschichte 2-42Die Gemeinschaft unter Christen ist uns wichtig.<\/p>\n            <p class=\"fs-sm mt-4 biography\">Wann: donnerstags | 14-t\u00e4gig | 19:30 Uhr<br>Wo: Trossingen<br>Wer: M\u00e4nner &amp; Frauen | jede Altersgruppe<\/p>\n          <\/div>\n          <div class=\"col-12 d-sm-none\">\n            <ul id=\"block-42\" class=\"profile-card-links-list list-unstyled mt-2 mt-sm-4\">\n  <li id=\"block-41\" class=\"profile-card-link\">\n  <i class=\"icon icon--fixed-width fa-solid fa-link\" aria-hidden=\"true\"><\/i>\n  <a href=\"https:\/\/icf.church\/villingen\/de\/smallgroup-anmeldung\/\" target=\"\">Jetzt Anfragen<\/a>\n<\/li><\/ul>          <\/div>\n        <\/div>\n      <\/div>\n      <div class=\"modal-footer\"><\/div>\n    <\/div>\n  <\/div>\n<\/div><\/div>\n\n\n<div id=\"block-50\" class=\"col wp-block-yellowtree-column col-12 col-lg-4 d-flex flex-column with-streched-height-children align-items-stretch align-items-lg-stretch\">\n  <article id=\"block-49\" type=\"button\" data-bs-theme=\"dark\" class=\"wp-block-yellowtree-profile-card card p-0 has-context-height\" style=\"--card-img-position:50% 50%\">\n      <img decoding=\"async\" width=\"1024\" height=\"517\" src=\"https:\/\/icf.church\/villingen\/wp-content\/uploads\/sites\/54\/2026\/08\/shootingdavid-1190-1-1024x517.jpg\" class=\"card-img-top\" alt=\"\" draggable=\"false\" loading=\"lazy\" srcset=\"https:\/\/icf.church\/villingen\/wp-content\/uploads\/sites\/54\/2026\/08\/shootingdavid-1190-1-1024x517.jpg 1024w, https:\/\/icf.church\/villingen\/wp-content\/uploads\/sites\/54\/2026\/08\/shootingdavid-1190-1-300x152.jpg 300w, https:\/\/icf.church\/villingen\/wp-content\/uploads\/sites\/54\/2026\/08\/shootingdavid-1190-1-768x388.jpg 768w, https:\/\/icf.church\/villingen\/wp-content\/uploads\/sites\/54\/2026\/08\/shootingdavid-1190-1-1536x776.jpg 1536w, https:\/\/icf.church\/villingen\/wp-content\/uploads\/sites\/54\/2026\/08\/shootingdavid-1190-1-2048x1035.jpg 2048w\" sizes=\"(max-width: 1024px) 100vw, 1024px\">    <div class=\"card-body\">\n    <p class=\"card-meta-tag\">\n      Leitung: Gerd    <\/p>\n    <h3 class=\"card-title mt-1\">Fit for life<\/h3>\n    <p class=\"card-text mt-1\">Bewegung und Aktion machen den Kopf frei,damit wir im Alltag Gott Raum geben k\u00f6nnen.Wir ermutigen uns auf unseren K\u00f6rper zu achten.<\/p>\n    <div class=\"card-buttons mt-1\">\n      <button type=\"button\" class=\"stretched-link btn btn-dark-1 btn-sm position-static\" aria-label=\"\u00d6ffne Popover \u00fcber Fit for life\" aria-controls=\"profile-card-modal-block-49\" data-bs-toggle=\"modal\" data-bs-target=\"#profile-card-modal-block-49\">\n        <span>Mehr erfahren<\/span>\n        <i class=\"icon fs-base-const fa-arrow-right\"><\/i>\n      <\/button>\n    <\/div>\n  <\/div>\n<\/article>\n\n<div id=\"profile-card-modal-block-49\" tabindex=\"-1\" class=\"modal fade profile-card-modal\">\n  <div class=\"modal-dialog modal-dialog-centered\">\n    <div class=\"modal-content\" data-bs-theme=\"dark\">\n      <button type=\"button\" class=\"modal-close modal-close-end\" data-bs-dismiss=\"modal\" aria-label=\"Close\"><\/button>\n      <div class=\"modal-header\"><\/div>\n      <div class=\"modal-body overflow-y-auto text-body\">\n        <div class=\"row g-4\">\n          <div class=\"col-12 col-sm-5\">\n            <img decoding=\"async\" draggable=\"false\" loading=\"lazy\" src=\"https:\/\/icf.church\/villingen\/wp-content\/uploads\/sites\/54\/2026\/08\/shootingdavid-1190-1-scaled.jpg\" alt=\"\" class=\"img-fluid rounded object-fit-cover\">            <div class=\"d-sm-block d-none\">\n              <ul id=\"block-47\" class=\"profile-card-links-list list-unstyled mt-2 mt-sm-4\">\n  <li id=\"block-46\" class=\"profile-card-link\">\n  <i class=\"icon icon--fixed-width fa-solid fa-link\" aria-hidden=\"true\"><\/i>\n  <a href=\"https:\/\/icf.church\/villingen\/de\/smallgroup-anmeldung\/\" target=\"\">Jetzt Anfragen<\/a>\n<\/li><\/ul>            <\/div>\n          <\/div>\n          <div class=\"col-12 col-sm-7\">\n            <h3 class=\"fs-h3-const mb-0 mt-3 mt-sm-0 title\">Fit for life<\/h3>\n            <p class=\"fs-sm mt-1 responsibility\">Bewegung und Aktion machen den Kopf frei,damit wir im Alltag Gott Raum geben k\u00f6nnen.Wir ermutigen uns auf unseren K\u00f6rper zu achten.<\/p>\n            <p class=\"fs-sm mt-4 biography\">Wann: nach Absprache<br>Wo: Sulz am Neckar<br>Wer: M\u00e4nner &amp; Frauen | jede Altersgruppe<\/p>\n          <\/div>\n          <div class=\"col-12 d-sm-none\">\n            <ul id=\"block-47\" class=\"profile-card-links-list list-unstyled mt-2 mt-sm-4\">\n  <li id=\"block-46\" class=\"profile-card-link\">\n  <i class=\"icon icon--fixed-width fa-solid fa-link\" aria-hidden=\"true\"><\/i>\n  <a href=\"https:\/\/icf.church\/villingen\/de\/smallgroup-anmeldung\/\" target=\"\">Jetzt Anfragen<\/a>\n<\/li><\/ul>          <\/div>\n        <\/div>\n      <\/div>\n      <div class=\"modal-footer\"><\/div>\n    <\/div>\n  <\/div>\n<\/div><\/div>\n        <\/div>\n          <\/div>\n<\/div>\n\n<div id=\"block-67\" class=\"pt-2 pb-2 alignfull is-layout-constrained\">\n  <div>\n            <div class=\"row gx-4 gy-4 \">\n          \n\n<div id=\"block-56\" class=\"col wp-block-yellowtree-column col-12 col-lg-4 d-flex flex-column with-streched-height-children align-items-stretch align-items-lg-stretch\">\n  <article id=\"block-55\" type=\"button\" data-bs-theme=\"dark\" class=\"wp-block-yellowtree-profile-card card p-0 has-context-height\" style=\"--card-img-position:50% 50%\">\n      <img decoding=\"async\" width=\"1024\" height=\"683\" src=\"https:\/\/icf.church\/villingen\/wp-content\/uploads\/sites\/54\/2026\/08\/celebration-8914-1024x683.jpg\" class=\"card-img-top\" alt=\"\" draggable=\"false\" loading=\"lazy\" srcset=\"https:\/\/icf.church\/villingen\/wp-content\/uploads\/sites\/54\/2026\/08\/celebration-8914-1024x683.jpg 1024w, https:\/\/icf.church\/villingen\/wp-content\/uploads\/sites\/54\/2026\/08\/celebration-8914-300x200.jpg 300w, https:\/\/icf.church\/villingen\/wp-content\/uploads\/sites\/54\/2026\/08\/celebration-8914-768x512.jpg 768w, https:\/\/icf.church\/villingen\/wp-content\/uploads\/sites\/54\/2026\/08\/celebration-8914-1536x1024.jpg 1536w, https:\/\/icf.church\/villingen\/wp-content\/uploads\/sites\/54\/2026\/08\/celebration-8914-2048x1365.jpg 2048w\" sizes=\"(max-width: 1024px) 100vw, 1024px\">    <div class=\"card-body\">\n    <p class=\"card-meta-tag\">\n      Leitung: Benjamin &amp; Simon    <\/p>\n    <h3 class=\"card-title mt-1\">Spannungsfeld &#8211; Gott, Familie, Beruf<\/h3>\n    <p class=\"card-text mt-1\">Neben einem geistlichen Input werden wir uns unter M\u00e4nnern \u00fcber das Spannungsfeld Gott &#8211; Familie &#8211; Beruf austauschen und nach geeigneten und umsetzbaren Wegen und Antwortm\u00f6glichkeiten suchen.<\/p>\n    <div class=\"card-buttons mt-1\">\n      <button type=\"button\" class=\"stretched-link btn btn-dark-1 btn-sm position-static\" aria-label=\"\u00d6ffne Popover \u00fcber Spannungsfeld - Gott, Familie, Beruf\" aria-controls=\"profile-card-modal-block-55\" data-bs-toggle=\"modal\" data-bs-target=\"#profile-card-modal-block-55\">\n        <span>Mehr erfahren<\/span>\n        <i class=\"icon fs-base-const fa-arrow-right\"><\/i>\n      <\/button>\n    <\/div>\n  <\/div>\n<\/article>\n\n<div id=\"profile-card-modal-block-55\" tabindex=\"-1\" class=\"modal fade profile-card-modal\">\n  <div class=\"modal-dialog modal-dialog-centered\">\n    <div class=\"modal-content\" data-bs-theme=\"dark\">\n      <button type=\"button\" class=\"modal-close modal-close-end\" data-bs-dismiss=\"modal\" aria-label=\"Close\"><\/button>\n      <div class=\"modal-header\"><\/div>\n      <div class=\"modal-body overflow-y-auto text-body\">\n        <div class=\"row g-4\">\n          <div class=\"col-12 col-sm-5\">\n            <img decoding=\"async\" draggable=\"false\" loading=\"lazy\" src=\"https:\/\/icf.church\/villingen\/wp-content\/uploads\/sites\/54\/2026\/08\/celebration-8914-scaled.jpg\" alt=\"\" class=\"img-fluid rounded object-fit-cover\">            <div class=\"d-sm-block d-none\">\n              <ul id=\"block-53\" class=\"profile-card-links-list list-unstyled mt-2 mt-sm-4\">\n  <li id=\"block-52\" class=\"profile-card-link\">\n  <i class=\"icon icon--fixed-width fa-solid fa-link\" aria-hidden=\"true\"><\/i>\n  <a href=\"https:\/\/icf.church\/villingen\/de\/smallgroup-anmeldung\/\" target=\"_blank\">Jetzt Anfragen<\/a>\n<\/li><\/ul>            <\/div>\n          <\/div>\n          <div class=\"col-12 col-sm-7\">\n            <h3 class=\"fs-h3-const mb-0 mt-3 mt-sm-0 title\">Spannungsfeld &#8211; Gott, Familie, Beruf<\/h3>\n            <p class=\"fs-sm mt-1 responsibility\">Neben einem geistlichen Input werden wir uns unter M\u00e4nnern \u00fcber das Spannungsfeld Gott &#8211; Familie &#8211; Beruf austauschen und nach geeigneten und umsetzbaren Wegen und Antwortm\u00f6glichkeiten suchen.<\/p>\n            <p class=\"fs-sm mt-4 biography\">Wann: mittwochs | 14-t\u00e4gig | 20 Uhr<br>Wo: Brigachtal<br>Wer: M\u00e4nner | jede Altersgruppe<\/p>\n          <\/div>\n          <div class=\"col-12 d-sm-none\">\n            <ul id=\"block-53\" class=\"profile-card-links-list list-unstyled mt-2 mt-sm-4\">\n  <li id=\"block-52\" class=\"profile-card-link\">\n  <i class=\"icon icon--fixed-width fa-solid fa-link\" aria-hidden=\"true\"><\/i>\n  <a href=\"https:\/\/icf.church\/villingen\/de\/smallgroup-anmeldung\/\" target=\"_blank\">Jetzt Anfragen<\/a>\n<\/li><\/ul>          <\/div>\n        <\/div>\n      <\/div>\n      <div class=\"modal-footer\"><\/div>\n    <\/div>\n  <\/div>\n<\/div><\/div>\n\n\n<div id=\"block-61\" class=\"col wp-block-yellowtree-column col-12 col-lg-4 d-flex flex-column with-streched-height-children align-items-stretch align-items-lg-stretch\">\n  <article id=\"block-60\" type=\"button\" data-bs-theme=\"dark\" class=\"wp-block-yellowtree-profile-card card p-0 has-context-height\" style=\"--card-img-position:50% 50%\">\n      <img decoding=\"async\" width=\"1024\" height=\"587\" src=\"https:\/\/icf.church\/villingen\/wp-content\/uploads\/sites\/54\/2026\/08\/smallgroup-6820-1024x587.jpg\" class=\"card-img-top\" alt=\"\" draggable=\"false\" loading=\"lazy\" srcset=\"https:\/\/icf.church\/villingen\/wp-content\/uploads\/sites\/54\/2026\/08\/smallgroup-6820-1024x587.jpg 1024w, https:\/\/icf.church\/villingen\/wp-content\/uploads\/sites\/54\/2026\/08\/smallgroup-6820-300x172.jpg 300w, https:\/\/icf.church\/villingen\/wp-content\/uploads\/sites\/54\/2026\/08\/smallgroup-6820-768x440.jpg 768w, https:\/\/icf.church\/villingen\/wp-content\/uploads\/sites\/54\/2026\/08\/smallgroup-6820-1536x881.jpg 1536w, https:\/\/icf.church\/villingen\/wp-content\/uploads\/sites\/54\/2026\/08\/smallgroup-6820-2048x1174.jpg 2048w\" sizes=\"(max-width: 1024px) 100vw, 1024px\">    <div class=\"card-body\">\n    <p class=\"card-meta-tag\">\n      Leitung: Alex &amp; Lena    <\/p>\n    <h3 class=\"card-title mt-1\">Set Free<\/h3>\n    <p class=\"card-text mt-1\">F\u00fcr alle, die bei Get Free Kurs dabei waren. Komme mit und bringe deine Glaubens PS auf die Stra\u00dfe. Verlasse deine Komfortzone. Begib dich auf ein Abenteuer. Hier werden deine Gaben und Talente zu St\u00e4rken. Hier bekommst du keinen Fisch. Hier lernst du angeln<\/p>\n    <div class=\"card-buttons mt-1\">\n      <button type=\"button\" class=\"stretched-link btn btn-dark-1 btn-sm position-static\" aria-label=\"\u00d6ffne Popover \u00fcber Set Free\" aria-controls=\"profile-card-modal-block-60\" data-bs-toggle=\"modal\" data-bs-target=\"#profile-card-modal-block-60\">\n        <span>Mehr erfahren<\/span>\n        <i class=\"icon fs-base-const fa-arrow-right\"><\/i>\n      <\/button>\n    <\/div>\n  <\/div>\n<\/article>\n\n<div id=\"profile-card-modal-block-60\" tabindex=\"-1\" class=\"modal fade profile-card-modal\">\n  <div class=\"modal-dialog modal-dialog-centered\">\n    <div class=\"modal-content\" data-bs-theme=\"dark\">\n      <button type=\"button\" class=\"modal-close modal-close-end\" data-bs-dismiss=\"modal\" aria-label=\"Close\"><\/button>\n      <div class=\"modal-header\"><\/div>\n      <div class=\"modal-body overflow-y-auto text-body\">\n        <div class=\"row g-4\">\n          <div class=\"col-12 col-sm-5\">\n            <img decoding=\"async\" draggable=\"false\" loading=\"lazy\" src=\"https:\/\/icf.church\/villingen\/wp-content\/uploads\/sites\/54\/2026\/08\/smallgroup-6820-scaled.jpg\" alt=\"\" class=\"img-fluid rounded object-fit-cover\">            <div class=\"d-sm-block d-none\">\n              <ul id=\"block-58\" class=\"profile-card-links-list list-unstyled mt-2 mt-sm-4\">\n  <li id=\"block-57\" class=\"profile-card-link\">\n  <i class=\"icon icon--fixed-width fa-solid fa-link\" aria-hidden=\"true\"><\/i>\n  <a href=\"https:\/\/icf.church\/villingen\/de\/smallgroup-anmeldung\/\" target=\"\">Jetzt Anfragen<\/a>\n<\/li><\/ul>            <\/div>\n          <\/div>\n          <div class=\"col-12 col-sm-7\">\n            <h3 class=\"fs-h3-const mb-0 mt-3 mt-sm-0 title\">Set Free<\/h3>\n            <p class=\"fs-sm mt-1 responsibility\">F\u00fcr alle, die bei Get Free Kurs dabei waren. Komme mit und bringe deine Glaubens PS auf die Stra\u00dfe. Verlasse deine Komfortzone. Begib dich auf ein Abenteuer. Hier werden deine Gaben und Talente zu St\u00e4rken. Hier bekommst du keinen Fisch. Hier lernst du angeln<\/p>\n            <p class=\"fs-sm mt-4 biography\">Wann: mittwochs | 14-t\u00e4gig | 19:30-21:30 Uhr<br>Wo: ICF Villingen<br>Wer: M\u00e4nner und Frauen, die bereits an einem Get Free Kurs teilgenommen haben | jede Altersgruppe<\/p>\n          <\/div>\n          <div class=\"col-12 d-sm-none\">\n            <ul id=\"block-58\" class=\"profile-card-links-list list-unstyled mt-2 mt-sm-4\">\n  <li id=\"block-57\" class=\"profile-card-link\">\n  <i class=\"icon icon--fixed-width fa-solid fa-link\" aria-hidden=\"true\"><\/i>\n  <a href=\"https:\/\/icf.church\/villingen\/de\/smallgroup-anmeldung\/\" target=\"\">Jetzt Anfragen<\/a>\n<\/li><\/ul>          <\/div>\n        <\/div>\n      <\/div>\n      <div class=\"modal-footer\"><\/div>\n    <\/div>\n  <\/div>\n<\/div><\/div>\n\n\n<div id=\"block-66\" class=\"col wp-block-yellowtree-column col-12 col-lg-4 d-flex flex-column with-streched-height-children align-items-stretch align-items-lg-stretch\">\n  <article id=\"block-65\" type=\"button\" data-bs-theme=\"dark\" class=\"wp-block-yellowtree-profile-card card p-0 has-context-height\" style=\"--card-img-position:50% 50%\">\n      <img decoding=\"async\" width=\"1024\" height=\"481\" src=\"https:\/\/icf.church\/villingen\/wp-content\/uploads\/sites\/54\/2026\/08\/shootingdavid-1175-1024x481.jpg\" class=\"card-img-top\" alt=\"\" draggable=\"false\" loading=\"lazy\" srcset=\"https:\/\/icf.church\/villingen\/wp-content\/uploads\/sites\/54\/2026\/08\/shootingdavid-1175-1024x481.jpg 1024w, https:\/\/icf.church\/villingen\/wp-content\/uploads\/sites\/54\/2026\/08\/shootingdavid-1175-300x141.jpg 300w, https:\/\/icf.church\/villingen\/wp-content\/uploads\/sites\/54\/2026\/08\/shootingdavid-1175-768x361.jpg 768w, https:\/\/icf.church\/villingen\/wp-content\/uploads\/sites\/54\/2026\/08\/shootingdavid-1175-1536x722.jpg 1536w, https:\/\/icf.church\/villingen\/wp-content\/uploads\/sites\/54\/2026\/08\/shootingdavid-1175-2048x963.jpg 2048w\" sizes=\"(max-width: 1024px) 100vw, 1024px\">    <div class=\"card-body\">\n    <p class=\"card-meta-tag\">\n      Leitung: Wolfram    <\/p>\n    <h3 class=\"card-title mt-1\">Am Israel Chai<\/h3>\n    <p class=\"card-text mt-1\">Gebet f\u00fcr IsraelErarbeitung biblischer Zusammenh\u00e4nge im Kontext mit IsraelBesch\u00e4ftigung mit j\u00fcdischer Kultur und GeschichteAktuelle Ereignisse und Einordnung in Gottes HeilsplanWarum Israel f\u00fcr den pers\u00f6nlichen Glauben relevant ist<\/p>\n    <div class=\"card-buttons mt-1\">\n      <button type=\"button\" class=\"stretched-link btn btn-dark-1 btn-sm position-static\" aria-label=\"\u00d6ffne Popover \u00fcber Am Israel Chai\" aria-controls=\"profile-card-modal-block-65\" data-bs-toggle=\"modal\" data-bs-target=\"#profile-card-modal-block-65\">\n        <span>Mehr erfahren<\/span>\n        <i class=\"icon fs-base-const fa-arrow-right\"><\/i>\n      <\/button>\n    <\/div>\n  <\/div>\n<\/article>\n\n<div id=\"profile-card-modal-block-65\" tabindex=\"-1\" class=\"modal fade profile-card-modal\">\n  <div class=\"modal-dialog modal-dialog-centered\">\n    <div class=\"modal-content\" data-bs-theme=\"dark\">\n      <button type=\"button\" class=\"modal-close modal-close-end\" data-bs-dismiss=\"modal\" aria-label=\"Close\"><\/button>\n      <div class=\"modal-header\"><\/div>\n      <div class=\"modal-body overflow-y-auto text-body\">\n        <div class=\"row g-4\">\n          <div class=\"col-12 col-sm-5\">\n            <img decoding=\"async\" draggable=\"false\" loading=\"lazy\" src=\"https:\/\/icf.church\/villingen\/wp-content\/uploads\/sites\/54\/2026\/08\/shootingdavid-1175-scaled.jpg\" alt=\"\" class=\"img-fluid rounded object-fit-cover\">            <div class=\"d-sm-block d-none\">\n              <ul id=\"block-63\" class=\"profile-card-links-list list-unstyled mt-2 mt-sm-4\">\n  <li id=\"block-62\" class=\"profile-card-link\">\n  <i class=\"icon icon--fixed-width fa-solid fa-link\" aria-hidden=\"true\"><\/i>\n  <a href=\"https:\/\/icf.church\/villingen\/de\/smallgroup-anmeldung\/\" target=\"\">Jetzt Anfragen<\/a>\n<\/li><\/ul>            <\/div>\n          <\/div>\n          <div class=\"col-12 col-sm-7\">\n            <h3 class=\"fs-h3-const mb-0 mt-3 mt-sm-0 title\">Am Israel Chai<\/h3>\n            <p class=\"fs-sm mt-1 responsibility\">Gebet f\u00fcr IsraelErarbeitung biblischer Zusammenh\u00e4nge im Kontext mit IsraelBesch\u00e4ftigung mit j\u00fcdischer Kultur und GeschichteAktuelle Ereignisse und Einordnung in Gottes HeilsplanWarum Israel f\u00fcr den pers\u00f6nlichen Glauben relevant ist<\/p>\n            <p class=\"fs-sm mt-4 biography\">Wann: dienstags | 19:30 Uhr | 14-t\u00e4gig<br>Wo: Donaueschingen Aasen<br>Wer: M\u00e4nner &amp; Frauen | jede Altersgruppe<\/p>\n          <\/div>\n          <div class=\"col-12 d-sm-none\">\n            <ul id=\"block-63\" class=\"profile-card-links-list list-unstyled mt-2 mt-sm-4\">\n  <li id=\"block-62\" class=\"profile-card-link\">\n  <i class=\"icon icon--fixed-width fa-solid fa-link\" aria-hidden=\"true\"><\/i>\n  <a href=\"https:\/\/icf.church\/villingen\/de\/smallgroup-anmeldung\/\" target=\"\">Jetzt Anfragen<\/a>\n<\/li><\/ul>          <\/div>\n        <\/div>\n      <\/div>\n      <div class=\"modal-footer\"><\/div>\n    <\/div>\n  <\/div>\n<\/div><\/div>\n        <\/div>\n          <\/div>\n<\/div>\n\n<div id=\"block-83\" class=\"pt-2 pb-2 alignfull is-layout-constrained\">\n  <div>\n            <div class=\"row gx-4 gy-4 \">\n          \n\n<div id=\"block-72\" class=\"col wp-block-yellowtree-column col-12 col-lg-4 d-flex flex-column with-streched-height-children align-items-stretch align-items-lg-stretch\">\n  <article id=\"block-71\" type=\"button\" data-bs-theme=\"dark\" class=\"wp-block-yellowtree-profile-card card p-0 has-context-height\" style=\"--card-img-position:50% 50%\">\n      <img decoding=\"async\" width=\"1024\" height=\"557\" src=\"https:\/\/icf.church\/villingen\/wp-content\/uploads\/sites\/54\/2026\/08\/shootingdavid-1610-1024x557.jpg\" class=\"card-img-top\" alt=\"\" draggable=\"false\" loading=\"lazy\" srcset=\"https:\/\/icf.church\/villingen\/wp-content\/uploads\/sites\/54\/2026\/08\/shootingdavid-1610-1024x557.jpg 1024w, https:\/\/icf.church\/villingen\/wp-content\/uploads\/sites\/54\/2026\/08\/shootingdavid-1610-300x163.jpg 300w, https:\/\/icf.church\/villingen\/wp-content\/uploads\/sites\/54\/2026\/08\/shootingdavid-1610-768x418.jpg 768w, https:\/\/icf.church\/villingen\/wp-content\/uploads\/sites\/54\/2026\/08\/shootingdavid-1610-1536x835.jpg 1536w, https:\/\/icf.church\/villingen\/wp-content\/uploads\/sites\/54\/2026\/08\/shootingdavid-1610-2048x1113.jpg 2048w\" sizes=\"(max-width: 1024px) 100vw, 1024px\">    <div class=\"card-body\">\n    <p class=\"card-meta-tag\">\n      Leitung: Matthias &amp; Marcel    <\/p>\n    <h3 class=\"card-title mt-1\">Men on Fire<\/h3>\n    <p class=\"card-text mt-1\">F\u00fcr M\u00e4nner zwischen 30-45 Jahren. Es wird, geredet, gebetet, gelacht, gegessen, getrunken und gelegentlich ein Lagerfeuer gemacht. Wir gehen die Abende gemeinsam an, so dass jeder mal inhaltlich einen Abend leiten darf. Wir werden uns haupts\u00e4chlich an der Bibel, Predigten und anderer Literatur orientieren.<\/p>\n    <div class=\"card-buttons mt-1\">\n      <button type=\"button\" class=\"stretched-link btn btn-dark-1 btn-sm position-static\" aria-label=\"\u00d6ffne Popover \u00fcber Men on Fire\" aria-controls=\"profile-card-modal-block-71\" data-bs-toggle=\"modal\" data-bs-target=\"#profile-card-modal-block-71\">\n        <span>Mehr erfahren<\/span>\n        <i class=\"icon fs-base-const fa-arrow-right\"><\/i>\n      <\/button>\n    <\/div>\n  <\/div>\n<\/article>\n\n<div id=\"profile-card-modal-block-71\" tabindex=\"-1\" class=\"modal fade profile-card-modal\">\n  <div class=\"modal-dialog modal-dialog-centered\">\n    <div class=\"modal-content\" data-bs-theme=\"dark\">\n      <button type=\"button\" class=\"modal-close modal-close-end\" data-bs-dismiss=\"modal\" aria-label=\"Close\"><\/button>\n      <div class=\"modal-header\"><\/div>\n      <div class=\"modal-body overflow-y-auto text-body\">\n        <div class=\"row g-4\">\n          <div class=\"col-12 col-sm-5\">\n            <img decoding=\"async\" draggable=\"false\" loading=\"lazy\" src=\"https:\/\/icf.church\/villingen\/wp-content\/uploads\/sites\/54\/2026\/08\/shootingdavid-1610-scaled.jpg\" alt=\"\" class=\"img-fluid rounded object-fit-cover\">            <div class=\"d-sm-block d-none\">\n              <ul id=\"block-69\" class=\"profile-card-links-list list-unstyled mt-2 mt-sm-4\">\n  <li id=\"block-68\" class=\"profile-card-link\">\n  <i class=\"icon icon--fixed-width fa-solid fa-link\" aria-hidden=\"true\"><\/i>\n  <a href=\"https:\/\/icf.church\/villingen\/de\/smallgroup-anmeldung\/\" target=\"_blank\">Jetzt Anfragen<\/a>\n<\/li><\/ul>            <\/div>\n          <\/div>\n          <div class=\"col-12 col-sm-7\">\n            <h3 class=\"fs-h3-const mb-0 mt-3 mt-sm-0 title\">Men on Fire<\/h3>\n            <p class=\"fs-sm mt-1 responsibility\">F\u00fcr M\u00e4nner zwischen 30-45 Jahren. Es wird, geredet, gebetet, gelacht, gegessen, getrunken und gelegentlich ein Lagerfeuer gemacht. Wir gehen die Abende gemeinsam an, so dass jeder mal inhaltlich einen Abend leiten darf. Wir werden uns haupts\u00e4chlich an der Bibel, Predigten und anderer Literatur orientieren.<\/p>\n            <p class=\"fs-sm mt-4 biography\">Wann: montags | 14-t\u00e4gig | 19:30 Uhr<br>Wo: Brigachtal<br>Wer: M\u00e4nner | 30er<\/p>\n          <\/div>\n          <div class=\"col-12 d-sm-none\">\n            <ul id=\"block-69\" class=\"profile-card-links-list list-unstyled mt-2 mt-sm-4\">\n  <li id=\"block-68\" class=\"profile-card-link\">\n  <i class=\"icon icon--fixed-width fa-solid fa-link\" aria-hidden=\"true\"><\/i>\n  <a href=\"https:\/\/icf.church\/villingen\/de\/smallgroup-anmeldung\/\" target=\"_blank\">Jetzt Anfragen<\/a>\n<\/li><\/ul>          <\/div>\n        <\/div>\n      <\/div>\n      <div class=\"modal-footer\"><\/div>\n    <\/div>\n  <\/div>\n<\/div><\/div>\n\n\n<div id=\"block-77\" class=\"col wp-block-yellowtree-column col-12 col-lg-4 d-flex flex-column with-streched-height-children align-items-stretch align-items-lg-stretch\">\n  <article id=\"block-76\" type=\"button\" data-bs-theme=\"dark\" class=\"wp-block-yellowtree-profile-card card p-0 has-context-height\" style=\"--card-img-position:50% 50%\">\n      <img decoding=\"async\" width=\"1024\" height=\"683\" src=\"https:\/\/icf.church\/villingen\/wp-content\/uploads\/sites\/54\/2026\/08\/sg-5618-1024x683.jpg\" class=\"card-img-top\" alt=\"\" draggable=\"false\" loading=\"lazy\" srcset=\"https:\/\/icf.church\/villingen\/wp-content\/uploads\/sites\/54\/2026\/08\/sg-5618-1024x683.jpg 1024w, https:\/\/icf.church\/villingen\/wp-content\/uploads\/sites\/54\/2026\/08\/sg-5618-300x200.jpg 300w, https:\/\/icf.church\/villingen\/wp-content\/uploads\/sites\/54\/2026\/08\/sg-5618-768x512.jpg 768w, https:\/\/icf.church\/villingen\/wp-content\/uploads\/sites\/54\/2026\/08\/sg-5618-1536x1024.jpg 1536w, https:\/\/icf.church\/villingen\/wp-content\/uploads\/sites\/54\/2026\/08\/sg-5618-2048x1365.jpg 2048w\" sizes=\"(max-width: 1024px) 100vw, 1024px\">    <div class=\"card-body\">\n    <p class=\"card-meta-tag\">\n      Leitung: Janina, Daniela &amp; Ramona    <\/p>\n    <h3 class=\"card-title mt-1\">Krabbelgruppe<\/h3>\n    <p class=\"card-text mt-1\">In unserer Krabbelgruppe sind kleine und gro\u00dfe herzlich eingeladen. Gemeinsam m\u00f6chten wir singen, spielen und uns als Eltern austauschen. Unsere Krabbelgruppe ist f\u00fcr Kinder im Altern von 0 bis 4 Jahren ausgerichtet.<\/p>\n    <div class=\"card-buttons mt-1\">\n      <button type=\"button\" class=\"stretched-link btn btn-dark-1 btn-sm position-static\" aria-label=\"\u00d6ffne Popover \u00fcber Krabbelgruppe\" aria-controls=\"profile-card-modal-block-76\" data-bs-toggle=\"modal\" data-bs-target=\"#profile-card-modal-block-76\">\n        <span>Mehr erfahren<\/span>\n        <i class=\"icon fs-base-const fa-arrow-right\"><\/i>\n      <\/button>\n    <\/div>\n  <\/div>\n<\/article>\n\n<div id=\"profile-card-modal-block-76\" tabindex=\"-1\" class=\"modal fade profile-card-modal\">\n  <div class=\"modal-dialog modal-dialog-centered\">\n    <div class=\"modal-content\" data-bs-theme=\"dark\">\n      <button type=\"button\" class=\"modal-close modal-close-end\" data-bs-dismiss=\"modal\" aria-label=\"Close\"><\/button>\n      <div class=\"modal-header\"><\/div>\n      <div class=\"modal-body overflow-y-auto text-body\">\n        <div class=\"row g-4\">\n          <div class=\"col-12 col-sm-5\">\n            <img decoding=\"async\" draggable=\"false\" loading=\"lazy\" src=\"https:\/\/icf.church\/villingen\/wp-content\/uploads\/sites\/54\/2026\/08\/sg-5618-scaled.jpg\" alt=\"\" class=\"img-fluid rounded object-fit-cover\">            <div class=\"d-sm-block d-none\">\n              <ul id=\"block-74\" class=\"profile-card-links-list list-unstyled mt-2 mt-sm-4\">\n  <li id=\"block-73\" class=\"profile-card-link\">\n  <i class=\"icon icon--fixed-width fa-solid fa-link\" aria-hidden=\"true\"><\/i>\n  <a href=\"https:\/\/icf.church\/villingen\/de\/smallgroup-anmeldung\/\" target=\"\">Jetzt Anfragen<\/a>\n<\/li><\/ul>            <\/div>\n          <\/div>\n          <div class=\"col-12 col-sm-7\">\n            <h3 class=\"fs-h3-const mb-0 mt-3 mt-sm-0 title\">Krabbelgruppe<\/h3>\n            <p class=\"fs-sm mt-1 responsibility\">In unserer Krabbelgruppe sind kleine und gro\u00dfe herzlich eingeladen. Gemeinsam m\u00f6chten wir singen, spielen und uns als Eltern austauschen. Unsere Krabbelgruppe ist f\u00fcr Kinder im Altern von 0 bis 4 Jahren ausgerichtet.<\/p>\n            <p class=\"fs-sm mt-4 biography\">Wann: mittwochs | w\u00f6chentlich | Im Wechsel: 9:30-11:30 Uhr und 15:30-17:30 Uhr<br>Wo: ICF Villingen Raum Little Stars<br>Wer: Eltern mit Kindern unter 6 Jahre<\/p>\n          <\/div>\n          <div class=\"col-12 d-sm-none\">\n            <ul id=\"block-74\" class=\"profile-card-links-list list-unstyled mt-2 mt-sm-4\">\n  <li id=\"block-73\" class=\"profile-card-link\">\n  <i class=\"icon icon--fixed-width fa-solid fa-link\" aria-hidden=\"true\"><\/i>\n  <a href=\"https:\/\/icf.church\/villingen\/de\/smallgroup-anmeldung\/\" target=\"\">Jetzt Anfragen<\/a>\n<\/li><\/ul>          <\/div>\n        <\/div>\n      <\/div>\n      <div class=\"modal-footer\"><\/div>\n    <\/div>\n  <\/div>\n<\/div><\/div>\n\n\n<div id=\"block-82\" class=\"col wp-block-yellowtree-column col-12 col-lg-4 d-flex flex-column with-streched-height-children align-items-stretch align-items-lg-stretch\">\n  <article id=\"block-81\" type=\"button\" data-bs-theme=\"dark\" class=\"wp-block-yellowtree-profile-card card p-0 has-context-height\" style=\"--card-img-position:50% 50%\">\n      <img decoding=\"async\" width=\"1024\" height=\"1024\" src=\"https:\/\/icf.church\/villingen\/wp-content\/uploads\/sites\/54\/2026\/08\/smallgroups-5108-2-1024x1024.jpg\" class=\"card-img-top\" alt=\"\" draggable=\"false\" loading=\"lazy\" srcset=\"https:\/\/icf.church\/villingen\/wp-content\/uploads\/sites\/54\/2026\/08\/smallgroups-5108-2-1024x1024.jpg 1024w, https:\/\/icf.church\/villingen\/wp-content\/uploads\/sites\/54\/2026\/08\/smallgroups-5108-2-300x300.jpg 300w, https:\/\/icf.church\/villingen\/wp-content\/uploads\/sites\/54\/2026\/08\/smallgroups-5108-2-150x150.jpg 150w, https:\/\/icf.church\/villingen\/wp-content\/uploads\/sites\/54\/2026\/08\/smallgroups-5108-2-768x768.jpg 768w, https:\/\/icf.church\/villingen\/wp-content\/uploads\/sites\/54\/2026\/08\/smallgroups-5108-2-1536x1536.jpg 1536w, https:\/\/icf.church\/villingen\/wp-content\/uploads\/sites\/54\/2026\/08\/smallgroups-5108-2-2048x2048.jpg 2048w\" sizes=\"(max-width: 1024px) 100vw, 1024px\">    <div class=\"card-body\">\n    <p class=\"card-meta-tag\">\n      Leitung: Ani &amp; Alex    <\/p>\n    <h3 class=\"card-title mt-1\">Grow Together<\/h3>\n    <p class=\"card-text mt-1\">Zusammen im Glauben wachsen. Zusammen und doch auch jeder f\u00fcr sich; Durch gemeinsames Bibellesen, diskutieren und teilen von Erfahrungen mit Gott.<\/p>\n    <div class=\"card-buttons mt-1\">\n      <button type=\"button\" class=\"stretched-link btn btn-dark-1 btn-sm position-static\" aria-label=\"\u00d6ffne Popover \u00fcber Grow Together\" aria-controls=\"profile-card-modal-block-81\" data-bs-toggle=\"modal\" data-bs-target=\"#profile-card-modal-block-81\">\n        <span>Mehr erfahren<\/span>\n        <i class=\"icon fs-base-const fa-arrow-right\"><\/i>\n      <\/button>\n    <\/div>\n  <\/div>\n<\/article>\n\n<div id=\"profile-card-modal-block-81\" tabindex=\"-1\" class=\"modal fade profile-card-modal\">\n  <div class=\"modal-dialog modal-dialog-centered\">\n    <div class=\"modal-content\" data-bs-theme=\"dark\">\n      <button type=\"button\" class=\"modal-close modal-close-end\" data-bs-dismiss=\"modal\" aria-label=\"Close\"><\/button>\n      <div class=\"modal-header\"><\/div>\n      <div class=\"modal-body overflow-y-auto text-body\">\n        <div class=\"row g-4\">\n          <div class=\"col-12 col-sm-5\">\n            <img decoding=\"async\" draggable=\"false\" loading=\"lazy\" src=\"https:\/\/icf.church\/villingen\/wp-content\/uploads\/sites\/54\/2026\/08\/smallgroups-5108-2-scaled.jpg\" alt=\"\" class=\"img-fluid rounded object-fit-cover\">            <div class=\"d-sm-block d-none\">\n              <ul id=\"block-79\" class=\"profile-card-links-list list-unstyled mt-2 mt-sm-4\">\n  <li id=\"block-78\" class=\"profile-card-link\">\n  <i class=\"icon icon--fixed-width fa-solid fa-link\" aria-hidden=\"true\"><\/i>\n  <a href=\"https:\/\/icf.church\/villingen\/de\/smallgroup-anmeldung\/\" target=\"\">Jetzt Anfragen<\/a>\n<\/li><\/ul>            <\/div>\n          <\/div>\n          <div class=\"col-12 col-sm-7\">\n            <h3 class=\"fs-h3-const mb-0 mt-3 mt-sm-0 title\">Grow Together<\/h3>\n            <p class=\"fs-sm mt-1 responsibility\">Zusammen im Glauben wachsen. Zusammen und doch auch jeder f\u00fcr sich; Durch gemeinsames Bibellesen, diskutieren und teilen von Erfahrungen mit Gott.<\/p>\n            <p class=\"fs-sm mt-4 biography\">Wann: montags | w\u00f6chentlich | 19:30 Uhr<br>Wo: Pfaffenweiler<br>Wer: M\u00e4nner &amp; Frauen | jede Altersgruppe<\/p>\n          <\/div>\n          <div class=\"col-12 d-sm-none\">\n            <ul id=\"block-79\" class=\"profile-card-links-list list-unstyled mt-2 mt-sm-4\">\n  <li id=\"block-78\" class=\"profile-card-link\">\n  <i class=\"icon icon--fixed-width fa-solid fa-link\" aria-hidden=\"true\"><\/i>\n  <a href=\"https:\/\/icf.church\/villingen\/de\/smallgroup-anmeldung\/\" target=\"\">Jetzt Anfragen<\/a>\n<\/li><\/ul>          <\/div>\n        <\/div>\n      <\/div>\n      <div class=\"modal-footer\"><\/div>\n    <\/div>\n  <\/div>\n<\/div><\/div>\n        <\/div>\n          <\/div>\n<\/div>\n\n<div id=\"block-99\" class=\"pt-2 pb-2 alignfull is-layout-constrained\">\n  <div>\n            <div class=\"row gx-4 gy-4 \">\n          \n\n<div id=\"block-88\" class=\"col wp-block-yellowtree-column col-12 col-lg-4 d-flex flex-column with-streched-height-children align-items-stretch align-items-lg-stretch\">\n  <article id=\"block-87\" type=\"button\" data-bs-theme=\"dark\" class=\"wp-block-yellowtree-profile-card card p-0 has-context-height\" style=\"--card-img-position:50% 50%\">\n      <img decoding=\"async\" width=\"1024\" height=\"472\" src=\"https:\/\/icf.church\/villingen\/wp-content\/uploads\/sites\/54\/2026\/08\/smallgroups-5122-2-1024x472.jpg\" class=\"card-img-top\" alt=\"\" draggable=\"false\" loading=\"lazy\" srcset=\"https:\/\/icf.church\/villingen\/wp-content\/uploads\/sites\/54\/2026\/08\/smallgroups-5122-2-1024x472.jpg 1024w, https:\/\/icf.church\/villingen\/wp-content\/uploads\/sites\/54\/2026\/08\/smallgroups-5122-2-300x138.jpg 300w, https:\/\/icf.church\/villingen\/wp-content\/uploads\/sites\/54\/2026\/08\/smallgroups-5122-2-768x354.jpg 768w, https:\/\/icf.church\/villingen\/wp-content\/uploads\/sites\/54\/2026\/08\/smallgroups-5122-2-1536x709.jpg 1536w, https:\/\/icf.church\/villingen\/wp-content\/uploads\/sites\/54\/2026\/08\/smallgroups-5122-2-2048x945.jpg 2048w\" sizes=\"(max-width: 1024px) 100vw, 1024px\">    <div class=\"card-body\">\n    <p class=\"card-meta-tag\">\n      Leitung: Ruben    <\/p>\n    <h3 class=\"card-title mt-1\">H.F.U.<\/h3>\n    <p class=\"card-text mt-1\">Heart, Faith, Understanding &#8211; Wir sind eine Gemeinschaft von Studierenden in Furtwangen und Umgebung, die \u00fcber die Grenzen des Alltags hinausblicken wollen. Mit Herz setzen wir uns f\u00fcr unsere \u00dcberzeugungen ein, bewahren den Glauben an etwas Gr\u00f6\u00dferes und streben danach, immer mehr zu verstehen. Daf\u00fcr treffen wir uns in entspannter Atmosph\u00e4re, genie\u00dfen die gemeinsame Zeit und wachsen miteinander.<\/p>\n    <div class=\"card-buttons mt-1\">\n      <button type=\"button\" class=\"stretched-link btn btn-dark-1 btn-sm position-static\" aria-label=\"\u00d6ffne Popover \u00fcber H.F.U.\" aria-controls=\"profile-card-modal-block-87\" data-bs-toggle=\"modal\" data-bs-target=\"#profile-card-modal-block-87\">\n        <span>Mehr erfahren<\/span>\n        <i class=\"icon fs-base-const fa-arrow-right\"><\/i>\n      <\/button>\n    <\/div>\n  <\/div>\n<\/article>\n\n<div id=\"profile-card-modal-block-87\" tabindex=\"-1\" class=\"modal fade profile-card-modal\">\n  <div class=\"modal-dialog modal-dialog-centered\">\n    <div class=\"modal-content\" data-bs-theme=\"dark\">\n      <button type=\"button\" class=\"modal-close modal-close-end\" data-bs-dismiss=\"modal\" aria-label=\"Close\"><\/button>\n      <div class=\"modal-header\"><\/div>\n      <div class=\"modal-body overflow-y-auto text-body\">\n        <div class=\"row g-4\">\n          <div class=\"col-12 col-sm-5\">\n            <img decoding=\"async\" draggable=\"false\" loading=\"lazy\" src=\"https:\/\/icf.church\/villingen\/wp-content\/uploads\/sites\/54\/2026\/08\/smallgroups-5122-2-scaled.jpg\" alt=\"\" class=\"img-fluid rounded object-fit-cover\">            <div class=\"d-sm-block d-none\">\n              <ul id=\"block-85\" class=\"profile-card-links-list list-unstyled mt-2 mt-sm-4\">\n  <li id=\"block-84\" class=\"profile-card-link\">\n  <i class=\"icon icon--fixed-width fa-solid fa-link\" aria-hidden=\"true\"><\/i>\n  <a href=\"https:\/\/icf.church\/villingen\/de\/smallgroup-anmeldung\/\" target=\"_blank\">Jetzt Anfragen<\/a>\n<\/li><\/ul>            <\/div>\n          <\/div>\n          <div class=\"col-12 col-sm-7\">\n            <h3 class=\"fs-h3-const mb-0 mt-3 mt-sm-0 title\">H.F.U.<\/h3>\n            <p class=\"fs-sm mt-1 responsibility\">Heart, Faith, Understanding &#8211; Wir sind eine Gemeinschaft von Studierenden in Furtwangen und Umgebung, die \u00fcber die Grenzen des Alltags hinausblicken wollen. Mit Herz setzen wir uns f\u00fcr unsere \u00dcberzeugungen ein, bewahren den Glauben an etwas Gr\u00f6\u00dferes und streben danach, immer mehr zu verstehen. Daf\u00fcr treffen wir uns in entspannter Atmosph\u00e4re, genie\u00dfen die gemeinsame Zeit und wachsen miteinander.<\/p>\n            <p class=\"fs-sm mt-4 biography\">Wann: dienstags | w\u00f6chentlich | 18:00 Uhr<br>Wo: Furtwangen<br>Wer: M\u00e4nner &amp; Frauen | jede Altersgruppe<\/p>\n          <\/div>\n          <div class=\"col-12 d-sm-none\">\n            <ul id=\"block-85\" class=\"profile-card-links-list list-unstyled mt-2 mt-sm-4\">\n  <li id=\"block-84\" class=\"profile-card-link\">\n  <i class=\"icon icon--fixed-width fa-solid fa-link\" aria-hidden=\"true\"><\/i>\n  <a href=\"https:\/\/icf.church\/villingen\/de\/smallgroup-anmeldung\/\" target=\"_blank\">Jetzt Anfragen<\/a>\n<\/li><\/ul>          <\/div>\n        <\/div>\n      <\/div>\n      <div class=\"modal-footer\"><\/div>\n    <\/div>\n  <\/div>\n<\/div><\/div>\n\n\n<div id=\"block-93\" class=\"col wp-block-yellowtree-column col-12 col-lg-4 d-flex flex-column with-streched-height-children align-items-stretch align-items-lg-stretch\">\n  <article id=\"block-92\" type=\"button\" data-bs-theme=\"dark\" class=\"wp-block-yellowtree-profile-card card p-0 has-context-height\" style=\"--card-img-position:50% 50%\">\n      <img decoding=\"async\" width=\"1024\" height=\"683\" src=\"https:\/\/icf.church\/villingen\/wp-content\/uploads\/sites\/54\/2026\/08\/smallgroup-6086-1024x683.jpg\" class=\"card-img-top\" alt=\"\" draggable=\"false\" loading=\"lazy\" srcset=\"https:\/\/icf.church\/villingen\/wp-content\/uploads\/sites\/54\/2026\/08\/smallgroup-6086-1024x683.jpg 1024w, https:\/\/icf.church\/villingen\/wp-content\/uploads\/sites\/54\/2026\/08\/smallgroup-6086-300x200.jpg 300w, https:\/\/icf.church\/villingen\/wp-content\/uploads\/sites\/54\/2026\/08\/smallgroup-6086-768x512.jpg 768w, https:\/\/icf.church\/villingen\/wp-content\/uploads\/sites\/54\/2026\/08\/smallgroup-6086-1536x1024.jpg 1536w, https:\/\/icf.church\/villingen\/wp-content\/uploads\/sites\/54\/2026\/08\/smallgroup-6086-2048x1366.jpg 2048w\" sizes=\"(max-width: 1024px) 100vw, 1024px\">    <div class=\"card-body\">\n    <p class=\"card-meta-tag\">\n      Leitung: Rahel &amp; Ute    <\/p>\n    <h3 class=\"card-title mt-1\">Rise up<\/h3>\n    <p class=\"card-text mt-1\">Renew-Inspire-Support-Empower-Unite-PurposeWir schaffen einen Ort wo Frauen gest\u00e4rkt, ver\u00e4ndert und bef\u00e4higt werden.<\/p>\n    <div class=\"card-buttons mt-1\">\n      <button type=\"button\" class=\"stretched-link btn btn-dark-1 btn-sm position-static\" aria-label=\"\u00d6ffne Popover \u00fcber Rise up\" aria-controls=\"profile-card-modal-block-92\" data-bs-toggle=\"modal\" data-bs-target=\"#profile-card-modal-block-92\">\n        <span>Mehr erfahren<\/span>\n        <i class=\"icon fs-base-const fa-arrow-right\"><\/i>\n      <\/button>\n    <\/div>\n  <\/div>\n<\/article>\n\n<div id=\"profile-card-modal-block-92\" tabindex=\"-1\" class=\"modal fade profile-card-modal\">\n  <div class=\"modal-dialog modal-dialog-centered\">\n    <div class=\"modal-content\" data-bs-theme=\"dark\">\n      <button type=\"button\" class=\"modal-close modal-close-end\" data-bs-dismiss=\"modal\" aria-label=\"Close\"><\/button>\n      <div class=\"modal-header\"><\/div>\n      <div class=\"modal-body overflow-y-auto text-body\">\n        <div class=\"row g-4\">\n          <div class=\"col-12 col-sm-5\">\n            <img decoding=\"async\" draggable=\"false\" loading=\"lazy\" src=\"https:\/\/icf.church\/villingen\/wp-content\/uploads\/sites\/54\/2026\/08\/smallgroup-6086-scaled.jpg\" alt=\"\" class=\"img-fluid rounded object-fit-cover\">            <div class=\"d-sm-block d-none\">\n              <ul id=\"block-90\" class=\"profile-card-links-list list-unstyled mt-2 mt-sm-4\">\n  <li id=\"block-89\" class=\"profile-card-link\">\n  <i class=\"icon icon--fixed-width fa-solid fa-link\" aria-hidden=\"true\"><\/i>\n  <a href=\"https:\/\/icf.church\/villingen\/de\/smallgroup-anmeldung\/\" target=\"\">Jetzt Anfragen<\/a>\n<\/li><\/ul>            <\/div>\n          <\/div>\n          <div class=\"col-12 col-sm-7\">\n            <h3 class=\"fs-h3-const mb-0 mt-3 mt-sm-0 title\">Rise up<\/h3>\n            <p class=\"fs-sm mt-1 responsibility\">Renew-Inspire-Support-Empower-Unite-PurposeWir schaffen einen Ort wo Frauen gest\u00e4rkt, ver\u00e4ndert und bef\u00e4higt werden.<\/p>\n            <p class=\"fs-sm mt-4 biography\">Wann: montags | 14-t\u00e4gig | 19:30 Uhr<br>Wo: ICF Micro Church Sulz a.N.<br>Wer: Frauen | jede Altersgruppe<\/p>\n          <\/div>\n          <div class=\"col-12 d-sm-none\">\n            <ul id=\"block-90\" class=\"profile-card-links-list list-unstyled mt-2 mt-sm-4\">\n  <li id=\"block-89\" class=\"profile-card-link\">\n  <i class=\"icon icon--fixed-width fa-solid fa-link\" aria-hidden=\"true\"><\/i>\n  <a href=\"https:\/\/icf.church\/villingen\/de\/smallgroup-anmeldung\/\" target=\"\">Jetzt Anfragen<\/a>\n<\/li><\/ul>          <\/div>\n        <\/div>\n      <\/div>\n      <div class=\"modal-footer\"><\/div>\n    <\/div>\n  <\/div>\n<\/div><\/div>\n\n\n<div id=\"block-98\" class=\"col wp-block-yellowtree-column col-12 col-lg-4 d-flex flex-column with-streched-height-children align-items-stretch align-items-lg-stretch\">\n  <article id=\"block-97\" type=\"button\" data-bs-theme=\"dark\" class=\"wp-block-yellowtree-profile-card card p-0 has-context-height\" style=\"--card-img-position:50% 50%\">\n      <img decoding=\"async\" width=\"1024\" height=\"683\" src=\"https:\/\/icf.church\/villingen\/wp-content\/uploads\/sites\/54\/2026\/08\/smallgroup-6200-1024x683.jpg\" class=\"card-img-top\" alt=\"\" draggable=\"false\" loading=\"lazy\" srcset=\"https:\/\/icf.church\/villingen\/wp-content\/uploads\/sites\/54\/2026\/08\/smallgroup-6200-1024x683.jpg 1024w, https:\/\/icf.church\/villingen\/wp-content\/uploads\/sites\/54\/2026\/08\/smallgroup-6200-300x200.jpg 300w, https:\/\/icf.church\/villingen\/wp-content\/uploads\/sites\/54\/2026\/08\/smallgroup-6200-768x512.jpg 768w, https:\/\/icf.church\/villingen\/wp-content\/uploads\/sites\/54\/2026\/08\/smallgroup-6200-1536x1024.jpg 1536w, https:\/\/icf.church\/villingen\/wp-content\/uploads\/sites\/54\/2026\/08\/smallgroup-6200-2048x1365.jpg 2048w\" sizes=\"(max-width: 1024px) 100vw, 1024px\">    <div class=\"card-body\">\n    <p class=\"card-meta-tag\">\n      Leitung: Charlotte    <\/p>\n    <h3 class=\"card-title mt-1\">Atempause<\/h3>\n    <p class=\"card-text mt-1\">Wir machen uns auf den Weg, Jesus \u00e4hnlicher zu werden und Ruhe bei ihm zu finden. Gemeinsam \u00fcben wir ein, im Alltag, Zeit mit Jesus zu verbringen und einfach seine N\u00e4he zu genie\u00dfen.<\/p>\n    <div class=\"card-buttons mt-1\">\n      <button type=\"button\" class=\"stretched-link btn btn-dark-1 btn-sm position-static\" aria-label=\"\u00d6ffne Popover \u00fcber Atempause\" aria-controls=\"profile-card-modal-block-97\" data-bs-toggle=\"modal\" data-bs-target=\"#profile-card-modal-block-97\">\n        <span>Mehr erfahren<\/span>\n        <i class=\"icon fs-base-const fa-arrow-right\"><\/i>\n      <\/button>\n    <\/div>\n  <\/div>\n<\/article>\n\n<div id=\"profile-card-modal-block-97\" tabindex=\"-1\" class=\"modal fade profile-card-modal\">\n  <div class=\"modal-dialog modal-dialog-centered\">\n    <div class=\"modal-content\" data-bs-theme=\"dark\">\n      <button type=\"button\" class=\"modal-close modal-close-end\" data-bs-dismiss=\"modal\" aria-label=\"Close\"><\/button>\n      <div class=\"modal-header\"><\/div>\n      <div class=\"modal-body overflow-y-auto text-body\">\n        <div class=\"row g-4\">\n          <div class=\"col-12 col-sm-5\">\n            <img decoding=\"async\" draggable=\"false\" loading=\"lazy\" src=\"https:\/\/icf.church\/villingen\/wp-content\/uploads\/sites\/54\/2026\/08\/smallgroup-6200-scaled.jpg\" alt=\"\" class=\"img-fluid rounded object-fit-cover\">            <div class=\"d-sm-block d-none\">\n              <ul id=\"block-95\" class=\"profile-card-links-list list-unstyled mt-2 mt-sm-4\">\n  <li id=\"block-94\" class=\"profile-card-link\">\n  <i class=\"icon icon--fixed-width fa-solid fa-link\" aria-hidden=\"true\"><\/i>\n  <a href=\"https:\/\/icf.church\/villingen\/de\/smallgroup-anmeldung\/\" target=\"\">Jetzt Anfragen<\/a>\n<\/li><\/ul>            <\/div>\n          <\/div>\n          <div class=\"col-12 col-sm-7\">\n            <h3 class=\"fs-h3-const mb-0 mt-3 mt-sm-0 title\">Atempause<\/h3>\n            <p class=\"fs-sm mt-1 responsibility\">Wir machen uns auf den Weg, Jesus \u00e4hnlicher zu werden und Ruhe bei ihm zu finden. Gemeinsam \u00fcben wir ein, im Alltag, Zeit mit Jesus zu verbringen und einfach seine N\u00e4he zu genie\u00dfen.<\/p>\n            <p class=\"fs-sm mt-4 biography\">Wann: dienstags | 14-t\u00e4gig | 19:00 Uhr<br>Wo: ICF Villingen<br>Wer: Frauen | 30er<\/p>\n          <\/div>\n          <div class=\"col-12 d-sm-none\">\n            <ul id=\"block-95\" class=\"profile-card-links-list list-unstyled mt-2 mt-sm-4\">\n  <li id=\"block-94\" class=\"profile-card-link\">\n  <i class=\"icon icon--fixed-width fa-solid fa-link\" aria-hidden=\"true\"><\/i>\n  <a href=\"https:\/\/icf.church\/villingen\/de\/smallgroup-anmeldung\/\" target=\"\">Jetzt Anfragen<\/a>\n<\/li><\/ul>          <\/div>\n        <\/div>\n      <\/div>\n      <div class=\"modal-footer\"><\/div>\n    <\/div>\n  <\/div>\n<\/div><\/div>\n        <\/div>\n          <\/div>\n<\/div>\n\n<div id=\"block-115\" class=\"pt-2 pb-2 alignfull is-layout-constrained\">\n  <div>\n            <div class=\"row gx-4 gy-4 \">\n          \n\n<div id=\"block-104\" class=\"col wp-block-yellowtree-column col-12 col-lg-4 d-flex flex-column with-streched-height-children align-items-stretch align-items-lg-stretch\">\n  <article id=\"block-103\" type=\"button\" data-bs-theme=\"dark\" class=\"wp-block-yellowtree-profile-card card p-0 has-context-height\" style=\"--card-img-position:50% 50%\">\n      <img decoding=\"async\" width=\"1024\" height=\"511\" src=\"https:\/\/icf.church\/villingen\/wp-content\/uploads\/sites\/54\/2026\/08\/smallgroup-6320-2-1024x511.jpg\" class=\"card-img-top\" alt=\"\" draggable=\"false\" loading=\"lazy\" srcset=\"https:\/\/icf.church\/villingen\/wp-content\/uploads\/sites\/54\/2026\/08\/smallgroup-6320-2-1024x511.jpg 1024w, https:\/\/icf.church\/villingen\/wp-content\/uploads\/sites\/54\/2026\/08\/smallgroup-6320-2-300x150.jpg 300w, https:\/\/icf.church\/villingen\/wp-content\/uploads\/sites\/54\/2026\/08\/smallgroup-6320-2-768x383.jpg 768w, https:\/\/icf.church\/villingen\/wp-content\/uploads\/sites\/54\/2026\/08\/smallgroup-6320-2-1536x766.jpg 1536w, https:\/\/icf.church\/villingen\/wp-content\/uploads\/sites\/54\/2026\/08\/smallgroup-6320-2-2048x1021.jpg 2048w\" sizes=\"(max-width: 1024px) 100vw, 1024px\">    <div class=\"card-body\">\n    <p class=\"card-meta-tag\">\n      Leitung: Lilli &amp; Dina    <\/p>\n    <h3 class=\"card-title mt-1\">T\u00f6pfern<\/h3>\n    <p class=\"card-text mt-1\">Du wolltest schon immer malt\u00f6pfern ausprobieren? Dann bist du herzlich willkommen, in entspannter Atmosph\u00e4re, bei tollen Gespr\u00e4chen kreativ zu sein.<\/p>\n    <div class=\"card-buttons mt-1\">\n      <button type=\"button\" class=\"stretched-link btn btn-dark-1 btn-sm position-static\" aria-label=\"\u00d6ffne Popover \u00fcber T\u00f6pfern\" aria-controls=\"profile-card-modal-block-103\" data-bs-toggle=\"modal\" data-bs-target=\"#profile-card-modal-block-103\">\n        <span>Mehr erfahren<\/span>\n        <i class=\"icon fs-base-const fa-arrow-right\"><\/i>\n      <\/button>\n    <\/div>\n  <\/div>\n<\/article>\n\n<div id=\"profile-card-modal-block-103\" tabindex=\"-1\" class=\"modal fade profile-card-modal\">\n  <div class=\"modal-dialog modal-dialog-centered\">\n    <div class=\"modal-content\" data-bs-theme=\"dark\">\n      <button type=\"button\" class=\"modal-close modal-close-end\" data-bs-dismiss=\"modal\" aria-label=\"Close\"><\/button>\n      <div class=\"modal-header\"><\/div>\n      <div class=\"modal-body overflow-y-auto text-body\">\n        <div class=\"row g-4\">\n          <div class=\"col-12 col-sm-5\">\n            <img decoding=\"async\" draggable=\"false\" loading=\"lazy\" src=\"https:\/\/icf.church\/villingen\/wp-content\/uploads\/sites\/54\/2026\/08\/smallgroup-6320-2.jpg\" alt=\"\" class=\"img-fluid rounded object-fit-cover\">            <div class=\"d-sm-block d-none\">\n              <ul id=\"block-101\" class=\"profile-card-links-list list-unstyled mt-2 mt-sm-4\">\n  <li id=\"block-100\" class=\"profile-card-link\">\n  <i class=\"icon icon--fixed-width fa-solid fa-link\" aria-hidden=\"true\"><\/i>\n  <a href=\"https:\/\/icf.church\/villingen\/de\/smallgroup-anmeldung\/\" target=\"_blank\">Jetzt Anfragen<\/a>\n<\/li><\/ul>            <\/div>\n          <\/div>\n          <div class=\"col-12 col-sm-7\">\n            <h3 class=\"fs-h3-const mb-0 mt-3 mt-sm-0 title\">T\u00f6pfern<\/h3>\n            <p class=\"fs-sm mt-1 responsibility\">Du wolltest schon immer malt\u00f6pfern ausprobieren? Dann bist du herzlich willkommen, in entspannter Atmosph\u00e4re, bei tollen Gespr\u00e4chen kreativ zu sein.<\/p>\n            <p class=\"fs-sm mt-4 biography\">Wann: dienstags | w\u00f6chentlich | 9:00-12:00 Uhr<br>Wo: Oberndorf<br>Wer: Frauen | alle Altersgruppen<\/p>\n          <\/div>\n          <div class=\"col-12 d-sm-none\">\n            <ul id=\"block-101\" class=\"profile-card-links-list list-unstyled mt-2 mt-sm-4\">\n  <li id=\"block-100\" class=\"profile-card-link\">\n  <i class=\"icon icon--fixed-width fa-solid fa-link\" aria-hidden=\"true\"><\/i>\n  <a href=\"https:\/\/icf.church\/villingen\/de\/smallgroup-anmeldung\/\" target=\"_blank\">Jetzt Anfragen<\/a>\n<\/li><\/ul>          <\/div>\n        <\/div>\n      <\/div>\n      <div class=\"modal-footer\"><\/div>\n    <\/div>\n  <\/div>\n<\/div><\/div>\n\n\n<div id=\"block-109\" class=\"col wp-block-yellowtree-column col-12 col-lg-4 d-flex flex-column with-streched-height-children align-items-stretch align-items-lg-stretch\">\n  <article id=\"block-108\" type=\"button\" data-bs-theme=\"dark\" class=\"wp-block-yellowtree-profile-card card p-0 has-context-height\" style=\"--card-img-position:50% 50%\">\n      <img decoding=\"async\" width=\"1024\" height=\"683\" src=\"https:\/\/icf.church\/villingen\/wp-content\/uploads\/sites\/54\/2026\/08\/smallgroup-6343-1024x683.jpg\" class=\"card-img-top\" alt=\"\" draggable=\"false\" loading=\"lazy\" srcset=\"https:\/\/icf.church\/villingen\/wp-content\/uploads\/sites\/54\/2026\/08\/smallgroup-6343-1024x683.jpg 1024w, https:\/\/icf.church\/villingen\/wp-content\/uploads\/sites\/54\/2026\/08\/smallgroup-6343-300x200.jpg 300w, https:\/\/icf.church\/villingen\/wp-content\/uploads\/sites\/54\/2026\/08\/smallgroup-6343-768x512.jpg 768w, https:\/\/icf.church\/villingen\/wp-content\/uploads\/sites\/54\/2026\/08\/smallgroup-6343-1536x1024.jpg 1536w, https:\/\/icf.church\/villingen\/wp-content\/uploads\/sites\/54\/2026\/08\/smallgroup-6343-2048x1365.jpg 2048w\" sizes=\"(max-width: 1024px) 100vw, 1024px\">    <div class=\"card-body\">\n    <p class=\"card-meta-tag\">\n      Leitung: Dominik &amp; Willi    <\/p>\n    <h3 class=\"card-title mt-1\">Einfach mal Sport<\/h3>\n    <p class=\"card-text mt-1\">Wir treffen uns, um gemeinsam verschiedenen Sport zu machen &#8211; Fu\u00dfball, Volleyball, Squashen, Tennis und was uns sonst noch einf\u00e4llt. Gemeinschaftssport macht mehr Spa\u00df als alleine, also lass Netflix zuhause und sei dabei.<\/p>\n    <div class=\"card-buttons mt-1\">\n      <button type=\"button\" class=\"stretched-link btn btn-dark-1 btn-sm position-static\" aria-label=\"\u00d6ffne Popover \u00fcber Einfach mal Sport\" aria-controls=\"profile-card-modal-block-108\" data-bs-toggle=\"modal\" data-bs-target=\"#profile-card-modal-block-108\">\n        <span>Mehr erfahren<\/span>\n        <i class=\"icon fs-base-const fa-arrow-right\"><\/i>\n      <\/button>\n    <\/div>\n  <\/div>\n<\/article>\n\n<div id=\"profile-card-modal-block-108\" tabindex=\"-1\" class=\"modal fade profile-card-modal\">\n  <div class=\"modal-dialog modal-dialog-centered\">\n    <div class=\"modal-content\" data-bs-theme=\"dark\">\n      <button type=\"button\" class=\"modal-close modal-close-end\" data-bs-dismiss=\"modal\" aria-label=\"Close\"><\/button>\n      <div class=\"modal-header\"><\/div>\n      <div class=\"modal-body overflow-y-auto text-body\">\n        <div class=\"row g-4\">\n          <div class=\"col-12 col-sm-5\">\n            <img decoding=\"async\" draggable=\"false\" loading=\"lazy\" src=\"https:\/\/icf.church\/villingen\/wp-content\/uploads\/sites\/54\/2026\/08\/smallgroup-6343-scaled.jpg\" alt=\"\" class=\"img-fluid rounded object-fit-cover\">            <div class=\"d-sm-block d-none\">\n              <ul id=\"block-106\" class=\"profile-card-links-list list-unstyled mt-2 mt-sm-4\">\n  <li id=\"block-105\" class=\"profile-card-link\">\n  <i class=\"icon icon--fixed-width fa-solid fa-link\" aria-hidden=\"true\"><\/i>\n  <a href=\"https:\/\/icf.church\/villingen\/de\/smallgroup-anmeldung\/\" target=\"\">Jetzt Anfragen<\/a>\n<\/li><\/ul>            <\/div>\n          <\/div>\n          <div class=\"col-12 col-sm-7\">\n            <h3 class=\"fs-h3-const mb-0 mt-3 mt-sm-0 title\">Einfach mal Sport<\/h3>\n            <p class=\"fs-sm mt-1 responsibility\">Wir treffen uns, um gemeinsam verschiedenen Sport zu machen &#8211; Fu\u00dfball, Volleyball, Squashen, Tennis und was uns sonst noch einf\u00e4llt. Gemeinschaftssport macht mehr Spa\u00df als alleine, also lass Netflix zuhause und sei dabei.<\/p>\n            <p class=\"fs-sm mt-4 biography\">Wann: montags | 14-t\u00e4gig | 20:30 Uhr<br>Wo: Sportst\u00e4tten<br>Wer: M\u00e4nner &amp; Frauen | alle Altersgruppen<\/p>\n          <\/div>\n          <div class=\"col-12 d-sm-none\">\n            <ul id=\"block-106\" class=\"profile-card-links-list list-unstyled mt-2 mt-sm-4\">\n  <li id=\"block-105\" class=\"profile-card-link\">\n  <i class=\"icon icon--fixed-width fa-solid fa-link\" aria-hidden=\"true\"><\/i>\n  <a href=\"https:\/\/icf.church\/villingen\/de\/smallgroup-anmeldung\/\" target=\"\">Jetzt Anfragen<\/a>\n<\/li><\/ul>          <\/div>\n        <\/div>\n      <\/div>\n      <div class=\"modal-footer\"><\/div>\n    <\/div>\n  <\/div>\n<\/div><\/div>\n\n\n<div id=\"block-114\" class=\"col wp-block-yellowtree-column col-12 col-lg-4 d-flex flex-column with-streched-height-children align-items-stretch align-items-lg-stretch\">\n  <article id=\"block-113\" type=\"button\" data-bs-theme=\"dark\" class=\"wp-block-yellowtree-profile-card card p-0 has-context-height\" style=\"--card-img-position:50% 50%\">\n      <img decoding=\"async\" width=\"1024\" height=\"683\" src=\"https:\/\/icf.church\/villingen\/wp-content\/uploads\/sites\/54\/2026\/08\/smallgroup-6208-1024x683.jpg\" class=\"card-img-top\" alt=\"\" draggable=\"false\" loading=\"lazy\" srcset=\"https:\/\/icf.church\/villingen\/wp-content\/uploads\/sites\/54\/2026\/08\/smallgroup-6208-1024x683.jpg 1024w, https:\/\/icf.church\/villingen\/wp-content\/uploads\/sites\/54\/2026\/08\/smallgroup-6208-300x200.jpg 300w, https:\/\/icf.church\/villingen\/wp-content\/uploads\/sites\/54\/2026\/08\/smallgroup-6208-768x512.jpg 768w, https:\/\/icf.church\/villingen\/wp-content\/uploads\/sites\/54\/2026\/08\/smallgroup-6208-1536x1024.jpg 1536w, https:\/\/icf.church\/villingen\/wp-content\/uploads\/sites\/54\/2026\/08\/smallgroup-6208-2048x1365.jpg 2048w\" sizes=\"(max-width: 1024px) 100vw, 1024px\">    <div class=\"card-body\">\n    <p class=\"card-meta-tag\">\n      Leitung: Thomas &amp; Susan    <\/p>\n    <h3 class=\"card-title mt-1\">Coffee Talk<\/h3>\n    <p class=\"card-text mt-1\">Lust auf gute Gespr\u00e4che und neue Impulse \u00fcber den Glauben in entspannter Runde?Du bist \u00fcber 40, lebst alleinstehend oder als einziger Christ in deiner Familie?Dann bist du bei uns genau richtig!Wir treffen uns 1x Monat sonntags nach der 2. Celebration und gehen gemeinsam Essen. Danach wollen wir bei einem Kaffee dar\u00fcber reden, wie der Glaube unseren Alltag pr\u00e4gt.<\/p>\n    <div class=\"card-buttons mt-1\">\n      <button type=\"button\" class=\"stretched-link btn btn-dark-1 btn-sm position-static\" aria-label=\"\u00d6ffne Popover \u00fcber Coffee Talk\" aria-controls=\"profile-card-modal-block-113\" data-bs-toggle=\"modal\" data-bs-target=\"#profile-card-modal-block-113\">\n        <span>Mehr erfahren<\/span>\n        <i class=\"icon fs-base-const fa-arrow-right\"><\/i>\n      <\/button>\n    <\/div>\n  <\/div>\n<\/article>\n\n<div id=\"profile-card-modal-block-113\" tabindex=\"-1\" class=\"modal fade profile-card-modal\">\n  <div class=\"modal-dialog modal-dialog-centered\">\n    <div class=\"modal-content\" data-bs-theme=\"dark\">\n      <button type=\"button\" class=\"modal-close modal-close-end\" data-bs-dismiss=\"modal\" aria-label=\"Close\"><\/button>\n      <div class=\"modal-header\"><\/div>\n      <div class=\"modal-body overflow-y-auto text-body\">\n        <div class=\"row g-4\">\n          <div class=\"col-12 col-sm-5\">\n            <img decoding=\"async\" draggable=\"false\" loading=\"lazy\" src=\"https:\/\/icf.church\/villingen\/wp-content\/uploads\/sites\/54\/2026\/08\/smallgroup-6208-scaled.jpg\" alt=\"\" class=\"img-fluid rounded object-fit-cover\">            <div class=\"d-sm-block d-none\">\n              <ul id=\"block-111\" class=\"profile-card-links-list list-unstyled mt-2 mt-sm-4\">\n  <li id=\"block-110\" class=\"profile-card-link\">\n  <i class=\"icon icon--fixed-width fa-solid fa-link\" aria-hidden=\"true\"><\/i>\n  <a href=\"https:\/\/icf.church\/villingen\/de\/smallgroup-anmeldung\/\" target=\"\">Jetzt Anfragen<\/a>\n<\/li><\/ul>            <\/div>\n          <\/div>\n          <div class=\"col-12 col-sm-7\">\n            <h3 class=\"fs-h3-const mb-0 mt-3 mt-sm-0 title\">Coffee Talk<\/h3>\n            <p class=\"fs-sm mt-1 responsibility\">Lust auf gute Gespr\u00e4che und neue Impulse \u00fcber den Glauben in entspannter Runde?Du bist \u00fcber 40, lebst alleinstehend oder als einziger Christ in deiner Familie?Dann bist du bei uns genau richtig!Wir treffen uns 1x Monat sonntags nach der 2. Celebration und gehen gemeinsam Essen. Danach wollen wir bei einem Kaffee dar\u00fcber reden, wie der Glaube unseren Alltag pr\u00e4gt.<\/p>\n            <p class=\"fs-sm mt-4 biography\">Wann: sonntags | 1x im Monat | 13:00 Uhr<br>Wo: Villingen<br>Wer: M\u00e4nner &amp; Frauen | 40er<\/p>\n          <\/div>\n          <div class=\"col-12 d-sm-none\">\n            <ul id=\"block-111\" class=\"profile-card-links-list list-unstyled mt-2 mt-sm-4\">\n  <li id=\"block-110\" class=\"profile-card-link\">\n  <i class=\"icon icon--fixed-width fa-solid fa-link\" aria-hidden=\"true\"><\/i>\n  <a href=\"https:\/\/icf.church\/villingen\/de\/smallgroup-anmeldung\/\" target=\"\">Jetzt Anfragen<\/a>\n<\/li><\/ul>          <\/div>\n        <\/div>\n      <\/div>\n      <div class=\"modal-footer\"><\/div>\n    <\/div>\n  <\/div>\n<\/div><\/div>\n        <\/div>\n          <\/div>\n<\/div>\n\n<div id=\"block-131\" class=\"pt-2 pb-2 alignfull is-layout-constrained\">\n  <div>\n            <div class=\"row gx-4 gy-4 \">\n          \n\n<div id=\"block-120\" class=\"col wp-block-yellowtree-column col-12 col-lg-4 d-flex flex-column with-streched-height-children align-items-stretch align-items-lg-stretch\">\n  <article id=\"block-119\" type=\"button\" data-bs-theme=\"dark\" class=\"wp-block-yellowtree-profile-card card p-0 has-context-height\" style=\"--card-img-position:50% 50%\">\n      <img decoding=\"async\" width=\"1024\" height=\"683\" src=\"https:\/\/icf.church\/villingen\/wp-content\/uploads\/sites\/54\/2026\/08\/shootingdavid-6117-1024x683.jpg\" class=\"card-img-top\" alt=\"\" draggable=\"false\" loading=\"lazy\" srcset=\"https:\/\/icf.church\/villingen\/wp-content\/uploads\/sites\/54\/2026\/08\/shootingdavid-6117-1024x683.jpg 1024w, https:\/\/icf.church\/villingen\/wp-content\/uploads\/sites\/54\/2026\/08\/shootingdavid-6117-300x200.jpg 300w, https:\/\/icf.church\/villingen\/wp-content\/uploads\/sites\/54\/2026\/08\/shootingdavid-6117-768x512.jpg 768w, https:\/\/icf.church\/villingen\/wp-content\/uploads\/sites\/54\/2026\/08\/shootingdavid-6117-1536x1024.jpg 1536w, https:\/\/icf.church\/villingen\/wp-content\/uploads\/sites\/54\/2026\/08\/shootingdavid-6117-2048x1365.jpg 2048w\" sizes=\"(max-width: 1024px) 100vw, 1024px\">    <div class=\"card-body\">\n    <p class=\"card-meta-tag\">\n      Leitung: Klaus    <\/p>\n    <h3 class=\"card-title mt-1\">Create &amp; Connect<\/h3>\n    <p class=\"card-text mt-1\">\ud83d\udee0 Create &amp; Connect \u2013 Nerd-HauskreisEine Smallgroup f\u00fcr alle, die Technik lieben und ihren Glauben kreativ leben wollen. Ob 3D-Druck, L\u00f6ten, T\u00f6pfern, Programmieren oder oder &#8230;. \u2013 hier verbinden wir Glaube &amp; Engineering.Dich erwarten:\u2705 Show &amp; Tell deiner Projekte\u2705 Deep Talk: Jesus &amp; Technik\u2705 Fachsimpeln &amp; Snacks<\/p>\n    <div class=\"card-buttons mt-1\">\n      <button type=\"button\" class=\"stretched-link btn btn-dark-1 btn-sm position-static\" aria-label=\"\u00d6ffne Popover \u00fcber Create &amp; Connect\" aria-controls=\"profile-card-modal-block-119\" data-bs-toggle=\"modal\" data-bs-target=\"#profile-card-modal-block-119\">\n        <span>Mehr erfahren<\/span>\n        <i class=\"icon fs-base-const fa-arrow-right\"><\/i>\n      <\/button>\n    <\/div>\n  <\/div>\n<\/article>\n\n<div id=\"profile-card-modal-block-119\" tabindex=\"-1\" class=\"modal fade profile-card-modal\">\n  <div class=\"modal-dialog modal-dialog-centered\">\n    <div class=\"modal-content\" data-bs-theme=\"dark\">\n      <button type=\"button\" class=\"modal-close modal-close-end\" data-bs-dismiss=\"modal\" aria-label=\"Close\"><\/button>\n      <div class=\"modal-header\"><\/div>\n      <div class=\"modal-body overflow-y-auto text-body\">\n        <div class=\"row g-4\">\n          <div class=\"col-12 col-sm-5\">\n            <img decoding=\"async\" draggable=\"false\" loading=\"lazy\" src=\"https:\/\/icf.church\/villingen\/wp-content\/uploads\/sites\/54\/2026\/08\/shootingdavid-6117-scaled.jpg\" alt=\"\" class=\"img-fluid rounded object-fit-cover\">            <div class=\"d-sm-block d-none\">\n              <ul id=\"block-117\" class=\"profile-card-links-list list-unstyled mt-2 mt-sm-4\">\n  <li id=\"block-116\" class=\"profile-card-link\">\n  <i class=\"icon icon--fixed-width fa-solid fa-link\" aria-hidden=\"true\"><\/i>\n  <a href=\"https:\/\/icf.church\/villingen\/de\/smallgroup-anmeldung\/\" target=\"_blank\">Jetzt Anfragen<\/a>\n<\/li><\/ul>            <\/div>\n          <\/div>\n          <div class=\"col-12 col-sm-7\">\n            <h3 class=\"fs-h3-const mb-0 mt-3 mt-sm-0 title\">Create &amp; Connect<\/h3>\n            <p class=\"fs-sm mt-1 responsibility\">\ud83d\udee0 Create &amp; Connect \u2013 Nerd-HauskreisEine Smallgroup f\u00fcr alle, die Technik lieben und ihren Glauben kreativ leben wollen. Ob 3D-Druck, L\u00f6ten, T\u00f6pfern, Programmieren oder oder &#8230;. \u2013 hier verbinden wir Glaube &amp; Engineering.Dich erwarten:\u2705 Show &amp; Tell deiner Projekte\u2705 Deep Talk: Jesus &amp; Technik\u2705 Fachsimpeln &amp; Snacks<\/p>\n            <p class=\"fs-sm mt-4 biography\">Wann: mittwochs | 4 w\u00f6chig | 19:00 Uhr<br>Wo: nach Absprache<br>Wer: offen f\u00fcr alle | alle Altersgruppen<\/p>\n          <\/div>\n          <div class=\"col-12 d-sm-none\">\n            <ul id=\"block-117\" class=\"profile-card-links-list list-unstyled mt-2 mt-sm-4\">\n  <li id=\"block-116\" class=\"profile-card-link\">\n  <i class=\"icon icon--fixed-width fa-solid fa-link\" aria-hidden=\"true\"><\/i>\n  <a href=\"https:\/\/icf.church\/villingen\/de\/smallgroup-anmeldung\/\" target=\"_blank\">Jetzt Anfragen<\/a>\n<\/li><\/ul>          <\/div>\n        <\/div>\n      <\/div>\n      <div class=\"modal-footer\"><\/div>\n    <\/div>\n  <\/div>\n<\/div><\/div>\n\n\n<div id=\"block-125\" class=\"col wp-block-yellowtree-column col-12 col-lg-4 d-flex flex-column with-streched-height-children align-items-stretch align-items-lg-stretch\">\n  <article id=\"block-124\" type=\"button\" data-bs-theme=\"dark\" class=\"wp-block-yellowtree-profile-card card p-0 has-context-height\" style=\"--card-img-position:50% 50%\">\n      <img decoding=\"async\" width=\"1024\" height=\"683\" src=\"https:\/\/icf.church\/villingen\/wp-content\/uploads\/sites\/54\/2026\/08\/celebration-8911-1024x683.jpg\" class=\"card-img-top\" alt=\"\" draggable=\"false\" loading=\"lazy\" srcset=\"https:\/\/icf.church\/villingen\/wp-content\/uploads\/sites\/54\/2026\/08\/celebration-8911-1024x683.jpg 1024w, https:\/\/icf.church\/villingen\/wp-content\/uploads\/sites\/54\/2026\/08\/celebration-8911-300x200.jpg 300w, https:\/\/icf.church\/villingen\/wp-content\/uploads\/sites\/54\/2026\/08\/celebration-8911-768x512.jpg 768w, https:\/\/icf.church\/villingen\/wp-content\/uploads\/sites\/54\/2026\/08\/celebration-8911-1536x1024.jpg 1536w, https:\/\/icf.church\/villingen\/wp-content\/uploads\/sites\/54\/2026\/08\/celebration-8911-2048x1365.jpg 2048w\" sizes=\"(max-width: 1024px) 100vw, 1024px\">    <div class=\"card-body\">\n    <p class=\"card-meta-tag\">\n      Leitung: Friedrich &amp; Sebastian    <\/p>\n    <h3 class=\"card-title mt-1\">Smallgroup f\u00fcr Unternehmer<\/h3>\n    <p class=\"card-text mt-1\">Austausch \u00fcber Christ und Verantwortung (Unternehmen, F\u00fchrung), gegenseitige Ermutigung, Begleitung, Unterst\u00fctzung.<\/p>\n    <div class=\"card-buttons mt-1\">\n      <button type=\"button\" class=\"stretched-link btn btn-dark-1 btn-sm position-static\" aria-label=\"\u00d6ffne Popover \u00fcber Smallgroup f\u00fcr Unternehmer\" aria-controls=\"profile-card-modal-block-124\" data-bs-toggle=\"modal\" data-bs-target=\"#profile-card-modal-block-124\">\n        <span>Mehr erfahren<\/span>\n        <i class=\"icon fs-base-const fa-arrow-right\"><\/i>\n      <\/button>\n    <\/div>\n  <\/div>\n<\/article>\n\n<div id=\"profile-card-modal-block-124\" tabindex=\"-1\" class=\"modal fade profile-card-modal\">\n  <div class=\"modal-dialog modal-dialog-centered\">\n    <div class=\"modal-content\" data-bs-theme=\"dark\">\n      <button type=\"button\" class=\"modal-close modal-close-end\" data-bs-dismiss=\"modal\" aria-label=\"Close\"><\/button>\n      <div class=\"modal-header\"><\/div>\n      <div class=\"modal-body overflow-y-auto text-body\">\n        <div class=\"row g-4\">\n          <div class=\"col-12 col-sm-5\">\n            <img decoding=\"async\" draggable=\"false\" loading=\"lazy\" src=\"https:\/\/icf.church\/villingen\/wp-content\/uploads\/sites\/54\/2026\/08\/celebration-8911-scaled.jpg\" alt=\"\" class=\"img-fluid rounded object-fit-cover\">            <div class=\"d-sm-block d-none\">\n              <ul id=\"block-122\" class=\"profile-card-links-list list-unstyled mt-2 mt-sm-4\">\n  <li id=\"block-121\" class=\"profile-card-link\">\n  <i class=\"icon icon--fixed-width fa-solid fa-link\" aria-hidden=\"true\"><\/i>\n  <a href=\"https:\/\/icf.church\/villingen\/de\/smallgroup-anmeldung\/\" target=\"\">Jetzt Anfragen<\/a>\n<\/li><\/ul>            <\/div>\n          <\/div>\n          <div class=\"col-12 col-sm-7\">\n            <h3 class=\"fs-h3-const mb-0 mt-3 mt-sm-0 title\">Smallgroup f\u00fcr Unternehmer<\/h3>\n            <p class=\"fs-sm mt-1 responsibility\">Austausch \u00fcber Christ und Verantwortung (Unternehmen, F\u00fchrung), gegenseitige Ermutigung, Begleitung, Unterst\u00fctzung.<\/p>\n            <p class=\"fs-sm mt-4 biography\">Wann: dienstags | monatlich | 19:00 Uhr<br>Wo: nach Absprache<br>Wer: f\u00fcr Unternehmer und F\u00fchrungskr\u00e4fte | alle Altersgruppen<\/p>\n          <\/div>\n          <div class=\"col-12 d-sm-none\">\n            <ul id=\"block-122\" class=\"profile-card-links-list list-unstyled mt-2 mt-sm-4\">\n  <li id=\"block-121\" class=\"profile-card-link\">\n  <i class=\"icon icon--fixed-width fa-solid fa-link\" aria-hidden=\"true\"><\/i>\n  <a href=\"https:\/\/icf.church\/villingen\/de\/smallgroup-anmeldung\/\" target=\"\">Jetzt Anfragen<\/a>\n<\/li><\/ul>          <\/div>\n        <\/div>\n      <\/div>\n      <div class=\"modal-footer\"><\/div>\n    <\/div>\n  <\/div>\n<\/div><\/div>\n\n\n<div id=\"block-130\" class=\"col wp-block-yellowtree-column col-12 col-lg-4 d-flex flex-column with-streched-height-children align-items-stretch align-items-lg-stretch\">\n  <article id=\"block-129\" type=\"button\" data-bs-theme=\"dark\" class=\"wp-block-yellowtree-profile-card card p-0 has-context-height\" style=\"--card-img-position:50% 50%\">\n      <img decoding=\"async\" width=\"1024\" height=\"682\" src=\"https:\/\/icf.church\/villingen\/wp-content\/uploads\/sites\/54\/2026\/08\/2026_06_16_10_46_10_000_file-7ddb5c-1024x682.jpeg\" class=\"card-img-top\" alt=\"\" draggable=\"false\" loading=\"lazy\" srcset=\"https:\/\/icf.church\/villingen\/wp-content\/uploads\/sites\/54\/2026\/08\/2026_06_16_10_46_10_000_file-7ddb5c-1024x682.jpeg 1024w, https:\/\/icf.church\/villingen\/wp-content\/uploads\/sites\/54\/2026\/08\/2026_06_16_10_46_10_000_file-7ddb5c-300x200.jpeg 300w, https:\/\/icf.church\/villingen\/wp-content\/uploads\/sites\/54\/2026\/08\/2026_06_16_10_46_10_000_file-7ddb5c-768x512.jpeg 768w, https:\/\/icf.church\/villingen\/wp-content\/uploads\/sites\/54\/2026\/08\/2026_06_16_10_46_10_000_file-7ddb5c-1536x1024.jpeg 1536w, https:\/\/icf.church\/villingen\/wp-content\/uploads\/sites\/54\/2026\/08\/2026_06_16_10_46_10_000_file-7ddb5c-2048x1365.jpeg 2048w\" sizes=\"(max-width: 1024px) 100vw, 1024px\">    <div class=\"card-body\">\n    <p class=\"card-meta-tag\">\n      Leitung: Britta &amp; Olga    <\/p>\n    <h3 class=\"card-title mt-1\">SG 3G- Gott \/ Gemeinschaft \/ Genuss<\/h3>\n    <p class=\"card-text mt-1\">Unsere Vision ist es, Frauen generations\u00fcbergreifend zusammenzubringen, um voneinander zu lernen.Wir kochen und reden miteinander und jede darf sich mit ihren Gaben und F\u00e4higkeiten einbringen.Mit Jesus im Zentrum teilen wir Freuden und N\u00f6te mit dem Ziel, im Austausch \u00fcber Gottes Wort immer mehr zu Frauen nach Gottes Herzen zu werden.<\/p>\n    <div class=\"card-buttons mt-1\">\n      <button type=\"button\" class=\"stretched-link btn btn-dark-1 btn-sm position-static\" aria-label=\"\u00d6ffne Popover \u00fcber SG 3G- Gott \/ Gemeinschaft \/ Genuss\" aria-controls=\"profile-card-modal-block-129\" data-bs-toggle=\"modal\" data-bs-target=\"#profile-card-modal-block-129\">\n        <span>Mehr erfahren<\/span>\n        <i class=\"icon fs-base-const fa-arrow-right\"><\/i>\n      <\/button>\n    <\/div>\n  <\/div>\n<\/article>\n\n<div id=\"profile-card-modal-block-129\" tabindex=\"-1\" class=\"modal fade profile-card-modal\">\n  <div class=\"modal-dialog modal-dialog-centered\">\n    <div class=\"modal-content\" data-bs-theme=\"dark\">\n      <button type=\"button\" class=\"modal-close modal-close-end\" data-bs-dismiss=\"modal\" aria-label=\"Close\"><\/button>\n      <div class=\"modal-header\"><\/div>\n      <div class=\"modal-body overflow-y-auto text-body\">\n        <div class=\"row g-4\">\n          <div class=\"col-12 col-sm-5\">\n            <img decoding=\"async\" draggable=\"false\" loading=\"lazy\" src=\"https:\/\/icf.church\/villingen\/wp-content\/uploads\/sites\/54\/2026\/08\/2026_06_16_10_46_10_000_file-7ddb5c.jpeg\" alt=\"\" class=\"img-fluid rounded object-fit-cover\">            <div class=\"d-sm-block d-none\">\n              <ul id=\"block-127\" class=\"profile-card-links-list list-unstyled mt-2 mt-sm-4\">\n  <li id=\"block-126\" class=\"profile-card-link\">\n  <i class=\"icon icon--fixed-width fa-solid fa-link\" aria-hidden=\"true\"><\/i>\n  <a href=\"https:\/\/icf.church\/villingen\/de\/smallgroup-anmeldung\/\" target=\"_blank\">Jetzt Anfragen<\/a>\n<\/li><\/ul>            <\/div>\n          <\/div>\n          <div class=\"col-12 col-sm-7\">\n            <h3 class=\"fs-h3-const mb-0 mt-3 mt-sm-0 title\">SG 3G- Gott \/ Gemeinschaft \/ Genuss<\/h3>\n            <p class=\"fs-sm mt-1 responsibility\">Unsere Vision ist es, Frauen generations\u00fcbergreifend zusammenzubringen, um voneinander zu lernen.Wir kochen und reden miteinander und jede darf sich mit ihren Gaben und F\u00e4higkeiten einbringen.Mit Jesus im Zentrum teilen wir Freuden und N\u00f6te mit dem Ziel, im Austausch \u00fcber Gottes Wort immer mehr zu Frauen nach Gottes Herzen zu werden.<\/p>\n            <p class=\"fs-sm mt-4 biography\">Wann: montags | 14-t\u00e4gig | abends nach Absprache<br>Wo: ICF Villingen | Living Room und K\u00fcche Tagesgruppe<br>Wer: Frauen | alle Altersgruppen<\/p>\n          <\/div>\n          <div class=\"col-12 d-sm-none\">\n            <ul id=\"block-127\" class=\"profile-card-links-list list-unstyled mt-2 mt-sm-4\">\n  <li id=\"block-126\" class=\"profile-card-link\">\n  <i class=\"icon icon--fixed-width fa-solid fa-link\" aria-hidden=\"true\"><\/i>\n  <a href=\"https:\/\/icf.church\/villingen\/de\/smallgroup-anmeldung\/\" target=\"_blank\">Jetzt Anfragen<\/a>\n<\/li><\/ul>          <\/div>\n        <\/div>\n      <\/div>\n      <div class=\"modal-footer\"><\/div>\n    <\/div>\n  <\/div>\n<\/div><\/div>\n        <\/div>\n          <\/div>\n<\/div>\n\n<div id=\"block-139\" class=\"pt-2 pb-2 alignfull is-layout-constrained\">\n  <div>\n            <div class=\"row gx-4 gy-4 \">\n          \n\n<div id=\"block-136\" class=\"col wp-block-yellowtree-column col-12 col-lg-4 d-flex flex-column with-streched-height-children align-items-stretch align-items-lg-stretch\">\n  <article id=\"block-135\" type=\"button\" data-bs-theme=\"dark\" class=\"wp-block-yellowtree-profile-card card p-0 has-context-height\" style=\"--card-img-position:50% 50%\">\n      <img decoding=\"async\" width=\"1024\" height=\"683\" src=\"https:\/\/icf.church\/villingen\/wp-content\/uploads\/sites\/54\/2026\/08\/shootingdavid-6113-1024x683.jpg\" class=\"card-img-top\" alt=\"\" draggable=\"false\" loading=\"lazy\" srcset=\"https:\/\/icf.church\/villingen\/wp-content\/uploads\/sites\/54\/2026\/08\/shootingdavid-6113-1024x683.jpg 1024w, https:\/\/icf.church\/villingen\/wp-content\/uploads\/sites\/54\/2026\/08\/shootingdavid-6113-300x200.jpg 300w, https:\/\/icf.church\/villingen\/wp-content\/uploads\/sites\/54\/2026\/08\/shootingdavid-6113-768x512.jpg 768w, https:\/\/icf.church\/villingen\/wp-content\/uploads\/sites\/54\/2026\/08\/shootingdavid-6113-1536x1024.jpg 1536w, https:\/\/icf.church\/villingen\/wp-content\/uploads\/sites\/54\/2026\/08\/shootingdavid-6113-2048x1365.jpg 2048w\" sizes=\"(max-width: 1024px) 100vw, 1024px\">    <div class=\"card-body\">\n    <p class=\"card-meta-tag\">\n      Leitung: Klaus &amp; Kerstin, mit Christa &amp; Wolfgang    <\/p>\n    <h3 class=\"card-title mt-1\">Ehe next level Stammtisch<\/h3>\n    <p class=\"card-text mt-1\">Gott hat noch mehr f\u00fcr uns!!Lockere RundeAustausch, Input und Gebet<\/p>\n    <div class=\"card-buttons mt-1\">\n      <button type=\"button\" class=\"stretched-link btn btn-dark-1 btn-sm position-static\" aria-label=\"\u00d6ffne Popover \u00fcber Ehe next level Stammtisch\" aria-controls=\"profile-card-modal-block-135\" data-bs-toggle=\"modal\" data-bs-target=\"#profile-card-modal-block-135\">\n        <span>Mehr erfahren<\/span>\n        <i class=\"icon fs-base-const fa-arrow-right\"><\/i>\n      <\/button>\n    <\/div>\n  <\/div>\n<\/article>\n\n<div id=\"profile-card-modal-block-135\" tabindex=\"-1\" class=\"modal fade profile-card-modal\">\n  <div class=\"modal-dialog modal-dialog-centered\">\n    <div class=\"modal-content\" data-bs-theme=\"dark\">\n      <button type=\"button\" class=\"modal-close modal-close-end\" data-bs-dismiss=\"modal\" aria-label=\"Close\"><\/button>\n      <div class=\"modal-header\"><\/div>\n      <div class=\"modal-body overflow-y-auto text-body\">\n        <div class=\"row g-4\">\n          <div class=\"col-12 col-sm-5\">\n            <img decoding=\"async\" draggable=\"false\" loading=\"lazy\" src=\"https:\/\/icf.church\/villingen\/wp-content\/uploads\/sites\/54\/2026\/08\/shootingdavid-6113-scaled.jpg\" alt=\"\" class=\"img-fluid rounded object-fit-cover\">            <div class=\"d-sm-block d-none\">\n              <ul id=\"block-133\" class=\"profile-card-links-list list-unstyled mt-2 mt-sm-4\">\n  <li id=\"block-132\" class=\"profile-card-link\">\n  <i class=\"icon icon--fixed-width fa-solid fa-link\" aria-hidden=\"true\"><\/i>\n  <a href=\"https:\/\/icf.church\/villingen\/de\/smallgroup-anmeldung\/\" target=\"_blank\">Jetzt Anfragen<\/a>\n<\/li><\/ul>            <\/div>\n          <\/div>\n          <div class=\"col-12 col-sm-7\">\n            <h3 class=\"fs-h3-const mb-0 mt-3 mt-sm-0 title\">Ehe next level Stammtisch<\/h3>\n            <p class=\"fs-sm mt-1 responsibility\">Gott hat noch mehr f\u00fcr uns!!Lockere RundeAustausch, Input und Gebet<\/p>\n            <p class=\"fs-sm mt-4 biography\">Wann: freitags | monatlich | 19:30 Uhr<br>Wo: ICF Villingen Schwenningen<br>Wer: Ehepaare | jede Altersgruppe<\/p>\n          <\/div>\n          <div class=\"col-12 d-sm-none\">\n            <ul id=\"block-133\" class=\"profile-card-links-list list-unstyled mt-2 mt-sm-4\">\n  <li id=\"block-132\" class=\"profile-card-link\">\n  <i class=\"icon icon--fixed-width fa-solid fa-link\" aria-hidden=\"true\"><\/i>\n  <a href=\"https:\/\/icf.church\/villingen\/de\/smallgroup-anmeldung\/\" target=\"_blank\">Jetzt Anfragen<\/a>\n<\/li><\/ul>          <\/div>\n        <\/div>\n      <\/div>\n      <div class=\"modal-footer\"><\/div>\n    <\/div>\n  <\/div>\n<\/div><\/div>\n\n\n<div id=\"block-137\" class=\"col wp-block-yellowtree-column col-12 col-lg-4 d-flex flex-column with-streched-height-children align-items-stretch align-items-lg-stretch\">\n  <\/div>\n\n\n<div id=\"block-138\" class=\"col wp-block-yellowtree-column col-12 col-lg-4 d-flex flex-column with-streched-height-children align-items-stretch align-items-lg-stretch\">\n  <\/div>\n        <\/div>\n          <\/div>\n<\/div>\n\n<div id=\"block-143\" class=\"pt-2 pb-2 alignfull is-layout-constrained\">\n  <div>\n            <div class=\"row gx-4 gy-4 \">\n          \n\n<div id=\"block-142\" class=\"col wp-block-yellowtree-column col-12 d-flex flex-column with-streched-height-children align-items-stretch align-items-md-stretch\">\n  <h2 id=\"block-140\" class=\"mt-7 mb-2 h2 text-start\">\n  Du m\u00f6chtest Teil einer Smallgroup werden?<\/h2>\n\n<p id=\"block-141\" class=\"text-start wp-block-paragraph\">\n  Dann f\u00fcll dieses Formular aus:<\/p><\/div>\n        <\/div>\n          <\/div>\n<\/div>\n\n<div id=\"block-145\" class=\"pt-2 pb-2 alignfull is-layout-constrained\">\n  <div>\n            <div class=\"row gx-4 gy-4 \">\n          \n\n<div id=\"block-144\" class=\"col wp-block-yellowtree-column col-12 d-flex flex-column with-streched-height-children align-items-stretch align-items-md-stretch\">\n  <script nonce=\"5H\/sCkbhhan\/Y4MvJrtcZZ+52ho\">\nvar gform;gform||(document.addEventListener(\"gform_main_scripts_loaded\",function(){gform.scriptsLoaded=!0}),document.addEventListener(\"gform\/theme\/scripts_loaded\",function(){gform.themeScriptsLoaded=!0}),window.addEventListener(\"DOMContentLoaded\",function(){gform.domLoaded=!0}),gform={domLoaded:!1,scriptsLoaded:!1,themeScriptsLoaded:!1,isFormEditor:()=>\"function\"==typeof InitializeEditor,callIfLoaded:function(o){return!(!gform.domLoaded||!gform.scriptsLoaded||!gform.themeScriptsLoaded&&!gform.isFormEditor()||(gform.isFormEditor()&&console.warn(\"The use of gform.initializeOnLoaded() is deprecated in the form editor context and will be removed in Gravity Forms 3.1.\"),o(),0))},initializeOnLoaded:function(o){gform.callIfLoaded(o)||(document.addEventListener(\"gform_main_scripts_loaded\",()=>{gform.scriptsLoaded=!0,gform.callIfLoaded(o)}),document.addEventListener(\"gform\/theme\/scripts_loaded\",()=>{gform.themeScriptsLoaded=!0,gform.callIfLoaded(o)}),window.addEventListener(\"DOMContentLoaded\",()=>{gform.domLoaded=!0,gform.callIfLoaded(o)}))},hooks:{action:{},filter:{}},addAction:function(o,r,e,t){gform.addHook(\"action\",o,r,e,t)},addFilter:function(o,r,e,t){gform.addHook(\"filter\",o,r,e,t)},doAction:function(o){gform.doHook(\"action\",o,arguments)},applyFilters:function(o){return gform.doHook(\"filter\",o,arguments)},removeAction:function(o,r){gform.removeHook(\"action\",o,r)},removeFilter:function(o,r,e){gform.removeHook(\"filter\",o,r,e)},addHook:function(o,r,e,t,n){null==gform.hooks[o][r]&&(gform.hooks[o][r]=[]);var d=gform.hooks[o][r];null==n&&(n=r+\"_\"+d.length),gform.hooks[o][r].push({tag:n,callable:e,priority:t=null==t?10:t})},doHook:function(r,o,e){var t;if(e=Array.prototype.slice.call(e,1),null!=gform.hooks[r][o]&&((o=gform.hooks[r][o]).sort(function(o,r){return o.priority-r.priority}),o.forEach(function(o){\"function\"!=typeof(t=o.callable)&&(t=window[t]),\"action\"==r?t.apply(null,e):e[0]=t.apply(null,e)})),\"filter\"==r)return e[0]},removeHook:function(o,r,t,n){var e;null!=gform.hooks[o][r]&&(e=(e=gform.hooks[o][r]).filter(function(o,r,e){return!!(null!=n&&n!=o.tag||null!=t&&t!=o.priority)}),gform.hooks[o][r]=e)}});\n<\/script>\n\n                <div class=\"gf_browser_gecko gform_wrapper gform-theme gform-theme--foundation gform-theme--framework gform-theme--orbital icf-form_wrapper\" data-form-theme=\"orbital\" data-form-index=\"0\" id=\"gform_wrapper_5\"><style>#gform_wrapper_5[data-form-index=\"0\"].gform-theme{&shy;gf-color-primary: #204ce5;&shy;gf-color-primary-rgb: 32, 76, 229;&shy;gf-color-primary-contrast: #fff;&shy;gf-color-primary-contrast-rgb: 255, 255, 255;&shy;gf-color-primary-darker: #001AB3;&shy;gf-color-primary-lighter: #527EFF;&shy;gf-color-secondary: #fff;&shy;gf-color-secondary-rgb: 255, 255, 255;&shy;gf-color-secondary-contrast: #112337;&shy;gf-color-secondary-contrast-rgb: 17, 35, 55;&shy;gf-color-secondary-darker: #F5F5F5;&shy;gf-color-secondary-lighter: #FFFFFF;&shy;gf-color-out-ctrl-light: rgba(17, 35, 55, 0.1);&shy;gf-color-out-ctrl-light-rgb: 17, 35, 55;&shy;gf-color-out-ctrl-light-darker: rgba(104, 110, 119, 0.35);&shy;gf-color-out-ctrl-light-lighter: #F5F5F5;&shy;gf-color-out-ctrl-dark: #585e6a;&shy;gf-color-out-ctrl-dark-rgb: 88, 94, 106;&shy;gf-color-out-ctrl-dark-darker: #112337;&shy;gf-color-out-ctrl-dark-lighter: rgba(17, 35, 55, 0.65);&shy;gf-color-in-ctrl: #fff;&shy;gf-color-in-ctrl-rgb: 255, 255, 255;&shy;gf-color-in-ctrl-contrast: #112337;&shy;gf-color-in-ctrl-contrast-rgb: 17, 35, 55;&shy;gf-color-in-ctrl-darker: #F5F5F5;&shy;gf-color-in-ctrl-lighter: #FFFFFF;&shy;gf-color-in-ctrl-primary: #204ce5;&shy;gf-color-in-ctrl-primary-rgb: 32, 76, 229;&shy;gf-color-in-ctrl-primary-contrast: #fff;&shy;gf-color-in-ctrl-primary-contrast-rgb: 255, 255, 255;&shy;gf-color-in-ctrl-primary-darker: #001AB3;&shy;gf-color-in-ctrl-primary-lighter: #527EFF;&shy;gf-color-in-ctrl-light: rgba(17, 35, 55, 0.1);&shy;gf-color-in-ctrl-light-rgb: 17, 35, 55;&shy;gf-color-in-ctrl-light-darker: rgba(104, 110, 119, 0.35);&shy;gf-color-in-ctrl-light-lighter: #F5F5F5;&shy;gf-color-in-ctrl-dark: #585e6a;&shy;gf-color-in-ctrl-dark-rgb: 88, 94, 106;&shy;gf-color-in-ctrl-dark-darker: #112337;&shy;gf-color-in-ctrl-dark-lighter: rgba(17, 35, 55, 0.65);&shy;gf-radius: 3px;&shy;gf-font-size-secondary: 14px;&shy;gf-font-size-tertiary: 13px;&shy;gf-icon-ctrl-number: url(\"data:image\/svg+xml,%3Csvg width='8' height='14' viewBox='0 0 8 14' fill='none' xmlns='http:\/\/www.w3.org\/2000\/svg'%3E%3Cpath fill-rule='evenodd' clip-rule='evenodd' d='M4 0C4.26522 5.96046e-08 4.51957 0.105357 4.70711 0.292893L7.70711 3.29289C8.09763 3.68342 8.09763 4.31658 7.70711 4.70711C7.31658 5.09763 6.68342 5.09763 6.29289 4.70711L4 2.41421L1.70711 4.70711C1.31658 5.09763 0.683417 5.09763 0.292893 4.70711C-0.0976311 4.31658 -0.097631 3.68342 0.292893 3.29289L3.29289 0.292893C3.48043 0.105357 3.73478 0 4 0ZM0.292893 9.29289C0.683417 8.90237 1.31658 8.90237 1.70711 9.29289L4 11.5858L6.29289 9.29289C6.68342 8.90237 7.31658 8.90237 7.70711 9.29289C8.09763 9.68342 8.09763 10.3166 7.70711 10.7071L4.70711 13.7071C4.31658 14.0976 3.68342 14.0976 3.29289 13.7071L0.292893 10.7071C-0.0976311 10.3166 -0.0976311 9.68342 0.292893 9.29289Z' fill='rgba(17, 35, 55, 0.65)'\/%3E%3C\/svg%3E\");&shy;gf-icon-ctrl-select: url(\"data:image\/svg+xml,%3Csvg width='10' height='6' viewBox='0 0 10 6' fill='none' xmlns='http:\/\/www.w3.org\/2000\/svg'%3E%3Cpath fill-rule='evenodd' clip-rule='evenodd' d='M0.292893 0.292893C0.683417 -0.097631 1.31658 -0.097631 1.70711 0.292893L5 3.58579L8.29289 0.292893C8.68342 -0.0976311 9.31658 -0.0976311 9.70711 0.292893C10.0976 0.683417 10.0976 1.31658 9.70711 1.70711L5.70711 5.70711C5.31658 6.09763 4.68342 6.09763 4.29289 5.70711L0.292893 1.70711C-0.0976311 1.31658 -0.0976311 0.683418 0.292893 0.292893Z' fill='rgba(17, 35, 55, 0.65)'\/%3E%3C\/svg%3E\");&shy;gf-icon-ctrl-search: url(\"data:image\/svg+xml,%3Csvg width='640' height='640' xmlns='http:\/\/www.w3.org\/2000\/svg'%3E%3Cpath d='M256 128c-70.692 0-128 57.308-128 128 0 70.691 57.308 128 128 128 70.691 0 128-57.309 128-128 0-70.692-57.309-128-128-128zM64 256c0-106.039 85.961-192 192-192s192 85.961 192 192c0 41.466-13.146 79.863-35.498 111.248l154.125 154.125c12.496 12.496 12.496 32.758 0 45.254s-32.758 12.496-45.254 0L367.248 412.502C335.862 434.854 297.467 448 256 448c-106.039 0-192-85.962-192-192z' fill='rgba(17, 35, 55, 0.65)'\/%3E%3C\/svg%3E\");&shy;gf-label-space-y-secondary: var(&shy;gf-label-space-y-md-secondary);&shy;gf-ctrl-border-color: #686e77;&shy;gf-ctrl-size: var(&shy;gf-ctrl-size-md);&shy;gf-ctrl-label-color-primary: #112337;&shy;gf-ctrl-label-color-secondary: #112337;&shy;gf-ctrl-choice-size: var(&shy;gf-ctrl-choice-size-md);&shy;gf-ctrl-checkbox-check-size: var(&shy;gf-ctrl-checkbox-check-size-md);&shy;gf-ctrl-radio-check-size: var(&shy;gf-ctrl-radio-check-size-md);&shy;gf-ctrl-btn-font-size: var(&shy;gf-ctrl-btn-font-size-md);&shy;gf-ctrl-btn-padding-x: var(&shy;gf-ctrl-btn-padding-x-md);&shy;gf-ctrl-btn-size: var(&shy;gf-ctrl-btn-size-md);&shy;gf-ctrl-btn-border-color-secondary: #686e77;&shy;gf-ctrl-btn-bg-color-hover-tertiary: #EBEBEB;&shy;gf-field-img-choice-size: var(&shy;gf-field-img-choice-size-md);&shy;gf-field-img-choice-card-space: var(&shy;gf-field-img-choice-card-space-md);&shy;gf-field-img-choice-check-ind-size: var(&shy;gf-field-img-choice-check-ind-size-md);&shy;gf-field-img-choice-check-ind-icon-size: var(&shy;gf-field-img-choice-check-ind-icon-size-md);&shy;gf-field-pg-steps-number-color: rgba(17, 35, 55, 0.8);}<\/style>\n                        <div class=\"gform_heading\">\n                            <h2 class=\"gform_title\">Smallgroup Anmeldung Villingen<\/h2>\n                            <p class=\"gform_description\"><\/p>\n                        <\/div><form method=\"post\" enctype=\"multipart\/form-data\" id=\"gform_5\" class=\"icf-form\" action=\"\/villingen\/de\/wp-json\/wp\/v2\/pages\/724\" data-formid=\"5\" novalidate>\n                        <div class=\"gform-body gform_body\"><div id=\"gform_fields_5\" class=\"gform_fields top_label form_sublabel_below description_below validation_below\"><fieldset id=\"field_5_9\" class=\"gfield gfield--type-name gfield_contains_required field_sublabel_below gfield--no-description field_description_below field_validation_below gfield_visibility_visible\"><legend class=\"gfield_label gform-field-label gfield_label_before_complex\"><span class=\"gform-field-label__text\">Name<\/span><span class=\"gfield_required\"><span class=\"gfield_required gfield_required_text\">(erforderlich)<\/span><\/span><\/legend><div class=\"ginput_complex ginput_container ginput_container--name no_prefix has_first_name no_middle_name has_last_name no_suffix gf_name_has_2 ginput_container_name gform-grid-row\" id=\"input_5_9\">\n                            <span id=\"input_5_9_3_container\" class=\"name_first gform-grid-col\">\n                                                    <input type=\"text\" name=\"input_9.3\" id=\"input_5_9_3\" value=\"\" aria-required=\"true\">\n                                                    <label for=\"input_5_9_3\" class=\"gform-field-label gform-field-label--type-sub \">Vorname<\/label>\n                                               <\/span>\n                            <span id=\"input_5_9_6_container\" class=\"name_last gform-grid-col\">\n                                                    <input type=\"text\" name=\"input_9.6\" id=\"input_5_9_6\" value=\"\" aria-required=\"true\">\n                                                    <label for=\"input_5_9_6\" class=\"gform-field-label gform-field-label--type-sub \">Nachname<\/label>\n                                                <\/span>\n                            <div class=\"gf_clear gf_clear_complex\"><\/div>\n                        <\/div><\/fieldset><fieldset id=\"field_5_30\" class=\"gfield gfield--type-radio gfield--type-choice gfield_contains_required field_sublabel_below gfield--no-description field_description_below field_validation_below gfield_visibility_visible gfield--choice-align-vertical\"><legend class=\"gfield_label gform-field-label\"><span class=\"gform-field-label__text\">Anmelden f\u00fcr<\/span><span class=\"gfield_required\"><span class=\"gfield_required gfield_required_text\">(erforderlich)<\/span><\/span><\/legend><div class=\"ginput_container ginput_container_radio\"><div class=\"gfield_radio\" id=\"input_5_30\">\n\t\t\t<div class=\"gchoice gchoice_5_30_0\">\n\t\t\t\t\t<input class=\"gfield-choice-input\" name=\"input_30\" type=\"radio\" value=\"Ehe Next Level Stammtisch\" id=\"choice_5_30_0\" onchange=\"gformToggleRadioOther( this )\">\n\t\t\t\t\t<label for=\"choice_5_30_0\" id=\"label_5_30_0\" class=\"gform-field-label gform-field-label--type-inline\">Ehe Next Level Stammtisch<\/label>\n\t\t\t<\/div>\n\t\t\t<div class=\"gchoice gchoice_5_30_1\">\n\t\t\t\t\t<input class=\"gfield-choice-input\" name=\"input_30\" type=\"radio\" value=\"Youth\" id=\"choice_5_30_1\" onchange=\"gformToggleRadioOther( this )\">\n\t\t\t\t\t<label for=\"choice_5_30_1\" id=\"label_5_30_1\" class=\"gform-field-label gform-field-label--type-inline\">Youth<\/label>\n\t\t\t<\/div>\n\t\t\t<div class=\"gchoice gchoice_5_30_2\">\n\t\t\t\t\t<input class=\"gfield-choice-input\" name=\"input_30\" type=\"radio\" value=\"Men On Track\" id=\"choice_5_30_2\" onchange=\"gformToggleRadioOther( this )\">\n\t\t\t\t\t<label for=\"choice_5_30_2\" id=\"label_5_30_2\" class=\"gform-field-label gform-field-label--type-inline\">Men On Track<\/label>\n\t\t\t<\/div>\n\t\t\t<div class=\"gchoice gchoice_5_30_3\">\n\t\t\t\t\t<input class=\"gfield-choice-input\" name=\"input_30\" type=\"radio\" value=\"Perlentaucher\" id=\"choice_5_30_3\" onchange=\"gformToggleRadioOther( this )\">\n\t\t\t\t\t<label for=\"choice_5_30_3\" id=\"label_5_30_3\" class=\"gform-field-label gform-field-label--type-inline\">Perlentaucher<\/label>\n\t\t\t<\/div>\n\t\t\t<div class=\"gchoice gchoice_5_30_4\">\n\t\t\t\t\t<input class=\"gfield-choice-input\" name=\"input_30\" type=\"radio\" value=\"Glaube im Alltag\" id=\"choice_5_30_4\" onchange=\"gformToggleRadioOther( this )\">\n\t\t\t\t\t<label for=\"choice_5_30_4\" id=\"label_5_30_4\" class=\"gform-field-label gform-field-label--type-inline\">Glaube im Alltag<\/label>\n\t\t\t<\/div>\n\t\t\t<div class=\"gchoice gchoice_5_30_5\">\n\t\t\t\t\t<input class=\"gfield-choice-input\" name=\"input_30\" type=\"radio\" value=\"Come Together\" id=\"choice_5_30_5\" onchange=\"gformToggleRadioOther( this )\">\n\t\t\t\t\t<label for=\"choice_5_30_5\" id=\"label_5_30_5\" class=\"gform-field-label gform-field-label--type-inline\">Come Together<\/label>\n\t\t\t<\/div>\n\t\t\t<div class=\"gchoice gchoice_5_30_6\">\n\t\t\t\t\t<input class=\"gfield-choice-input\" name=\"input_30\" type=\"radio\" value=\"Die Sonntags-Message war der Hammer! Und jetzt...?\" id=\"choice_5_30_6\" onchange=\"gformToggleRadioOther( this )\">\n\t\t\t\t\t<label for=\"choice_5_30_6\" id=\"label_5_30_6\" class=\"gform-field-label gform-field-label--type-inline\">Die Sonntags-Message war der Hammer! Und jetzt&#8230;?<\/label>\n\t\t\t<\/div>\n\t\t\t<div class=\"gchoice gchoice_5_30_7\">\n\t\t\t\t\t<input class=\"gfield-choice-input\" name=\"input_30\" type=\"radio\" value=\"Get Into\" id=\"choice_5_30_7\" onchange=\"gformToggleRadioOther( this )\">\n\t\t\t\t\t<label for=\"choice_5_30_7\" id=\"label_5_30_7\" class=\"gform-field-label gform-field-label--type-inline\">Get Into<\/label>\n\t\t\t<\/div>\n\t\t\t<div class=\"gchoice gchoice_5_30_8\">\n\t\t\t\t\t<input class=\"gfield-choice-input\" name=\"input_30\" type=\"radio\" value=\"Meet Together\" id=\"choice_5_30_8\" onchange=\"gformToggleRadioOther( this )\">\n\t\t\t\t\t<label for=\"choice_5_30_8\" id=\"label_5_30_8\" class=\"gform-field-label gform-field-label--type-inline\">Meet Together<\/label>\n\t\t\t<\/div>\n\t\t\t<div class=\"gchoice gchoice_5_30_9\">\n\t\t\t\t\t<input class=\"gfield-choice-input\" name=\"input_30\" type=\"radio\" value=\"Fit For Life\" id=\"choice_5_30_9\" onchange=\"gformToggleRadioOther( this )\">\n\t\t\t\t\t<label for=\"choice_5_30_9\" id=\"label_5_30_9\" class=\"gform-field-label gform-field-label--type-inline\">Fit For Life<\/label>\n\t\t\t<\/div>\n\t\t\t<div class=\"gchoice gchoice_5_30_10\">\n\t\t\t\t\t<input class=\"gfield-choice-input\" name=\"input_30\" type=\"radio\" value=\"LAM - Love After Marriage\" id=\"choice_5_30_10\" onchange=\"gformToggleRadioOther( this )\">\n\t\t\t\t\t<label for=\"choice_5_30_10\" id=\"label_5_30_10\" class=\"gform-field-label gform-field-label--type-inline\">LAM &#8211; Love After Marriage<\/label>\n\t\t\t<\/div>\n\t\t\t<div class=\"gchoice gchoice_5_30_11\">\n\t\t\t\t\t<input class=\"gfield-choice-input\" name=\"input_30\" type=\"radio\" value=\"Nahe an Sein Herz\" id=\"choice_5_30_11\" onchange=\"gformToggleRadioOther( this )\">\n\t\t\t\t\t<label for=\"choice_5_30_11\" id=\"label_5_30_11\" class=\"gform-field-label gform-field-label--type-inline\">Nahe an Sein Herz<\/label>\n\t\t\t<\/div>\n\t\t\t<div class=\"gchoice gchoice_5_30_12\">\n\t\t\t\t\t<input class=\"gfield-choice-input\" name=\"input_30\" type=\"radio\" value=\"Spannungsfeld Gott - Familie - Beruf\" id=\"choice_5_30_12\" onchange=\"gformToggleRadioOther( this )\">\n\t\t\t\t\t<label for=\"choice_5_30_12\" id=\"label_5_30_12\" class=\"gform-field-label gform-field-label--type-inline\">Spannungsfeld Gott &#8211; Familie &#8211; Beruf<\/label>\n\t\t\t<\/div>\n\t\t\t<div class=\"gchoice gchoice_5_30_13\">\n\t\t\t\t\t<input class=\"gfield-choice-input\" name=\"input_30\" type=\"radio\" value=\"Set Free\" id=\"choice_5_30_13\" onchange=\"gformToggleRadioOther( this )\">\n\t\t\t\t\t<label for=\"choice_5_30_13\" id=\"label_5_30_13\" class=\"gform-field-label gform-field-label--type-inline\">Set Free<\/label>\n\t\t\t<\/div>\n\t\t\t<div class=\"gchoice gchoice_5_30_14\">\n\t\t\t\t\t<input class=\"gfield-choice-input\" name=\"input_30\" type=\"radio\" value=\"Am Israel Chai\" id=\"choice_5_30_14\" onchange=\"gformToggleRadioOther( this )\">\n\t\t\t\t\t<label for=\"choice_5_30_14\" id=\"label_5_30_14\" class=\"gform-field-label gform-field-label--type-inline\">Am Israel Chai<\/label>\n\t\t\t<\/div>\n\t\t\t<div class=\"gchoice gchoice_5_30_15\">\n\t\t\t\t\t<input class=\"gfield-choice-input\" name=\"input_30\" type=\"radio\" value=\"MMA\" id=\"choice_5_30_15\" onchange=\"gformToggleRadioOther( this )\">\n\t\t\t\t\t<label for=\"choice_5_30_15\" id=\"label_5_30_15\" class=\"gform-field-label gform-field-label--type-inline\">MMA<\/label>\n\t\t\t<\/div>\n\t\t\t<div class=\"gchoice gchoice_5_30_16\">\n\t\t\t\t\t<input class=\"gfield-choice-input\" name=\"input_30\" type=\"radio\" value=\"Men on fire\" id=\"choice_5_30_16\" onchange=\"gformToggleRadioOther( this )\">\n\t\t\t\t\t<label for=\"choice_5_30_16\" id=\"label_5_30_16\" class=\"gform-field-label gform-field-label--type-inline\">Men on fire<\/label>\n\t\t\t<\/div>\n\t\t\t<div class=\"gchoice gchoice_5_30_17\">\n\t\t\t\t\t<input class=\"gfield-choice-input\" name=\"input_30\" type=\"radio\" value=\"Krabbelgruppe\" id=\"choice_5_30_17\" onchange=\"gformToggleRadioOther( this )\">\n\t\t\t\t\t<label for=\"choice_5_30_17\" id=\"label_5_30_17\" class=\"gform-field-label gform-field-label--type-inline\">Krabbelgruppe<\/label>\n\t\t\t<\/div>\n\t\t\t<div class=\"gchoice gchoice_5_30_18\">\n\t\t\t\t\t<input class=\"gfield-choice-input\" name=\"input_30\" type=\"radio\" value=\"Grow Together\" id=\"choice_5_30_18\" onchange=\"gformToggleRadioOther( this )\">\n\t\t\t\t\t<label for=\"choice_5_30_18\" id=\"label_5_30_18\" class=\"gform-field-label gform-field-label--type-inline\">Grow Together<\/label>\n\t\t\t<\/div>\n\t\t\t<div class=\"gchoice gchoice_5_30_19\">\n\t\t\t\t\t<input class=\"gfield-choice-input\" name=\"input_30\" type=\"radio\" value=\"H.F.U.\" id=\"choice_5_30_19\" onchange=\"gformToggleRadioOther( this )\">\n\t\t\t\t\t<label for=\"choice_5_30_19\" id=\"label_5_30_19\" class=\"gform-field-label gform-field-label--type-inline\">H.F.U.<\/label>\n\t\t\t<\/div>\n\t\t\t<div class=\"gchoice gchoice_5_30_20\">\n\t\t\t\t\t<input class=\"gfield-choice-input\" name=\"input_30\" type=\"radio\" value=\"Men&#039;s Prayer\" id=\"choice_5_30_20\" onchange=\"gformToggleRadioOther( this )\">\n\t\t\t\t\t<label for=\"choice_5_30_20\" id=\"label_5_30_20\" class=\"gform-field-label gform-field-label--type-inline\">Men&#8217;s Prayer<\/label>\n\t\t\t<\/div>\n\t\t\t<div class=\"gchoice gchoice_5_30_21\">\n\t\t\t\t\t<input class=\"gfield-choice-input\" name=\"input_30\" type=\"radio\" value=\"Rise Up\" id=\"choice_5_30_21\" onchange=\"gformToggleRadioOther( this )\">\n\t\t\t\t\t<label for=\"choice_5_30_21\" id=\"label_5_30_21\" class=\"gform-field-label gform-field-label--type-inline\">Rise Up<\/label>\n\t\t\t<\/div>\n\t\t\t<div class=\"gchoice gchoice_5_30_22\">\n\t\t\t\t\t<input class=\"gfield-choice-input\" name=\"input_30\" type=\"radio\" value=\"Atempause\" id=\"choice_5_30_22\" onchange=\"gformToggleRadioOther( this )\">\n\t\t\t\t\t<label for=\"choice_5_30_22\" id=\"label_5_30_22\" class=\"gform-field-label gform-field-label--type-inline\">Atempause<\/label>\n\t\t\t<\/div>\n\t\t\t<div class=\"gchoice gchoice_5_30_23\">\n\t\t\t\t\t<input class=\"gfield-choice-input\" name=\"input_30\" type=\"radio\" value=\"T\u00f6pfern\" id=\"choice_5_30_23\" onchange=\"gformToggleRadioOther( this )\">\n\t\t\t\t\t<label for=\"choice_5_30_23\" id=\"label_5_30_23\" class=\"gform-field-label gform-field-label--type-inline\">T\u00f6pfern<\/label>\n\t\t\t<\/div>\n\t\t\t<div class=\"gchoice gchoice_5_30_24\">\n\t\t\t\t\t<input class=\"gfield-choice-input\" name=\"input_30\" type=\"radio\" value=\"Einfach mal Sport\" id=\"choice_5_30_24\" onchange=\"gformToggleRadioOther( this )\">\n\t\t\t\t\t<label for=\"choice_5_30_24\" id=\"label_5_30_24\" class=\"gform-field-label gform-field-label--type-inline\">Einfach mal Sport<\/label>\n\t\t\t<\/div>\n\t\t\t<div class=\"gchoice gchoice_5_30_25\">\n\t\t\t\t\t<input class=\"gfield-choice-input\" name=\"input_30\" type=\"radio\" value=\"Coffee Talk\" id=\"choice_5_30_25\" onchange=\"gformToggleRadioOther( this )\">\n\t\t\t\t\t<label for=\"choice_5_30_25\" id=\"label_5_30_25\" class=\"gform-field-label gform-field-label--type-inline\">Coffee Talk<\/label>\n\t\t\t<\/div>\n\t\t\t<div class=\"gchoice gchoice_5_30_26\">\n\t\t\t\t\t<input class=\"gfield-choice-input\" name=\"input_30\" type=\"radio\" value=\"Joy together\" id=\"choice_5_30_26\" onchange=\"gformToggleRadioOther( this )\">\n\t\t\t\t\t<label for=\"choice_5_30_26\" id=\"label_5_30_26\" class=\"gform-field-label gform-field-label--type-inline\">Joy together<\/label>\n\t\t\t<\/div>\n\t\t\t<div class=\"gchoice gchoice_5_30_27\">\n\t\t\t\t\t<input class=\"gfield-choice-input\" name=\"input_30\" type=\"radio\" value=\"Freiheit im Gebet\" id=\"choice_5_30_27\" onchange=\"gformToggleRadioOther( this )\">\n\t\t\t\t\t<label for=\"choice_5_30_27\" id=\"label_5_30_27\" class=\"gform-field-label gform-field-label--type-inline\">Freiheit im Gebet<\/label>\n\t\t\t<\/div>\n\t\t\t<div class=\"gchoice gchoice_5_30_28\">\n\t\t\t\t\t<input class=\"gfield-choice-input\" name=\"input_30\" type=\"radio\" value=\"MNI - Meine neue Identit\u00e4t\" id=\"choice_5_30_28\" onchange=\"gformToggleRadioOther( this )\">\n\t\t\t\t\t<label for=\"choice_5_30_28\" id=\"label_5_30_28\" class=\"gform-field-label gform-field-label--type-inline\">MNI &#8211; Meine neue Identit\u00e4t<\/label>\n\t\t\t<\/div>\n\t\t\t<div class=\"gchoice gchoice_5_30_29\">\n\t\t\t\t\t<input class=\"gfield-choice-input\" name=\"input_30\" type=\"radio\" value=\"Be Free\" id=\"choice_5_30_29\" onchange=\"gformToggleRadioOther( this )\">\n\t\t\t\t\t<label for=\"choice_5_30_29\" id=\"label_5_30_29\" class=\"gform-field-label gform-field-label--type-inline\">Be Free<\/label>\n\t\t\t<\/div>\n\t\t\t<div class=\"gchoice gchoice_5_30_30\">\n\t\t\t\t\t<input class=\"gfield-choice-input\" name=\"input_30\" type=\"radio\" value=\"3G: Gott\/Gemeinschaft\/Genuss\" id=\"choice_5_30_30\" onchange=\"gformToggleRadioOther( this )\">\n\t\t\t\t\t<label for=\"choice_5_30_30\" id=\"label_5_30_30\" class=\"gform-field-label gform-field-label--type-inline\">3G: Gott\/Gemeinschaft\/Genuss<\/label>\n\t\t\t<\/div>\n\t\t\t<div class=\"gchoice gchoice_5_30_31\">\n\t\t\t\t\t<input class=\"gfield-choice-input\" name=\"input_30\" type=\"radio\" value=\"Kids Treff\" id=\"choice_5_30_31\" onchange=\"gformToggleRadioOther( this )\">\n\t\t\t\t\t<label for=\"choice_5_30_31\" id=\"label_5_30_31\" class=\"gform-field-label gform-field-label--type-inline\">Kids Treff<\/label>\n\t\t\t<\/div>\n\t\t\t<div class=\"gchoice gchoice_5_30_32\">\n\t\t\t\t\t<input class=\"gfield-choice-input\" name=\"input_30\" type=\"radio\" value=\"Create &amp; Connect\" id=\"choice_5_30_32\" onchange=\"gformToggleRadioOther( this )\">\n\t\t\t\t\t<label for=\"choice_5_30_32\" id=\"label_5_30_32\" class=\"gform-field-label gform-field-label--type-inline\">Create &amp; Connect<\/label>\n\t\t\t<\/div>\n\t\t\t<div class=\"gchoice gchoice_5_30_33\">\n\t\t\t\t\t<input class=\"gfield-choice-input\" name=\"input_30\" type=\"radio\" value=\"Smallgroup f\u00fcr Unternehmer und F\u00fchrungskr\u00e4fte\" id=\"choice_5_30_33\" onchange=\"gformToggleRadioOther( this )\">\n\t\t\t\t\t<label for=\"choice_5_30_33\" id=\"label_5_30_33\" class=\"gform-field-label gform-field-label--type-inline\">Smallgroup f\u00fcr Unternehmer und F\u00fchrungskr\u00e4fte<\/label>\n\t\t\t<\/div>\n\t\t\t<div class=\"gchoice gchoice_5_30_34\">\n\t\t\t\t\t<input class=\"gfield-choice-input\" name=\"input_30\" type=\"radio\" value=\"Frauengebet\" id=\"choice_5_30_34\" onchange=\"gformToggleRadioOther( this )\">\n\t\t\t\t\t<label for=\"choice_5_30_34\" id=\"label_5_30_34\" class=\"gform-field-label gform-field-label--type-inline\">Frauengebet<\/label>\n\t\t\t<\/div>\n\t\t\t<div class=\"gchoice gchoice_5_30_35\">\n\t\t\t\t\t<input class=\"gfield-choice-input\" name=\"input_30\" type=\"radio\" value=\"M\u00e4nnergebet\" id=\"choice_5_30_35\" onchange=\"gformToggleRadioOther( this )\">\n\t\t\t\t\t<label for=\"choice_5_30_35\" id=\"label_5_30_35\" class=\"gform-field-label gform-field-label--type-inline\">M\u00e4nnergebet<\/label>\n\t\t\t<\/div>\n\t\t\t<div class=\"gchoice gchoice_5_30_36\">\n\t\t\t\t\t<input class=\"gfield-choice-input\" name=\"input_30\" type=\"radio\" value=\"Next Generation Gebet\" id=\"choice_5_30_36\" onchange=\"gformToggleRadioOther( this )\">\n\t\t\t\t\t<label for=\"choice_5_30_36\" id=\"label_5_30_36\" class=\"gform-field-label gform-field-label--type-inline\">Next Generation Gebet<\/label>\n\t\t\t<\/div><\/div><\/div><\/fieldset><div id=\"field_5_12\" class=\"gfield gfield--type-email gf_left_half gfield--width-half gfield_contains_required field_sublabel_below gfield--no-description field_description_below field_validation_below gfield_visibility_visible gpev-field\" data-field-class=\"gpev-field\"><label class=\"gfield_label gform-field-label\" for=\"input_5_12\"><span class=\"gform-field-label__text\">E-Mail<\/span><span class=\"gfield_required\"><span class=\"gfield_required gfield_required_text\">(erforderlich)<\/span><\/span><\/label><div class=\"ginput_container ginput_container_email\">\n                            <input name=\"input_12\" id=\"input_5_12\" type=\"email\" value=\"\" class=\"medium\" aria-required=\"true\" aria-invalid=\"false\">\n                        <\/div><\/div><div id=\"field_5_13\" class=\"gfield gfield--type-phone gfield--phone-format-international gf_right_half gfield--width-half field_sublabel_below gfield--no-description field_description_below field_validation_below gfield_visibility_visible\"><label class=\"gfield_label gform-field-label\" for=\"input_5_13\"><span class=\"gform-field-label__text\">Telefon<\/span><\/label><div class=\"ginput_container ginput_container_phone\"><input name=\"input_13\" id=\"input_5_13\" type=\"tel\" value=\"\" class=\"medium\" aria-invalid=\"false\"><\/div><\/div><div id=\"field_5_24\" class=\"gfield gfield--type-text gfield_contains_required field_sublabel_below gfield--no-description field_description_below field_validation_below gfield_visibility_visible\"><label class=\"gfield_label gform-field-label\" for=\"input_5_24\"><span class=\"gform-field-label__text\">Wohnort<\/span><span class=\"gfield_required\"><span class=\"gfield_required gfield_required_text\">(erforderlich)<\/span><\/span><\/label><div class=\"ginput_container ginput_container_text\"><input name=\"input_24\" id=\"input_5_24\" type=\"text\" value=\"\" class=\"medium\" aria-required=\"true\" aria-invalid=\"false\"><\/div><\/div><fieldset id=\"field_5_31\" class=\"gfield gfield--type-date gfield--input-type-datedropdown gfield_contains_required field_sublabel_below gfield--no-description field_description_below field_validation_below gfield_visibility_visible\"><legend class=\"gfield_label gform-field-label\"><span class=\"gform-field-label__text\">Geburtstag<\/span><span class=\"gfield_required\"><span class=\"gfield_required gfield_required_text\">(erforderlich)<\/span><\/span><\/legend><div id=\"input_5_31\" class=\"ginput_container ginput_complex gform-grid-row\"><div class=\"gfield_date_dropdown_day ginput_container ginput_container_date gform-grid-col\" id=\"input_5_31_2_container\"><label for=\"input_5_31_2\" class=\"gform-field-label gform-field-label--type-sub hidden_sub_label screen-reader-text\">Tag<\/label><select name=\"input_31[]\" id=\"input_5_31_2\" aria-required=\"true\"><option value=\"\">Tag<\/option><option value=\"1\">1<\/option><option value=\"2\">2<\/option><option value=\"3\">3<\/option><option value=\"4\">4<\/option><option value=\"5\">5<\/option><option value=\"6\">6<\/option><option value=\"7\">7<\/option><option value=\"8\">8<\/option><option value=\"9\">9<\/option><option value=\"10\">10<\/option><option value=\"11\">11<\/option><option value=\"12\">12<\/option><option value=\"13\">13<\/option><option value=\"14\">14<\/option><option value=\"15\">15<\/option><option value=\"16\">16<\/option><option value=\"17\">17<\/option><option value=\"18\">18<\/option><option value=\"19\">19<\/option><option value=\"20\">20<\/option><option value=\"21\">21<\/option><option value=\"22\">22<\/option><option value=\"23\">23<\/option><option value=\"24\">24<\/option><option value=\"25\">25<\/option><option value=\"26\">26<\/option><option value=\"27\">27<\/option><option value=\"28\">28<\/option><option value=\"29\">29<\/option><option value=\"30\">30<\/option><option value=\"31\">31<\/option><\/select><\/div><div class=\"gfield_date_dropdown_month ginput_container ginput_container_date gform-grid-col\" id=\"input_5_31_1_container\"><label for=\"input_5_31_1\" class=\"gform-field-label gform-field-label--type-sub hidden_sub_label screen-reader-text\">Monat<\/label><select name=\"input_31[]\" id=\"input_5_31_1\" aria-required=\"true\"><option value=\"\">Monat<\/option><option value=\"1\">1<\/option><option value=\"2\">2<\/option><option value=\"3\">3<\/option><option value=\"4\">4<\/option><option value=\"5\">5<\/option><option value=\"6\">6<\/option><option value=\"7\">7<\/option><option value=\"8\">8<\/option><option value=\"9\">9<\/option><option value=\"10\">10<\/option><option value=\"11\">11<\/option><option value=\"12\">12<\/option><\/select><\/div><div class=\"gfield_date_dropdown_year ginput_container ginput_container_date gform-grid-col\" id=\"input_5_31_3_container\"><label for=\"input_5_31_3\" class=\"gform-field-label gform-field-label--type-sub hidden_sub_label screen-reader-text\">Jahr<\/label><select name=\"input_31[]\" id=\"input_5_31_3\" aria-required=\"true\"><option value=\"\">Jahr<\/option><option value=\"2027\">2027<\/option><option value=\"2026\">2026<\/option><option value=\"2025\">2025<\/option><option value=\"2024\">2024<\/option><option value=\"2023\">2023<\/option><option value=\"2022\">2022<\/option><option value=\"2021\">2021<\/option><option value=\"2020\">2020<\/option><option value=\"2019\">2019<\/option><option value=\"2018\">2018<\/option><option value=\"2017\">2017<\/option><option value=\"2016\">2016<\/option><option value=\"2015\">2015<\/option><option value=\"2014\">2014<\/option><option value=\"2013\">2013<\/option><option value=\"2012\">2012<\/option><option value=\"2011\">2011<\/option><option value=\"2010\">2010<\/option><option value=\"2009\">2009<\/option><option value=\"2008\">2008<\/option><option value=\"2007\">2007<\/option><option value=\"2006\">2006<\/option><option value=\"2005\">2005<\/option><option value=\"2004\">2004<\/option><option value=\"2003\">2003<\/option><option value=\"2002\">2002<\/option><option value=\"2001\">2001<\/option><option value=\"2000\">2000<\/option><option value=\"1999\">1999<\/option><option value=\"1998\">1998<\/option><option value=\"1997\">1997<\/option><option value=\"1996\">1996<\/option><option value=\"1995\">1995<\/option><option value=\"1994\">1994<\/option><option value=\"1993\">1993<\/option><option value=\"1992\">1992<\/option><option value=\"1991\">1991<\/option><option value=\"1990\">1990<\/option><option value=\"1989\">1989<\/option><option value=\"1988\">1988<\/option><option value=\"1987\">1987<\/option><option value=\"1986\">1986<\/option><option value=\"1985\">1985<\/option><option value=\"1984\">1984<\/option><option value=\"1983\">1983<\/option><option value=\"1982\">1982<\/option><option value=\"1981\">1981<\/option><option value=\"1980\">1980<\/option><option value=\"1979\">1979<\/option><option value=\"1978\">1978<\/option><option value=\"1977\">1977<\/option><option value=\"1976\">1976<\/option><option value=\"1975\">1975<\/option><option value=\"1974\">1974<\/option><option value=\"1973\">1973<\/option><option value=\"1972\">1972<\/option><option value=\"1971\">1971<\/option><option value=\"1970\">1970<\/option><option value=\"1969\">1969<\/option><option value=\"1968\">1968<\/option><option value=\"1967\">1967<\/option><option value=\"1966\">1966<\/option><option value=\"1965\">1965<\/option><option value=\"1964\">1964<\/option><option value=\"1963\">1963<\/option><option value=\"1962\">1962<\/option><option value=\"1961\">1961<\/option><option value=\"1960\">1960<\/option><option value=\"1959\">1959<\/option><option value=\"1958\">1958<\/option><option value=\"1957\">1957<\/option><option value=\"1956\">1956<\/option><option value=\"1955\">1955<\/option><option value=\"1954\">1954<\/option><option value=\"1953\">1953<\/option><option value=\"1952\">1952<\/option><option value=\"1951\">1951<\/option><option value=\"1950\">1950<\/option><option value=\"1949\">1949<\/option><option value=\"1948\">1948<\/option><option value=\"1947\">1947<\/option><option value=\"1946\">1946<\/option><option value=\"1945\">1945<\/option><option value=\"1944\">1944<\/option><option value=\"1943\">1943<\/option><option value=\"1942\">1942<\/option><option value=\"1941\">1941<\/option><option value=\"1940\">1940<\/option><option value=\"1939\">1939<\/option><option value=\"1938\">1938<\/option><option value=\"1937\">1937<\/option><option value=\"1936\">1936<\/option><option value=\"1935\">1935<\/option><option value=\"1934\">1934<\/option><option value=\"1933\">1933<\/option><option value=\"1932\">1932<\/option><option value=\"1931\">1931<\/option><option value=\"1930\">1930<\/option><option value=\"1929\">1929<\/option><option value=\"1928\">1928<\/option><option value=\"1927\">1927<\/option><option value=\"1926\">1926<\/option><option value=\"1925\">1925<\/option><option value=\"1924\">1924<\/option><option value=\"1923\">1923<\/option><option value=\"1922\">1922<\/option><option value=\"1921\">1921<\/option><option value=\"1920\">1920<\/option><\/select><\/div><\/div><\/fieldset><div id=\"field_5_21\" class=\"gfield gfield--type-textarea field_sublabel_below gfield--no-description field_description_below field_validation_below gfield_visibility_visible\"><label class=\"gfield_label gform-field-label\" for=\"input_5_21\"><span class=\"gform-field-label__text\">Bemerkungen<\/span><\/label><div class=\"ginput_container ginput_container_textarea\"><textarea name=\"input_21\" id=\"input_5_21\" class=\"textarea medium\" aria-invalid=\"false\" rows=\"10\" cols=\"50\"><\/textarea><\/div><\/div><fieldset id=\"field_5_32\" class=\"gfield gfield--type-checkbox gfield--type-choice gfield_contains_required field_sublabel_below gfield--has-description field_description_below field_validation_below gfield_visibility_visible gfield--choice-align-vertical\"><legend class=\"gfield_label gform-field-label gfield_label_before_complex\"><span class=\"gform-field-label__text\">Akzeptierst du unsere Datenschutzrichtlinien:<\/span><span class=\"gfield_required\"><span class=\"gfield_required gfield_required_text\">(erforderlich)<\/span><\/span><\/legend><div class=\"ginput_container ginput_container_checkbox\"><div class=\"gfield_checkbox \" id=\"input_5_32\"><div class=\"gchoice gchoice_5_32_1\">\n\t\t\t\t\t\t\t\t<input class=\"gfield-choice-input\" name=\"input_32.1\" type=\"checkbox\" value=\"Ja, ich bin einverstanden.\" id=\"choice_5_32_1\" aria-describedby=\"gfield_description_5_32\">\n\t\t\t\t\t\t\t\t<label for=\"choice_5_32_1\" id=\"label_5_32_1\" class=\"gform-field-label gform-field-label--type-inline\">Ja, ich bin einverstanden.<\/label>\n\t\t\t\t\t\t\t<\/div><\/div><\/div><div class=\"gfield_description\" id=\"gfield_description_5_32\"><a href=\"https:\/\/www.icf-swb.de\/datenschutzerklaerung\/\" target=\"_blank\">Zu den Datenschutzrichtlinien<\/a><\/div><\/fieldset><\/div><\/div>\n        <div class=\"gform-footer gform_footer top_label\"> <button type=\"submit\" id=\"gform_submit_button_5\" class=\"gform_button button\" onclick=\"gform.submission.handleButtonClick(this);\" data-submission-type=\"submit\">Absenden<\/button> \n            <input type=\"hidden\" class=\"gform_hidden\" name=\"gform_submission_method\" data-js=\"gform_submission_method_5\" value=\"postback\">\n            <input type=\"hidden\" class=\"gform_hidden\" name=\"gform_theme\" data-js=\"gform_theme_5\" id=\"gform_theme_5\" value=\"orbital\">\n            <input type=\"hidden\" class=\"gform_hidden\" name=\"gform_style_settings\" data-js=\"gform_style_settings_5\" id=\"gform_style_settings_5\" value=\"{&quot;inputPrimaryColor&quot;:&quot;#204ce5&quot;}\">\n            <input type=\"hidden\" class=\"gform_hidden\" name=\"is_submit_5\" value=\"1\">\n            <input type=\"hidden\" class=\"gform_hidden\" name=\"gform_submit\" value=\"5\">\n            \n            <input type=\"hidden\" class=\"gform_hidden\" name=\"gform_currency\" data-currency=\"EUR\" value=\"N8eiaDyvHR4960z1fDtlCdVa13jP99zeiNlKT8nALXX5INTuzblWoQL2ykkNzHMXXXZaDvSrO25bpK12LIDLODdrJy3+wbQ6znK1MzWiHzgp2mw=\">\n            <input type=\"hidden\" class=\"gform_hidden\" name=\"gform_unique_id\" value=\"\">\n            <input type=\"hidden\" class=\"gform_hidden\" name=\"state_5\" value=\"WyJ7XCJnZm9ybV9zdWJtaXNzaW9uX21ldGhvZFwiOltcImUyZWViYjdkZmE1OTYxNDRhZTVjNDRjMzZkOWZhMzQwXCIsXCJmNTBmZWRmZGM5ZjUwZTYwYmU5NTE4MTQ4ZDFmMjFkYVwiXSxcImdmb3JtX3RoZW1lXCI6XCI1YjhhOGQxMGIwMGI3MzgyNzVhMzczYjkyN2RkNjE5ZVwiLFwiZ2Zvcm1fc3R5bGVfc2V0dGluZ3NcIjpcIjRlZDc1MDQyYTYyMGI0ZGE0MjIwMTE4NjE0MzI5ZWRlXCIsXCJmb3JtX2lkXCI6XCJjYzcxNGRkYjBhNTNlZWIwZTc5M2VlZGUzYzZhNjY2ZFwiLFwidXJsXCI6XCJjN2NmMWRhMDY4MGRhMjg1NDFkMDcxMDhmZDgzNjFiMFwiLFwic3RhdGVfdGltZXN0YW1wXCI6XCI1OGE1ZDY2ZDExZjc1YTgwNjgwNzg5MTRkNTFlMmU4ZlwifSIsIjg4MjBiNmM4Njc1MWNiNjAwMmJiNzc1ZDkxZjY1OGZjIiwxNzg4MjEyODQ5XQ==\">\n            <input type=\"hidden\" autocomplete=\"off\" class=\"gform_hidden\" name=\"gform_target_page_number_5\" id=\"gform_target_page_number_5\" value=\"0\">\n            <input type=\"hidden\" autocomplete=\"off\" class=\"gform_hidden\" name=\"gform_source_page_number_5\" id=\"gform_source_page_number_5\" value=\"1\">\n            <input type=\"hidden\" name=\"gform_field_values\" value=\"\">\n            \n        <\/div>\n                        <\/form>\n                        <\/div><\/div>\n        <\/div>\n          <\/div>\n<\/div>","protected":false},"excerpt":{"rendered":"<p>Smallgroups Villingen GEMEINSCHAFT \u2013 GOTT ERLEBEN \u2013 WACHSEN Wir sind eine wachsende Kirche. Immer mehr Menschen kommen dazu, aber dennoch bist du f\u00fcr uns nicht einfach ein weiteres Gesicht in der Menge. Wir glauben, dass wir dazu geschaffen sind, tiefe und echte Beziehungen zu leben. Hier erleben wir die F\u00fclle, die Gott f\u00fcr uns bereith\u00e4lt. [&hellip;]<\/p>\n","protected":false},"author":49,"featured_media":0,"parent":0,"menu_order":0,"comment_status":"closed","ping_status":"closed","template":"","meta":{"_acf_changed":false,"_seopress_titles_title":"","_seopress_titles_desc":"","_seopress_robots_index":"","_seopress_robots_follow":"","_seopress_robots_imageindex":"","_seopress_robots_snippet":"","_seopress_robots_primary_cat":"","_seopress_robots_breadcrumbs":"","_seopress_robots_freeze_modified_date":"","_seopress_robots_custom_modified_date":"","_seopress_robots_canonical":"","_seopress_social_fb_title":"","_seopress_social_fb_desc":"","_seopress_social_fb_img":"","_seopress_social_fb_img_attachment_id":0,"_seopress_social_fb_img_width":0,"_seopress_social_fb_img_height":0,"_seopress_social_twitter_title":"","_seopress_social_twitter_desc":"","_seopress_social_twitter_img":"","_seopress_social_twitter_img_attachment_id":0,"_seopress_social_twitter_img_width":0,"_seopress_social_twitter_img_height":0,"_seopress_redirections_value":"","_seopress_redirections_enabled":"","_seopress_redirections_enabled_regex":"","_seopress_redirections_logged_status":"","_seopress_redirections_param":"","_seopress_redirections_type":0,"_seopress_analysis_target_kw":"","_seopress_news_disabled":"","_seopress_video_disabled":"","_seopress_video":[],"_seopress_pro_schemas_manual":[],"_seopress_pro_rich_snippets_disable_all":"","_seopress_pro_rich_snippets_disable":[],"_seopress_pro_schemas":[],"yt_custom_styles_scss":"","yt_custom_styles_rounded_corners":false,"yt_custom_styles_color_scheme":"","footnotes":""},"class_list":["post-724","page","type-page","status-publish","hentry"],"acf":[],"_links":{"self":[{"href":"https:\/\/icf.church\/villingen\/de\/wp-json\/wp\/v2\/pages\/724","targetHints":{"allow":["GET"]}}],"collection":[{"href":"https:\/\/icf.church\/villingen\/de\/wp-json\/wp\/v2\/pages"}],"about":[{"href":"https:\/\/icf.church\/villingen\/de\/wp-json\/wp\/v2\/types\/page"}],"author":[{"embeddable":true,"href":"https:\/\/icf.church\/villingen\/de\/wp-json\/wp\/v2\/users\/49"}],"replies":[{"embeddable":true,"href":"https:\/\/icf.church\/villingen\/de\/wp-json\/wp\/v2\/comments?post=724"}],"version-history":[{"count":10,"href":"https:\/\/icf.church\/villingen\/de\/wp-json\/wp\/v2\/pages\/724\/revisions"}],"predecessor-version":[{"id":843,"href":"https:\/\/icf.church\/villingen\/de\/wp-json\/wp\/v2\/pages\/724\/revisions\/843"}],"wp:attachment":[{"href":"https:\/\/icf.church\/villingen\/de\/wp-json\/wp\/v2\/media?parent=724"}],"curies":[{"name":"wp","href":"https:\/\/api.w.org\/{rel}","templated":true}]}}