{"id":1360,"date":"2026-05-04T10:50:42","date_gmt":"2026-05-04T08:50:42","guid":{"rendered":"https:\/\/new.icf.church\/zuerich\/?page_id=1360"},"modified":"2026-08-24T15:57:48","modified_gmt":"2026-08-24T13:57:48","slug":"eltern","status":"publish","type":"page","link":"https:\/\/icf.church\/zuerich\/de\/teens\/eltern\/","title":{"rendered":"Eltern"},"content":{"rendered":"<div id=\"block-3\" class=\"teens-purple pb-2 alignfull is-layout-constrained\">\n  <div>\n            <div class=\"row gx-4 gy-4 \">\n          \n\n<div id=\"block-2\" class=\"col wp-block-yellowtree-column col-12 d-flex flex-column with-streched-height-children align-items-stretch align-items-md-stretch\">\n  <div id=\"block-1\" class=\"wp-block-yellowtree-locked-image\">\n    <img decoding=\"async\" width=\"1024\" height=\"576\" src=\"https:\/\/icf.church\/zuerich\/wp-content\/uploads\/sites\/2\/2026\/05\/eletern-header-teens-1024x576.jpg\" class=\"w-100 h-100 object-fit-cover\" alt=\"Vier Jugendliche stehen auf einer Treppe vor einer Graffiti-Wand, eine h\u00e4lt ein Skateboard.\" style=\"object-position: 50% 50%;\" loading=\"lazy\" srcset=\"https:\/\/icf.church\/zuerich\/wp-content\/uploads\/sites\/2\/2026\/05\/eletern-header-teens-1024x576.jpg 1024w, https:\/\/icf.church\/zuerich\/wp-content\/uploads\/sites\/2\/2026\/05\/eletern-header-teens-300x169.jpg 300w, https:\/\/icf.church\/zuerich\/wp-content\/uploads\/sites\/2\/2026\/05\/eletern-header-teens-768x432.jpg 768w, https:\/\/icf.church\/zuerich\/wp-content\/uploads\/sites\/2\/2026\/05\/eletern-header-teens-1536x864.jpg 1536w, https:\/\/icf.church\/zuerich\/wp-content\/uploads\/sites\/2\/2026\/05\/eletern-header-teens-2048x1152.jpg 2048w\" sizes=\"(max-width: 1024px) 100vw, 1024px\"><\/div><\/div>\n        <\/div>\n          <\/div>\n<\/div>\n\n<div id=\"block-8\" class=\"teens-purple pt-2 pb-2 alignfull is-layout-constrained\">\n  <div>\n            <div class=\"row gx-4 gy-4 \">\n          \n\n<div id=\"block-7\" class=\"col wp-block-yellowtree-column col-12 d-flex flex-column with-streched-height-children align-items-stretch align-items-md-stretch\">\n  <h1 id=\"block-4\" class=\"h1 text-start\">\n  Liebe Eltern \u2013 we love you!<\/h1>\n\n<h6 id=\"block-5\" class=\"h6 text-start\">\n  Ihr seid unser gr\u00f6sster Support!<br>Wir w\u00fcnschen uns, dass das <a href=\"https:\/\/icf.church\/zuerich\/de\/teens\/\" data-type=\"page\" data-id=\"988\">ICF Teens<\/a> ein Zuhause f\u00fcr eure Teenager sein kann. Es soll ein Ort sein, wo sie Freunde finden und ihre pers\u00f6nliche Beziehung mit Jesus st\u00e4rken und aufbauen k\u00f6nnen.<\/h6>\n\n<h6 id=\"block-6\" class=\"h6 text-start\">\n  Patrick Hartmeier<\/h6><\/div>\n        <\/div>\n          <\/div>\n<\/div>\n\n<div id=\"block-11\" class=\"teens-purple pt-2 alignfull is-layout-constrained\">\n  <div>\n            <div class=\"row gx-4 gy-4 \">\n          \n\n<div id=\"block-10\" class=\"col wp-block-yellowtree-column col-12 d-flex flex-column with-streched-height-children align-items-stretch align-items-md-stretch\">\n  <div id=\"block-9\" class=\"wp-block-yellowtree-locked-image\">\n    <img decoding=\"async\" width=\"1024\" height=\"683\" src=\"https:\/\/icf.church\/zuerich\/wp-content\/uploads\/sites\/2\/2026\/06\/patrick-hartmeier-1024x683.jpg\" class=\"w-100 h-100 object-fit-cover\" alt=\"Mann mit Bart h\u00e4lt Mikrofon und l\u00e4chelt vor gelbem Neonlicht.\" style=\"object-position: 50% 50%;\" loading=\"lazy\" srcset=\"https:\/\/icf.church\/zuerich\/wp-content\/uploads\/sites\/2\/2026\/06\/patrick-hartmeier-1024x683.jpg 1024w, https:\/\/icf.church\/zuerich\/wp-content\/uploads\/sites\/2\/2026\/06\/patrick-hartmeier-300x200.jpg 300w, https:\/\/icf.church\/zuerich\/wp-content\/uploads\/sites\/2\/2026\/06\/patrick-hartmeier-768x512.jpg 768w, https:\/\/icf.church\/zuerich\/wp-content\/uploads\/sites\/2\/2026\/06\/patrick-hartmeier-1536x1024.jpg 1536w, https:\/\/icf.church\/zuerich\/wp-content\/uploads\/sites\/2\/2026\/06\/patrick-hartmeier-2048x1366.jpg 2048w\" sizes=\"(max-width: 1024px) 100vw, 1024px\"><\/div><\/div>\n        <\/div>\n          <\/div>\n<\/div>\n\n<div id=\"block-20\" class=\"teens-green pt-4 pb-2 alignfull is-layout-constrained\">\n  <div>\n            <div class=\"row gx-4 gy-4 \">\n          \n\n<div id=\"block-15\" class=\"col wp-block-yellowtree-column col-12 col-md-6 d-flex flex-column with-streched-height-children align-items-stretch align-items-md-stretch\">\n  <article id=\"block-14\" data-bs-theme=\"dark\" class=\"wp-block-yellowtree-card card has-context-height\" style=\"--card-img-position:50% 50%\">\n      <div class=\"card-body\">\n    <h3 class=\"card-title\">ICF Teens News<\/h3>\n    <p class=\"card-text\">Wir versenden w\u00f6chentlich eine Telegram Nachricht mit allen Highlights und Events im ICF Teens.<br>Abonniere dir den Kanal, damit du \u00fcber unsere aktuellen Angebote informiert bist.<\/p>\n    <div id=\"block-13\" class=\"wp-block-yellowtree-card-buttons card-buttons\">\n  \n\n  <div>\n    <a id=\"block-12\" href=\"https:\/\/t.me\/icfteenszuerich\" class=\"wp-block-yellowtree-card-button btn btn-sm btn-secondary\">\n      <span>Abonnieren<\/span>\n              <i class=\"icon fs-base-const fa-arrow-right\" aria-hidden=\"true\"><\/i>\n          <\/a>\n  <\/div>\n\n<\/div>  <\/div>\n<\/article><\/div>\n\n\n<div id=\"block-19\" class=\"col wp-block-yellowtree-column col-12 col-md-6 d-flex flex-column with-streched-height-children align-items-stretch align-items-md-stretch\">\n  <article id=\"block-18\" data-bs-theme=\"dark\" class=\"wp-block-yellowtree-card card has-context-height\" style=\"--card-img-position:50% 50%\">\n      <div class=\"card-body\">\n    <h3 class=\"card-title\">Parents Celebration<\/h3>\n    <p class=\"card-text\">Einmal pro Jahr findet die Parents Celebrations statt, zu der ihr herzlich eingeladen seit. Dort h\u00f6rt ihr alle Neuigkeiten und ihr habt die M\u00f6glichkeit, unser Team kennenzulernen und eine ICF Teens Celebration zu erleben.<\/p>\n    <div id=\"block-17\" class=\"wp-block-yellowtree-card-buttons card-buttons\">\n  \n\n  <div>\n    <a id=\"block-16\" href=\"https:\/\/icf.church\/zuerich\/de\/teens\/#kalender\" class=\"wp-block-yellowtree-card-button btn btn-sm btn-secondary\">\n      <span>Eventkalender<\/span>\n              <i class=\"icon fs-base-const fa-arrow-right\" aria-hidden=\"true\"><\/i>\n          <\/a>\n  <\/div>\n\n<\/div>  <\/div>\n<\/article><\/div>\n        <\/div>\n          <\/div>\n<\/div>\n\n<div id=\"block-29\" class=\"teens-green pt-2 pb-2 alignfull is-layout-constrained\">\n  <div>\n            <div class=\"row gx-4 gy-4 \">\n          \n\n<div id=\"block-24\" class=\"col wp-block-yellowtree-column col-12 col-md-6 d-flex flex-column with-streched-height-children align-items-stretch align-items-md-stretch\">\n  <article id=\"block-23\" data-bs-theme=\"dark\" class=\"wp-block-yellowtree-card card has-context-height\" style=\"--card-img-position:50% 50%\">\n      <div class=\"card-body\">\n    <h3 class=\"card-title\">Cumulus-Bon Spende<\/h3>\n    <p class=\"card-text\">Jeden Sonntag m\u00f6chten wir den Einsatz unserer Mitarbeiter belohnen, indem wir ihnen ein Fr\u00fchst\u00fcck anbieten. Um unsere vielen Mitarbeiter zu verpflegen, k\u00f6nnt ihr die Mitarbeiterverpflegung unterst\u00fctzen, indem ihr eure Migros Cumulus-Bons auf uns \u00fcbertragt.<\/p>\n    <div id=\"block-22\" class=\"wp-block-yellowtree-card-buttons card-buttons\">\n  \n\n  <div>\n    <a id=\"block-21\" href=\"https:\/\/icf.church\/zuerich\/wp-content\/uploads\/sites\/2\/2026\/05\/cumulus-bon-spendeanleitung.pdf\" class=\"wp-block-yellowtree-card-button btn btn-sm btn-secondary\">\n      <span>Zur Anleitung<\/span>\n              <i class=\"icon fs-base-const fa-arrow-right\" aria-hidden=\"true\"><\/i>\n          <\/a>\n  <\/div>\n\n<\/div>  <\/div>\n<\/article><\/div>\n\n\n<div id=\"block-28\" class=\"col wp-block-yellowtree-column col-12 col-md-6 d-flex flex-column with-streched-height-children align-items-stretch align-items-md-stretch\">\n  <article id=\"block-27\" data-bs-theme=\"dark\" class=\"wp-block-yellowtree-card card has-context-height\" style=\"--card-img-position:50% 50%\">\n      <div class=\"card-body\">\n    <h3 class=\"card-title\">Kontakt<\/h3>\n    <p class=\"card-text\">Ab Sommer wird Patrick Hartmeier das ICF Teens \u00fcbernehmen.<br><br>Wir sind gerne auch am Sonntag (vor oder nach der Celebration) f\u00fcr euch da.<\/p>\n    <div id=\"block-26\" class=\"wp-block-yellowtree-card-buttons card-buttons\">\n  \n\n  <div>\n    <a id=\"block-25\" href=\"mailto:patrick.hartmeier@icf.ch\" class=\"wp-block-yellowtree-card-button btn btn-sm btn-secondary\">\n      <span>Email Kontakt<\/span>\n              <i class=\"icon fs-base-const fa-arrow-right\" aria-hidden=\"true\"><\/i>\n          <\/a>\n  <\/div>\n\n<\/div>  <\/div>\n<\/article><\/div>\n        <\/div>\n          <\/div>\n<\/div>\n\n<div id=\"block-32\" class=\"teens-green pt-2 alignfull is-layout-constrained\">\n  <div>\n            <div class=\"row gx-4 gy-4 \">\n          \n\n<div id=\"block-31\" class=\"col wp-block-yellowtree-column col-12 d-flex flex-column with-streched-height-children align-items-stretch align-items-md-stretch\">\n  <div id=\"block-30\" class=\"wp-block-yellowtree-locked-image\">\n    <img decoding=\"async\" width=\"1024\" height=\"576\" src=\"https:\/\/icf.church\/zuerich\/wp-content\/uploads\/sites\/2\/2026\/05\/teens-celebration-visitor-1024x576.jpg\" class=\"w-100 h-100 object-fit-cover\" alt=\"\" style=\"object-position: 50% 50%;\" loading=\"lazy\" srcset=\"https:\/\/icf.church\/zuerich\/wp-content\/uploads\/sites\/2\/2026\/05\/teens-celebration-visitor-1024x576.jpg 1024w, https:\/\/icf.church\/zuerich\/wp-content\/uploads\/sites\/2\/2026\/05\/teens-celebration-visitor-300x169.jpg 300w, https:\/\/icf.church\/zuerich\/wp-content\/uploads\/sites\/2\/2026\/05\/teens-celebration-visitor-768x432.jpg 768w, https:\/\/icf.church\/zuerich\/wp-content\/uploads\/sites\/2\/2026\/05\/teens-celebration-visitor-1536x864.jpg 1536w, https:\/\/icf.church\/zuerich\/wp-content\/uploads\/sites\/2\/2026\/05\/teens-celebration-visitor-2048x1152.jpg 2048w\" sizes=\"(max-width: 1024px) 100vw, 1024px\"><\/div><\/div>\n        <\/div>\n          <\/div>\n<\/div>\n\n<div id=\"block-35\" class=\"teens-blue pt-4 pb-2 alignfull is-layout-constrained\">\n  <div>\n            <div class=\"row gx-4 gy-4 \">\n          \n\n<div id=\"block-34\" class=\"col wp-block-yellowtree-column col-12 d-flex flex-column with-streched-height-children align-items-stretch align-items-md-stretch\">\n  <h1 id=\"block-33\" class=\"h1 text-start\">\n  Angebote f\u00fcr Teenager<\/h1><\/div>\n        <\/div>\n          <\/div>\n<\/div>\n\n<div id=\"block-42\" class=\"teens-blue pt-2 pb-2 alignfull is-layout-constrained\">\n  <div>\n            <div class=\"row gx-4 gy-4 \">\n          \n\n<div id=\"block-37\" class=\"col wp-block-yellowtree-column col-12 col-lg-4 d-flex flex-column with-streched-height-children align-items-stretch align-items-lg-stretch\">\n  <article id=\"block-36\" data-bs-theme=\"dark\" class=\"wp-block-yellowtree-card card has-context-height\" style=\"--card-img-position:50% 50%\">\n        <img decoding=\"async\" width=\"1024\" height=\"683\" src=\"https:\/\/icf.church\/zuerich\/wp-content\/uploads\/sites\/2\/2026\/05\/icf-teens-celebration3-1024x683.jpg\" class=\"card-img-top\" alt=\"\" draggable=\"false\" loading=\"lazy\" srcset=\"https:\/\/icf.church\/zuerich\/wp-content\/uploads\/sites\/2\/2026\/05\/icf-teens-celebration3-1024x683.jpg 1024w, https:\/\/icf.church\/zuerich\/wp-content\/uploads\/sites\/2\/2026\/05\/icf-teens-celebration3-300x200.jpg 300w, https:\/\/icf.church\/zuerich\/wp-content\/uploads\/sites\/2\/2026\/05\/icf-teens-celebration3-768x512.jpg 768w, https:\/\/icf.church\/zuerich\/wp-content\/uploads\/sites\/2\/2026\/05\/icf-teens-celebration3-1536x1024.jpg 1536w, https:\/\/icf.church\/zuerich\/wp-content\/uploads\/sites\/2\/2026\/05\/icf-teens-celebration3-2048x1366.jpg 2048w\" sizes=\"(max-width: 1024px) 100vw, 1024px\">    <div class=\"card-body\">\n    <h3 class=\"card-title\">Celebration<\/h3>\n    <p class=\"card-text\">Unser Highlight an jedem Sonntag \u2013 die Celebrations \u2013 wo wir zusammen Gott feiern und Zeit mit unseren Freunden verbringen.<br>Es erwartet dich eine abwechslungsreiche Celebration mit Worship, Games, Gemeinschaft in den Smallgroups und eine gute Verpflegung an der Bar.<\/p>\n      <\/div>\n<\/article><\/div>\n\n\n<div id=\"block-39\" class=\"col wp-block-yellowtree-column col-12 col-lg-4 d-flex flex-column with-streched-height-children align-items-stretch align-items-lg-stretch\">\n  <article id=\"block-38\" data-bs-theme=\"dark\" class=\"wp-block-yellowtree-card card has-context-height\" style=\"--card-img-position:50% 50%\">\n        <img decoding=\"async\" width=\"1024\" height=\"783\" src=\"https:\/\/icf.church\/zuerich\/wp-content\/uploads\/sites\/2\/2026\/05\/icf-teens-small-group-1024x783.jpg\" class=\"card-img-top\" alt=\"\" draggable=\"false\" loading=\"lazy\" srcset=\"https:\/\/icf.church\/zuerich\/wp-content\/uploads\/sites\/2\/2026\/05\/icf-teens-small-group-1024x783.jpg 1024w, https:\/\/icf.church\/zuerich\/wp-content\/uploads\/sites\/2\/2026\/05\/icf-teens-small-group-300x229.jpg 300w, https:\/\/icf.church\/zuerich\/wp-content\/uploads\/sites\/2\/2026\/05\/icf-teens-small-group-768x587.jpg 768w, https:\/\/icf.church\/zuerich\/wp-content\/uploads\/sites\/2\/2026\/05\/icf-teens-small-group-1536x1174.jpg 1536w, https:\/\/icf.church\/zuerich\/wp-content\/uploads\/sites\/2\/2026\/05\/icf-teens-small-group.jpg 2032w\" sizes=\"(max-width: 1024px) 100vw, 1024px\">    <div class=\"card-body\">\n    <h3 class=\"card-title\">Smallgroup<\/h3>\n    <p class=\"card-text\">In den Smallgroups verbringen wir in Gruppen von 4-8 Jungs oder M\u00e4dchen Zeit w\u00e4hrend der Celebration, in der wir \u00fcber die Message reden, austauschen und f\u00fcr einander beten.<\/p>\n      <\/div>\n<\/article><\/div>\n\n\n<div id=\"block-41\" class=\"col wp-block-yellowtree-column col-12 col-lg-4 d-flex flex-column with-streched-height-children align-items-stretch align-items-lg-stretch\">\n  <article id=\"block-40\" data-bs-theme=\"dark\" class=\"wp-block-yellowtree-card card has-context-height\" style=\"--card-img-position:50% 50%\">\n        <img decoding=\"async\" width=\"1024\" height=\"576\" src=\"https:\/\/icf.church\/zuerich\/wp-content\/uploads\/sites\/2\/2026\/05\/icf-teens-lasertag-1024x576.jpg\" class=\"card-img-top\" alt=\"\" draggable=\"false\" loading=\"lazy\" srcset=\"https:\/\/icf.church\/zuerich\/wp-content\/uploads\/sites\/2\/2026\/05\/icf-teens-lasertag-1024x576.jpg 1024w, https:\/\/icf.church\/zuerich\/wp-content\/uploads\/sites\/2\/2026\/05\/icf-teens-lasertag-300x169.jpg 300w, https:\/\/icf.church\/zuerich\/wp-content\/uploads\/sites\/2\/2026\/05\/icf-teens-lasertag-768x432.jpg 768w, https:\/\/icf.church\/zuerich\/wp-content\/uploads\/sites\/2\/2026\/05\/icf-teens-lasertag-1536x864.jpg 1536w, https:\/\/icf.church\/zuerich\/wp-content\/uploads\/sites\/2\/2026\/05\/icf-teens-lasertag.jpg 1920w\" sizes=\"(max-width: 1024px) 100vw, 1024px\">    <div class=\"card-body\">\n    <h3 class=\"card-title\">Funday Sunday+<\/h3>\n    <p class=\"card-text\">Das ICF Teens ist nach der Celebration noch nicht fertig. Jeweils 1x pro Monat finden am Sonntagnachmittag ein Funday Sunday+ statt, wie Lasertag, Nerfgun, B\u00f6\u00f6tle, City Game etc.<\/p>\n      <\/div>\n<\/article><\/div>\n        <\/div>\n          <\/div>\n<\/div>\n\n<div id=\"block-45\" class=\"teens-blue pt-2 pb-2 alignfull is-layout-constrained\">\n  <div>\n            <div class=\"row gx-4 gy-4 \">\n          \n\n<div id=\"block-44\" class=\"col wp-block-yellowtree-column col-12 d-flex flex-column with-streched-height-children align-items-stretch align-items-md-stretch\">\n  <h1 id=\"block-43\" class=\"h1 text-start\">\n  Big Events<\/h1><\/div>\n        <\/div>\n          <\/div>\n<\/div>\n\n<div id=\"block-54\" class=\"teens-blue pt-2 pb-2 alignfull is-layout-constrained\">\n  <div>\n            <div class=\"row gx-4 gy-4 \">\n          \n\n<div id=\"block-47\" class=\"col wp-block-yellowtree-column col-12 col-lg-4 d-flex flex-column with-streched-height-children align-items-stretch align-items-lg-stretch\">\n  <article id=\"block-46\" data-bs-theme=\"dark\" class=\"wp-block-yellowtree-card card has-context-height\" style=\"--card-img-position:50% 50%\">\n        <img decoding=\"async\" width=\"1024\" height=\"683\" src=\"https:\/\/icf.church\/zuerich\/wp-content\/uploads\/sites\/2\/2026\/08\/graduation-1-1024x683.jpg\" class=\"card-img-top\" alt=\"\" draggable=\"false\" loading=\"lazy\" srcset=\"https:\/\/icf.church\/zuerich\/wp-content\/uploads\/sites\/2\/2026\/08\/graduation-1-1024x683.jpg 1024w, https:\/\/icf.church\/zuerich\/wp-content\/uploads\/sites\/2\/2026\/08\/graduation-1-300x200.jpg 300w, https:\/\/icf.church\/zuerich\/wp-content\/uploads\/sites\/2\/2026\/08\/graduation-1-768x512.jpg 768w, https:\/\/icf.church\/zuerich\/wp-content\/uploads\/sites\/2\/2026\/08\/graduation-1-1536x1024.jpg 1536w, https:\/\/icf.church\/zuerich\/wp-content\/uploads\/sites\/2\/2026\/08\/graduation-1-2048x1365.jpg 2048w\" sizes=\"(max-width: 1024px) 100vw, 1024px\">    <div class=\"card-body\">\n    <h3 class=\"card-title\">Graduation (Konfirmation)<\/h3>\n    <p class=\"card-text\">Graduation ist die moderne Art f\u00fcr<br>\u201cUnterrichtsabschluss\/Konfirmation\u201d in unserer Kirche. Wir m\u00f6chten den<br>Jugendlichen die Plattform bieten, bewusst mit Jesus an ihrer Seite ins<br>Erwachsenenleben zu starten.<br>Angesprochen sind alle Jugendlichen, welche in diesem Sommer die<br>Sekundarschule abschliessen. Dies bedeutet bei uns auch den Wechsel in das ICF Youth, die Altersstufe f\u00fcr alle<br>16-19 j\u00e4hrigen im ICF Z\u00fcrich.<\/p>\n      <\/div>\n<\/article><\/div>\n\n\n<div id=\"block-49\" class=\"col wp-block-yellowtree-column col-12 col-lg-4 d-flex flex-column with-streched-height-children align-items-stretch align-items-lg-stretch\">\n  <article id=\"block-48\" data-bs-theme=\"dark\" class=\"wp-block-yellowtree-card card has-context-height\" style=\"--card-img-position:50% 50%\">\n        <img decoding=\"async\" width=\"1024\" height=\"683\" src=\"https:\/\/icf.church\/zuerich\/wp-content\/uploads\/sites\/2\/2026\/05\/camps-1024x683.jpeg\" class=\"card-img-top\" alt=\"Ein gro\u00dfer Gruppenfoto von Teenagern in einem Raum mit gro\u00dfen Fenstern und Holzdecke.\" draggable=\"false\" loading=\"lazy\" srcset=\"https:\/\/icf.church\/zuerich\/wp-content\/uploads\/sites\/2\/2026\/05\/camps-1024x683.jpeg 1024w, https:\/\/icf.church\/zuerich\/wp-content\/uploads\/sites\/2\/2026\/05\/camps-300x200.jpeg 300w, https:\/\/icf.church\/zuerich\/wp-content\/uploads\/sites\/2\/2026\/05\/camps-768x512.jpeg 768w, https:\/\/icf.church\/zuerich\/wp-content\/uploads\/sites\/2\/2026\/05\/camps-1536x1024.jpeg 1536w, https:\/\/icf.church\/zuerich\/wp-content\/uploads\/sites\/2\/2026\/05\/camps.jpeg 1920w\" sizes=\"(max-width: 1024px) 100vw, 1024px\">    <div class=\"card-body\">\n    <h3 class=\"card-title\">Summercamp<\/h3>\n    <p class=\"card-text\">Jedes Jahr bieten wir im ICF Teens ein Summercamp an. Dort erleben wir geniale Zeiten mit Gott und es entstehen viele neue Freundschaften. Zudem gibt es verschiedene Workshops, in denen Talente entdeckt und Gaben gef\u00f6rdert werden k\u00f6nnen.<br><br>Leider ist das Summercamp 2026 schon ausgebucht.<\/p>\n      <\/div>\n<\/article><\/div>\n\n\n<div id=\"block-53\" class=\"col wp-block-yellowtree-column col-12 col-lg-4 d-flex flex-column with-streched-height-children align-items-stretch align-items-lg-stretch\">\n  <article id=\"block-52\" data-bs-theme=\"dark\" class=\"wp-block-yellowtree-card card has-context-height\" style=\"--card-img-position:50% 50%\">\n        <img decoding=\"async\" width=\"1024\" height=\"576\" src=\"https:\/\/icf.church\/zuerich\/wp-content\/uploads\/sites\/2\/2026\/05\/key01_jfc26_slide-1024x576.jpg\" class=\"card-img-top\" alt=\"Gruppe von Jugendlichen auf einem Konzert oder Event, einige mit erhobenen H\u00e4nden.\" draggable=\"false\" loading=\"lazy\" srcset=\"https:\/\/icf.church\/zuerich\/wp-content\/uploads\/sites\/2\/2026\/05\/key01_jfc26_slide-1024x576.jpg 1024w, https:\/\/icf.church\/zuerich\/wp-content\/uploads\/sites\/2\/2026\/05\/key01_jfc26_slide-300x169.jpg 300w, https:\/\/icf.church\/zuerich\/wp-content\/uploads\/sites\/2\/2026\/05\/key01_jfc26_slide-768x432.jpg 768w, https:\/\/icf.church\/zuerich\/wp-content\/uploads\/sites\/2\/2026\/05\/key01_jfc26_slide-1536x864.jpg 1536w, https:\/\/icf.church\/zuerich\/wp-content\/uploads\/sites\/2\/2026\/05\/key01_jfc26_slide-2048x1152.jpg 2048w\" sizes=\"(max-width: 1024px) 100vw, 1024px\">    <div class=\"card-body\">\n    <h3 class=\"card-title\">Jesus First Camp<\/h3>\n    <p class=\"card-text\">Im Jesus First Camp (29.12. \u2013 01.01.) werden wir gemeinsam Gott in kraftvollem Worship begegnen, von inspirierenden Speakern lernen und in Small Groups das Erlebte festigen. Wir wollen Jesus \u00e4hnlicher werden, \u00c4ngste ablegen und Gottes Herzschlag f\u00fcr dein Leben sp\u00fcren. Gemeinsam machen wir uns bereit, Jesus in unsere Stadt zu bringen und Kirche zu bauen.<br><br>Das Jesus First Camp ist deine Chance, deine Wurzeln tief in Jesus zu verankern und mit einem klaren Fokus in das neue Jahr zu starten.<br><br>LET\u2019S PUT JESUS FIRST!<\/p>\n    <div id=\"block-51\" class=\"wp-block-yellowtree-card-buttons card-buttons\">\n  \n\n  <div>\n    <a id=\"block-50\" href=\"https:\/\/icf.church\/jesusfirst\" class=\"wp-block-yellowtree-card-button btn btn-sm btn-secondary\">\n      <span>Mehr Infos &amp; Anmeldung<\/span>\n              <i class=\"icon fs-base-const fa-arrow-right\" aria-hidden=\"true\"><\/i>\n          <\/a>\n  <\/div>\n\n<\/div>  <\/div>\n<\/article><\/div>\n        <\/div>\n          <\/div>\n<\/div>","protected":false},"excerpt":{"rendered":"","protected":false},"author":5,"featured_media":0,"parent":988,"menu_order":0,"comment_status":"closed","ping_status":"closed","template":"","meta":{"_acf_changed":false,"_seopress_titles_title":"","_seopress_titles_desc":"","_seopress_robots_index":"","_seopress_robots_follow":"","_seopress_robots_imageindex":"","_seopress_robots_snippet":"","_seopress_robots_primary_cat":"","_seopress_robots_breadcrumbs":"","_seopress_robots_freeze_modified_date":"","_seopress_robots_custom_modified_date":"","_seopress_robots_canonical":"","_seopress_social_fb_title":"","_seopress_social_fb_desc":"","_seopress_social_fb_img":"","_seopress_social_fb_img_attachment_id":0,"_seopress_social_fb_img_width":0,"_seopress_social_fb_img_height":0,"_seopress_social_twitter_title":"","_seopress_social_twitter_desc":"","_seopress_social_twitter_img":"","_seopress_social_twitter_img_attachment_id":0,"_seopress_social_twitter_img_width":0,"_seopress_social_twitter_img_height":0,"_seopress_redirections_value":"","_seopress_redirections_enabled":"","_seopress_redirections_enabled_regex":"","_seopress_redirections_logged_status":"both","_seopress_redirections_param":"","_seopress_redirections_type":301,"_seopress_analysis_target_kw":"","_seopress_news_disabled":"","_seopress_video_disabled":"","_seopress_video":[{"url":"","title":"","desc":"","thumbnail":"","duration":"","rating":"","view_count":"","tag":""}],"_seopress_pro_schemas_manual":[],"_seopress_pro_rich_snippets_disable_all":"","_seopress_pro_rich_snippets_disable":[],"_seopress_pro_schemas":[],"yt_custom_styles_scss":"","yt_custom_styles_rounded_corners":false,"yt_custom_styles_color_scheme":"","footnotes":""},"class_list":["post-1360","page","type-page","status-publish","hentry"],"acf":[],"_links":{"self":[{"href":"https:\/\/icf.church\/zuerich\/de\/wp-json\/wp\/v2\/pages\/1360","targetHints":{"allow":["GET"]}}],"collection":[{"href":"https:\/\/icf.church\/zuerich\/de\/wp-json\/wp\/v2\/pages"}],"about":[{"href":"https:\/\/icf.church\/zuerich\/de\/wp-json\/wp\/v2\/types\/page"}],"author":[{"embeddable":true,"href":"https:\/\/icf.church\/zuerich\/de\/wp-json\/wp\/v2\/users\/5"}],"replies":[{"embeddable":true,"href":"https:\/\/icf.church\/zuerich\/de\/wp-json\/wp\/v2\/comments?post=1360"}],"version-history":[{"count":21,"href":"https:\/\/icf.church\/zuerich\/de\/wp-json\/wp\/v2\/pages\/1360\/revisions"}],"predecessor-version":[{"id":14433,"href":"https:\/\/icf.church\/zuerich\/de\/wp-json\/wp\/v2\/pages\/1360\/revisions\/14433"}],"up":[{"embeddable":true,"href":"https:\/\/icf.church\/zuerich\/de\/wp-json\/wp\/v2\/pages\/988"}],"wp:attachment":[{"href":"https:\/\/icf.church\/zuerich\/de\/wp-json\/wp\/v2\/media?parent=1360"}],"curies":[{"name":"wp","href":"https:\/\/api.w.org\/{rel}","templated":true}]}}