{"id":258,"date":"2025-07-24T11:58:05","date_gmt":"2025-07-24T09:58:05","guid":{"rendered":"https:\/\/new.icf.church\/zuerich\/?page_id=258"},"modified":"2026-08-27T13:32:28","modified_gmt":"2026-08-27T11:32:28","slug":"micro-churches","status":"publish","type":"page","link":"https:\/\/icf.church\/zuerich\/de\/micro-churches\/","title":{"rendered":"Micro Churches"},"content":{"rendered":"<div id=\"block-5\" class=\"pt-2 pb-2 alignfull is-layout-constrained\">\n  <div>\n            <div class=\"row gx-4 gy-4 \">\n          \n\n<div id=\"block-4\" class=\"col wp-block-yellowtree-column col-12 d-flex flex-column with-streched-height-children align-items-stretch align-items-md-stretch\">\n  <h1 id=\"block-1\" class=\"mt-4 mb-4 h1 text-start\">\n  ERLEBE ICF Z\u00dcRICH ZUHAUSE MIT DEINEN FREUNDEN<\/h1>\n\n<p id=\"block-2\" class=\"mb-6 text-start wp-block-paragraph\">\n  Du wohnst nicht in Z\u00fcrich und m\u00f6chtest trotzdem Teil der ICF Church Family sein?<br>Micro Churches sind kleine Gemeinschaften an vielen verschiedenen Orten. Familien und Teams \u00f6ffnen ihre Wohnzimmer oder treffen sich an anderen Locations, um gemeinsam die ICF Z\u00fcrich Celebration zu erleben, zu essen, zu lachen, Leben zu teilen und im Glauben zu wachsen.<br>Kirche wird pers\u00f6nlich. Nah. Echt.<\/p>\n\n\n<figure class=\"wp-embed-aspect-16-9 wp-has-aspect-ratio wp-block-embed has-context-height is-provider-youtube is-type-video\">\n  <div class=\"ratio\" style=\"--bs-aspect-ratio:56.25%\">\n          <div class=\"media-defer rounded overflow-hidden bg-black\" data-defer-target=\"iframe\" data-defer-url=\"https:\/\/www.youtube.com\/embed\/yxpV1-H3pPk?feature=oembed&amp;autoplay=1&amp;iv_load_policy=3&amp;rel=0&amp;dnt=0\" data-consent-required=\"marketing\">\n\n        <div class=\"media-defer__content h-100\" style=\"display: none;\">\n          <iframe width=\"500\" height=\"281\" frameborder=\"0\" allow=\"accelerometer; autoplay; clipboard-write; encrypted-media; gyroscope; picture-in-picture; web-share\" referrerpolicy=\"strict-origin-when-cross-origin\" allowfullscreen title=\"Micro Church Website\"><\/iframe>        <\/div>\n\n        <div class=\"media-defer__placeholder h-100 position-relative\">\n          <img decoding=\"async\" class=\"video-thumbnail w-100 h-100 object-fit-cover\" src=\"https:\/\/icf.church\/zuerich\/wp-content\/uploads\/sites\/2\/youtube-thumbs\/yxpV1-H3pPk-hqdefault.jpg\" srcset=\"https:\/\/icf.church\/zuerich\/wp-content\/uploads\/sites\/2\/youtube-thumbs\/yxpV1-H3pPk-maxresdefault.jpg 1280w, https:\/\/icf.church\/zuerich\/wp-content\/uploads\/sites\/2\/youtube-thumbs\/yxpV1-H3pPk-hqdefault.jpg 480w, https:\/\/icf.church\/zuerich\/wp-content\/uploads\/sites\/2\/youtube-thumbs\/yxpV1-H3pPk-sddefault.jpg 640w\" sizes=\"(max-width: 2560px) 100vw, 2560px\" alt=\"Micro Church Website\" draggable=\"false\" loading=\"lazy\">\n\n          <button class=\"video-toggle show\" type=\"button\" aria-label=\"Inhalte abspielen\">\n          <\/button>\n\n                      <img decoding=\"async\" class=\"position-absolute end-0 bottom-0 video-provider-image\" src=\"https:\/\/icf.church\/zuerich\/wp-content\/themes\/icf\/assets\/youtube-type-logo.svg\" alt=\"YouTube\" loading=\"lazy\">\n          \n          <div data-consent=\"marketing\" data-inverse class=\"position-absolute bottom-0 start-0 end-0 p-3 text-white bg-black bg-opacity-50 text-center\">\n            <p class=\"mb-0 small\">\n              \ud83c\udfa5 Mit deinem Klick werden Inhalte von Youtube geladen. Dabei erlaubst du Cookies f\u00fcr marketing. Mehr dazu in unserer  <a href=\"https:\/\/icf.church\/zuerich\/de\/datenschutz\/\" class=\"text-white\">Datenschutzerkl\u00e4rung<\/a>.            <\/p>\n          <\/div>\n        <\/div>\n      <\/div>\n      <\/div>\n\n  <\/figure><\/div>\n        <\/div>\n          <\/div>\n<\/div>\n\n<div id=\"block-10\" class=\"pt-2 pb-2 alignfull is-layout-constrained\">\n  <div>\n            <div class=\"row gx-4 gy-4 \">\n          \n\n<div id=\"block-7\" class=\"col wp-block-yellowtree-column col-12 col-md-6 d-flex flex-column with-streched-height-children align-items-center align-items-md-center\">\n  <div>\n    <a id=\"block-6\" href=\"https:\/\/icf.church\/de\/standorte\/?status=microchurch&amp;map=1\" rel=\"\" target=\"_blank\" class=\"wp-block-yellowtree-button-link btn btn-default btn-sm\">\n      <span>Micro Church finden<\/span>\n          <\/a>\n  <\/div><\/div>\n\n\n<div id=\"block-9\" class=\"col wp-block-yellowtree-column col-12 col-md-6 d-flex flex-column with-streched-height-children align-items-center align-items-md-center\">\n  <div>\n    <a id=\"block-8\" href=\"#starten\" rel=\"\" class=\"wp-block-yellowtree-button-link btn btn-default btn-sm\">\n      <span>Micro Church starten<\/span>\n          <\/a>\n  <\/div><\/div>\n        <\/div>\n          <\/div>\n<\/div>\n\n<div id=\"block-17\" class=\"pt-2 pb-2 alignfull is-layout-constrained\">\n  <div>\n            <div class=\"row gx-4 gy-4 \">\n          \n\n<div id=\"block-16\" class=\"col wp-block-yellowtree-column col-12 d-flex flex-column with-streched-height-children align-items-center align-items-md-center\">\n  <h2 id=\"block-11\" class=\"mt-6 mb-4 h2 text-start\">\n  Finde eine Micro Church in deiner N\u00e4he<\/h2>\n\n<p id=\"block-12\" class=\"text-start wp-block-paragraph\">\n  Vielleicht gibt es schon eine Micro Church ganz in deiner Region.<\/p>\n\n<p id=\"block-13\" class=\"text-start wp-block-paragraph\">\n  Auf der Karte findest du alle Standorte. Kontaktiere direkt die lokale Leitung, um weitere Infos zu erhalten oder deine Fragen zu stellen.<\/p>\n\n<p id=\"block-14\" class=\"text-start wp-block-paragraph\">\n  Gemeinsam feiern. Gemeinsam wachsen. Gemeinsam unterwegs sein.<\/p>\n\n\n  <div>\n    <a id=\"block-15\" href=\"https:\/\/icf.church\/de\/standorte\/?status=microchurch&amp;map=1\" rel=\"\" target=\"_blank\" class=\"wp-block-yellowtree-button-link btn btn-default btn-sm\">\n      <span>Micro Church finden<\/span>\n          <\/a>\n  <\/div><\/div>\n        <\/div>\n          <\/div>\n<\/div>\n\n<p id=\"test\" class=\"text-start wp-block-paragraph\">\n  <\/p>\n\n<div id=\"starten-2\" class=\"pt-2 pb-2 alignfull is-layout-constrained\">\n  <div>\n            <div class=\"row gx-4 gy-4 \">\n          \n\n<div id=\"starten-2\" class=\"col wp-block-yellowtree-column col-12 d-flex flex-column with-streched-height-children align-items-center align-items-md-center\">\n  <h2 id=\"starten\" class=\"mt-6 h2 text-start\">\n  Starte deine eigene Micro Church<\/h2>\n\n<p id=\"block-18\" class=\"text-start wp-block-paragraph\">\n  Du hast auf dem Herzen, Kirche in deiner Region m\u00f6glich zu machen?<\/p>\n\n<p id=\"block-19\" class=\"text-start wp-block-paragraph\">\n  So einfach geht\u2019s:<\/p><\/div>\n        <\/div>\n          <\/div>\n<\/div>\n\n<div id=\"block-25\" class=\"pt-2 pb-2 alignfull is-layout-constrained\">\n  <div>\n            <div class=\"row gx-4 gy-4 \">\n          \n\n<div id=\"block-24\" class=\"col wp-block-yellowtree-column col-12 d-flex flex-column with-streched-height-children align-items-stretch align-items-md-stretch\">\n  <div id=\"block-23\" class=\"alignfull is-layout-constrained\">\n  <swiper-container init=\"false\" data-yt-template=\"3-col\" data-yt-pagination=\"true\" data-yt-navigation=\"false\" class=\"has-full-height-slides \">\n          <swiper-slide><article id=\"block-20\" data-bs-theme=\"dark\" class=\"wp-block-yellowtree-card card has-context-height\" style=\"--card-img-position:50% 50%\">\n        <img decoding=\"async\" width=\"1024\" height=\"685\" src=\"https:\/\/icf.church\/zuerich\/wp-content\/uploads\/sites\/2\/2025\/07\/jimmy-dean-Qngdf0kgGB4-unsplash-scaled-1-1024x685.jpg\" class=\"card-img-top\" alt=\"Familie sitzt an einem Tisch im hellen Wohnzimmer, Kinder und Erwachsene essen.\" draggable=\"false\" loading=\"lazy\" srcset=\"https:\/\/icf.church\/zuerich\/wp-content\/uploads\/sites\/2\/2025\/07\/jimmy-dean-Qngdf0kgGB4-unsplash-scaled-1-1024x685.jpg 1024w, https:\/\/icf.church\/zuerich\/wp-content\/uploads\/sites\/2\/2025\/07\/jimmy-dean-Qngdf0kgGB4-unsplash-scaled-1-300x201.jpg 300w, https:\/\/icf.church\/zuerich\/wp-content\/uploads\/sites\/2\/2025\/07\/jimmy-dean-Qngdf0kgGB4-unsplash-scaled-1-768x514.jpg 768w, https:\/\/icf.church\/zuerich\/wp-content\/uploads\/sites\/2\/2025\/07\/jimmy-dean-Qngdf0kgGB4-unsplash-scaled-1-1536x1027.jpg 1536w, https:\/\/icf.church\/zuerich\/wp-content\/uploads\/sites\/2\/2025\/07\/jimmy-dean-Qngdf0kgGB4-unsplash-scaled-1-2048x1370.jpg 2048w\" sizes=\"(max-width: 1024px) 100vw, 1024px\">    <div class=\"card-body\">\n    <h3 class=\"card-title\">STEP 1<\/h3>\n    <p class=\"card-text\">Melde dich bei uns oder finde heraus, ob es bereits eine Micro Church in deiner N\u00e4he gibt.<\/p>\n      <\/div>\n<\/article><\/swiper-slide>\n          <swiper-slide><article id=\"block-21\" data-bs-theme=\"dark\" class=\"wp-block-yellowtree-card card has-context-height\" style=\"--card-img-position:50% 50%\">\n        <img decoding=\"async\" width=\"1024\" height=\"683\" src=\"https:\/\/icf.church\/zuerich\/wp-content\/uploads\/sites\/2\/2025\/07\/terren-hurst-NVMfrTbiDso-unsplash-scaled-1-1024x683.jpg\" class=\"card-img-top\" alt=\"Mehrere Menschen sitzen und stehen in einem Raum mit Holzdecke und Dekorationen.\" draggable=\"false\" loading=\"lazy\" srcset=\"https:\/\/icf.church\/zuerich\/wp-content\/uploads\/sites\/2\/2025\/07\/terren-hurst-NVMfrTbiDso-unsplash-scaled-1-1024x683.jpg 1024w, https:\/\/icf.church\/zuerich\/wp-content\/uploads\/sites\/2\/2025\/07\/terren-hurst-NVMfrTbiDso-unsplash-scaled-1-300x200.jpg 300w, https:\/\/icf.church\/zuerich\/wp-content\/uploads\/sites\/2\/2025\/07\/terren-hurst-NVMfrTbiDso-unsplash-scaled-1-768x512.jpg 768w, https:\/\/icf.church\/zuerich\/wp-content\/uploads\/sites\/2\/2025\/07\/terren-hurst-NVMfrTbiDso-unsplash-scaled-1-1536x1024.jpg 1536w, https:\/\/icf.church\/zuerich\/wp-content\/uploads\/sites\/2\/2025\/07\/terren-hurst-NVMfrTbiDso-unsplash-scaled-1-2048x1366.jpg 2048w\" sizes=\"(max-width: 1024px) 100vw, 1024px\">    <div class=\"card-body\">\n    <h3 class=\"card-title\">STEP 2<\/h3>\n    <p class=\"card-text\">Lade Familie, Freunde oder Menschen aus deiner Region ein.<\/p>\n      <\/div>\n<\/article><\/swiper-slide>\n          <swiper-slide><article id=\"block-22\" data-bs-theme=\"dark\" class=\"wp-block-yellowtree-card card has-context-height\" style=\"--card-img-position:50% 50%\">\n        <img decoding=\"async\" width=\"1024\" height=\"683\" src=\"https:\/\/icf.church\/zuerich\/wp-content\/uploads\/sites\/2\/2025\/07\/toa-heftiba-sn5YdKelBsg-unsplash-scaled-1-1024x683.jpg\" class=\"card-img-top\" alt=\"Mehrere Menschen sitzen an Tischen in einem hellen Raum mit gro\u00dfen Fenstern.\" draggable=\"false\" loading=\"lazy\" srcset=\"https:\/\/icf.church\/zuerich\/wp-content\/uploads\/sites\/2\/2025\/07\/toa-heftiba-sn5YdKelBsg-unsplash-scaled-1-1024x683.jpg 1024w, https:\/\/icf.church\/zuerich\/wp-content\/uploads\/sites\/2\/2025\/07\/toa-heftiba-sn5YdKelBsg-unsplash-scaled-1-300x200.jpg 300w, https:\/\/icf.church\/zuerich\/wp-content\/uploads\/sites\/2\/2025\/07\/toa-heftiba-sn5YdKelBsg-unsplash-scaled-1-768x512.jpg 768w, https:\/\/icf.church\/zuerich\/wp-content\/uploads\/sites\/2\/2025\/07\/toa-heftiba-sn5YdKelBsg-unsplash-scaled-1-1536x1024.jpg 1536w, https:\/\/icf.church\/zuerich\/wp-content\/uploads\/sites\/2\/2025\/07\/toa-heftiba-sn5YdKelBsg-unsplash-scaled-1-2048x1366.jpg 2048w\" sizes=\"(max-width: 1024px) 100vw, 1024px\">    <div class=\"card-body\">\n    <h3 class=\"card-title\">STEP 3<\/h3>\n    <p class=\"card-text\">Werde Teil der globalen ICF Community und bring Kirche in dein Wohnzimmer.<\/p>\n      <\/div>\n<\/article><\/swiper-slide>\n      <\/swiper-container>\n<\/div><\/div>\n        <\/div>\n          <\/div>\n<\/div>\n\n<div id=\"block-29\" class=\"pt-2 pb-2 alignfull is-layout-constrained\">\n  <div>\n            <div class=\"row gx-4 gy-4 \">\n          \n\n<div id=\"block-28\" class=\"col wp-block-yellowtree-column col-12 d-flex flex-column with-streched-height-children align-items-center align-items-md-center\">\n  <h6 id=\"block-26\" class=\"mt-7 h6 text-start\">\n  Hast du Interesse eine Micro Church zu starten?<\/h6>\n\n\n  <div>\n    <a id=\"block-27\" href=\"http:\/\/icfzurich.elvanto.eu\/form\/589129fc-d510-4a3f-bbaa-7500a8066e30\/\" rel=\"\" class=\"wp-block-yellowtree-button-link btn btn-default\">\n      <span>Melde dich bei uns<\/span>\n          <\/a>\n  <\/div><\/div>\n        <\/div>\n          <\/div>\n<\/div>\n\n<div id=\"block-54\" class=\"pt-2 pb-2 alignfull is-layout-constrained\">\n  <div>\n            <div class=\"row gx-4 gy-4 \">\n          \n\n<div id=\"block-53\" class=\"col wp-block-yellowtree-column col-12 d-flex flex-column with-streched-height-children align-items-stretch align-items-md-stretch\">\n  <h2 id=\"block-30\" class=\"h2 text-start\">\n  FAQ \u2013 Micro Church starten<\/h2>\n\n\n<div id=\"block-52\" class=\"accordion\">\n  <body>\n\n<div id=\"block-34\" data-bs-theme=\"dark\" class=\"overflow-hidden wp-block-yellowtree-accordion-item\">\n  <div class=\"accordion-header\">\n    <button class=\"accordion-button rounded-0 collapsed focus-ring-inset\" type=\"button\" data-bs-toggle=\"collapse\" data-bs-target=\"#block-34-collapse\" aria-expanded=\"false\" aria-controls=\"block-34-collapse\">\n      <div>\n        <h3 class=\"mb-0\">\n          Welche Voraussetzungen braucht es, um eine Micro Church zu starten?        <\/h3>\n              <\/div>\n      <div class=\"ms-auto accordion-icons icon-container-base\">\n        <i class=\"icon fa-arrow-right accordion-icon-default\"><\/i>\n        <i class=\"icon fa-close accordion-icon-alt\"><\/i>\n      <\/div>\n    <\/button>\n  <\/div>\n  <div id=\"block-34-collapse\" class=\"accordion-collapse collapse \">\n    <div class=\"accordion-body pt-0\">\n      <p id=\"block-31\" class=\"text-start wp-block-paragraph\">\n  F\u00fcr den Start einer Micro Church braucht es:<\/p>\n\n\n<ul class=\"wp-block-list\">\n<li>Zwei Personen \u2013 eine Frau und einen Mann \u2013, die gemeinsam die Verantwortung \u00fcbernehmen<\/li>\n\n\n\n<li>Einen passenden Treffpunkt, zum Beispiel ein Wohnzimmer oder einen anderen geeigneten Raum<\/li>\n\n\n\n<li>Die Bereitschaft, sich regelm\u00e4ssig zu treffen und so eine verl\u00e4ssliche Community aufzubauen<\/li>\n<\/ul>\n\n\n<p id=\"block-32\" class=\"text-start wp-block-paragraph\">\n  Idealerweise hast du bereits den <a href=\"https:\/\/icf.church\/zuerich\/de\/connect\/\"><strong class=\"myprefix-text-bold\">Connect-Prozess<\/strong><\/a> durchlaufen. Falls nicht, empfehlen wir dir, die verschiedenen Videos anzuschauen und das ICF besser kennenzulernen.<\/p>\n\n<p id=\"block-33\" class=\"text-start wp-block-paragraph\">\n  Im weiteren Verlauf wirst du zudem das <strong class=\"myprefix-text-bold\">ICF Leadership Training<\/strong> besuchen. Es vermittelt dir wichtige Grundlagen und bereitet dich auf deine Leitungsaufgabe vor.<\/p>    <\/div>\n  <\/div>\n<\/div>\n\n\n<div id=\"block-37\" data-bs-theme=\"dark\" class=\"overflow-hidden wp-block-yellowtree-accordion-item\">\n  <div class=\"accordion-header\">\n    <button class=\"accordion-button rounded-0 collapsed focus-ring-inset\" type=\"button\" data-bs-toggle=\"collapse\" data-bs-target=\"#block-37-collapse\" aria-expanded=\"false\" aria-controls=\"block-37-collapse\">\n      <div>\n        <h3 class=\"mb-0\">\n          Wie l\u00e4uft eine Micro Church konkret ab?        <\/h3>\n              <\/div>\n      <div class=\"ms-auto accordion-icons icon-container-base\">\n        <i class=\"icon fa-arrow-right accordion-icon-default\"><\/i>\n        <i class=\"icon fa-close accordion-icon-alt\"><\/i>\n      <\/div>\n    <\/button>\n  <\/div>\n  <div id=\"block-37-collapse\" class=\"accordion-collapse collapse \">\n    <div class=\"accordion-body pt-0\">\n      <p id=\"block-35\" class=\"text-start wp-block-paragraph\">\n  Das kann ganz individuell aussehen: Viele Micro Churches fangen mit Kaffee und teilweise sogar Fr\u00fchst\u00fcck an und gehen dann \u00fcber in die Celebration. Andere fangen mit der Celebration an und essen Mittag zusammen. Wieder andere haben gar kein Essen.<\/p>\n\n<p id=\"block-36\" class=\"text-start wp-block-paragraph\">\n  Der Fokus liegt darauf, Gemeinschaft zu bauen, weswegen viele das Treffen mit Essen verbinden.<\/p>    <\/div>\n  <\/div>\n<\/div>\n\n\n<div id=\"block-39\" data-bs-theme=\"dark\" class=\"overflow-hidden wp-block-yellowtree-accordion-item\">\n  <div class=\"accordion-header\">\n    <button class=\"accordion-button rounded-0 collapsed focus-ring-inset\" type=\"button\" data-bs-toggle=\"collapse\" data-bs-target=\"#block-39-collapse\" aria-expanded=\"false\" aria-controls=\"block-39-collapse\">\n      <div>\n        <h3 class=\"mb-0\">\n          Ab welcher Anzahl von Leuten kann man eine Micro Church starten?        <\/h3>\n              <\/div>\n      <div class=\"ms-auto accordion-icons icon-container-base\">\n        <i class=\"icon fa-arrow-right accordion-icon-default\"><\/i>\n        <i class=\"icon fa-close accordion-icon-alt\"><\/i>\n      <\/div>\n    <\/button>\n  <\/div>\n  <div id=\"block-39-collapse\" class=\"accordion-collapse collapse \">\n    <div class=\"accordion-body pt-0\">\n      <p id=\"block-38\" class=\"text-start wp-block-paragraph\">\n  Die Voraussetzung sind zwei Personen, ein Mann und eine Frau, die als Leiter agieren und offen sind f\u00fcr neue Leute.<\/p>    <\/div>\n  <\/div>\n<\/div>\n\n\n<div id=\"block-42\" data-bs-theme=\"dark\" class=\"overflow-hidden wp-block-yellowtree-accordion-item\">\n  <div class=\"accordion-header\">\n    <button class=\"accordion-button rounded-0 collapsed focus-ring-inset\" type=\"button\" data-bs-toggle=\"collapse\" data-bs-target=\"#block-42-collapse\" aria-expanded=\"false\" aria-controls=\"block-42-collapse\">\n      <div>\n        <h3 class=\"mb-0\">\n          Was sind die Kosten bzw. wie funktioniert es mit den Spenden?        <\/h3>\n              <\/div>\n      <div class=\"ms-auto accordion-icons icon-container-base\">\n        <i class=\"icon fa-arrow-right accordion-icon-default\"><\/i>\n        <i class=\"icon fa-close accordion-icon-alt\"><\/i>\n      <\/div>\n    <\/button>\n  <\/div>\n  <div id=\"block-42-collapse\" class=\"accordion-collapse collapse \">\n    <div class=\"accordion-body pt-0\">\n      <p id=\"block-40\" class=\"text-start wp-block-paragraph\">\n  Es kostet nichts, eine Micro Church zu gr\u00fcnden und Teil vom ICF Z\u00fcrich zu werden. Einer unserer Werte ist Gro\u00dfz\u00fcgigkeit, und wir glauben daran, dass der zehnte Teil in die Church gespendet werden soll. So auch wenn man Teil einer Micro Church ist. Daher geht der zehnte Teil an das ICF in Z\u00fcrich.<\/p>\n\n<p id=\"block-41\" class=\"text-start wp-block-paragraph\">\n  Sollten f\u00fcr die Micro Church Kosten anfallen, kann dies mit dem ICF Z\u00fcrich besprochen werden. Wenn die Spenden aus Deutschland kommen, k\u00f6nnen wir eine Spendenquittung ausstellen.<\/p>    <\/div>\n  <\/div>\n<\/div>\n\n\n<div id=\"block-45\" data-bs-theme=\"dark\" class=\"overflow-hidden wp-block-yellowtree-accordion-item\">\n  <div class=\"accordion-header\">\n    <button class=\"accordion-button rounded-0 collapsed focus-ring-inset\" type=\"button\" data-bs-toggle=\"collapse\" data-bs-target=\"#block-45-collapse\" aria-expanded=\"false\" aria-controls=\"block-45-collapse\">\n      <div>\n        <h3 class=\"mb-0\">\n          Welche Unterst\u00fctzung bekommen wir bei der Organisation, bei rechtlichen Dingen \u2026? Wie ist man vernetzt?        <\/h3>\n              <\/div>\n      <div class=\"ms-auto accordion-icons icon-container-base\">\n        <i class=\"icon fa-arrow-right accordion-icon-default\"><\/i>\n        <i class=\"icon fa-close accordion-icon-alt\"><\/i>\n      <\/div>\n    <\/button>\n  <\/div>\n  <div id=\"block-45-collapse\" class=\"accordion-collapse collapse \">\n    <div class=\"accordion-body pt-0\">\n      <p id=\"block-43\" class=\"text-start wp-block-paragraph\">\n  Die Micro Church-Leiter sind eine eigene Community und stehen im st\u00e4ndigen Austausch. Wir haben mittlerweile \u00fcber 80 Leiter in diesen Gruppen.<\/p>\n\n<p id=\"block-44\" class=\"text-start wp-block-paragraph\">\n  Man ist in Coaching-Gruppen eingeteilt, um sich gegenseitig zu ermutigen, herauszufordern und gemeinsam f\u00fcr Anliegen zu beten. W\u00f6chentlich erh\u00e4lt man ein Video, in dem wir alle Micro Churches vorstellen, was diesen Sonntag alles passiert. Das Video kommt bis Donnerstagabend in der Micro Church Telegram-Gruppe.<\/p>    <\/div>\n  <\/div>\n<\/div>\n\n\n<div id=\"block-48\" data-bs-theme=\"dark\" class=\"overflow-hidden wp-block-yellowtree-accordion-item\">\n  <div class=\"accordion-header\">\n    <button class=\"accordion-button rounded-0 collapsed focus-ring-inset\" type=\"button\" data-bs-toggle=\"collapse\" data-bs-target=\"#block-48-collapse\" aria-expanded=\"false\" aria-controls=\"block-48-collapse\">\n      <div>\n        <h3 class=\"mb-0\">\n          Welche Technik brauchen wir, um zu streamen und \u00fcber welches Programm l\u00e4uft das?        <\/h3>\n              <\/div>\n      <div class=\"ms-auto accordion-icons icon-container-base\">\n        <i class=\"icon fa-arrow-right accordion-icon-default\"><\/i>\n        <i class=\"icon fa-close accordion-icon-alt\"><\/i>\n      <\/div>\n    <\/button>\n  <\/div>\n  <div id=\"block-48-collapse\" class=\"accordion-collapse collapse \">\n    <div class=\"accordion-body pt-0\">\n      <p id=\"block-46\" class=\"text-start wp-block-paragraph\">\n  Das h\u00e4ngt von der Gr\u00f6\u00dfe der Micro Church ab. In den meisten F\u00e4llen reicht ein Fernseher.<\/p>\n\n<p id=\"block-47\" class=\"text-start wp-block-paragraph\">\n  Wenn es mehr Leute sind, kann eine kleine Soundanlage sinnvoll sein, um den Sound zu verst\u00e4rken. Das h\u00e4ngt ganz davon ab, was ihr braucht.<\/p>    <\/div>\n  <\/div>\n<\/div>\n\n\n<div id=\"block-51\" data-bs-theme=\"dark\" class=\"overflow-hidden wp-block-yellowtree-accordion-item\">\n  <div class=\"accordion-header\">\n    <button class=\"accordion-button rounded-0 collapsed focus-ring-inset\" type=\"button\" data-bs-toggle=\"collapse\" data-bs-target=\"#block-51-collapse\" aria-expanded=\"false\" aria-controls=\"block-51-collapse\">\n      <div>\n        <h3 class=\"mb-0\">\n          Muss ich eine bestimmte Celebration streamen und muss es am Sonntag sein?        <\/h3>\n              <\/div>\n      <div class=\"ms-auto accordion-icons icon-container-base\">\n        <i class=\"icon fa-arrow-right accordion-icon-default\"><\/i>\n        <i class=\"icon fa-close accordion-icon-alt\"><\/i>\n      <\/div>\n    <\/button>\n  <\/div>\n  <div id=\"block-51-collapse\" class=\"accordion-collapse collapse \">\n    <div class=\"accordion-body pt-0\">\n      <p id=\"block-49\" class=\"text-start wp-block-paragraph\">\n  Man kann die Micro Church auch an einem anderen Wochentag hosten. In diesem Fall kann das ICF Z\u00fcrich den Stream zur Verf\u00fcgung stellen. Unsere Erfahrung ist, dass Sonntagvormittags der beste Zeitpunkt ist.<\/p>\n\n<p id=\"block-50\" class=\"text-start wp-block-paragraph\">\n  Es kann jede Celebration gestreamt werden. Unsere Celebrations sind in unterschiedlichen Sprachen:<\/p>\n\n\n<ul class=\"wp-block-list\">\n<li>9.30 Uhr &amp; 19 Uhr Hochdeutsch<\/li>\n\n\n\n<li>11.30 Uhr Schweizerdeutsch<\/li>\n\n\n\n<li>17 Uhr Englisch<\/li>\n<\/ul>    <\/div>\n  <\/div>\n<\/div>\n<\/body><\/div><\/div>\n        <\/div>\n          <\/div>\n<\/div>","protected":false},"excerpt":{"rendered":"","protected":false},"author":5,"featured_media":0,"parent":0,"menu_order":31,"comment_status":"closed","ping_status":"closed","template":"","meta":{"_acf_changed":false,"_seopress_titles_title":"ICF Z\u00fcrich Micro Church \u2013 Glaube und Gemeinschaft","_seopress_titles_desc":"Erlebe ICF Z\u00fcrich in deiner N\u00e4he! Gr\u00fcnde oder finde eine Micro Church und baue echte Gemeinschaft mit Freunden, Nachbarn und Familie auf.","_seopress_robots_index":"","_seopress_robots_follow":"","_seopress_robots_imageindex":"","_seopress_robots_snippet":"","_seopress_robots_primary_cat":"","_seopress_robots_breadcrumbs":"","_seopress_robots_freeze_modified_date":"","_seopress_robots_custom_modified_date":"","_seopress_robots_canonical":"","_seopress_social_fb_title":"","_seopress_social_fb_desc":"","_seopress_social_fb_img":"","_seopress_social_fb_img_attachment_id":0,"_seopress_social_fb_img_width":0,"_seopress_social_fb_img_height":0,"_seopress_social_twitter_title":"","_seopress_social_twitter_desc":"","_seopress_social_twitter_img":"","_seopress_social_twitter_img_attachment_id":0,"_seopress_social_twitter_img_width":0,"_seopress_social_twitter_img_height":0,"_seopress_redirections_value":"","_seopress_redirections_enabled":"","_seopress_redirections_enabled_regex":"","_seopress_redirections_logged_status":"both","_seopress_redirections_param":"","_seopress_redirections_type":301,"_seopress_analysis_target_kw":"","_seopress_news_disabled":"","_seopress_video_disabled":"","_seopress_video":[{"url":"","title":"","desc":"","thumbnail":"","duration":"","rating":"","view_count":"","tag":""}],"_seopress_pro_schemas_manual":[],"_seopress_pro_rich_snippets_disable_all":"","_seopress_pro_rich_snippets_disable":[],"_seopress_pro_schemas":[],"yt_custom_styles_scss":"","yt_custom_styles_rounded_corners":false,"yt_custom_styles_color_scheme":"","footnotes":""},"class_list":["post-258","page","type-page","status-publish","hentry"],"acf":[],"_links":{"self":[{"href":"https:\/\/icf.church\/zuerich\/de\/wp-json\/wp\/v2\/pages\/258","targetHints":{"allow":["GET"]}}],"collection":[{"href":"https:\/\/icf.church\/zuerich\/de\/wp-json\/wp\/v2\/pages"}],"about":[{"href":"https:\/\/icf.church\/zuerich\/de\/wp-json\/wp\/v2\/types\/page"}],"author":[{"embeddable":true,"href":"https:\/\/icf.church\/zuerich\/de\/wp-json\/wp\/v2\/users\/5"}],"replies":[{"embeddable":true,"href":"https:\/\/icf.church\/zuerich\/de\/wp-json\/wp\/v2\/comments?post=258"}],"version-history":[{"count":36,"href":"https:\/\/icf.church\/zuerich\/de\/wp-json\/wp\/v2\/pages\/258\/revisions"}],"predecessor-version":[{"id":15047,"href":"https:\/\/icf.church\/zuerich\/de\/wp-json\/wp\/v2\/pages\/258\/revisions\/15047"}],"wp:attachment":[{"href":"https:\/\/icf.church\/zuerich\/de\/wp-json\/wp\/v2\/media?parent=258"}],"curies":[{"name":"wp","href":"https:\/\/api.w.org\/{rel}","templated":true}]}}